{"id":10123,"date":"2023-12-29T13:52:10","date_gmt":"2023-12-29T12:52:10","guid":{"rendered":"https:\/\/oud.caravanrepair.eu\/?page_id=10123"},"modified":"2025-05-08T10:16:30","modified_gmt":"2025-05-08T08:16:30","slug":"zahlen-zu-wohnwagenschaden","status":"publish","type":"page","link":"https:\/\/oud.caravanrepair.eu\/de\/caravan-schade-figueres\/","title":{"rendered":"Wohnwagenschaden Figueres"},"content":{"rendered":"<div data-elementor-type=\"wp-page\" data-elementor-id=\"10123\" class=\"elementor elementor-10123\" data-elementor-post-type=\"page\">\n\t\t\t\t\t\t<section class=\"elementor-section elementor-top-section elementor-element elementor-element-19650612 elementor-section-height-min-height elementor-section-content-middle elementor-section-full_width elementor-section-height-default elementor-section-items-middle\" data-id=\"19650612\" data-element_type=\"section\" data-e-type=\"section\" data-settings=\"{&quot;background_background&quot;:&quot;classic&quot;}\">\n\t\t\t\t\t\t\t<div class=\"elementor-background-overlay\"><\/div>\n\t\t\t\t\t\t\t<div class=\"elementor-container elementor-column-gap-default\">\n\t\t\t\t\t<div class=\"elementor-column elementor-col-100 elementor-top-column elementor-element elementor-element-51697e70\" data-id=\"51697e70\" data-element_type=\"column\" data-e-type=\"column\">\n\t\t\t<div class=\"elementor-widget-wrap elementor-element-populated\">\n\t\t\t\t\t\t<div class=\"elementor-element elementor-element-7c3bfb9b elementor-widget elementor-widget-heading\" data-id=\"7c3bfb9b\" data-element_type=\"widget\" data-e-type=\"widget\" data-widget_type=\"heading.default\">\n\t\t\t\t<div class=\"elementor-widget-container\">\n\t\t\t\t\t<h1 class=\"elementor-heading-title elementor-size-default\">Wohnwagenschaden Figueres <\/h1>\t\t\t\t<\/div>\n\t\t\t\t<\/div>\n\t\t\t\t<div class=\"elementor-element elementor-element-3e5f8d83 elementor-widget elementor-widget-heading\" data-id=\"3e5f8d83\" data-element_type=\"widget\" data-e-type=\"widget\" data-widget_type=\"heading.default\">\n\t\t\t\t<div class=\"elementor-widget-container\">\n\t\t\t\t\t<p class=\"elementor-heading-title elementor-size-default\"> <\/p>\t\t\t\t<\/div>\n\t\t\t\t<\/div>\n\t\t\t\t\t<\/div>\n\t\t<\/div>\n\t\t\t\t\t<\/div>\n\t\t<\/section>\n\t\t\t\t<section class=\"elementor-section elementor-top-section elementor-element elementor-element-65aa5689 elementor-section-content-middle elementor-section-boxed elementor-section-height-default elementor-section-height-default\" data-id=\"65aa5689\" data-element_type=\"section\" data-e-type=\"section\">\n\t\t\t\t\t\t<div class=\"elementor-container elementor-column-gap-no\">\n\t\t\t\t\t<div class=\"elementor-column elementor-col-100 elementor-top-column elementor-element elementor-element-38ac1229\" data-id=\"38ac1229\" data-element_type=\"column\" data-e-type=\"column\">\n\t\t\t<div class=\"elementor-widget-wrap elementor-element-populated\">\n\t\t\t\t\t\t<div class=\"elementor-element elementor-element-2ca4634a elementor-widget elementor-widget-heading\" data-id=\"2ca4634a\" data-element_type=\"widget\" data-e-type=\"widget\" data-widget_type=\"heading.default\">\n\t\t\t\t<div class=\"elementor-widget-container\">\n\t\t\t\t\t<h2 class=\"elementor-heading-title elementor-size-default\">Wohnwagensch\u00e4den Figueres in Spanien ist Teil der CaravanRepair\u00ae-Gruppe f\u00fcr Profis in der Reparatur von Wohnwagensch\u00e4den.<\/h2>\t\t\t\t<\/div>\n\t\t\t\t<\/div>\n\t\t\t\t\t<\/div>\n\t\t<\/div>\n\t\t\t\t\t<\/div>\n\t\t<\/section>\n\t\t\t\t<section class=\"elementor-section elementor-top-section elementor-element elementor-element-15d18eca elementor-section-content-middle elementor-reverse-mobile elementor-section-boxed elementor-section-height-default elementor-section-height-default\" data-id=\"15d18eca\" data-element_type=\"section\" data-e-type=\"section\">\n\t\t\t\t\t\t<div class=\"elementor-container elementor-column-gap-no\">\n\t\t\t\t\t<div class=\"elementor-column elementor-col-50 elementor-top-column elementor-element elementor-element-8372f72\" data-id=\"8372f72\" data-element_type=\"column\" data-e-type=\"column\">\n\t\t\t<div class=\"elementor-widget-wrap elementor-element-populated\">\n\t\t\t\t\t\t<div class=\"elementor-element elementor-element-36bdfec elementor-widget elementor-widget-heading\" data-id=\"36bdfec\" data-element_type=\"widget\" data-e-type=\"widget\" data-widget_type=\"heading.default\">\n\t\t\t\t<div class=\"elementor-widget-container\">\n\t\t\t\t\t<h3 class=\"elementor-heading-title elementor-size-default\">Reparatur von Sch\u00e4den an Wohnwagen und Wohnmobilen<\/h3>\t\t\t\t<\/div>\n\t\t\t\t<\/div>\n\t\t\t\t<div class=\"elementor-element elementor-element-1dd82396 elementor-widget elementor-widget-text-editor\" data-id=\"1dd82396\" data-element_type=\"widget\" data-e-type=\"widget\" data-widget_type=\"text-editor.default\">\n\t\t\t\t<div class=\"elementor-widget-container\">\n\t\t\t\t\t\t\t\t\t<h3>Wohnwagensch\u00e4den professionell bei unserem H\u00e4ndler in Figueres repariert<\/h3><p>Wohnwagensch\u00e4den Figueres bei einem zertifizierten H\u00e4ndler von CaravanRepair\u00ae, einer f\u00fchrenden Kette von Spezialisten f\u00fcr Wohnwagen- und Wohnmobilsch\u00e4den. Sch\u00e4den an Ihrem Wohnwagen oder Wohnmobil kommen nicht immer rechtzeitig und sind leider oft unvermeidbar. In einem Moment genie\u00dfen Sie die Sonne und ein paar Augenblicke sp\u00e4ter sind Sie mitten in einem heftigen Hagelsturm und gro\u00dfe Hagelk\u00f6rner fallen auf Ihren Wohnwagen oder Ihr Wohnmobil. Gl\u00fccklicherweise steht Ihnen bei unseren CaravanRepair-H\u00e4ndlern in der Umgebung professionelle Hilfe zur Verf\u00fcgung. Unser H\u00e4ndler f\u00fcr Figueres in einem Unternehmen mit spezialisierten Technikern. Sie verstehen, dass jeder Schaden einzigartig ist und eine pers\u00f6nliche Herangehensweise erfordert.<\/p><p>Dank unseres fortschrittlichen und patentierten Caravan- und Wohnmobil-Reparatursystems k\u00f6nnen wir alle Profilw\u00e4nde von Wohnwagen und Wohnmobilen unsichtbar reparieren. Egal ob es sich um eine kleine Delle, einen Hagelschaden, einen Riss, einen Feuchtigkeitsschaden oder eine Kratzdelle handelt, wir reparieren diese schnell, fachgerecht und unsichtbar. Und das Wichtigste: CaravanRepair\u00ae bietet eine lebenslange Garantie auf alle unsere Caravan-Wandreparaturen!<\/p><h3>Qualit\u00e4t und Service stehen an erster Stelle!<\/h3><p>Bei Caravan Damage Figueres steht Qualit\u00e4t an erster Stelle. Wir arbeiten nur mit den besten Materialien und Werkzeugen, um sicherzustellen, dass Ihr Wohnwagen oder Wohnmobil vollst\u00e4ndig und den h\u00f6chsten Standards entsprechend restauriert wird. Dar\u00fcber hinaus streben wir einen schnellen und effizienten Service an, damit Sie Ihren Urlaub auf R\u00e4dern schnellstm\u00f6glich wieder genie\u00dfen k\u00f6nnen.\u00a0<\/p><p>Das gibt Ihnen nicht nur Sicherheit, sondern auch die Gewissheit, dass Ihr Wohnwagen oder Wohnmobil bei unserem H\u00e4ndler in Figueres in den besten H\u00e4nden ist.<\/p>\t\t\t\t\t\t\t\t<\/div>\n\t\t\t\t<\/div>\n\t\t\t\t\t<\/div>\n\t\t<\/div>\n\t\t\t\t<div class=\"elementor-column elementor-col-50 elementor-top-column elementor-element elementor-element-3d139c55\" data-id=\"3d139c55\" data-element_type=\"column\" data-e-type=\"column\">\n\t\t\t<div class=\"elementor-widget-wrap elementor-element-populated\">\n\t\t\t\t\t\t<div class=\"elementor-element elementor-element-70510382 elementor-widget elementor-widget-image\" data-id=\"70510382\" data-element_type=\"widget\" data-e-type=\"widget\" data-widget_type=\"image.default\">\n\t\t\t\t<div class=\"elementor-widget-container\">\n\t\t\t\t\t\t\t\t\t\t\t\t\t\t\t<img fetchpriority=\"high\" decoding=\"async\" width=\"480\" height=\"640\" src=\"https:\/\/oud.caravanrepair.eu\/wp-content\/uploads\/2023\/10\/IMG_6285.jpeg\" class=\"attachment-large size-large wp-image-8625\" alt=\"Wohnwagen-Reparaturset von CaravanRepair\" srcset=\"https:\/\/oud.caravanrepair.eu\/wp-content\/uploads\/2023\/10\/IMG_6285-9x12.jpeg 9w, https:\/\/oud.caravanrepair.eu\/wp-content\/uploads\/2023\/10\/IMG_6285-200x267.jpeg 200w, https:\/\/oud.caravanrepair.eu\/wp-content\/uploads\/2023\/10\/IMG_6285-225x300.jpeg 225w, https:\/\/oud.caravanrepair.eu\/wp-content\/uploads\/2023\/10\/IMG_6285-400x533.jpeg 400w, https:\/\/oud.caravanrepair.eu\/wp-content\/uploads\/2023\/10\/IMG_6285.jpeg 480w\" sizes=\"(max-width: 480px) 100vw, 480px\" \/>\t\t\t\t\t\t\t\t\t\t\t\t\t\t\t<\/div>\n\t\t\t\t<\/div>\n\t\t\t\t\t<\/div>\n\t\t<\/div>\n\t\t\t\t\t<\/div>\n\t\t<\/section>\n\t\t\t\t<section class=\"elementor-section elementor-top-section elementor-element elementor-element-5b5231f7 elementor-section-content-middle elementor-section-boxed elementor-section-height-default elementor-section-height-default\" data-id=\"5b5231f7\" data-element_type=\"section\" data-e-type=\"section\" data-settings=\"{&quot;background_background&quot;:&quot;classic&quot;}\">\n\t\t\t\t\t\t\t<div class=\"elementor-background-overlay\"><\/div>\n\t\t\t\t\t\t\t<div class=\"elementor-container elementor-column-gap-no\">\n\t\t\t\t\t<div class=\"elementor-column elementor-col-100 elementor-top-column elementor-element elementor-element-7c604601\" data-id=\"7c604601\" data-element_type=\"column\" data-e-type=\"column\">\n\t\t\t<div class=\"elementor-widget-wrap elementor-element-populated\">\n\t\t\t\t\t\t<div class=\"elementor-element elementor-element-28576355 elementor-widget elementor-widget-heading\" data-id=\"28576355\" data-element_type=\"widget\" data-e-type=\"widget\" data-widget_type=\"heading.default\">\n\t\t\t\t<div class=\"elementor-widget-container\">\n\t\t\t\t\t<h2 class=\"elementor-heading-title elementor-size-default\">Wohnwagen- oder Wohnmobilschaden melden?<\/h2>\t\t\t\t<\/div>\n\t\t\t\t<\/div>\n\t\t\t\t<div class=\"elementor-element elementor-element-653fbc39 elementor-widget elementor-widget-text-editor\" data-id=\"653fbc39\" data-element_type=\"widget\" data-e-type=\"widget\" data-widget_type=\"text-editor.default\">\n\t\t\t\t<div class=\"elementor-widget-container\">\n\t\t\t\t\t\t\t\t\t<p style=\"text-align: center;\">Wenn Ihr Wohnwagen oder Wohnmobil besch\u00e4digt wurde, f\u00fcllen Sie bitte das Online-Schadensformular aus und wir werden uns mit Ihnen in Verbindung setzen.<\/p>\t\t\t\t\t\t\t\t<\/div>\n\t\t\t\t<\/div>\n\t\t\t\t<div class=\"elementor-element elementor-element-73193dd2 elementor-align-center elementor-mobile-align-left elementor-widget elementor-widget-button\" data-id=\"73193dd2\" data-element_type=\"widget\" data-e-type=\"widget\" data-widget_type=\"button.default\">\n\t\t\t\t<div class=\"elementor-widget-container\">\n\t\t\t\t\t\t\t\t\t<div class=\"elementor-button-wrapper\">\n\t\t\t\t\t<a class=\"elementor-button elementor-button-link elementor-size-sm elementor-animation-grow\" href=\"https:\/\/oud.caravanrepair.eu\/de\/antragsformular\/\">\n\t\t\t\t\t\t<span class=\"elementor-button-content-wrapper\">\n\t\t\t\t\t\t\t\t\t<span class=\"elementor-button-text\">SCH\u00c4DEN MELDEN<\/span>\n\t\t\t\t\t<\/span>\n\t\t\t\t\t<\/a>\n\t\t\t\t<\/div>\n\t\t\t\t\t\t\t\t<\/div>\n\t\t\t\t<\/div>\n\t\t\t\t\t<\/div>\n\t\t<\/div>\n\t\t\t\t\t<\/div>\n\t\t<\/section>\n\t\t\t\t<section class=\"elementor-section elementor-top-section elementor-element elementor-element-e2e0540 elementor-section-full_width elementor-section-content-middle elementor-section-height-default elementor-section-height-default\" data-id=\"e2e0540\" data-element_type=\"section\" data-e-type=\"section\">\n\t\t\t\t\t\t<div class=\"elementor-container elementor-column-gap-no\">\n\t\t\t\t\t<div class=\"elementor-column elementor-col-50 elementor-top-column elementor-element elementor-element-67df629f\" data-id=\"67df629f\" data-element_type=\"column\" data-e-type=\"column\" data-settings=\"{&quot;background_background&quot;:&quot;classic&quot;}\">\n\t\t\t<div class=\"elementor-widget-wrap elementor-element-populated\">\n\t\t\t\t\t<div class=\"elementor-background-overlay\"><\/div>\n\t\t\t\t\t\t<div class=\"elementor-element elementor-element-727f77f6 elementor-widget elementor-widget-heading\" data-id=\"727f77f6\" data-element_type=\"widget\" data-e-type=\"widget\" data-widget_type=\"heading.default\">\n\t\t\t\t<div class=\"elementor-widget-container\">\n\t\t\t\t\t<h3 class=\"elementor-heading-title elementor-size-default\">Wohnwagenschaden Figueres<\/h3>\t\t\t\t<\/div>\n\t\t\t\t<\/div>\n\t\t\t\t\t<\/div>\n\t\t<\/div>\n\t\t\t\t<div class=\"elementor-column elementor-col-50 elementor-top-column elementor-element elementor-element-47c2c3e8\" data-id=\"47c2c3e8\" data-element_type=\"column\" data-e-type=\"column\">\n\t\t\t<div class=\"elementor-widget-wrap elementor-element-populated\">\n\t\t\t\t\t\t<div class=\"elementor-element elementor-element-56ff6e30 elementor-widget elementor-widget-text-editor\" data-id=\"56ff6e30\" data-element_type=\"widget\" data-e-type=\"widget\" data-widget_type=\"text-editor.default\">\n\t\t\t\t<div class=\"elementor-widget-container\">\n\t\t\t\t\t\t\t\t\t<p>F\u00fcr Reparaturen an Wohnwagen oder Wohnmobilen in der Region Figueres in Spanien wenden Sie sich an unseren CaravanRepair-Meisterh\u00e4ndler, der spezialisiert und kompetent ist und jedes Schadensdetail im Blick hat. Mit unserem fortschrittlichen Reparatursystem und einer gr\u00fcndlichen Schulung, einschlie\u00dflich der j\u00e4hrlichen Zertifizierung unserer Techniker, bieten wir Ihnen die Qualit\u00e4tsgarantie, die Sie von einem professionellen Unternehmen erwarten d\u00fcrfen.<\/p><h3>Kontaktieren Sie unseren CaravanRepair-H\u00e4ndler f\u00fcr alle Reparaturen an Ihrem Wohnwagen oder Wohnmobil.<\/h3><p>Wenn Sie also unerwartet einen Schaden an Ihrem Wohnwagen oder Wohnmobil erlitten haben, z\u00f6gern Sie nicht, sich schnell an Caravan Damage Figueres zu wenden. <a href=\"https:\/\/oud.caravanrepair.eu\/de\/antragsformular\/\" target=\"_blank\" rel=\"noopener\">Klicken Sie hier, um Ihren Schaden zu melden.<\/a><\/p><p>Mit ihrem Fachwissen und ihrem Engagement sind sie bereit, Ihr Fahrzeug in den optimalen Zustand zu versetzen, sodass Sie Ihren Aufenthalt in oder der Umgebung von Figueres schnell genie\u00dfen k\u00f6nnen, ohne sich um Sch\u00e4den an Ihrem Wohnwagen oder Wohnmobil sorgen zu m\u00fcssen.\u00a0<\/p><h3>Wohnwagensch\u00e4den Figueres: Ihr Partner f\u00fcr die Reparatur von Wohnwagen- und Wohnmobilsch\u00e4den.\u00a0<\/h3>\t\t\t\t\t\t\t\t<\/div>\n\t\t\t\t<\/div>\n\t\t\t\t\t<\/div>\n\t\t<\/div>\n\t\t\t\t\t<\/div>\n\t\t<\/section>\n\t\t\t\t<section class=\"elementor-section elementor-top-section elementor-element elementor-element-592e6bd0 elementor-section-content-middle elementor-section-boxed elementor-section-height-default elementor-section-height-default\" data-id=\"592e6bd0\" data-element_type=\"section\" data-e-type=\"section\" data-settings=\"{&quot;background_background&quot;:&quot;classic&quot;}\">\n\t\t\t\t\t\t\t<div class=\"elementor-background-overlay\"><\/div>\n\t\t\t\t\t\t\t<div class=\"elementor-container elementor-column-gap-no\">\n\t\t\t\t\t<div class=\"elementor-column elementor-col-50 elementor-top-column elementor-element elementor-element-6cee290d\" data-id=\"6cee290d\" data-element_type=\"column\" data-e-type=\"column\">\n\t\t\t<div class=\"elementor-widget-wrap elementor-element-populated\">\n\t\t\t\t\t\t<div class=\"elementor-element elementor-element-46f46d56 elementor-widget elementor-widget-heading\" data-id=\"46f46d56\" data-element_type=\"widget\" data-e-type=\"widget\" data-widget_type=\"heading.default\">\n\t\t\t\t<div class=\"elementor-widget-container\">\n\t\t\t\t\t<h2 class=\"elementor-heading-title elementor-size-default\">Suchen Sie einen CaravanRepair\u00ae-Reparaturbetrieb in Ihrer N\u00e4he?<\/h2>\t\t\t\t<\/div>\n\t\t\t\t<\/div>\n\t\t\t\t<div class=\"elementor-element elementor-element-5a5e8f92 elementor-widget elementor-widget-text-editor\" data-id=\"5a5e8f92\" data-element_type=\"widget\" data-e-type=\"widget\" data-widget_type=\"text-editor.default\">\n\t\t\t\t<div class=\"elementor-widget-container\">\n\t\t\t\t\t\t\t\t\t<p>Unsere Schadensreparaturen sind europaweit im Einsatz!<\/p>\t\t\t\t\t\t\t\t<\/div>\n\t\t\t\t<\/div>\n\t\t\t\t\t<\/div>\n\t\t<\/div>\n\t\t\t\t<div class=\"elementor-column elementor-col-50 elementor-top-column elementor-element elementor-element-5a433908\" data-id=\"5a433908\" data-element_type=\"column\" data-e-type=\"column\">\n\t\t\t<div class=\"elementor-widget-wrap elementor-element-populated\">\n\t\t\t\t\t\t<div class=\"elementor-element elementor-element-3d3b7865 elementor-align-center elementor-mobile-align-left elementor-widget elementor-widget-button\" data-id=\"3d3b7865\" data-element_type=\"widget\" data-e-type=\"widget\" data-widget_type=\"button.default\">\n\t\t\t\t<div class=\"elementor-widget-container\">\n\t\t\t\t\t\t\t\t\t<div class=\"elementor-button-wrapper\">\n\t\t\t\t\t<a class=\"elementor-button elementor-button-link elementor-size-sm elementor-animation-grow\" href=\"https:\/\/oud.caravanrepair.eu\/de\/handler\/\">\n\t\t\t\t\t\t<span class=\"elementor-button-content-wrapper\">\n\t\t\t\t\t\t\t\t\t<span class=\"elementor-button-text\">Jetzt suchen<\/span>\n\t\t\t\t\t<\/span>\n\t\t\t\t\t<\/a>\n\t\t\t\t<\/div>\n\t\t\t\t\t\t\t\t<\/div>\n\t\t\t\t<\/div>\n\t\t\t\t\t<\/div>\n\t\t<\/div>\n\t\t\t\t\t<\/div>\n\t\t<\/section>\n\t\t\t\t<\/div>","protected":false},"excerpt":{"rendered":"","protected":false},"author":3,"featured_media":0,"parent":0,"menu_order":0,"comment_status":"closed","ping_status":"closed","template":"","meta":{"footnotes":""},"class_list":["post-10123","page","type-page","status-publish","hentry"],"yoast_head":"<!-- This site is optimized with the Yoast SEO Premium plugin v27.5 (Yoast SEO v28.3) - https:\/\/yoast.com\/product\/yoast-seo-premium-wordpress\/ -->\n<title>Caravan schade Figueres<\/title>\n<meta name=\"description\" content=\"Voor alle caravan en camper schade in de omgeving van Figueres in Spanje ga je Caravan schade Figueres een professional in schade herstel.\" \/>\n<meta name=\"robots\" content=\"noindex, follow, max-snippet:-1, max-image-preview:large, max-video-preview:-1\" \/>\n<meta property=\"og:locale\" content=\"de_DE\" \/>\n<meta property=\"og:type\" content=\"article\" \/>\n<meta property=\"og:title\" content=\"Caravan schade Figueres\" \/>\n<meta property=\"og:description\" content=\"Voor alle caravan en camper schade in de omgeving van Figueres in Spanje ga je Caravan schade Figueres een professional in schade herstel.\" \/>\n<meta property=\"og:url\" content=\"https:\/\/oud.caravanrepair.eu\/de\/zahlen-zu-wohnwagenschaden\/\" \/>\n<meta property=\"og:site_name\" content=\"CaravanRepair\u00ae\" \/>\n<meta property=\"article:modified_time\" content=\"2025-05-08T08:16:30+00:00\" \/>\n<meta property=\"og:image\" content=\"https:\/\/oud.caravanrepair.eu\/wp-content\/uploads\/2023\/10\/IMG_6285.jpeg\" \/>\n\t<meta property=\"og:image:width\" content=\"480\" \/>\n\t<meta property=\"og:image:height\" content=\"640\" \/>\n\t<meta property=\"og:image:type\" content=\"image\/jpeg\" \/>\n<meta name=\"twitter:card\" content=\"summary_large_image\" \/>\n<meta name=\"twitter:label1\" content=\"Gesch\u00e4tzte Lesezeit\" \/>\n\t<meta name=\"twitter:data1\" content=\"3\u00a0Minuten\" \/>\n<script type=\"application\/ld+json\" class=\"yoast-schema-graph\">{\"@context\":\"https:\\\/\\\/schema.org\",\"@graph\":[{\"@type\":\"WebPage\",\"@id\":\"https:\\\/\\\/oud.caravanrepair.eu\\\/caravan-schade-figueres\\\/\",\"url\":\"https:\\\/\\\/oud.caravanrepair.eu\\\/caravan-schade-figueres\\\/\",\"name\":\"Caravan schade Figueres\",\"isPartOf\":{\"@id\":\"https:\\\/\\\/oud.caravanrepair.eu\\\/#website\"},\"primaryImageOfPage\":{\"@id\":\"https:\\\/\\\/oud.caravanrepair.eu\\\/caravan-schade-figueres\\\/#primaryimage\"},\"image\":{\"@id\":\"https:\\\/\\\/oud.caravanrepair.eu\\\/caravan-schade-figueres\\\/#primaryimage\"},\"thumbnailUrl\":\"https:\\\/\\\/oud.caravanrepair.eu\\\/wp-content\\\/uploads\\\/2023\\\/10\\\/IMG_6285.jpeg\",\"datePublished\":\"2023-12-29T12:52:10+00:00\",\"dateModified\":\"2025-05-08T08:16:30+00:00\",\"description\":\"Voor alle caravan en camper schade in de omgeving van Figueres in Spanje ga je Caravan schade Figueres een professional in schade herstel.\",\"breadcrumb\":{\"@id\":\"https:\\\/\\\/oud.caravanrepair.eu\\\/caravan-schade-figueres\\\/#breadcrumb\"},\"inLanguage\":\"de\",\"potentialAction\":[{\"@type\":\"ReadAction\",\"target\":[\"https:\\\/\\\/oud.caravanrepair.eu\\\/caravan-schade-figueres\\\/\"]}]},{\"@type\":\"ImageObject\",\"inLanguage\":\"de\",\"@id\":\"https:\\\/\\\/oud.caravanrepair.eu\\\/caravan-schade-figueres\\\/#primaryimage\",\"url\":\"https:\\\/\\\/oud.caravanrepair.eu\\\/wp-content\\\/uploads\\\/2023\\\/10\\\/IMG_6285.jpeg\",\"contentUrl\":\"https:\\\/\\\/oud.caravanrepair.eu\\\/wp-content\\\/uploads\\\/2023\\\/10\\\/IMG_6285.jpeg\"},{\"@type\":\"BreadcrumbList\",\"@id\":\"https:\\\/\\\/oud.caravanrepair.eu\\\/caravan-schade-figueres\\\/#breadcrumb\",\"itemListElement\":[{\"@type\":\"ListItem\",\"position\":1,\"name\":\"Home\",\"item\":\"https:\\\/\\\/oud.caravanrepair.eu\\\/\"},{\"@type\":\"ListItem\",\"position\":2,\"name\":\"Caravan schade Figueres\"}]},{\"@type\":\"WebSite\",\"@id\":\"https:\\\/\\\/oud.caravanrepair.eu\\\/#website\",\"url\":\"https:\\\/\\\/oud.caravanrepair.eu\\\/\",\"name\":\"CaravanRepair\u00ae\",\"description\":\"Professioneel schadeherstel voor caravan en camper\",\"publisher\":{\"@id\":\"https:\\\/\\\/oud.caravanrepair.eu\\\/#organization\"},\"potentialAction\":[{\"@type\":\"SearchAction\",\"target\":{\"@type\":\"EntryPoint\",\"urlTemplate\":\"https:\\\/\\\/oud.caravanrepair.eu\\\/?s={search_term_string}\"},\"query-input\":{\"@type\":\"PropertyValueSpecification\",\"valueRequired\":true,\"valueName\":\"search_term_string\"}}],\"inLanguage\":\"de\"},{\"@type\":\"Organization\",\"@id\":\"https:\\\/\\\/oud.caravanrepair.eu\\\/#organization\",\"name\":\"CaravanRepair\u00ae\",\"url\":\"https:\\\/\\\/oud.caravanrepair.eu\\\/\",\"logo\":{\"@type\":\"ImageObject\",\"inLanguage\":\"de\",\"@id\":\"https:\\\/\\\/oud.caravanrepair.eu\\\/#\\\/schema\\\/logo\\\/image\\\/\",\"url\":\"https:\\\/\\\/oud.caravanrepair.eu\\\/wp-content\\\/uploads\\\/2019\\\/01\\\/logo-caravanrepair.png\",\"contentUrl\":\"https:\\\/\\\/oud.caravanrepair.eu\\\/wp-content\\\/uploads\\\/2019\\\/01\\\/logo-caravanrepair.png\",\"width\":353,\"height\":150,\"caption\":\"CaravanRepair\u00ae\"},\"image\":{\"@id\":\"https:\\\/\\\/oud.caravanrepair.eu\\\/#\\\/schema\\\/logo\\\/image\\\/\"}}]}<\/script>\n<!-- \/ Yoast SEO Premium plugin. -->","yoast_head_json":{"title":"Wohnwagenschaden Figueres","description":"F\u00fcr alle Sch\u00e4den an Wohnwagen und Wohnmobilen in der Gegend von Figueres in Spanien wenden Sie sich an Caravan Damage Figueres, einen Fachmann f\u00fcr Schadensbehebung.","robots":{"index":"noindex","follow":"follow","max-snippet":"max-snippet:-1","max-image-preview":"max-image-preview:large","max-video-preview":"max-video-preview:-1"},"og_locale":"de_DE","og_type":"article","og_title":"Caravan schade Figueres","og_description":"Voor alle caravan en camper schade in de omgeving van Figueres in Spanje ga je Caravan schade Figueres een professional in schade herstel.","og_url":"https:\/\/oud.caravanrepair.eu\/de\/zahlen-zu-wohnwagenschaden\/","og_site_name":"CaravanRepair\u00ae","article_modified_time":"2025-05-08T08:16:30+00:00","og_image":[{"width":480,"height":640,"url":"https:\/\/oud.caravanrepair.eu\/wp-content\/uploads\/2023\/10\/IMG_6285.jpeg","type":"image\/jpeg"}],"twitter_card":"summary_large_image","twitter_misc":{"Gesch\u00e4tzte Lesezeit":"3\u00a0Minuten"},"schema":{"@context":"https:\/\/schema.org","@graph":[{"@type":"WebPage","@id":"https:\/\/oud.caravanrepair.eu\/caravan-schade-figueres\/","url":"https:\/\/oud.caravanrepair.eu\/caravan-schade-figueres\/","name":"Wohnwagenschaden Figueres","isPartOf":{"@id":"https:\/\/oud.caravanrepair.eu\/#website"},"primaryImageOfPage":{"@id":"https:\/\/oud.caravanrepair.eu\/caravan-schade-figueres\/#primaryimage"},"image":{"@id":"https:\/\/oud.caravanrepair.eu\/caravan-schade-figueres\/#primaryimage"},"thumbnailUrl":"https:\/\/oud.caravanrepair.eu\/wp-content\/uploads\/2023\/10\/IMG_6285.jpeg","datePublished":"2023-12-29T12:52:10+00:00","dateModified":"2025-05-08T08:16:30+00:00","description":"F\u00fcr alle Sch\u00e4den an Wohnwagen und Wohnmobilen in der Gegend von Figueres in Spanien wenden Sie sich an Caravan Damage Figueres, einen Fachmann f\u00fcr Schadensbehebung.","breadcrumb":{"@id":"https:\/\/oud.caravanrepair.eu\/caravan-schade-figueres\/#breadcrumb"},"inLanguage":"de","potentialAction":[{"@type":"ReadAction","target":["https:\/\/oud.caravanrepair.eu\/caravan-schade-figueres\/"]}]},{"@type":"ImageObject","inLanguage":"de","@id":"https:\/\/oud.caravanrepair.eu\/caravan-schade-figueres\/#primaryimage","url":"https:\/\/oud.caravanrepair.eu\/wp-content\/uploads\/2023\/10\/IMG_6285.jpeg","contentUrl":"https:\/\/oud.caravanrepair.eu\/wp-content\/uploads\/2023\/10\/IMG_6285.jpeg"},{"@type":"BreadcrumbList","@id":"https:\/\/oud.caravanrepair.eu\/caravan-schade-figueres\/#breadcrumb","itemListElement":[{"@type":"ListItem","position":1,"name":"Home","item":"https:\/\/oud.caravanrepair.eu\/"},{"@type":"ListItem","position":2,"name":"Caravan schade Figueres"}]},{"@type":"WebSite","@id":"https:\/\/oud.caravanrepair.eu\/#website","url":"https:\/\/oud.caravanrepair.eu\/","name":"CaravanRepair\u00ae","description":"Professionelle Schadensbeseitigung f\u00fcr Caravan und Reisemobil","publisher":{"@id":"https:\/\/oud.caravanrepair.eu\/#organization"},"potentialAction":[{"@type":"SearchAction","target":{"@type":"EntryPoint","urlTemplate":"https:\/\/oud.caravanrepair.eu\/?s={search_term_string}"},"query-input":{"@type":"PropertyValueSpecification","valueRequired":true,"valueName":"search_term_string"}}],"inLanguage":"de"},{"@type":"Organization","@id":"https:\/\/oud.caravanrepair.eu\/#organization","name":"CaravanRepair\u00ae","url":"https:\/\/oud.caravanrepair.eu\/","logo":{"@type":"ImageObject","inLanguage":"de","@id":"https:\/\/oud.caravanrepair.eu\/#\/schema\/logo\/image\/","url":"https:\/\/oud.caravanrepair.eu\/wp-content\/uploads\/2019\/01\/logo-caravanrepair.png","contentUrl":"https:\/\/oud.caravanrepair.eu\/wp-content\/uploads\/2019\/01\/logo-caravanrepair.png","width":353,"height":150,"caption":"CaravanRepair\u00ae"},"image":{"@id":"https:\/\/oud.caravanrepair.eu\/#\/schema\/logo\/image\/"}}]}},"_links":{"self":[{"href":"https:\/\/oud.caravanrepair.eu\/de\/wp-json\/wp\/v2\/pages\/10123","targetHints":{"allow":["GET"]}}],"collection":[{"href":"https:\/\/oud.caravanrepair.eu\/de\/wp-json\/wp\/v2\/pages"}],"about":[{"href":"https:\/\/oud.caravanrepair.eu\/de\/wp-json\/wp\/v2\/types\/page"}],"author":[{"embeddable":true,"href":"https:\/\/oud.caravanrepair.eu\/de\/wp-json\/wp\/v2\/users\/3"}],"replies":[{"embeddable":true,"href":"https:\/\/oud.caravanrepair.eu\/de\/wp-json\/wp\/v2\/comments?post=10123"}],"version-history":[{"count":0,"href":"https:\/\/oud.caravanrepair.eu\/de\/wp-json\/wp\/v2\/pages\/10123\/revisions"}],"wp:attachment":[{"href":"https:\/\/oud.caravanrepair.eu\/de\/wp-json\/wp\/v2\/media?parent=10123"}],"curies":[{"name":"wp","href":"https:\/\/api.w.org\/{rel}","templated":true}]}}