{"id":12833,"date":"2024-03-05T16:42:03","date_gmt":"2024-03-05T15:42:03","guid":{"rendered":"https:\/\/oud.caravanrepair.eu\/?page_id=12833"},"modified":"2025-05-15T10:27:44","modified_gmt":"2025-05-15T08:27:44","slug":"wohnwagenreparatur-vic-spanien","status":"publish","type":"page","link":"https:\/\/oud.caravanrepair.eu\/de\/caravanrepair-vic-spanje\/","title":{"rendered":"CaravanRepair Vic-Spanien"},"content":{"rendered":"<div data-elementor-type=\"wp-page\" data-elementor-id=\"12833\" class=\"elementor elementor-12833\" data-elementor-post-type=\"page\">\n\t\t\t\t\t\t<section class=\"elementor-section elementor-top-section elementor-element elementor-element-508b3073 elementor-section-height-min-height elementor-section-content-middle elementor-section-full_width elementor-section-height-default elementor-section-items-middle\" data-id=\"508b3073\" data-element_type=\"section\" data-e-type=\"section\" data-settings=\"{&quot;background_background&quot;:&quot;classic&quot;}\">\n\t\t\t\t\t\t\t<div class=\"elementor-background-overlay\"><\/div>\n\t\t\t\t\t\t\t<div class=\"elementor-container elementor-column-gap-default\">\n\t\t\t\t\t<div class=\"elementor-column elementor-col-100 elementor-top-column elementor-element elementor-element-668547c4\" data-id=\"668547c4\" data-element_type=\"column\" data-e-type=\"column\">\n\t\t\t<div class=\"elementor-widget-wrap elementor-element-populated\">\n\t\t\t\t\t\t<div class=\"elementor-element elementor-element-4175c219 elementor-widget elementor-widget-heading\" data-id=\"4175c219\" data-element_type=\"widget\" data-e-type=\"widget\" data-widget_type=\"heading.default\">\n\t\t\t\t<div class=\"elementor-widget-container\">\n\t\t\t\t\t<h1 class=\"elementor-heading-title elementor-size-default\">CaravanRepair Vic-Spanien<\/h1>\t\t\t\t<\/div>\n\t\t\t\t<\/div>\n\t\t\t\t<div class=\"elementor-element elementor-element-28eb95df elementor-widget elementor-widget-heading\" data-id=\"28eb95df\" data-element_type=\"widget\" data-e-type=\"widget\" data-widget_type=\"heading.default\">\n\t\t\t\t<div class=\"elementor-widget-container\">\n\t\t\t\t\t<p class=\"elementor-heading-title elementor-size-default\"> <\/p>\t\t\t\t<\/div>\n\t\t\t\t<\/div>\n\t\t\t\t\t<\/div>\n\t\t<\/div>\n\t\t\t\t\t<\/div>\n\t\t<\/section>\n\t\t\t\t<section class=\"elementor-section elementor-top-section elementor-element elementor-element-64782c0 elementor-section-content-middle elementor-section-boxed elementor-section-height-default elementor-section-height-default\" data-id=\"64782c0\" data-element_type=\"section\" data-e-type=\"section\">\n\t\t\t\t\t\t<div class=\"elementor-container elementor-column-gap-no\">\n\t\t\t\t\t<div class=\"elementor-column elementor-col-100 elementor-top-column elementor-element elementor-element-552a09ac\" data-id=\"552a09ac\" data-element_type=\"column\" data-e-type=\"column\">\n\t\t\t<div class=\"elementor-widget-wrap elementor-element-populated\">\n\t\t\t\t\t\t<div class=\"elementor-element elementor-element-3a6b9212 elementor-widget elementor-widget-heading\" data-id=\"3a6b9212\" data-element_type=\"widget\" data-e-type=\"widget\" data-widget_type=\"heading.default\">\n\t\t\t\t<div class=\"elementor-widget-container\">\n\t\t\t\t\t<h2 class=\"elementor-heading-title elementor-size-default\">CaravanRepair Vic Spanien Schadensreparatur von Wohnwagen oder Wohnmobil professionell repariert.<\/h2>\t\t\t\t<\/div>\n\t\t\t\t<\/div>\n\t\t\t\t\t<\/div>\n\t\t<\/div>\n\t\t\t\t\t<\/div>\n\t\t<\/section>\n\t\t\t\t<section class=\"elementor-section elementor-top-section elementor-element elementor-element-5e1ec8e4 elementor-section-content-middle elementor-reverse-mobile elementor-section-boxed elementor-section-height-default elementor-section-height-default\" data-id=\"5e1ec8e4\" data-element_type=\"section\" data-e-type=\"section\">\n\t\t\t\t\t\t<div class=\"elementor-container elementor-column-gap-no\">\n\t\t\t\t\t<div class=\"elementor-column elementor-col-50 elementor-top-column elementor-element elementor-element-ca66c19\" data-id=\"ca66c19\" data-element_type=\"column\" data-e-type=\"column\">\n\t\t\t<div class=\"elementor-widget-wrap elementor-element-populated\">\n\t\t\t\t\t\t<div class=\"elementor-element elementor-element-5d62d323 elementor-widget elementor-widget-heading\" data-id=\"5d62d323\" data-element_type=\"widget\" data-e-type=\"widget\" data-widget_type=\"heading.default\">\n\t\t\t\t<div class=\"elementor-widget-container\">\n\t\t\t\t\t<h3 class=\"elementor-heading-title elementor-size-default\"> CaravanRepair\u00ae-Gruppe<\/h3>\t\t\t\t<\/div>\n\t\t\t\t<\/div>\n\t\t\t\t<div class=\"elementor-element elementor-element-67ce094d elementor-widget elementor-widget-text-editor\" data-id=\"67ce094d\" data-element_type=\"widget\" data-e-type=\"widget\" data-widget_type=\"text-editor.default\">\n\t\t\t\t<div class=\"elementor-widget-container\">\n\t\t\t\t\t\t\t\t\t<h3>CaravanRepair Vic-Spanien<\/h3><div class=\"fusion-text fusion-text-1\"><p>CaravanRepair Vic-Spain ist Teil der CaravanRepair Group Europe. Und wir sind auf die Reparatur von Sch\u00e4den an Wohnwagen und Wohnmobilen spezialisiert. Bei unserer CaravanRepair-Methode handelt es sich um eine Technik zur unsichtbaren Reparatur der profilierten Seitenw\u00e4nde von Wohnwagen oder Wohnmobilen, aber auch D\u00e4chern von Wohnwagen und Wohnmobilen. Wir reparieren den Caravan-Schaden v\u00f6llig unsichtbar. Sie haben einen Wohnwagen- oder Wohnmobilschaden, Kratzer, Dellen an Ihrem Wohnwagen oder Wohnmobil oder einen Hagelschaden? Lassen Sie die Spezialisten von CaravanRepair Vic-Spain daf\u00fcr sorgen, dass Ihr Wohnwagen oder Wohnmobil wieder in den optimalen Zustand versetzt wird. CaravanRepair Vic ist Teil unseres Master-H\u00e4ndlers, der vom Hauptsitz in Sant Climent de Peralta aus arbeitet und mit seinem Spezialistenteam die Provinz Katalonien garantiert. Die Wohnwagentechnik wird immer komplexer und komplizierter, es kommen unterschiedliche und neue Techniken zum Einsatz, beispielsweise beim Verkleben von Wohnwagenw\u00e4nden. Wir garantieren professionelle L\u00f6sungen und Service<strong><em><a href=\"https:\/\/oud.caravanrepair.eu\/de\/antragsformular\/\" target=\"_blank\" rel=\"noopener\"> Sie m\u00f6chten Ihren Schaden unverbindlich melden? Klicken Sie hier.<\/a><\/em><\/strong><\/p><\/div>\t\t\t\t\t\t\t\t<\/div>\n\t\t\t\t<\/div>\n\t\t\t\t\t<\/div>\n\t\t<\/div>\n\t\t\t\t<div class=\"elementor-column elementor-col-50 elementor-top-column elementor-element elementor-element-658330fc\" data-id=\"658330fc\" data-element_type=\"column\" data-e-type=\"column\">\n\t\t\t<div class=\"elementor-widget-wrap elementor-element-populated\">\n\t\t\t\t\t\t<div class=\"elementor-element elementor-element-2594ae7b elementor-widget elementor-widget-image\" data-id=\"2594ae7b\" data-element_type=\"widget\" data-e-type=\"widget\" data-widget_type=\"image.default\">\n\t\t\t\t<div class=\"elementor-widget-container\">\n\t\t\t\t\t\t\t\t\t\t\t\t\t\t\t<img fetchpriority=\"high\" decoding=\"async\" width=\"640\" height=\"480\" src=\"https:\/\/oud.caravanrepair.eu\/wp-content\/uploads\/2024\/01\/64d091be-6e08-4267-bf57-b5b7230030c2.jpeg\" class=\"attachment-large size-large wp-image-10732\" alt=\"Reparatur von Wohnwagensch\u00e4den\" srcset=\"https:\/\/oud.caravanrepair.eu\/wp-content\/uploads\/2024\/01\/64d091be-6e08-4267-bf57-b5b7230030c2-16x12.jpeg 16w, https:\/\/oud.caravanrepair.eu\/wp-content\/uploads\/2024\/01\/64d091be-6e08-4267-bf57-b5b7230030c2-200x150.jpeg 200w, https:\/\/oud.caravanrepair.eu\/wp-content\/uploads\/2024\/01\/64d091be-6e08-4267-bf57-b5b7230030c2-300x225.jpeg 300w, https:\/\/oud.caravanrepair.eu\/wp-content\/uploads\/2024\/01\/64d091be-6e08-4267-bf57-b5b7230030c2-400x300.jpeg 400w, https:\/\/oud.caravanrepair.eu\/wp-content\/uploads\/2024\/01\/64d091be-6e08-4267-bf57-b5b7230030c2-600x450.jpeg 600w, https:\/\/oud.caravanrepair.eu\/wp-content\/uploads\/2024\/01\/64d091be-6e08-4267-bf57-b5b7230030c2.jpeg 640w\" sizes=\"(max-width: 640px) 100vw, 640px\" \/>\t\t\t\t\t\t\t\t\t\t\t\t\t\t\t<\/div>\n\t\t\t\t<\/div>\n\t\t\t\t\t<\/div>\n\t\t<\/div>\n\t\t\t\t\t<\/div>\n\t\t<\/section>\n\t\t\t\t<section class=\"elementor-section elementor-top-section elementor-element elementor-element-28ddee62 elementor-section-content-middle elementor-section-boxed elementor-section-height-default elementor-section-height-default\" data-id=\"28ddee62\" data-element_type=\"section\" data-e-type=\"section\" data-settings=\"{&quot;background_background&quot;:&quot;classic&quot;}\">\n\t\t\t\t\t\t\t<div class=\"elementor-background-overlay\"><\/div>\n\t\t\t\t\t\t\t<div class=\"elementor-container elementor-column-gap-no\">\n\t\t\t\t\t<div class=\"elementor-column elementor-col-100 elementor-top-column elementor-element elementor-element-408a91ee\" data-id=\"408a91ee\" data-element_type=\"column\" data-e-type=\"column\">\n\t\t\t<div class=\"elementor-widget-wrap elementor-element-populated\">\n\t\t\t\t\t\t<div class=\"elementor-element elementor-element-22679eb7 elementor-widget elementor-widget-heading\" data-id=\"22679eb7\" data-element_type=\"widget\" data-e-type=\"widget\" data-widget_type=\"heading.default\">\n\t\t\t\t<div class=\"elementor-widget-container\">\n\t\t\t\t\t<h2 class=\"elementor-heading-title elementor-size-default\">Wohnwagen- oder Wohnmobilschaden melden?<\/h2>\t\t\t\t<\/div>\n\t\t\t\t<\/div>\n\t\t\t\t<div class=\"elementor-element elementor-element-5edb1f17 elementor-widget elementor-widget-text-editor\" data-id=\"5edb1f17\" data-element_type=\"widget\" data-e-type=\"widget\" data-widget_type=\"text-editor.default\">\n\t\t\t\t<div class=\"elementor-widget-container\">\n\t\t\t\t\t\t\t\t\t<p style=\"text-align: center;\">Wenn Ihr Wohnwagen oder Wohnmobil besch\u00e4digt wurde, f\u00fcllen Sie bitte das Online-Schadensformular aus und wir werden uns mit Ihnen in Verbindung setzen.<\/p>\t\t\t\t\t\t\t\t<\/div>\n\t\t\t\t<\/div>\n\t\t\t\t<div class=\"elementor-element elementor-element-397c3276 elementor-align-center elementor-mobile-align-left elementor-widget elementor-widget-button\" data-id=\"397c3276\" data-element_type=\"widget\" data-e-type=\"widget\" data-widget_type=\"button.default\">\n\t\t\t\t<div class=\"elementor-widget-container\">\n\t\t\t\t\t\t\t\t\t<div class=\"elementor-button-wrapper\">\n\t\t\t\t\t<a class=\"elementor-button elementor-button-link elementor-size-sm elementor-animation-grow\" href=\"https:\/\/oud.caravanrepair.eu\/de\/antragsformular\/\">\n\t\t\t\t\t\t<span class=\"elementor-button-content-wrapper\">\n\t\t\t\t\t\t\t\t\t<span class=\"elementor-button-text\">SCH\u00c4DEN MELDEN<\/span>\n\t\t\t\t\t<\/span>\n\t\t\t\t\t<\/a>\n\t\t\t\t<\/div>\n\t\t\t\t\t\t\t\t<\/div>\n\t\t\t\t<\/div>\n\t\t\t\t\t<\/div>\n\t\t<\/div>\n\t\t\t\t\t<\/div>\n\t\t<\/section>\n\t\t\t\t<section class=\"elementor-section elementor-top-section elementor-element elementor-element-7410aead elementor-section-full_width elementor-section-content-middle elementor-section-height-default elementor-section-height-default\" data-id=\"7410aead\" data-element_type=\"section\" data-e-type=\"section\">\n\t\t\t\t\t\t<div class=\"elementor-container elementor-column-gap-no\">\n\t\t\t\t\t<div class=\"elementor-column elementor-col-50 elementor-top-column elementor-element elementor-element-23ff9889\" data-id=\"23ff9889\" data-element_type=\"column\" data-e-type=\"column\" data-settings=\"{&quot;background_background&quot;:&quot;classic&quot;}\">\n\t\t\t<div class=\"elementor-widget-wrap elementor-element-populated\">\n\t\t\t\t\t<div class=\"elementor-background-overlay\"><\/div>\n\t\t\t\t\t\t<div class=\"elementor-element elementor-element-5a9cc67b elementor-widget elementor-widget-heading\" data-id=\"5a9cc67b\" data-element_type=\"widget\" data-e-type=\"widget\" data-widget_type=\"heading.default\">\n\t\t\t\t<div class=\"elementor-widget-container\">\n\t\t\t\t\t<h3 class=\"elementor-heading-title elementor-size-default\">Teil der CaravanRepair\u00ae-Gruppe<\/h3>\t\t\t\t<\/div>\n\t\t\t\t<\/div>\n\t\t\t\t\t<\/div>\n\t\t<\/div>\n\t\t\t\t<div class=\"elementor-column elementor-col-50 elementor-top-column elementor-element elementor-element-6191dbcc\" data-id=\"6191dbcc\" data-element_type=\"column\" data-e-type=\"column\">\n\t\t\t<div class=\"elementor-widget-wrap elementor-element-populated\">\n\t\t\t\t\t\t<div class=\"elementor-element elementor-element-26cdb0ca elementor-widget elementor-widget-text-editor\" data-id=\"26cdb0ca\" data-element_type=\"widget\" data-e-type=\"widget\" data-widget_type=\"text-editor.default\">\n\t\t\t\t<div class=\"elementor-widget-container\">\n\t\t\t\t\t\t\t\t\t<h3>CaravanRepair Profis der ersten Stunde<\/h3><p>Dank seines ausgekl\u00fcgelten und patentierten Caravanreparatursystems ist CaravanRepair Vic-Spain in der Lage, auch alle profilierten Wohnwagen-\/Wohnmobilw\u00e4nde unsichtbar zu reparieren. Ob es sich um ein kleines Deck oder eine gr\u00f6\u00dfere Delle, einen Hagelschaden, einen Riss oder eine Kratzdelle oder sogar einen Feuchtigkeitsschaden in Ihrem Wohnwagen oder Wohnmobil handelt, es kann schnell und professionell und unsichtbar repariert werden. Durch die Verwendung perfekt abgestimmter Produkte und Materialien ist es sogar m\u00f6glich, eine lebenslange Garantie auf jede Wohnwagenreparatur zu geben, die von einem unserer zertifizierten CaravanRepair-H\u00e4ndler durchgef\u00fchrt wird.  Unser Netzwerk arbeitet nur mit Fachleuten zusammen, die ein Optimum an Qualit\u00e4t und Fachwissen gew\u00e4hrleisten und bei allen Reparaturen einen hervorragenden Service und eine Garantie bieten. <a href=\"https:\/\/oud.caravanrepair.eu\/de\/antragsformular\/\" target=\"_blank\" rel=\"noopener\"><span style=\"text-decoration: underline;\"><em><strong>Wenn Sie einen Schaden an Ihrem Wohnwagen oder Wohnmobil haben, melden Sie diesen sofort und unverbindlich online. Klicken Sie hier.<\/strong><\/em><\/span><\/a><\/p>\t\t\t\t\t\t\t\t<\/div>\n\t\t\t\t<\/div>\n\t\t\t\t\t<\/div>\n\t\t<\/div>\n\t\t\t\t\t<\/div>\n\t\t<\/section>\n\t\t\t\t<section class=\"elementor-section elementor-top-section elementor-element elementor-element-28aff766 elementor-section-content-middle elementor-section-boxed elementor-section-height-default elementor-section-height-default\" data-id=\"28aff766\" data-element_type=\"section\" data-e-type=\"section\" data-settings=\"{&quot;background_background&quot;:&quot;classic&quot;}\">\n\t\t\t\t\t\t\t<div class=\"elementor-background-overlay\"><\/div>\n\t\t\t\t\t\t\t<div class=\"elementor-container elementor-column-gap-no\">\n\t\t\t\t\t<div class=\"elementor-column elementor-col-50 elementor-top-column elementor-element elementor-element-14809fb3\" data-id=\"14809fb3\" data-element_type=\"column\" data-e-type=\"column\">\n\t\t\t<div class=\"elementor-widget-wrap elementor-element-populated\">\n\t\t\t\t\t\t<div class=\"elementor-element elementor-element-521e343e elementor-widget elementor-widget-heading\" data-id=\"521e343e\" data-element_type=\"widget\" data-e-type=\"widget\" data-widget_type=\"heading.default\">\n\t\t\t\t<div class=\"elementor-widget-container\">\n\t\t\t\t\t<h2 class=\"elementor-heading-title elementor-size-default\">Suchen Sie einen CaravanRepair\u00ae-Reparaturbetrieb in Ihrer N\u00e4he?<\/h2>\t\t\t\t<\/div>\n\t\t\t\t<\/div>\n\t\t\t\t<div class=\"elementor-element elementor-element-4d3ced9 elementor-widget elementor-widget-text-editor\" data-id=\"4d3ced9\" data-element_type=\"widget\" data-e-type=\"widget\" data-widget_type=\"text-editor.default\">\n\t\t\t\t<div class=\"elementor-widget-container\">\n\t\t\t\t\t\t\t\t\t<p>Unsere Schadensreparaturen sind europaweit im Einsatz!<\/p>\t\t\t\t\t\t\t\t<\/div>\n\t\t\t\t<\/div>\n\t\t\t\t\t<\/div>\n\t\t<\/div>\n\t\t\t\t<div class=\"elementor-column elementor-col-50 elementor-top-column elementor-element elementor-element-2bb3bde9\" data-id=\"2bb3bde9\" data-element_type=\"column\" data-e-type=\"column\">\n\t\t\t<div class=\"elementor-widget-wrap elementor-element-populated\">\n\t\t\t\t\t\t<div class=\"elementor-element elementor-element-5f2e2c76 elementor-align-center elementor-mobile-align-left elementor-widget elementor-widget-button\" data-id=\"5f2e2c76\" data-element_type=\"widget\" data-e-type=\"widget\" data-widget_type=\"button.default\">\n\t\t\t\t<div class=\"elementor-widget-container\">\n\t\t\t\t\t\t\t\t\t<div class=\"elementor-button-wrapper\">\n\t\t\t\t\t<a class=\"elementor-button elementor-button-link elementor-size-sm elementor-animation-grow\" href=\"https:\/\/oud.caravanrepair.eu\/de\/handler\/\">\n\t\t\t\t\t\t<span class=\"elementor-button-content-wrapper\">\n\t\t\t\t\t\t\t\t\t<span class=\"elementor-button-text\">Jetzt suchen<\/span>\n\t\t\t\t\t<\/span>\n\t\t\t\t\t<\/a>\n\t\t\t\t<\/div>\n\t\t\t\t\t\t\t\t<\/div>\n\t\t\t\t<\/div>\n\t\t\t\t\t<\/div>\n\t\t<\/div>\n\t\t\t\t\t<\/div>\n\t\t<\/section>\n\t\t\t\t<\/div>","protected":false},"excerpt":{"rendered":"<p>CaravanRepair Vic-Spanje CaravanRepair Vic Spanje Schadeherstel van caravan-of camper professioneel hersteld. CaravanRepair\u00ae Group CaravanRepair Vic-Spanje CaravanRepair Vic-Spanje maakt deel uit<\/p>","protected":false},"author":3,"featured_media":0,"parent":0,"menu_order":0,"comment_status":"closed","ping_status":"closed","template":"elementor_header_footer","meta":{"footnotes":""},"class_list":["post-12833","page","type-page","status-publish","hentry","pagina_tag-caravanrepair-dealers"],"yoast_head":"<!-- This site is optimized with the Yoast SEO Premium plugin v27.5 (Yoast SEO v28.3) - https:\/\/yoast.com\/product\/yoast-seo-premium-wordpress\/ -->\n<title>CaravanRepair Vic-Spanje<\/title>\n<meta name=\"description\" content=\"CaravanRepair Vic-Spanje, Zijn d\u00e9 professionals als het gaat om caravan en camper schadeherstel, met onze jaren lange ervaring en expertise.\" \/>\n<meta name=\"robots\" content=\"noindex, follow, max-snippet:-1, max-image-preview:large, max-video-preview:-1\" \/>\n<meta property=\"og:locale\" content=\"de_DE\" \/>\n<meta property=\"og:type\" content=\"article\" \/>\n<meta property=\"og:title\" content=\"CaravanRepair Vic-Spanje\" \/>\n<meta property=\"og:description\" content=\"CaravanRepair Vic-Spanje, Zijn d\u00e9 professionals als het gaat om caravan en camper schadeherstel, met onze jaren lange ervaring en expertise.\" \/>\n<meta property=\"og:url\" content=\"https:\/\/oud.caravanrepair.eu\/de\/wohnwagenreparatur-vic-spanien\/\" \/>\n<meta property=\"og:site_name\" content=\"CaravanRepair\u00ae\" \/>\n<meta property=\"article:modified_time\" content=\"2025-05-15T08:27:44+00:00\" \/>\n<meta property=\"og:image\" content=\"https:\/\/oud.caravanrepair.eu\/wp-content\/uploads\/2024\/01\/64d091be-6e08-4267-bf57-b5b7230030c2.jpeg\" \/>\n\t<meta property=\"og:image:width\" content=\"640\" \/>\n\t<meta property=\"og:image:height\" content=\"480\" \/>\n\t<meta property=\"og:image:type\" content=\"image\/jpeg\" \/>\n<meta name=\"twitter:card\" content=\"summary_large_image\" \/>\n<meta name=\"twitter:label1\" content=\"Gesch\u00e4tzte Lesezeit\" \/>\n\t<meta name=\"twitter:data1\" content=\"2\u00a0Minuten\" \/>\n<script type=\"application\/ld+json\" class=\"yoast-schema-graph\">{\"@context\":\"https:\\\/\\\/schema.org\",\"@graph\":[{\"@type\":\"WebPage\",\"@id\":\"https:\\\/\\\/oud.caravanrepair.eu\\\/caravanrepair-vic-spanje\\\/\",\"url\":\"https:\\\/\\\/oud.caravanrepair.eu\\\/caravanrepair-vic-spanje\\\/\",\"name\":\"CaravanRepair Vic-Spanje\",\"isPartOf\":{\"@id\":\"https:\\\/\\\/oud.caravanrepair.eu\\\/#website\"},\"primaryImageOfPage\":{\"@id\":\"https:\\\/\\\/oud.caravanrepair.eu\\\/caravanrepair-vic-spanje\\\/#primaryimage\"},\"image\":{\"@id\":\"https:\\\/\\\/oud.caravanrepair.eu\\\/caravanrepair-vic-spanje\\\/#primaryimage\"},\"thumbnailUrl\":\"https:\\\/\\\/oud.caravanrepair.eu\\\/wp-content\\\/uploads\\\/2024\\\/01\\\/64d091be-6e08-4267-bf57-b5b7230030c2.jpeg\",\"datePublished\":\"2024-03-05T15:42:03+00:00\",\"dateModified\":\"2025-05-15T08:27:44+00:00\",\"description\":\"CaravanRepair Vic-Spanje, Zijn d\u00e9 professionals als het gaat om caravan en camper schadeherstel, met onze jaren lange ervaring en expertise.\",\"breadcrumb\":{\"@id\":\"https:\\\/\\\/oud.caravanrepair.eu\\\/caravanrepair-vic-spanje\\\/#breadcrumb\"},\"inLanguage\":\"de\",\"potentialAction\":[{\"@type\":\"ReadAction\",\"target\":[\"https:\\\/\\\/oud.caravanrepair.eu\\\/caravanrepair-vic-spanje\\\/\"]}]},{\"@type\":\"ImageObject\",\"inLanguage\":\"de\",\"@id\":\"https:\\\/\\\/oud.caravanrepair.eu\\\/caravanrepair-vic-spanje\\\/#primaryimage\",\"url\":\"https:\\\/\\\/oud.caravanrepair.eu\\\/wp-content\\\/uploads\\\/2024\\\/01\\\/64d091be-6e08-4267-bf57-b5b7230030c2.jpeg\",\"contentUrl\":\"https:\\\/\\\/oud.caravanrepair.eu\\\/wp-content\\\/uploads\\\/2024\\\/01\\\/64d091be-6e08-4267-bf57-b5b7230030c2.jpeg\"},{\"@type\":\"BreadcrumbList\",\"@id\":\"https:\\\/\\\/oud.caravanrepair.eu\\\/caravanrepair-vic-spanje\\\/#breadcrumb\",\"itemListElement\":[{\"@type\":\"ListItem\",\"position\":1,\"name\":\"Home\",\"item\":\"https:\\\/\\\/oud.caravanrepair.eu\\\/\"},{\"@type\":\"ListItem\",\"position\":2,\"name\":\"CaravanRepair Vic-Spanje\"}]},{\"@type\":\"WebSite\",\"@id\":\"https:\\\/\\\/oud.caravanrepair.eu\\\/#website\",\"url\":\"https:\\\/\\\/oud.caravanrepair.eu\\\/\",\"name\":\"CaravanRepair\u00ae\",\"description\":\"Professioneel schadeherstel voor caravan en camper\",\"publisher\":{\"@id\":\"https:\\\/\\\/oud.caravanrepair.eu\\\/#organization\"},\"potentialAction\":[{\"@type\":\"SearchAction\",\"target\":{\"@type\":\"EntryPoint\",\"urlTemplate\":\"https:\\\/\\\/oud.caravanrepair.eu\\\/?s={search_term_string}\"},\"query-input\":{\"@type\":\"PropertyValueSpecification\",\"valueRequired\":true,\"valueName\":\"search_term_string\"}}],\"inLanguage\":\"de\"},{\"@type\":\"Organization\",\"@id\":\"https:\\\/\\\/oud.caravanrepair.eu\\\/#organization\",\"name\":\"CaravanRepair\u00ae\",\"url\":\"https:\\\/\\\/oud.caravanrepair.eu\\\/\",\"logo\":{\"@type\":\"ImageObject\",\"inLanguage\":\"de\",\"@id\":\"https:\\\/\\\/oud.caravanrepair.eu\\\/#\\\/schema\\\/logo\\\/image\\\/\",\"url\":\"https:\\\/\\\/oud.caravanrepair.eu\\\/wp-content\\\/uploads\\\/2019\\\/01\\\/logo-caravanrepair.png\",\"contentUrl\":\"https:\\\/\\\/oud.caravanrepair.eu\\\/wp-content\\\/uploads\\\/2019\\\/01\\\/logo-caravanrepair.png\",\"width\":353,\"height\":150,\"caption\":\"CaravanRepair\u00ae\"},\"image\":{\"@id\":\"https:\\\/\\\/oud.caravanrepair.eu\\\/#\\\/schema\\\/logo\\\/image\\\/\"}}]}<\/script>\n<!-- \/ Yoast SEO Premium plugin. -->","yoast_head_json":{"title":"CaravanRepair Vic-Spanien","description":"CaravanRepair Vic-Spain ist mit unserer langj\u00e4hrigen Erfahrung und unserem Fachwissen der Profi, wenn es um die Reparatur von Sch\u00e4den an Wohnwagen und Wohnmobilen geht.","robots":{"index":"noindex","follow":"follow","max-snippet":"max-snippet:-1","max-image-preview":"max-image-preview:large","max-video-preview":"max-video-preview:-1"},"og_locale":"de_DE","og_type":"article","og_title":"CaravanRepair Vic-Spanje","og_description":"CaravanRepair Vic-Spanje, Zijn d\u00e9 professionals als het gaat om caravan en camper schadeherstel, met onze jaren lange ervaring en expertise.","og_url":"https:\/\/oud.caravanrepair.eu\/de\/wohnwagenreparatur-vic-spanien\/","og_site_name":"CaravanRepair\u00ae","article_modified_time":"2025-05-15T08:27:44+00:00","og_image":[{"width":640,"height":480,"url":"https:\/\/oud.caravanrepair.eu\/wp-content\/uploads\/2024\/01\/64d091be-6e08-4267-bf57-b5b7230030c2.jpeg","type":"image\/jpeg"}],"twitter_card":"summary_large_image","twitter_misc":{"Gesch\u00e4tzte Lesezeit":"2\u00a0Minuten"},"schema":{"@context":"https:\/\/schema.org","@graph":[{"@type":"WebPage","@id":"https:\/\/oud.caravanrepair.eu\/caravanrepair-vic-spanje\/","url":"https:\/\/oud.caravanrepair.eu\/caravanrepair-vic-spanje\/","name":"CaravanRepair Vic-Spanien","isPartOf":{"@id":"https:\/\/oud.caravanrepair.eu\/#website"},"primaryImageOfPage":{"@id":"https:\/\/oud.caravanrepair.eu\/caravanrepair-vic-spanje\/#primaryimage"},"image":{"@id":"https:\/\/oud.caravanrepair.eu\/caravanrepair-vic-spanje\/#primaryimage"},"thumbnailUrl":"https:\/\/oud.caravanrepair.eu\/wp-content\/uploads\/2024\/01\/64d091be-6e08-4267-bf57-b5b7230030c2.jpeg","datePublished":"2024-03-05T15:42:03+00:00","dateModified":"2025-05-15T08:27:44+00:00","description":"CaravanRepair Vic-Spain ist mit unserer langj\u00e4hrigen Erfahrung und unserem Fachwissen der Profi, wenn es um die Reparatur von Sch\u00e4den an Wohnwagen und Wohnmobilen geht.","breadcrumb":{"@id":"https:\/\/oud.caravanrepair.eu\/caravanrepair-vic-spanje\/#breadcrumb"},"inLanguage":"de","potentialAction":[{"@type":"ReadAction","target":["https:\/\/oud.caravanrepair.eu\/caravanrepair-vic-spanje\/"]}]},{"@type":"ImageObject","inLanguage":"de","@id":"https:\/\/oud.caravanrepair.eu\/caravanrepair-vic-spanje\/#primaryimage","url":"https:\/\/oud.caravanrepair.eu\/wp-content\/uploads\/2024\/01\/64d091be-6e08-4267-bf57-b5b7230030c2.jpeg","contentUrl":"https:\/\/oud.caravanrepair.eu\/wp-content\/uploads\/2024\/01\/64d091be-6e08-4267-bf57-b5b7230030c2.jpeg"},{"@type":"BreadcrumbList","@id":"https:\/\/oud.caravanrepair.eu\/caravanrepair-vic-spanje\/#breadcrumb","itemListElement":[{"@type":"ListItem","position":1,"name":"Home","item":"https:\/\/oud.caravanrepair.eu\/"},{"@type":"ListItem","position":2,"name":"CaravanRepair Vic-Spanje"}]},{"@type":"WebSite","@id":"https:\/\/oud.caravanrepair.eu\/#website","url":"https:\/\/oud.caravanrepair.eu\/","name":"CaravanRepair\u00ae","description":"Professionelle Schadensbeseitigung f\u00fcr Caravan und Reisemobil","publisher":{"@id":"https:\/\/oud.caravanrepair.eu\/#organization"},"potentialAction":[{"@type":"SearchAction","target":{"@type":"EntryPoint","urlTemplate":"https:\/\/oud.caravanrepair.eu\/?s={search_term_string}"},"query-input":{"@type":"PropertyValueSpecification","valueRequired":true,"valueName":"search_term_string"}}],"inLanguage":"de"},{"@type":"Organization","@id":"https:\/\/oud.caravanrepair.eu\/#organization","name":"CaravanRepair\u00ae","url":"https:\/\/oud.caravanrepair.eu\/","logo":{"@type":"ImageObject","inLanguage":"de","@id":"https:\/\/oud.caravanrepair.eu\/#\/schema\/logo\/image\/","url":"https:\/\/oud.caravanrepair.eu\/wp-content\/uploads\/2019\/01\/logo-caravanrepair.png","contentUrl":"https:\/\/oud.caravanrepair.eu\/wp-content\/uploads\/2019\/01\/logo-caravanrepair.png","width":353,"height":150,"caption":"CaravanRepair\u00ae"},"image":{"@id":"https:\/\/oud.caravanrepair.eu\/#\/schema\/logo\/image\/"}}]}},"_links":{"self":[{"href":"https:\/\/oud.caravanrepair.eu\/de\/wp-json\/wp\/v2\/pages\/12833","targetHints":{"allow":["GET"]}}],"collection":[{"href":"https:\/\/oud.caravanrepair.eu\/de\/wp-json\/wp\/v2\/pages"}],"about":[{"href":"https:\/\/oud.caravanrepair.eu\/de\/wp-json\/wp\/v2\/types\/page"}],"author":[{"embeddable":true,"href":"https:\/\/oud.caravanrepair.eu\/de\/wp-json\/wp\/v2\/users\/3"}],"replies":[{"embeddable":true,"href":"https:\/\/oud.caravanrepair.eu\/de\/wp-json\/wp\/v2\/comments?post=12833"}],"version-history":[{"count":0,"href":"https:\/\/oud.caravanrepair.eu\/de\/wp-json\/wp\/v2\/pages\/12833\/revisions"}],"wp:attachment":[{"href":"https:\/\/oud.caravanrepair.eu\/de\/wp-json\/wp\/v2\/media?parent=12833"}],"curies":[{"name":"wp","href":"https:\/\/api.w.org\/{rel}","templated":true}]}}