{"id":6443,"date":"2022-08-29T13:33:54","date_gmt":"2022-08-29T12:33:54","guid":{"rendered":"https:\/\/oud.caravanrepair.eu\/?page_id=6443"},"modified":"2024-02-27T13:54:06","modified_gmt":"2024-02-27T12:54:06","slug":"wohnwagenschaden-breda","status":"publish","type":"page","link":"https:\/\/oud.caravanrepair.eu\/de\/caravan-schade-breda\/","title":{"rendered":"Wohnwagenschaden Breda"},"content":{"rendered":"<p><div class=\"fusion-fullwidth fullwidth-box fusion-builder-row-1 hundred-percent-fullwidth non-hundred-percent-height-scrolling fusion-no-small-visibility\" style=\"--awb-border-radius-top-left:0px;--awb-border-radius-top-right:0px;--awb-border-radius-bottom-right:0px;--awb-border-radius-bottom-left:0px;--awb-padding-right:0px;--awb-padding-left:0px;--awb-flex-wrap:wrap;\" ><div class=\"fusion-builder-row fusion-row\"><div class=\"fusion-layout-column fusion_builder_column fusion-builder-column-0 fusion_builder_column_1_1 1_1 fusion-one-full fusion-column-first fusion-column-last\" style=\"--awb-bg-size:cover;\"><div class=\"fusion-column-wrapper fusion-flex-column-wrapper-legacy\">\t\t\t\t\t<div class=\"fusion-slider-container fusion-slider-sc-home fusion-slider-14 full-width-slider\" style=\"height:400px; max-width:100%;\" data-id=\"14\" data-full_height=\"\">\n\t\t\t\t\t\t<style type=\"text\/css\">.fusion-slider-14 .flex-direction-nav a {width:63px;height:63px;line-height:63px;font-size:25px;}<\/style>\t\t\t\t\t\t<div class=\"fusion-slider-loading\">Wird geladen...<\/div>\n\t\t\t\t\t\t<div class=\"tfs-slider flexslider main-flex full-width-slider\" data-slider_width=\"100%\" data-slider_height=\"400px\" data-full_screen=\"0\" data-parallax=\"0\" data-nav_arrows=\"0\" data-nav_box_width=\"63px\" data-nav_box_height=\"63px\" data-nav_arrow_size=\"25px\" data-autoplay=\"0\" data-loop=\"0\" data-orderby=\"date\" data-order=\"DESC\" data-animation=\"fade\" data-slideshow_speed=\"7000\" data-animation_speed=\"0\" data-typo_sensitivity=\"1\" data-typo_factor=\"1.5\" style=\"max-width:100%;\">\n\t\t\t\t\t\t\t<ul class=\"slides\">\n\t\t\t\t\t\t\t\t\t\t\t\t\t\t\t\t\t<li data-mute=\"yes\" data-loop=\"yes\" data-autoplay=\"yes\">\n\t\t\t\t\t\t\t\t\t\t<div class=\"slide-content-container slide-content-left\" style=\"display: none;\">\n\t\t\t\t\t\t\t\t\t\t\t<div class=\"slide-content\" style=\"\">\n\t\t\t\t\t\t\t\t\t\t\t\t\t\t\t\t\t\t\t\t\t\t\t\t\t<div class=\"heading with-bg\">\n\t\t\t\t\t\t\t\t\t\t\t\t\t\t<div class=\"fusion-title-sc-wrapper\" style=\"background-color: rgba(0,0,0, 0.4);\">\n\t\t\t\t\t\t\t\t\t\t\t\t\t\t\t<div class=\"fusion-title title fusion-title-1 fusion-sep-none fusion-title-text fusion-title-size-two\" style=\"--awb-margin-bottom:0px;--awb-margin-top-small:10px;--awb-margin-right-small:0px;--awb-margin-bottom-small:10px;--awb-margin-left-small:0px;--awb-font-size:60px;\"><h2 class=\"fusion-title-heading title-heading-left fusion-responsive-typography-calculated\" style=\"margin:0;font-size:1em;--fontSize:60;line-height:1.33;\">Professionelle Reparatur von Wohnmobil- und Wohnwagensch\u00e4den<\/h2><\/div>\t\t\t\t\t\t\t\t\t\t\t\t\t\t<\/div>\n\t\t\t\t\t\t\t\t\t\t\t\t\t<\/div>\n\t\t\t\t\t\t\t\t\t\t\t\t\t\t\t\t\t\t\t\t\t\t\t\t\t\t\t\t\t\t\t\t\t\t\t\t\t\t\t\t\t\t\t\t\t\t\t<\/div>\n\t\t\t\t\t\t\t\t\t\t<\/div>\n\t\t\t\t\t\t\t\t\t\t\t\t\t\t\t\t\t\t\t\t\t\t\t\t\t\t\t\t\t\t\t\t\t\t\t\t\t\t\t\t<div class=\"background background-image lazyload\" style=\"background-image:inherit;max-width:100%;height:400px;filter: progid:DXImageTransform.Microsoft.AlphaImageLoader(src='https:\/\/oud.caravanrepair.eu\/wp-content\/uploads\/2019\/01\/caravanrepairdealers.jpg', sizingMethod='scale');\" data-imgwidth=\"1392\" data-bg-image=\"url(https:\/\/oud.caravanrepair.eu\/wp-content\/uploads\/2019\/01\/caravanrepairdealers.jpg)\">\n\t\t\t\t\t\t\t\t\t\t\t\t\t\t\t\t\t\t\t\t\t\t\t\t\t\t\t\t\t\t\t\t\t\t\t\t\t\t\t\t\t\t\t\t\t\t\t\t\t\t\t\t\t\t\t\t\t\t\t\t\t\t\t\t\t\t<\/div>\n\t\t\t\t\t\t\t\t\t<\/li>\n\t\t\t\t\t\t\t\t\t\t\t\t\t\t\t\t\t\t\t\t\t\t\t<\/ul>\n\t\t\t\t\t\t<\/div>\n\t\t\t\t\t<\/div>\n\t\t\t\t\t\t\t\t<div class=\"fusion-clearfix\"><\/div><\/div><\/div><\/div><\/div><div class=\"fusion-fullwidth fullwidth-box fusion-builder-row-2 nonhundred-percent-fullwidth non-hundred-percent-height-scrolling\" style=\"--awb-background-position:center top;--awb-border-radius-top-left:0px;--awb-border-radius-top-right:0px;--awb-border-radius-bottom-right:0px;--awb-border-radius-bottom-left:0px;--awb-padding-top:1%;--awb-padding-bottom:0px;--awb-flex-wrap:wrap;\" ><div class=\"fusion-builder-row fusion-row\"><div class=\"fusion-layout-column fusion_builder_column fusion-builder-column-1 fusion_builder_column_1_1 1_1 fusion-one-full fusion-column-first fusion-column-last fusion-animated\" style=\"--awb-bg-size:cover;\" data-animationtype=\"fadeInDown\" data-animationduration=\"0.6\" data-animationoffset=\"top-into-view\"><div class=\"fusion-column-wrapper fusion-flex-column-wrapper-legacy\"><div class=\"fusion-title title fusion-title-2 fusion-sep-none fusion-title-center fusion-title-text fusion-title-size-one\" style=\"--awb-margin-bottom:80px;--awb-margin-top-small:10px;--awb-margin-right-small:0px;--awb-margin-bottom-small:10px;--awb-margin-left-small:0px;\"><h1 class=\"fusion-title-heading title-heading-center fusion-responsive-typography-calculated\" style=\"margin:0;--fontSize:64;line-height:1.2;\"><h2 style=\"text-align: center;\">Wohnwagenschaden Breda<\/h2><\/h1><\/div><div class=\"fusion-builder-row fusion-builder-row-inner fusion-row\"><div class=\"fusion-layout-column fusion_builder_column_inner fusion-builder-nested-column-0 fusion_builder_column_inner_1_2 1_2 fusion-one-half fusion-column-first\" style=\"--awb-bg-size:cover;width:50%;width:calc(50% - ( ( 4% ) * 0.5 ) );margin-right: 4%;\"><div class=\"fusion-column-wrapper fusion-flex-column-wrapper-legacy\"><div class=\"fusion-image-element in-legacy-container\" style=\"--awb-caption-title-font-family:var(--h2_typography-font-family);--awb-caption-title-font-weight:var(--h2_typography-font-weight);--awb-caption-title-font-style:var(--h2_typography-font-style);--awb-caption-title-size:var(--h2_typography-font-size);--awb-caption-title-transform:var(--h2_typography-text-transform);--awb-caption-title-line-height:var(--h2_typography-line-height);--awb-caption-title-letter-spacing:var(--h2_typography-letter-spacing);\"><span class=\"fusion-imageframe imageframe-none imageframe-1 hover-type-none\"><img fetchpriority=\"high\" decoding=\"async\" width=\"640\" height=\"480\" alt=\"Wohnwagenschaden Nieuwehorne\" title=\"Wohnwagenschaden Nieuwehorne\" src=\"https:\/\/oud.caravanrepair.eu\/wp-content\/uploads\/2019\/02\/schade2.jpg\" class=\"img-responsive wp-image-1070\" srcset=\"https:\/\/oud.caravanrepair.eu\/wp-content\/uploads\/2019\/02\/schade2-200x150.jpg 200w, https:\/\/oud.caravanrepair.eu\/wp-content\/uploads\/2019\/02\/schade2-400x300.jpg 400w, https:\/\/oud.caravanrepair.eu\/wp-content\/uploads\/2019\/02\/schade2-600x450.jpg 600w, https:\/\/oud.caravanrepair.eu\/wp-content\/uploads\/2019\/02\/schade2.jpg 640w\" sizes=\"(max-width: 1000px) 100vw, 640px\" \/><\/span><\/div><div class=\"fusion-sep-clear\"><\/div><div class=\"fusion-separator fusion-full-width-sep\" style=\"margin-left: auto;margin-right: auto;margin-top:30px;margin-bottom:30px;width:100%;\"><div class=\"fusion-separator-border sep-shadow\" style=\"--awb-height:20px;--awb-amount:20px;background:radial-gradient(ellipse at 50% -50% , #dddbdb 0px, rgba(255, 255, 255, 0) 80%) repeat scroll 0 0 rgba(0, 0, 0, 0);background:-webkit-radial-gradient(ellipse at 50% -50% , #dddbdb 0px, rgba(255, 255, 255, 0) 80%) repeat scroll 0 0 rgba(0, 0, 0, 0);background:-moz-radial-gradient(ellipse at 50% -50% , #dddbdb 0px, rgba(255, 255, 255, 0) 80%) repeat scroll 0 0 rgba(0, 0, 0, 0);background:-o-radial-gradient(ellipse at 50% -50% , #dddbdb 0px, rgba(255, 255, 255, 0) 80%) repeat scroll 0 0 rgba(0, 0, 0, 0);\"><\/div><\/div><div class=\"fusion-sep-clear\"><\/div><div class=\"fusion-button-wrapper fusion-aligncenter\"><a class=\"fusion-button button-flat fusion-button-default-size button-default fusion-button-default button-1 fusion-button-default-span fusion-button-default-type\" target=\"_self\" href=\"https:\/\/oud.caravanrepair.eu\/de\/handler\/\"><span class=\"fusion-button-text awb-button__text awb-button__text--default\">Finden Sie einen CaravanRepair\u00ae-H\u00e4ndler in Ihrer N\u00e4he<\/span><\/a><\/div><div class=\"fusion-sep-clear\"><\/div><div class=\"fusion-separator fusion-full-width-sep\" style=\"margin-left: auto;margin-right: auto;margin-top:30px;margin-bottom:15px;width:100%;\"><div class=\"fusion-separator-border sep-shadow\" style=\"--awb-height:20px;--awb-amount:20px;background:radial-gradient(ellipse at 50% -50% , #dddbdb 0px, rgba(255, 255, 255, 0) 80%) repeat scroll 0 0 rgba(0, 0, 0, 0);background:-webkit-radial-gradient(ellipse at 50% -50% , #dddbdb 0px, rgba(255, 255, 255, 0) 80%) repeat scroll 0 0 rgba(0, 0, 0, 0);background:-moz-radial-gradient(ellipse at 50% -50% , #dddbdb 0px, rgba(255, 255, 255, 0) 80%) repeat scroll 0 0 rgba(0, 0, 0, 0);background:-o-radial-gradient(ellipse at 50% -50% , #dddbdb 0px, rgba(255, 255, 255, 0) 80%) repeat scroll 0 0 rgba(0, 0, 0, 0);\"><\/div><\/div><div class=\"fusion-sep-clear\"><\/div><div class=\"fusion-clearfix\"><\/div><\/div><\/div><div class=\"fusion-layout-column fusion_builder_column_inner fusion-builder-nested-column-1 fusion_builder_column_inner_1_2 1_2 fusion-one-half fusion-column-last\" style=\"--awb-bg-size:cover;width:50%;width:calc(50% - ( ( 4% ) * 0.5 ) );\"><div class=\"fusion-column-wrapper fusion-flex-column-wrapper-legacy\"><div class=\"fusion-text fusion-text-1\" style=\"--awb-text-transform:none;\"><p>Wohnwagenschaden Breda<br \/>\nMit dem Wohnwagen in den Urlaub? ein unfall kann immer passieren. Auf dem Campingplatz f\u00e4hrt man aus Versehen unter ein paar zu tief h\u00e4ngenden \u00c4sten hindurch. Und findet heraus, dass es einen ziemlichen Kratzer auf Ihrem Wohnwagendach hinterlassen hat. In diesem Moment ruiniert es Ihren Urlaub f\u00fcr eine Weile, aber am Ende entscheiden Sie sich, den Urlaub f\u00fcr eine Weile zu genie\u00dfen. Wenn Sie nach Hause zur\u00fcckkehren, lassen Sie den Schaden sofort reparieren. Sie wissen, wo Sie zu einem der CaravanRepair-Spezialisten in Breda gehen k\u00f6nnen. Die Dachreparatur Ihres Wohnwagens erfordert Fachwissen und Sie k\u00f6nnen nicht zu jedem Unternehmen gehen. F\u00fcr jede Form von Wohnwagensch\u00e4den in Breda k\u00f6nnen Sie sich gerne an uns wenden. <a href=\"https:\/\/oud.caravanrepair.eu\/de\/\" target=\"_blank\" rel=\"noopener\"><strong>Klicken Sie hier f\u00fcr weitere Informationen!<\/strong><\/a><br \/>\nWohnwagenreparatur Breda und Umgebung!<br \/>\nWenn an Ihrem Wohnwagen etwas kaputt geht, m\u00f6chten Sie es am liebsten so schnell wie m\u00f6glich reparieren lassen. Da Sie dies aber selbst nicht verstehen, ist es ratsam, dies von Profis erledigen zu lassen. Indem Sie die Reparatur selbst oder von Personen ohne Wissen durchf\u00fchren lassen, besteht die M\u00f6glichkeit, dass nichts gel\u00f6st wird. Eine gute Wohnwagenreparatur in Breda ist daher genau das, wonach Sie suchen.<\/p>\n<\/div><div class=\"fusion-clearfix\"><\/div><\/div><\/div><\/div><div class=\"fusion-builder-row fusion-builder-row-inner fusion-row\"><div class=\"fusion-layout-column fusion_builder_column_inner fusion-builder-nested-column-2 fusion_builder_column_inner_1_1 1_1 fusion-one-full fusion-column-first fusion-column-last\" style=\"--awb-bg-size:cover;\"><div class=\"fusion-column-wrapper fusion-flex-column-wrapper-legacy\"><div class=\"fusion-text fusion-text-2\"><p>Wohnwagenreparaturfirma Breda<br \/>\nWenn Sie auf der Suche nach einem Unternehmen sind, das sich um Ihre Reparaturen an Ihrem Wohnwagen oder Reisemobil k\u00fcmmert, dann sind Sie bei Linberg genau richtig. Wir tun alles, um den Schaden fachgerecht zu beheben. Wir geben eine Garantie auf alle von uns gelieferten Arbeiten, um unsere Zuverl\u00e4ssigkeit zu unterstreichen. Hinterlassen Sie Ihre Telefonnummer auf unserer Website, wenn Sie Ihren Schaden von einer spezialisierten Caravan-Reparaturfirma in Breda reparieren lassen m\u00f6chten, wir werden uns mit Ihnen in Verbindung setzen.<\/p>\n<\/div><div class=\"fusion-clearfix\"><\/div><\/div><\/div><\/div><div class=\"fusion-clearfix\"><\/div><\/div><\/div><div class=\"fusion-layout-column fusion_builder_column fusion-builder-column-2 fusion_builder_column_1_1 1_1 fusion-one-full fusion-column-first fusion-column-last\" style=\"--awb-bg-size:cover;\"><div class=\"fusion-column-wrapper fusion-flex-column-wrapper-legacy\"><div class=\"fusion-reading-box-container reading-box-container-1\" style=\"--awb-title-color:#20164d;--awb-margin-top:0px;--awb-margin-bottom:84px;\"><div class=\"reading-box\" style=\"background-color:#ffffff;border-width:0px;border-color:#e5e5e5;border-left-width:3px;border-left-color:var(--primary_color);border-style:solid;\"><h2>Sie wollen Ihren Wohnwagenschaden sofort melden?<\/h2><div class=\"reading-box-additional fusion-reading-box-additional\">\n<p>Wenn Ihr Wohnwagen oder Wohnmobil besch\u00e4digt wurde, f\u00fcllen Sie bitte das Online-Schadensformular aus und wir werden uns mit Ihnen in Verbindung setzen.<\/p>\n<div class=\"fusion-button-wrapper\"><a class=\"fusion-button button-flat fusion-button-default-size button-default fusion-button-default button-2 fusion-button-default-span fusion-button-default-type\" style=\"--button_text_transform:uppercase;\" target=\"_self\" href=\"https:\/\/oud.caravanrepair.eu\/de\/antragsformular\/\"><span class=\"fusion-button-text awb-button__text awb-button__text--default\">Schaden melden<\/span><\/a><\/div><\/div><div class=\"fusion-clearfix\"><\/div><\/div><\/div><div class=\"fusion-text fusion-text-3\"><p><a href=\"https:\/\/oud.caravanrepair.eu\/de\/garantie\/\"><strong>* Sehen Sie sich die Garantiebedingungen an<\/strong><\/a><\/p>\n<p><a href=\"https:\/\/oud.caravanrepair.eu\/de\/\" target=\"_blank\" rel=\"noopener\">Klicken Sie hier, um zur Startseite zur\u00fcckzukehren.<\/a><\/p>\n<\/div><div class=\"fusion-clearfix\"><\/div><\/div><\/div><\/div><\/div><div class=\"fusion-fullwidth fullwidth-box fusion-builder-row-3 fusion-parallax-none nonhundred-percent-fullwidth non-hundred-percent-height-scrolling\" style=\"--awb-border-radius-top-left:0px;--awb-border-radius-top-right:0px;--awb-border-radius-bottom-right:0px;--awb-border-radius-bottom-left:0px;--awb-padding-top:4%;--awb-padding-bottom:4%;--awb-margin-top:0px;--awb-background-image:url(&quot;https:\/\/oud.caravanrepair.eu\/wp-content\/uploads\/2019\/01\/autometcaravan.jpg&quot;);--awb-background-size:cover;--awb-flex-wrap:wrap;\" ><div class=\"fusion-builder-row fusion-row\"><div class=\"fusion-layout-column fusion_builder_column fusion-builder-column-3 fusion_builder_column_1_1 1_1 fusion-one-full fusion-column-first fusion-column-last\" style=\"--awb-bg-size:cover;\"><div class=\"fusion-column-wrapper fusion-flex-column-wrapper-legacy\"><div class=\"fusion-title title fusion-title-3 fusion-sep-none fusion-title-text fusion-title-size-six\" style=\"--awb-margin-bottom:10px;--awb-margin-top-small:10px;--awb-margin-right-small:0px;--awb-margin-bottom-small:10px;--awb-margin-left-small:0px;\"><h6 class=\"fusion-title-heading title-heading-left fusion-responsive-typography-calculated\" style=\"margin:0;--fontSize:16;--minFontSize:16;line-height:1.5;\"><p style=\"text-align: left;\"><span style=\"color: #ffffff;\">FRAGEN ZU IHREM WOHNWAGEN- ODER CAMPERSCHADEN STELLEN SIE DEN CARAVANREPAIR\u00ae-SPEZIALISTEN<\/span><\/p><\/h6><\/div><div class=\"fusion-title title fusion-title-4 fusion-sep-none fusion-title-text fusion-title-size-two\" style=\"--awb-margin-bottom:20px;--awb-margin-top-small:10px;--awb-margin-right-small:0px;--awb-margin-bottom-small:10px;--awb-margin-left-small:0px;\"><h2 class=\"fusion-title-heading title-heading-left fusion-responsive-typography-calculated\" style=\"margin:0;--fontSize:47;line-height:1.2;\"><span style=\"color: #ffffff;\">LASSEN SIE SICH ZUR\u00dcCKRUFEN<\/span><\/h2><\/div><div class=\"fusion-text fusion-text-4\"><p><span style=\"color: #ffffff;\">Geben Sie Ihre Telefonnummer in das untenstehende Formular ein und unsere Mitarbeiter werden Sie kontaktieren<\/span><\/p>\n<\/div>\n<div class=\"wpcf7 no-js\" id=\"wpcf7-f5-o1\" lang=\"en-US\" dir=\"ltr\" data-wpcf7-id=\"5\">\n<div class=\"screen-reader-response\"><p role=\"status\" aria-live=\"polite\" aria-atomic=\"true\"><\/p> <ul><\/ul><\/div>\n<form action=\"\/de\/wp-json\/wp\/v2\/pages\/6443#wpcf7-f5-o1\" method=\"post\" class=\"wpcf7-form init\" aria-label=\"Kontakt Formular\" novalidate=\"novalidate\" data-status=\"init\" data-trp-original-action=\"\/de\/wp-json\/wp\/v2\/pages\/6443#wpcf7-f5-o1\">\n<fieldset class=\"hidden-fields-container\"><input type=\"hidden\" name=\"_wpcf7\" value=\"5\" \/><input type=\"hidden\" name=\"_wpcf7_version\" value=\"6.1.7\" \/><input type=\"hidden\" name=\"_wpcf7_locale\" value=\"en_US\" \/><input type=\"hidden\" name=\"_wpcf7_unit_tag\" value=\"wpcf7-f5-o1\" \/><input type=\"hidden\" name=\"_wpcf7_container_post\" value=\"0\" \/><input type=\"hidden\" name=\"_wpcf7_posted_data_hash\" value=\"\" \/>\n<\/fieldset>\n<div class=\"fusion-layout-column\" style=\"width:calc(50% - 10px); float:left; margin:0 20px 20px 0;\">\n\t<p><span class=\"wpcf7-form-control-wrap\" data-name=\"tel-405\"><input size=\"40\" maxlength=\"400\" class=\"wpcf7-form-control wpcf7-tel wpcf7-validates-as-required wpcf7-text wpcf7-validates-as-tel\" aria-required=\"true\" aria-invalid=\"false\" placeholder=\"Telefonnummer\" value=\"\" type=\"tel\" name=\"tel-405\" \/><\/span>\n\t<\/p>\n<\/div>\n<div class=\"fusion-layout-column\" style=\"width:calc(50% - 10px); float:left; margin-bottom:20px;\">\n\t<p><span class=\"wpcf7-form-control-wrap kc_captcha cf7ic-toggle\" data-name=\"kc_captcha\"><span class=\"wpcf7-form-control wpcf7-radio\"><span class=\"captcha-image\" style=\"display: none;\"><span class=\"cf7ic_instructions\">Bitte beweisen Sie, dass Sie ein Mensch sind, indem Sie Folgendes ausw\u00e4hlen<span> LKW<\/span>.<\/span><label><input aria-label=\"1\" type=\"radio\" name=\"kc_captcha\" value=\"bot\" \/><svg aria-hidden=\"true\" role=\"img\" xmlns=\"http:\/\/www.w3.org\/2000\/svg\" viewbox=\"0 0 576 512\"><path fill=\"currentColor\" d=\"M259 18l-65 132-146 22c-26 3-37 36-18 54l106 103-25 146c-5 26 23 46 46 33l131-68 131 68c23 13 51-7 46-33l-25-146 106-103c19-18 8-51-18-54l-146-22-65-132a32 32 0 00-58 0z\"\/><\/svg><\/label><label><input aria-label=\"2\" type=\"radio\" name=\"kc_captcha\" value=\"bot\" \/><svg aria-hidden=\"true\" role=\"img\" xmlns=\"http:\/\/www.w3.org\/2000\/svg\" viewbox=\"0 0 640 512\"><path fill=\"currentColor\" d=\"M192 384h192c53 0 96-43 96-96h32a128 128 0 000-256H120c-13 0-24 11-24 24v232c0 53 43 96 96 96zM512 96a64 64 0 010 128h-32V96h32zm48 384H48c-47 0-61-64-36-64h584c25 0 11 64-36 64z\"\/><\/svg><\/label><label><input aria-label=\"3\" type=\"radio\" name=\"kc_captcha\" value=\"kc_human\" \/><svg aria-hidden=\"true\" role=\"img\" xmlns=\"http:\/\/www.w3.org\/2000\/svg\" viewbox=\"0 0 640 512\"><path fill=\"currentColor\" d=\"M624 352h-16V244c0-13-5-25-14-34L494 110c-9-9-21-14-34-14h-44V48c0-26-21-48-48-48H48C22 0 0 22 0 48v320c0 27 22 48 48 48h16a96 96 0 00192 0h128a96 96 0 00192 0h48c9 0 16-7 16-16v-32c0-9-7-16-16-16zM160 464a48 48 0 110-96 48 48 0 010 96zm320 0a48 48 0 110-96 48 48 0 010 96zm80-208H416V144h44l100 100v12z\"\/><\/svg><\/label>\r\n    <\/span>\r\n    <span style=\"display:none\">\r\n        <input type=\"text\" name=\"kc_honeypot\">\r\n    <\/span><\/span><\/span><br \/>\n<input class=\"wpcf7-form-control wpcf7-submit has-spinner button-xlarge\" type=\"submit\" value=\"RUF MICH AN\" \/>\n\t<\/p>\n<\/div>\n<div style=\"clear:both\">\n<\/div><div class=\"fusion-alert alert custom alert-custom fusion-alert-center wpcf7-response-output fusion-alert-capitalize awb-alert-native-link-color alert-dismissable awb-alert-close-boxed\" style=\"--awb-border-size:1px;--awb-border-top-left-radius:0px;--awb-border-top-right-radius:0px;--awb-border-bottom-left-radius:0px;--awb-border-bottom-right-radius:0px;\" role=\"alert\"><div class=\"fusion-alert-content-wrapper\"><span class=\"fusion-alert-content\"><\/span><\/div><button type=\"button\" class=\"close toggle-alert\" data-dismiss=\"alert\" aria-label=\"nah dran\">\u00d7<\/button><\/div>\n<input type=\"hidden\" name=\"trp-form-language\" value=\"de\"\/><\/form>\n<\/div>\n<div class=\"fusion-clearfix\"><\/div><\/div><\/div><\/div><\/div><\/p>","protected":false},"excerpt":{"rendered":"","protected":false},"author":3,"featured_media":0,"parent":0,"menu_order":0,"comment_status":"closed","ping_status":"closed","template":"100-width.php","meta":{"footnotes":""},"class_list":["post-6443","page","type-page","status-publish","hentry","pagina_tag-caravanrepair-dealers"],"yoast_head":"<!-- This site is optimized with the Yoast SEO Premium plugin v27.5 (Yoast SEO v28.3) - https:\/\/yoast.com\/product\/yoast-seo-premium-wordpress\/ -->\n<title>Caravan schade Breda, Caravan reparatie voor Breda en omgeving<\/title>\n<meta name=\"description\" content=\"Zoek u naar Caravan schade in Breda? CaravanRepair is dan het juiste adres voor Caravan reparatie Breda, caravan reparatie bedrijf Breda.\" \/>\n<meta name=\"robots\" content=\"noindex, follow, max-snippet:-1, max-image-preview:large, max-video-preview:-1\" \/>\n<meta property=\"og:locale\" content=\"de_DE\" \/>\n<meta property=\"og:type\" content=\"article\" \/>\n<meta property=\"og:title\" content=\"Caravan schade Breda\" \/>\n<meta property=\"og:description\" content=\"Zoek u naar Caravan schade in Breda? CaravanRepair is dan het juiste adres voor Caravan reparatie Breda, caravan reparatie bedrijf Breda.\" \/>\n<meta property=\"og:url\" content=\"https:\/\/oud.caravanrepair.eu\/de\/wohnwagenschaden-breda\/\" \/>\n<meta property=\"og:site_name\" content=\"CaravanRepair\u00ae\" \/>\n<meta property=\"article:modified_time\" content=\"2024-02-27T12:54:06+00:00\" \/>\n<meta property=\"og:image\" content=\"https:\/\/oud.caravanrepair.eu\/wp-content\/uploads\/2019\/01\/logo-caravanrepair.png\" \/>\n\t<meta property=\"og:image:width\" content=\"353\" \/>\n\t<meta property=\"og:image:height\" content=\"150\" \/>\n\t<meta property=\"og:image:type\" content=\"image\/png\" \/>\n<meta name=\"twitter:card\" content=\"summary_large_image\" \/>\n<meta name=\"twitter:label1\" content=\"Gesch\u00e4tzte Lesezeit\" \/>\n\t<meta name=\"twitter:data1\" content=\"6\u00a0Minuten\" \/>\n<script type=\"application\/ld+json\" class=\"yoast-schema-graph\">{\"@context\":\"https:\\\/\\\/schema.org\",\"@graph\":[{\"@type\":\"WebPage\",\"@id\":\"https:\\\/\\\/oud.caravanrepair.eu\\\/caravan-schade-breda\\\/\",\"url\":\"https:\\\/\\\/oud.caravanrepair.eu\\\/caravan-schade-breda\\\/\",\"name\":\"Caravan schade Breda, Caravan reparatie voor Breda en omgeving\",\"isPartOf\":{\"@id\":\"https:\\\/\\\/oud.caravanrepair.eu\\\/#website\"},\"datePublished\":\"2022-08-29T12:33:54+00:00\",\"dateModified\":\"2024-02-27T12:54:06+00:00\",\"description\":\"Zoek u naar Caravan schade in Breda? CaravanRepair is dan het juiste adres voor Caravan reparatie Breda, caravan reparatie bedrijf Breda.\",\"breadcrumb\":{\"@id\":\"https:\\\/\\\/oud.caravanrepair.eu\\\/caravan-schade-breda\\\/#breadcrumb\"},\"inLanguage\":\"de\",\"potentialAction\":[{\"@type\":\"ReadAction\",\"target\":[\"https:\\\/\\\/oud.caravanrepair.eu\\\/caravan-schade-breda\\\/\"]}]},{\"@type\":\"BreadcrumbList\",\"@id\":\"https:\\\/\\\/oud.caravanrepair.eu\\\/caravan-schade-breda\\\/#breadcrumb\",\"itemListElement\":[{\"@type\":\"ListItem\",\"position\":1,\"name\":\"Home\",\"item\":\"https:\\\/\\\/oud.caravanrepair.eu\\\/\"},{\"@type\":\"ListItem\",\"position\":2,\"name\":\"Caravan schade Breda\"}]},{\"@type\":\"WebSite\",\"@id\":\"https:\\\/\\\/oud.caravanrepair.eu\\\/#website\",\"url\":\"https:\\\/\\\/oud.caravanrepair.eu\\\/\",\"name\":\"CaravanRepair\u00ae\",\"description\":\"Professioneel schadeherstel voor caravan en camper\",\"publisher\":{\"@id\":\"https:\\\/\\\/oud.caravanrepair.eu\\\/#organization\"},\"potentialAction\":[{\"@type\":\"SearchAction\",\"target\":{\"@type\":\"EntryPoint\",\"urlTemplate\":\"https:\\\/\\\/oud.caravanrepair.eu\\\/?s={search_term_string}\"},\"query-input\":{\"@type\":\"PropertyValueSpecification\",\"valueRequired\":true,\"valueName\":\"search_term_string\"}}],\"inLanguage\":\"de\"},{\"@type\":\"Organization\",\"@id\":\"https:\\\/\\\/oud.caravanrepair.eu\\\/#organization\",\"name\":\"CaravanRepair\u00ae\",\"url\":\"https:\\\/\\\/oud.caravanrepair.eu\\\/\",\"logo\":{\"@type\":\"ImageObject\",\"inLanguage\":\"de\",\"@id\":\"https:\\\/\\\/oud.caravanrepair.eu\\\/#\\\/schema\\\/logo\\\/image\\\/\",\"url\":\"https:\\\/\\\/oud.caravanrepair.eu\\\/wp-content\\\/uploads\\\/2019\\\/01\\\/logo-caravanrepair.png\",\"contentUrl\":\"https:\\\/\\\/oud.caravanrepair.eu\\\/wp-content\\\/uploads\\\/2019\\\/01\\\/logo-caravanrepair.png\",\"width\":353,\"height\":150,\"caption\":\"CaravanRepair\u00ae\"},\"image\":{\"@id\":\"https:\\\/\\\/oud.caravanrepair.eu\\\/#\\\/schema\\\/logo\\\/image\\\/\"}}]}<\/script>\n<!-- \/ Yoast SEO Premium plugin. -->","yoast_head_json":{"title":"Wohnwagenschaden Breda, Wohnwagenreparatur f\u00fcr Breda und Umgebung","description":"Suchen Sie einen Wohnwagenschaden in Breda? Dann ist CaravanRepair die richtige Adresse f\u00fcr Caravan Repair Breda, Caravan Repair Company Breda.","robots":{"index":"noindex","follow":"follow","max-snippet":"max-snippet:-1","max-image-preview":"max-image-preview:large","max-video-preview":"max-video-preview:-1"},"og_locale":"de_DE","og_type":"article","og_title":"Caravan schade Breda","og_description":"Zoek u naar Caravan schade in Breda? CaravanRepair is dan het juiste adres voor Caravan reparatie Breda, caravan reparatie bedrijf Breda.","og_url":"https:\/\/oud.caravanrepair.eu\/de\/wohnwagenschaden-breda\/","og_site_name":"CaravanRepair\u00ae","article_modified_time":"2024-02-27T12:54:06+00:00","og_image":[{"width":353,"height":150,"url":"https:\/\/oud.caravanrepair.eu\/wp-content\/uploads\/2019\/01\/logo-caravanrepair.png","type":"image\/png"}],"twitter_card":"summary_large_image","twitter_misc":{"Gesch\u00e4tzte Lesezeit":"6\u00a0Minuten"},"schema":{"@context":"https:\/\/schema.org","@graph":[{"@type":"WebPage","@id":"https:\/\/oud.caravanrepair.eu\/caravan-schade-breda\/","url":"https:\/\/oud.caravanrepair.eu\/caravan-schade-breda\/","name":"Wohnwagenschaden Breda, Wohnwagenreparatur f\u00fcr Breda und Umgebung","isPartOf":{"@id":"https:\/\/oud.caravanrepair.eu\/#website"},"datePublished":"2022-08-29T12:33:54+00:00","dateModified":"2024-02-27T12:54:06+00:00","description":"Suchen Sie einen Wohnwagenschaden in Breda? Dann ist CaravanRepair die richtige Adresse f\u00fcr Caravan Repair Breda, Caravan Repair Company Breda.","breadcrumb":{"@id":"https:\/\/oud.caravanrepair.eu\/caravan-schade-breda\/#breadcrumb"},"inLanguage":"de","potentialAction":[{"@type":"ReadAction","target":["https:\/\/oud.caravanrepair.eu\/caravan-schade-breda\/"]}]},{"@type":"BreadcrumbList","@id":"https:\/\/oud.caravanrepair.eu\/caravan-schade-breda\/#breadcrumb","itemListElement":[{"@type":"ListItem","position":1,"name":"Home","item":"https:\/\/oud.caravanrepair.eu\/"},{"@type":"ListItem","position":2,"name":"Caravan schade Breda"}]},{"@type":"WebSite","@id":"https:\/\/oud.caravanrepair.eu\/#website","url":"https:\/\/oud.caravanrepair.eu\/","name":"CaravanRepair\u00ae","description":"Professionelle Schadensbeseitigung f\u00fcr Caravan und Reisemobil","publisher":{"@id":"https:\/\/oud.caravanrepair.eu\/#organization"},"potentialAction":[{"@type":"SearchAction","target":{"@type":"EntryPoint","urlTemplate":"https:\/\/oud.caravanrepair.eu\/?s={search_term_string}"},"query-input":{"@type":"PropertyValueSpecification","valueRequired":true,"valueName":"search_term_string"}}],"inLanguage":"de"},{"@type":"Organization","@id":"https:\/\/oud.caravanrepair.eu\/#organization","name":"CaravanRepair\u00ae","url":"https:\/\/oud.caravanrepair.eu\/","logo":{"@type":"ImageObject","inLanguage":"de","@id":"https:\/\/oud.caravanrepair.eu\/#\/schema\/logo\/image\/","url":"https:\/\/oud.caravanrepair.eu\/wp-content\/uploads\/2019\/01\/logo-caravanrepair.png","contentUrl":"https:\/\/oud.caravanrepair.eu\/wp-content\/uploads\/2019\/01\/logo-caravanrepair.png","width":353,"height":150,"caption":"CaravanRepair\u00ae"},"image":{"@id":"https:\/\/oud.caravanrepair.eu\/#\/schema\/logo\/image\/"}}]}},"_links":{"self":[{"href":"https:\/\/oud.caravanrepair.eu\/de\/wp-json\/wp\/v2\/pages\/6443","targetHints":{"allow":["GET"]}}],"collection":[{"href":"https:\/\/oud.caravanrepair.eu\/de\/wp-json\/wp\/v2\/pages"}],"about":[{"href":"https:\/\/oud.caravanrepair.eu\/de\/wp-json\/wp\/v2\/types\/page"}],"author":[{"embeddable":true,"href":"https:\/\/oud.caravanrepair.eu\/de\/wp-json\/wp\/v2\/users\/3"}],"replies":[{"embeddable":true,"href":"https:\/\/oud.caravanrepair.eu\/de\/wp-json\/wp\/v2\/comments?post=6443"}],"version-history":[{"count":0,"href":"https:\/\/oud.caravanrepair.eu\/de\/wp-json\/wp\/v2\/pages\/6443\/revisions"}],"wp:attachment":[{"href":"https:\/\/oud.caravanrepair.eu\/de\/wp-json\/wp\/v2\/media?parent=6443"}],"curies":[{"name":"wp","href":"https:\/\/api.w.org\/{rel}","templated":true}]}}