{"id":10246,"date":"2024-01-05T16:01:26","date_gmt":"2024-01-05T15:01:26","guid":{"rendered":"https:\/\/oud.caravanrepair.eu\/?page_id=10246"},"modified":"2024-11-20T15:17:07","modified_gmt":"2024-11-20T14:17:07","slug":"dano-de-la-tormenta","status":"publish","type":"page","link":"https:\/\/oud.caravanrepair.eu\/es\/stormschade\/","title":{"rendered":"Da\u00f1o de la tormenta"},"content":{"rendered":"<div data-elementor-type=\"wp-page\" data-elementor-id=\"10246\" class=\"elementor elementor-10246\" data-elementor-post-type=\"page\">\n\t\t\t\t\t\t<section class=\"elementor-section elementor-top-section elementor-element elementor-element-544879dd elementor-section-height-min-height elementor-section-content-middle elementor-section-full_width elementor-section-height-default elementor-section-items-middle\" data-id=\"544879dd\" data-element_type=\"section\" data-e-type=\"section\" data-settings=\"{&quot;background_background&quot;:&quot;classic&quot;}\">\n\t\t\t\t\t\t\t<div class=\"elementor-background-overlay\"><\/div>\n\t\t\t\t\t\t\t<div class=\"elementor-container elementor-column-gap-default\">\n\t\t\t\t\t<div class=\"elementor-column elementor-col-100 elementor-top-column elementor-element elementor-element-32e8156c\" data-id=\"32e8156c\" data-element_type=\"column\" data-e-type=\"column\">\n\t\t\t<div class=\"elementor-widget-wrap elementor-element-populated\">\n\t\t\t\t\t\t<div class=\"elementor-element elementor-element-effd2f3 elementor-widget elementor-widget-heading\" data-id=\"effd2f3\" data-element_type=\"widget\" data-e-type=\"widget\" data-widget_type=\"heading.default\">\n\t\t\t\t<div class=\"elementor-widget-container\">\n\t\t\t\t\t<h1 class=\"elementor-heading-title elementor-size-default\">\u00bfDa\u00f1o de la tormenta?<\/h1>\t\t\t\t<\/div>\n\t\t\t\t<\/div>\n\t\t\t\t<div class=\"elementor-element elementor-element-6bcd7bcc elementor-widget elementor-widget-heading\" data-id=\"6bcd7bcc\" data-element_type=\"widget\" data-e-type=\"widget\" data-widget_type=\"heading.default\">\n\t\t\t\t<div class=\"elementor-widget-container\">\n\t\t\t\t\t<p class=\"elementor-heading-title elementor-size-default\"> <\/p>\t\t\t\t<\/div>\n\t\t\t\t<\/div>\n\t\t\t\t\t<\/div>\n\t\t<\/div>\n\t\t\t\t\t<\/div>\n\t\t<\/section>\n\t\t\t\t<section class=\"elementor-section elementor-top-section elementor-element elementor-element-194eca6a elementor-section-content-middle elementor-section-boxed elementor-section-height-default elementor-section-height-default\" data-id=\"194eca6a\" data-element_type=\"section\" data-e-type=\"section\">\n\t\t\t\t\t\t<div class=\"elementor-container elementor-column-gap-no\">\n\t\t\t\t\t<div class=\"elementor-column elementor-col-100 elementor-top-column elementor-element elementor-element-774e5b08\" data-id=\"774e5b08\" data-element_type=\"column\" data-e-type=\"column\">\n\t\t\t<div class=\"elementor-widget-wrap elementor-element-populated\">\n\t\t\t\t\t\t<div class=\"elementor-element elementor-element-1073fd9a elementor-widget elementor-widget-heading\" data-id=\"1073fd9a\" data-element_type=\"widget\" data-e-type=\"widget\" data-widget_type=\"heading.default\">\n\t\t\t\t<div class=\"elementor-widget-container\">\n\t\t\t\t\t<h2 class=\"elementor-heading-title elementor-size-default\">Da\u00f1os por tormenta: haga que un especialista de CaravanRepair lo repare profesionalmente<\/h2>\t\t\t\t<\/div>\n\t\t\t\t<\/div>\n\t\t\t\t\t<\/div>\n\t\t<\/div>\n\t\t\t\t\t<\/div>\n\t\t<\/section>\n\t\t\t\t<section class=\"elementor-section elementor-top-section elementor-element elementor-element-1abb439e elementor-section-content-middle elementor-reverse-mobile elementor-section-boxed elementor-section-height-default elementor-section-height-default\" data-id=\"1abb439e\" data-element_type=\"section\" data-e-type=\"section\">\n\t\t\t\t\t\t<div class=\"elementor-container elementor-column-gap-no\">\n\t\t\t\t\t<div class=\"elementor-column elementor-col-50 elementor-top-column elementor-element elementor-element-52b1c0e9\" data-id=\"52b1c0e9\" data-element_type=\"column\" data-e-type=\"column\">\n\t\t\t<div class=\"elementor-widget-wrap elementor-element-populated\">\n\t\t\t\t\t\t<div class=\"elementor-element elementor-element-28a95df7 elementor-widget elementor-widget-heading\" data-id=\"28a95df7\" data-element_type=\"widget\" data-e-type=\"widget\" data-widget_type=\"heading.default\">\n\t\t\t\t<div class=\"elementor-widget-container\">\n\t\t\t\t\t<h3 class=\"elementor-heading-title elementor-size-default\">El impacto de los da\u00f1os causados por una tormenta en su caravana o autocaravana<\/h3>\t\t\t\t<\/div>\n\t\t\t\t<\/div>\n\t\t\t\t<div class=\"elementor-element elementor-element-58b324d0 elementor-widget__width-initial elementor-widget elementor-widget-text-editor\" data-id=\"58b324d0\" data-element_type=\"widget\" data-e-type=\"widget\" data-widget_type=\"text-editor.default\">\n\t\t\t\t<div class=\"elementor-widget-container\">\n\t\t\t\t\t\t\t\t\t<h3>Da\u00f1o de la tormenta\u00a0<\/h3><p>Da\u00f1os por tormentas, el sonido de una suave lluvia puede convertirse r\u00e1pidamente en el sonido aterrador de una tormenta furiosa. Para los propietarios de caravanas, este escenario puede ser una pesadilla. Las tormentas pueden ocurrir inesperadamente y, a veces, ser devastadoras, especialmente si su veh\u00edculo recreativo est\u00e1 en un campamento. El da\u00f1o que una tormenta puede causar a una casa rodante puede variar desde rasgu\u00f1os menores hasta da\u00f1os graves y, a veces, estructurales. Los da\u00f1os comunes incluyen abolladuras y rayones causados por ramas que golpean su caravana, ventanas rotas causadas por grandes escombros voladores o enormes mantas causadas por grandes granizos que destruyen tanto sus ventanas como paredes y techos enteros de una caravana.<\/p><p>Desafortunadamente, las corrientes no se pueden descartar y son una parte inevitable de la naturaleza actual; el impacto de los da\u00f1os de una tormenta en su autocaravana y caravana puede ser significativo. Afortunadamente, CaravanRepair puede ayudarle con los da\u00f1os causados por las tormentas. Si tiene da\u00f1os por tormenta, no lo dude y comun\u00edquese con CaravanRepair de inmediato, nos aseguraremos de que reciba ayuda de manera r\u00e1pida y eficiente.<\/p><p>Afortunadamente, CaravanRepair Group ofrece una amplia red de especialistas en Europa que pueden reparar los da\u00f1os causados por la tormenta con destreza y profesionalidad. Con a\u00f1os de experiencia en reparaciones por tormentas, nuestros especialistas de CaravanRepair\u00ae tienen la experiencia y las habilidades necesarias para realizar todo tipo de reparaciones.<\/p>\t\t\t\t\t\t\t\t<\/div>\n\t\t\t\t<\/div>\n\t\t\t\t\t<\/div>\n\t\t<\/div>\n\t\t\t\t<div class=\"elementor-column elementor-col-50 elementor-top-column elementor-element elementor-element-614884b3\" data-id=\"614884b3\" data-element_type=\"column\" data-e-type=\"column\">\n\t\t\t<div class=\"elementor-widget-wrap elementor-element-populated\">\n\t\t\t\t\t\t<div class=\"elementor-element elementor-element-611d22c2 elementor-widget elementor-widget-image\" data-id=\"611d22c2\" data-element_type=\"widget\" data-e-type=\"widget\" data-widget_type=\"image.default\">\n\t\t\t\t<div class=\"elementor-widget-container\">\n\t\t\t\t\t\t\t\t\t\t\t\t\t\t\t<img fetchpriority=\"high\" decoding=\"async\" width=\"640\" height=\"288\" src=\"https:\/\/oud.caravanrepair.eu\/wp-content\/uploads\/2023\/10\/IMG-20230725-WA0002.jpeg\" class=\"attachment-large size-large wp-image-8617\" alt=\"da\u00f1o de la tormenta\" srcset=\"https:\/\/oud.caravanrepair.eu\/wp-content\/uploads\/2023\/10\/IMG-20230725-WA0002-18x8.jpeg 18w, https:\/\/oud.caravanrepair.eu\/wp-content\/uploads\/2023\/10\/IMG-20230725-WA0002-200x90.jpeg 200w, https:\/\/oud.caravanrepair.eu\/wp-content\/uploads\/2023\/10\/IMG-20230725-WA0002-300x135.jpeg 300w, https:\/\/oud.caravanrepair.eu\/wp-content\/uploads\/2023\/10\/IMG-20230725-WA0002-400x180.jpeg 400w, https:\/\/oud.caravanrepair.eu\/wp-content\/uploads\/2023\/10\/IMG-20230725-WA0002-600x270.jpeg 600w, https:\/\/oud.caravanrepair.eu\/wp-content\/uploads\/2023\/10\/IMG-20230725-WA0002.jpeg 640w\" sizes=\"(max-width: 640px) 100vw, 640px\" \/>\t\t\t\t\t\t\t\t\t\t\t\t\t\t\t<\/div>\n\t\t\t\t<\/div>\n\t\t\t\t\t<\/div>\n\t\t<\/div>\n\t\t\t\t\t<\/div>\n\t\t<\/section>\n\t\t\t\t<section class=\"elementor-section elementor-top-section elementor-element elementor-element-fc7a1f9 elementor-section-content-middle elementor-section-boxed elementor-section-height-default elementor-section-height-default\" data-id=\"fc7a1f9\" data-element_type=\"section\" data-e-type=\"section\" data-settings=\"{&quot;background_background&quot;:&quot;classic&quot;}\">\n\t\t\t\t\t\t\t<div class=\"elementor-background-overlay\"><\/div>\n\t\t\t\t\t\t\t<div class=\"elementor-container elementor-column-gap-no\">\n\t\t\t\t\t<div class=\"elementor-column elementor-col-100 elementor-top-column elementor-element elementor-element-830705c\" data-id=\"830705c\" data-element_type=\"column\" data-e-type=\"column\">\n\t\t\t<div class=\"elementor-widget-wrap elementor-element-populated\">\n\t\t\t\t\t\t<div class=\"elementor-element elementor-element-68d1a9fd elementor-widget elementor-widget-heading\" data-id=\"68d1a9fd\" data-element_type=\"widget\" data-e-type=\"widget\" data-widget_type=\"heading.default\">\n\t\t\t\t<div class=\"elementor-widget-container\">\n\t\t\t\t\t<h2 class=\"elementor-heading-title elementor-size-default\">\u00bfReportar da\u00f1os en caravana o autocaravana?<\/h2>\t\t\t\t<\/div>\n\t\t\t\t<\/div>\n\t\t\t\t<div class=\"elementor-element elementor-element-425695f9 elementor-widget elementor-widget-text-editor\" data-id=\"425695f9\" data-element_type=\"widget\" data-e-type=\"widget\" data-widget_type=\"text-editor.default\">\n\t\t\t\t<div class=\"elementor-widget-container\">\n\t\t\t\t\t\t\t\t\t<p style=\"text-align: center;\">Si su caravana o autocaravana ha sufrido da\u00f1os, rellene el formulario de da\u00f1os online y nos pondremos en contacto con usted.<\/p>\t\t\t\t\t\t\t\t<\/div>\n\t\t\t\t<\/div>\n\t\t\t\t<div class=\"elementor-element elementor-element-74722647 elementor-align-center elementor-mobile-align-left elementor-widget elementor-widget-button\" data-id=\"74722647\" data-element_type=\"widget\" data-e-type=\"widget\" data-widget_type=\"button.default\">\n\t\t\t\t<div class=\"elementor-widget-container\">\n\t\t\t\t\t\t\t\t\t<div class=\"elementor-button-wrapper\">\n\t\t\t\t\t<a class=\"elementor-button elementor-button-link elementor-size-sm elementor-animation-grow\" href=\"https:\/\/oud.caravanrepair.eu\/es\/formulario-de-danos\/\">\n\t\t\t\t\t\t<span class=\"elementor-button-content-wrapper\">\n\t\t\t\t\t\t\t\t\t<span class=\"elementor-button-text\">INFORMAR DA\u00d1OS<\/span>\n\t\t\t\t\t<\/span>\n\t\t\t\t\t<\/a>\n\t\t\t\t<\/div>\n\t\t\t\t\t\t\t\t<\/div>\n\t\t\t\t<\/div>\n\t\t\t\t\t<\/div>\n\t\t<\/div>\n\t\t\t\t\t<\/div>\n\t\t<\/section>\n\t\t\t\t<section class=\"elementor-section elementor-top-section elementor-element elementor-element-7aeb4ff4 elementor-section-full_width elementor-section-content-middle elementor-section-height-default elementor-section-height-default\" data-id=\"7aeb4ff4\" data-element_type=\"section\" data-e-type=\"section\">\n\t\t\t\t\t\t<div class=\"elementor-container elementor-column-gap-no\">\n\t\t\t\t\t<div class=\"elementor-column elementor-col-50 elementor-top-column elementor-element elementor-element-13922990\" data-id=\"13922990\" data-element_type=\"column\" data-e-type=\"column\" data-settings=\"{&quot;background_background&quot;:&quot;classic&quot;}\">\n\t\t\t<div class=\"elementor-widget-wrap elementor-element-populated\">\n\t\t\t\t\t<div class=\"elementor-background-overlay\"><\/div>\n\t\t\t\t\t\t<div class=\"elementor-element elementor-element-270e50d6 elementor-widget elementor-widget-heading\" data-id=\"270e50d6\" data-element_type=\"widget\" data-e-type=\"widget\" data-widget_type=\"heading.default\">\n\t\t\t\t<div class=\"elementor-widget-container\">\n\t\t\t\t\t<h3 class=\"elementor-heading-title elementor-size-default\">Grupo CaravanRepair\u00ae<\/h3>\t\t\t\t<\/div>\n\t\t\t\t<\/div>\n\t\t\t\t\t<\/div>\n\t\t<\/div>\n\t\t\t\t<div class=\"elementor-column elementor-col-50 elementor-top-column elementor-element elementor-element-440d3d6c\" data-id=\"440d3d6c\" data-element_type=\"column\" data-e-type=\"column\">\n\t\t\t<div class=\"elementor-widget-wrap elementor-element-populated\">\n\t\t\t\t\t\t<div class=\"elementor-element elementor-element-53c4338a elementor-widget elementor-widget-text-editor\" data-id=\"53c4338a\" data-element_type=\"widget\" data-e-type=\"widget\" data-widget_type=\"text-editor.default\">\n\t\t\t\t<div class=\"elementor-widget-container\">\n\t\t\t\t\t\t\t\t\t<h3>La calma despu\u00e9s de una tormenta tambi\u00e9n puede ser enga\u00f1osa\u00a0<\/h3><p>Especialmente si niega que su amada caravana o caravana haya sufrido alg\u00fan da\u00f1o, desde abolladuras y rayones hasta ventanas rotas, trampillas de techo arrancadas, etc., el impacto puede ser importante, tanto emocional como econ\u00f3mico. Los costos de reparaci\u00f3n de da\u00f1os o posiblemente de reemplazo del techo o la pared pueden ser considerables. En CaravanRepair estaremos encantados de pensar junto con usted. Gracias a nuestra experiencia en da\u00f1os a caravanas, estaremos encantados de trabajar con usted para encontrar la mejor soluci\u00f3n para usted, tanto desde el punto de vista financiero como t\u00e9cnico.\u00a0<\/p><p>\u00bfPor qu\u00e9 cambiar\u00edas toda la pared lateral de tu caravana o autocaravana despu\u00e9s de un da\u00f1o por tormenta, si despu\u00e9s de una tormenta s\u00f3lo queda una peque\u00f1a abolladura? Afortunadamente, las cosas tambi\u00e9n pueden terminar de otra manera. Por eso no es necesario, e incluso se desaconseja encarecidamente, reemplazar una pared entera. Para da\u00f1os menores en las paredes de la caravana, como da\u00f1os por granizo, peque\u00f1as abolladuras, ara\u00f1azos o incluso grietas, la reparaci\u00f3n de la caravana es la mejor opci\u00f3n. En tales situaciones, es absolutamente innecesario reemplazar toda la pared lateral. Adem\u00e1s, la reparaci\u00f3n de las paredes de una caravana ofrece ventajas adicionales. Gracias a nuestro avanzado Sistema de Reparaci\u00f3n de Caravanas de Alta Tecnolog\u00eda de CaravanRepair\u00ae, la reparaci\u00f3n se realiza de forma totalmente invisible, dejando la construcci\u00f3n de la caravana intacta, sin ning\u00fan riesgo de fugas. Una reparaci\u00f3n invisible de la caravana tambi\u00e9n contribuye a mantener el valor de su caravana o autocaravana.<\/p><p>Conf\u00ede en la experiencia de los especialistas de CaravanRepair\u00ae de su zona para realizar las reparaciones de su caravana. CaravanRepair\u00ae es la cadena de especialistas en autocaravanas m\u00e1s grande de Europa, que realiza reparaciones de autocaravanas de forma r\u00e1pida y extremadamente profesional. Nuestro m\u00e9todo de reparaci\u00f3n de paredes ha sido aprobado por todas las compa\u00f1\u00edas de seguros de Europa.<\/p><h3>Concierte una cita de inmediato para reparar los da\u00f1os causados por la tormenta en su caravana.\u00a0<\/h3><p>Nos especializamos en t\u00e9cnicas modernas de reparaci\u00f3n. No querr\u00e1s tener problemas a la hora de reparar los da\u00f1os causados por la tormenta en tu caravana. Por eso nos encargamos de la liquidaci\u00f3n \u00edntegra del da\u00f1o. Nos encargamos de la comunicaci\u00f3n con su compa\u00f1\u00eda de seguros y nos aseguramos de que su caravana luzca completa y profesionalmente restaurada. <a href=\"https:\/\/oud.caravanrepair.eu\/es\/formulario-de-danos\/\" target=\"_blank\" rel=\"noopener\"><strong>Haga clic aqu\u00ed para obtener el formulario de reclamo.<\/strong><\/a><\/p>\t\t\t\t\t\t\t\t<\/div>\n\t\t\t\t<\/div>\n\t\t\t\t\t<\/div>\n\t\t<\/div>\n\t\t\t\t\t<\/div>\n\t\t<\/section>\n\t\t\t\t<section class=\"elementor-section elementor-top-section elementor-element elementor-element-6d0d8dae elementor-section-content-middle elementor-section-boxed elementor-section-height-default elementor-section-height-default\" data-id=\"6d0d8dae\" data-element_type=\"section\" data-e-type=\"section\" data-settings=\"{&quot;background_background&quot;:&quot;classic&quot;}\">\n\t\t\t\t\t\t\t<div class=\"elementor-background-overlay\"><\/div>\n\t\t\t\t\t\t\t<div class=\"elementor-container elementor-column-gap-no\">\n\t\t\t\t\t<div class=\"elementor-column elementor-col-50 elementor-top-column elementor-element elementor-element-506997e7\" data-id=\"506997e7\" data-element_type=\"column\" data-e-type=\"column\">\n\t\t\t<div class=\"elementor-widget-wrap elementor-element-populated\">\n\t\t\t\t\t\t<div class=\"elementor-element elementor-element-2ee48ac4 elementor-widget elementor-widget-heading\" data-id=\"2ee48ac4\" data-element_type=\"widget\" data-e-type=\"widget\" data-widget_type=\"heading.default\">\n\t\t\t\t<div class=\"elementor-widget-container\">\n\t\t\t\t\t<h2 class=\"elementor-heading-title elementor-size-default\">\u00bfBusca un reparador CaravanRepair\u00ae cerca de usted?<\/h2>\t\t\t\t<\/div>\n\t\t\t\t<\/div>\n\t\t\t\t<div class=\"elementor-element elementor-element-7f6aef3 elementor-widget elementor-widget-text-editor\" data-id=\"7f6aef3\" data-element_type=\"widget\" data-e-type=\"widget\" data-widget_type=\"text-editor.default\">\n\t\t\t\t<div class=\"elementor-widget-container\">\n\t\t\t\t\t\t\t\t\t<p>\u00a1Nuestros reparadores de da\u00f1os est\u00e1n activos en toda Europa!<\/p>\t\t\t\t\t\t\t\t<\/div>\n\t\t\t\t<\/div>\n\t\t\t\t\t<\/div>\n\t\t<\/div>\n\t\t\t\t<div class=\"elementor-column elementor-col-50 elementor-top-column elementor-element elementor-element-1f6b29fd\" data-id=\"1f6b29fd\" data-element_type=\"column\" data-e-type=\"column\">\n\t\t\t<div class=\"elementor-widget-wrap elementor-element-populated\">\n\t\t\t\t\t\t<div class=\"elementor-element elementor-element-e54bb1c elementor-align-center elementor-mobile-align-left elementor-widget elementor-widget-button\" data-id=\"e54bb1c\" data-element_type=\"widget\" data-e-type=\"widget\" data-widget_type=\"button.default\">\n\t\t\t\t<div class=\"elementor-widget-container\">\n\t\t\t\t\t\t\t\t\t<div class=\"elementor-button-wrapper\">\n\t\t\t\t\t<a class=\"elementor-button elementor-button-link elementor-size-sm elementor-animation-grow\" href=\"https:\/\/oud.caravanrepair.eu\/es\/distribuidores\/\">\n\t\t\t\t\t\t<span class=\"elementor-button-content-wrapper\">\n\t\t\t\t\t\t\t\t\t<span class=\"elementor-button-text\">Buscar ahora<\/span>\n\t\t\t\t\t<\/span>\n\t\t\t\t\t<\/a>\n\t\t\t\t<\/div>\n\t\t\t\t\t\t\t\t<\/div>\n\t\t\t\t<\/div>\n\t\t\t\t\t<\/div>\n\t\t<\/div>\n\t\t\t\t\t<\/div>\n\t\t<\/section>\n\t\t\t\t<\/div>","protected":false},"excerpt":{"rendered":"","protected":false},"author":3,"featured_media":0,"parent":0,"menu_order":0,"comment_status":"closed","ping_status":"closed","template":"elementor_header_footer","meta":{"footnotes":""},"class_list":["post-10246","page","type-page","status-publish","hentry","pagina_tag-schadeherstel"],"yoast_head":"<!-- This site is optimized with the Yoast SEO Premium plugin v27.5 (Yoast SEO v28.3) - https:\/\/yoast.com\/product\/yoast-seo-premium-wordpress\/ -->\n<title>De impact van stormschade op uw camper en caravan<\/title>\n<meta name=\"description\" content=\"Ontdek de impact van stormschade op campers en caravans. Van oppervlakkige krassen tot ernstige structurele schade. CaravanRepair helpt u\" \/>\n<meta name=\"robots\" content=\"noindex, follow, max-snippet:-1, max-image-preview:large, max-video-preview:-1\" \/>\n<meta property=\"og:locale\" content=\"es_ES\" \/>\n<meta property=\"og:type\" content=\"article\" \/>\n<meta property=\"og:title\" content=\"Stormschade\" \/>\n<meta property=\"og:description\" content=\"Ontdek de impact van stormschade op campers en caravans. Van oppervlakkige krassen tot ernstige structurele schade. CaravanRepair helpt u\" \/>\n<meta property=\"og:url\" content=\"https:\/\/oud.caravanrepair.eu\/es\/dano-de-la-tormenta\/\" \/>\n<meta property=\"og:site_name\" content=\"CaravanRepair\u00ae\" \/>\n<meta property=\"article:modified_time\" content=\"2024-11-20T14:17:07+00:00\" \/>\n<meta property=\"og:image\" content=\"https:\/\/oud.caravanrepair.eu\/wp-content\/uploads\/2023\/10\/IMG-20230725-WA0002.jpeg\" \/>\n<meta name=\"twitter:card\" content=\"summary_large_image\" \/>\n<meta name=\"twitter:label1\" content=\"Tiempo de lectura\" \/>\n\t<meta name=\"twitter:data1\" content=\"4 minutos\" \/>\n<script type=\"application\/ld+json\" class=\"yoast-schema-graph\">{\"@context\":\"https:\\\/\\\/schema.org\",\"@graph\":[{\"@type\":\"WebPage\",\"@id\":\"https:\\\/\\\/oud.caravanrepair.eu\\\/stormschade\\\/\",\"url\":\"https:\\\/\\\/oud.caravanrepair.eu\\\/stormschade\\\/\",\"name\":\"De impact van stormschade op uw camper en caravan\",\"isPartOf\":{\"@id\":\"https:\\\/\\\/oud.caravanrepair.eu\\\/#website\"},\"primaryImageOfPage\":{\"@id\":\"https:\\\/\\\/oud.caravanrepair.eu\\\/stormschade\\\/#primaryimage\"},\"image\":{\"@id\":\"https:\\\/\\\/oud.caravanrepair.eu\\\/stormschade\\\/#primaryimage\"},\"thumbnailUrl\":\"https:\\\/\\\/oud.caravanrepair.eu\\\/wp-content\\\/uploads\\\/2023\\\/10\\\/IMG-20230725-WA0002.jpeg\",\"datePublished\":\"2024-01-05T15:01:26+00:00\",\"dateModified\":\"2024-11-20T14:17:07+00:00\",\"description\":\"Ontdek de impact van stormschade op campers en caravans. Van oppervlakkige krassen tot ernstige structurele schade. CaravanRepair helpt u\",\"breadcrumb\":{\"@id\":\"https:\\\/\\\/oud.caravanrepair.eu\\\/stormschade\\\/#breadcrumb\"},\"inLanguage\":\"es\",\"potentialAction\":[{\"@type\":\"ReadAction\",\"target\":[\"https:\\\/\\\/oud.caravanrepair.eu\\\/stormschade\\\/\"]}]},{\"@type\":\"ImageObject\",\"inLanguage\":\"es\",\"@id\":\"https:\\\/\\\/oud.caravanrepair.eu\\\/stormschade\\\/#primaryimage\",\"url\":\"https:\\\/\\\/oud.caravanrepair.eu\\\/wp-content\\\/uploads\\\/2023\\\/10\\\/IMG-20230725-WA0002.jpeg\",\"contentUrl\":\"https:\\\/\\\/oud.caravanrepair.eu\\\/wp-content\\\/uploads\\\/2023\\\/10\\\/IMG-20230725-WA0002.jpeg\"},{\"@type\":\"BreadcrumbList\",\"@id\":\"https:\\\/\\\/oud.caravanrepair.eu\\\/stormschade\\\/#breadcrumb\",\"itemListElement\":[{\"@type\":\"ListItem\",\"position\":1,\"name\":\"Home\",\"item\":\"https:\\\/\\\/oud.caravanrepair.eu\\\/\"},{\"@type\":\"ListItem\",\"position\":2,\"name\":\"Stormschade\"}]},{\"@type\":\"WebSite\",\"@id\":\"https:\\\/\\\/oud.caravanrepair.eu\\\/#website\",\"url\":\"https:\\\/\\\/oud.caravanrepair.eu\\\/\",\"name\":\"CaravanRepair\u00ae\",\"description\":\"Professioneel schadeherstel voor caravan en camper\",\"publisher\":{\"@id\":\"https:\\\/\\\/oud.caravanrepair.eu\\\/#organization\"},\"potentialAction\":[{\"@type\":\"SearchAction\",\"target\":{\"@type\":\"EntryPoint\",\"urlTemplate\":\"https:\\\/\\\/oud.caravanrepair.eu\\\/?s={search_term_string}\"},\"query-input\":{\"@type\":\"PropertyValueSpecification\",\"valueRequired\":true,\"valueName\":\"search_term_string\"}}],\"inLanguage\":\"es\"},{\"@type\":\"Organization\",\"@id\":\"https:\\\/\\\/oud.caravanrepair.eu\\\/#organization\",\"name\":\"CaravanRepair\u00ae\",\"url\":\"https:\\\/\\\/oud.caravanrepair.eu\\\/\",\"logo\":{\"@type\":\"ImageObject\",\"inLanguage\":\"es\",\"@id\":\"https:\\\/\\\/oud.caravanrepair.eu\\\/#\\\/schema\\\/logo\\\/image\\\/\",\"url\":\"https:\\\/\\\/oud.caravanrepair.eu\\\/wp-content\\\/uploads\\\/2019\\\/01\\\/logo-caravanrepair.png\",\"contentUrl\":\"https:\\\/\\\/oud.caravanrepair.eu\\\/wp-content\\\/uploads\\\/2019\\\/01\\\/logo-caravanrepair.png\",\"width\":353,\"height\":150,\"caption\":\"CaravanRepair\u00ae\"},\"image\":{\"@id\":\"https:\\\/\\\/oud.caravanrepair.eu\\\/#\\\/schema\\\/logo\\\/image\\\/\"}}]}<\/script>\n<!-- \/ Yoast SEO Premium plugin. -->","yoast_head_json":{"title":"El impacto de los da\u00f1os causados por las tormentas en su caravana y autocaravana","description":"Descubra el impacto de los da\u00f1os de las tormentas en las casas rodantes y caravanas. Desde rayones superficiales hasta da\u00f1os estructurales graves. CaravanRepair te ayuda","robots":{"index":"noindex","follow":"follow","max-snippet":"max-snippet:-1","max-image-preview":"max-image-preview:large","max-video-preview":"max-video-preview:-1"},"og_locale":"es_ES","og_type":"article","og_title":"Stormschade","og_description":"Ontdek de impact van stormschade op campers en caravans. Van oppervlakkige krassen tot ernstige structurele schade. CaravanRepair helpt u","og_url":"https:\/\/oud.caravanrepair.eu\/es\/dano-de-la-tormenta\/","og_site_name":"CaravanRepair\u00ae","article_modified_time":"2024-11-20T14:17:07+00:00","og_image":[{"url":"https:\/\/oud.caravanrepair.eu\/wp-content\/uploads\/2023\/10\/IMG-20230725-WA0002.jpeg","type":"","width":"","height":""}],"twitter_card":"summary_large_image","twitter_misc":{"Tiempo de lectura":"4 minutos"},"schema":{"@context":"https:\/\/schema.org","@graph":[{"@type":"WebPage","@id":"https:\/\/oud.caravanrepair.eu\/stormschade\/","url":"https:\/\/oud.caravanrepair.eu\/stormschade\/","name":"El impacto de los da\u00f1os causados por las tormentas en su caravana y autocaravana","isPartOf":{"@id":"https:\/\/oud.caravanrepair.eu\/#website"},"primaryImageOfPage":{"@id":"https:\/\/oud.caravanrepair.eu\/stormschade\/#primaryimage"},"image":{"@id":"https:\/\/oud.caravanrepair.eu\/stormschade\/#primaryimage"},"thumbnailUrl":"https:\/\/oud.caravanrepair.eu\/wp-content\/uploads\/2023\/10\/IMG-20230725-WA0002.jpeg","datePublished":"2024-01-05T15:01:26+00:00","dateModified":"2024-11-20T14:17:07+00:00","description":"Descubra el impacto de los da\u00f1os de las tormentas en las casas rodantes y caravanas. Desde rayones superficiales hasta da\u00f1os estructurales graves. CaravanRepair te ayuda","breadcrumb":{"@id":"https:\/\/oud.caravanrepair.eu\/stormschade\/#breadcrumb"},"inLanguage":"es","potentialAction":[{"@type":"ReadAction","target":["https:\/\/oud.caravanrepair.eu\/stormschade\/"]}]},{"@type":"ImageObject","inLanguage":"es","@id":"https:\/\/oud.caravanrepair.eu\/stormschade\/#primaryimage","url":"https:\/\/oud.caravanrepair.eu\/wp-content\/uploads\/2023\/10\/IMG-20230725-WA0002.jpeg","contentUrl":"https:\/\/oud.caravanrepair.eu\/wp-content\/uploads\/2023\/10\/IMG-20230725-WA0002.jpeg"},{"@type":"BreadcrumbList","@id":"https:\/\/oud.caravanrepair.eu\/stormschade\/#breadcrumb","itemListElement":[{"@type":"ListItem","position":1,"name":"Home","item":"https:\/\/oud.caravanrepair.eu\/"},{"@type":"ListItem","position":2,"name":"Stormschade"}]},{"@type":"WebSite","@id":"https:\/\/oud.caravanrepair.eu\/#website","url":"https:\/\/oud.caravanrepair.eu\/","name":"CaravanRepair\u00ae","description":"Reparaci\u00f3n profesional de da\u00f1os para caravanas y autocaravanas","publisher":{"@id":"https:\/\/oud.caravanrepair.eu\/#organization"},"potentialAction":[{"@type":"SearchAction","target":{"@type":"EntryPoint","urlTemplate":"https:\/\/oud.caravanrepair.eu\/?s={search_term_string}"},"query-input":{"@type":"PropertyValueSpecification","valueRequired":true,"valueName":"search_term_string"}}],"inLanguage":"es"},{"@type":"Organization","@id":"https:\/\/oud.caravanrepair.eu\/#organization","name":"CaravanRepair\u00ae","url":"https:\/\/oud.caravanrepair.eu\/","logo":{"@type":"ImageObject","inLanguage":"es","@id":"https:\/\/oud.caravanrepair.eu\/#\/schema\/logo\/image\/","url":"https:\/\/oud.caravanrepair.eu\/wp-content\/uploads\/2019\/01\/logo-caravanrepair.png","contentUrl":"https:\/\/oud.caravanrepair.eu\/wp-content\/uploads\/2019\/01\/logo-caravanrepair.png","width":353,"height":150,"caption":"CaravanRepair\u00ae"},"image":{"@id":"https:\/\/oud.caravanrepair.eu\/#\/schema\/logo\/image\/"}}]}},"_links":{"self":[{"href":"https:\/\/oud.caravanrepair.eu\/es\/wp-json\/wp\/v2\/pages\/10246","targetHints":{"allow":["GET"]}}],"collection":[{"href":"https:\/\/oud.caravanrepair.eu\/es\/wp-json\/wp\/v2\/pages"}],"about":[{"href":"https:\/\/oud.caravanrepair.eu\/es\/wp-json\/wp\/v2\/types\/page"}],"author":[{"embeddable":true,"href":"https:\/\/oud.caravanrepair.eu\/es\/wp-json\/wp\/v2\/users\/3"}],"replies":[{"embeddable":true,"href":"https:\/\/oud.caravanrepair.eu\/es\/wp-json\/wp\/v2\/comments?post=10246"}],"version-history":[{"count":0,"href":"https:\/\/oud.caravanrepair.eu\/es\/wp-json\/wp\/v2\/pages\/10246\/revisions"}],"wp:attachment":[{"href":"https:\/\/oud.caravanrepair.eu\/es\/wp-json\/wp\/v2\/media?parent=10246"}],"curies":[{"name":"wp","href":"https:\/\/api.w.org\/{rel}","templated":true}]}}