{"id":13372,"date":"2024-03-15T09:01:14","date_gmt":"2024-03-15T08:01:14","guid":{"rendered":"https:\/\/oud.caravanrepair.eu\/?page_id=13372"},"modified":"2025-05-08T10:17:48","modified_gmt":"2025-05-08T08:17:48","slug":"reparacion-de-caravanas-bilbao","status":"publish","type":"page","link":"https:\/\/oud.caravanrepair.eu\/es\/caravanrepair-bilbao\/","title":{"rendered":"Reparaci\u00f3n Caravanas Bilbao"},"content":{"rendered":"<div data-elementor-type=\"wp-page\" data-elementor-id=\"13372\" class=\"elementor elementor-13372\" data-elementor-post-type=\"page\">\n\t\t\t\t\t\t<section class=\"elementor-section elementor-top-section elementor-element elementor-element-4d76dbbf elementor-section-height-min-height elementor-section-content-middle elementor-section-full_width elementor-section-height-default elementor-section-items-middle\" data-id=\"4d76dbbf\" data-element_type=\"section\" data-e-type=\"section\" data-settings=\"{&quot;background_background&quot;:&quot;classic&quot;}\">\n\t\t\t\t\t\t\t<div class=\"elementor-background-overlay\"><\/div>\n\t\t\t\t\t\t\t<div class=\"elementor-container elementor-column-gap-default\">\n\t\t\t\t\t<div class=\"elementor-column elementor-col-100 elementor-top-column elementor-element elementor-element-2926b4c9\" data-id=\"2926b4c9\" data-element_type=\"column\" data-e-type=\"column\">\n\t\t\t<div class=\"elementor-widget-wrap elementor-element-populated\">\n\t\t\t\t\t\t<div class=\"elementor-element elementor-element-66fdfc94 elementor-widget elementor-widget-heading\" data-id=\"66fdfc94\" data-element_type=\"widget\" data-e-type=\"widget\" data-widget_type=\"heading.default\">\n\t\t\t\t<div class=\"elementor-widget-container\">\n\t\t\t\t\t<h1 class=\"elementor-heading-title elementor-size-default\">Reparaci\u00f3n Caravanas Bilbao<\/h1>\t\t\t\t<\/div>\n\t\t\t\t<\/div>\n\t\t\t\t<div class=\"elementor-element elementor-element-4b2e6731 elementor-widget elementor-widget-heading\" data-id=\"4b2e6731\" data-element_type=\"widget\" data-e-type=\"widget\" data-widget_type=\"heading.default\">\n\t\t\t\t<div class=\"elementor-widget-container\">\n\t\t\t\t\t<p class=\"elementor-heading-title elementor-size-default\"> <\/p>\t\t\t\t<\/div>\n\t\t\t\t<\/div>\n\t\t\t\t\t<\/div>\n\t\t<\/div>\n\t\t\t\t\t<\/div>\n\t\t<\/section>\n\t\t\t\t<section class=\"elementor-section elementor-top-section elementor-element elementor-element-4f6ce8d elementor-section-content-middle elementor-section-boxed elementor-section-height-default elementor-section-height-default\" data-id=\"4f6ce8d\" data-element_type=\"section\" data-e-type=\"section\">\n\t\t\t\t\t\t<div class=\"elementor-container elementor-column-gap-no\">\n\t\t\t\t\t<div class=\"elementor-column elementor-col-100 elementor-top-column elementor-element elementor-element-403fadef\" data-id=\"403fadef\" data-element_type=\"column\" data-e-type=\"column\">\n\t\t\t<div class=\"elementor-widget-wrap elementor-element-populated\">\n\t\t\t\t\t\t<div class=\"elementor-element elementor-element-726557ec elementor-widget elementor-widget-heading\" data-id=\"726557ec\" data-element_type=\"widget\" data-e-type=\"widget\" data-widget_type=\"heading.default\">\n\t\t\t\t<div class=\"elementor-widget-container\">\n\t\t\t\t\t<h2 class=\"elementor-heading-title elementor-size-default\">CaravanRepair Bilbao-Espa\u00f1a reparaci\u00f3n profesional de desperfectos en caravanas y campers.<\/h2>\t\t\t\t<\/div>\n\t\t\t\t<\/div>\n\t\t\t\t\t<\/div>\n\t\t<\/div>\n\t\t\t\t\t<\/div>\n\t\t<\/section>\n\t\t\t\t<section class=\"elementor-section elementor-top-section elementor-element elementor-element-7d532e5d elementor-section-content-middle elementor-reverse-mobile elementor-section-boxed elementor-section-height-default elementor-section-height-default\" data-id=\"7d532e5d\" data-element_type=\"section\" data-e-type=\"section\">\n\t\t\t\t\t\t<div class=\"elementor-container elementor-column-gap-no\">\n\t\t\t\t\t<div class=\"elementor-column elementor-col-50 elementor-top-column elementor-element elementor-element-6fb5ebe4\" data-id=\"6fb5ebe4\" data-element_type=\"column\" data-e-type=\"column\">\n\t\t\t<div class=\"elementor-widget-wrap elementor-element-populated\">\n\t\t\t\t\t\t<div class=\"elementor-element elementor-element-7d5c6076 elementor-widget elementor-widget-heading\" data-id=\"7d5c6076\" data-element_type=\"widget\" data-e-type=\"widget\" data-widget_type=\"heading.default\">\n\t\t\t\t<div class=\"elementor-widget-container\">\n\t\t\t\t\t<h3 class=\"elementor-heading-title elementor-size-default\">CaravanRepair Bilbao es un distribuidor especializado en da\u00f1os de caravanas y autocaravanas y forma parte del Grupo CaravanRepair\u00ae<\/h3>\t\t\t\t<\/div>\n\t\t\t\t<\/div>\n\t\t\t\t<div class=\"elementor-element elementor-element-2f59e19b elementor-widget elementor-widget-text-editor\" data-id=\"2f59e19b\" data-element_type=\"widget\" data-e-type=\"widget\" data-widget_type=\"text-editor.default\">\n\t\t\t\t<div class=\"elementor-widget-container\">\n\t\t\t\t\t\t\t\t\t<h3>CaravanRepair Bilbao-Espa\u00f1a<\/h3><p>CaravanRepair Bilbao forma parte del Grupo CaravanRepair y est\u00e1 especializada en la reparaci\u00f3n de caravanas y autocaravanas. El Grupo CaravanRepair trabaja con el revolucionario sistema de reparaci\u00f3n de paredes de caravanas y autocaravanas, que funciona con mucha precisi\u00f3n y tras reparar el desperfecto, se repara de forma totalmente invisible. Esta innovadora forma de reparar nos permite no tener que sustituir las paredes laterales de una caravana entera, por lo que la construcci\u00f3n de la caravana no se ve afectada y su uni\u00f3n original permanece intacta. No m\u00e1s fugas a trav\u00e9s del pegamento y las costuras de conexi\u00f3n. Gracias al sistema profesional CaravanRepair podemos reparar todo tipo de da\u00f1os perfilados de caravanas y autocaravanas de forma experta, profesional e invisible. Y ofrecemos una garant\u00eda de por vida en cada reparaci\u00f3n de CaravanRepair, si la realiza un distribuidor autorizado de CaravanRepair. El Grupo CaravanRepair ahora est\u00e1 activo en 8 pa\u00edses de Europa. Y tambi\u00e9n trabaja en varios puntos de Espa\u00f1a con reparadores especializados en caravanas y autocaravanas. \u00bfTiene da\u00f1os en su caravana o autocaravana, abolladuras y grietas, ara\u00f1azos o da\u00f1os por granizo o incluso da\u00f1os por humedad? Los especialistas de CaravanRepair se encargan de que su caravana o autocaravana vuelva a estar en \u00f3ptimas condiciones. En un distribuidor de CaravanRepair, siempre se encuentra en la direcci\u00f3n correcta para la reparaci\u00f3n profesional de da\u00f1os.<\/p><div class=\"fusion-text fusion-text-1\"><strong>Conclusi\u00f3n:<\/strong> Si se enfrenta a da\u00f1os en su caravana o camper, haga que CaravanRepair Bilbao la repare.Con nuestra experiencia, servicio profesional y atenci\u00f3n a la seguridad, nos aseguraremos de que su caravana o camper vuelva r\u00e1pidamente a estar en las mejores condiciones. <a href=\"https:\/\/oud.caravanrepair.eu\/es\/formulario-de-danos\/\" target=\"_blank\" rel=\"noopener\"><strong>haga clic aqu\u00ed<\/strong> <\/a>para una cita sin compromiso.<\/div>\t\t\t\t\t\t\t\t<\/div>\n\t\t\t\t<\/div>\n\t\t\t\t\t<\/div>\n\t\t<\/div>\n\t\t\t\t<div class=\"elementor-column elementor-col-50 elementor-top-column elementor-element elementor-element-804a4d0\" data-id=\"804a4d0\" data-element_type=\"column\" data-e-type=\"column\">\n\t\t\t<div class=\"elementor-widget-wrap elementor-element-populated\">\n\t\t\t\t\t\t<div class=\"elementor-element elementor-element-5c895fc9 elementor-widget elementor-widget-image\" data-id=\"5c895fc9\" data-element_type=\"widget\" data-e-type=\"widget\" data-widget_type=\"image.default\">\n\t\t\t\t<div class=\"elementor-widget-container\">\n\t\t\t\t\t\t\t\t\t\t\t\t\t\t\t<img fetchpriority=\"high\" decoding=\"async\" width=\"640\" height=\"480\" src=\"https:\/\/oud.caravanrepair.eu\/wp-content\/uploads\/2024\/01\/64d091be-6e08-4267-bf57-b5b7230030c2.jpeg\" class=\"attachment-large size-large wp-image-10732\" alt=\"Reparaci\u00f3n de da\u00f1os en caravanas\" srcset=\"https:\/\/oud.caravanrepair.eu\/wp-content\/uploads\/2024\/01\/64d091be-6e08-4267-bf57-b5b7230030c2-16x12.jpeg 16w, https:\/\/oud.caravanrepair.eu\/wp-content\/uploads\/2024\/01\/64d091be-6e08-4267-bf57-b5b7230030c2-200x150.jpeg 200w, https:\/\/oud.caravanrepair.eu\/wp-content\/uploads\/2024\/01\/64d091be-6e08-4267-bf57-b5b7230030c2-300x225.jpeg 300w, https:\/\/oud.caravanrepair.eu\/wp-content\/uploads\/2024\/01\/64d091be-6e08-4267-bf57-b5b7230030c2-400x300.jpeg 400w, https:\/\/oud.caravanrepair.eu\/wp-content\/uploads\/2024\/01\/64d091be-6e08-4267-bf57-b5b7230030c2-600x450.jpeg 600w, https:\/\/oud.caravanrepair.eu\/wp-content\/uploads\/2024\/01\/64d091be-6e08-4267-bf57-b5b7230030c2.jpeg 640w\" sizes=\"(max-width: 640px) 100vw, 640px\" \/>\t\t\t\t\t\t\t\t\t\t\t\t\t\t\t<\/div>\n\t\t\t\t<\/div>\n\t\t\t\t\t<\/div>\n\t\t<\/div>\n\t\t\t\t\t<\/div>\n\t\t<\/section>\n\t\t\t\t<section class=\"elementor-section elementor-top-section elementor-element elementor-element-6f98d230 elementor-section-content-middle elementor-section-boxed elementor-section-height-default elementor-section-height-default\" data-id=\"6f98d230\" data-element_type=\"section\" data-e-type=\"section\" data-settings=\"{&quot;background_background&quot;:&quot;classic&quot;}\">\n\t\t\t\t\t\t\t<div class=\"elementor-background-overlay\"><\/div>\n\t\t\t\t\t\t\t<div class=\"elementor-container elementor-column-gap-no\">\n\t\t\t\t\t<div class=\"elementor-column elementor-col-100 elementor-top-column elementor-element elementor-element-5960243d\" data-id=\"5960243d\" data-element_type=\"column\" data-e-type=\"column\">\n\t\t\t<div class=\"elementor-widget-wrap elementor-element-populated\">\n\t\t\t\t\t\t<div class=\"elementor-element elementor-element-62f1009a elementor-widget elementor-widget-heading\" data-id=\"62f1009a\" data-element_type=\"widget\" data-e-type=\"widget\" data-widget_type=\"heading.default\">\n\t\t\t\t<div class=\"elementor-widget-container\">\n\t\t\t\t\t<h2 class=\"elementor-heading-title elementor-size-default\">\u00bfReportar da\u00f1os en caravana o autocaravana?<\/h2>\t\t\t\t<\/div>\n\t\t\t\t<\/div>\n\t\t\t\t<div class=\"elementor-element elementor-element-35019cf6 elementor-widget elementor-widget-text-editor\" data-id=\"35019cf6\" data-element_type=\"widget\" data-e-type=\"widget\" data-widget_type=\"text-editor.default\">\n\t\t\t\t<div class=\"elementor-widget-container\">\n\t\t\t\t\t\t\t\t\t<p style=\"text-align: center;\">Si su caravana o autocaravana ha sufrido da\u00f1os, rellene el formulario de da\u00f1os online y nos pondremos en contacto con usted.<\/p>\t\t\t\t\t\t\t\t<\/div>\n\t\t\t\t<\/div>\n\t\t\t\t<div class=\"elementor-element elementor-element-132866e7 elementor-align-center elementor-mobile-align-left elementor-widget elementor-widget-button\" data-id=\"132866e7\" data-element_type=\"widget\" data-e-type=\"widget\" data-widget_type=\"button.default\">\n\t\t\t\t<div class=\"elementor-widget-container\">\n\t\t\t\t\t\t\t\t\t<div class=\"elementor-button-wrapper\">\n\t\t\t\t\t<a class=\"elementor-button elementor-button-link elementor-size-sm elementor-animation-grow\" href=\"https:\/\/oud.caravanrepair.eu\/es\/formulario-de-danos\/\">\n\t\t\t\t\t\t<span class=\"elementor-button-content-wrapper\">\n\t\t\t\t\t\t\t\t\t<span class=\"elementor-button-text\">INFORMAR DA\u00d1OS<\/span>\n\t\t\t\t\t<\/span>\n\t\t\t\t\t<\/a>\n\t\t\t\t<\/div>\n\t\t\t\t\t\t\t\t<\/div>\n\t\t\t\t<\/div>\n\t\t\t\t\t<\/div>\n\t\t<\/div>\n\t\t\t\t\t<\/div>\n\t\t<\/section>\n\t\t\t\t<section class=\"elementor-section elementor-top-section elementor-element elementor-element-680dbee2 elementor-section-full_width elementor-section-content-middle elementor-section-height-default elementor-section-height-default\" data-id=\"680dbee2\" data-element_type=\"section\" data-e-type=\"section\">\n\t\t\t\t\t\t<div class=\"elementor-container elementor-column-gap-no\">\n\t\t\t\t\t<div class=\"elementor-column elementor-col-50 elementor-top-column elementor-element elementor-element-f8a60e0\" data-id=\"f8a60e0\" data-element_type=\"column\" data-e-type=\"column\" data-settings=\"{&quot;background_background&quot;:&quot;classic&quot;}\">\n\t\t\t<div class=\"elementor-widget-wrap elementor-element-populated\">\n\t\t\t\t\t<div class=\"elementor-background-overlay\"><\/div>\n\t\t\t\t\t\t<div class=\"elementor-element elementor-element-320fd07b elementor-widget elementor-widget-heading\" data-id=\"320fd07b\" data-element_type=\"widget\" data-e-type=\"widget\" data-widget_type=\"heading.default\">\n\t\t\t\t<div class=\"elementor-widget-container\">\n\t\t\t\t\t<h3 class=\"elementor-heading-title elementor-size-default\">Reparaci\u00f3n Caravanas Bilbao<\/h3>\t\t\t\t<\/div>\n\t\t\t\t<\/div>\n\t\t\t\t\t<\/div>\n\t\t<\/div>\n\t\t\t\t<div class=\"elementor-column elementor-col-50 elementor-top-column elementor-element elementor-element-4375c49d\" data-id=\"4375c49d\" data-element_type=\"column\" data-e-type=\"column\">\n\t\t\t<div class=\"elementor-widget-wrap elementor-element-populated\">\n\t\t\t\t\t\t<div class=\"elementor-element elementor-element-6752d0d9 elementor-widget elementor-widget-text-editor\" data-id=\"6752d0d9\" data-element_type=\"widget\" data-e-type=\"widget\" data-widget_type=\"text-editor.default\">\n\t\t\t\t<div class=\"elementor-widget-container\">\n\t\t\t\t\t\t\t\t\t<h3>CaravanRepair dispone de una red de socios especializados para la reparaci\u00f3n de su caravana y autocaravana.<\/h3><div class=\"fusion-text fusion-text-1\"><p>CaravanRepair Bilbao forma parte de CaravanRepair Group, la cadena europea de reparaci\u00f3n de caravanas m\u00e1s grande de Europa. Y ahora activo en 8 pa\u00edses. Esta red solo trabaja con especialistas profesionales que aseguran una calidad y experiencia \u00f3ptimas, y brindan un excelente servicio y garant\u00eda en todas sus reparaciones. Todos los distribuidores son certificados anualmente. <a href=\"https:\/\/oud.caravanrepair.eu\/es\/garantizia\/\" target=\"_blank\" rel=\"noopener\"><strong>Haga clic aqu\u00ed para m\u00e1s informaci\u00f3n.<\/strong><\/a><\/p><\/div><div class=\"fusion-text fusion-text-2\"><h3 class=\"fusion-responsive-typography-calculated\" data-fontsize=\"27\" data-lineheight=\"40.5px\">Reparaci\u00f3n de caravanas Bilbao (Espa\u00f1a)<\/h3><p>CaravanRepair Bilbao utiliza el sistema CaravanRepair, un concepto de reparaci\u00f3n de caravanas sofisticado y profesional que est\u00e1 activo en 8 pa\u00edses, incluidos B\u00e9lgica, Luxemburgo, Francia, Italia, Espa\u00f1a, Alemania, Polonia y los Pa\u00edses Bajos. CaravanRepair Group es la cadena de da\u00f1os m\u00e1s grande de reparadores profesionales de caravanas en Europa. El Grupo CaravanRepair trabaja con un sistema de reparaci\u00f3n patentado que ha sido especialmente desarrollado para este fin y que es aceptado por todas las compa\u00f1\u00edas de seguros. Todos nuestros especialistas en caravanas siguen cada a\u00f1o nuestros cursos de formaci\u00f3n especiales CaravanRepair, de esta manera garantizamos nuestra calidad. Una buena educaci\u00f3n es la mejor garant\u00eda de calidad<strong>.\u00a0<\/strong><\/p><p><a href=\"https:\/\/oud.caravanrepair.eu\/es\/\" target=\"_blank\" rel=\"noopener\"><strong>haga clic aqu\u00ed<\/strong><\/a> si desea volver a la p\u00e1gina de inicio de CaravanRepair.<\/p><\/div>\t\t\t\t\t\t\t\t<\/div>\n\t\t\t\t<\/div>\n\t\t\t\t\t<\/div>\n\t\t<\/div>\n\t\t\t\t\t<\/div>\n\t\t<\/section>\n\t\t\t\t<section class=\"elementor-section elementor-top-section elementor-element elementor-element-76942e04 elementor-section-content-middle elementor-section-boxed elementor-section-height-default elementor-section-height-default\" data-id=\"76942e04\" data-element_type=\"section\" data-e-type=\"section\" data-settings=\"{&quot;background_background&quot;:&quot;classic&quot;}\">\n\t\t\t\t\t\t\t<div class=\"elementor-background-overlay\"><\/div>\n\t\t\t\t\t\t\t<div class=\"elementor-container elementor-column-gap-no\">\n\t\t\t\t\t<div class=\"elementor-column elementor-col-50 elementor-top-column elementor-element elementor-element-7e4e9e96\" data-id=\"7e4e9e96\" data-element_type=\"column\" data-e-type=\"column\">\n\t\t\t<div class=\"elementor-widget-wrap elementor-element-populated\">\n\t\t\t\t\t\t<div class=\"elementor-element elementor-element-500c15a1 elementor-widget elementor-widget-heading\" data-id=\"500c15a1\" data-element_type=\"widget\" data-e-type=\"widget\" data-widget_type=\"heading.default\">\n\t\t\t\t<div class=\"elementor-widget-container\">\n\t\t\t\t\t<h2 class=\"elementor-heading-title elementor-size-default\">\u00bfBusca un reparador CaravanRepair\u00ae cerca de usted?<\/h2>\t\t\t\t<\/div>\n\t\t\t\t<\/div>\n\t\t\t\t<div class=\"elementor-element elementor-element-4008ff1f elementor-widget elementor-widget-text-editor\" data-id=\"4008ff1f\" data-element_type=\"widget\" data-e-type=\"widget\" data-widget_type=\"text-editor.default\">\n\t\t\t\t<div class=\"elementor-widget-container\">\n\t\t\t\t\t\t\t\t\t<p>\u00a1Nuestros reparadores de da\u00f1os est\u00e1n activos en toda Europa!<\/p>\t\t\t\t\t\t\t\t<\/div>\n\t\t\t\t<\/div>\n\t\t\t\t\t<\/div>\n\t\t<\/div>\n\t\t\t\t<div class=\"elementor-column elementor-col-50 elementor-top-column elementor-element elementor-element-634b6e57\" data-id=\"634b6e57\" data-element_type=\"column\" data-e-type=\"column\">\n\t\t\t<div class=\"elementor-widget-wrap elementor-element-populated\">\n\t\t\t\t\t\t<div class=\"elementor-element elementor-element-44286981 elementor-align-center elementor-mobile-align-left elementor-widget elementor-widget-button\" data-id=\"44286981\" data-element_type=\"widget\" data-e-type=\"widget\" data-widget_type=\"button.default\">\n\t\t\t\t<div class=\"elementor-widget-container\">\n\t\t\t\t\t\t\t\t\t<div class=\"elementor-button-wrapper\">\n\t\t\t\t\t<a class=\"elementor-button elementor-button-link elementor-size-sm elementor-animation-grow\" href=\"https:\/\/oud.caravanrepair.eu\/es\/distribuidores\/\">\n\t\t\t\t\t\t<span class=\"elementor-button-content-wrapper\">\n\t\t\t\t\t\t\t\t\t<span class=\"elementor-button-text\">Buscar ahora<\/span>\n\t\t\t\t\t<\/span>\n\t\t\t\t\t<\/a>\n\t\t\t\t<\/div>\n\t\t\t\t\t\t\t\t<\/div>\n\t\t\t\t<\/div>\n\t\t\t\t\t<\/div>\n\t\t<\/div>\n\t\t\t\t\t<\/div>\n\t\t<\/section>\n\t\t\t\t<\/div>","protected":false},"excerpt":{"rendered":"<p>CaravanRepair Bilbao CaravanRepair Bilbao-Espa\u00f1a reparaci\u00f3n profesional de da\u00f1os en caravanas y autocaravanas. CaravanRepair Bilbao es especialista en reparaci\u00f3n de da\u00f1os en caravanas y autocaravanas.<\/p>","protected":false},"author":3,"featured_media":0,"parent":0,"menu_order":0,"comment_status":"closed","ping_status":"closed","template":"elementor_header_footer","meta":{"footnotes":""},"class_list":["post-13372","page","type-page","status-publish","hentry"],"yoast_head":"<!-- This site is optimized with the Yoast SEO Premium plugin v27.5 (Yoast SEO v28.3) - https:\/\/yoast.com\/product\/yoast-seo-premium-wordpress\/ -->\n<title>CaravanRepair Bilbao<\/title>\n<meta name=\"description\" content=\"CaravanRepair Bilbao is een gespecialiseerde dealer voor caravan, camperschadeherstel, Met onze expertise en kwaliteit staan we voor u klaar\" \/>\n<meta name=\"robots\" content=\"noindex, follow, max-snippet:-1, max-image-preview:large, max-video-preview:-1\" \/>\n<meta property=\"og:locale\" content=\"es_ES\" \/>\n<meta property=\"og:type\" content=\"article\" \/>\n<meta property=\"og:title\" content=\"CaravanRepair Bilbao\" \/>\n<meta property=\"og:description\" content=\"CaravanRepair Bilbao is een gespecialiseerde dealer voor caravan, camperschadeherstel, Met onze expertise en kwaliteit staan we voor u klaar\" \/>\n<meta property=\"og:url\" content=\"https:\/\/oud.caravanrepair.eu\/es\/reparacion-de-caravanas-bilbao\/\" \/>\n<meta property=\"og:site_name\" content=\"CaravanRepair\u00ae\" \/>\n<meta property=\"article:modified_time\" content=\"2025-05-08T08:17:48+00:00\" \/>\n<meta property=\"og:image\" content=\"https:\/\/oud.caravanrepair.eu\/wp-content\/uploads\/2024\/01\/64d091be-6e08-4267-bf57-b5b7230030c2.jpeg\" \/>\n\t<meta property=\"og:image:width\" content=\"640\" \/>\n\t<meta property=\"og:image:height\" content=\"480\" \/>\n\t<meta property=\"og:image:type\" content=\"image\/jpeg\" \/>\n<meta name=\"twitter:card\" content=\"summary_large_image\" \/>\n<meta name=\"twitter:label1\" content=\"Tiempo de lectura\" \/>\n\t<meta name=\"twitter:data1\" content=\"3 minutos\" \/>\n<script type=\"application\/ld+json\" class=\"yoast-schema-graph\">{\"@context\":\"https:\\\/\\\/schema.org\",\"@graph\":[{\"@type\":\"WebPage\",\"@id\":\"https:\\\/\\\/oud.caravanrepair.eu\\\/caravanrepair-bilbao\\\/\",\"url\":\"https:\\\/\\\/oud.caravanrepair.eu\\\/caravanrepair-bilbao\\\/\",\"name\":\"CaravanRepair Bilbao\",\"isPartOf\":{\"@id\":\"https:\\\/\\\/oud.caravanrepair.eu\\\/#website\"},\"primaryImageOfPage\":{\"@id\":\"https:\\\/\\\/oud.caravanrepair.eu\\\/caravanrepair-bilbao\\\/#primaryimage\"},\"image\":{\"@id\":\"https:\\\/\\\/oud.caravanrepair.eu\\\/caravanrepair-bilbao\\\/#primaryimage\"},\"thumbnailUrl\":\"https:\\\/\\\/oud.caravanrepair.eu\\\/wp-content\\\/uploads\\\/2024\\\/01\\\/64d091be-6e08-4267-bf57-b5b7230030c2.jpeg\",\"datePublished\":\"2024-03-15T08:01:14+00:00\",\"dateModified\":\"2025-05-08T08:17:48+00:00\",\"description\":\"CaravanRepair Bilbao is een gespecialiseerde dealer voor caravan, camperschadeherstel, Met onze expertise en kwaliteit staan we voor u klaar\",\"breadcrumb\":{\"@id\":\"https:\\\/\\\/oud.caravanrepair.eu\\\/caravanrepair-bilbao\\\/#breadcrumb\"},\"inLanguage\":\"es\",\"potentialAction\":[{\"@type\":\"ReadAction\",\"target\":[\"https:\\\/\\\/oud.caravanrepair.eu\\\/caravanrepair-bilbao\\\/\"]}]},{\"@type\":\"ImageObject\",\"inLanguage\":\"es\",\"@id\":\"https:\\\/\\\/oud.caravanrepair.eu\\\/caravanrepair-bilbao\\\/#primaryimage\",\"url\":\"https:\\\/\\\/oud.caravanrepair.eu\\\/wp-content\\\/uploads\\\/2024\\\/01\\\/64d091be-6e08-4267-bf57-b5b7230030c2.jpeg\",\"contentUrl\":\"https:\\\/\\\/oud.caravanrepair.eu\\\/wp-content\\\/uploads\\\/2024\\\/01\\\/64d091be-6e08-4267-bf57-b5b7230030c2.jpeg\"},{\"@type\":\"BreadcrumbList\",\"@id\":\"https:\\\/\\\/oud.caravanrepair.eu\\\/caravanrepair-bilbao\\\/#breadcrumb\",\"itemListElement\":[{\"@type\":\"ListItem\",\"position\":1,\"name\":\"Home\",\"item\":\"https:\\\/\\\/oud.caravanrepair.eu\\\/\"},{\"@type\":\"ListItem\",\"position\":2,\"name\":\"CaravanRepair Bilbao\"}]},{\"@type\":\"WebSite\",\"@id\":\"https:\\\/\\\/oud.caravanrepair.eu\\\/#website\",\"url\":\"https:\\\/\\\/oud.caravanrepair.eu\\\/\",\"name\":\"CaravanRepair\u00ae\",\"description\":\"Professioneel schadeherstel voor caravan en camper\",\"publisher\":{\"@id\":\"https:\\\/\\\/oud.caravanrepair.eu\\\/#organization\"},\"potentialAction\":[{\"@type\":\"SearchAction\",\"target\":{\"@type\":\"EntryPoint\",\"urlTemplate\":\"https:\\\/\\\/oud.caravanrepair.eu\\\/?s={search_term_string}\"},\"query-input\":{\"@type\":\"PropertyValueSpecification\",\"valueRequired\":true,\"valueName\":\"search_term_string\"}}],\"inLanguage\":\"es\"},{\"@type\":\"Organization\",\"@id\":\"https:\\\/\\\/oud.caravanrepair.eu\\\/#organization\",\"name\":\"CaravanRepair\u00ae\",\"url\":\"https:\\\/\\\/oud.caravanrepair.eu\\\/\",\"logo\":{\"@type\":\"ImageObject\",\"inLanguage\":\"es\",\"@id\":\"https:\\\/\\\/oud.caravanrepair.eu\\\/#\\\/schema\\\/logo\\\/image\\\/\",\"url\":\"https:\\\/\\\/oud.caravanrepair.eu\\\/wp-content\\\/uploads\\\/2019\\\/01\\\/logo-caravanrepair.png\",\"contentUrl\":\"https:\\\/\\\/oud.caravanrepair.eu\\\/wp-content\\\/uploads\\\/2019\\\/01\\\/logo-caravanrepair.png\",\"width\":353,\"height\":150,\"caption\":\"CaravanRepair\u00ae\"},\"image\":{\"@id\":\"https:\\\/\\\/oud.caravanrepair.eu\\\/#\\\/schema\\\/logo\\\/image\\\/\"}}]}<\/script>\n<!-- \/ Yoast SEO Premium plugin. -->","yoast_head_json":{"title":"Reparaci\u00f3n Caravanas Bilbao","description":"CaravanRepair Bilbao es un distribuidor especializado en la reparaci\u00f3n de da\u00f1os de caravanas y campers, estamos dispuestos a atenderle con nuestra experiencia y calidad.","robots":{"index":"noindex","follow":"follow","max-snippet":"max-snippet:-1","max-image-preview":"max-image-preview:large","max-video-preview":"max-video-preview:-1"},"og_locale":"es_ES","og_type":"article","og_title":"CaravanRepair Bilbao","og_description":"CaravanRepair Bilbao is een gespecialiseerde dealer voor caravan, camperschadeherstel, Met onze expertise en kwaliteit staan we voor u klaar","og_url":"https:\/\/oud.caravanrepair.eu\/es\/reparacion-de-caravanas-bilbao\/","og_site_name":"CaravanRepair\u00ae","article_modified_time":"2025-05-08T08:17:48+00:00","og_image":[{"width":640,"height":480,"url":"https:\/\/oud.caravanrepair.eu\/wp-content\/uploads\/2024\/01\/64d091be-6e08-4267-bf57-b5b7230030c2.jpeg","type":"image\/jpeg"}],"twitter_card":"summary_large_image","twitter_misc":{"Tiempo de lectura":"3 minutos"},"schema":{"@context":"https:\/\/schema.org","@graph":[{"@type":"WebPage","@id":"https:\/\/oud.caravanrepair.eu\/caravanrepair-bilbao\/","url":"https:\/\/oud.caravanrepair.eu\/caravanrepair-bilbao\/","name":"Reparaci\u00f3n Caravanas Bilbao","isPartOf":{"@id":"https:\/\/oud.caravanrepair.eu\/#website"},"primaryImageOfPage":{"@id":"https:\/\/oud.caravanrepair.eu\/caravanrepair-bilbao\/#primaryimage"},"image":{"@id":"https:\/\/oud.caravanrepair.eu\/caravanrepair-bilbao\/#primaryimage"},"thumbnailUrl":"https:\/\/oud.caravanrepair.eu\/wp-content\/uploads\/2024\/01\/64d091be-6e08-4267-bf57-b5b7230030c2.jpeg","datePublished":"2024-03-15T08:01:14+00:00","dateModified":"2025-05-08T08:17:48+00:00","description":"CaravanRepair Bilbao es un distribuidor especializado en la reparaci\u00f3n de da\u00f1os de caravanas y campers, estamos dispuestos a atenderle con nuestra experiencia y calidad.","breadcrumb":{"@id":"https:\/\/oud.caravanrepair.eu\/caravanrepair-bilbao\/#breadcrumb"},"inLanguage":"es","potentialAction":[{"@type":"ReadAction","target":["https:\/\/oud.caravanrepair.eu\/caravanrepair-bilbao\/"]}]},{"@type":"ImageObject","inLanguage":"es","@id":"https:\/\/oud.caravanrepair.eu\/caravanrepair-bilbao\/#primaryimage","url":"https:\/\/oud.caravanrepair.eu\/wp-content\/uploads\/2024\/01\/64d091be-6e08-4267-bf57-b5b7230030c2.jpeg","contentUrl":"https:\/\/oud.caravanrepair.eu\/wp-content\/uploads\/2024\/01\/64d091be-6e08-4267-bf57-b5b7230030c2.jpeg"},{"@type":"BreadcrumbList","@id":"https:\/\/oud.caravanrepair.eu\/caravanrepair-bilbao\/#breadcrumb","itemListElement":[{"@type":"ListItem","position":1,"name":"Home","item":"https:\/\/oud.caravanrepair.eu\/"},{"@type":"ListItem","position":2,"name":"CaravanRepair Bilbao"}]},{"@type":"WebSite","@id":"https:\/\/oud.caravanrepair.eu\/#website","url":"https:\/\/oud.caravanrepair.eu\/","name":"CaravanRepair\u00ae","description":"Reparaci\u00f3n profesional de da\u00f1os para caravanas y autocaravanas","publisher":{"@id":"https:\/\/oud.caravanrepair.eu\/#organization"},"potentialAction":[{"@type":"SearchAction","target":{"@type":"EntryPoint","urlTemplate":"https:\/\/oud.caravanrepair.eu\/?s={search_term_string}"},"query-input":{"@type":"PropertyValueSpecification","valueRequired":true,"valueName":"search_term_string"}}],"inLanguage":"es"},{"@type":"Organization","@id":"https:\/\/oud.caravanrepair.eu\/#organization","name":"CaravanRepair\u00ae","url":"https:\/\/oud.caravanrepair.eu\/","logo":{"@type":"ImageObject","inLanguage":"es","@id":"https:\/\/oud.caravanrepair.eu\/#\/schema\/logo\/image\/","url":"https:\/\/oud.caravanrepair.eu\/wp-content\/uploads\/2019\/01\/logo-caravanrepair.png","contentUrl":"https:\/\/oud.caravanrepair.eu\/wp-content\/uploads\/2019\/01\/logo-caravanrepair.png","width":353,"height":150,"caption":"CaravanRepair\u00ae"},"image":{"@id":"https:\/\/oud.caravanrepair.eu\/#\/schema\/logo\/image\/"}}]}},"_links":{"self":[{"href":"https:\/\/oud.caravanrepair.eu\/es\/wp-json\/wp\/v2\/pages\/13372","targetHints":{"allow":["GET"]}}],"collection":[{"href":"https:\/\/oud.caravanrepair.eu\/es\/wp-json\/wp\/v2\/pages"}],"about":[{"href":"https:\/\/oud.caravanrepair.eu\/es\/wp-json\/wp\/v2\/types\/page"}],"author":[{"embeddable":true,"href":"https:\/\/oud.caravanrepair.eu\/es\/wp-json\/wp\/v2\/users\/3"}],"replies":[{"embeddable":true,"href":"https:\/\/oud.caravanrepair.eu\/es\/wp-json\/wp\/v2\/comments?post=13372"}],"version-history":[{"count":0,"href":"https:\/\/oud.caravanrepair.eu\/es\/wp-json\/wp\/v2\/pages\/13372\/revisions"}],"wp:attachment":[{"href":"https:\/\/oud.caravanrepair.eu\/es\/wp-json\/wp\/v2\/media?parent=13372"}],"curies":[{"name":"wp","href":"https:\/\/api.w.org\/{rel}","templated":true}]}}