{"id":17513,"date":"2024-11-21T13:24:21","date_gmt":"2024-11-21T12:24:21","guid":{"rendered":"https:\/\/oud.caravanrepair.eu\/?page_id=17513"},"modified":"2024-11-21T13:58:39","modified_gmt":"2024-11-21T12:58:39","slug":"vacantes","status":"publish","type":"page","link":"https:\/\/oud.caravanrepair.eu\/es\/vacatures\/","title":{"rendered":"Vacantes"},"content":{"rendered":"<div data-elementor-type=\"wp-page\" data-elementor-id=\"17513\" class=\"elementor elementor-17513\" data-elementor-post-type=\"page\">\n\t\t\t\t\t\t<section class=\"elementor-section elementor-top-section elementor-element elementor-element-73a2c461 elementor-section-height-min-height elementor-section-content-middle elementor-section-full_width elementor-section-height-default elementor-section-items-middle\" data-id=\"73a2c461\" data-element_type=\"section\" data-e-type=\"section\" data-settings=\"{&quot;background_background&quot;:&quot;classic&quot;}\">\n\t\t\t\t\t\t\t<div class=\"elementor-background-overlay\"><\/div>\n\t\t\t\t\t\t\t<div class=\"elementor-container elementor-column-gap-default\">\n\t\t\t\t\t<div class=\"elementor-column elementor-col-100 elementor-top-column elementor-element elementor-element-6bfb6f30\" data-id=\"6bfb6f30\" data-element_type=\"column\" data-e-type=\"column\">\n\t\t\t<div class=\"elementor-widget-wrap elementor-element-populated\">\n\t\t\t\t\t\t<div class=\"elementor-element elementor-element-9a43a07 elementor-widget elementor-widget-heading\" data-id=\"9a43a07\" data-element_type=\"widget\" data-e-type=\"widget\" data-widget_type=\"heading.default\">\n\t\t\t\t<div class=\"elementor-widget-container\">\n\t\t\t\t\t<h1 class=\"elementor-heading-title elementor-size-default\">Vacantes<\/h1>\t\t\t\t<\/div>\n\t\t\t\t<\/div>\n\t\t\t\t<div class=\"elementor-element elementor-element-7896ca85 elementor-widget elementor-widget-heading\" data-id=\"7896ca85\" data-element_type=\"widget\" data-e-type=\"widget\" data-widget_type=\"heading.default\">\n\t\t\t\t<div class=\"elementor-widget-container\">\n\t\t\t\t\t<p class=\"elementor-heading-title elementor-size-default\"> <\/p>\t\t\t\t<\/div>\n\t\t\t\t<\/div>\n\t\t\t\t\t<\/div>\n\t\t<\/div>\n\t\t\t\t\t<\/div>\n\t\t<\/section>\n\t\t\t\t<section class=\"elementor-section elementor-top-section elementor-element elementor-element-11b74669 elementor-section-content-middle elementor-section-boxed elementor-section-height-default elementor-section-height-default\" data-id=\"11b74669\" data-element_type=\"section\" data-e-type=\"section\">\n\t\t\t\t\t\t<div class=\"elementor-container elementor-column-gap-no\">\n\t\t\t\t\t<div class=\"elementor-column elementor-col-100 elementor-top-column elementor-element elementor-element-37536b06\" data-id=\"37536b06\" data-element_type=\"column\" data-e-type=\"column\">\n\t\t\t<div class=\"elementor-widget-wrap elementor-element-populated\">\n\t\t\t\t\t\t<div class=\"elementor-element elementor-element-7ce82d38 elementor-widget elementor-widget-heading\" data-id=\"7ce82d38\" data-element_type=\"widget\" data-e-type=\"widget\" data-widget_type=\"heading.default\">\n\t\t\t\t<div class=\"elementor-widget-container\">\n\t\t\t\t\t<h2 class=\"elementor-heading-title elementor-size-default\">CaravanRepair Ofrece formaci\u00f3n profesional personalizada para la reparaci\u00f3n de da\u00f1os en las paredes de las caravanas.<\/h2>\t\t\t\t<\/div>\n\t\t\t\t<\/div>\n\t\t\t\t\t<\/div>\n\t\t<\/div>\n\t\t\t\t\t<\/div>\n\t\t<\/section>\n\t\t\t\t<section class=\"elementor-section elementor-top-section elementor-element elementor-element-2fa04dea elementor-section-content-middle elementor-reverse-mobile elementor-section-boxed elementor-section-height-default elementor-section-height-default\" data-id=\"2fa04dea\" data-element_type=\"section\" data-e-type=\"section\">\n\t\t\t\t\t\t<div class=\"elementor-container elementor-column-gap-no\">\n\t\t\t\t\t<div class=\"elementor-column elementor-col-50 elementor-top-column elementor-element elementor-element-3e62b428\" data-id=\"3e62b428\" data-element_type=\"column\" data-e-type=\"column\">\n\t\t\t<div class=\"elementor-widget-wrap elementor-element-populated\">\n\t\t\t\t\t\t<div class=\"elementor-element elementor-element-10ff650 elementor-widget elementor-widget-heading\" data-id=\"10ff650\" data-element_type=\"widget\" data-e-type=\"widget\" data-widget_type=\"heading.default\">\n\t\t\t\t<div class=\"elementor-widget-container\">\n\t\t\t\t\t<h3 class=\"elementor-heading-title elementor-size-default\">Vacantes del grupo CaravanRepair\u00ae<\/h3>\t\t\t\t<\/div>\n\t\t\t\t<\/div>\n\t\t\t\t<div class=\"elementor-element elementor-element-35c2b1cb elementor-widget__width-initial elementor-widget elementor-widget-text-editor\" data-id=\"35c2b1cb\" data-element_type=\"widget\" data-e-type=\"widget\" data-widget_type=\"text-editor.default\">\n\t\t\t\t<div class=\"elementor-widget-container\">\n\t\t\t\t\t\t\t\t\t<h3 class=\"fusion-responsive-typography-calculated\" style=\"--fontsize: 27; line-height: 1.5;\" data-fontsize=\"27\" data-lineheight=\"40.5px\">\u00bfHas pensado alguna vez en ofrecer un servicio extra? \u00bfY convertirse en distribuidor de Caravanrepair\u00ae?<\/h3><p class=\"fusion-responsive-typography-calculated\" style=\"--fontsize: 27; line-height: 1.5;\" data-fontsize=\"27\" data-lineheight=\"40.5px\">Vacantes: Los da\u00f1os en las paredes de las caravanas son uno de los da\u00f1os m\u00e1s comunes en las caravanas, casi la mitad de los da\u00f1os notificados en las caravanas son da\u00f1os reparables en las paredes de las caravanas. Nuestro sistema de reparaci\u00f3n de paredes caravanRepair de alta tecnolog\u00eda nos permite realizar reparaciones de paredes de caravanas que no son completamente invisibles.<\/p><h3 class=\"fusion-responsive-typography-calculated\" style=\"--fontsize: 27; line-height: 1.5;\" data-fontsize=\"27\" data-lineheight=\"40.5px\">Debido a los crecientes informes de da\u00f1os, todav\u00eda tenemos vacantes para distribuidores de CaravanRepair\u00ae en varias regiones.<\/h3><p><strong>Nos gustar\u00eda ponernos en contacto con usted, tal vez pueda cubrir una de nuestras vacantes y convertirse en distribuidor\/especialista de Caravanrepair\u00ae en su regi\u00f3n.<\/strong><\/p><h3>Vacantes Pa\u00edses Bajos.<\/h3><p>En los Pa\u00edses Bajos, debido a los crecientes informes de da\u00f1os, todav\u00eda tenemos vacantes en varias regiones.<\/p><h3 class=\"fusion-responsive-typography-calculated\" style=\"--fontsize: 27; line-height: 1.5;\" data-fontsize=\"27\" data-lineheight=\"40.5px\">Vacantes para Alemania.<\/h3><p>Vacantes: Todav\u00eda hay sitio para un distribuidor CaravanRepair\u00ae en Alemania, especialmente en la zona fronteriza entre Alemania y los Pa\u00edses Bajos.<br \/>CaravanRepair\u00ae tiene como objetivo expandir a\u00fan m\u00e1s su red en esa \u00e1rea con algunos distribuidores m\u00e1s<br \/>Esperamos que nuestro futuro empresario\/distribuidor hable 2 idiomas (alem\u00e1n y holand\u00e9s).<\/p><h3>Vacantes para B\u00e9lgica, Francia y Espa\u00f1a<\/h3><p>El grupo CaravanRepair\u00ae tiene vacantes para distribuidor y\/o para B\u00e9lgica, Francia y Espa\u00f1a<strong>\u00a0maestro comerciante.<\/strong> que sea capaz de ampliar a\u00fan m\u00e1s nuestro concepto. Para nuestro <strong>Distribuidor espa\u00f1ol y franc\u00e9s.<\/strong> Hablar ingl\u00e9s es imprescindible. Nos gustar\u00eda ponernos en contacto con empresas de caravanas o autocaravanas que est\u00e9n interesadas en nuestro concepto CaravanRepair\u00ae.<\/p>\t\t\t\t\t\t\t\t<\/div>\n\t\t\t\t<\/div>\n\t\t\t\t\t<\/div>\n\t\t<\/div>\n\t\t\t\t<div class=\"elementor-column elementor-col-50 elementor-top-column elementor-element elementor-element-1e4f4651\" data-id=\"1e4f4651\" data-element_type=\"column\" data-e-type=\"column\">\n\t\t\t<div class=\"elementor-widget-wrap elementor-element-populated\">\n\t\t\t\t\t\t<div class=\"elementor-element elementor-element-8177535 elementor-widget elementor-widget-image\" data-id=\"8177535\" data-element_type=\"widget\" data-e-type=\"widget\" data-widget_type=\"image.default\">\n\t\t\t\t<div class=\"elementor-widget-container\">\n\t\t\t\t\t\t\t\t\t\t\t\t\t\t\t<img fetchpriority=\"high\" decoding=\"async\" width=\"640\" height=\"480\" src=\"https:\/\/oud.caravanrepair.eu\/wp-content\/uploads\/2019\/01\/schade2.jpg\" class=\"attachment-large size-large wp-image-842\" alt=\"CaravanaReparaci\u00f3n Lommel\" srcset=\"https:\/\/oud.caravanrepair.eu\/wp-content\/uploads\/2019\/01\/schade2-200x150.jpg 200w, https:\/\/oud.caravanrepair.eu\/wp-content\/uploads\/2019\/01\/schade2-300x225.jpg 300w, https:\/\/oud.caravanrepair.eu\/wp-content\/uploads\/2019\/01\/schade2-400x300.jpg 400w, https:\/\/oud.caravanrepair.eu\/wp-content\/uploads\/2019\/01\/schade2-600x450.jpg 600w, https:\/\/oud.caravanrepair.eu\/wp-content\/uploads\/2019\/01\/schade2.jpg 640w\" sizes=\"(max-width: 640px) 100vw, 640px\" \/>\t\t\t\t\t\t\t\t\t\t\t\t\t\t\t<\/div>\n\t\t\t\t<\/div>\n\t\t\t\t\t<\/div>\n\t\t<\/div>\n\t\t\t\t\t<\/div>\n\t\t<\/section>\n\t\t\t\t<section class=\"elementor-section elementor-top-section elementor-element elementor-element-6a1b7710 elementor-section-content-middle elementor-section-boxed elementor-section-height-default elementor-section-height-default\" data-id=\"6a1b7710\" data-element_type=\"section\" data-e-type=\"section\" data-settings=\"{&quot;background_background&quot;:&quot;classic&quot;}\">\n\t\t\t\t\t\t\t<div class=\"elementor-background-overlay\"><\/div>\n\t\t\t\t\t\t\t<div class=\"elementor-container elementor-column-gap-no\">\n\t\t\t\t\t<div class=\"elementor-column elementor-col-100 elementor-top-column elementor-element elementor-element-15f1716d\" data-id=\"15f1716d\" data-element_type=\"column\" data-e-type=\"column\">\n\t\t\t<div class=\"elementor-widget-wrap elementor-element-populated\">\n\t\t\t\t\t\t<div class=\"elementor-element elementor-element-15996bd0 elementor-widget elementor-widget-heading\" data-id=\"15996bd0\" data-element_type=\"widget\" data-e-type=\"widget\" data-widget_type=\"heading.default\">\n\t\t\t\t<div class=\"elementor-widget-container\">\n\t\t\t\t\t<h2 class=\"elementor-heading-title elementor-size-default\">\u00bfReportar da\u00f1os en caravana o autocaravana?<\/h2>\t\t\t\t<\/div>\n\t\t\t\t<\/div>\n\t\t\t\t<div class=\"elementor-element elementor-element-187c242e elementor-widget elementor-widget-text-editor\" data-id=\"187c242e\" data-element_type=\"widget\" data-e-type=\"widget\" data-widget_type=\"text-editor.default\">\n\t\t\t\t<div class=\"elementor-widget-container\">\n\t\t\t\t\t\t\t\t\t<p style=\"text-align: center;\">Si su caravana o autocaravana ha sufrido da\u00f1os, rellene el formulario de da\u00f1os online y nos pondremos en contacto con usted.<\/p>\t\t\t\t\t\t\t\t<\/div>\n\t\t\t\t<\/div>\n\t\t\t\t<div class=\"elementor-element elementor-element-1ee7bfd1 elementor-align-center elementor-mobile-align-left elementor-widget elementor-widget-button\" data-id=\"1ee7bfd1\" data-element_type=\"widget\" data-e-type=\"widget\" data-widget_type=\"button.default\">\n\t\t\t\t<div class=\"elementor-widget-container\">\n\t\t\t\t\t\t\t\t\t<div class=\"elementor-button-wrapper\">\n\t\t\t\t\t<a class=\"elementor-button elementor-button-link elementor-size-sm elementor-animation-grow\" href=\"https:\/\/oud.caravanrepair.eu\/es\/formulario-de-danos\/\">\n\t\t\t\t\t\t<span class=\"elementor-button-content-wrapper\">\n\t\t\t\t\t\t\t\t\t<span class=\"elementor-button-text\">INFORMAR DA\u00d1OS<\/span>\n\t\t\t\t\t<\/span>\n\t\t\t\t\t<\/a>\n\t\t\t\t<\/div>\n\t\t\t\t\t\t\t\t<\/div>\n\t\t\t\t<\/div>\n\t\t\t\t\t<\/div>\n\t\t<\/div>\n\t\t\t\t\t<\/div>\n\t\t<\/section>\n\t\t\t\t<section class=\"elementor-section elementor-top-section elementor-element elementor-element-5547f36d elementor-section-full_width elementor-section-content-middle elementor-section-height-default elementor-section-height-default\" data-id=\"5547f36d\" data-element_type=\"section\" data-e-type=\"section\">\n\t\t\t\t\t\t<div class=\"elementor-container elementor-column-gap-no\">\n\t\t\t\t\t<div class=\"elementor-column elementor-col-50 elementor-top-column elementor-element elementor-element-1fb8945d\" data-id=\"1fb8945d\" data-element_type=\"column\" data-e-type=\"column\" data-settings=\"{&quot;background_background&quot;:&quot;classic&quot;}\">\n\t\t\t<div class=\"elementor-widget-wrap elementor-element-populated\">\n\t\t\t\t\t<div class=\"elementor-background-overlay\"><\/div>\n\t\t\t\t\t\t<div class=\"elementor-element elementor-element-3311e1ae elementor-widget elementor-widget-heading\" data-id=\"3311e1ae\" data-element_type=\"widget\" data-e-type=\"widget\" data-widget_type=\"heading.default\">\n\t\t\t\t<div class=\"elementor-widget-container\">\n\t\t\t\t\t<h3 class=\"elementor-heading-title elementor-size-default\">Grupo CaravanRepair\u00ae<\/h3>\t\t\t\t<\/div>\n\t\t\t\t<\/div>\n\t\t\t\t\t<\/div>\n\t\t<\/div>\n\t\t\t\t<div class=\"elementor-column elementor-col-50 elementor-top-column elementor-element elementor-element-2fbc543e\" data-id=\"2fbc543e\" data-element_type=\"column\" data-e-type=\"column\">\n\t\t\t<div class=\"elementor-widget-wrap elementor-element-populated\">\n\t\t\t\t\t\t<div class=\"elementor-element elementor-element-73740e79 elementor-widget elementor-widget-text-editor\" data-id=\"73740e79\" data-element_type=\"widget\" data-e-type=\"widget\" data-widget_type=\"text-editor.default\">\n\t\t\t\t<div class=\"elementor-widget-container\">\n\t\t\t\t\t\t\t\t\t<h3 class=\"fusion-responsive-typography-calculated\" data-fontsize=\"27\" data-lineheight=\"40.5px\">Vacantes: Ofrecemos a nuestros distribuidores, entre otras cosas:<img decoding=\"async\" class=\"alignright size-400 wp-image-1061 lazyload\" data-src=\"https:\/\/oud.caravanrepair.eu\/wp-content\/uploads\/2019\/01\/wandschade-400x300.jpg\" alt=\"Caravana con da\u00f1os en la pared\" width=\"400\" height=\"300\" data-srcset=\"https:\/\/oud.caravanrepair.eu\/wp-content\/uploads\/2019\/01\/wandschade-200x150.jpg 200w, https:\/\/oud.caravanrepair.eu\/wp-content\/uploads\/2019\/01\/wandschade-300x225.jpg 300w, https:\/\/oud.caravanrepair.eu\/wp-content\/uploads\/2019\/01\/wandschade-400x300.jpg 400w, https:\/\/oud.caravanrepair.eu\/wp-content\/uploads\/2019\/01\/wandschade.jpg 500w\" data-sizes=\"(max-width: 400px) 100vw, 400px\" src=\"data:image\/gif;base64,R0lGODlhAQABAAAAACH5BAEKAAEALAAAAAABAAEAAAICTAEAOw==\" style=\"--smush-placeholder-width: 400px; --smush-placeholder-aspect-ratio: 400\/300;\" \/><\/h3><ul><li>Un sistema de reparaci\u00f3n s\u00f3lido y profesional de alta tecnolog\u00eda.<\/li><li>Formaci\u00f3n completa y orientada a la pr\u00e1ctica.<\/li><li>Entrenamientos en grupos reducidos o entrenamientos 1 a 1.<\/li><li>Entrenadores profesionales y capacitados con muchos a\u00f1os de experiencia.<\/li><li>CaravanRepair\u00ae tiene su propio centro de formaci\u00f3n.<\/li><li>Usted es parte de una f\u00f3rmula exitosa de CaravanRepair\u00ae.<\/li><li>Modernas instalaciones de entrenamiento.<\/li><li>Formaci\u00f3n oficial y certificados.<\/li><li>en resumen algo para ti?<\/li><\/ul><h3 class=\"fusion-responsive-typography-calculated\" data-fontsize=\"27\" data-lineheight=\"40.5px\">\u00bfA qui\u00e9n buscamos para nuestras vacantes?<\/h3><p>Una empresa de caravanas o campers que sea capaz de implementar correctamente la f\u00f3rmula CaravanRepair\u00ae, tanto a nivel comercial como operativo. \u00bfEst\u00e1s interesado en nuestras vacantes abiertas?<\/p><h3>\u00a0haga clic aqu\u00ed \u00a0<a href=\"https:\/\/oud.caravanrepair.eu\/es\/contacto-2\/\">Formulario de contacto<\/a> Luego nos comunicaremos con usted lo antes posible.<\/h3><p><a href=\"https:\/\/oud.caravanrepair.eu\/es\/\" target=\"_blank\" rel=\"noopener\">Para volver a la p\u00e1gina de inicio haga clic aqu\u00ed.<\/a><\/p>\t\t\t\t\t\t\t\t<\/div>\n\t\t\t\t<\/div>\n\t\t\t\t\t<\/div>\n\t\t<\/div>\n\t\t\t\t\t<\/div>\n\t\t<\/section>\n\t\t\t\t<section class=\"elementor-section elementor-top-section elementor-element elementor-element-e2ab93d elementor-section-content-middle elementor-section-boxed elementor-section-height-default elementor-section-height-default\" data-id=\"e2ab93d\" data-element_type=\"section\" data-e-type=\"section\" data-settings=\"{&quot;background_background&quot;:&quot;classic&quot;}\">\n\t\t\t\t\t\t\t<div class=\"elementor-background-overlay\"><\/div>\n\t\t\t\t\t\t\t<div class=\"elementor-container elementor-column-gap-no\">\n\t\t\t\t\t<div class=\"elementor-column elementor-col-50 elementor-top-column elementor-element elementor-element-716bbb59\" data-id=\"716bbb59\" data-element_type=\"column\" data-e-type=\"column\">\n\t\t\t<div class=\"elementor-widget-wrap elementor-element-populated\">\n\t\t\t\t\t\t<div class=\"elementor-element elementor-element-702e757 elementor-widget elementor-widget-heading\" data-id=\"702e757\" data-element_type=\"widget\" data-e-type=\"widget\" data-widget_type=\"heading.default\">\n\t\t\t\t<div class=\"elementor-widget-container\">\n\t\t\t\t\t<h2 class=\"elementor-heading-title elementor-size-default\">\u00bfBusca un reparador CaravanRepair\u00ae cerca de usted?<\/h2>\t\t\t\t<\/div>\n\t\t\t\t<\/div>\n\t\t\t\t<div class=\"elementor-element elementor-element-1f57b5e1 elementor-widget elementor-widget-text-editor\" data-id=\"1f57b5e1\" data-element_type=\"widget\" data-e-type=\"widget\" data-widget_type=\"text-editor.default\">\n\t\t\t\t<div class=\"elementor-widget-container\">\n\t\t\t\t\t\t\t\t\t<p>\u00a1Nuestros reparadores de da\u00f1os est\u00e1n activos en toda Europa!<\/p>\t\t\t\t\t\t\t\t<\/div>\n\t\t\t\t<\/div>\n\t\t\t\t\t<\/div>\n\t\t<\/div>\n\t\t\t\t<div class=\"elementor-column elementor-col-50 elementor-top-column elementor-element elementor-element-570c3e00\" data-id=\"570c3e00\" data-element_type=\"column\" data-e-type=\"column\">\n\t\t\t<div class=\"elementor-widget-wrap elementor-element-populated\">\n\t\t\t\t\t\t<div class=\"elementor-element elementor-element-3575f27d elementor-align-center elementor-mobile-align-left elementor-widget elementor-widget-button\" data-id=\"3575f27d\" data-element_type=\"widget\" data-e-type=\"widget\" data-widget_type=\"button.default\">\n\t\t\t\t<div class=\"elementor-widget-container\">\n\t\t\t\t\t\t\t\t\t<div class=\"elementor-button-wrapper\">\n\t\t\t\t\t<a class=\"elementor-button elementor-button-link elementor-size-sm elementor-animation-grow\" href=\"https:\/\/oud.caravanrepair.eu\/es\/distribuidores\/\">\n\t\t\t\t\t\t<span class=\"elementor-button-content-wrapper\">\n\t\t\t\t\t\t\t\t\t<span class=\"elementor-button-text\">Buscar ahora<\/span>\n\t\t\t\t\t<\/span>\n\t\t\t\t\t<\/a>\n\t\t\t\t<\/div>\n\t\t\t\t\t\t\t\t<\/div>\n\t\t\t\t<\/div>\n\t\t\t\t\t<\/div>\n\t\t<\/div>\n\t\t\t\t\t<\/div>\n\t\t<\/section>\n\t\t\t\t<\/div>","protected":false},"excerpt":{"rendered":"<p>Vacantes CaravanRepair Ofrece cursos de formaci\u00f3n profesional a medida para la reparaci\u00f3n de da\u00f1os en las paredes de las caravanas Vacantes del Grupo CaravanRepair\u00ae \u00bfAlguna vez lo ha pensado?<\/p>","protected":false},"author":3,"featured_media":0,"parent":0,"menu_order":0,"comment_status":"closed","ping_status":"closed","template":"elementor_header_footer","meta":{"footnotes":""},"class_list":["post-17513","page","type-page","status-publish","hentry","pagina_tag-caravanrepair-dealers"],"yoast_head":"<!-- This site is optimized with the Yoast SEO Premium plugin v27.5 (Yoast SEO v28.3) - https:\/\/yoast.com\/product\/yoast-seo-premium-wordpress\/ -->\n<title>Vacatures: CaravanRepair\u00ae Dealer worden in uw regio<\/title>\n<meta name=\"description\" content=\"Vacatures: Word een Caravanrepair\u00ae dealer\/specialist en voer onzichtbare caravanwand reparaties uit met ons innovatieve wandreparatiesysteem.\" \/>\n<meta name=\"robots\" content=\"noindex, follow, max-snippet:-1, max-image-preview:large, max-video-preview:-1\" \/>\n<meta property=\"og:locale\" content=\"es_ES\" \/>\n<meta property=\"og:type\" content=\"article\" \/>\n<meta property=\"og:title\" content=\"Vacatures\" \/>\n<meta property=\"og:description\" content=\"Vacatures: Word een Caravanrepair\u00ae dealer\/specialist en voer onzichtbare caravanwand reparaties uit met ons innovatieve wandreparatiesysteem.\" \/>\n<meta property=\"og:url\" content=\"https:\/\/oud.caravanrepair.eu\/es\/vacantes\/\" \/>\n<meta property=\"og:site_name\" content=\"CaravanRepair\u00ae\" \/>\n<meta property=\"article:modified_time\" content=\"2024-11-21T12:58:39+00:00\" \/>\n<meta property=\"og:image\" content=\"https:\/\/oud.caravanrepair.eu\/wp-content\/uploads\/2019\/01\/schade2.jpg\" \/>\n\t<meta property=\"og:image:width\" content=\"640\" \/>\n\t<meta property=\"og:image:height\" content=\"480\" \/>\n\t<meta property=\"og:image:type\" content=\"image\/jpeg\" \/>\n<meta name=\"twitter:card\" content=\"summary_large_image\" \/>\n<meta name=\"twitter:label1\" content=\"Tiempo de lectura\" \/>\n\t<meta name=\"twitter:data1\" content=\"3 minutos\" \/>\n<script type=\"application\/ld+json\" class=\"yoast-schema-graph\">{\"@context\":\"https:\\\/\\\/schema.org\",\"@graph\":[{\"@type\":\"WebPage\",\"@id\":\"https:\\\/\\\/oud.caravanrepair.eu\\\/vacatures\\\/\",\"url\":\"https:\\\/\\\/oud.caravanrepair.eu\\\/vacatures\\\/\",\"name\":\"Vacatures: CaravanRepair\u00ae Dealer worden in uw regio\",\"isPartOf\":{\"@id\":\"https:\\\/\\\/oud.caravanrepair.eu\\\/#website\"},\"primaryImageOfPage\":{\"@id\":\"https:\\\/\\\/oud.caravanrepair.eu\\\/vacatures\\\/#primaryimage\"},\"image\":{\"@id\":\"https:\\\/\\\/oud.caravanrepair.eu\\\/vacatures\\\/#primaryimage\"},\"thumbnailUrl\":\"https:\\\/\\\/oud.caravanrepair.eu\\\/wp-content\\\/uploads\\\/2019\\\/01\\\/schade2.jpg\",\"datePublished\":\"2024-11-21T12:24:21+00:00\",\"dateModified\":\"2024-11-21T12:58:39+00:00\",\"description\":\"Vacatures: Word een Caravanrepair\u00ae dealer\\\/specialist en voer onzichtbare caravanwand reparaties uit met ons innovatieve wandreparatiesysteem.\",\"breadcrumb\":{\"@id\":\"https:\\\/\\\/oud.caravanrepair.eu\\\/vacatures\\\/#breadcrumb\"},\"inLanguage\":\"es\",\"potentialAction\":[{\"@type\":\"ReadAction\",\"target\":[\"https:\\\/\\\/oud.caravanrepair.eu\\\/vacatures\\\/\"]}]},{\"@type\":\"ImageObject\",\"inLanguage\":\"es\",\"@id\":\"https:\\\/\\\/oud.caravanrepair.eu\\\/vacatures\\\/#primaryimage\",\"url\":\"https:\\\/\\\/oud.caravanrepair.eu\\\/wp-content\\\/uploads\\\/2019\\\/01\\\/schade2.jpg\",\"contentUrl\":\"https:\\\/\\\/oud.caravanrepair.eu\\\/wp-content\\\/uploads\\\/2019\\\/01\\\/schade2.jpg\"},{\"@type\":\"BreadcrumbList\",\"@id\":\"https:\\\/\\\/oud.caravanrepair.eu\\\/vacatures\\\/#breadcrumb\",\"itemListElement\":[{\"@type\":\"ListItem\",\"position\":1,\"name\":\"Home\",\"item\":\"https:\\\/\\\/oud.caravanrepair.eu\\\/\"},{\"@type\":\"ListItem\",\"position\":2,\"name\":\"Vacatures\"}]},{\"@type\":\"WebSite\",\"@id\":\"https:\\\/\\\/oud.caravanrepair.eu\\\/#website\",\"url\":\"https:\\\/\\\/oud.caravanrepair.eu\\\/\",\"name\":\"CaravanRepair\u00ae\",\"description\":\"Professioneel schadeherstel voor caravan en camper\",\"publisher\":{\"@id\":\"https:\\\/\\\/oud.caravanrepair.eu\\\/#organization\"},\"potentialAction\":[{\"@type\":\"SearchAction\",\"target\":{\"@type\":\"EntryPoint\",\"urlTemplate\":\"https:\\\/\\\/oud.caravanrepair.eu\\\/?s={search_term_string}\"},\"query-input\":{\"@type\":\"PropertyValueSpecification\",\"valueRequired\":true,\"valueName\":\"search_term_string\"}}],\"inLanguage\":\"es\"},{\"@type\":\"Organization\",\"@id\":\"https:\\\/\\\/oud.caravanrepair.eu\\\/#organization\",\"name\":\"CaravanRepair\u00ae\",\"url\":\"https:\\\/\\\/oud.caravanrepair.eu\\\/\",\"logo\":{\"@type\":\"ImageObject\",\"inLanguage\":\"es\",\"@id\":\"https:\\\/\\\/oud.caravanrepair.eu\\\/#\\\/schema\\\/logo\\\/image\\\/\",\"url\":\"https:\\\/\\\/oud.caravanrepair.eu\\\/wp-content\\\/uploads\\\/2019\\\/01\\\/logo-caravanrepair.png\",\"contentUrl\":\"https:\\\/\\\/oud.caravanrepair.eu\\\/wp-content\\\/uploads\\\/2019\\\/01\\\/logo-caravanrepair.png\",\"width\":353,\"height\":150,\"caption\":\"CaravanRepair\u00ae\"},\"image\":{\"@id\":\"https:\\\/\\\/oud.caravanrepair.eu\\\/#\\\/schema\\\/logo\\\/image\\\/\"}}]}<\/script>\n<!-- \/ Yoast SEO Premium plugin. -->","yoast_head_json":{"title":"Vacantes: Convi\u00e9rtase en distribuidor CaravanRepair\u00ae en su regi\u00f3n","description":"Vacantes: Convi\u00e9rtase en distribuidor\/especialista de Caravanrepair\u00ae y realice reparaciones invisibles en las paredes de las caravanas con nuestro innovador sistema de reparaci\u00f3n de paredes.","robots":{"index":"noindex","follow":"follow","max-snippet":"max-snippet:-1","max-image-preview":"max-image-preview:large","max-video-preview":"max-video-preview:-1"},"og_locale":"es_ES","og_type":"article","og_title":"Vacatures","og_description":"Vacatures: Word een Caravanrepair\u00ae dealer\/specialist en voer onzichtbare caravanwand reparaties uit met ons innovatieve wandreparatiesysteem.","og_url":"https:\/\/oud.caravanrepair.eu\/es\/vacantes\/","og_site_name":"CaravanRepair\u00ae","article_modified_time":"2024-11-21T12:58:39+00:00","og_image":[{"width":640,"height":480,"url":"https:\/\/oud.caravanrepair.eu\/wp-content\/uploads\/2019\/01\/schade2.jpg","type":"image\/jpeg"}],"twitter_card":"summary_large_image","twitter_misc":{"Tiempo de lectura":"3 minutos"},"schema":{"@context":"https:\/\/schema.org","@graph":[{"@type":"WebPage","@id":"https:\/\/oud.caravanrepair.eu\/vacatures\/","url":"https:\/\/oud.caravanrepair.eu\/vacatures\/","name":"Vacantes: Convi\u00e9rtase en distribuidor CaravanRepair\u00ae en su regi\u00f3n","isPartOf":{"@id":"https:\/\/oud.caravanrepair.eu\/#website"},"primaryImageOfPage":{"@id":"https:\/\/oud.caravanrepair.eu\/vacatures\/#primaryimage"},"image":{"@id":"https:\/\/oud.caravanrepair.eu\/vacatures\/#primaryimage"},"thumbnailUrl":"https:\/\/oud.caravanrepair.eu\/wp-content\/uploads\/2019\/01\/schade2.jpg","datePublished":"2024-11-21T12:24:21+00:00","dateModified":"2024-11-21T12:58:39+00:00","description":"Vacantes: Convi\u00e9rtase en distribuidor\/especialista de Caravanrepair\u00ae y realice reparaciones invisibles en las paredes de las caravanas con nuestro innovador sistema de reparaci\u00f3n de paredes.","breadcrumb":{"@id":"https:\/\/oud.caravanrepair.eu\/vacatures\/#breadcrumb"},"inLanguage":"es","potentialAction":[{"@type":"ReadAction","target":["https:\/\/oud.caravanrepair.eu\/vacatures\/"]}]},{"@type":"ImageObject","inLanguage":"es","@id":"https:\/\/oud.caravanrepair.eu\/vacatures\/#primaryimage","url":"https:\/\/oud.caravanrepair.eu\/wp-content\/uploads\/2019\/01\/schade2.jpg","contentUrl":"https:\/\/oud.caravanrepair.eu\/wp-content\/uploads\/2019\/01\/schade2.jpg"},{"@type":"BreadcrumbList","@id":"https:\/\/oud.caravanrepair.eu\/vacatures\/#breadcrumb","itemListElement":[{"@type":"ListItem","position":1,"name":"Home","item":"https:\/\/oud.caravanrepair.eu\/"},{"@type":"ListItem","position":2,"name":"Vacatures"}]},{"@type":"WebSite","@id":"https:\/\/oud.caravanrepair.eu\/#website","url":"https:\/\/oud.caravanrepair.eu\/","name":"CaravanRepair\u00ae","description":"Reparaci\u00f3n profesional de da\u00f1os para caravanas y autocaravanas","publisher":{"@id":"https:\/\/oud.caravanrepair.eu\/#organization"},"potentialAction":[{"@type":"SearchAction","target":{"@type":"EntryPoint","urlTemplate":"https:\/\/oud.caravanrepair.eu\/?s={search_term_string}"},"query-input":{"@type":"PropertyValueSpecification","valueRequired":true,"valueName":"search_term_string"}}],"inLanguage":"es"},{"@type":"Organization","@id":"https:\/\/oud.caravanrepair.eu\/#organization","name":"CaravanRepair\u00ae","url":"https:\/\/oud.caravanrepair.eu\/","logo":{"@type":"ImageObject","inLanguage":"es","@id":"https:\/\/oud.caravanrepair.eu\/#\/schema\/logo\/image\/","url":"https:\/\/oud.caravanrepair.eu\/wp-content\/uploads\/2019\/01\/logo-caravanrepair.png","contentUrl":"https:\/\/oud.caravanrepair.eu\/wp-content\/uploads\/2019\/01\/logo-caravanrepair.png","width":353,"height":150,"caption":"CaravanRepair\u00ae"},"image":{"@id":"https:\/\/oud.caravanrepair.eu\/#\/schema\/logo\/image\/"}}]}},"_links":{"self":[{"href":"https:\/\/oud.caravanrepair.eu\/es\/wp-json\/wp\/v2\/pages\/17513","targetHints":{"allow":["GET"]}}],"collection":[{"href":"https:\/\/oud.caravanrepair.eu\/es\/wp-json\/wp\/v2\/pages"}],"about":[{"href":"https:\/\/oud.caravanrepair.eu\/es\/wp-json\/wp\/v2\/types\/page"}],"author":[{"embeddable":true,"href":"https:\/\/oud.caravanrepair.eu\/es\/wp-json\/wp\/v2\/users\/3"}],"replies":[{"embeddable":true,"href":"https:\/\/oud.caravanrepair.eu\/es\/wp-json\/wp\/v2\/comments?post=17513"}],"version-history":[{"count":0,"href":"https:\/\/oud.caravanrepair.eu\/es\/wp-json\/wp\/v2\/pages\/17513\/revisions"}],"wp:attachment":[{"href":"https:\/\/oud.caravanrepair.eu\/es\/wp-json\/wp\/v2\/media?parent=17513"}],"curies":[{"name":"wp","href":"https:\/\/api.w.org\/{rel}","templated":true}]}}