{"id":17670,"date":"2024-12-03T10:02:18","date_gmt":"2024-12-03T09:02:18","guid":{"rendered":"https:\/\/oud.caravanrepair.eu\/?page_id=17670"},"modified":"2025-08-28T16:59:01","modified_gmt":"2025-08-28T14:59:01","slug":"caravana-danada-por-granizo","status":"publish","type":"page","link":"https:\/\/oud.caravanrepair.eu\/es\/hagelschade-caravans\/","title":{"rendered":"Caravanas da\u00f1adas por granizo"},"content":{"rendered":"<div data-elementor-type=\"wp-page\" data-elementor-id=\"17670\" class=\"elementor elementor-17670\" data-elementor-post-type=\"page\">\n\t\t\t\t\t\t<section class=\"elementor-section elementor-top-section elementor-element elementor-element-7e7276f3 elementor-section-height-min-height elementor-section-content-middle elementor-section-full_width elementor-section-height-default elementor-section-items-middle\" data-id=\"7e7276f3\" data-element_type=\"section\" data-e-type=\"section\" data-settings=\"{&quot;background_background&quot;:&quot;classic&quot;}\">\n\t\t\t\t\t\t\t<div class=\"elementor-background-overlay\"><\/div>\n\t\t\t\t\t\t\t<div class=\"elementor-container elementor-column-gap-default\">\n\t\t\t\t\t<div class=\"elementor-column elementor-col-100 elementor-top-column elementor-element elementor-element-4ff4f816\" data-id=\"4ff4f816\" data-element_type=\"column\" data-e-type=\"column\">\n\t\t\t<div class=\"elementor-widget-wrap elementor-element-populated\">\n\t\t\t\t\t\t<div class=\"elementor-element elementor-element-33baace2 elementor-widget elementor-widget-heading\" data-id=\"33baace2\" data-element_type=\"widget\" data-e-type=\"widget\" data-widget_type=\"heading.default\">\n\t\t\t\t<div class=\"elementor-widget-container\">\n\t\t\t\t\t<h1 class=\"elementor-heading-title elementor-size-default\">\u00bfDa\u00f1os por granizo en las caravanas?<\/h1>\t\t\t\t<\/div>\n\t\t\t\t<\/div>\n\t\t\t\t<div class=\"elementor-element elementor-element-3d6a45f elementor-widget elementor-widget-heading\" data-id=\"3d6a45f\" data-element_type=\"widget\" data-e-type=\"widget\" data-widget_type=\"heading.default\">\n\t\t\t\t<div class=\"elementor-widget-container\">\n\t\t\t\t\t<p class=\"elementor-heading-title elementor-size-default\"> <\/p>\t\t\t\t<\/div>\n\t\t\t\t<\/div>\n\t\t\t\t\t<\/div>\n\t\t<\/div>\n\t\t\t\t\t<\/div>\n\t\t<\/section>\n\t\t\t\t<section class=\"elementor-section elementor-top-section elementor-element elementor-element-50c629a7 elementor-section-content-middle elementor-section-boxed elementor-section-height-default elementor-section-height-default\" data-id=\"50c629a7\" data-element_type=\"section\" data-e-type=\"section\">\n\t\t\t\t\t\t<div class=\"elementor-container elementor-column-gap-no\">\n\t\t\t\t\t<div class=\"elementor-column elementor-col-100 elementor-top-column elementor-element elementor-element-227a890c\" data-id=\"227a890c\" data-element_type=\"column\" data-e-type=\"column\">\n\t\t\t<div class=\"elementor-widget-wrap elementor-element-populated\">\n\t\t\t\t\t\t<div class=\"elementor-element elementor-element-1da2df61 elementor-widget elementor-widget-heading\" data-id=\"1da2df61\" data-element_type=\"widget\" data-e-type=\"widget\" data-widget_type=\"heading.default\">\n\t\t\t\t<div class=\"elementor-widget-container\">\n\t\t\t\t\t<h2 class=\"elementor-heading-title elementor-size-default\">Los da\u00f1os por granizo en tu Caravana la reparan en CaravanRepair<\/h2>\t\t\t\t<\/div>\n\t\t\t\t<\/div>\n\t\t\t\t\t<\/div>\n\t\t<\/div>\n\t\t\t\t\t<\/div>\n\t\t<\/section>\n\t\t\t\t<section class=\"elementor-section elementor-top-section elementor-element elementor-element-5c02bfb elementor-section-content-middle elementor-reverse-mobile elementor-section-boxed elementor-section-height-default elementor-section-height-default\" data-id=\"5c02bfb\" data-element_type=\"section\" data-e-type=\"section\">\n\t\t\t\t\t\t<div class=\"elementor-container elementor-column-gap-no\">\n\t\t\t\t\t<div class=\"elementor-column elementor-col-50 elementor-top-column elementor-element elementor-element-3cb47869\" data-id=\"3cb47869\" data-element_type=\"column\" data-e-type=\"column\">\n\t\t\t<div class=\"elementor-widget-wrap elementor-element-populated\">\n\t\t\t\t\t\t<div class=\"elementor-element elementor-element-4a4105ba elementor-widget elementor-widget-heading\" data-id=\"4a4105ba\" data-element_type=\"widget\" data-e-type=\"widget\" data-widget_type=\"heading.default\">\n\t\t\t\t<div class=\"elementor-widget-container\">\n\t\t\t\t\t<h3 class=\"elementor-heading-title elementor-size-default\">\u00bfDa\u00f1os en su caravana? Consiga una reparaci\u00f3n profesional en CaravanRepair<\/h3>\t\t\t\t<\/div>\n\t\t\t\t<\/div>\n\t\t\t\t<div class=\"elementor-element elementor-element-4d3c90cc elementor-widget elementor-widget-text-editor\" data-id=\"4d3c90cc\" data-element_type=\"widget\" data-e-type=\"widget\" data-widget_type=\"text-editor.default\">\n\t\t\t\t<div class=\"elementor-widget-container\">\n\t\t\t\t\t\t\t\t\t<h3>En CaravanRepair, usted ha venido al lugar correcto para reparaciones expertas.<\/h3><p>\u00bfDa\u00f1os por granizo en su caravana? Cada vez con m\u00e1s frecuencia nos enfrentamos a fuertes tormentas y condiciones meteorol\u00f3gicas extremas, en las que el granizo ya no es una excepci\u00f3n. Usted est\u00e1 disfrutando del sol delante de su caravana y, de repente, caen piedras de granizo del cielo. Antes de que se d\u00e9 cuenta, hay peque\u00f1as pero molestas abolladuras en el techo o en la pared lateral de su caravana.<\/p><p>Repare los da\u00f1os causados por el granizo en su caravana de forma r\u00e1pida y profesional con los especialistas de <strong>CaravanRepair. <\/strong>Utilizamos un m\u00e9todo de reparaci\u00f3n innovador en el que la pared de su caravana <strong>no sustituido totalmente<\/strong> y eso ahorra considerablemente costes y el riesgo de fugas posteriores.<\/p><h3>\u00bfPor qu\u00e9 elegir caravanRepair para los da\u00f1os causados por el granizo?<\/h3><p>En CaravanRepair reparamos los da\u00f1os por granizo en su caravana <strong>sin<\/strong> intervenciones mayores innecesarias. En muchos casos, podemos reparar abolladuras y ara\u00f1azos sin sustituir toda la pared. Esto tiene varias ventajas:<\/p><ul><li><strong>Bajo coste<\/strong> porque no es necesario instalar un nuevo muro.<\/li><li><strong>Sin riesgo de fugas<\/strong> debido a un sellado incorrecto o incompleto.<\/li><li><strong>Recuperaci\u00f3n invisible<\/strong>: no se ver\u00e1 nada del da\u00f1o despu\u00e9s de la reparaci\u00f3n.<\/li><li><strong>Y Garant\u00eda<\/strong> sobre el trabajo realizado.<\/li><\/ul><p>Nuestros experimentados mec\u00e1nicos est\u00e1n, certificados y trabajan con las \u00faltimas t\u00e9cnicas. As\u00ed que usted puede estar seguro de que su caravana est\u00e1 en buenas manos.<\/p><p style=\"font-weight: 400;\"><a href=\"https:\/\/oud.caravanrepair.eu\/es\/reparacion-de-caravanas-4\/\" target=\"_blank\" rel=\"noopener\">\ud83d\udd17\u00a0<em>Consulte tambi\u00e9n nuestra p\u00e1gina principal de reparaci\u00f3n de caravanas para obtener m\u00e1s informaci\u00f3n sobre casos de da\u00f1os espec\u00edficos.<\/em><\/a><\/p>\t\t\t\t\t\t\t\t<\/div>\n\t\t\t\t<\/div>\n\t\t\t\t\t<\/div>\n\t\t<\/div>\n\t\t\t\t<div class=\"elementor-column elementor-col-50 elementor-top-column elementor-element elementor-element-4ed0f85\" data-id=\"4ed0f85\" data-element_type=\"column\" data-e-type=\"column\">\n\t\t\t<div class=\"elementor-widget-wrap elementor-element-populated\">\n\t\t\t\t\t\t<div class=\"elementor-element elementor-element-40d10436 elementor-widget elementor-widget-image\" data-id=\"40d10436\" data-element_type=\"widget\" data-e-type=\"widget\" data-widget_type=\"image.default\">\n\t\t\t\t<div class=\"elementor-widget-container\">\n\t\t\t\t\t\t\t\t\t\t\t\t\t\t\t<img fetchpriority=\"high\" decoding=\"async\" width=\"768\" height=\"1024\" src=\"https:\/\/oud.caravanrepair.eu\/wp-content\/uploads\/2023\/10\/13949a34-2fc3-4a1d-ac54-2455b31a5f19-768x1024.png\" class=\"attachment-large size-large wp-image-8624\" alt=\"Caravanas da\u00f1adas por granizo\" srcset=\"https:\/\/oud.caravanrepair.eu\/wp-content\/uploads\/2023\/10\/13949a34-2fc3-4a1d-ac54-2455b31a5f19-9x12.png 9w, https:\/\/oud.caravanrepair.eu\/wp-content\/uploads\/2023\/10\/13949a34-2fc3-4a1d-ac54-2455b31a5f19-200x267.png 200w, https:\/\/oud.caravanrepair.eu\/wp-content\/uploads\/2023\/10\/13949a34-2fc3-4a1d-ac54-2455b31a5f19-225x300.png 225w, https:\/\/oud.caravanrepair.eu\/wp-content\/uploads\/2023\/10\/13949a34-2fc3-4a1d-ac54-2455b31a5f19-400x533.png 400w, https:\/\/oud.caravanrepair.eu\/wp-content\/uploads\/2023\/10\/13949a34-2fc3-4a1d-ac54-2455b31a5f19-600x800.png 600w, https:\/\/oud.caravanrepair.eu\/wp-content\/uploads\/2023\/10\/13949a34-2fc3-4a1d-ac54-2455b31a5f19-768x1024.png 768w, https:\/\/oud.caravanrepair.eu\/wp-content\/uploads\/2023\/10\/13949a34-2fc3-4a1d-ac54-2455b31a5f19-800x1067.png 800w, https:\/\/oud.caravanrepair.eu\/wp-content\/uploads\/2023\/10\/13949a34-2fc3-4a1d-ac54-2455b31a5f19-1152x1536.png 1152w, https:\/\/oud.caravanrepair.eu\/wp-content\/uploads\/2023\/10\/13949a34-2fc3-4a1d-ac54-2455b31a5f19-1200x1600.png 1200w, https:\/\/oud.caravanrepair.eu\/wp-content\/uploads\/2023\/10\/13949a34-2fc3-4a1d-ac54-2455b31a5f19.png 1500w\" sizes=\"(max-width: 768px) 100vw, 768px\" \/>\t\t\t\t\t\t\t\t\t\t\t\t\t\t\t<\/div>\n\t\t\t\t<\/div>\n\t\t\t\t\t<\/div>\n\t\t<\/div>\n\t\t\t\t\t<\/div>\n\t\t<\/section>\n\t\t\t\t<section class=\"elementor-section elementor-top-section elementor-element elementor-element-16edd44a elementor-section-content-middle elementor-section-boxed elementor-section-height-default elementor-section-height-default\" data-id=\"16edd44a\" data-element_type=\"section\" data-e-type=\"section\" data-settings=\"{&quot;background_background&quot;:&quot;classic&quot;}\">\n\t\t\t\t\t\t\t<div class=\"elementor-background-overlay\"><\/div>\n\t\t\t\t\t\t\t<div class=\"elementor-container elementor-column-gap-no\">\n\t\t\t\t\t<div class=\"elementor-column elementor-col-100 elementor-top-column elementor-element elementor-element-6524f39b\" data-id=\"6524f39b\" data-element_type=\"column\" data-e-type=\"column\">\n\t\t\t<div class=\"elementor-widget-wrap elementor-element-populated\">\n\t\t\t\t\t\t<div class=\"elementor-element elementor-element-34de4a66 elementor-widget elementor-widget-heading\" data-id=\"34de4a66\" data-element_type=\"widget\" data-e-type=\"widget\" data-widget_type=\"heading.default\">\n\t\t\t\t<div class=\"elementor-widget-container\">\n\t\t\t\t\t<h2 class=\"elementor-heading-title elementor-size-default\">\u00bfReportar da\u00f1os en caravana o autocaravana?<\/h2>\t\t\t\t<\/div>\n\t\t\t\t<\/div>\n\t\t\t\t<div class=\"elementor-element elementor-element-23ef5924 elementor-widget elementor-widget-text-editor\" data-id=\"23ef5924\" data-element_type=\"widget\" data-e-type=\"widget\" data-widget_type=\"text-editor.default\">\n\t\t\t\t<div class=\"elementor-widget-container\">\n\t\t\t\t\t\t\t\t\t<p style=\"text-align: center;\">Si su caravana o autocaravana ha sufrido da\u00f1os, rellene el formulario de da\u00f1os online y nos pondremos en contacto con usted.<\/p>\t\t\t\t\t\t\t\t<\/div>\n\t\t\t\t<\/div>\n\t\t\t\t<div class=\"elementor-element elementor-element-69057e75 elementor-align-center elementor-mobile-align-left elementor-widget elementor-widget-button\" data-id=\"69057e75\" data-element_type=\"widget\" data-e-type=\"widget\" data-widget_type=\"button.default\">\n\t\t\t\t<div class=\"elementor-widget-container\">\n\t\t\t\t\t\t\t\t\t<div class=\"elementor-button-wrapper\">\n\t\t\t\t\t<a class=\"elementor-button elementor-button-link elementor-size-sm elementor-animation-grow\" href=\"https:\/\/oud.caravanrepair.eu\/es\/formulario-de-danos\/\">\n\t\t\t\t\t\t<span class=\"elementor-button-content-wrapper\">\n\t\t\t\t\t\t\t\t\t<span class=\"elementor-button-text\">INFORMAR DA\u00d1OS<\/span>\n\t\t\t\t\t<\/span>\n\t\t\t\t\t<\/a>\n\t\t\t\t<\/div>\n\t\t\t\t\t\t\t\t<\/div>\n\t\t\t\t<\/div>\n\t\t\t\t\t<\/div>\n\t\t<\/div>\n\t\t\t\t\t<\/div>\n\t\t<\/section>\n\t\t\t\t<section class=\"elementor-section elementor-top-section elementor-element elementor-element-44657fa2 elementor-section-full_width elementor-section-content-middle elementor-section-height-default elementor-section-height-default\" data-id=\"44657fa2\" data-element_type=\"section\" data-e-type=\"section\">\n\t\t\t\t\t\t<div class=\"elementor-container elementor-column-gap-no\">\n\t\t\t\t\t<div class=\"elementor-column elementor-col-50 elementor-top-column elementor-element elementor-element-6229bcd1\" data-id=\"6229bcd1\" data-element_type=\"column\" data-e-type=\"column\" data-settings=\"{&quot;background_background&quot;:&quot;classic&quot;}\">\n\t\t\t<div class=\"elementor-widget-wrap elementor-element-populated\">\n\t\t\t\t\t<div class=\"elementor-background-overlay\"><\/div>\n\t\t\t\t\t\t<div class=\"elementor-element elementor-element-246647ab elementor-widget elementor-widget-heading\" data-id=\"246647ab\" data-element_type=\"widget\" data-e-type=\"widget\" data-widget_type=\"heading.default\">\n\t\t\t\t<div class=\"elementor-widget-container\">\n\t\t\t\t\t<h3 class=\"elementor-heading-title elementor-size-default\">\u00bfDa\u00f1os por granizo en su caravana?<\/h3>\t\t\t\t<\/div>\n\t\t\t\t<\/div>\n\t\t\t\t\t<\/div>\n\t\t<\/div>\n\t\t\t\t<div class=\"elementor-column elementor-col-50 elementor-top-column elementor-element elementor-element-3f82f180\" data-id=\"3f82f180\" data-element_type=\"column\" data-e-type=\"column\">\n\t\t\t<div class=\"elementor-widget-wrap elementor-element-populated\">\n\t\t\t\t\t\t<div class=\"elementor-element elementor-element-1c97c86f elementor-widget elementor-widget-text-editor\" data-id=\"1c97c86f\" data-element_type=\"widget\" data-e-type=\"widget\" data-widget_type=\"text-editor.default\">\n\t\t\t\t<div class=\"elementor-widget-container\">\n\t\t\t\t\t\t\t\t\t<h3>\u00bfDa\u00f1os por granizo? Notif\u00edquelo inmediatamente.\u00a0<\/h3><p>Tanto si se trata de da\u00f1os por granizo en su caravana como de otras formas de da\u00f1os en caravanas o autocaravanas: estamos aqu\u00ed para usted. Solo tiene que rellenar nuestro formulario de siniestro online y nos pondremos en contacto con usted lo antes posible. <a href=\"https:\/\/oud.caravanrepair.eu\/es\/formulario-de-danos\/\" target=\"_blank\" rel=\"noopener\">\u00a1Haga clic aqu\u00ed!<\/a><\/p><ul><li>Ayuda r\u00e1pida<\/li><li>Recuperaci\u00f3n profesional<\/li><li>Red nacional de concesionarios<\/li><\/ul><p><strong>\u00bfDa\u00f1os por granizo en su caravana? CaravanRepair - El especialista en da\u00f1os por granizo.<\/strong><\/p>\t\t\t\t\t\t\t\t<\/div>\n\t\t\t\t<\/div>\n\t\t\t\t\t<\/div>\n\t\t<\/div>\n\t\t\t\t\t<\/div>\n\t\t<\/section>\n\t\t\t\t<section class=\"elementor-section elementor-top-section elementor-element elementor-element-4d4317f8 elementor-section-content-middle elementor-section-boxed elementor-section-height-default elementor-section-height-default\" data-id=\"4d4317f8\" data-element_type=\"section\" data-e-type=\"section\" data-settings=\"{&quot;background_background&quot;:&quot;classic&quot;}\">\n\t\t\t\t\t\t\t<div class=\"elementor-background-overlay\"><\/div>\n\t\t\t\t\t\t\t<div class=\"elementor-container elementor-column-gap-no\">\n\t\t\t\t\t<div class=\"elementor-column elementor-col-50 elementor-top-column elementor-element elementor-element-7dff176d\" data-id=\"7dff176d\" data-element_type=\"column\" data-e-type=\"column\">\n\t\t\t<div class=\"elementor-widget-wrap elementor-element-populated\">\n\t\t\t\t\t\t<div class=\"elementor-element elementor-element-47fcb941 elementor-widget elementor-widget-heading\" data-id=\"47fcb941\" data-element_type=\"widget\" data-e-type=\"widget\" data-widget_type=\"heading.default\">\n\t\t\t\t<div class=\"elementor-widget-container\">\n\t\t\t\t\t<h2 class=\"elementor-heading-title elementor-size-default\">\u00bfBusca un reparador CaravanRepair\u00ae cerca de usted?<\/h2>\t\t\t\t<\/div>\n\t\t\t\t<\/div>\n\t\t\t\t<div class=\"elementor-element elementor-element-d0b68c elementor-widget elementor-widget-text-editor\" data-id=\"d0b68c\" data-element_type=\"widget\" data-e-type=\"widget\" data-widget_type=\"text-editor.default\">\n\t\t\t\t<div class=\"elementor-widget-container\">\n\t\t\t\t\t\t\t\t\t<p>\u00a1Nuestros reparadores de da\u00f1os est\u00e1n activos en toda Europa!<\/p>\t\t\t\t\t\t\t\t<\/div>\n\t\t\t\t<\/div>\n\t\t\t\t\t<\/div>\n\t\t<\/div>\n\t\t\t\t<div class=\"elementor-column elementor-col-50 elementor-top-column elementor-element elementor-element-51d9bacb\" data-id=\"51d9bacb\" data-element_type=\"column\" data-e-type=\"column\">\n\t\t\t<div class=\"elementor-widget-wrap elementor-element-populated\">\n\t\t\t\t\t\t<div class=\"elementor-element elementor-element-36a80da9 elementor-align-center elementor-mobile-align-left elementor-widget elementor-widget-button\" data-id=\"36a80da9\" data-element_type=\"widget\" data-e-type=\"widget\" data-widget_type=\"button.default\">\n\t\t\t\t<div class=\"elementor-widget-container\">\n\t\t\t\t\t\t\t\t\t<div class=\"elementor-button-wrapper\">\n\t\t\t\t\t<a class=\"elementor-button elementor-button-link elementor-size-sm elementor-animation-grow\" href=\"https:\/\/oud.caravanrepair.eu\/es\/distribuidores\/\">\n\t\t\t\t\t\t<span class=\"elementor-button-content-wrapper\">\n\t\t\t\t\t\t\t\t\t<span class=\"elementor-button-text\">Buscar ahora<\/span>\n\t\t\t\t\t<\/span>\n\t\t\t\t\t<\/a>\n\t\t\t\t<\/div>\n\t\t\t\t\t\t\t\t<\/div>\n\t\t\t\t<\/div>\n\t\t\t\t\t<\/div>\n\t\t<\/div>\n\t\t\t\t\t<\/div>\n\t\t<\/section>\n\t\t\t\t<\/div>","protected":false},"excerpt":{"rendered":"<p>\u00bfDa\u00f1os por granizo en su caravana? Da\u00f1os por granizo en su caravana y reparaci\u00f3n en CaravanRepair \u00bfDa\u00f1os en su caravana y reparaci\u00f3n profesional?<\/p>","protected":false},"author":3,"featured_media":16564,"parent":0,"menu_order":0,"comment_status":"closed","ping_status":"closed","template":"elementor_header_footer","meta":{"footnotes":""},"class_list":["post-17670","page","type-page","status-publish","has-post-thumbnail","hentry","pagina_tag-caravan"],"yoast_head":"<!-- This site is optimized with the Yoast SEO Premium plugin v27.5 (Yoast SEO v28.3) - https:\/\/yoast.com\/product\/yoast-seo-premium-wordpress\/ -->\n<title>Hagelschade aan je Caravan? \/ CaravanRepair D\u00e9 specialist<\/title>\n<meta name=\"description\" content=\"Voorkom verdere schade met ons expertise in het herstellen van hagelschade aan je caravan. Kosten besparend, risico&#039;s minimaliserend\" \/>\n<meta name=\"robots\" content=\"noindex, follow, max-snippet:-1, max-image-preview:large, max-video-preview:-1\" \/>\n<meta property=\"og:locale\" content=\"es_ES\" \/>\n<meta property=\"og:type\" content=\"article\" \/>\n<meta property=\"og:title\" content=\"Hagelschade Caravans\" \/>\n<meta property=\"og:description\" content=\"Voorkom verdere schade met ons expertise in het herstellen van hagelschade aan je caravan. Kosten besparend, risico&#039;s minimaliserend\" \/>\n<meta property=\"og:url\" content=\"https:\/\/oud.caravanrepair.eu\/es\/caravana-danada-por-granizo\/\" \/>\n<meta property=\"og:site_name\" content=\"CaravanRepair\u00ae\" \/>\n<meta property=\"article:modified_time\" content=\"2025-08-28T14:59:01+00:00\" \/>\n<meta property=\"og:image\" content=\"https:\/\/oud.caravanrepair.eu\/wp-content\/uploads\/2024\/10\/Fendt-Saphir-2019-Audi.jpg\" \/>\n\t<meta property=\"og:image:width\" content=\"995\" \/>\n\t<meta property=\"og:image:height\" content=\"450\" \/>\n\t<meta property=\"og:image:type\" content=\"image\/jpeg\" \/>\n<meta name=\"twitter:card\" content=\"summary_large_image\" \/>\n<meta name=\"twitter:label1\" content=\"Tiempo de lectura\" \/>\n\t<meta name=\"twitter:data1\" content=\"2 minutos\" \/>\n<script type=\"application\/ld+json\" class=\"yoast-schema-graph\">{\"@context\":\"https:\\\/\\\/schema.org\",\"@graph\":[{\"@type\":\"WebPage\",\"@id\":\"https:\\\/\\\/oud.caravanrepair.eu\\\/hagelschade-caravans\\\/\",\"url\":\"https:\\\/\\\/oud.caravanrepair.eu\\\/hagelschade-caravans\\\/\",\"name\":\"Hagelschade aan je Caravan? \\\/ CaravanRepair D\u00e9 specialist\",\"isPartOf\":{\"@id\":\"https:\\\/\\\/oud.caravanrepair.eu\\\/#website\"},\"primaryImageOfPage\":{\"@id\":\"https:\\\/\\\/oud.caravanrepair.eu\\\/hagelschade-caravans\\\/#primaryimage\"},\"image\":{\"@id\":\"https:\\\/\\\/oud.caravanrepair.eu\\\/hagelschade-caravans\\\/#primaryimage\"},\"thumbnailUrl\":\"https:\\\/\\\/oud.caravanrepair.eu\\\/wp-content\\\/uploads\\\/2024\\\/10\\\/Fendt-Saphir-2019-Audi.jpg\",\"datePublished\":\"2024-12-03T09:02:18+00:00\",\"dateModified\":\"2025-08-28T14:59:01+00:00\",\"description\":\"Voorkom verdere schade met ons expertise in het herstellen van hagelschade aan je caravan. Kosten besparend, risico's minimaliserend\",\"breadcrumb\":{\"@id\":\"https:\\\/\\\/oud.caravanrepair.eu\\\/hagelschade-caravans\\\/#breadcrumb\"},\"inLanguage\":\"es\",\"potentialAction\":[{\"@type\":\"ReadAction\",\"target\":[\"https:\\\/\\\/oud.caravanrepair.eu\\\/hagelschade-caravans\\\/\"]}]},{\"@type\":\"ImageObject\",\"inLanguage\":\"es\",\"@id\":\"https:\\\/\\\/oud.caravanrepair.eu\\\/hagelschade-caravans\\\/#primaryimage\",\"url\":\"https:\\\/\\\/oud.caravanrepair.eu\\\/wp-content\\\/uploads\\\/2024\\\/10\\\/Fendt-Saphir-2019-Audi.jpg\",\"contentUrl\":\"https:\\\/\\\/oud.caravanrepair.eu\\\/wp-content\\\/uploads\\\/2024\\\/10\\\/Fendt-Saphir-2019-Audi.jpg\",\"width\":995,\"height\":450,\"caption\":\"Hagelschade Caravans\"},{\"@type\":\"BreadcrumbList\",\"@id\":\"https:\\\/\\\/oud.caravanrepair.eu\\\/hagelschade-caravans\\\/#breadcrumb\",\"itemListElement\":[{\"@type\":\"ListItem\",\"position\":1,\"name\":\"Home\",\"item\":\"https:\\\/\\\/oud.caravanrepair.eu\\\/\"},{\"@type\":\"ListItem\",\"position\":2,\"name\":\"Hagelschade Caravans\"}]},{\"@type\":\"WebSite\",\"@id\":\"https:\\\/\\\/oud.caravanrepair.eu\\\/#website\",\"url\":\"https:\\\/\\\/oud.caravanrepair.eu\\\/\",\"name\":\"CaravanRepair\u00ae\",\"description\":\"Professioneel schadeherstel voor caravan en camper\",\"publisher\":{\"@id\":\"https:\\\/\\\/oud.caravanrepair.eu\\\/#organization\"},\"potentialAction\":[{\"@type\":\"SearchAction\",\"target\":{\"@type\":\"EntryPoint\",\"urlTemplate\":\"https:\\\/\\\/oud.caravanrepair.eu\\\/?s={search_term_string}\"},\"query-input\":{\"@type\":\"PropertyValueSpecification\",\"valueRequired\":true,\"valueName\":\"search_term_string\"}}],\"inLanguage\":\"es\"},{\"@type\":\"Organization\",\"@id\":\"https:\\\/\\\/oud.caravanrepair.eu\\\/#organization\",\"name\":\"CaravanRepair\u00ae\",\"url\":\"https:\\\/\\\/oud.caravanrepair.eu\\\/\",\"logo\":{\"@type\":\"ImageObject\",\"inLanguage\":\"es\",\"@id\":\"https:\\\/\\\/oud.caravanrepair.eu\\\/#\\\/schema\\\/logo\\\/image\\\/\",\"url\":\"https:\\\/\\\/oud.caravanrepair.eu\\\/wp-content\\\/uploads\\\/2019\\\/01\\\/logo-caravanrepair.png\",\"contentUrl\":\"https:\\\/\\\/oud.caravanrepair.eu\\\/wp-content\\\/uploads\\\/2019\\\/01\\\/logo-caravanrepair.png\",\"width\":353,\"height\":150,\"caption\":\"CaravanRepair\u00ae\"},\"image\":{\"@id\":\"https:\\\/\\\/oud.caravanrepair.eu\\\/#\\\/schema\\\/logo\\\/image\\\/\"}}]}<\/script>\n<!-- \/ Yoast SEO Premium plugin. -->","yoast_head_json":{"title":"Da\u00f1os por granizo en su caravana \/ CaravanRepair El especialista","description":"Evite da\u00f1os mayores con nuestra experiencia en la reparaci\u00f3n de da\u00f1os por granizo en su caravana. Ahorro de costes, minimizaci\u00f3n de riesgos","robots":{"index":"noindex","follow":"follow","max-snippet":"max-snippet:-1","max-image-preview":"max-image-preview:large","max-video-preview":"max-video-preview:-1"},"og_locale":"es_ES","og_type":"article","og_title":"Hagelschade Caravans","og_description":"Voorkom verdere schade met ons expertise in het herstellen van hagelschade aan je caravan. Kosten besparend, risico's minimaliserend","og_url":"https:\/\/oud.caravanrepair.eu\/es\/caravana-danada-por-granizo\/","og_site_name":"CaravanRepair\u00ae","article_modified_time":"2025-08-28T14:59:01+00:00","og_image":[{"width":995,"height":450,"url":"https:\/\/oud.caravanrepair.eu\/wp-content\/uploads\/2024\/10\/Fendt-Saphir-2019-Audi.jpg","type":"image\/jpeg"}],"twitter_card":"summary_large_image","twitter_misc":{"Tiempo de lectura":"2 minutos"},"schema":{"@context":"https:\/\/schema.org","@graph":[{"@type":"WebPage","@id":"https:\/\/oud.caravanrepair.eu\/hagelschade-caravans\/","url":"https:\/\/oud.caravanrepair.eu\/hagelschade-caravans\/","name":"Da\u00f1os por granizo en su caravana \/ CaravanRepair El especialista","isPartOf":{"@id":"https:\/\/oud.caravanrepair.eu\/#website"},"primaryImageOfPage":{"@id":"https:\/\/oud.caravanrepair.eu\/hagelschade-caravans\/#primaryimage"},"image":{"@id":"https:\/\/oud.caravanrepair.eu\/hagelschade-caravans\/#primaryimage"},"thumbnailUrl":"https:\/\/oud.caravanrepair.eu\/wp-content\/uploads\/2024\/10\/Fendt-Saphir-2019-Audi.jpg","datePublished":"2024-12-03T09:02:18+00:00","dateModified":"2025-08-28T14:59:01+00:00","description":"Evite da\u00f1os mayores con nuestra experiencia en la reparaci\u00f3n de da\u00f1os por granizo en su caravana. Ahorro de costes, minimizaci\u00f3n de riesgos","breadcrumb":{"@id":"https:\/\/oud.caravanrepair.eu\/hagelschade-caravans\/#breadcrumb"},"inLanguage":"es","potentialAction":[{"@type":"ReadAction","target":["https:\/\/oud.caravanrepair.eu\/hagelschade-caravans\/"]}]},{"@type":"ImageObject","inLanguage":"es","@id":"https:\/\/oud.caravanrepair.eu\/hagelschade-caravans\/#primaryimage","url":"https:\/\/oud.caravanrepair.eu\/wp-content\/uploads\/2024\/10\/Fendt-Saphir-2019-Audi.jpg","contentUrl":"https:\/\/oud.caravanrepair.eu\/wp-content\/uploads\/2024\/10\/Fendt-Saphir-2019-Audi.jpg","width":995,"height":450,"caption":"Hagelschade Caravans"},{"@type":"BreadcrumbList","@id":"https:\/\/oud.caravanrepair.eu\/hagelschade-caravans\/#breadcrumb","itemListElement":[{"@type":"ListItem","position":1,"name":"Home","item":"https:\/\/oud.caravanrepair.eu\/"},{"@type":"ListItem","position":2,"name":"Hagelschade Caravans"}]},{"@type":"WebSite","@id":"https:\/\/oud.caravanrepair.eu\/#website","url":"https:\/\/oud.caravanrepair.eu\/","name":"CaravanRepair\u00ae","description":"Reparaci\u00f3n profesional de da\u00f1os para caravanas y autocaravanas","publisher":{"@id":"https:\/\/oud.caravanrepair.eu\/#organization"},"potentialAction":[{"@type":"SearchAction","target":{"@type":"EntryPoint","urlTemplate":"https:\/\/oud.caravanrepair.eu\/?s={search_term_string}"},"query-input":{"@type":"PropertyValueSpecification","valueRequired":true,"valueName":"search_term_string"}}],"inLanguage":"es"},{"@type":"Organization","@id":"https:\/\/oud.caravanrepair.eu\/#organization","name":"CaravanRepair\u00ae","url":"https:\/\/oud.caravanrepair.eu\/","logo":{"@type":"ImageObject","inLanguage":"es","@id":"https:\/\/oud.caravanrepair.eu\/#\/schema\/logo\/image\/","url":"https:\/\/oud.caravanrepair.eu\/wp-content\/uploads\/2019\/01\/logo-caravanrepair.png","contentUrl":"https:\/\/oud.caravanrepair.eu\/wp-content\/uploads\/2019\/01\/logo-caravanrepair.png","width":353,"height":150,"caption":"CaravanRepair\u00ae"},"image":{"@id":"https:\/\/oud.caravanrepair.eu\/#\/schema\/logo\/image\/"}}]}},"_links":{"self":[{"href":"https:\/\/oud.caravanrepair.eu\/es\/wp-json\/wp\/v2\/pages\/17670","targetHints":{"allow":["GET"]}}],"collection":[{"href":"https:\/\/oud.caravanrepair.eu\/es\/wp-json\/wp\/v2\/pages"}],"about":[{"href":"https:\/\/oud.caravanrepair.eu\/es\/wp-json\/wp\/v2\/types\/page"}],"author":[{"embeddable":true,"href":"https:\/\/oud.caravanrepair.eu\/es\/wp-json\/wp\/v2\/users\/3"}],"replies":[{"embeddable":true,"href":"https:\/\/oud.caravanrepair.eu\/es\/wp-json\/wp\/v2\/comments?post=17670"}],"version-history":[{"count":0,"href":"https:\/\/oud.caravanrepair.eu\/es\/wp-json\/wp\/v2\/pages\/17670\/revisions"}],"wp:featuredmedia":[{"embeddable":true,"href":"https:\/\/oud.caravanrepair.eu\/es\/wp-json\/wp\/v2\/media\/16564"}],"wp:attachment":[{"href":"https:\/\/oud.caravanrepair.eu\/es\/wp-json\/wp\/v2\/media?parent=17670"}],"curies":[{"name":"wp","href":"https:\/\/api.w.org\/{rel}","templated":true}]}}