{"id":17761,"date":"2024-12-04T09:40:00","date_gmt":"2024-12-04T08:40:00","guid":{"rendered":"https:\/\/oud.caravanrepair.eu\/?page_id=17761"},"modified":"2024-12-04T09:57:06","modified_gmt":"2024-12-04T08:57:06","slug":"caravana-dano-emmen","status":"publish","type":"page","link":"https:\/\/oud.caravanrepair.eu\/es\/caravan-schade-emmen\/","title":{"rendered":"Da\u00f1os en caravanas Emmen"},"content":{"rendered":"<div data-elementor-type=\"wp-page\" data-elementor-id=\"17761\" class=\"elementor elementor-17761\" data-elementor-post-type=\"page\">\n\t\t\t\t\t\t<section class=\"elementor-section elementor-top-section elementor-element elementor-element-139ac055 elementor-section-height-min-height elementor-section-content-middle elementor-section-full_width elementor-section-height-default elementor-section-items-middle\" data-id=\"139ac055\" data-element_type=\"section\" data-e-type=\"section\" data-settings=\"{&quot;background_background&quot;:&quot;classic&quot;}\">\n\t\t\t\t\t\t\t<div class=\"elementor-background-overlay\"><\/div>\n\t\t\t\t\t\t\t<div class=\"elementor-container elementor-column-gap-default\">\n\t\t\t\t\t<div class=\"elementor-column elementor-col-100 elementor-top-column elementor-element elementor-element-5ea40555\" data-id=\"5ea40555\" data-element_type=\"column\" data-e-type=\"column\">\n\t\t\t<div class=\"elementor-widget-wrap elementor-element-populated\">\n\t\t\t\t\t\t<div class=\"elementor-element elementor-element-4153b63a elementor-widget elementor-widget-heading\" data-id=\"4153b63a\" data-element_type=\"widget\" data-e-type=\"widget\" data-widget_type=\"heading.default\">\n\t\t\t\t<div class=\"elementor-widget-container\">\n\t\t\t\t\t<h1 class=\"elementor-heading-title elementor-size-default\">Da\u00f1os en caravanas Emmen<\/h1>\t\t\t\t<\/div>\n\t\t\t\t<\/div>\n\t\t\t\t<div class=\"elementor-element elementor-element-23fe397a elementor-widget elementor-widget-heading\" data-id=\"23fe397a\" data-element_type=\"widget\" data-e-type=\"widget\" data-widget_type=\"heading.default\">\n\t\t\t\t<div class=\"elementor-widget-container\">\n\t\t\t\t\t<p class=\"elementor-heading-title elementor-size-default\"> <\/p>\t\t\t\t<\/div>\n\t\t\t\t<\/div>\n\t\t\t\t\t<\/div>\n\t\t<\/div>\n\t\t\t\t\t<\/div>\n\t\t<\/section>\n\t\t\t\t<section class=\"elementor-section elementor-top-section elementor-element elementor-element-5b302641 elementor-section-content-middle elementor-section-boxed elementor-section-height-default elementor-section-height-default\" data-id=\"5b302641\" data-element_type=\"section\" data-e-type=\"section\">\n\t\t\t\t\t\t<div class=\"elementor-container elementor-column-gap-no\">\n\t\t\t\t\t<div class=\"elementor-column elementor-col-100 elementor-top-column elementor-element elementor-element-760a8a81\" data-id=\"760a8a81\" data-element_type=\"column\" data-e-type=\"column\">\n\t\t\t<div class=\"elementor-widget-wrap elementor-element-populated\">\n\t\t\t\t\t\t<div class=\"elementor-element elementor-element-30d2da03 elementor-widget elementor-widget-heading\" data-id=\"30d2da03\" data-element_type=\"widget\" data-e-type=\"widget\" data-widget_type=\"heading.default\">\n\t\t\t\t<div class=\"elementor-widget-container\">\n\t\t\t\t\t<h2 class=\"elementor-heading-title elementor-size-default\">CaravanRepair\u00ae Reparaci\u00f3n de da\u00f1os en Emmen reparaci\u00f3n profesional de caravanas<\/h2>\t\t\t\t<\/div>\n\t\t\t\t<\/div>\n\t\t\t\t\t<\/div>\n\t\t<\/div>\n\t\t\t\t\t<\/div>\n\t\t<\/section>\n\t\t\t\t<section class=\"elementor-section elementor-top-section elementor-element elementor-element-4139826d elementor-section-content-middle elementor-reverse-mobile elementor-section-boxed elementor-section-height-default elementor-section-height-default\" data-id=\"4139826d\" data-element_type=\"section\" data-e-type=\"section\">\n\t\t\t\t\t\t<div class=\"elementor-container elementor-column-gap-no\">\n\t\t\t\t\t<div class=\"elementor-column elementor-col-50 elementor-top-column elementor-element elementor-element-23b21bcb\" data-id=\"23b21bcb\" data-element_type=\"column\" data-e-type=\"column\">\n\t\t\t<div class=\"elementor-widget-wrap elementor-element-populated\">\n\t\t\t\t\t\t<div class=\"elementor-element elementor-element-4f1b7988 elementor-widget elementor-widget-heading\" data-id=\"4f1b7988\" data-element_type=\"widget\" data-e-type=\"widget\" data-widget_type=\"heading.default\">\n\t\t\t\t<div class=\"elementor-widget-container\">\n\t\t\t\t\t<h3 class=\"elementor-heading-title elementor-size-default\">Reparaciones de caravanas en Emmen<\/h3>\t\t\t\t<\/div>\n\t\t\t\t<\/div>\n\t\t\t\t<div class=\"elementor-element elementor-element-2a2c2601 elementor-widget elementor-widget-text-editor\" data-id=\"2a2c2601\" data-element_type=\"widget\" data-e-type=\"widget\" data-widget_type=\"text-editor.default\">\n\t\t\t\t<div class=\"elementor-widget-container\">\n\t\t\t\t\t\t\t\t\t<h3>Caravana da\u00f1os Emmen<\/h3><p>Ir de vacaciones con una caravana es muy popular. De esta manera, puede irse de vacaciones con una caravana tanto en los Pa\u00edses Bajos como en el extranjero. Cuando una caravana se usa con frecuencia, es inevitable que se produzcan da\u00f1os en la caravana. Los da\u00f1os por agua o humedad son muy comunes y requieren que este problema se resuelva r\u00e1pidamente. \u00bfDeber\u00edas enfrentarte a este problema? entonces el da\u00f1o de la caravana es Emmen, entonces nosotros, como especialistas en reparaciones de caravanas, estaremos encantados de resolverlo por usted.<a href=\"https:\/\/oud.caravanrepair.eu\/es\/\" target=\"_blank\" rel=\"noopener\"><strong> \u00a1Haga clic aqu\u00ed para encontrar un distribuidor cerca de usted!<\/strong><\/a><\/p><h3>Reparaci\u00f3n de caravanas Emmen<\/h3><p>Algo que vemos muy a menudo en la reparaci\u00f3n de una caravana en Emmen es que la gente ha esperado demasiado con la reparaci\u00f3n. En muchos casos, esto provoca a\u00fan m\u00e1s da\u00f1os innecesarios y mayores costos. Otro problema al que nos enfrentamos a menudo es que el da\u00f1o ha sido reparado por una empresa no id\u00f3nea. Evite problemas en el futuro y perm\u00edtanos llevar a cabo la reparaci\u00f3n de caravanas en Emmen. Su da\u00f1o ser\u00e1 reparado permanentemente.<\/p>\t\t\t\t\t\t\t\t<\/div>\n\t\t\t\t<\/div>\n\t\t\t\t\t<\/div>\n\t\t<\/div>\n\t\t\t\t<div class=\"elementor-column elementor-col-50 elementor-top-column elementor-element elementor-element-2d2dfb28\" data-id=\"2d2dfb28\" data-element_type=\"column\" data-e-type=\"column\">\n\t\t\t<div class=\"elementor-widget-wrap elementor-element-populated\">\n\t\t\t\t\t\t<div class=\"elementor-element elementor-element-cd0da58 elementor-widget elementor-widget-image\" data-id=\"cd0da58\" data-element_type=\"widget\" data-e-type=\"widget\" data-widget_type=\"image.default\">\n\t\t\t\t<div class=\"elementor-widget-container\">\n\t\t\t\t\t\t\t\t\t\t\t\t\t\t\t<img fetchpriority=\"high\" decoding=\"async\" width=\"1024\" height=\"576\" src=\"https:\/\/oud.caravanrepair.eu\/wp-content\/uploads\/2024\/06\/febdda4c-4fe6-466d-9832-4d13b520c1fe-1024x576.jpg\" class=\"attachment-large size-large wp-image-14660\" alt=\"CaravanRepair Hasselt-B\u00e9lgica\" srcset=\"https:\/\/oud.caravanrepair.eu\/wp-content\/uploads\/2024\/06\/febdda4c-4fe6-466d-9832-4d13b520c1fe-18x10.jpg 18w, https:\/\/oud.caravanrepair.eu\/wp-content\/uploads\/2024\/06\/febdda4c-4fe6-466d-9832-4d13b520c1fe-66x37.jpg 66w, https:\/\/oud.caravanrepair.eu\/wp-content\/uploads\/2024\/06\/febdda4c-4fe6-466d-9832-4d13b520c1fe-177x100.jpg 177w, https:\/\/oud.caravanrepair.eu\/wp-content\/uploads\/2024\/06\/febdda4c-4fe6-466d-9832-4d13b520c1fe-200x113.jpg 200w, https:\/\/oud.caravanrepair.eu\/wp-content\/uploads\/2024\/06\/febdda4c-4fe6-466d-9832-4d13b520c1fe-300x169.jpg 300w, https:\/\/oud.caravanrepair.eu\/wp-content\/uploads\/2024\/06\/febdda4c-4fe6-466d-9832-4d13b520c1fe-320x180.jpg 320w, https:\/\/oud.caravanrepair.eu\/wp-content\/uploads\/2024\/06\/febdda4c-4fe6-466d-9832-4d13b520c1fe-400x225.jpg 400w, https:\/\/oud.caravanrepair.eu\/wp-content\/uploads\/2024\/06\/febdda4c-4fe6-466d-9832-4d13b520c1fe-460x259.jpg 460w, https:\/\/oud.caravanrepair.eu\/wp-content\/uploads\/2024\/06\/febdda4c-4fe6-466d-9832-4d13b520c1fe-540x304.jpg 540w, https:\/\/oud.caravanrepair.eu\/wp-content\/uploads\/2024\/06\/febdda4c-4fe6-466d-9832-4d13b520c1fe-600x338.jpg 600w, https:\/\/oud.caravanrepair.eu\/wp-content\/uploads\/2024\/06\/febdda4c-4fe6-466d-9832-4d13b520c1fe-669x376.jpg 669w, https:\/\/oud.caravanrepair.eu\/wp-content\/uploads\/2024\/06\/febdda4c-4fe6-466d-9832-4d13b520c1fe-700x394.jpg 700w, https:\/\/oud.caravanrepair.eu\/wp-content\/uploads\/2024\/06\/febdda4c-4fe6-466d-9832-4d13b520c1fe-768x432.jpg 768w, https:\/\/oud.caravanrepair.eu\/wp-content\/uploads\/2024\/06\/febdda4c-4fe6-466d-9832-4d13b520c1fe-800x450.jpg 800w, https:\/\/oud.caravanrepair.eu\/wp-content\/uploads\/2024\/06\/febdda4c-4fe6-466d-9832-4d13b520c1fe-940x529.jpg 940w, https:\/\/oud.caravanrepair.eu\/wp-content\/uploads\/2024\/06\/febdda4c-4fe6-466d-9832-4d13b520c1fe-1024x576.jpg 1024w, https:\/\/oud.caravanrepair.eu\/wp-content\/uploads\/2024\/06\/febdda4c-4fe6-466d-9832-4d13b520c1fe-1200x675.jpg 1200w, https:\/\/oud.caravanrepair.eu\/wp-content\/uploads\/2024\/06\/febdda4c-4fe6-466d-9832-4d13b520c1fe-1536x864.jpg 1536w, https:\/\/oud.caravanrepair.eu\/wp-content\/uploads\/2024\/06\/febdda4c-4fe6-466d-9832-4d13b520c1fe.jpg 1920w\" sizes=\"(max-width: 1024px) 100vw, 1024px\" \/>\t\t\t\t\t\t\t\t\t\t\t\t\t\t\t<\/div>\n\t\t\t\t<\/div>\n\t\t\t\t\t<\/div>\n\t\t<\/div>\n\t\t\t\t\t<\/div>\n\t\t<\/section>\n\t\t\t\t<section class=\"elementor-section elementor-top-section elementor-element elementor-element-3f6209e4 elementor-section-content-middle elementor-section-boxed elementor-section-height-default elementor-section-height-default\" data-id=\"3f6209e4\" data-element_type=\"section\" data-e-type=\"section\" data-settings=\"{&quot;background_background&quot;:&quot;classic&quot;}\">\n\t\t\t\t\t\t\t<div class=\"elementor-background-overlay\"><\/div>\n\t\t\t\t\t\t\t<div class=\"elementor-container elementor-column-gap-no\">\n\t\t\t\t\t<div class=\"elementor-column elementor-col-100 elementor-top-column elementor-element elementor-element-69ff1de9\" data-id=\"69ff1de9\" data-element_type=\"column\" data-e-type=\"column\">\n\t\t\t<div class=\"elementor-widget-wrap elementor-element-populated\">\n\t\t\t\t\t\t<div class=\"elementor-element elementor-element-5a7901ec elementor-widget elementor-widget-heading\" data-id=\"5a7901ec\" data-element_type=\"widget\" data-e-type=\"widget\" data-widget_type=\"heading.default\">\n\t\t\t\t<div class=\"elementor-widget-container\">\n\t\t\t\t\t<h2 class=\"elementor-heading-title elementor-size-default\">\u00bfReportar da\u00f1os en caravana o autocaravana?<\/h2>\t\t\t\t<\/div>\n\t\t\t\t<\/div>\n\t\t\t\t<div class=\"elementor-element elementor-element-baa3b4b elementor-widget elementor-widget-text-editor\" data-id=\"baa3b4b\" data-element_type=\"widget\" data-e-type=\"widget\" data-widget_type=\"text-editor.default\">\n\t\t\t\t<div class=\"elementor-widget-container\">\n\t\t\t\t\t\t\t\t\t<p style=\"text-align: center;\">Si su caravana o autocaravana ha sufrido da\u00f1os, rellene el formulario de da\u00f1os online y nos pondremos en contacto con usted.<\/p>\t\t\t\t\t\t\t\t<\/div>\n\t\t\t\t<\/div>\n\t\t\t\t<div class=\"elementor-element elementor-element-16e0afa2 elementor-align-center elementor-mobile-align-left elementor-widget elementor-widget-button\" data-id=\"16e0afa2\" data-element_type=\"widget\" data-e-type=\"widget\" data-widget_type=\"button.default\">\n\t\t\t\t<div class=\"elementor-widget-container\">\n\t\t\t\t\t\t\t\t\t<div class=\"elementor-button-wrapper\">\n\t\t\t\t\t<a class=\"elementor-button elementor-button-link elementor-size-sm elementor-animation-grow\" href=\"https:\/\/oud.caravanrepair.eu\/es\/formulario-de-danos\/\">\n\t\t\t\t\t\t<span class=\"elementor-button-content-wrapper\">\n\t\t\t\t\t\t\t\t\t<span class=\"elementor-button-text\">INFORMAR DA\u00d1OS<\/span>\n\t\t\t\t\t<\/span>\n\t\t\t\t\t<\/a>\n\t\t\t\t<\/div>\n\t\t\t\t\t\t\t\t<\/div>\n\t\t\t\t<\/div>\n\t\t\t\t\t<\/div>\n\t\t<\/div>\n\t\t\t\t\t<\/div>\n\t\t<\/section>\n\t\t\t\t<section class=\"elementor-section elementor-top-section elementor-element elementor-element-2c0564a3 elementor-section-full_width elementor-section-content-middle elementor-section-height-default elementor-section-height-default\" data-id=\"2c0564a3\" data-element_type=\"section\" data-e-type=\"section\">\n\t\t\t\t\t\t<div class=\"elementor-container elementor-column-gap-no\">\n\t\t\t\t\t<div class=\"elementor-column elementor-col-50 elementor-top-column elementor-element elementor-element-47010858\" data-id=\"47010858\" data-element_type=\"column\" data-e-type=\"column\" data-settings=\"{&quot;background_background&quot;:&quot;classic&quot;}\">\n\t\t\t<div class=\"elementor-widget-wrap elementor-element-populated\">\n\t\t\t\t\t<div class=\"elementor-background-overlay\"><\/div>\n\t\t\t\t\t\t<div class=\"elementor-element elementor-element-22aa0665 elementor-widget elementor-widget-heading\" data-id=\"22aa0665\" data-element_type=\"widget\" data-e-type=\"widget\" data-widget_type=\"heading.default\">\n\t\t\t\t<div class=\"elementor-widget-container\">\n\t\t\t\t\t<h3 class=\"elementor-heading-title elementor-size-default\">Da\u00f1os en caravanas Emmen<\/h3>\t\t\t\t<\/div>\n\t\t\t\t<\/div>\n\t\t\t\t\t<\/div>\n\t\t<\/div>\n\t\t\t\t<div class=\"elementor-column elementor-col-50 elementor-top-column elementor-element elementor-element-6a892a2d\" data-id=\"6a892a2d\" data-element_type=\"column\" data-e-type=\"column\">\n\t\t\t<div class=\"elementor-widget-wrap elementor-element-populated\">\n\t\t\t\t\t\t<div class=\"elementor-element elementor-element-7e8187d9 elementor-widget elementor-widget-text-editor\" data-id=\"7e8187d9\" data-element_type=\"widget\" data-e-type=\"widget\" data-widget_type=\"text-editor.default\">\n\t\t\t\t<div class=\"elementor-widget-container\">\n\t\t\t\t\t\t\t\t\t<h3>Empresa de reparaci\u00f3n de caravanas Emmen<\/h3><p>Para evitar tener que hacer frente a costes imprevistos, es recomendable trabajar con una empresa certificada en reparaci\u00f3n de caravanas. Si actualmente est\u00e1 sufriendo da\u00f1os en una caravana, nuestros t\u00e9cnicos garantizar\u00e1n una reparaci\u00f3n profesional. Podemos encargarnos de cualquier tipo de da\u00f1o en la caravana y puede esperar de nosotros la m\u00e1s alta calidad.<\/p><p>Conf\u00ede en la experiencia de los especialistas de CaravanRepair\u00ae de su zona para realizar las reparaciones de su caravana. CaravanRepair\u00ae Group es la mayor cadena de especialistas en caravanas de Europa, que realiza reparaciones de caravanas y autocaravanas de forma r\u00e1pida y extremadamente profesional. Nuestro m\u00e9todo de reparaci\u00f3n de caravanas est\u00e1 reconocido por todas las compa\u00f1\u00edas de seguros de los Pa\u00edses Bajos.<\/p>\t\t\t\t\t\t\t\t<\/div>\n\t\t\t\t<\/div>\n\t\t\t\t\t<\/div>\n\t\t<\/div>\n\t\t\t\t\t<\/div>\n\t\t<\/section>\n\t\t\t\t<section class=\"elementor-section elementor-top-section elementor-element elementor-element-35fb5d9c elementor-section-content-middle elementor-section-boxed elementor-section-height-default elementor-section-height-default\" data-id=\"35fb5d9c\" data-element_type=\"section\" data-e-type=\"section\" data-settings=\"{&quot;background_background&quot;:&quot;classic&quot;}\">\n\t\t\t\t\t\t\t<div class=\"elementor-background-overlay\"><\/div>\n\t\t\t\t\t\t\t<div class=\"elementor-container elementor-column-gap-no\">\n\t\t\t\t\t<div class=\"elementor-column elementor-col-50 elementor-top-column elementor-element elementor-element-28a2f962\" data-id=\"28a2f962\" data-element_type=\"column\" data-e-type=\"column\">\n\t\t\t<div class=\"elementor-widget-wrap elementor-element-populated\">\n\t\t\t\t\t\t<div class=\"elementor-element elementor-element-390dc7e0 elementor-widget elementor-widget-heading\" data-id=\"390dc7e0\" data-element_type=\"widget\" data-e-type=\"widget\" data-widget_type=\"heading.default\">\n\t\t\t\t<div class=\"elementor-widget-container\">\n\t\t\t\t\t<h2 class=\"elementor-heading-title elementor-size-default\">\u00bfBusca un reparador CaravanRepair\u00ae cerca de usted?<\/h2>\t\t\t\t<\/div>\n\t\t\t\t<\/div>\n\t\t\t\t<div class=\"elementor-element elementor-element-1d91a502 elementor-widget elementor-widget-text-editor\" data-id=\"1d91a502\" data-element_type=\"widget\" data-e-type=\"widget\" data-widget_type=\"text-editor.default\">\n\t\t\t\t<div class=\"elementor-widget-container\">\n\t\t\t\t\t\t\t\t\t<p>\u00a1Nuestros reparadores de da\u00f1os est\u00e1n activos en toda Europa!<\/p>\t\t\t\t\t\t\t\t<\/div>\n\t\t\t\t<\/div>\n\t\t\t\t\t<\/div>\n\t\t<\/div>\n\t\t\t\t<div class=\"elementor-column elementor-col-50 elementor-top-column elementor-element elementor-element-3bb44c82\" data-id=\"3bb44c82\" data-element_type=\"column\" data-e-type=\"column\">\n\t\t\t<div class=\"elementor-widget-wrap elementor-element-populated\">\n\t\t\t\t\t\t<div class=\"elementor-element elementor-element-55299d0 elementor-align-center elementor-mobile-align-left elementor-widget elementor-widget-button\" data-id=\"55299d0\" data-element_type=\"widget\" data-e-type=\"widget\" data-widget_type=\"button.default\">\n\t\t\t\t<div class=\"elementor-widget-container\">\n\t\t\t\t\t\t\t\t\t<div class=\"elementor-button-wrapper\">\n\t\t\t\t\t<a class=\"elementor-button elementor-button-link elementor-size-sm elementor-animation-grow\" href=\"https:\/\/oud.caravanrepair.eu\/es\/distribuidores\/\">\n\t\t\t\t\t\t<span class=\"elementor-button-content-wrapper\">\n\t\t\t\t\t\t\t\t\t<span class=\"elementor-button-text\">Buscar ahora<\/span>\n\t\t\t\t\t<\/span>\n\t\t\t\t\t<\/a>\n\t\t\t\t<\/div>\n\t\t\t\t\t\t\t\t<\/div>\n\t\t\t\t<\/div>\n\t\t\t\t\t<\/div>\n\t\t<\/div>\n\t\t\t\t\t<\/div>\n\t\t<\/section>\n\t\t\t\t<\/div>","protected":false},"excerpt":{"rendered":"<p>Da\u00f1os en caravanas Emmen CaravanRepair\u00ae Reparaci\u00f3n de da\u00f1os en Emmen Reparaci\u00f3n profesional de caravanas Reparaci\u00f3n de caravanas en Emmen Da\u00f1os en caravanas Emmen De vacaciones<\/p>","protected":false},"author":3,"featured_media":0,"parent":0,"menu_order":0,"comment_status":"closed","ping_status":"closed","template":"elementor_header_footer","meta":{"footnotes":""},"class_list":["post-17761","page","type-page","status-publish","hentry","pagina_tag-caravan"],"yoast_head":"<!-- This site is optimized with the Yoast SEO Premium plugin v27.5 (Yoast SEO v28.3) - https:\/\/yoast.com\/product\/yoast-seo-premium-wordpress\/ -->\n<title>Caravan Schade Emmen Caravan schade Emmen<\/title>\n<meta name=\"description\" content=\"Caravan schade in Emmen? Onze specialisten staan voor u klaar! Voorkom verdere schade en hogere kosten door direct te laten repareren.\" \/>\n<meta name=\"robots\" content=\"noindex, follow, max-snippet:-1, max-image-preview:large, max-video-preview:-1\" \/>\n<meta property=\"og:locale\" content=\"es_ES\" \/>\n<meta property=\"og:type\" content=\"article\" \/>\n<meta property=\"og:title\" content=\"Caravan Schade Emmen\" \/>\n<meta property=\"og:description\" content=\"Caravan schade in Emmen? Onze specialisten staan voor u klaar! Voorkom verdere schade en hogere kosten door direct te laten repareren.\" \/>\n<meta property=\"og:url\" content=\"https:\/\/oud.caravanrepair.eu\/es\/caravana-dano-emmen\/\" \/>\n<meta property=\"og:site_name\" content=\"CaravanRepair\u00ae\" \/>\n<meta property=\"article:modified_time\" content=\"2024-12-04T08:57:06+00:00\" \/>\n<meta property=\"og:image\" content=\"https:\/\/oud.caravanrepair.eu\/wp-content\/uploads\/2024\/06\/febdda4c-4fe6-466d-9832-4d13b520c1fe.jpg\" \/>\n\t<meta property=\"og:image:width\" content=\"1920\" \/>\n\t<meta property=\"og:image:height\" content=\"1080\" \/>\n\t<meta property=\"og:image:type\" content=\"image\/jpeg\" \/>\n<meta name=\"twitter:card\" content=\"summary_large_image\" \/>\n<meta name=\"twitter:label1\" content=\"Tiempo de lectura\" \/>\n\t<meta name=\"twitter:data1\" content=\"2 minutos\" \/>\n<script type=\"application\/ld+json\" class=\"yoast-schema-graph\">{\"@context\":\"https:\\\/\\\/schema.org\",\"@graph\":[{\"@type\":\"WebPage\",\"@id\":\"https:\\\/\\\/oud.caravanrepair.eu\\\/caravan-schade-emmen\\\/\",\"url\":\"https:\\\/\\\/oud.caravanrepair.eu\\\/caravan-schade-emmen\\\/\",\"name\":\"Caravan Schade Emmen Caravan schade Emmen\",\"isPartOf\":{\"@id\":\"https:\\\/\\\/oud.caravanrepair.eu\\\/#website\"},\"primaryImageOfPage\":{\"@id\":\"https:\\\/\\\/oud.caravanrepair.eu\\\/caravan-schade-emmen\\\/#primaryimage\"},\"image\":{\"@id\":\"https:\\\/\\\/oud.caravanrepair.eu\\\/caravan-schade-emmen\\\/#primaryimage\"},\"thumbnailUrl\":\"https:\\\/\\\/oud.caravanrepair.eu\\\/wp-content\\\/uploads\\\/2024\\\/06\\\/febdda4c-4fe6-466d-9832-4d13b520c1fe-1024x576.jpg\",\"datePublished\":\"2024-12-04T08:40:00+00:00\",\"dateModified\":\"2024-12-04T08:57:06+00:00\",\"description\":\"Caravan schade in Emmen? Onze specialisten staan voor u klaar! Voorkom verdere schade en hogere kosten door direct te laten repareren.\",\"breadcrumb\":{\"@id\":\"https:\\\/\\\/oud.caravanrepair.eu\\\/caravan-schade-emmen\\\/#breadcrumb\"},\"inLanguage\":\"es\",\"potentialAction\":[{\"@type\":\"ReadAction\",\"target\":[\"https:\\\/\\\/oud.caravanrepair.eu\\\/caravan-schade-emmen\\\/\"]}]},{\"@type\":\"ImageObject\",\"inLanguage\":\"es\",\"@id\":\"https:\\\/\\\/oud.caravanrepair.eu\\\/caravan-schade-emmen\\\/#primaryimage\",\"url\":\"https:\\\/\\\/oud.caravanrepair.eu\\\/wp-content\\\/uploads\\\/2024\\\/06\\\/febdda4c-4fe6-466d-9832-4d13b520c1fe-1024x576.jpg\",\"contentUrl\":\"https:\\\/\\\/oud.caravanrepair.eu\\\/wp-content\\\/uploads\\\/2024\\\/06\\\/febdda4c-4fe6-466d-9832-4d13b520c1fe-1024x576.jpg\"},{\"@type\":\"BreadcrumbList\",\"@id\":\"https:\\\/\\\/oud.caravanrepair.eu\\\/caravan-schade-emmen\\\/#breadcrumb\",\"itemListElement\":[{\"@type\":\"ListItem\",\"position\":1,\"name\":\"Home\",\"item\":\"https:\\\/\\\/oud.caravanrepair.eu\\\/\"},{\"@type\":\"ListItem\",\"position\":2,\"name\":\"Caravan Schade Emmen\"}]},{\"@type\":\"WebSite\",\"@id\":\"https:\\\/\\\/oud.caravanrepair.eu\\\/#website\",\"url\":\"https:\\\/\\\/oud.caravanrepair.eu\\\/\",\"name\":\"CaravanRepair\u00ae\",\"description\":\"Professioneel schadeherstel voor caravan en camper\",\"publisher\":{\"@id\":\"https:\\\/\\\/oud.caravanrepair.eu\\\/#organization\"},\"potentialAction\":[{\"@type\":\"SearchAction\",\"target\":{\"@type\":\"EntryPoint\",\"urlTemplate\":\"https:\\\/\\\/oud.caravanrepair.eu\\\/?s={search_term_string}\"},\"query-input\":{\"@type\":\"PropertyValueSpecification\",\"valueRequired\":true,\"valueName\":\"search_term_string\"}}],\"inLanguage\":\"es\"},{\"@type\":\"Organization\",\"@id\":\"https:\\\/\\\/oud.caravanrepair.eu\\\/#organization\",\"name\":\"CaravanRepair\u00ae\",\"url\":\"https:\\\/\\\/oud.caravanrepair.eu\\\/\",\"logo\":{\"@type\":\"ImageObject\",\"inLanguage\":\"es\",\"@id\":\"https:\\\/\\\/oud.caravanrepair.eu\\\/#\\\/schema\\\/logo\\\/image\\\/\",\"url\":\"https:\\\/\\\/oud.caravanrepair.eu\\\/wp-content\\\/uploads\\\/2019\\\/01\\\/logo-caravanrepair.png\",\"contentUrl\":\"https:\\\/\\\/oud.caravanrepair.eu\\\/wp-content\\\/uploads\\\/2019\\\/01\\\/logo-caravanrepair.png\",\"width\":353,\"height\":150,\"caption\":\"CaravanRepair\u00ae\"},\"image\":{\"@id\":\"https:\\\/\\\/oud.caravanrepair.eu\\\/#\\\/schema\\\/logo\\\/image\\\/\"}}]}<\/script>\n<!-- \/ Yoast SEO Premium plugin. -->","yoast_head_json":{"title":"Da\u00f1os en caravanas Emmen Da\u00f1os en caravanas Emmen","description":"\u00bfDa\u00f1os en caravanas en Emmen? \u00a1Nuestros especialistas est\u00e1n listos para ayudarte! Evite mayores da\u00f1os y mayores costos repar\u00e1ndolo inmediatamente.","robots":{"index":"noindex","follow":"follow","max-snippet":"max-snippet:-1","max-image-preview":"max-image-preview:large","max-video-preview":"max-video-preview:-1"},"og_locale":"es_ES","og_type":"article","og_title":"Caravan Schade Emmen","og_description":"Caravan schade in Emmen? Onze specialisten staan voor u klaar! Voorkom verdere schade en hogere kosten door direct te laten repareren.","og_url":"https:\/\/oud.caravanrepair.eu\/es\/caravana-dano-emmen\/","og_site_name":"CaravanRepair\u00ae","article_modified_time":"2024-12-04T08:57:06+00:00","og_image":[{"width":1920,"height":1080,"url":"https:\/\/oud.caravanrepair.eu\/wp-content\/uploads\/2024\/06\/febdda4c-4fe6-466d-9832-4d13b520c1fe.jpg","type":"image\/jpeg"}],"twitter_card":"summary_large_image","twitter_misc":{"Tiempo de lectura":"2 minutos"},"schema":{"@context":"https:\/\/schema.org","@graph":[{"@type":"WebPage","@id":"https:\/\/oud.caravanrepair.eu\/caravan-schade-emmen\/","url":"https:\/\/oud.caravanrepair.eu\/caravan-schade-emmen\/","name":"Da\u00f1os en caravanas Emmen Da\u00f1os en caravanas Emmen","isPartOf":{"@id":"https:\/\/oud.caravanrepair.eu\/#website"},"primaryImageOfPage":{"@id":"https:\/\/oud.caravanrepair.eu\/caravan-schade-emmen\/#primaryimage"},"image":{"@id":"https:\/\/oud.caravanrepair.eu\/caravan-schade-emmen\/#primaryimage"},"thumbnailUrl":"https:\/\/oud.caravanrepair.eu\/wp-content\/uploads\/2024\/06\/febdda4c-4fe6-466d-9832-4d13b520c1fe-1024x576.jpg","datePublished":"2024-12-04T08:40:00+00:00","dateModified":"2024-12-04T08:57:06+00:00","description":"\u00bfDa\u00f1os en caravanas en Emmen? \u00a1Nuestros especialistas est\u00e1n listos para ayudarte! Evite mayores da\u00f1os y mayores costos repar\u00e1ndolo inmediatamente.","breadcrumb":{"@id":"https:\/\/oud.caravanrepair.eu\/caravan-schade-emmen\/#breadcrumb"},"inLanguage":"es","potentialAction":[{"@type":"ReadAction","target":["https:\/\/oud.caravanrepair.eu\/caravan-schade-emmen\/"]}]},{"@type":"ImageObject","inLanguage":"es","@id":"https:\/\/oud.caravanrepair.eu\/caravan-schade-emmen\/#primaryimage","url":"https:\/\/oud.caravanrepair.eu\/wp-content\/uploads\/2024\/06\/febdda4c-4fe6-466d-9832-4d13b520c1fe-1024x576.jpg","contentUrl":"https:\/\/oud.caravanrepair.eu\/wp-content\/uploads\/2024\/06\/febdda4c-4fe6-466d-9832-4d13b520c1fe-1024x576.jpg"},{"@type":"BreadcrumbList","@id":"https:\/\/oud.caravanrepair.eu\/caravan-schade-emmen\/#breadcrumb","itemListElement":[{"@type":"ListItem","position":1,"name":"Home","item":"https:\/\/oud.caravanrepair.eu\/"},{"@type":"ListItem","position":2,"name":"Caravan Schade Emmen"}]},{"@type":"WebSite","@id":"https:\/\/oud.caravanrepair.eu\/#website","url":"https:\/\/oud.caravanrepair.eu\/","name":"CaravanRepair\u00ae","description":"Reparaci\u00f3n profesional de da\u00f1os para caravanas y autocaravanas","publisher":{"@id":"https:\/\/oud.caravanrepair.eu\/#organization"},"potentialAction":[{"@type":"SearchAction","target":{"@type":"EntryPoint","urlTemplate":"https:\/\/oud.caravanrepair.eu\/?s={search_term_string}"},"query-input":{"@type":"PropertyValueSpecification","valueRequired":true,"valueName":"search_term_string"}}],"inLanguage":"es"},{"@type":"Organization","@id":"https:\/\/oud.caravanrepair.eu\/#organization","name":"CaravanRepair\u00ae","url":"https:\/\/oud.caravanrepair.eu\/","logo":{"@type":"ImageObject","inLanguage":"es","@id":"https:\/\/oud.caravanrepair.eu\/#\/schema\/logo\/image\/","url":"https:\/\/oud.caravanrepair.eu\/wp-content\/uploads\/2019\/01\/logo-caravanrepair.png","contentUrl":"https:\/\/oud.caravanrepair.eu\/wp-content\/uploads\/2019\/01\/logo-caravanrepair.png","width":353,"height":150,"caption":"CaravanRepair\u00ae"},"image":{"@id":"https:\/\/oud.caravanrepair.eu\/#\/schema\/logo\/image\/"}}]}},"_links":{"self":[{"href":"https:\/\/oud.caravanrepair.eu\/es\/wp-json\/wp\/v2\/pages\/17761","targetHints":{"allow":["GET"]}}],"collection":[{"href":"https:\/\/oud.caravanrepair.eu\/es\/wp-json\/wp\/v2\/pages"}],"about":[{"href":"https:\/\/oud.caravanrepair.eu\/es\/wp-json\/wp\/v2\/types\/page"}],"author":[{"embeddable":true,"href":"https:\/\/oud.caravanrepair.eu\/es\/wp-json\/wp\/v2\/users\/3"}],"replies":[{"embeddable":true,"href":"https:\/\/oud.caravanrepair.eu\/es\/wp-json\/wp\/v2\/comments?post=17761"}],"version-history":[{"count":0,"href":"https:\/\/oud.caravanrepair.eu\/es\/wp-json\/wp\/v2\/pages\/17761\/revisions"}],"wp:attachment":[{"href":"https:\/\/oud.caravanrepair.eu\/es\/wp-json\/wp\/v2\/media?parent=17761"}],"curies":[{"name":"wp","href":"https:\/\/api.w.org\/{rel}","templated":true}]}}