{"id":18164,"date":"2024-12-11T09:38:04","date_gmt":"2024-12-11T08:38:04","guid":{"rendered":"https:\/\/oud.caravanrepair.eu\/?page_id=18164"},"modified":"2025-08-25T12:52:47","modified_gmt":"2025-08-25T10:52:47","slug":"danos-en-la-pared-de-la-caravana","status":"publish","type":"page","link":"https:\/\/oud.caravanrepair.eu\/es\/caravanwand-schade\/","title":{"rendered":"Da\u00f1os en la pared de la caravana"},"content":{"rendered":"<div data-elementor-type=\"wp-page\" data-elementor-id=\"18164\" class=\"elementor elementor-18164\" data-elementor-post-type=\"page\">\n\t\t\t\t\t\t<section class=\"elementor-section elementor-top-section elementor-element elementor-element-46078985 elementor-section-height-min-height elementor-section-content-middle elementor-section-full_width elementor-section-height-default elementor-section-items-middle\" data-id=\"46078985\" data-element_type=\"section\" data-e-type=\"section\" data-settings=\"{&quot;background_background&quot;:&quot;classic&quot;}\">\n\t\t\t\t\t\t\t<div class=\"elementor-background-overlay\"><\/div>\n\t\t\t\t\t\t\t<div class=\"elementor-container elementor-column-gap-default\">\n\t\t\t\t\t<div class=\"elementor-column elementor-col-100 elementor-top-column elementor-element elementor-element-6e8f6804\" data-id=\"6e8f6804\" data-element_type=\"column\" data-e-type=\"column\">\n\t\t\t<div class=\"elementor-widget-wrap elementor-element-populated\">\n\t\t\t\t\t\t<div class=\"elementor-element elementor-element-61f0c9b6 elementor-widget elementor-widget-heading\" data-id=\"61f0c9b6\" data-element_type=\"widget\" data-e-type=\"widget\" data-widget_type=\"heading.default\">\n\t\t\t\t<div class=\"elementor-widget-container\">\n\t\t\t\t\t<h1 class=\"elementor-heading-title elementor-size-default\">Da\u00f1os en la pared de la caravana<\/h1>\t\t\t\t<\/div>\n\t\t\t\t<\/div>\n\t\t\t\t<div class=\"elementor-element elementor-element-c54678f elementor-widget elementor-widget-heading\" data-id=\"c54678f\" data-element_type=\"widget\" data-e-type=\"widget\" data-widget_type=\"heading.default\">\n\t\t\t\t<div class=\"elementor-widget-container\">\n\t\t\t\t\t<p class=\"elementor-heading-title elementor-size-default\"> <\/p>\t\t\t\t<\/div>\n\t\t\t\t<\/div>\n\t\t\t\t\t<\/div>\n\t\t<\/div>\n\t\t\t\t\t<\/div>\n\t\t<\/section>\n\t\t\t\t<section class=\"elementor-section elementor-top-section elementor-element elementor-element-6af70ed0 elementor-section-content-middle elementor-section-boxed elementor-section-height-default elementor-section-height-default\" data-id=\"6af70ed0\" data-element_type=\"section\" data-e-type=\"section\">\n\t\t\t\t\t\t<div class=\"elementor-container elementor-column-gap-no\">\n\t\t\t\t\t<div class=\"elementor-column elementor-col-100 elementor-top-column elementor-element elementor-element-4d0f9746\" data-id=\"4d0f9746\" data-element_type=\"column\" data-e-type=\"column\">\n\t\t\t<div class=\"elementor-widget-wrap elementor-element-populated\">\n\t\t\t\t\t\t<div class=\"elementor-element elementor-element-7a8f1c94 elementor-widget elementor-widget-heading\" data-id=\"7a8f1c94\" data-element_type=\"widget\" data-e-type=\"widget\" data-widget_type=\"heading.default\">\n\t\t\t\t<div class=\"elementor-widget-container\">\n\t\t\t\t\t<h2 class=\"elementor-heading-title elementor-size-default\">CaravanRepair\u00ae Reparaci\u00f3n de da\u00f1os de caravana o camper reparada profesionalmente.<\/h2>\t\t\t\t<\/div>\n\t\t\t\t<\/div>\n\t\t\t\t\t<\/div>\n\t\t<\/div>\n\t\t\t\t\t<\/div>\n\t\t<\/section>\n\t\t\t\t<section class=\"elementor-section elementor-top-section elementor-element elementor-element-bd2f804 elementor-section-content-middle elementor-reverse-mobile elementor-section-boxed elementor-section-height-default elementor-section-height-default\" data-id=\"bd2f804\" data-element_type=\"section\" data-e-type=\"section\">\n\t\t\t\t\t\t<div class=\"elementor-container elementor-column-gap-no\">\n\t\t\t\t\t<div class=\"elementor-column elementor-col-50 elementor-top-column elementor-element elementor-element-685275be\" data-id=\"685275be\" data-element_type=\"column\" data-e-type=\"column\">\n\t\t\t<div class=\"elementor-widget-wrap elementor-element-populated\">\n\t\t\t\t\t\t<div class=\"elementor-element elementor-element-522bc112 elementor-widget elementor-widget-heading\" data-id=\"522bc112\" data-element_type=\"widget\" data-e-type=\"widget\" data-widget_type=\"heading.default\">\n\t\t\t\t<div class=\"elementor-widget-container\">\n\t\t\t\t\t<h3 class=\"elementor-heading-title elementor-size-default\">Grupo CaravanRepair\u00ae<\/h3>\t\t\t\t<\/div>\n\t\t\t\t<\/div>\n\t\t\t\t<div class=\"elementor-element elementor-element-66231df0 elementor-widget elementor-widget-text-editor\" data-id=\"66231df0\" data-element_type=\"widget\" data-e-type=\"widget\" data-widget_type=\"text-editor.default\">\n\t\t\t\t<div class=\"elementor-widget-container\">\n\t\t\t\t\t\t\t\t\t<h3>da\u00f1os en la pared de la caravana<\/h3><p>Los da\u00f1os en las paredes de las caravanas se producen regularmente, lo que no es sorprendente, ya que las paredes de las caravanas son una parte vulnerable de la caravana. Afortunadamente, un da\u00f1o en la pared de una caravana se puede reparar de manera adecuada y profesional. Sin embargo, es importante que acuda al reparador de caravanas adecuado. Reparar una pared de caravana todav\u00eda requiere mucha experiencia. Tambi\u00e9n desea que los da\u00f1os de una caravana se reparen de manera adecuada e invisible y que, adem\u00e1s, reciba la garant\u00eda completa. Y tampoco quiere enfrentarse a da\u00f1os por humedad como resultado de una mala reparaci\u00f3n. Es importante que acudas al especialista adecuado. Un especialista en caravanRepair trabaja con herramientas profesionales y tiene los conocimientos adecuados, sus conocimientos se comprueban cada a\u00f1o siguiendo un curso anual que concluye con una certificaci\u00f3n. De esta manera, puede estar seguro de que est\u00e1 en la empresa adecuada para rastrear los da\u00f1os de su caravana. Haga que un experto de confianza se encargue de los da\u00f1os en las paredes de su caravana.<\/p><p>\ud83d\udcdc <span style=\"text-decoration: underline;\"><em><strong><a href=\"https:\/\/oud.caravanrepair.eu\/es\/reparacion-de-caravanas-4\/\" target=\"_blank\" rel=\"noopener\">Eche un vistazo a nuestra p\u00e1gina principal de reparaci\u00f3n de caravanas.<\/a><\/strong><\/em><\/span><\/p><h3>Los da\u00f1os en las paredes de la caravana son muy molestos, haga que un especialista en CaravanRepair los repare r\u00e1pidamente.<\/h3><p>\u00bfTe enteras de que tienes da\u00f1os en una pared de la caravana? Preferiblemente ll\u00e9velo a reparar lo antes posible. Puede ponerse en contacto con todos nuestros distribuidores de CaravanRepair en los Pa\u00edses Bajos para reparar su caravana. Siempre es bienvenido con su caravana en los miembros del grupo CaravanRepair. Son los especialistas en la reparaci\u00f3n de aver\u00edas de caravanas.<a href=\"https:\/\/oud.caravanrepair.eu\/es\/metodo\/\" target=\"_blank\" rel=\"noopener\">Haga clic aqu\u00ed para m\u00e1s informaci\u00f3n.<\/a><\/p>\t\t\t\t\t\t\t\t<\/div>\n\t\t\t\t<\/div>\n\t\t\t\t\t<\/div>\n\t\t<\/div>\n\t\t\t\t<div class=\"elementor-column elementor-col-50 elementor-top-column elementor-element elementor-element-7ce109e5\" data-id=\"7ce109e5\" data-element_type=\"column\" data-e-type=\"column\">\n\t\t\t<div class=\"elementor-widget-wrap elementor-element-populated\">\n\t\t\t\t\t\t<div class=\"elementor-element elementor-element-1cbfad05 elementor-widget elementor-widget-image\" data-id=\"1cbfad05\" data-element_type=\"widget\" data-e-type=\"widget\" data-widget_type=\"image.default\">\n\t\t\t\t<div class=\"elementor-widget-container\">\n\t\t\t\t\t\t\t\t\t\t\t\t\t\t\t<img fetchpriority=\"high\" decoding=\"async\" width=\"1024\" height=\"768\" src=\"https:\/\/oud.caravanrepair.eu\/wp-content\/uploads\/2024\/09\/897de7b6-bdac-493c-b812-ecc0f2bf1f65-1024x768.jpg\" class=\"attachment-large size-large wp-image-16120\" alt=\"CaravanaReparaci\u00f3n Reus\" srcset=\"https:\/\/oud.caravanrepair.eu\/wp-content\/uploads\/2024\/09\/897de7b6-bdac-493c-b812-ecc0f2bf1f65-16x12.jpg 16w, https:\/\/oud.caravanrepair.eu\/wp-content\/uploads\/2024\/09\/897de7b6-bdac-493c-b812-ecc0f2bf1f65-200x150.jpg 200w, https:\/\/oud.caravanrepair.eu\/wp-content\/uploads\/2024\/09\/897de7b6-bdac-493c-b812-ecc0f2bf1f65-300x225.jpg 300w, https:\/\/oud.caravanrepair.eu\/wp-content\/uploads\/2024\/09\/897de7b6-bdac-493c-b812-ecc0f2bf1f65-400x300.jpg 400w, https:\/\/oud.caravanrepair.eu\/wp-content\/uploads\/2024\/09\/897de7b6-bdac-493c-b812-ecc0f2bf1f65-600x450.jpg 600w, https:\/\/oud.caravanrepair.eu\/wp-content\/uploads\/2024\/09\/897de7b6-bdac-493c-b812-ecc0f2bf1f65-768x576.jpg 768w, https:\/\/oud.caravanrepair.eu\/wp-content\/uploads\/2024\/09\/897de7b6-bdac-493c-b812-ecc0f2bf1f65-800x600.jpg 800w, https:\/\/oud.caravanrepair.eu\/wp-content\/uploads\/2024\/09\/897de7b6-bdac-493c-b812-ecc0f2bf1f65-1024x768.jpg 1024w, https:\/\/oud.caravanrepair.eu\/wp-content\/uploads\/2024\/09\/897de7b6-bdac-493c-b812-ecc0f2bf1f65-1200x900.jpg 1200w, https:\/\/oud.caravanrepair.eu\/wp-content\/uploads\/2024\/09\/897de7b6-bdac-493c-b812-ecc0f2bf1f65-1536x1152.jpg 1536w, https:\/\/oud.caravanrepair.eu\/wp-content\/uploads\/2024\/09\/897de7b6-bdac-493c-b812-ecc0f2bf1f65.jpg 1600w\" sizes=\"(max-width: 1024px) 100vw, 1024px\" \/>\t\t\t\t\t\t\t\t\t\t\t\t\t\t\t<\/div>\n\t\t\t\t<\/div>\n\t\t\t\t\t<\/div>\n\t\t<\/div>\n\t\t\t\t\t<\/div>\n\t\t<\/section>\n\t\t\t\t<section class=\"elementor-section elementor-top-section elementor-element elementor-element-5aa62ac7 elementor-section-content-middle elementor-section-boxed elementor-section-height-default elementor-section-height-default\" data-id=\"5aa62ac7\" data-element_type=\"section\" data-e-type=\"section\" data-settings=\"{&quot;background_background&quot;:&quot;classic&quot;}\">\n\t\t\t\t\t\t\t<div class=\"elementor-background-overlay\"><\/div>\n\t\t\t\t\t\t\t<div class=\"elementor-container elementor-column-gap-no\">\n\t\t\t\t\t<div class=\"elementor-column elementor-col-100 elementor-top-column elementor-element elementor-element-1cf46dc2\" data-id=\"1cf46dc2\" data-element_type=\"column\" data-e-type=\"column\">\n\t\t\t<div class=\"elementor-widget-wrap elementor-element-populated\">\n\t\t\t\t\t\t<div class=\"elementor-element elementor-element-5fe715ae elementor-widget elementor-widget-heading\" data-id=\"5fe715ae\" data-element_type=\"widget\" data-e-type=\"widget\" data-widget_type=\"heading.default\">\n\t\t\t\t<div class=\"elementor-widget-container\">\n\t\t\t\t\t<h2 class=\"elementor-heading-title elementor-size-default\">\u00bfReportar da\u00f1os en caravana o autocaravana?<\/h2>\t\t\t\t<\/div>\n\t\t\t\t<\/div>\n\t\t\t\t<div class=\"elementor-element elementor-element-cc7adbd elementor-widget elementor-widget-text-editor\" data-id=\"cc7adbd\" data-element_type=\"widget\" data-e-type=\"widget\" data-widget_type=\"text-editor.default\">\n\t\t\t\t<div class=\"elementor-widget-container\">\n\t\t\t\t\t\t\t\t\t<p style=\"text-align: center;\">Si su caravana o autocaravana ha sufrido da\u00f1os, rellene el formulario de da\u00f1os online y nos pondremos en contacto con usted.<\/p>\t\t\t\t\t\t\t\t<\/div>\n\t\t\t\t<\/div>\n\t\t\t\t<div class=\"elementor-element elementor-element-732af66c elementor-align-center elementor-mobile-align-left elementor-widget elementor-widget-button\" data-id=\"732af66c\" data-element_type=\"widget\" data-e-type=\"widget\" data-widget_type=\"button.default\">\n\t\t\t\t<div class=\"elementor-widget-container\">\n\t\t\t\t\t\t\t\t\t<div class=\"elementor-button-wrapper\">\n\t\t\t\t\t<a class=\"elementor-button elementor-button-link elementor-size-sm elementor-animation-grow\" href=\"https:\/\/oud.caravanrepair.eu\/es\/formulario-de-danos\/\">\n\t\t\t\t\t\t<span class=\"elementor-button-content-wrapper\">\n\t\t\t\t\t\t\t\t\t<span class=\"elementor-button-text\">INFORMAR DA\u00d1OS<\/span>\n\t\t\t\t\t<\/span>\n\t\t\t\t\t<\/a>\n\t\t\t\t<\/div>\n\t\t\t\t\t\t\t\t<\/div>\n\t\t\t\t<\/div>\n\t\t\t\t\t<\/div>\n\t\t<\/div>\n\t\t\t\t\t<\/div>\n\t\t<\/section>\n\t\t\t\t<section class=\"elementor-section elementor-top-section elementor-element elementor-element-57c0f56d elementor-section-full_width elementor-section-content-middle elementor-section-height-default elementor-section-height-default\" data-id=\"57c0f56d\" data-element_type=\"section\" data-e-type=\"section\">\n\t\t\t\t\t\t<div class=\"elementor-container elementor-column-gap-no\">\n\t\t\t\t\t<div class=\"elementor-column elementor-col-50 elementor-top-column elementor-element elementor-element-9472563\" data-id=\"9472563\" data-element_type=\"column\" data-e-type=\"column\" data-settings=\"{&quot;background_background&quot;:&quot;classic&quot;}\">\n\t\t\t<div class=\"elementor-widget-wrap elementor-element-populated\">\n\t\t\t\t\t<div class=\"elementor-background-overlay\"><\/div>\n\t\t\t\t\t\t<div class=\"elementor-element elementor-element-2870da5a elementor-widget elementor-widget-heading\" data-id=\"2870da5a\" data-element_type=\"widget\" data-e-type=\"widget\" data-widget_type=\"heading.default\">\n\t\t\t\t<div class=\"elementor-widget-container\">\n\t\t\t\t\t<h3 class=\"elementor-heading-title elementor-size-default\">Grupo CaravanRepair\u00ae<\/h3>\t\t\t\t<\/div>\n\t\t\t\t<\/div>\n\t\t\t\t\t<\/div>\n\t\t<\/div>\n\t\t\t\t<div class=\"elementor-column elementor-col-50 elementor-top-column elementor-element elementor-element-110c59ec\" data-id=\"110c59ec\" data-element_type=\"column\" data-e-type=\"column\">\n\t\t\t<div class=\"elementor-widget-wrap elementor-element-populated\">\n\t\t\t\t\t\t<div class=\"elementor-element elementor-element-632e01ca elementor-widget elementor-widget-text-editor\" data-id=\"632e01ca\" data-element_type=\"widget\" data-e-type=\"widget\" data-widget_type=\"text-editor.default\">\n\t\t\t\t<div class=\"elementor-widget-container\">\n\t\t\t\t\t\t\t\t\t<h3>\u00bfReparar da\u00f1os en la pared de la caravana?<\/h3><p>En caso de da\u00f1os en las paredes de la caravana, acuda a uno de los especialistas de CaravanRepair en los Pa\u00edses Bajos. Siempre hay un distribuidor en su zona. Como somos especialistas en la reparaci\u00f3n de su caravana o autocaravana, podemos garantizarle una alta calidad. Tienes garant\u00eda con cada desperfecto que hayas reparado por nosotros. De esta manera, puede irse de vacaciones con su caravana sin preocupaciones y puede esperar la misma alta calidad para cualquier reparaci\u00f3n posterior de da\u00f1os. <span style=\"text-decoration: underline;\"><em><a href=\"https:\/\/oud.caravanrepair.eu\/es\/distribuidores\/\"><strong>busque aqu\u00ed un distribuidor cerca de usted.<\/strong><\/a><\/em><\/span><\/p>\t\t\t\t\t\t\t\t<\/div>\n\t\t\t\t<\/div>\n\t\t\t\t\t<\/div>\n\t\t<\/div>\n\t\t\t\t\t<\/div>\n\t\t<\/section>\n\t\t\t\t<section class=\"elementor-section elementor-top-section elementor-element elementor-element-57a4e0fa elementor-section-content-middle elementor-section-boxed elementor-section-height-default elementor-section-height-default\" data-id=\"57a4e0fa\" data-element_type=\"section\" data-e-type=\"section\" data-settings=\"{&quot;background_background&quot;:&quot;classic&quot;}\">\n\t\t\t\t\t\t\t<div class=\"elementor-background-overlay\"><\/div>\n\t\t\t\t\t\t\t<div class=\"elementor-container elementor-column-gap-no\">\n\t\t\t\t\t<div class=\"elementor-column elementor-col-50 elementor-top-column elementor-element elementor-element-61450ac7\" data-id=\"61450ac7\" data-element_type=\"column\" data-e-type=\"column\">\n\t\t\t<div class=\"elementor-widget-wrap elementor-element-populated\">\n\t\t\t\t\t\t<div class=\"elementor-element elementor-element-7727fd03 elementor-widget elementor-widget-heading\" data-id=\"7727fd03\" data-element_type=\"widget\" data-e-type=\"widget\" data-widget_type=\"heading.default\">\n\t\t\t\t<div class=\"elementor-widget-container\">\n\t\t\t\t\t<h2 class=\"elementor-heading-title elementor-size-default\">\u00bfBusca un reparador CaravanRepair\u00ae cerca de usted?<\/h2>\t\t\t\t<\/div>\n\t\t\t\t<\/div>\n\t\t\t\t<div class=\"elementor-element elementor-element-7333ebdc elementor-widget elementor-widget-text-editor\" data-id=\"7333ebdc\" data-element_type=\"widget\" data-e-type=\"widget\" data-widget_type=\"text-editor.default\">\n\t\t\t\t<div class=\"elementor-widget-container\">\n\t\t\t\t\t\t\t\t\t<p>\u00a1Nuestros reparadores de da\u00f1os est\u00e1n activos en toda Europa!<\/p>\t\t\t\t\t\t\t\t<\/div>\n\t\t\t\t<\/div>\n\t\t\t\t\t<\/div>\n\t\t<\/div>\n\t\t\t\t<div class=\"elementor-column elementor-col-50 elementor-top-column elementor-element elementor-element-48f4971d\" data-id=\"48f4971d\" data-element_type=\"column\" data-e-type=\"column\">\n\t\t\t<div class=\"elementor-widget-wrap elementor-element-populated\">\n\t\t\t\t\t\t<div class=\"elementor-element elementor-element-58fb4515 elementor-align-center elementor-mobile-align-left elementor-widget elementor-widget-button\" data-id=\"58fb4515\" data-element_type=\"widget\" data-e-type=\"widget\" data-widget_type=\"button.default\">\n\t\t\t\t<div class=\"elementor-widget-container\">\n\t\t\t\t\t\t\t\t\t<div class=\"elementor-button-wrapper\">\n\t\t\t\t\t<a class=\"elementor-button elementor-button-link elementor-size-sm elementor-animation-grow\" href=\"https:\/\/oud.caravanrepair.eu\/es\/distribuidores\/\">\n\t\t\t\t\t\t<span class=\"elementor-button-content-wrapper\">\n\t\t\t\t\t\t\t\t\t<span class=\"elementor-button-text\">Buscar ahora<\/span>\n\t\t\t\t\t<\/span>\n\t\t\t\t\t<\/a>\n\t\t\t\t<\/div>\n\t\t\t\t\t\t\t\t<\/div>\n\t\t\t\t<\/div>\n\t\t\t\t\t<\/div>\n\t\t<\/div>\n\t\t\t\t\t<\/div>\n\t\t<\/section>\n\t\t\t\t<\/div>","protected":false},"excerpt":{"rendered":"<p>Da\u00f1os en las paredes de la caravana CaravanRepair\u00ae Reparaci\u00f3n de da\u00f1os en caravanas o autocaravanas reparados profesionalmente. CaravanRepair\u00ae Group Da\u00f1os en las paredes de las caravanas Los da\u00f1os en las paredes de las caravanas ocurren con regularidad, incluso si<\/p>","protected":false},"author":3,"featured_media":0,"parent":0,"menu_order":0,"comment_status":"closed","ping_status":"closed","template":"elementor_header_footer","meta":{"footnotes":""},"class_list":["post-18164","page","type-page","status-publish","hentry","pagina_tag-caravan"],"yoast_head":"<!-- This site is optimized with the Yoast SEO Premium plugin v27.5 (Yoast SEO v28.3) - https:\/\/yoast.com\/product\/yoast-seo-premium-wordpress\/ -->\n<title>Caravanwand Schade: Professioneel Herstel voor Uw Caravan<\/title>\n<meta name=\"description\" content=\"Professioneel herstel van caravanwand schade. Kies een ervaren specialist voor onzichtbare en duurzame reparaties met volledige garantie.\" \/>\n<meta name=\"robots\" content=\"noindex, follow, max-snippet:-1, max-image-preview:large, max-video-preview:-1\" \/>\n<meta property=\"og:locale\" content=\"es_ES\" \/>\n<meta property=\"og:type\" content=\"article\" \/>\n<meta property=\"og:title\" content=\"Caravanwand Schade\" \/>\n<meta property=\"og:description\" content=\"Professioneel herstel van caravanwand schade. Kies een ervaren specialist voor onzichtbare en duurzame reparaties met volledige garantie.\" \/>\n<meta property=\"og:url\" content=\"https:\/\/oud.caravanrepair.eu\/es\/danos-en-la-pared-de-la-caravana\/\" \/>\n<meta property=\"og:site_name\" content=\"CaravanRepair\u00ae\" \/>\n<meta property=\"article:modified_time\" content=\"2025-08-25T10:52:47+00:00\" \/>\n<meta property=\"og:image\" content=\"https:\/\/oud.caravanrepair.eu\/wp-content\/uploads\/2024\/09\/897de7b6-bdac-493c-b812-ecc0f2bf1f65.jpg\" \/>\n\t<meta property=\"og:image:width\" content=\"1600\" \/>\n\t<meta property=\"og:image:height\" content=\"1200\" \/>\n\t<meta property=\"og:image:type\" content=\"image\/jpeg\" \/>\n<meta name=\"twitter:card\" content=\"summary_large_image\" \/>\n<meta name=\"twitter:label1\" content=\"Tiempo de lectura\" \/>\n\t<meta name=\"twitter:data1\" content=\"3 minutos\" \/>\n<script type=\"application\/ld+json\" class=\"yoast-schema-graph\">{\"@context\":\"https:\\\/\\\/schema.org\",\"@graph\":[{\"@type\":\"WebPage\",\"@id\":\"https:\\\/\\\/oud.caravanrepair.eu\\\/caravanwand-schade\\\/\",\"url\":\"https:\\\/\\\/oud.caravanrepair.eu\\\/caravanwand-schade\\\/\",\"name\":\"Caravanwand Schade: Professioneel Herstel voor Uw Caravan\",\"isPartOf\":{\"@id\":\"https:\\\/\\\/oud.caravanrepair.eu\\\/#website\"},\"primaryImageOfPage\":{\"@id\":\"https:\\\/\\\/oud.caravanrepair.eu\\\/caravanwand-schade\\\/#primaryimage\"},\"image\":{\"@id\":\"https:\\\/\\\/oud.caravanrepair.eu\\\/caravanwand-schade\\\/#primaryimage\"},\"thumbnailUrl\":\"https:\\\/\\\/oud.caravanrepair.eu\\\/wp-content\\\/uploads\\\/2024\\\/09\\\/897de7b6-bdac-493c-b812-ecc0f2bf1f65-1024x768.jpg\",\"datePublished\":\"2024-12-11T08:38:04+00:00\",\"dateModified\":\"2025-08-25T10:52:47+00:00\",\"description\":\"Professioneel herstel van caravanwand schade. Kies een ervaren specialist voor onzichtbare en duurzame reparaties met volledige garantie.\",\"breadcrumb\":{\"@id\":\"https:\\\/\\\/oud.caravanrepair.eu\\\/caravanwand-schade\\\/#breadcrumb\"},\"inLanguage\":\"es\",\"potentialAction\":[{\"@type\":\"ReadAction\",\"target\":[\"https:\\\/\\\/oud.caravanrepair.eu\\\/caravanwand-schade\\\/\"]}]},{\"@type\":\"ImageObject\",\"inLanguage\":\"es\",\"@id\":\"https:\\\/\\\/oud.caravanrepair.eu\\\/caravanwand-schade\\\/#primaryimage\",\"url\":\"https:\\\/\\\/oud.caravanrepair.eu\\\/wp-content\\\/uploads\\\/2024\\\/09\\\/897de7b6-bdac-493c-b812-ecc0f2bf1f65-1024x768.jpg\",\"contentUrl\":\"https:\\\/\\\/oud.caravanrepair.eu\\\/wp-content\\\/uploads\\\/2024\\\/09\\\/897de7b6-bdac-493c-b812-ecc0f2bf1f65-1024x768.jpg\"},{\"@type\":\"BreadcrumbList\",\"@id\":\"https:\\\/\\\/oud.caravanrepair.eu\\\/caravanwand-schade\\\/#breadcrumb\",\"itemListElement\":[{\"@type\":\"ListItem\",\"position\":1,\"name\":\"Home\",\"item\":\"https:\\\/\\\/oud.caravanrepair.eu\\\/\"},{\"@type\":\"ListItem\",\"position\":2,\"name\":\"Caravanwand Schade\"}]},{\"@type\":\"WebSite\",\"@id\":\"https:\\\/\\\/oud.caravanrepair.eu\\\/#website\",\"url\":\"https:\\\/\\\/oud.caravanrepair.eu\\\/\",\"name\":\"CaravanRepair\u00ae\",\"description\":\"Professioneel schadeherstel voor caravan en camper\",\"publisher\":{\"@id\":\"https:\\\/\\\/oud.caravanrepair.eu\\\/#organization\"},\"potentialAction\":[{\"@type\":\"SearchAction\",\"target\":{\"@type\":\"EntryPoint\",\"urlTemplate\":\"https:\\\/\\\/oud.caravanrepair.eu\\\/?s={search_term_string}\"},\"query-input\":{\"@type\":\"PropertyValueSpecification\",\"valueRequired\":true,\"valueName\":\"search_term_string\"}}],\"inLanguage\":\"es\"},{\"@type\":\"Organization\",\"@id\":\"https:\\\/\\\/oud.caravanrepair.eu\\\/#organization\",\"name\":\"CaravanRepair\u00ae\",\"url\":\"https:\\\/\\\/oud.caravanrepair.eu\\\/\",\"logo\":{\"@type\":\"ImageObject\",\"inLanguage\":\"es\",\"@id\":\"https:\\\/\\\/oud.caravanrepair.eu\\\/#\\\/schema\\\/logo\\\/image\\\/\",\"url\":\"https:\\\/\\\/oud.caravanrepair.eu\\\/wp-content\\\/uploads\\\/2019\\\/01\\\/logo-caravanrepair.png\",\"contentUrl\":\"https:\\\/\\\/oud.caravanrepair.eu\\\/wp-content\\\/uploads\\\/2019\\\/01\\\/logo-caravanrepair.png\",\"width\":353,\"height\":150,\"caption\":\"CaravanRepair\u00ae\"},\"image\":{\"@id\":\"https:\\\/\\\/oud.caravanrepair.eu\\\/#\\\/schema\\\/logo\\\/image\\\/\"}}]}<\/script>\n<!-- \/ Yoast SEO Premium plugin. -->","yoast_head_json":{"title":"Da\u00f1os en las paredes de la caravana: reparaci\u00f3n profesional para su caravana","description":"Reparaci\u00f3n profesional de da\u00f1os en las paredes de la caravana. Elija un especialista experimentado para reparaciones invisibles y duraderas con garant\u00eda total.","robots":{"index":"noindex","follow":"follow","max-snippet":"max-snippet:-1","max-image-preview":"max-image-preview:large","max-video-preview":"max-video-preview:-1"},"og_locale":"es_ES","og_type":"article","og_title":"Caravanwand Schade","og_description":"Professioneel herstel van caravanwand schade. Kies een ervaren specialist voor onzichtbare en duurzame reparaties met volledige garantie.","og_url":"https:\/\/oud.caravanrepair.eu\/es\/danos-en-la-pared-de-la-caravana\/","og_site_name":"CaravanRepair\u00ae","article_modified_time":"2025-08-25T10:52:47+00:00","og_image":[{"width":1600,"height":1200,"url":"https:\/\/oud.caravanrepair.eu\/wp-content\/uploads\/2024\/09\/897de7b6-bdac-493c-b812-ecc0f2bf1f65.jpg","type":"image\/jpeg"}],"twitter_card":"summary_large_image","twitter_misc":{"Tiempo de lectura":"3 minutos"},"schema":{"@context":"https:\/\/schema.org","@graph":[{"@type":"WebPage","@id":"https:\/\/oud.caravanrepair.eu\/caravanwand-schade\/","url":"https:\/\/oud.caravanrepair.eu\/caravanwand-schade\/","name":"Da\u00f1os en las paredes de la caravana: reparaci\u00f3n profesional para su caravana","isPartOf":{"@id":"https:\/\/oud.caravanrepair.eu\/#website"},"primaryImageOfPage":{"@id":"https:\/\/oud.caravanrepair.eu\/caravanwand-schade\/#primaryimage"},"image":{"@id":"https:\/\/oud.caravanrepair.eu\/caravanwand-schade\/#primaryimage"},"thumbnailUrl":"https:\/\/oud.caravanrepair.eu\/wp-content\/uploads\/2024\/09\/897de7b6-bdac-493c-b812-ecc0f2bf1f65-1024x768.jpg","datePublished":"2024-12-11T08:38:04+00:00","dateModified":"2025-08-25T10:52:47+00:00","description":"Reparaci\u00f3n profesional de da\u00f1os en las paredes de la caravana. Elija un especialista experimentado para reparaciones invisibles y duraderas con garant\u00eda total.","breadcrumb":{"@id":"https:\/\/oud.caravanrepair.eu\/caravanwand-schade\/#breadcrumb"},"inLanguage":"es","potentialAction":[{"@type":"ReadAction","target":["https:\/\/oud.caravanrepair.eu\/caravanwand-schade\/"]}]},{"@type":"ImageObject","inLanguage":"es","@id":"https:\/\/oud.caravanrepair.eu\/caravanwand-schade\/#primaryimage","url":"https:\/\/oud.caravanrepair.eu\/wp-content\/uploads\/2024\/09\/897de7b6-bdac-493c-b812-ecc0f2bf1f65-1024x768.jpg","contentUrl":"https:\/\/oud.caravanrepair.eu\/wp-content\/uploads\/2024\/09\/897de7b6-bdac-493c-b812-ecc0f2bf1f65-1024x768.jpg"},{"@type":"BreadcrumbList","@id":"https:\/\/oud.caravanrepair.eu\/caravanwand-schade\/#breadcrumb","itemListElement":[{"@type":"ListItem","position":1,"name":"Home","item":"https:\/\/oud.caravanrepair.eu\/"},{"@type":"ListItem","position":2,"name":"Caravanwand Schade"}]},{"@type":"WebSite","@id":"https:\/\/oud.caravanrepair.eu\/#website","url":"https:\/\/oud.caravanrepair.eu\/","name":"CaravanRepair\u00ae","description":"Reparaci\u00f3n profesional de da\u00f1os para caravanas y autocaravanas","publisher":{"@id":"https:\/\/oud.caravanrepair.eu\/#organization"},"potentialAction":[{"@type":"SearchAction","target":{"@type":"EntryPoint","urlTemplate":"https:\/\/oud.caravanrepair.eu\/?s={search_term_string}"},"query-input":{"@type":"PropertyValueSpecification","valueRequired":true,"valueName":"search_term_string"}}],"inLanguage":"es"},{"@type":"Organization","@id":"https:\/\/oud.caravanrepair.eu\/#organization","name":"CaravanRepair\u00ae","url":"https:\/\/oud.caravanrepair.eu\/","logo":{"@type":"ImageObject","inLanguage":"es","@id":"https:\/\/oud.caravanrepair.eu\/#\/schema\/logo\/image\/","url":"https:\/\/oud.caravanrepair.eu\/wp-content\/uploads\/2019\/01\/logo-caravanrepair.png","contentUrl":"https:\/\/oud.caravanrepair.eu\/wp-content\/uploads\/2019\/01\/logo-caravanrepair.png","width":353,"height":150,"caption":"CaravanRepair\u00ae"},"image":{"@id":"https:\/\/oud.caravanrepair.eu\/#\/schema\/logo\/image\/"}}]}},"_links":{"self":[{"href":"https:\/\/oud.caravanrepair.eu\/es\/wp-json\/wp\/v2\/pages\/18164","targetHints":{"allow":["GET"]}}],"collection":[{"href":"https:\/\/oud.caravanrepair.eu\/es\/wp-json\/wp\/v2\/pages"}],"about":[{"href":"https:\/\/oud.caravanrepair.eu\/es\/wp-json\/wp\/v2\/types\/page"}],"author":[{"embeddable":true,"href":"https:\/\/oud.caravanrepair.eu\/es\/wp-json\/wp\/v2\/users\/3"}],"replies":[{"embeddable":true,"href":"https:\/\/oud.caravanrepair.eu\/es\/wp-json\/wp\/v2\/comments?post=18164"}],"version-history":[{"count":0,"href":"https:\/\/oud.caravanrepair.eu\/es\/wp-json\/wp\/v2\/pages\/18164\/revisions"}],"wp:attachment":[{"href":"https:\/\/oud.caravanrepair.eu\/es\/wp-json\/wp\/v2\/media?parent=18164"}],"curies":[{"name":"wp","href":"https:\/\/api.w.org\/{rel}","templated":true}]}}