{"id":19524,"date":"2025-02-26T14:38:32","date_gmt":"2025-02-26T13:38:32","guid":{"rendered":"https:\/\/oud.caravanrepair.eu\/?page_id=19524"},"modified":"2025-05-19T13:52:12","modified_gmt":"2025-05-19T11:52:12","slug":"reparacion-de-caravanas-en-palafrugell","status":"publish","type":"page","link":"https:\/\/oud.caravanrepair.eu\/es\/caravanrepair-palafrugell\/","title":{"rendered":"Reparaci\u00f3n de caravanas Palafrugell"},"content":{"rendered":"<div data-elementor-type=\"wp-page\" data-elementor-id=\"19524\" class=\"elementor elementor-19524\" data-elementor-post-type=\"page\">\n\t\t\t\t\t\t<section class=\"elementor-section elementor-top-section elementor-element elementor-element-3edf81c4 elementor-section-height-min-height elementor-section-content-middle elementor-section-full_width elementor-section-height-default elementor-section-items-middle\" data-id=\"3edf81c4\" data-element_type=\"section\" data-e-type=\"section\" data-settings=\"{&quot;background_background&quot;:&quot;classic&quot;}\">\n\t\t\t\t\t\t\t<div class=\"elementor-background-overlay\"><\/div>\n\t\t\t\t\t\t\t<div class=\"elementor-container elementor-column-gap-default\">\n\t\t\t\t\t<div class=\"elementor-column elementor-col-100 elementor-top-column elementor-element elementor-element-7ce84d9c\" data-id=\"7ce84d9c\" data-element_type=\"column\" data-e-type=\"column\">\n\t\t\t<div class=\"elementor-widget-wrap elementor-element-populated\">\n\t\t\t\t\t\t<div class=\"elementor-element elementor-element-66e12d60 elementor-widget elementor-widget-heading\" data-id=\"66e12d60\" data-element_type=\"widget\" data-e-type=\"widget\" data-widget_type=\"heading.default\">\n\t\t\t\t<div class=\"elementor-widget-container\">\n\t\t\t\t\t<h1 class=\"elementor-heading-title elementor-size-default\">Reparaci\u00f3n de caravanas Palafrugell<\/h1>\t\t\t\t<\/div>\n\t\t\t\t<\/div>\n\t\t\t\t<div class=\"elementor-element elementor-element-71ff9e4b elementor-widget elementor-widget-heading\" data-id=\"71ff9e4b\" data-element_type=\"widget\" data-e-type=\"widget\" data-widget_type=\"heading.default\">\n\t\t\t\t<div class=\"elementor-widget-container\">\n\t\t\t\t\t<p class=\"elementor-heading-title elementor-size-default\"> <\/p>\t\t\t\t<\/div>\n\t\t\t\t<\/div>\n\t\t\t\t\t<\/div>\n\t\t<\/div>\n\t\t\t\t\t<\/div>\n\t\t<\/section>\n\t\t\t\t<section class=\"elementor-section elementor-top-section elementor-element elementor-element-25094755 elementor-section-content-middle elementor-section-boxed elementor-section-height-default elementor-section-height-default\" data-id=\"25094755\" data-element_type=\"section\" data-e-type=\"section\">\n\t\t\t\t\t\t<div class=\"elementor-container elementor-column-gap-no\">\n\t\t\t\t\t<div class=\"elementor-column elementor-col-100 elementor-top-column elementor-element elementor-element-7355fdcc\" data-id=\"7355fdcc\" data-element_type=\"column\" data-e-type=\"column\">\n\t\t\t<div class=\"elementor-widget-wrap elementor-element-populated\">\n\t\t\t\t\t\t<div class=\"elementor-element elementor-element-7db3ae65 elementor-widget elementor-widget-heading\" data-id=\"7db3ae65\" data-element_type=\"widget\" data-e-type=\"widget\" data-widget_type=\"heading.default\">\n\t\t\t\t<div class=\"elementor-widget-container\">\n\t\t\t\t\t<h2 class=\"elementor-heading-title elementor-size-default\">Su especialista en reparaci\u00f3n de da\u00f1os en caravanas y autocaravanas<\/h2>\t\t\t\t<\/div>\n\t\t\t\t<\/div>\n\t\t\t\t\t<\/div>\n\t\t<\/div>\n\t\t\t\t\t<\/div>\n\t\t<\/section>\n\t\t\t\t<section class=\"elementor-section elementor-top-section elementor-element elementor-element-7765d428 elementor-section-content-middle elementor-reverse-mobile elementor-section-boxed elementor-section-height-default elementor-section-height-default\" data-id=\"7765d428\" data-element_type=\"section\" data-e-type=\"section\">\n\t\t\t\t\t\t<div class=\"elementor-container elementor-column-gap-no\">\n\t\t\t\t\t<div class=\"elementor-column elementor-col-50 elementor-top-column elementor-element elementor-element-78058c1f\" data-id=\"78058c1f\" data-element_type=\"column\" data-e-type=\"column\">\n\t\t\t<div class=\"elementor-widget-wrap elementor-element-populated\">\n\t\t\t\t\t\t<div class=\"elementor-element elementor-element-6c606f20 elementor-widget elementor-widget-heading\" data-id=\"6c606f20\" data-element_type=\"widget\" data-e-type=\"widget\" data-widget_type=\"heading.default\">\n\t\t\t\t<div class=\"elementor-widget-container\">\n\t\t\t\t\t<h3 class=\"elementor-heading-title elementor-size-default\">Nuestro concesionario en Palafrugell es miembro del Grupo CaravanRepair\u00ae<\/h3>\t\t\t\t<\/div>\n\t\t\t\t<\/div>\n\t\t\t\t<div class=\"elementor-element elementor-element-17316979 elementor-widget elementor-widget-text-editor\" data-id=\"17316979\" data-element_type=\"widget\" data-e-type=\"widget\" data-widget_type=\"text-editor.default\">\n\t\t\t\t<div class=\"elementor-widget-container\">\n\t\t\t\t\t\t\t\t\t<h3>Reparaci\u00f3n de Caravanas Palafrugell-Espa\u00f1a.<\/h3><p style=\"font-weight: 400;\">Abeja\u00a0<strong>CaravanaReparaci\u00f3n <\/strong>Trabajamos continuamente para ampliar nuestros servicios y estamos encantados de presentarles a nuestro distribuidor en Palafrugell. \u00a1Esta empresa especializada ofrece servicios de reparaci\u00f3n de da\u00f1os de alta calidad para caravanas y autocaravanas, y est\u00e1 preparada para que su veh\u00edculo vuelva a estar en \u00f3ptimas condiciones de forma r\u00e1pida y eficiente!<\/p><h3 style=\"font-weight: 400;\"><strong>Servicio Profesional de Reparaci\u00f3n de Da\u00f1os en Caravanas y Campers en Palafrugell<\/strong><\/h3><p style=\"font-weight: 400;\">Ya sea un peque\u00f1o ara\u00f1azo, una abolladura o un da\u00f1o grave tras un accidente, nuestro nuevo concesionario en Palam\u00f3s ofrece una soluci\u00f3n total para todas sus necesidades de reparaci\u00f3n de da\u00f1os. Gracias a la experiencia y la tecnolog\u00eda moderna que utilizan, usted tiene la seguridad de una reparaci\u00f3n profesional que dejar\u00e1 su caravana o autocaravana como nueva nuevamente.<\/p><h3 style=\"font-weight: 400;\"><strong>Elige CaravanRepair Palafrugell.<\/strong><\/h3><ul style=\"font-weight: 400;\"><li><strong>Especializaci\u00f3n en Caravanas y Campers<\/strong>:Nos centramos plenamente en la reparaci\u00f3n de da\u00f1os en caravanas y autocaravanas, lo que significa que siempre puede contar con un experto en la materia.<\/li><li><strong>Alta calidad, servicio r\u00e1pido<\/strong>:Entendemos lo importante que es que su veh\u00edculo vuelva a la carretera r\u00e1pidamente. Nuestro especialista en Palam\u00f3s trabaja con eficacia sin comprometer la calidad.<\/li><li><strong>Experiencia y artesan\u00eda<\/strong>:Con a\u00f1os de experiencia en el sector, el concesionario en Palam\u00f3s es una opci\u00f3n confiable para cualquier necesidad de reparaci\u00f3n de da\u00f1os.<\/li><li><strong>Gama completa de reparaciones<\/strong>:Ya sea que se trate de da\u00f1os exteriores, problemas interiores o reparaciones estructurales, tenemos la soluci\u00f3n adecuada.<\/li><\/ul><p style=\"font-weight: 400;\">\u00a0<\/p>\t\t\t\t\t\t\t\t<\/div>\n\t\t\t\t<\/div>\n\t\t\t\t\t<\/div>\n\t\t<\/div>\n\t\t\t\t<div class=\"elementor-column elementor-col-50 elementor-top-column elementor-element elementor-element-19b762dd\" data-id=\"19b762dd\" data-element_type=\"column\" data-e-type=\"column\">\n\t\t\t<div class=\"elementor-widget-wrap elementor-element-populated\">\n\t\t\t\t\t\t<div class=\"elementor-element elementor-element-48b063f elementor-widget elementor-widget-image\" data-id=\"48b063f\" data-element_type=\"widget\" data-e-type=\"widget\" data-widget_type=\"image.default\">\n\t\t\t\t<div class=\"elementor-widget-container\">\n\t\t\t\t\t\t\t\t\t\t\t\t\t\t\t<img fetchpriority=\"high\" decoding=\"async\" width=\"768\" height=\"1024\" src=\"https:\/\/oud.caravanrepair.eu\/wp-content\/uploads\/2024\/09\/Unknown-1-768x1024.jpeg\" class=\"attachment-large size-large wp-image-16119\" alt=\"Reparaci\u00f3n Caravanas Cambrils\" srcset=\"https:\/\/oud.caravanrepair.eu\/wp-content\/uploads\/2024\/09\/Unknown-1-9x12.jpeg 9w, https:\/\/oud.caravanrepair.eu\/wp-content\/uploads\/2024\/09\/Unknown-1-200x267.jpeg 200w, https:\/\/oud.caravanrepair.eu\/wp-content\/uploads\/2024\/09\/Unknown-1-225x300.jpeg 225w, https:\/\/oud.caravanrepair.eu\/wp-content\/uploads\/2024\/09\/Unknown-1-400x533.jpeg 400w, https:\/\/oud.caravanrepair.eu\/wp-content\/uploads\/2024\/09\/Unknown-1-600x800.jpeg 600w, https:\/\/oud.caravanrepair.eu\/wp-content\/uploads\/2024\/09\/Unknown-1-768x1024.jpeg 768w, https:\/\/oud.caravanrepair.eu\/wp-content\/uploads\/2024\/09\/Unknown-1-800x1067.jpeg 800w, https:\/\/oud.caravanrepair.eu\/wp-content\/uploads\/2024\/09\/Unknown-1-1152x1536.jpeg 1152w, https:\/\/oud.caravanrepair.eu\/wp-content\/uploads\/2024\/09\/Unknown-1-1200x1600.jpeg 1200w, https:\/\/oud.caravanrepair.eu\/wp-content\/uploads\/2024\/09\/Unknown-1.jpeg 1530w\" sizes=\"(max-width: 768px) 100vw, 768px\" \/>\t\t\t\t\t\t\t\t\t\t\t\t\t\t\t<\/div>\n\t\t\t\t<\/div>\n\t\t\t\t\t<\/div>\n\t\t<\/div>\n\t\t\t\t\t<\/div>\n\t\t<\/section>\n\t\t\t\t<section class=\"elementor-section elementor-top-section elementor-element elementor-element-61db1180 elementor-section-content-middle elementor-section-boxed elementor-section-height-default elementor-section-height-default\" data-id=\"61db1180\" data-element_type=\"section\" data-e-type=\"section\" data-settings=\"{&quot;background_background&quot;:&quot;classic&quot;}\">\n\t\t\t\t\t\t\t<div class=\"elementor-background-overlay\"><\/div>\n\t\t\t\t\t\t\t<div class=\"elementor-container elementor-column-gap-no\">\n\t\t\t\t\t<div class=\"elementor-column elementor-col-100 elementor-top-column elementor-element elementor-element-3debe734\" data-id=\"3debe734\" data-element_type=\"column\" data-e-type=\"column\">\n\t\t\t<div class=\"elementor-widget-wrap elementor-element-populated\">\n\t\t\t\t\t\t<div class=\"elementor-element elementor-element-4755a6a9 elementor-widget elementor-widget-heading\" data-id=\"4755a6a9\" data-element_type=\"widget\" data-e-type=\"widget\" data-widget_type=\"heading.default\">\n\t\t\t\t<div class=\"elementor-widget-container\">\n\t\t\t\t\t<h2 class=\"elementor-heading-title elementor-size-default\">\u00bfReportar da\u00f1os en caravana o autocaravana?<\/h2>\t\t\t\t<\/div>\n\t\t\t\t<\/div>\n\t\t\t\t<div class=\"elementor-element elementor-element-6c2baad elementor-widget elementor-widget-text-editor\" data-id=\"6c2baad\" data-element_type=\"widget\" data-e-type=\"widget\" data-widget_type=\"text-editor.default\">\n\t\t\t\t<div class=\"elementor-widget-container\">\n\t\t\t\t\t\t\t\t\t<p style=\"text-align: center;\">Si su caravana o autocaravana ha sufrido da\u00f1os, rellene el formulario de da\u00f1os online y nos pondremos en contacto con usted.<\/p>\t\t\t\t\t\t\t\t<\/div>\n\t\t\t\t<\/div>\n\t\t\t\t<div class=\"elementor-element elementor-element-665f2ca4 elementor-align-center elementor-mobile-align-left elementor-widget elementor-widget-button\" data-id=\"665f2ca4\" data-element_type=\"widget\" data-e-type=\"widget\" data-widget_type=\"button.default\">\n\t\t\t\t<div class=\"elementor-widget-container\">\n\t\t\t\t\t\t\t\t\t<div class=\"elementor-button-wrapper\">\n\t\t\t\t\t<a class=\"elementor-button elementor-button-link elementor-size-sm elementor-animation-grow\" href=\"https:\/\/oud.caravanrepair.eu\/es\/formulario-de-danos\/\">\n\t\t\t\t\t\t<span class=\"elementor-button-content-wrapper\">\n\t\t\t\t\t\t\t\t\t<span class=\"elementor-button-text\">INFORMAR DA\u00d1OS<\/span>\n\t\t\t\t\t<\/span>\n\t\t\t\t\t<\/a>\n\t\t\t\t<\/div>\n\t\t\t\t\t\t\t\t<\/div>\n\t\t\t\t<\/div>\n\t\t\t\t\t<\/div>\n\t\t<\/div>\n\t\t\t\t\t<\/div>\n\t\t<\/section>\n\t\t\t\t<section class=\"elementor-section elementor-top-section elementor-element elementor-element-63154434 elementor-section-full_width elementor-section-content-middle elementor-section-height-default elementor-section-height-default\" data-id=\"63154434\" data-element_type=\"section\" data-e-type=\"section\">\n\t\t\t\t\t\t<div class=\"elementor-container elementor-column-gap-no\">\n\t\t\t\t\t<div class=\"elementor-column elementor-col-50 elementor-top-column elementor-element elementor-element-7b2ca9d0\" data-id=\"7b2ca9d0\" data-element_type=\"column\" data-e-type=\"column\" data-settings=\"{&quot;background_background&quot;:&quot;classic&quot;}\">\n\t\t\t<div class=\"elementor-widget-wrap elementor-element-populated\">\n\t\t\t\t\t<div class=\"elementor-background-overlay\"><\/div>\n\t\t\t\t\t\t<div class=\"elementor-element elementor-element-1b852f06 elementor-widget elementor-widget-heading\" data-id=\"1b852f06\" data-element_type=\"widget\" data-e-type=\"widget\" data-widget_type=\"heading.default\">\n\t\t\t\t<div class=\"elementor-widget-container\">\n\t\t\t\t\t<h3 class=\"elementor-heading-title elementor-size-default\">Grupo CaravanRepair\u00ae<\/h3>\t\t\t\t<\/div>\n\t\t\t\t<\/div>\n\t\t\t\t\t<\/div>\n\t\t<\/div>\n\t\t\t\t<div class=\"elementor-column elementor-col-50 elementor-top-column elementor-element elementor-element-3b08ae50\" data-id=\"3b08ae50\" data-element_type=\"column\" data-e-type=\"column\">\n\t\t\t<div class=\"elementor-widget-wrap elementor-element-populated\">\n\t\t\t\t\t\t<div class=\"elementor-element elementor-element-738b6d7b elementor-widget elementor-widget-text-editor\" data-id=\"738b6d7b\" data-element_type=\"widget\" data-e-type=\"widget\" data-widget_type=\"text-editor.default\">\n\t\t\t\t<div class=\"elementor-widget-container\">\n\t\t\t\t\t\t\t\t\t<h3 style=\"font-weight: 400;\"><strong>Los Servicios de CaravanRepair Palafrugell:<\/strong><\/h3><ul style=\"font-weight: 400;\"><li><strong>Reparaci\u00f3n de da\u00f1os exteriores e interiores<\/strong>:Ya sea que se trate de reparar ara\u00f1azos, abolladuras, grietas o da\u00f1os en el interior de su caravana o autocaravana, garantizamos una reparaci\u00f3n exhaustiva y profesional.<\/li><li><strong>Seguros y evaluaci\u00f3n de da\u00f1os<\/strong>:Brindamos asistencia con las inspecciones de da\u00f1os y trabajamos con su compa\u00f1\u00eda de seguros para garantizar un proceso de reclamo sin problemas.<\/li><li><strong>Mantenimiento e Inspecciones T\u00e9cnicas<\/strong>:Adem\u00e1s de la reparaci\u00f3n de da\u00f1os, tambi\u00e9n ofrecemos servicios de mantenimiento e inspecciones para garantizar que su caravana o autocaravana est\u00e9 siempre segura y en \u00f3ptimas condiciones.<\/li><\/ul><h3 style=\"font-weight: 400;\"><strong>CaravanRepair para un servicio de primera<\/strong><\/h3><p style=\"font-weight: 400;\">Somos de f\u00e1cil acceso en Palafrugell y ofrecemos un servicio de primer nivel para caravanas y autocaravanas de la zona. Ya sea que se trate de da\u00f1os menores o necesite una reparaci\u00f3n o reparar un da\u00f1o mayor, puede contar con un servicio r\u00e1pido y confiable.<\/p><h4 style=\"font-weight: 400;\"><em><strong> <a href=\"https:\/\/oud.caravanrepair.eu\/es\/formulario-de-danos\/\" target=\"_blank\" rel=\"noopener\">Haga clic aqu\u00ed para notificar su siniestro<\/a><\/strong><\/em><\/h4>\t\t\t\t\t\t\t\t<\/div>\n\t\t\t\t<\/div>\n\t\t\t\t\t<\/div>\n\t\t<\/div>\n\t\t\t\t\t<\/div>\n\t\t<\/section>\n\t\t\t\t<section class=\"elementor-section elementor-top-section elementor-element elementor-element-7d5f42cf elementor-section-content-middle elementor-section-boxed elementor-section-height-default elementor-section-height-default\" data-id=\"7d5f42cf\" data-element_type=\"section\" data-e-type=\"section\" data-settings=\"{&quot;background_background&quot;:&quot;classic&quot;}\">\n\t\t\t\t\t\t\t<div class=\"elementor-background-overlay\"><\/div>\n\t\t\t\t\t\t\t<div class=\"elementor-container elementor-column-gap-no\">\n\t\t\t\t\t<div class=\"elementor-column elementor-col-50 elementor-top-column elementor-element elementor-element-4c0718d2\" data-id=\"4c0718d2\" data-element_type=\"column\" data-e-type=\"column\">\n\t\t\t<div class=\"elementor-widget-wrap elementor-element-populated\">\n\t\t\t\t\t\t<div class=\"elementor-element elementor-element-2ce1f847 elementor-widget elementor-widget-heading\" data-id=\"2ce1f847\" data-element_type=\"widget\" data-e-type=\"widget\" data-widget_type=\"heading.default\">\n\t\t\t\t<div class=\"elementor-widget-container\">\n\t\t\t\t\t<h2 class=\"elementor-heading-title elementor-size-default\">\u00bfBusca un reparador CaravanRepair\u00ae cerca de usted?<\/h2>\t\t\t\t<\/div>\n\t\t\t\t<\/div>\n\t\t\t\t<div class=\"elementor-element elementor-element-500aa376 elementor-widget elementor-widget-text-editor\" data-id=\"500aa376\" data-element_type=\"widget\" data-e-type=\"widget\" data-widget_type=\"text-editor.default\">\n\t\t\t\t<div class=\"elementor-widget-container\">\n\t\t\t\t\t\t\t\t\t<p>\u00a1Nuestros reparadores de da\u00f1os est\u00e1n activos en toda Europa!<\/p>\t\t\t\t\t\t\t\t<\/div>\n\t\t\t\t<\/div>\n\t\t\t\t\t<\/div>\n\t\t<\/div>\n\t\t\t\t<div class=\"elementor-column elementor-col-50 elementor-top-column elementor-element elementor-element-6f936e87\" data-id=\"6f936e87\" data-element_type=\"column\" data-e-type=\"column\">\n\t\t\t<div class=\"elementor-widget-wrap elementor-element-populated\">\n\t\t\t\t\t\t<div class=\"elementor-element elementor-element-7eef35d5 elementor-align-center elementor-mobile-align-left elementor-widget elementor-widget-button\" data-id=\"7eef35d5\" data-element_type=\"widget\" data-e-type=\"widget\" data-widget_type=\"button.default\">\n\t\t\t\t<div class=\"elementor-widget-container\">\n\t\t\t\t\t\t\t\t\t<div class=\"elementor-button-wrapper\">\n\t\t\t\t\t<a class=\"elementor-button elementor-button-link elementor-size-sm elementor-animation-grow\" href=\"https:\/\/oud.caravanrepair.eu\/es\/distribuidores\/\">\n\t\t\t\t\t\t<span class=\"elementor-button-content-wrapper\">\n\t\t\t\t\t\t\t\t\t<span class=\"elementor-button-text\">Buscar ahora<\/span>\n\t\t\t\t\t<\/span>\n\t\t\t\t\t<\/a>\n\t\t\t\t<\/div>\n\t\t\t\t\t\t\t\t<\/div>\n\t\t\t\t<\/div>\n\t\t\t\t\t<\/div>\n\t\t<\/div>\n\t\t\t\t\t<\/div>\n\t\t<\/section>\n\t\t\t\t<\/div>","protected":false},"excerpt":{"rendered":"<p>CaravanRepair Palafrugell Su especialista en reparaci\u00f3n de da\u00f1os en caravanas y autocaravanas Nuestro concesionario en Palafrugell es miembro del grupo CaravanRepair\u00ae CaravanRepair Palafrugell-Espa\u00f1a.<\/p>","protected":false},"author":3,"featured_media":0,"parent":0,"menu_order":0,"comment_status":"closed","ping_status":"closed","template":"elementor_header_footer","meta":{"footnotes":""},"class_list":["post-19524","page","type-page","status-publish","hentry","pagina_tag-caravanrepair-dealers"],"yoast_head":"<!-- This site is optimized with the Yoast SEO Premium plugin v27.5 (Yoast SEO v28.3) - https:\/\/yoast.com\/product\/yoast-seo-premium-wordpress\/ -->\n<title>CaravanRepair Palafrugell: Hoogwaardige Caravan Schadeherstel<\/title>\n<meta name=\"description\" content=\"CaravanRepair Palafrugell staat klaar om jouw caravan of camper weer als nieuw te maken met professionele schadeherstelservices.\" \/>\n<meta name=\"robots\" content=\"noindex, follow, max-snippet:-1, max-image-preview:large, max-video-preview:-1\" \/>\n<meta property=\"og:locale\" content=\"es_ES\" \/>\n<meta property=\"og:type\" content=\"article\" \/>\n<meta property=\"og:title\" content=\"CaravanRepair Palafrugell\" \/>\n<meta property=\"og:description\" content=\"CaravanRepair Palafrugell staat klaar om jouw caravan of camper weer als nieuw te maken met professionele schadeherstelservices.\" \/>\n<meta property=\"og:url\" content=\"https:\/\/oud.caravanrepair.eu\/es\/reparacion-de-caravanas-en-palafrugell\/\" \/>\n<meta property=\"og:site_name\" content=\"CaravanRepair\u00ae\" \/>\n<meta property=\"article:modified_time\" content=\"2025-05-19T11:52:12+00:00\" \/>\n<meta property=\"og:image\" content=\"https:\/\/oud.caravanrepair.eu\/wp-content\/uploads\/2024\/09\/Unknown-1-768x1024.jpeg\" \/>\n<meta name=\"twitter:card\" content=\"summary_large_image\" \/>\n<meta name=\"twitter:label1\" content=\"Tiempo de lectura\" \/>\n\t<meta name=\"twitter:data1\" content=\"3 minutos\" \/>\n<script type=\"application\/ld+json\" class=\"yoast-schema-graph\">{\"@context\":\"https:\\\/\\\/schema.org\",\"@graph\":[{\"@type\":\"WebPage\",\"@id\":\"https:\\\/\\\/oud.caravanrepair.eu\\\/caravanrepair-palafrugell\\\/\",\"url\":\"https:\\\/\\\/oud.caravanrepair.eu\\\/caravanrepair-palafrugell\\\/\",\"name\":\"CaravanRepair Palafrugell: Hoogwaardige Caravan Schadeherstel\",\"isPartOf\":{\"@id\":\"https:\\\/\\\/oud.caravanrepair.eu\\\/#website\"},\"primaryImageOfPage\":{\"@id\":\"https:\\\/\\\/oud.caravanrepair.eu\\\/caravanrepair-palafrugell\\\/#primaryimage\"},\"image\":{\"@id\":\"https:\\\/\\\/oud.caravanrepair.eu\\\/caravanrepair-palafrugell\\\/#primaryimage\"},\"thumbnailUrl\":\"https:\\\/\\\/oud.caravanrepair.eu\\\/wp-content\\\/uploads\\\/2024\\\/09\\\/Unknown-1-768x1024.jpeg\",\"datePublished\":\"2025-02-26T13:38:32+00:00\",\"dateModified\":\"2025-05-19T11:52:12+00:00\",\"description\":\"CaravanRepair Palafrugell staat klaar om jouw caravan of camper weer als nieuw te maken met professionele schadeherstelservices.\",\"breadcrumb\":{\"@id\":\"https:\\\/\\\/oud.caravanrepair.eu\\\/caravanrepair-palafrugell\\\/#breadcrumb\"},\"inLanguage\":\"es\",\"potentialAction\":[{\"@type\":\"ReadAction\",\"target\":[\"https:\\\/\\\/oud.caravanrepair.eu\\\/caravanrepair-palafrugell\\\/\"]}]},{\"@type\":\"ImageObject\",\"inLanguage\":\"es\",\"@id\":\"https:\\\/\\\/oud.caravanrepair.eu\\\/caravanrepair-palafrugell\\\/#primaryimage\",\"url\":\"https:\\\/\\\/oud.caravanrepair.eu\\\/wp-content\\\/uploads\\\/2024\\\/09\\\/Unknown-1-768x1024.jpeg\",\"contentUrl\":\"https:\\\/\\\/oud.caravanrepair.eu\\\/wp-content\\\/uploads\\\/2024\\\/09\\\/Unknown-1-768x1024.jpeg\"},{\"@type\":\"BreadcrumbList\",\"@id\":\"https:\\\/\\\/oud.caravanrepair.eu\\\/caravanrepair-palafrugell\\\/#breadcrumb\",\"itemListElement\":[{\"@type\":\"ListItem\",\"position\":1,\"name\":\"Home\",\"item\":\"https:\\\/\\\/oud.caravanrepair.eu\\\/\"},{\"@type\":\"ListItem\",\"position\":2,\"name\":\"CaravanRepair Palafrugell\"}]},{\"@type\":\"WebSite\",\"@id\":\"https:\\\/\\\/oud.caravanrepair.eu\\\/#website\",\"url\":\"https:\\\/\\\/oud.caravanrepair.eu\\\/\",\"name\":\"CaravanRepair\u00ae\",\"description\":\"Professioneel schadeherstel voor caravan en camper\",\"publisher\":{\"@id\":\"https:\\\/\\\/oud.caravanrepair.eu\\\/#organization\"},\"potentialAction\":[{\"@type\":\"SearchAction\",\"target\":{\"@type\":\"EntryPoint\",\"urlTemplate\":\"https:\\\/\\\/oud.caravanrepair.eu\\\/?s={search_term_string}\"},\"query-input\":{\"@type\":\"PropertyValueSpecification\",\"valueRequired\":true,\"valueName\":\"search_term_string\"}}],\"inLanguage\":\"es\"},{\"@type\":\"Organization\",\"@id\":\"https:\\\/\\\/oud.caravanrepair.eu\\\/#organization\",\"name\":\"CaravanRepair\u00ae\",\"url\":\"https:\\\/\\\/oud.caravanrepair.eu\\\/\",\"logo\":{\"@type\":\"ImageObject\",\"inLanguage\":\"es\",\"@id\":\"https:\\\/\\\/oud.caravanrepair.eu\\\/#\\\/schema\\\/logo\\\/image\\\/\",\"url\":\"https:\\\/\\\/oud.caravanrepair.eu\\\/wp-content\\\/uploads\\\/2019\\\/01\\\/logo-caravanrepair.png\",\"contentUrl\":\"https:\\\/\\\/oud.caravanrepair.eu\\\/wp-content\\\/uploads\\\/2019\\\/01\\\/logo-caravanrepair.png\",\"width\":353,\"height\":150,\"caption\":\"CaravanRepair\u00ae\"},\"image\":{\"@id\":\"https:\\\/\\\/oud.caravanrepair.eu\\\/#\\\/schema\\\/logo\\\/image\\\/\"}}]}<\/script>\n<!-- \/ Yoast SEO Premium plugin. -->","yoast_head_json":{"title":"CaravanRepair Palafrugell: Reparaci\u00f3n de da\u00f1os en caravanas de alta calidad","description":"CaravanRepair Palafrugell est\u00e1 preparado para dejar su caravana o autocaravana como nueva con servicios profesionales de reparaci\u00f3n de da\u00f1os.","robots":{"index":"noindex","follow":"follow","max-snippet":"max-snippet:-1","max-image-preview":"max-image-preview:large","max-video-preview":"max-video-preview:-1"},"og_locale":"es_ES","og_type":"article","og_title":"CaravanRepair Palafrugell","og_description":"CaravanRepair Palafrugell staat klaar om jouw caravan of camper weer als nieuw te maken met professionele schadeherstelservices.","og_url":"https:\/\/oud.caravanrepair.eu\/es\/reparacion-de-caravanas-en-palafrugell\/","og_site_name":"CaravanRepair\u00ae","article_modified_time":"2025-05-19T11:52:12+00:00","og_image":[{"url":"https:\/\/oud.caravanrepair.eu\/wp-content\/uploads\/2024\/09\/Unknown-1-768x1024.jpeg","type":"","width":"","height":""}],"twitter_card":"summary_large_image","twitter_misc":{"Tiempo de lectura":"3 minutos"},"schema":{"@context":"https:\/\/schema.org","@graph":[{"@type":"WebPage","@id":"https:\/\/oud.caravanrepair.eu\/caravanrepair-palafrugell\/","url":"https:\/\/oud.caravanrepair.eu\/caravanrepair-palafrugell\/","name":"CaravanRepair Palafrugell: Reparaci\u00f3n de da\u00f1os en caravanas de alta calidad","isPartOf":{"@id":"https:\/\/oud.caravanrepair.eu\/#website"},"primaryImageOfPage":{"@id":"https:\/\/oud.caravanrepair.eu\/caravanrepair-palafrugell\/#primaryimage"},"image":{"@id":"https:\/\/oud.caravanrepair.eu\/caravanrepair-palafrugell\/#primaryimage"},"thumbnailUrl":"https:\/\/oud.caravanrepair.eu\/wp-content\/uploads\/2024\/09\/Unknown-1-768x1024.jpeg","datePublished":"2025-02-26T13:38:32+00:00","dateModified":"2025-05-19T11:52:12+00:00","description":"CaravanRepair Palafrugell est\u00e1 preparado para dejar su caravana o autocaravana como nueva con servicios profesionales de reparaci\u00f3n de da\u00f1os.","breadcrumb":{"@id":"https:\/\/oud.caravanrepair.eu\/caravanrepair-palafrugell\/#breadcrumb"},"inLanguage":"es","potentialAction":[{"@type":"ReadAction","target":["https:\/\/oud.caravanrepair.eu\/caravanrepair-palafrugell\/"]}]},{"@type":"ImageObject","inLanguage":"es","@id":"https:\/\/oud.caravanrepair.eu\/caravanrepair-palafrugell\/#primaryimage","url":"https:\/\/oud.caravanrepair.eu\/wp-content\/uploads\/2024\/09\/Unknown-1-768x1024.jpeg","contentUrl":"https:\/\/oud.caravanrepair.eu\/wp-content\/uploads\/2024\/09\/Unknown-1-768x1024.jpeg"},{"@type":"BreadcrumbList","@id":"https:\/\/oud.caravanrepair.eu\/caravanrepair-palafrugell\/#breadcrumb","itemListElement":[{"@type":"ListItem","position":1,"name":"Home","item":"https:\/\/oud.caravanrepair.eu\/"},{"@type":"ListItem","position":2,"name":"CaravanRepair Palafrugell"}]},{"@type":"WebSite","@id":"https:\/\/oud.caravanrepair.eu\/#website","url":"https:\/\/oud.caravanrepair.eu\/","name":"CaravanRepair\u00ae","description":"Reparaci\u00f3n profesional de da\u00f1os para caravanas y autocaravanas","publisher":{"@id":"https:\/\/oud.caravanrepair.eu\/#organization"},"potentialAction":[{"@type":"SearchAction","target":{"@type":"EntryPoint","urlTemplate":"https:\/\/oud.caravanrepair.eu\/?s={search_term_string}"},"query-input":{"@type":"PropertyValueSpecification","valueRequired":true,"valueName":"search_term_string"}}],"inLanguage":"es"},{"@type":"Organization","@id":"https:\/\/oud.caravanrepair.eu\/#organization","name":"CaravanRepair\u00ae","url":"https:\/\/oud.caravanrepair.eu\/","logo":{"@type":"ImageObject","inLanguage":"es","@id":"https:\/\/oud.caravanrepair.eu\/#\/schema\/logo\/image\/","url":"https:\/\/oud.caravanrepair.eu\/wp-content\/uploads\/2019\/01\/logo-caravanrepair.png","contentUrl":"https:\/\/oud.caravanrepair.eu\/wp-content\/uploads\/2019\/01\/logo-caravanrepair.png","width":353,"height":150,"caption":"CaravanRepair\u00ae"},"image":{"@id":"https:\/\/oud.caravanrepair.eu\/#\/schema\/logo\/image\/"}}]}},"_links":{"self":[{"href":"https:\/\/oud.caravanrepair.eu\/es\/wp-json\/wp\/v2\/pages\/19524","targetHints":{"allow":["GET"]}}],"collection":[{"href":"https:\/\/oud.caravanrepair.eu\/es\/wp-json\/wp\/v2\/pages"}],"about":[{"href":"https:\/\/oud.caravanrepair.eu\/es\/wp-json\/wp\/v2\/types\/page"}],"author":[{"embeddable":true,"href":"https:\/\/oud.caravanrepair.eu\/es\/wp-json\/wp\/v2\/users\/3"}],"replies":[{"embeddable":true,"href":"https:\/\/oud.caravanrepair.eu\/es\/wp-json\/wp\/v2\/comments?post=19524"}],"version-history":[{"count":0,"href":"https:\/\/oud.caravanrepair.eu\/es\/wp-json\/wp\/v2\/pages\/19524\/revisions"}],"wp:attachment":[{"href":"https:\/\/oud.caravanrepair.eu\/es\/wp-json\/wp\/v2\/media?parent=19524"}],"curies":[{"name":"wp","href":"https:\/\/api.w.org\/{rel}","templated":true}]}}