{"id":20843,"date":"2025-05-06T12:44:27","date_gmt":"2025-05-06T10:44:27","guid":{"rendered":"https:\/\/oud.caravanrepair.eu\/?page_id=20843"},"modified":"2025-05-06T13:21:12","modified_gmt":"2025-05-06T11:21:12","slug":"caravana-dano-lelystad","status":"publish","type":"page","link":"https:\/\/oud.caravanrepair.eu\/es\/caravan-schade-lelystad\/","title":{"rendered":"Da\u00f1os en caravanas Lelystad"},"content":{"rendered":"<div data-elementor-type=\"wp-page\" data-elementor-id=\"20843\" class=\"elementor elementor-20843\" data-elementor-post-type=\"page\">\n\t\t\t\t\t\t<section class=\"elementor-section elementor-top-section elementor-element elementor-element-2fd347be elementor-section-height-min-height elementor-section-content-middle elementor-section-full_width elementor-section-height-default elementor-section-items-middle\" data-id=\"2fd347be\" data-element_type=\"section\" data-e-type=\"section\" data-settings=\"{&quot;background_background&quot;:&quot;classic&quot;}\">\n\t\t\t\t\t\t\t<div class=\"elementor-background-overlay\"><\/div>\n\t\t\t\t\t\t\t<div class=\"elementor-container elementor-column-gap-default\">\n\t\t\t\t\t<div class=\"elementor-column elementor-col-100 elementor-top-column elementor-element elementor-element-341c0778\" data-id=\"341c0778\" data-element_type=\"column\" data-e-type=\"column\">\n\t\t\t<div class=\"elementor-widget-wrap elementor-element-populated\">\n\t\t\t\t\t\t<div class=\"elementor-element elementor-element-5a32e9a7 elementor-widget elementor-widget-heading\" data-id=\"5a32e9a7\" data-element_type=\"widget\" data-e-type=\"widget\" data-widget_type=\"heading.default\">\n\t\t\t\t<div class=\"elementor-widget-container\">\n\t\t\t\t\t<h1 class=\"elementor-heading-title elementor-size-default\">Da\u00f1os en caravanas Lelystad<\/h1>\t\t\t\t<\/div>\n\t\t\t\t<\/div>\n\t\t\t\t<div class=\"elementor-element elementor-element-71e0fb8f elementor-widget elementor-widget-heading\" data-id=\"71e0fb8f\" data-element_type=\"widget\" data-e-type=\"widget\" data-widget_type=\"heading.default\">\n\t\t\t\t<div class=\"elementor-widget-container\">\n\t\t\t\t\t<p class=\"elementor-heading-title elementor-size-default\"> <\/p>\t\t\t\t<\/div>\n\t\t\t\t<\/div>\n\t\t\t\t\t<\/div>\n\t\t<\/div>\n\t\t\t\t\t<\/div>\n\t\t<\/section>\n\t\t\t\t<section class=\"elementor-section elementor-top-section elementor-element elementor-element-42fce90e elementor-section-content-middle elementor-section-boxed elementor-section-height-default elementor-section-height-default\" data-id=\"42fce90e\" data-element_type=\"section\" data-e-type=\"section\">\n\t\t\t\t\t\t<div class=\"elementor-container elementor-column-gap-no\">\n\t\t\t\t\t<div class=\"elementor-column elementor-col-100 elementor-top-column elementor-element elementor-element-43744a27\" data-id=\"43744a27\" data-element_type=\"column\" data-e-type=\"column\">\n\t\t\t<div class=\"elementor-widget-wrap elementor-element-populated\">\n\t\t\t\t\t\t<div class=\"elementor-element elementor-element-59f6f852 elementor-widget elementor-widget-heading\" data-id=\"59f6f852\" data-element_type=\"widget\" data-e-type=\"widget\" data-widget_type=\"heading.default\">\n\t\t\t\t<div class=\"elementor-widget-container\">\n\t\t\t\t\t<h2 class=\"elementor-heading-title elementor-size-default\">Reparaci\u00f3n de aver\u00edas de caravana o autocaravana reparada profesionalmente.<\/h2>\t\t\t\t<\/div>\n\t\t\t\t<\/div>\n\t\t\t\t\t<\/div>\n\t\t<\/div>\n\t\t\t\t\t<\/div>\n\t\t<\/section>\n\t\t\t\t<section class=\"elementor-section elementor-top-section elementor-element elementor-element-7fe05db elementor-section-content-middle elementor-reverse-mobile elementor-section-boxed elementor-section-height-default elementor-section-height-default\" data-id=\"7fe05db\" data-element_type=\"section\" data-e-type=\"section\">\n\t\t\t\t\t\t<div class=\"elementor-container elementor-column-gap-no\">\n\t\t\t\t\t<div class=\"elementor-column elementor-col-50 elementor-top-column elementor-element elementor-element-2a2e8a6a\" data-id=\"2a2e8a6a\" data-element_type=\"column\" data-e-type=\"column\">\n\t\t\t<div class=\"elementor-widget-wrap elementor-element-populated\">\n\t\t\t\t\t\t<div class=\"elementor-element elementor-element-443ef493 elementor-widget elementor-widget-heading\" data-id=\"443ef493\" data-element_type=\"widget\" data-e-type=\"widget\" data-widget_type=\"heading.default\">\n\t\t\t\t<div class=\"elementor-widget-container\">\n\t\t\t\t\t<h3 class=\"elementor-heading-title elementor-size-default\">Reparaci\u00f3n de da\u00f1os en caravanas en Lelystad - R\u00e1pido, experto y fiable<\/h3>\t\t\t\t<\/div>\n\t\t\t\t<\/div>\n\t\t\t\t<div class=\"elementor-element elementor-element-26cc1b1e elementor-widget elementor-widget-text-editor\" data-id=\"26cc1b1e\" data-element_type=\"widget\" data-e-type=\"widget\" data-widget_type=\"text-editor.default\">\n\t\t\t\t<div class=\"elementor-widget-container\">\n\t\t\t\t\t\t\t\t\t<h3><strong>Especialista en Servicio de caravanas y autocaravanas en Lelystad<\/strong><\/h3><p style=\"font-weight: 400;\">Caravan Damage Lelystad es una empresa de reparaci\u00f3n de da\u00f1os profesional y fiable con un ojo para el detalle. \u00bfHa sufrido da\u00f1os? Si se trata de un peque\u00f1o rasgu\u00f1o, da\u00f1os por granizo, una abolladura en la pared lateral o da\u00f1os m\u00e1s grandes despu\u00e9s de una colisi\u00f3n - en <strong>CaravanRepair Lelystad<\/strong>\u00a0ha llegado al lugar adecuado. Somos especialistas en\u00a0<strong>reparaci\u00f3n de caravanas<\/strong>\u00a0en Flevoland, con a\u00f1os de experiencia, mec\u00e1nicos cualificados y un servicio excelente.<\/p><h3 style=\"font-weight: 400;\"><strong>Qu\u00e9 podemos hacer por usted:<\/strong><\/h3><p style=\"font-weight: 400;\">\u2705\u00a0<strong>Reparaci\u00f3n de da\u00f1os por granizo, tormentas y humedad<\/strong><br \/>\u2705\u00a0<strong>Abolladuras y sustituci\u00f3n del chapado<\/strong><br \/>\u2705\u00a0<strong>Reparaci\u00f3n de da\u00f1os en el poli\u00e9ster<\/strong><br \/>\u2705\u00a0<strong>Sustituci\u00f3n de parabrisas y juntas<\/strong><br \/>\u2705\u00a0<strong>Liquidaci\u00f3n de siniestros con todas las aseguradoras<\/strong><\/p><p style=\"font-weight: 400;\"><strong>\u00bfPor qu\u00e9 elegir Caravan Damage Lelystad?<\/strong><\/p><p style=\"font-weight: 400;\">\ud83d\udd27\u00a0<strong>Profesionales con experiencia<\/strong>\u00a0- Nuestro equipo trabaja con la \u00faltima tecnolog\u00eda y piezas originales.<br \/>\ud83d\udccd\u00a0<strong>Ubicaci\u00f3n c\u00e9ntrica en Lelystad<\/strong>\u00a0- De f\u00e1cil acceso, tambi\u00e9n para clientes de Almere, Dronten y Emmeloord.<br \/>\ud83d\udccb\u00a0<strong>Tramitaci\u00f3n completa de siniestros<\/strong>\u00a0- Nos encargamos de todo con su aseguradora, para que no tenga nada de qu\u00e9 preocuparse.<br \/>\u23f1\u00a0<strong>Servicio r\u00e1pido<\/strong>\u00a0- En muchos casos, su caravana estar\u00e1 lista para volver a utilizarse en pocos d\u00edas.<\/p>\t\t\t\t\t\t\t\t<\/div>\n\t\t\t\t<\/div>\n\t\t\t\t\t<\/div>\n\t\t<\/div>\n\t\t\t\t<div class=\"elementor-column elementor-col-50 elementor-top-column elementor-element elementor-element-6991c136\" data-id=\"6991c136\" data-element_type=\"column\" data-e-type=\"column\">\n\t\t\t<div class=\"elementor-widget-wrap elementor-element-populated\">\n\t\t\t\t\t\t<div class=\"elementor-element elementor-element-3d7cb57f elementor-widget elementor-widget-image\" data-id=\"3d7cb57f\" data-element_type=\"widget\" data-e-type=\"widget\" data-widget_type=\"image.default\">\n\t\t\t\t<div class=\"elementor-widget-container\">\n\t\t\t\t\t\t\t\t\t\t\t\t\t\t\t<img fetchpriority=\"high\" decoding=\"async\" width=\"1024\" height=\"768\" src=\"https:\/\/oud.caravanrepair.eu\/wp-content\/uploads\/2025\/02\/062B1B4F-B5FB-4E4F-A8EA-6BF21B588FEF-1024x768.jpeg\" class=\"attachment-large size-large wp-image-19371\" alt=\"CaravanRepair Sitges\" srcset=\"https:\/\/oud.caravanrepair.eu\/wp-content\/uploads\/2025\/02\/062B1B4F-B5FB-4E4F-A8EA-6BF21B588FEF-16x12.jpeg 16w, https:\/\/oud.caravanrepair.eu\/wp-content\/uploads\/2025\/02\/062B1B4F-B5FB-4E4F-A8EA-6BF21B588FEF-200x150.jpeg 200w, https:\/\/oud.caravanrepair.eu\/wp-content\/uploads\/2025\/02\/062B1B4F-B5FB-4E4F-A8EA-6BF21B588FEF-300x225.jpeg 300w, https:\/\/oud.caravanrepair.eu\/wp-content\/uploads\/2025\/02\/062B1B4F-B5FB-4E4F-A8EA-6BF21B588FEF-400x300.jpeg 400w, https:\/\/oud.caravanrepair.eu\/wp-content\/uploads\/2025\/02\/062B1B4F-B5FB-4E4F-A8EA-6BF21B588FEF-600x450.jpeg 600w, https:\/\/oud.caravanrepair.eu\/wp-content\/uploads\/2025\/02\/062B1B4F-B5FB-4E4F-A8EA-6BF21B588FEF-768x576.jpeg 768w, https:\/\/oud.caravanrepair.eu\/wp-content\/uploads\/2025\/02\/062B1B4F-B5FB-4E4F-A8EA-6BF21B588FEF-800x600.jpeg 800w, https:\/\/oud.caravanrepair.eu\/wp-content\/uploads\/2025\/02\/062B1B4F-B5FB-4E4F-A8EA-6BF21B588FEF-1024x768.jpeg 1024w, https:\/\/oud.caravanrepair.eu\/wp-content\/uploads\/2025\/02\/062B1B4F-B5FB-4E4F-A8EA-6BF21B588FEF-1200x900.jpeg 1200w, https:\/\/oud.caravanrepair.eu\/wp-content\/uploads\/2025\/02\/062B1B4F-B5FB-4E4F-A8EA-6BF21B588FEF-1536x1152.jpeg 1536w, https:\/\/oud.caravanrepair.eu\/wp-content\/uploads\/2025\/02\/062B1B4F-B5FB-4E4F-A8EA-6BF21B588FEF-scaled.jpeg 1920w\" sizes=\"(max-width: 1024px) 100vw, 1024px\" \/>\t\t\t\t\t\t\t\t\t\t\t\t\t\t\t<\/div>\n\t\t\t\t<\/div>\n\t\t\t\t\t<\/div>\n\t\t<\/div>\n\t\t\t\t\t<\/div>\n\t\t<\/section>\n\t\t\t\t<section class=\"elementor-section elementor-top-section elementor-element elementor-element-8b25acc elementor-section-content-middle elementor-section-boxed elementor-section-height-default elementor-section-height-default\" data-id=\"8b25acc\" data-element_type=\"section\" data-e-type=\"section\" data-settings=\"{&quot;background_background&quot;:&quot;classic&quot;}\">\n\t\t\t\t\t\t\t<div class=\"elementor-background-overlay\"><\/div>\n\t\t\t\t\t\t\t<div class=\"elementor-container elementor-column-gap-no\">\n\t\t\t\t\t<div class=\"elementor-column elementor-col-100 elementor-top-column elementor-element elementor-element-67703952\" data-id=\"67703952\" data-element_type=\"column\" data-e-type=\"column\">\n\t\t\t<div class=\"elementor-widget-wrap elementor-element-populated\">\n\t\t\t\t\t\t<div class=\"elementor-element elementor-element-187eafea elementor-widget elementor-widget-heading\" data-id=\"187eafea\" data-element_type=\"widget\" data-e-type=\"widget\" data-widget_type=\"heading.default\">\n\t\t\t\t<div class=\"elementor-widget-container\">\n\t\t\t\t\t<h2 class=\"elementor-heading-title elementor-size-default\">\u00bfReportar da\u00f1os en caravana o autocaravana?<\/h2>\t\t\t\t<\/div>\n\t\t\t\t<\/div>\n\t\t\t\t<div class=\"elementor-element elementor-element-33cac0f9 elementor-widget elementor-widget-text-editor\" data-id=\"33cac0f9\" data-element_type=\"widget\" data-e-type=\"widget\" data-widget_type=\"text-editor.default\">\n\t\t\t\t<div class=\"elementor-widget-container\">\n\t\t\t\t\t\t\t\t\t<p style=\"text-align: center;\">Si su caravana o autocaravana ha sufrido da\u00f1os, rellene el formulario de da\u00f1os online y nos pondremos en contacto con usted.<\/p>\t\t\t\t\t\t\t\t<\/div>\n\t\t\t\t<\/div>\n\t\t\t\t<div class=\"elementor-element elementor-element-7806b39a elementor-align-center elementor-mobile-align-left elementor-widget elementor-widget-button\" data-id=\"7806b39a\" data-element_type=\"widget\" data-e-type=\"widget\" data-widget_type=\"button.default\">\n\t\t\t\t<div class=\"elementor-widget-container\">\n\t\t\t\t\t\t\t\t\t<div class=\"elementor-button-wrapper\">\n\t\t\t\t\t<a class=\"elementor-button elementor-button-link elementor-size-sm elementor-animation-grow\" href=\"https:\/\/oud.caravanrepair.eu\/es\/formulario-de-danos\/\">\n\t\t\t\t\t\t<span class=\"elementor-button-content-wrapper\">\n\t\t\t\t\t\t\t\t\t<span class=\"elementor-button-text\">INFORMAR DA\u00d1OS<\/span>\n\t\t\t\t\t<\/span>\n\t\t\t\t\t<\/a>\n\t\t\t\t<\/div>\n\t\t\t\t\t\t\t\t<\/div>\n\t\t\t\t<\/div>\n\t\t\t\t\t<\/div>\n\t\t<\/div>\n\t\t\t\t\t<\/div>\n\t\t<\/section>\n\t\t\t\t<section class=\"elementor-section elementor-top-section elementor-element elementor-element-101e5b26 elementor-section-full_width elementor-section-content-middle elementor-section-height-default elementor-section-height-default\" data-id=\"101e5b26\" data-element_type=\"section\" data-e-type=\"section\">\n\t\t\t\t\t\t<div class=\"elementor-container elementor-column-gap-no\">\n\t\t\t\t\t<div class=\"elementor-column elementor-col-50 elementor-top-column elementor-element elementor-element-136330d8\" data-id=\"136330d8\" data-element_type=\"column\" data-e-type=\"column\" data-settings=\"{&quot;background_background&quot;:&quot;classic&quot;}\">\n\t\t\t<div class=\"elementor-widget-wrap elementor-element-populated\">\n\t\t\t\t\t<div class=\"elementor-background-overlay\"><\/div>\n\t\t\t\t\t\t<div class=\"elementor-element elementor-element-81f8de4 elementor-widget elementor-widget-heading\" data-id=\"81f8de4\" data-element_type=\"widget\" data-e-type=\"widget\" data-widget_type=\"heading.default\">\n\t\t\t\t<div class=\"elementor-widget-container\">\n\t\t\t\t\t<h3 class=\"elementor-heading-title elementor-size-default\">Da\u00f1os en caravanas Lelystad<\/h3>\t\t\t\t<\/div>\n\t\t\t\t<\/div>\n\t\t\t\t\t<\/div>\n\t\t<\/div>\n\t\t\t\t<div class=\"elementor-column elementor-col-50 elementor-top-column elementor-element elementor-element-35698b0f\" data-id=\"35698b0f\" data-element_type=\"column\" data-e-type=\"column\">\n\t\t\t<div class=\"elementor-widget-wrap elementor-element-populated\">\n\t\t\t\t\t\t<div class=\"elementor-element elementor-element-3fdf9802 elementor-widget elementor-widget-text-editor\" data-id=\"3fdf9802\" data-element_type=\"widget\" data-e-type=\"widget\" data-widget_type=\"text-editor.default\">\n\t\t\t\t<div class=\"elementor-widget-container\">\n\t\t\t\t\t\t\t\t\t<h3 style=\"font-weight: 400;\"><strong>\u00bfDa\u00f1os en la caravana Lelystad? Estamos a su servicio.<\/strong><\/h3><p style=\"font-weight: 400;\">Cuando su caravana sufre da\u00f1os, naturalmente desea que se la reparen lo antes posible y de forma profesional. P\u00f3ngase en contacto con nosotros hoy mismo para solicitar un presupuesto sin compromiso o una cita para la inspecci\u00f3n.<\/p><p style=\"font-weight: 400;\">\ud83d\udcde\u00a0<strong>Ll\u00e1menos directamente al +31 321 324 425<\/strong><br \/>\ud83d\udce7\u00a0<strong>O env\u00ede un correo electr\u00f3nico a info@oud.caravanrepair.eu<\/strong><br \/>\ud83d\udccd<a href=\"https:\/\/oud.caravanrepair.eu\/es\/formulario-de-danos\/\" target=\"_blank\" rel=\"noopener\"><span style=\"text-decoration: underline;\"><em> <strong>Rellene aqu\u00ed el formulario de solicitud<\/strong><\/em><\/span><\/a><\/p><p><strong>CaravanRepair Lelystad - \u00a1Su socio en da\u00f1os y reparaciones de caravanas!<\/strong><\/p>\t\t\t\t\t\t\t\t<\/div>\n\t\t\t\t<\/div>\n\t\t\t\t\t<\/div>\n\t\t<\/div>\n\t\t\t\t\t<\/div>\n\t\t<\/section>\n\t\t\t\t<section class=\"elementor-section elementor-top-section elementor-element elementor-element-623c55c1 elementor-section-content-middle elementor-section-boxed elementor-section-height-default elementor-section-height-default\" data-id=\"623c55c1\" data-element_type=\"section\" data-e-type=\"section\" data-settings=\"{&quot;background_background&quot;:&quot;classic&quot;}\">\n\t\t\t\t\t\t\t<div class=\"elementor-background-overlay\"><\/div>\n\t\t\t\t\t\t\t<div class=\"elementor-container elementor-column-gap-no\">\n\t\t\t\t\t<div class=\"elementor-column elementor-col-50 elementor-top-column elementor-element elementor-element-20b59cdb\" data-id=\"20b59cdb\" data-element_type=\"column\" data-e-type=\"column\">\n\t\t\t<div class=\"elementor-widget-wrap elementor-element-populated\">\n\t\t\t\t\t\t<div class=\"elementor-element elementor-element-5627c094 elementor-widget elementor-widget-heading\" data-id=\"5627c094\" data-element_type=\"widget\" data-e-type=\"widget\" data-widget_type=\"heading.default\">\n\t\t\t\t<div class=\"elementor-widget-container\">\n\t\t\t\t\t<h2 class=\"elementor-heading-title elementor-size-default\">\u00bfBusca un reparador CaravanRepair\u00ae cerca de usted?<\/h2>\t\t\t\t<\/div>\n\t\t\t\t<\/div>\n\t\t\t\t<div class=\"elementor-element elementor-element-f818190 elementor-widget elementor-widget-text-editor\" data-id=\"f818190\" data-element_type=\"widget\" data-e-type=\"widget\" data-widget_type=\"text-editor.default\">\n\t\t\t\t<div class=\"elementor-widget-container\">\n\t\t\t\t\t\t\t\t\t<p>\u00a1Nuestros reparadores de da\u00f1os est\u00e1n activos en toda Europa!<\/p>\t\t\t\t\t\t\t\t<\/div>\n\t\t\t\t<\/div>\n\t\t\t\t\t<\/div>\n\t\t<\/div>\n\t\t\t\t<div class=\"elementor-column elementor-col-50 elementor-top-column elementor-element elementor-element-4bc764d2\" data-id=\"4bc764d2\" data-element_type=\"column\" data-e-type=\"column\">\n\t\t\t<div class=\"elementor-widget-wrap elementor-element-populated\">\n\t\t\t\t\t\t<div class=\"elementor-element elementor-element-1e67cd81 elementor-align-center elementor-mobile-align-left elementor-widget elementor-widget-button\" data-id=\"1e67cd81\" data-element_type=\"widget\" data-e-type=\"widget\" data-widget_type=\"button.default\">\n\t\t\t\t<div class=\"elementor-widget-container\">\n\t\t\t\t\t\t\t\t\t<div class=\"elementor-button-wrapper\">\n\t\t\t\t\t<a class=\"elementor-button elementor-button-link elementor-size-sm elementor-animation-grow\" href=\"https:\/\/oud.caravanrepair.eu\/es\/distribuidores\/\">\n\t\t\t\t\t\t<span class=\"elementor-button-content-wrapper\">\n\t\t\t\t\t\t\t\t\t<span class=\"elementor-button-text\">Buscar ahora<\/span>\n\t\t\t\t\t<\/span>\n\t\t\t\t\t<\/a>\n\t\t\t\t<\/div>\n\t\t\t\t\t\t\t\t<\/div>\n\t\t\t\t<\/div>\n\t\t\t\t\t<\/div>\n\t\t<\/div>\n\t\t\t\t\t<\/div>\n\t\t<\/section>\n\t\t\t\t<\/div>","protected":false},"excerpt":{"rendered":"<p>Reparaci\u00f3n de da\u00f1os de caravana Lelystad Reparaci\u00f3n de da\u00f1os de caravana o autocaravana reparados profesionalmente. Reparaci\u00f3n de da\u00f1os de caravanas en Lelystad - Especialistas r\u00e1pidos, competentes y fiables en<\/p>","protected":false},"author":3,"featured_media":0,"parent":0,"menu_order":0,"comment_status":"closed","ping_status":"closed","template":"elementor_header_footer","meta":{"footnotes":""},"class_list":["post-20843","page","type-page","status-publish","hentry","pagina_tag-caravan"],"yoast_head":"<!-- This site is optimized with the Yoast SEO Premium plugin v27.5 (Yoast SEO v28.3) - https:\/\/yoast.com\/product\/yoast-seo-premium-wordpress\/ -->\n<title>Caravan Schade Lelystad: Expert caravan schadeherstelservice<\/title>\n<meta name=\"description\" content=\"Caravan Schade Lelystad? Ontdek de specialist in caravanschadeherstel met jarenlange ervaring en uitstekende service.\" \/>\n<meta name=\"robots\" content=\"noindex, follow, max-snippet:-1, max-image-preview:large, max-video-preview:-1\" \/>\n<meta property=\"og:locale\" content=\"es_ES\" \/>\n<meta property=\"og:type\" content=\"article\" \/>\n<meta property=\"og:title\" content=\"Caravan Schade Lelystad\" \/>\n<meta property=\"og:description\" content=\"Caravan Schade Lelystad? Ontdek de specialist in caravanschadeherstel met jarenlange ervaring en uitstekende service.\" \/>\n<meta property=\"og:url\" content=\"https:\/\/oud.caravanrepair.eu\/es\/caravana-dano-lelystad\/\" \/>\n<meta property=\"og:site_name\" content=\"CaravanRepair\u00ae\" \/>\n<meta property=\"article:modified_time\" content=\"2025-05-06T11:21:12+00:00\" \/>\n<meta property=\"og:image\" content=\"https:\/\/oud.caravanrepair.eu\/wp-content\/uploads\/2025\/02\/062B1B4F-B5FB-4E4F-A8EA-6BF21B588FEF-scaled.jpeg\" \/>\n\t<meta property=\"og:image:width\" content=\"1920\" \/>\n\t<meta property=\"og:image:height\" content=\"1440\" \/>\n\t<meta property=\"og:image:type\" content=\"image\/jpeg\" \/>\n<meta name=\"twitter:card\" content=\"summary_large_image\" \/>\n<meta name=\"twitter:label1\" content=\"Tiempo de lectura\" \/>\n\t<meta name=\"twitter:data1\" content=\"2 minutos\" \/>\n<script type=\"application\/ld+json\" class=\"yoast-schema-graph\">{\"@context\":\"https:\\\/\\\/schema.org\",\"@graph\":[{\"@type\":\"WebPage\",\"@id\":\"https:\\\/\\\/oud.caravanrepair.eu\\\/caravan-schade-lelystad\\\/\",\"url\":\"https:\\\/\\\/oud.caravanrepair.eu\\\/caravan-schade-lelystad\\\/\",\"name\":\"Caravan Schade Lelystad: Expert caravan schadeherstelservice\",\"isPartOf\":{\"@id\":\"https:\\\/\\\/oud.caravanrepair.eu\\\/#website\"},\"primaryImageOfPage\":{\"@id\":\"https:\\\/\\\/oud.caravanrepair.eu\\\/caravan-schade-lelystad\\\/#primaryimage\"},\"image\":{\"@id\":\"https:\\\/\\\/oud.caravanrepair.eu\\\/caravan-schade-lelystad\\\/#primaryimage\"},\"thumbnailUrl\":\"https:\\\/\\\/oud.caravanrepair.eu\\\/wp-content\\\/uploads\\\/2025\\\/02\\\/062B1B4F-B5FB-4E4F-A8EA-6BF21B588FEF-1024x768.jpeg\",\"datePublished\":\"2025-05-06T10:44:27+00:00\",\"dateModified\":\"2025-05-06T11:21:12+00:00\",\"description\":\"Caravan Schade Lelystad? Ontdek de specialist in caravanschadeherstel met jarenlange ervaring en uitstekende service.\",\"breadcrumb\":{\"@id\":\"https:\\\/\\\/oud.caravanrepair.eu\\\/caravan-schade-lelystad\\\/#breadcrumb\"},\"inLanguage\":\"es\",\"potentialAction\":[{\"@type\":\"ReadAction\",\"target\":[\"https:\\\/\\\/oud.caravanrepair.eu\\\/caravan-schade-lelystad\\\/\"]}]},{\"@type\":\"ImageObject\",\"inLanguage\":\"es\",\"@id\":\"https:\\\/\\\/oud.caravanrepair.eu\\\/caravan-schade-lelystad\\\/#primaryimage\",\"url\":\"https:\\\/\\\/oud.caravanrepair.eu\\\/wp-content\\\/uploads\\\/2025\\\/02\\\/062B1B4F-B5FB-4E4F-A8EA-6BF21B588FEF-1024x768.jpeg\",\"contentUrl\":\"https:\\\/\\\/oud.caravanrepair.eu\\\/wp-content\\\/uploads\\\/2025\\\/02\\\/062B1B4F-B5FB-4E4F-A8EA-6BF21B588FEF-1024x768.jpeg\"},{\"@type\":\"BreadcrumbList\",\"@id\":\"https:\\\/\\\/oud.caravanrepair.eu\\\/caravan-schade-lelystad\\\/#breadcrumb\",\"itemListElement\":[{\"@type\":\"ListItem\",\"position\":1,\"name\":\"Home\",\"item\":\"https:\\\/\\\/oud.caravanrepair.eu\\\/\"},{\"@type\":\"ListItem\",\"position\":2,\"name\":\"Caravan Schade Lelystad\"}]},{\"@type\":\"WebSite\",\"@id\":\"https:\\\/\\\/oud.caravanrepair.eu\\\/#website\",\"url\":\"https:\\\/\\\/oud.caravanrepair.eu\\\/\",\"name\":\"CaravanRepair\u00ae\",\"description\":\"Professioneel schadeherstel voor caravan en camper\",\"publisher\":{\"@id\":\"https:\\\/\\\/oud.caravanrepair.eu\\\/#organization\"},\"potentialAction\":[{\"@type\":\"SearchAction\",\"target\":{\"@type\":\"EntryPoint\",\"urlTemplate\":\"https:\\\/\\\/oud.caravanrepair.eu\\\/?s={search_term_string}\"},\"query-input\":{\"@type\":\"PropertyValueSpecification\",\"valueRequired\":true,\"valueName\":\"search_term_string\"}}],\"inLanguage\":\"es\"},{\"@type\":\"Organization\",\"@id\":\"https:\\\/\\\/oud.caravanrepair.eu\\\/#organization\",\"name\":\"CaravanRepair\u00ae\",\"url\":\"https:\\\/\\\/oud.caravanrepair.eu\\\/\",\"logo\":{\"@type\":\"ImageObject\",\"inLanguage\":\"es\",\"@id\":\"https:\\\/\\\/oud.caravanrepair.eu\\\/#\\\/schema\\\/logo\\\/image\\\/\",\"url\":\"https:\\\/\\\/oud.caravanrepair.eu\\\/wp-content\\\/uploads\\\/2019\\\/01\\\/logo-caravanrepair.png\",\"contentUrl\":\"https:\\\/\\\/oud.caravanrepair.eu\\\/wp-content\\\/uploads\\\/2019\\\/01\\\/logo-caravanrepair.png\",\"width\":353,\"height\":150,\"caption\":\"CaravanRepair\u00ae\"},\"image\":{\"@id\":\"https:\\\/\\\/oud.caravanrepair.eu\\\/#\\\/schema\\\/logo\\\/image\\\/\"}}]}<\/script>\n<!-- \/ Yoast SEO Premium plugin. -->","yoast_head_json":{"title":"Da\u00f1os en caravanas Lelystad: Servicio experto en reparaci\u00f3n de da\u00f1os en caravanas","description":"\u00bfDa\u00f1os en caravanas Lelystad? Descubra al especialista en reparaci\u00f3n de da\u00f1os en caravanas con a\u00f1os de experiencia y un servicio excelente.","robots":{"index":"noindex","follow":"follow","max-snippet":"max-snippet:-1","max-image-preview":"max-image-preview:large","max-video-preview":"max-video-preview:-1"},"og_locale":"es_ES","og_type":"article","og_title":"Caravan Schade Lelystad","og_description":"Caravan Schade Lelystad? Ontdek de specialist in caravanschadeherstel met jarenlange ervaring en uitstekende service.","og_url":"https:\/\/oud.caravanrepair.eu\/es\/caravana-dano-lelystad\/","og_site_name":"CaravanRepair\u00ae","article_modified_time":"2025-05-06T11:21:12+00:00","og_image":[{"width":1920,"height":1440,"url":"https:\/\/oud.caravanrepair.eu\/wp-content\/uploads\/2025\/02\/062B1B4F-B5FB-4E4F-A8EA-6BF21B588FEF-scaled.jpeg","type":"image\/jpeg"}],"twitter_card":"summary_large_image","twitter_misc":{"Tiempo de lectura":"2 minutos"},"schema":{"@context":"https:\/\/schema.org","@graph":[{"@type":"WebPage","@id":"https:\/\/oud.caravanrepair.eu\/caravan-schade-lelystad\/","url":"https:\/\/oud.caravanrepair.eu\/caravan-schade-lelystad\/","name":"Da\u00f1os en caravanas Lelystad: Servicio experto en reparaci\u00f3n de da\u00f1os en caravanas","isPartOf":{"@id":"https:\/\/oud.caravanrepair.eu\/#website"},"primaryImageOfPage":{"@id":"https:\/\/oud.caravanrepair.eu\/caravan-schade-lelystad\/#primaryimage"},"image":{"@id":"https:\/\/oud.caravanrepair.eu\/caravan-schade-lelystad\/#primaryimage"},"thumbnailUrl":"https:\/\/oud.caravanrepair.eu\/wp-content\/uploads\/2025\/02\/062B1B4F-B5FB-4E4F-A8EA-6BF21B588FEF-1024x768.jpeg","datePublished":"2025-05-06T10:44:27+00:00","dateModified":"2025-05-06T11:21:12+00:00","description":"\u00bfDa\u00f1os en caravanas Lelystad? Descubra al especialista en reparaci\u00f3n de da\u00f1os en caravanas con a\u00f1os de experiencia y un servicio excelente.","breadcrumb":{"@id":"https:\/\/oud.caravanrepair.eu\/caravan-schade-lelystad\/#breadcrumb"},"inLanguage":"es","potentialAction":[{"@type":"ReadAction","target":["https:\/\/oud.caravanrepair.eu\/caravan-schade-lelystad\/"]}]},{"@type":"ImageObject","inLanguage":"es","@id":"https:\/\/oud.caravanrepair.eu\/caravan-schade-lelystad\/#primaryimage","url":"https:\/\/oud.caravanrepair.eu\/wp-content\/uploads\/2025\/02\/062B1B4F-B5FB-4E4F-A8EA-6BF21B588FEF-1024x768.jpeg","contentUrl":"https:\/\/oud.caravanrepair.eu\/wp-content\/uploads\/2025\/02\/062B1B4F-B5FB-4E4F-A8EA-6BF21B588FEF-1024x768.jpeg"},{"@type":"BreadcrumbList","@id":"https:\/\/oud.caravanrepair.eu\/caravan-schade-lelystad\/#breadcrumb","itemListElement":[{"@type":"ListItem","position":1,"name":"Home","item":"https:\/\/oud.caravanrepair.eu\/"},{"@type":"ListItem","position":2,"name":"Caravan Schade Lelystad"}]},{"@type":"WebSite","@id":"https:\/\/oud.caravanrepair.eu\/#website","url":"https:\/\/oud.caravanrepair.eu\/","name":"CaravanRepair\u00ae","description":"Reparaci\u00f3n profesional de da\u00f1os para caravanas y autocaravanas","publisher":{"@id":"https:\/\/oud.caravanrepair.eu\/#organization"},"potentialAction":[{"@type":"SearchAction","target":{"@type":"EntryPoint","urlTemplate":"https:\/\/oud.caravanrepair.eu\/?s={search_term_string}"},"query-input":{"@type":"PropertyValueSpecification","valueRequired":true,"valueName":"search_term_string"}}],"inLanguage":"es"},{"@type":"Organization","@id":"https:\/\/oud.caravanrepair.eu\/#organization","name":"CaravanRepair\u00ae","url":"https:\/\/oud.caravanrepair.eu\/","logo":{"@type":"ImageObject","inLanguage":"es","@id":"https:\/\/oud.caravanrepair.eu\/#\/schema\/logo\/image\/","url":"https:\/\/oud.caravanrepair.eu\/wp-content\/uploads\/2019\/01\/logo-caravanrepair.png","contentUrl":"https:\/\/oud.caravanrepair.eu\/wp-content\/uploads\/2019\/01\/logo-caravanrepair.png","width":353,"height":150,"caption":"CaravanRepair\u00ae"},"image":{"@id":"https:\/\/oud.caravanrepair.eu\/#\/schema\/logo\/image\/"}}]}},"_links":{"self":[{"href":"https:\/\/oud.caravanrepair.eu\/es\/wp-json\/wp\/v2\/pages\/20843","targetHints":{"allow":["GET"]}}],"collection":[{"href":"https:\/\/oud.caravanrepair.eu\/es\/wp-json\/wp\/v2\/pages"}],"about":[{"href":"https:\/\/oud.caravanrepair.eu\/es\/wp-json\/wp\/v2\/types\/page"}],"author":[{"embeddable":true,"href":"https:\/\/oud.caravanrepair.eu\/es\/wp-json\/wp\/v2\/users\/3"}],"replies":[{"embeddable":true,"href":"https:\/\/oud.caravanrepair.eu\/es\/wp-json\/wp\/v2\/comments?post=20843"}],"version-history":[{"count":0,"href":"https:\/\/oud.caravanrepair.eu\/es\/wp-json\/wp\/v2\/pages\/20843\/revisions"}],"wp:attachment":[{"href":"https:\/\/oud.caravanrepair.eu\/es\/wp-json\/wp\/v2\/media?parent=20843"}],"curies":[{"name":"wp","href":"https:\/\/api.w.org\/{rel}","templated":true}]}}