{"id":23240,"date":"2025-08-25T09:33:27","date_gmt":"2025-08-25T07:33:27","guid":{"rendered":"https:\/\/oud.caravanrepair.eu\/?page_id=23240"},"modified":"2025-09-06T09:42:46","modified_gmt":"2025-09-06T07:42:46","slug":"dano-de-la-caravana-3","status":"publish","type":"page","link":"https:\/\/oud.caravanrepair.eu\/es\/camperschade\/","title":{"rendered":"da\u00f1o del campista"},"content":{"rendered":"<div data-elementor-type=\"wp-page\" data-elementor-id=\"23240\" class=\"elementor elementor-23240\" data-elementor-post-type=\"page\">\n\t\t\t\t\t\t<section class=\"elementor-section elementor-top-section elementor-element elementor-element-6e18c476 elementor-section-height-min-height elementor-section-content-middle elementor-section-full_width elementor-section-height-default elementor-section-items-middle\" data-id=\"6e18c476\" data-element_type=\"section\" data-e-type=\"section\" data-settings=\"{&quot;background_background&quot;:&quot;classic&quot;}\">\n\t\t\t\t\t\t\t<div class=\"elementor-background-overlay\"><\/div>\n\t\t\t\t\t\t\t<div class=\"elementor-container elementor-column-gap-default\">\n\t\t\t\t\t<div class=\"elementor-column elementor-col-100 elementor-top-column elementor-element elementor-element-2804696\" data-id=\"2804696\" data-element_type=\"column\" data-e-type=\"column\">\n\t\t\t<div class=\"elementor-widget-wrap elementor-element-populated\">\n\t\t\t\t\t\t<div class=\"elementor-element elementor-element-2d53e8e8 elementor-widget elementor-widget-heading\" data-id=\"2d53e8e8\" data-element_type=\"widget\" data-e-type=\"widget\" data-widget_type=\"heading.default\">\n\t\t\t\t<div class=\"elementor-widget-container\">\n\t\t\t\t\t<h1 class=\"elementor-heading-title elementor-size-default\">Da\u00f1os en autocaravanas | En CaravanRepair te ayudamos de forma r\u00e1pida y profesional<\/h1>\t\t\t\t<\/div>\n\t\t\t\t<\/div>\n\t\t\t\t<div class=\"elementor-element elementor-element-4ef6478 elementor-widget elementor-widget-heading\" data-id=\"4ef6478\" data-element_type=\"widget\" data-e-type=\"widget\" data-widget_type=\"heading.default\">\n\t\t\t\t<div class=\"elementor-widget-container\">\n\t\t\t\t\t<p class=\"elementor-heading-title elementor-size-default\"> <\/p>\t\t\t\t<\/div>\n\t\t\t\t<\/div>\n\t\t\t\t\t<\/div>\n\t\t<\/div>\n\t\t\t\t\t<\/div>\n\t\t<\/section>\n\t\t\t\t<section class=\"elementor-section elementor-top-section elementor-element elementor-element-63082a29 elementor-section-content-middle elementor-section-boxed elementor-section-height-default elementor-section-height-default\" data-id=\"63082a29\" data-element_type=\"section\" data-e-type=\"section\">\n\t\t\t\t\t\t<div class=\"elementor-container elementor-column-gap-no\">\n\t\t\t\t\t<div class=\"elementor-column elementor-col-100 elementor-top-column elementor-element elementor-element-136fb140\" data-id=\"136fb140\" data-element_type=\"column\" data-e-type=\"column\">\n\t\t\t<div class=\"elementor-widget-wrap elementor-element-populated\">\n\t\t\t\t\t\t<div class=\"elementor-element elementor-element-52ebe2c4 elementor-widget elementor-widget-heading\" data-id=\"52ebe2c4\" data-element_type=\"widget\" data-e-type=\"widget\" data-widget_type=\"heading.default\">\n\t\t\t\t<div class=\"elementor-widget-container\">\n\t\t\t\t\t<h2 class=\"elementor-heading-title elementor-size-default\">\u00bfDa\u00f1os? Desde da\u00f1os por tormentas hasta reparaciones de techos, nos encargamos de todo con profesionalismo.<\/h2>\t\t\t\t<\/div>\n\t\t\t\t<\/div>\n\t\t\t\t\t<\/div>\n\t\t<\/div>\n\t\t\t\t\t<\/div>\n\t\t<\/section>\n\t\t\t\t<section class=\"elementor-section elementor-top-section elementor-element elementor-element-56d93f92 elementor-section-content-middle elementor-reverse-mobile elementor-section-boxed elementor-section-height-default elementor-section-height-default\" data-id=\"56d93f92\" data-element_type=\"section\" data-e-type=\"section\">\n\t\t\t\t\t\t<div class=\"elementor-container elementor-column-gap-no\">\n\t\t\t\t\t<div class=\"elementor-column elementor-col-50 elementor-top-column elementor-element elementor-element-48af4fdd\" data-id=\"48af4fdd\" data-element_type=\"column\" data-e-type=\"column\">\n\t\t\t<div class=\"elementor-widget-wrap elementor-element-populated\">\n\t\t\t\t\t\t<div class=\"elementor-element elementor-element-7bec7918 elementor-widget elementor-widget-heading\" data-id=\"7bec7918\" data-element_type=\"widget\" data-e-type=\"widget\" data-widget_type=\"heading.default\">\n\t\t\t\t<div class=\"elementor-widget-container\">\n\t\t\t\t\t<h3 class=\"elementor-heading-title elementor-size-default\">Grupo CaravanRepair\u00ae<\/h3>\t\t\t\t<\/div>\n\t\t\t\t<\/div>\n\t\t\t\t<div class=\"elementor-element elementor-element-1ecc08b1 elementor-widget elementor-widget-text-editor\" data-id=\"1ecc08b1\" data-element_type=\"widget\" data-e-type=\"widget\" data-widget_type=\"text-editor.default\">\n\t\t\t\t<div class=\"elementor-widget-container\">\n\t\t\t\t\t\t\t\t\t<h3 style=\"font-weight: 400;\"><strong>\u00bfDa\u00f1os en tu autocaravana? Nos encargamos.<\/strong><\/h3><p style=\"font-weight: 400;\">\u00bfSu autocaravana ha sufrido da\u00f1os? Desde da\u00f1os por granizo y tormentas hasta goteras, problemas de humedad, aparcamiento o colisiones. <strong>CaravanaReparaci\u00f3n<\/strong> Est\u00e1s en el lugar indicado para reparaciones r\u00e1pidas, profesionales y sostenibles. Nos encargamos de todo, incluyendo la gesti\u00f3n de tu seguro si lo deseas.<\/p><p style=\"font-weight: 400;\">\ud83c\udfaf\u00a0<strong>Empresa certificada de reparaci\u00f3n de da\u00f1os: m\u00e1s de 25 a\u00f1os de experiencia<\/strong><\/p><h3 style=\"font-weight: 400;\"><strong>\u00bfNecesita informar r\u00e1pidamente sobre da\u00f1os en su autocaravana?<\/strong><\/h3><p style=\"font-weight: 400;\">Simplemente complete nuestro formulario de reclamo en l\u00ednea: nos comunicaremos con usted dentro de un d\u00eda h\u00e1bil.<a href=\"https:\/\/oud.caravanrepair.eu\/es\/formulario-de-danos\/\" target=\"_blank\" rel=\"noopener\"><span style=\"text-decoration: underline;\"><em><strong> formulario de reclamaci\u00f3n\u00a0<\/strong><\/em><\/span><\/a><\/p><h3 style=\"font-weight: 400;\"><strong>\ud83d\udee0\ufe0f \u00bfCu\u00e1les son nuestras especializaciones en da\u00f1os a autocaravanas?<\/strong><\/h3><p style=\"font-weight: 400;\"><strong>Reparaci\u00f3n de da\u00f1os en autocaravanas<\/strong><\/p><ul style=\"font-weight: 400;\"><li>Da\u00f1os por tormentas y granizo<\/li><li>Restauraci\u00f3n de pl\u00e1stico y poli\u00e9ster (PRFV)<\/li><li>Da\u00f1os o fugas de agua<\/li><li>Da\u00f1os por colisi\u00f3n o ara\u00f1azos y abolladuras<\/li><li>Tramitaci\u00f3n r\u00e1pida con su aseguradora<\/li><\/ul><h3 style=\"font-weight: 400;\"><strong>Reparaci\u00f3n de da\u00f1os en autocaravanas<\/strong><\/h3><ul style=\"font-weight: 400;\"><li>Da\u00f1os en el techo o en las ventanas<\/li><li>Da\u00f1os por humedad y podredumbre de la madera<\/li><li>Da\u00f1os de estacionamiento y reparaci\u00f3n de carrocer\u00eda<\/li><li>Reparaci\u00f3n de interiores e inyecci\u00f3n de suelos.<\/li><\/ul><p style=\"font-weight: 400;\">\ud83d\udca1\u00a0<strong>Siempre con piezas originales y componentes duraderos. Todo con garant\u00eda completa.<\/strong><\/p><h3 style=\"font-weight: 400;\"><strong>\ud83d\ude80 \u00bfPor qu\u00e9 elegir CaravanRepair?<\/strong><\/h3><p style=\"font-weight: 400;\">\u2714 M\u00e1s de 25 a\u00f1os de experiencia<br \/>\u2714 Reparador oficial de da\u00f1os para seguros de caravanas y autocaravanas<br \/>\u2714 Diagn\u00f3stico r\u00e1pido y cotizaci\u00f3n clara<br \/>\u2714 T\u00e9cnicas modernas y soluciones sostenibles<br \/>\u2714 Retenci\u00f3n de la garant\u00eda de f\u00e1brica<br \/>\u2714 Informe de da\u00f1os gratuito para el seguro<\/p><p style=\"font-weight: 400;\">\u00a0<\/p>\t\t\t\t\t\t\t\t<\/div>\n\t\t\t\t<\/div>\n\t\t\t\t\t<\/div>\n\t\t<\/div>\n\t\t\t\t<div class=\"elementor-column elementor-col-50 elementor-top-column elementor-element elementor-element-4f3a7df7\" data-id=\"4f3a7df7\" data-element_type=\"column\" data-e-type=\"column\">\n\t\t\t<div class=\"elementor-widget-wrap elementor-element-populated\">\n\t\t\t\t\t\t<div class=\"elementor-element elementor-element-21ef93f2 elementor-widget elementor-widget-image\" data-id=\"21ef93f2\" data-element_type=\"widget\" data-e-type=\"widget\" data-widget_type=\"image.default\">\n\t\t\t\t<div class=\"elementor-widget-container\">\n\t\t\t\t\t\t\t\t\t\t\t\t\t\t\t<img fetchpriority=\"high\" decoding=\"async\" width=\"640\" height=\"360\" src=\"https:\/\/oud.caravanrepair.eu\/wp-content\/uploads\/2024\/01\/reparacion-autocaravana.jpg\" class=\"attachment-large size-large wp-image-10274\" alt=\"Reparaci\u00f3n de da\u00f1os en autocaravanas\" srcset=\"https:\/\/oud.caravanrepair.eu\/wp-content\/uploads\/2024\/01\/reparacion-autocaravana-18x10.jpg 18w, https:\/\/oud.caravanrepair.eu\/wp-content\/uploads\/2024\/01\/reparacion-autocaravana-200x113.jpg 200w, https:\/\/oud.caravanrepair.eu\/wp-content\/uploads\/2024\/01\/reparacion-autocaravana-300x169.jpg 300w, https:\/\/oud.caravanrepair.eu\/wp-content\/uploads\/2024\/01\/reparacion-autocaravana-400x225.jpg 400w, https:\/\/oud.caravanrepair.eu\/wp-content\/uploads\/2024\/01\/reparacion-autocaravana-600x338.jpg 600w, https:\/\/oud.caravanrepair.eu\/wp-content\/uploads\/2024\/01\/reparacion-autocaravana.jpg 640w\" sizes=\"(max-width: 640px) 100vw, 640px\" \/>\t\t\t\t\t\t\t\t\t\t\t\t\t\t\t<\/div>\n\t\t\t\t<\/div>\n\t\t\t\t\t<\/div>\n\t\t<\/div>\n\t\t\t\t\t<\/div>\n\t\t<\/section>\n\t\t\t\t<section class=\"elementor-section elementor-top-section elementor-element elementor-element-1e4b035a elementor-section-content-middle elementor-section-boxed elementor-section-height-default elementor-section-height-default\" data-id=\"1e4b035a\" data-element_type=\"section\" data-e-type=\"section\" data-settings=\"{&quot;background_background&quot;:&quot;classic&quot;}\">\n\t\t\t\t\t\t\t<div class=\"elementor-background-overlay\"><\/div>\n\t\t\t\t\t\t\t<div class=\"elementor-container elementor-column-gap-no\">\n\t\t\t\t\t<div class=\"elementor-column elementor-col-100 elementor-top-column elementor-element elementor-element-2228d2ee\" data-id=\"2228d2ee\" data-element_type=\"column\" data-e-type=\"column\">\n\t\t\t<div class=\"elementor-widget-wrap elementor-element-populated\">\n\t\t\t\t\t\t<div class=\"elementor-element elementor-element-dae1ac1 elementor-widget elementor-widget-heading\" data-id=\"dae1ac1\" data-element_type=\"widget\" data-e-type=\"widget\" data-widget_type=\"heading.default\">\n\t\t\t\t<div class=\"elementor-widget-container\">\n\t\t\t\t\t<h2 class=\"elementor-heading-title elementor-size-default\">\u00bfReportar da\u00f1os en caravana o autocaravana?<\/h2>\t\t\t\t<\/div>\n\t\t\t\t<\/div>\n\t\t\t\t<div class=\"elementor-element elementor-element-1a9e13c6 elementor-widget elementor-widget-text-editor\" data-id=\"1a9e13c6\" data-element_type=\"widget\" data-e-type=\"widget\" data-widget_type=\"text-editor.default\">\n\t\t\t\t<div class=\"elementor-widget-container\">\n\t\t\t\t\t\t\t\t\t<p style=\"text-align: center;\">Si su caravana o autocaravana ha sufrido da\u00f1os, rellene el formulario de da\u00f1os online y nos pondremos en contacto con usted.<\/p>\t\t\t\t\t\t\t\t<\/div>\n\t\t\t\t<\/div>\n\t\t\t\t<div class=\"elementor-element elementor-element-123b2912 elementor-align-center elementor-mobile-align-left elementor-widget elementor-widget-button\" data-id=\"123b2912\" data-element_type=\"widget\" data-e-type=\"widget\" data-widget_type=\"button.default\">\n\t\t\t\t<div class=\"elementor-widget-container\">\n\t\t\t\t\t\t\t\t\t<div class=\"elementor-button-wrapper\">\n\t\t\t\t\t<a class=\"elementor-button elementor-button-link elementor-size-sm elementor-animation-grow\" href=\"https:\/\/oud.caravanrepair.eu\/es\/formulario-de-danos\/\">\n\t\t\t\t\t\t<span class=\"elementor-button-content-wrapper\">\n\t\t\t\t\t\t\t\t\t<span class=\"elementor-button-text\">INFORMAR DA\u00d1OS<\/span>\n\t\t\t\t\t<\/span>\n\t\t\t\t\t<\/a>\n\t\t\t\t<\/div>\n\t\t\t\t\t\t\t\t<\/div>\n\t\t\t\t<\/div>\n\t\t\t\t\t<\/div>\n\t\t<\/div>\n\t\t\t\t\t<\/div>\n\t\t<\/section>\n\t\t\t\t<section class=\"elementor-section elementor-top-section elementor-element elementor-element-3693672f elementor-section-full_width elementor-section-content-middle elementor-section-height-default elementor-section-height-default\" data-id=\"3693672f\" data-element_type=\"section\" data-e-type=\"section\">\n\t\t\t\t\t\t<div class=\"elementor-container elementor-column-gap-no\">\n\t\t\t\t\t<div class=\"elementor-column elementor-col-50 elementor-top-column elementor-element elementor-element-4f4ea9bd\" data-id=\"4f4ea9bd\" data-element_type=\"column\" data-e-type=\"column\" data-settings=\"{&quot;background_background&quot;:&quot;classic&quot;}\">\n\t\t\t<div class=\"elementor-widget-wrap elementor-element-populated\">\n\t\t\t\t\t<div class=\"elementor-background-overlay\"><\/div>\n\t\t\t\t\t\t<div class=\"elementor-element elementor-element-ee9616d elementor-widget elementor-widget-heading\" data-id=\"ee9616d\" data-element_type=\"widget\" data-e-type=\"widget\" data-widget_type=\"heading.default\">\n\t\t\t\t<div class=\"elementor-widget-container\">\n\t\t\t\t\t<h3 class=\"elementor-heading-title elementor-size-default\">Reparaci\u00f3n de veh\u00edculos recreativos<\/h3>\t\t\t\t<\/div>\n\t\t\t\t<\/div>\n\t\t\t\t\t<\/div>\n\t\t<\/div>\n\t\t\t\t<div class=\"elementor-column elementor-col-50 elementor-top-column elementor-element elementor-element-1724cde6\" data-id=\"1724cde6\" data-element_type=\"column\" data-e-type=\"column\">\n\t\t\t<div class=\"elementor-widget-wrap elementor-element-populated\">\n\t\t\t\t\t\t<div class=\"elementor-element elementor-element-45da6315 elementor-widget elementor-widget-text-editor\" data-id=\"45da6315\" data-element_type=\"widget\" data-e-type=\"widget\" data-widget_type=\"text-editor.default\">\n\t\t\t\t<div class=\"elementor-widget-container\">\n\t\t\t\t\t\t\t\t\t<h3 style=\"font-weight: 400;\"><strong>\ud83d\udcf7 Da\u00f1os comunes que reparamos<\/strong><\/h3><ul style=\"font-weight: 400;\"><li><strong>Da\u00f1os por granizo en el techo de la caravana<\/strong><\/li><li><strong>Tragaluz o calafateo con fugas<\/strong><\/li><li><strong>Pared de caravana rota o da\u00f1o lateral<\/strong><\/li><li><strong>Problemas de suelo o reparaciones interiores<\/strong><\/li><li><strong>Da\u00f1os por robo: ventanas, puertas y cerraduras<\/strong><\/li><\/ul><p style=\"font-weight: 400;\"><a href=\"https:\/\/oud.caravanrepair.eu\/es\/reparar-caravana\/\" target=\"_blank\" rel=\"noopener\">\u27a1\ufe0f Conozca m\u00e1s sobre nuestros m\u00e9todos de reparaci\u00f3n de da\u00f1os<\/a><\/p><h3 style=\"font-weight: 400;\"><strong>\ud83d\udce9 \u00bfNecesitas ayuda inmediata?<\/strong><\/h3><p style=\"font-weight: 400;\">\u00bfTienes da\u00f1os en tu autocaravana y te gustar\u00eda saber cu\u00e1les son los costes?<br \/>Solicite presupuesto sin compromiso o contacte directamente con nosotros.<\/p><p style=\"font-weight: 400;\">\ud83d\udcdd\u00a0<a href=\"https:\/\/oud.caravanrepair.eu\/es\/formulario-de-danos\/\" target=\"_blank\" rel=\"noopener\">Complete el formulario de reclamo<\/a><br \/>\ud83d\udcde +31 321 324 425<br \/>\ud83d\udce7\u00a0info@oud.caravanrepair.eu<\/p><h2 style=\"font-weight: 400;\">CaravanRepair \u2013 Reparaci\u00f3n de da\u00f1os sin preocupaciones.<\/h2>\t\t\t\t\t\t\t\t<\/div>\n\t\t\t\t<\/div>\n\t\t\t\t\t<\/div>\n\t\t<\/div>\n\t\t\t\t\t<\/div>\n\t\t<\/section>\n\t\t\t\t<section class=\"elementor-section elementor-top-section elementor-element elementor-element-2cfb10e5 elementor-section-content-middle elementor-section-boxed elementor-section-height-default elementor-section-height-default\" data-id=\"2cfb10e5\" data-element_type=\"section\" data-e-type=\"section\" data-settings=\"{&quot;background_background&quot;:&quot;classic&quot;}\">\n\t\t\t\t\t\t\t<div class=\"elementor-background-overlay\"><\/div>\n\t\t\t\t\t\t\t<div class=\"elementor-container elementor-column-gap-no\">\n\t\t\t\t\t<div class=\"elementor-column elementor-col-50 elementor-top-column elementor-element elementor-element-22ae20d\" data-id=\"22ae20d\" data-element_type=\"column\" data-e-type=\"column\">\n\t\t\t<div class=\"elementor-widget-wrap elementor-element-populated\">\n\t\t\t\t\t\t<div class=\"elementor-element elementor-element-ef49a85 elementor-widget elementor-widget-heading\" data-id=\"ef49a85\" data-element_type=\"widget\" data-e-type=\"widget\" data-widget_type=\"heading.default\">\n\t\t\t\t<div class=\"elementor-widget-container\">\n\t\t\t\t\t<h2 class=\"elementor-heading-title elementor-size-default\">\u00bfBusca un reparador CaravanRepair\u00ae cerca de usted?<\/h2>\t\t\t\t<\/div>\n\t\t\t\t<\/div>\n\t\t\t\t<div class=\"elementor-element elementor-element-7d4d9010 elementor-widget elementor-widget-text-editor\" data-id=\"7d4d9010\" data-element_type=\"widget\" data-e-type=\"widget\" data-widget_type=\"text-editor.default\">\n\t\t\t\t<div class=\"elementor-widget-container\">\n\t\t\t\t\t\t\t\t\t<p>\u00a1Nuestros reparadores de da\u00f1os est\u00e1n activos en toda Europa!<\/p>\t\t\t\t\t\t\t\t<\/div>\n\t\t\t\t<\/div>\n\t\t\t\t\t<\/div>\n\t\t<\/div>\n\t\t\t\t<div class=\"elementor-column elementor-col-50 elementor-top-column elementor-element elementor-element-351e648e\" data-id=\"351e648e\" data-element_type=\"column\" data-e-type=\"column\">\n\t\t\t<div class=\"elementor-widget-wrap elementor-element-populated\">\n\t\t\t\t\t\t<div class=\"elementor-element elementor-element-6ffe0414 elementor-align-center elementor-mobile-align-left elementor-widget elementor-widget-button\" data-id=\"6ffe0414\" data-element_type=\"widget\" data-e-type=\"widget\" data-widget_type=\"button.default\">\n\t\t\t\t<div class=\"elementor-widget-container\">\n\t\t\t\t\t\t\t\t\t<div class=\"elementor-button-wrapper\">\n\t\t\t\t\t<a class=\"elementor-button elementor-button-link elementor-size-sm elementor-animation-grow\" href=\"https:\/\/oud.caravanrepair.eu\/es\/distribuidores\/\">\n\t\t\t\t\t\t<span class=\"elementor-button-content-wrapper\">\n\t\t\t\t\t\t\t\t\t<span class=\"elementor-button-text\">Buscar ahora<\/span>\n\t\t\t\t\t<\/span>\n\t\t\t\t\t<\/a>\n\t\t\t\t<\/div>\n\t\t\t\t\t\t\t\t<\/div>\n\t\t\t\t<\/div>\n\t\t\t\t\t<\/div>\n\t\t<\/div>\n\t\t\t\t\t<\/div>\n\t\t<\/section>\n\t\t\t\t<\/div>","protected":false},"excerpt":{"rendered":"<p>Da\u00f1os en autocaravanas | En CaravanRepair, le ayudamos con rapidez y profesionalidad. Desde da\u00f1os por tormentas hasta reparaciones de techos, lo solucionaremos con experiencia.<\/p>","protected":false},"author":3,"featured_media":0,"parent":0,"menu_order":0,"comment_status":"closed","ping_status":"closed","template":"elementor_header_footer","meta":{"footnotes":""},"class_list":["post-23240","page","type-page","status-publish","hentry","pagina_tag-camper"],"yoast_head":"<!-- This site is optimized with the Yoast SEO Premium plugin v27.5 (Yoast SEO v28.3) - https:\/\/yoast.com\/product\/yoast-seo-premium-wordpress\/ -->\n<title>Camperschade: Snelle en Duurzame Oplossingen<\/title>\n<meta name=\"description\" content=\"Last van Camperschade? Wij herstellen stormschade, lekkages, vochtschade en meer. Snel geholpen door ervaren schade herstel specialisten.\" \/>\n<meta name=\"robots\" content=\"noindex, follow, max-snippet:-1, max-image-preview:large, max-video-preview:-1\" \/>\n<meta property=\"og:locale\" content=\"es_ES\" \/>\n<meta property=\"og:type\" content=\"article\" \/>\n<meta property=\"og:title\" content=\"Camperschade\" \/>\n<meta property=\"og:description\" content=\"Last van Camperschade? Wij herstellen stormschade, lekkages, vochtschade en meer. Snel geholpen door ervaren schade herstel specialisten.\" \/>\n<meta property=\"og:url\" content=\"https:\/\/oud.caravanrepair.eu\/es\/dano-de-la-caravana-3\/\" \/>\n<meta property=\"og:site_name\" content=\"CaravanRepair\u00ae\" \/>\n<meta property=\"article:modified_time\" content=\"2025-09-06T07:42:46+00:00\" \/>\n<meta property=\"og:image\" content=\"https:\/\/oud.caravanrepair.eu\/wp-content\/uploads\/2024\/01\/reparacion-autocaravana.jpg\" \/>\n\t<meta property=\"og:image:width\" content=\"640\" \/>\n\t<meta property=\"og:image:height\" content=\"360\" \/>\n\t<meta property=\"og:image:type\" content=\"image\/jpeg\" \/>\n<meta name=\"twitter:card\" content=\"summary_large_image\" \/>\n<meta name=\"twitter:label1\" content=\"Tiempo de lectura\" \/>\n\t<meta name=\"twitter:data1\" content=\"2 minutos\" \/>\n<script type=\"application\/ld+json\" class=\"yoast-schema-graph\">{\"@context\":\"https:\\\/\\\/schema.org\",\"@graph\":[{\"@type\":\"WebPage\",\"@id\":\"https:\\\/\\\/oud.caravanrepair.eu\\\/camperschade\\\/\",\"url\":\"https:\\\/\\\/oud.caravanrepair.eu\\\/camperschade\\\/\",\"name\":\"Camperschade: Snelle en Duurzame Oplossingen\",\"isPartOf\":{\"@id\":\"https:\\\/\\\/oud.caravanrepair.eu\\\/#website\"},\"primaryImageOfPage\":{\"@id\":\"https:\\\/\\\/oud.caravanrepair.eu\\\/camperschade\\\/#primaryimage\"},\"image\":{\"@id\":\"https:\\\/\\\/oud.caravanrepair.eu\\\/camperschade\\\/#primaryimage\"},\"thumbnailUrl\":\"https:\\\/\\\/oud.caravanrepair.eu\\\/wp-content\\\/uploads\\\/2024\\\/01\\\/reparacion-autocaravana.jpg\",\"datePublished\":\"2025-08-25T07:33:27+00:00\",\"dateModified\":\"2025-09-06T07:42:46+00:00\",\"description\":\"Last van Camperschade? Wij herstellen stormschade, lekkages, vochtschade en meer. Snel geholpen door ervaren schade herstel specialisten.\",\"breadcrumb\":{\"@id\":\"https:\\\/\\\/oud.caravanrepair.eu\\\/camperschade\\\/#breadcrumb\"},\"inLanguage\":\"es\",\"potentialAction\":[{\"@type\":\"ReadAction\",\"target\":[\"https:\\\/\\\/oud.caravanrepair.eu\\\/camperschade\\\/\"]}]},{\"@type\":\"ImageObject\",\"inLanguage\":\"es\",\"@id\":\"https:\\\/\\\/oud.caravanrepair.eu\\\/camperschade\\\/#primaryimage\",\"url\":\"https:\\\/\\\/oud.caravanrepair.eu\\\/wp-content\\\/uploads\\\/2024\\\/01\\\/reparacion-autocaravana.jpg\",\"contentUrl\":\"https:\\\/\\\/oud.caravanrepair.eu\\\/wp-content\\\/uploads\\\/2024\\\/01\\\/reparacion-autocaravana.jpg\"},{\"@type\":\"BreadcrumbList\",\"@id\":\"https:\\\/\\\/oud.caravanrepair.eu\\\/camperschade\\\/#breadcrumb\",\"itemListElement\":[{\"@type\":\"ListItem\",\"position\":1,\"name\":\"Home\",\"item\":\"https:\\\/\\\/oud.caravanrepair.eu\\\/\"},{\"@type\":\"ListItem\",\"position\":2,\"name\":\"Camperschade\"}]},{\"@type\":\"WebSite\",\"@id\":\"https:\\\/\\\/oud.caravanrepair.eu\\\/#website\",\"url\":\"https:\\\/\\\/oud.caravanrepair.eu\\\/\",\"name\":\"CaravanRepair\u00ae\",\"description\":\"Professioneel schadeherstel voor caravan en camper\",\"publisher\":{\"@id\":\"https:\\\/\\\/oud.caravanrepair.eu\\\/#organization\"},\"potentialAction\":[{\"@type\":\"SearchAction\",\"target\":{\"@type\":\"EntryPoint\",\"urlTemplate\":\"https:\\\/\\\/oud.caravanrepair.eu\\\/?s={search_term_string}\"},\"query-input\":{\"@type\":\"PropertyValueSpecification\",\"valueRequired\":true,\"valueName\":\"search_term_string\"}}],\"inLanguage\":\"es\"},{\"@type\":\"Organization\",\"@id\":\"https:\\\/\\\/oud.caravanrepair.eu\\\/#organization\",\"name\":\"CaravanRepair\u00ae\",\"url\":\"https:\\\/\\\/oud.caravanrepair.eu\\\/\",\"logo\":{\"@type\":\"ImageObject\",\"inLanguage\":\"es\",\"@id\":\"https:\\\/\\\/oud.caravanrepair.eu\\\/#\\\/schema\\\/logo\\\/image\\\/\",\"url\":\"https:\\\/\\\/oud.caravanrepair.eu\\\/wp-content\\\/uploads\\\/2019\\\/01\\\/logo-caravanrepair.png\",\"contentUrl\":\"https:\\\/\\\/oud.caravanrepair.eu\\\/wp-content\\\/uploads\\\/2019\\\/01\\\/logo-caravanrepair.png\",\"width\":353,\"height\":150,\"caption\":\"CaravanRepair\u00ae\"},\"image\":{\"@id\":\"https:\\\/\\\/oud.caravanrepair.eu\\\/#\\\/schema\\\/logo\\\/image\\\/\"}}]}<\/script>\n<!-- \/ Yoast SEO Premium plugin. -->","yoast_head_json":{"title":"Da\u00f1os en autocaravanas: soluciones r\u00e1pidas y duraderas","description":"\u00bfSufre da\u00f1os en su autocaravana? Reparamos da\u00f1os por tormentas, goteras, humedad y m\u00e1s. Reciba ayuda r\u00e1pida de especialistas con experiencia en reparaci\u00f3n de da\u00f1os.","robots":{"index":"noindex","follow":"follow","max-snippet":"max-snippet:-1","max-image-preview":"max-image-preview:large","max-video-preview":"max-video-preview:-1"},"og_locale":"es_ES","og_type":"article","og_title":"Camperschade","og_description":"Last van Camperschade? Wij herstellen stormschade, lekkages, vochtschade en meer. Snel geholpen door ervaren schade herstel specialisten.","og_url":"https:\/\/oud.caravanrepair.eu\/es\/dano-de-la-caravana-3\/","og_site_name":"CaravanRepair\u00ae","article_modified_time":"2025-09-06T07:42:46+00:00","og_image":[{"width":640,"height":360,"url":"https:\/\/oud.caravanrepair.eu\/wp-content\/uploads\/2024\/01\/reparacion-autocaravana.jpg","type":"image\/jpeg"}],"twitter_card":"summary_large_image","twitter_misc":{"Tiempo de lectura":"2 minutos"},"schema":{"@context":"https:\/\/schema.org","@graph":[{"@type":"WebPage","@id":"https:\/\/oud.caravanrepair.eu\/camperschade\/","url":"https:\/\/oud.caravanrepair.eu\/camperschade\/","name":"Da\u00f1os en autocaravanas: soluciones r\u00e1pidas y duraderas","isPartOf":{"@id":"https:\/\/oud.caravanrepair.eu\/#website"},"primaryImageOfPage":{"@id":"https:\/\/oud.caravanrepair.eu\/camperschade\/#primaryimage"},"image":{"@id":"https:\/\/oud.caravanrepair.eu\/camperschade\/#primaryimage"},"thumbnailUrl":"https:\/\/oud.caravanrepair.eu\/wp-content\/uploads\/2024\/01\/reparacion-autocaravana.jpg","datePublished":"2025-08-25T07:33:27+00:00","dateModified":"2025-09-06T07:42:46+00:00","description":"\u00bfSufre da\u00f1os en su autocaravana? Reparamos da\u00f1os por tormentas, goteras, humedad y m\u00e1s. Reciba ayuda r\u00e1pida de especialistas con experiencia en reparaci\u00f3n de da\u00f1os.","breadcrumb":{"@id":"https:\/\/oud.caravanrepair.eu\/camperschade\/#breadcrumb"},"inLanguage":"es","potentialAction":[{"@type":"ReadAction","target":["https:\/\/oud.caravanrepair.eu\/camperschade\/"]}]},{"@type":"ImageObject","inLanguage":"es","@id":"https:\/\/oud.caravanrepair.eu\/camperschade\/#primaryimage","url":"https:\/\/oud.caravanrepair.eu\/wp-content\/uploads\/2024\/01\/reparacion-autocaravana.jpg","contentUrl":"https:\/\/oud.caravanrepair.eu\/wp-content\/uploads\/2024\/01\/reparacion-autocaravana.jpg"},{"@type":"BreadcrumbList","@id":"https:\/\/oud.caravanrepair.eu\/camperschade\/#breadcrumb","itemListElement":[{"@type":"ListItem","position":1,"name":"Home","item":"https:\/\/oud.caravanrepair.eu\/"},{"@type":"ListItem","position":2,"name":"Camperschade"}]},{"@type":"WebSite","@id":"https:\/\/oud.caravanrepair.eu\/#website","url":"https:\/\/oud.caravanrepair.eu\/","name":"CaravanRepair\u00ae","description":"Reparaci\u00f3n profesional de da\u00f1os para caravanas y autocaravanas","publisher":{"@id":"https:\/\/oud.caravanrepair.eu\/#organization"},"potentialAction":[{"@type":"SearchAction","target":{"@type":"EntryPoint","urlTemplate":"https:\/\/oud.caravanrepair.eu\/?s={search_term_string}"},"query-input":{"@type":"PropertyValueSpecification","valueRequired":true,"valueName":"search_term_string"}}],"inLanguage":"es"},{"@type":"Organization","@id":"https:\/\/oud.caravanrepair.eu\/#organization","name":"CaravanRepair\u00ae","url":"https:\/\/oud.caravanrepair.eu\/","logo":{"@type":"ImageObject","inLanguage":"es","@id":"https:\/\/oud.caravanrepair.eu\/#\/schema\/logo\/image\/","url":"https:\/\/oud.caravanrepair.eu\/wp-content\/uploads\/2019\/01\/logo-caravanrepair.png","contentUrl":"https:\/\/oud.caravanrepair.eu\/wp-content\/uploads\/2019\/01\/logo-caravanrepair.png","width":353,"height":150,"caption":"CaravanRepair\u00ae"},"image":{"@id":"https:\/\/oud.caravanrepair.eu\/#\/schema\/logo\/image\/"}}]}},"_links":{"self":[{"href":"https:\/\/oud.caravanrepair.eu\/es\/wp-json\/wp\/v2\/pages\/23240","targetHints":{"allow":["GET"]}}],"collection":[{"href":"https:\/\/oud.caravanrepair.eu\/es\/wp-json\/wp\/v2\/pages"}],"about":[{"href":"https:\/\/oud.caravanrepair.eu\/es\/wp-json\/wp\/v2\/types\/page"}],"author":[{"embeddable":true,"href":"https:\/\/oud.caravanrepair.eu\/es\/wp-json\/wp\/v2\/users\/3"}],"replies":[{"embeddable":true,"href":"https:\/\/oud.caravanrepair.eu\/es\/wp-json\/wp\/v2\/comments?post=23240"}],"version-history":[{"count":0,"href":"https:\/\/oud.caravanrepair.eu\/es\/wp-json\/wp\/v2\/pages\/23240\/revisions"}],"wp:attachment":[{"href":"https:\/\/oud.caravanrepair.eu\/es\/wp-json\/wp\/v2\/media?parent=23240"}],"curies":[{"name":"wp","href":"https:\/\/api.w.org\/{rel}","templated":true}]}}