{"id":2401,"date":"2020-06-12T08:39:42","date_gmt":"2020-06-12T07:39:42","guid":{"rendered":"https:\/\/oud.caravanrepair.eu\/?page_id=2401"},"modified":"2025-09-01T14:59:05","modified_gmt":"2025-09-01T12:59:05","slug":"reparacion-de-escotilla-de-techo-de-caravana","status":"publish","type":"page","link":"https:\/\/oud.caravanrepair.eu\/es\/caravan-dakluik-repareren\/","title":{"rendered":"Reparaci\u00f3n de escotilla de techo de caravana"},"content":{"rendered":"<p><div class=\"fusion-fullwidth fullwidth-box fusion-builder-row-1 hundred-percent-fullwidth non-hundred-percent-height-scrolling fusion-no-small-visibility\" style=\"--awb-border-radius-top-left:0px;--awb-border-radius-top-right:0px;--awb-border-radius-bottom-right:0px;--awb-border-radius-bottom-left:0px;--awb-padding-right:0px;--awb-padding-left:0px;--awb-flex-wrap:wrap;\" ><div class=\"fusion-builder-row fusion-row\"><div class=\"fusion-layout-column fusion_builder_column fusion-builder-column-0 fusion_builder_column_1_1 1_1 fusion-one-full fusion-column-first fusion-column-last\" style=\"--awb-bg-size:cover;\"><div class=\"fusion-column-wrapper fusion-flex-column-wrapper-legacy\">\t\t\t\t\t<div class=\"fusion-slider-container fusion-slider-sc-home fusion-slider-14 full-width-slider\" style=\"height:400px; max-width:100%;\" data-id=\"14\" data-full_height=\"\">\n\t\t\t\t\t\t<style type=\"text\/css\">.fusion-slider-14 .flex-direction-nav a {width:63px;height:63px;line-height:63px;font-size:25px;}<\/style>\t\t\t\t\t\t<div class=\"fusion-slider-loading\">Cargando...<\/div>\n\t\t\t\t\t\t<div class=\"tfs-slider flexslider main-flex full-width-slider\" data-slider_width=\"100%\" data-slider_height=\"400px\" data-full_screen=\"0\" data-parallax=\"0\" data-nav_arrows=\"0\" data-nav_box_width=\"63px\" data-nav_box_height=\"63px\" data-nav_arrow_size=\"25px\" data-autoplay=\"0\" data-loop=\"0\" data-orderby=\"date\" data-order=\"DESC\" data-animation=\"fade\" data-slideshow_speed=\"7000\" data-animation_speed=\"0\" data-typo_sensitivity=\"1\" data-typo_factor=\"1.5\" style=\"max-width:100%;\">\n\t\t\t\t\t\t\t<ul class=\"slides\">\n\t\t\t\t\t\t\t\t\t\t\t\t\t\t\t\t\t<li data-mute=\"yes\" data-loop=\"yes\" data-autoplay=\"yes\">\n\t\t\t\t\t\t\t\t\t\t<div class=\"slide-content-container slide-content-left\" style=\"display: none;\">\n\t\t\t\t\t\t\t\t\t\t\t<div class=\"slide-content\" style=\"\">\n\t\t\t\t\t\t\t\t\t\t\t\t\t\t\t\t\t\t\t\t\t\t\t\t\t<div class=\"heading with-bg\">\n\t\t\t\t\t\t\t\t\t\t\t\t\t\t<div class=\"fusion-title-sc-wrapper\" style=\"background-color: rgba(0,0,0, 0.4);\">\n\t\t\t\t\t\t\t\t\t\t\t\t\t\t\t<div class=\"fusion-title title fusion-title-1 fusion-sep-none fusion-title-text fusion-title-size-two\" style=\"--awb-margin-bottom:0px;--awb-margin-top-small:10px;--awb-margin-right-small:0px;--awb-margin-bottom-small:10px;--awb-margin-left-small:0px;--awb-font-size:60px;\"><h2 class=\"fusion-title-heading title-heading-left fusion-responsive-typography-calculated\" style=\"margin:0;font-size:1em;--fontSize:60;line-height:1.33;\">Reparaci\u00f3n profesional de da\u00f1os en autocaravanas y caravanas.<\/h2><\/div>\t\t\t\t\t\t\t\t\t\t\t\t\t\t<\/div>\n\t\t\t\t\t\t\t\t\t\t\t\t\t<\/div>\n\t\t\t\t\t\t\t\t\t\t\t\t\t\t\t\t\t\t\t\t\t\t\t\t\t\t\t\t\t\t\t\t\t\t\t\t\t\t\t\t\t\t\t\t\t\t\t<\/div>\n\t\t\t\t\t\t\t\t\t\t<\/div>\n\t\t\t\t\t\t\t\t\t\t\t\t\t\t\t\t\t\t\t\t\t\t\t\t\t\t\t\t\t\t\t\t\t\t\t\t\t\t\t\t<div class=\"background background-image lazyload\" style=\"background-image:inherit;max-width:100%;height:400px;filter: progid:DXImageTransform.Microsoft.AlphaImageLoader(src='https:\/\/oud.caravanrepair.eu\/wp-content\/uploads\/2019\/01\/caravanrepairdealers.jpg', sizingMethod='scale');\" data-imgwidth=\"1392\" data-bg-image=\"url(https:\/\/oud.caravanrepair.eu\/wp-content\/uploads\/2019\/01\/caravanrepairdealers.jpg)\">\n\t\t\t\t\t\t\t\t\t\t\t\t\t\t\t\t\t\t\t\t\t\t\t\t\t\t\t\t\t\t\t\t\t\t\t\t\t\t\t\t\t\t\t\t\t\t\t\t\t\t\t\t\t\t\t\t\t\t\t\t\t\t\t\t\t\t<\/div>\n\t\t\t\t\t\t\t\t\t<\/li>\n\t\t\t\t\t\t\t\t\t\t\t\t\t\t\t\t\t\t\t\t\t\t\t<\/ul>\n\t\t\t\t\t\t<\/div>\n\t\t\t\t\t<\/div>\n\t\t\t\t\t\t\t\t<div class=\"fusion-clearfix\"><\/div><\/div><\/div><\/div><\/div><div class=\"fusion-fullwidth fullwidth-box fusion-builder-row-2 nonhundred-percent-fullwidth non-hundred-percent-height-scrolling\" style=\"--awb-background-position:center top;--awb-border-radius-top-left:0px;--awb-border-radius-top-right:0px;--awb-border-radius-bottom-right:0px;--awb-border-radius-bottom-left:0px;--awb-padding-top:1%;--awb-padding-bottom:0px;--awb-flex-wrap:wrap;\" ><div class=\"fusion-builder-row fusion-row\"><div class=\"fusion-layout-column fusion_builder_column fusion-builder-column-1 fusion_builder_column_1_1 1_1 fusion-one-full fusion-column-first fusion-column-last\" style=\"--awb-bg-size:cover;\"><div class=\"fusion-column-wrapper fusion-column-has-shadow fusion-flex-column-wrapper-legacy\"><div class=\"fusion-title title fusion-title-2 fusion-sep-none fusion-title-center fusion-title-text fusion-title-size-one\" style=\"--awb-margin-bottom:80px;--awb-margin-top-small:10px;--awb-margin-right-small:0px;--awb-margin-bottom-small:10px;--awb-margin-left-small:0px;\"><h1 class=\"fusion-title-heading title-heading-center fusion-responsive-typography-calculated\" style=\"margin:0;--fontSize:64;line-height:1.2;\"><h2 style=\"text-align: center;\">Reparaci\u00f3n de escotilla de techo de caravana<\/h2><\/h1><\/div><div class=\"fusion-builder-row fusion-builder-row-inner fusion-row\"><div class=\"fusion-layout-column fusion_builder_column_inner fusion-builder-nested-column-0 fusion_builder_column_inner_1_2 1_2 fusion-one-half fusion-column-first\" style=\"--awb-bg-size:cover;width:50%;width:calc(50% - ( ( 4% ) * 0.5 ) );margin-right: 4%;\"><div class=\"fusion-column-wrapper fusion-flex-column-wrapper-legacy\"><div class=\"fusion-image-element in-legacy-container\" style=\"--awb-caption-title-font-family:var(--h2_typography-font-family);--awb-caption-title-font-weight:var(--h2_typography-font-weight);--awb-caption-title-font-style:var(--h2_typography-font-style);--awb-caption-title-size:var(--h2_typography-font-size);--awb-caption-title-transform:var(--h2_typography-text-transform);--awb-caption-title-line-height:var(--h2_typography-line-height);--awb-caption-title-letter-spacing:var(--h2_typography-letter-spacing);\"><span class=\"fusion-imageframe imageframe-none imageframe-1 hover-type-none\"><img fetchpriority=\"high\" decoding=\"async\" width=\"640\" height=\"480\" alt=\"Caravana da\u00f1os Nieuwehorne\" title=\"Caravana da\u00f1os Nieuwehorne\" src=\"https:\/\/oud.caravanrepair.eu\/wp-content\/uploads\/2019\/02\/schade2.jpg\" class=\"img-responsive wp-image-1070\" srcset=\"https:\/\/oud.caravanrepair.eu\/wp-content\/uploads\/2019\/02\/schade2-200x150.jpg 200w, https:\/\/oud.caravanrepair.eu\/wp-content\/uploads\/2019\/02\/schade2-400x300.jpg 400w, https:\/\/oud.caravanrepair.eu\/wp-content\/uploads\/2019\/02\/schade2-600x450.jpg 600w, https:\/\/oud.caravanrepair.eu\/wp-content\/uploads\/2019\/02\/schade2.jpg 640w\" sizes=\"(max-width: 1000px) 100vw, 640px\" \/><\/span><\/div><div class=\"fusion-sep-clear\"><\/div><div class=\"fusion-separator fusion-full-width-sep\" style=\"margin-left: auto;margin-right: auto;margin-top:30px;margin-bottom:30px;width:100%;\"><div class=\"fusion-separator-border sep-shadow\" style=\"--awb-height:20px;--awb-amount:20px;background:radial-gradient(ellipse at 50% -50% , #dddbdb 0px, rgba(255, 255, 255, 0) 80%) repeat scroll 0 0 rgba(0, 0, 0, 0);background:-webkit-radial-gradient(ellipse at 50% -50% , #dddbdb 0px, rgba(255, 255, 255, 0) 80%) repeat scroll 0 0 rgba(0, 0, 0, 0);background:-moz-radial-gradient(ellipse at 50% -50% , #dddbdb 0px, rgba(255, 255, 255, 0) 80%) repeat scroll 0 0 rgba(0, 0, 0, 0);background:-o-radial-gradient(ellipse at 50% -50% , #dddbdb 0px, rgba(255, 255, 255, 0) 80%) repeat scroll 0 0 rgba(0, 0, 0, 0);\"><\/div><\/div><div class=\"fusion-sep-clear\"><\/div><div class=\"fusion-button-wrapper fusion-aligncenter\"><a class=\"fusion-button button-flat fusion-button-default-size button-default fusion-button-default button-1 fusion-button-default-span fusion-button-default-type\" target=\"_self\" href=\"https:\/\/oud.caravanrepair.eu\/es\/distribuidores\/\"><span class=\"fusion-button-text awb-button__text awb-button__text--default\">Encuentre un distribuidor de CaravanRepair\u00ae cerca de usted<\/span><\/a><\/div><div class=\"fusion-sep-clear\"><\/div><div class=\"fusion-separator fusion-full-width-sep\" style=\"margin-left: auto;margin-right: auto;margin-top:30px;margin-bottom:15px;width:100%;\"><div class=\"fusion-separator-border sep-shadow\" style=\"--awb-height:20px;--awb-amount:20px;background:radial-gradient(ellipse at 50% -50% , #dddbdb 0px, rgba(255, 255, 255, 0) 80%) repeat scroll 0 0 rgba(0, 0, 0, 0);background:-webkit-radial-gradient(ellipse at 50% -50% , #dddbdb 0px, rgba(255, 255, 255, 0) 80%) repeat scroll 0 0 rgba(0, 0, 0, 0);background:-moz-radial-gradient(ellipse at 50% -50% , #dddbdb 0px, rgba(255, 255, 255, 0) 80%) repeat scroll 0 0 rgba(0, 0, 0, 0);background:-o-radial-gradient(ellipse at 50% -50% , #dddbdb 0px, rgba(255, 255, 255, 0) 80%) repeat scroll 0 0 rgba(0, 0, 0, 0);\"><\/div><\/div><div class=\"fusion-sep-clear\"><\/div><div class=\"fusion-clearfix\"><\/div><\/div><\/div><div class=\"fusion-layout-column fusion_builder_column_inner fusion-builder-nested-column-1 fusion_builder_column_inner_1_2 1_2 fusion-one-half fusion-column-last\" style=\"--awb-bg-size:cover;width:50%;width:calc(50% - ( ( 4% ) * 0.5 ) );\"><div class=\"fusion-column-wrapper fusion-flex-column-wrapper-legacy\"><div class=\"fusion-text fusion-text-1\" style=\"--awb-text-transform:none;\"><h3>Reparaci\u00f3n de trampilla de techo de caravana.<\/h3>\n<p>Antes de irse de vacaciones, revise su caravana por posibles da\u00f1os. No olvide comprobar la trampilla del techo de su caravana. Esta es una parte sensible de la caravana. En caso de da\u00f1o, puede sufrir fugas. Si la escotilla del techo est\u00e1 da\u00f1ada, la reparaci\u00f3n de la escotilla del techo de la caravana tiene prioridad. \u00bfQuiz\u00e1s no est\u00e1 seguro de d\u00f3nde acudir para reparar este da\u00f1o? P\u00f3ngase en contacto con nosotros, somos especialistas en reparar todo tipo de aver\u00edas en caravanas.<\/p>\n<p style=\"font-weight: 400;\"><a href=\"https:\/\/oud.caravanrepair.eu\/es\/reparacion-de-caravanas-4\/\" target=\"_blank\" rel=\"noopener\">\ud83d\udd17\u00a0<em>Consulte tambi\u00e9n nuestra p\u00e1gina principal de reparaci\u00f3n de caravanas para obtener m\u00e1s informaci\u00f3n sobre casos de da\u00f1os espec\u00edficos.<\/em><\/a><\/p>\n<h3>Reparar una trampilla de techo de caravana<\/h3>\n<p>Cuando nota da\u00f1os en la trampilla del tejado, querr\u00e1 repararla lo antes posible. Especialmente si est\u00e1s a punto de irte de vacaciones con tu caravana. Por favor concierte una cita con nosotros antes de sus vacaciones. La reparaci\u00f3n de una trampilla de techo de caravana es parte de nuestra experiencia y es por eso que siempre ofrecemos la m\u00e1s alta calidad. Con una trampilla de tejado reparada podr\u00e1 irse de vacaciones con tranquilidad.<a href=\"https:\/\/oud.caravanrepair.eu\/es\/distribuidores\/\" target=\"_blank\" rel=\"noopener\"><strong>haga clic aqu\u00ed<\/strong> <\/a>para obtener una descripci\u00f3n general de nuestros distribuidores.<\/p>\n<\/div><div class=\"fusion-clearfix\"><\/div><\/div><\/div><\/div><div class=\"fusion-builder-row fusion-builder-row-inner fusion-row\"><div class=\"fusion-layout-column fusion_builder_column_inner fusion-builder-nested-column-2 fusion_builder_column_inner_1_1 1_1 fusion-one-full fusion-column-first fusion-column-last\" style=\"--awb-bg-size:cover;\"><div class=\"fusion-column-wrapper fusion-flex-column-wrapper-legacy\"><div class=\"fusion-text fusion-text-2\"><h3>Reparaci\u00f3n de escotilla de techo de caravana<\/h3>\n<p>\u00bfQuiere reparar la escotilla del techo de su caravana, pero quiere tener la certeza de que se hace correctamente? No tienes que dudar de eso con nosotros. Empleamos t\u00e9cnicos bien capacitados, experimentados y certificados. Adem\u00e1s, siempre puedes visitarnos para valorar nuestra calidad. Reparar la trampilla de una caravana es parte de nuestro trabajo diario, que adem\u00e1s cuenta con garant\u00eda.<a href=\"https:\/\/oud.caravanrepair.eu\/es\/garantizia\/\" target=\"_blank\" rel=\"noopener\"> Haga clic aqu\u00ed para m\u00e1s informaci\u00f3n.<\/a><\/p>\n<\/div><div class=\"fusion-clearfix\"><\/div><\/div><\/div><\/div><div class=\"fusion-clearfix\"><\/div><\/div><\/div><div class=\"fusion-layout-column fusion_builder_column fusion-builder-column-2 fusion_builder_column_1_1 1_1 fusion-one-full fusion-column-first fusion-column-last\" style=\"--awb-bg-size:cover;\"><div class=\"fusion-column-wrapper fusion-flex-column-wrapper-legacy\"><div class=\"fusion-reading-box-container reading-box-container-1\" style=\"--awb-title-color:#20164d;--awb-margin-top:0px;--awb-margin-bottom:84px;\"><div class=\"reading-box\" style=\"background-color:#ffffff;border-width:0px;border-color:#e5e5e5;border-left-width:3px;border-left-color:var(--primary_color);border-style:solid;\"><h2>\u00bfQuieres reportar los da\u00f1os de tu caravana inmediatamente?<\/h2><div class=\"reading-box-additional fusion-reading-box-additional\">\n<p>Si su caravana o autocaravana ha sufrido da\u00f1os, rellene el formulario de da\u00f1os online y nos pondremos en contacto con usted.<\/p>\n<div class=\"fusion-button-wrapper\"><a class=\"fusion-button button-flat fusion-button-default-size button-default fusion-button-default button-2 fusion-button-default-span fusion-button-default-type\" style=\"--button_text_transform:uppercase;\" target=\"_self\" href=\"https:\/\/oud.caravanrepair.eu\/es\/formulario-de-danos\/\"><span class=\"fusion-button-text awb-button__text awb-button__text--default\">Reportar da\u00f1o<\/span><\/a><\/div><\/div><div class=\"fusion-clearfix\"><\/div><\/div><\/div><div class=\"fusion-text fusion-text-3\"><p><a href=\"https:\/\/oud.caravanrepair.eu\/es\/garantizia\/\"><strong>* Ver las condiciones de garant\u00eda<\/strong><\/a><\/p>\n<p><a href=\"https:\/\/oud.caravanrepair.eu\/es\/\" target=\"_blank\" rel=\"noopener\">* Haga clic aqu\u00ed para volver a la p\u00e1gina de inicio.<\/a><\/p>\n<\/div><div class=\"fusion-clearfix\"><\/div><\/div><\/div><\/div><\/div><div class=\"fusion-fullwidth fullwidth-box fusion-builder-row-3 fusion-parallax-none nonhundred-percent-fullwidth non-hundred-percent-height-scrolling\" style=\"--awb-border-radius-top-left:0px;--awb-border-radius-top-right:0px;--awb-border-radius-bottom-right:0px;--awb-border-radius-bottom-left:0px;--awb-padding-top:4%;--awb-padding-bottom:4%;--awb-margin-top:0px;--awb-background-image:url(&quot;https:\/\/oud.caravanrepair.eu\/wp-content\/uploads\/2019\/01\/autometcaravan.jpg&quot;);--awb-background-size:cover;--awb-flex-wrap:wrap;\" ><div class=\"fusion-builder-row fusion-row\"><div class=\"fusion-layout-column fusion_builder_column fusion-builder-column-3 fusion_builder_column_1_1 1_1 fusion-one-full fusion-column-first fusion-column-last\" style=\"--awb-bg-size:cover;\"><div class=\"fusion-column-wrapper fusion-flex-column-wrapper-legacy\"><div class=\"fusion-title title fusion-title-3 fusion-sep-none fusion-title-text fusion-title-size-six\" style=\"--awb-margin-bottom:10px;--awb-margin-top-small:10px;--awb-margin-right-small:0px;--awb-margin-bottom-small:10px;--awb-margin-left-small:0px;\"><h6 class=\"fusion-title-heading title-heading-left fusion-responsive-typography-calculated\" style=\"margin:0;--fontSize:16;--minFontSize:16;line-height:1.5;\"><p style=\"text-align: left;\"><span style=\"color: #ffffff;\">PREGUNTAS SOBRE LOS DA\u00d1OS DE SU CARAVANA O CAMPER, CONSULTE AL ESPECIALISTA DE CARAVANREPAIR\u00ae<\/span><\/p><\/h6><\/div><div class=\"fusion-title title fusion-title-4 fusion-sep-none fusion-title-text fusion-title-size-two\" style=\"--awb-margin-bottom:20px;--awb-margin-top-small:10px;--awb-margin-right-small:0px;--awb-margin-bottom-small:10px;--awb-margin-left-small:0px;\"><h2 class=\"fusion-title-heading title-heading-left fusion-responsive-typography-calculated\" style=\"margin:0;--fontSize:47;line-height:1.2;\"><span style=\"color: #ffffff;\">D\u00c9JENOS DEVOLVERLE LA LLAMADA<\/span><\/h2><\/div><div class=\"fusion-text fusion-text-4\"><p><span style=\"color: #ffffff;\">Introduzca su n\u00famero de tel\u00e9fono en el siguiente formulario y nuestro personal se pondr\u00e1 en contacto con usted<\/span><\/p>\n<\/div>\n<div class=\"wpcf7 no-js\" id=\"wpcf7-f5-o1\" lang=\"en-US\" dir=\"ltr\" data-wpcf7-id=\"5\">\n<div class=\"screen-reader-response\"><p role=\"status\" aria-live=\"polite\" aria-atomic=\"true\"><\/p> <ul><\/ul><\/div>\n<form action=\"\/es\/wp-json\/wp\/v2\/pages\/2401#wpcf7-f5-o1\" method=\"post\" class=\"wpcf7-form init\" aria-label=\"Formulario de contacto\" novalidate=\"novalidate\" data-status=\"init\" data-trp-original-action=\"\/es\/wp-json\/wp\/v2\/pages\/2401#wpcf7-f5-o1\">\n<fieldset class=\"hidden-fields-container\"><input type=\"hidden\" name=\"_wpcf7\" value=\"5\" \/><input type=\"hidden\" name=\"_wpcf7_version\" value=\"6.1.7\" \/><input type=\"hidden\" name=\"_wpcf7_locale\" value=\"en_US\" \/><input type=\"hidden\" name=\"_wpcf7_unit_tag\" value=\"wpcf7-f5-o1\" \/><input type=\"hidden\" name=\"_wpcf7_container_post\" value=\"0\" \/><input type=\"hidden\" name=\"_wpcf7_posted_data_hash\" value=\"\" \/>\n<\/fieldset>\n<div class=\"fusion-layout-column\" style=\"width:calc(50% - 10px); float:left; margin:0 20px 20px 0;\">\n\t<p><span class=\"wpcf7-form-control-wrap\" data-name=\"tel-405\"><input size=\"40\" maxlength=\"400\" class=\"wpcf7-form-control wpcf7-tel wpcf7-validates-as-required wpcf7-text wpcf7-validates-as-tel\" aria-required=\"true\" aria-invalid=\"false\" placeholder=\"n\u00famero de tel\u00e9fono\" value=\"\" type=\"tel\" name=\"tel-405\" \/><\/span>\n\t<\/p>\n<\/div>\n<div class=\"fusion-layout-column\" style=\"width:calc(50% - 10px); float:left; margin-bottom:20px;\">\n\t<p><span class=\"wpcf7-form-control-wrap kc_captcha cf7ic-toggle\" data-name=\"kc_captcha\"><span class=\"wpcf7-form-control wpcf7-radio\"><span class=\"captcha-image\" style=\"display: none;\"><span class=\"cf7ic_instructions\">Por favor, demuestra que eres humano seleccionando el<span> avi\u00f3n<\/span>.<\/span><label><input aria-label=\"1\" type=\"radio\" name=\"kc_captcha\" value=\"bot\" \/><svg aria-hidden=\"true\" role=\"img\" xmlns=\"http:\/\/www.w3.org\/2000\/svg\" viewbox=\"0 0 576 512\"><path fill=\"currentColor\" d=\"M259 18l-65 132-146 22c-26 3-37 36-18 54l106 103-25 146c-5 26 23 46 46 33l131-68 131 68c23 13 51-7 46-33l-25-146 106-103c19-18 8-51-18-54l-146-22-65-132a32 32 0 00-58 0z\"\/><\/svg><\/label><label><input aria-label=\"2\" type=\"radio\" name=\"kc_captcha\" value=\"bot\" \/><svg aria-hidden=\"true\" role=\"img\" xmlns=\"http:\/\/www.w3.org\/2000\/svg\" viewbox=\"0 0 640 512\"><path fill=\"currentColor\" d=\"M192 384h192c53 0 96-43 96-96h32a128 128 0 000-256H120c-13 0-24 11-24 24v232c0 53 43 96 96 96zM512 96a64 64 0 010 128h-32V96h32zm48 384H48c-47 0-61-64-36-64h584c25 0 11 64-36 64z\"\/><\/svg><\/label><label><input aria-label=\"3\" type=\"radio\" name=\"kc_captcha\" value=\"kc_human\" \/><svg aria-hidden=\"true\" role=\"img\" xmlns=\"http:\/\/www.w3.org\/2000\/svg\" viewbox=\"0 0 576 512\"><path fill=\"currentColor\" d=\"M472 200H360L256 6a12 12 0 00-10-6h-58c-8 0-14 7-12 15l34 185H100l-35-58a12 12 0 00-10-6H12c-8 0-13 7-12 14l21 106L0 362c-1 7 4 14 12 14h43c4 0 8-2 10-6l35-58h110l-34 185c-2 8 4 15 12 15h58a12 12 0 0010-6l104-194h112c57 0 104-25 104-56s-47-56-104-56z\"\/><\/svg><\/label>\r\n    <\/span>\r\n    <span style=\"display:none\">\r\n        <input type=\"text\" name=\"kc_honeypot\">\r\n    <\/span><\/span><\/span><br \/>\n<input class=\"wpcf7-form-control wpcf7-submit has-spinner button-xlarge\" type=\"submit\" value=\"LL\u00c1MAME\" \/>\n\t<\/p>\n<\/div>\n<div style=\"clear:both\">\n<\/div><div class=\"fusion-alert alert custom alert-custom fusion-alert-center wpcf7-response-output fusion-alert-capitalize awb-alert-native-link-color alert-dismissable awb-alert-close-boxed\" style=\"--awb-border-size:1px;--awb-border-top-left-radius:0px;--awb-border-top-right-radius:0px;--awb-border-bottom-left-radius:0px;--awb-border-bottom-right-radius:0px;\" role=\"alert\"><div class=\"fusion-alert-content-wrapper\"><span class=\"fusion-alert-content\"><\/span><\/div><button type=\"button\" class=\"close toggle-alert\" data-dismiss=\"alert\" aria-label=\"cerca\">\u00d7<\/button><\/div>\n<input type=\"hidden\" name=\"trp-form-language\" value=\"es\"\/><\/form>\n<\/div>\n<div class=\"fusion-clearfix\"><\/div><\/div><\/div><\/div><\/div><\/p>","protected":false},"excerpt":{"rendered":"","protected":false},"author":3,"featured_media":0,"parent":0,"menu_order":0,"comment_status":"closed","ping_status":"closed","template":"100-width.php","meta":{"footnotes":""},"class_list":["post-2401","page","type-page","status-publish","hentry","pagina_tag-caravan"],"yoast_head":"<!-- This site is optimized with the Yoast SEO Premium plugin v27.5 (Yoast SEO v28.3) - https:\/\/yoast.com\/product\/yoast-seo-premium-wordpress\/ -->\n<title>Caravan dakluik repareren, caravan dakluik repareren, dakluik<\/title>\n<meta name=\"description\" content=\"Caravan dakluik repareren? Wij zijn experts in het herstellen van allerlei schade aan caravans. Maak vandaag nog een afspraak.\" \/>\n<meta name=\"robots\" content=\"noindex, follow, max-snippet:-1, max-image-preview:large, max-video-preview:-1\" \/>\n<meta property=\"og:locale\" content=\"es_ES\" \/>\n<meta property=\"og:type\" content=\"article\" \/>\n<meta property=\"og:title\" content=\"Caravan dakluik repareren\" \/>\n<meta property=\"og:description\" content=\"Caravan dakluik repareren? Wij zijn experts in het herstellen van allerlei schade aan caravans. Maak vandaag nog een afspraak.\" \/>\n<meta property=\"og:url\" content=\"https:\/\/oud.caravanrepair.eu\/es\/reparacion-de-escotilla-de-techo-de-caravana\/\" \/>\n<meta property=\"og:site_name\" content=\"CaravanRepair\u00ae\" \/>\n<meta property=\"article:modified_time\" content=\"2025-09-01T12:59:05+00:00\" \/>\n<meta property=\"og:image\" content=\"https:\/\/oud.caravanrepair.eu\/wp-content\/uploads\/2019\/01\/logo-caravanrepair.png\" \/>\n\t<meta property=\"og:image:width\" content=\"353\" \/>\n\t<meta property=\"og:image:height\" content=\"150\" \/>\n\t<meta property=\"og:image:type\" content=\"image\/png\" \/>\n<meta name=\"twitter:card\" content=\"summary_large_image\" \/>\n<meta name=\"twitter:label1\" content=\"Tiempo de lectura\" \/>\n\t<meta name=\"twitter:data1\" content=\"3 minutos\" \/>\n<script type=\"application\/ld+json\" class=\"yoast-schema-graph\">{\"@context\":\"https:\\\/\\\/schema.org\",\"@graph\":[{\"@type\":\"WebPage\",\"@id\":\"https:\\\/\\\/oud.caravanrepair.eu\\\/caravan-dakluik-repareren\\\/\",\"url\":\"https:\\\/\\\/oud.caravanrepair.eu\\\/caravan-dakluik-repareren\\\/\",\"name\":\"Caravan dakluik repareren, caravan dakluik repareren, dakluik\",\"isPartOf\":{\"@id\":\"https:\\\/\\\/oud.caravanrepair.eu\\\/#website\"},\"datePublished\":\"2020-06-12T07:39:42+00:00\",\"dateModified\":\"2025-09-01T12:59:05+00:00\",\"description\":\"Caravan dakluik repareren? Wij zijn experts in het herstellen van allerlei schade aan caravans. Maak vandaag nog een afspraak.\",\"breadcrumb\":{\"@id\":\"https:\\\/\\\/oud.caravanrepair.eu\\\/caravan-dakluik-repareren\\\/#breadcrumb\"},\"inLanguage\":\"es\",\"potentialAction\":[{\"@type\":\"ReadAction\",\"target\":[\"https:\\\/\\\/oud.caravanrepair.eu\\\/caravan-dakluik-repareren\\\/\"]}]},{\"@type\":\"BreadcrumbList\",\"@id\":\"https:\\\/\\\/oud.caravanrepair.eu\\\/caravan-dakluik-repareren\\\/#breadcrumb\",\"itemListElement\":[{\"@type\":\"ListItem\",\"position\":1,\"name\":\"Home\",\"item\":\"https:\\\/\\\/oud.caravanrepair.eu\\\/\"},{\"@type\":\"ListItem\",\"position\":2,\"name\":\"Caravan dakluik repareren\"}]},{\"@type\":\"WebSite\",\"@id\":\"https:\\\/\\\/oud.caravanrepair.eu\\\/#website\",\"url\":\"https:\\\/\\\/oud.caravanrepair.eu\\\/\",\"name\":\"CaravanRepair\u00ae\",\"description\":\"Professioneel schadeherstel voor caravan en camper\",\"publisher\":{\"@id\":\"https:\\\/\\\/oud.caravanrepair.eu\\\/#organization\"},\"potentialAction\":[{\"@type\":\"SearchAction\",\"target\":{\"@type\":\"EntryPoint\",\"urlTemplate\":\"https:\\\/\\\/oud.caravanrepair.eu\\\/?s={search_term_string}\"},\"query-input\":{\"@type\":\"PropertyValueSpecification\",\"valueRequired\":true,\"valueName\":\"search_term_string\"}}],\"inLanguage\":\"es\"},{\"@type\":\"Organization\",\"@id\":\"https:\\\/\\\/oud.caravanrepair.eu\\\/#organization\",\"name\":\"CaravanRepair\u00ae\",\"url\":\"https:\\\/\\\/oud.caravanrepair.eu\\\/\",\"logo\":{\"@type\":\"ImageObject\",\"inLanguage\":\"es\",\"@id\":\"https:\\\/\\\/oud.caravanrepair.eu\\\/#\\\/schema\\\/logo\\\/image\\\/\",\"url\":\"https:\\\/\\\/oud.caravanrepair.eu\\\/wp-content\\\/uploads\\\/2019\\\/01\\\/logo-caravanrepair.png\",\"contentUrl\":\"https:\\\/\\\/oud.caravanrepair.eu\\\/wp-content\\\/uploads\\\/2019\\\/01\\\/logo-caravanrepair.png\",\"width\":353,\"height\":150,\"caption\":\"CaravanRepair\u00ae\"},\"image\":{\"@id\":\"https:\\\/\\\/oud.caravanrepair.eu\\\/#\\\/schema\\\/logo\\\/image\\\/\"}}]}<\/script>\n<!-- \/ Yoast SEO Premium plugin. -->","yoast_head_json":{"title":"Reparar trampilla de techo de caravana, reparar trampilla de techo de caravana, trampilla de techo","description":"\u00bfReparar la trampilla del techo de una caravana? Somos expertos en reparar todo tipo de desperfectos en caravanas. Haga una cita hoy.","robots":{"index":"noindex","follow":"follow","max-snippet":"max-snippet:-1","max-image-preview":"max-image-preview:large","max-video-preview":"max-video-preview:-1"},"og_locale":"es_ES","og_type":"article","og_title":"Caravan dakluik repareren","og_description":"Caravan dakluik repareren? Wij zijn experts in het herstellen van allerlei schade aan caravans. Maak vandaag nog een afspraak.","og_url":"https:\/\/oud.caravanrepair.eu\/es\/reparacion-de-escotilla-de-techo-de-caravana\/","og_site_name":"CaravanRepair\u00ae","article_modified_time":"2025-09-01T12:59:05+00:00","og_image":[{"width":353,"height":150,"url":"https:\/\/oud.caravanrepair.eu\/wp-content\/uploads\/2019\/01\/logo-caravanrepair.png","type":"image\/png"}],"twitter_card":"summary_large_image","twitter_misc":{"Tiempo de lectura":"3 minutos"},"schema":{"@context":"https:\/\/schema.org","@graph":[{"@type":"WebPage","@id":"https:\/\/oud.caravanrepair.eu\/caravan-dakluik-repareren\/","url":"https:\/\/oud.caravanrepair.eu\/caravan-dakluik-repareren\/","name":"Reparar trampilla de techo de caravana, reparar trampilla de techo de caravana, trampilla de techo","isPartOf":{"@id":"https:\/\/oud.caravanrepair.eu\/#website"},"datePublished":"2020-06-12T07:39:42+00:00","dateModified":"2025-09-01T12:59:05+00:00","description":"\u00bfReparar la trampilla del techo de una caravana? Somos expertos en reparar todo tipo de desperfectos en caravanas. Haga una cita hoy.","breadcrumb":{"@id":"https:\/\/oud.caravanrepair.eu\/caravan-dakluik-repareren\/#breadcrumb"},"inLanguage":"es","potentialAction":[{"@type":"ReadAction","target":["https:\/\/oud.caravanrepair.eu\/caravan-dakluik-repareren\/"]}]},{"@type":"BreadcrumbList","@id":"https:\/\/oud.caravanrepair.eu\/caravan-dakluik-repareren\/#breadcrumb","itemListElement":[{"@type":"ListItem","position":1,"name":"Home","item":"https:\/\/oud.caravanrepair.eu\/"},{"@type":"ListItem","position":2,"name":"Caravan dakluik repareren"}]},{"@type":"WebSite","@id":"https:\/\/oud.caravanrepair.eu\/#website","url":"https:\/\/oud.caravanrepair.eu\/","name":"CaravanRepair\u00ae","description":"Reparaci\u00f3n profesional de da\u00f1os para caravanas y autocaravanas","publisher":{"@id":"https:\/\/oud.caravanrepair.eu\/#organization"},"potentialAction":[{"@type":"SearchAction","target":{"@type":"EntryPoint","urlTemplate":"https:\/\/oud.caravanrepair.eu\/?s={search_term_string}"},"query-input":{"@type":"PropertyValueSpecification","valueRequired":true,"valueName":"search_term_string"}}],"inLanguage":"es"},{"@type":"Organization","@id":"https:\/\/oud.caravanrepair.eu\/#organization","name":"CaravanRepair\u00ae","url":"https:\/\/oud.caravanrepair.eu\/","logo":{"@type":"ImageObject","inLanguage":"es","@id":"https:\/\/oud.caravanrepair.eu\/#\/schema\/logo\/image\/","url":"https:\/\/oud.caravanrepair.eu\/wp-content\/uploads\/2019\/01\/logo-caravanrepair.png","contentUrl":"https:\/\/oud.caravanrepair.eu\/wp-content\/uploads\/2019\/01\/logo-caravanrepair.png","width":353,"height":150,"caption":"CaravanRepair\u00ae"},"image":{"@id":"https:\/\/oud.caravanrepair.eu\/#\/schema\/logo\/image\/"}}]}},"_links":{"self":[{"href":"https:\/\/oud.caravanrepair.eu\/es\/wp-json\/wp\/v2\/pages\/2401","targetHints":{"allow":["GET"]}}],"collection":[{"href":"https:\/\/oud.caravanrepair.eu\/es\/wp-json\/wp\/v2\/pages"}],"about":[{"href":"https:\/\/oud.caravanrepair.eu\/es\/wp-json\/wp\/v2\/types\/page"}],"author":[{"embeddable":true,"href":"https:\/\/oud.caravanrepair.eu\/es\/wp-json\/wp\/v2\/users\/3"}],"replies":[{"embeddable":true,"href":"https:\/\/oud.caravanrepair.eu\/es\/wp-json\/wp\/v2\/comments?post=2401"}],"version-history":[{"count":0,"href":"https:\/\/oud.caravanrepair.eu\/es\/wp-json\/wp\/v2\/pages\/2401\/revisions"}],"wp:attachment":[{"href":"https:\/\/oud.caravanrepair.eu\/es\/wp-json\/wp\/v2\/media?parent=2401"}],"curies":[{"name":"wp","href":"https:\/\/api.w.org\/{rel}","templated":true}]}}