{"id":7810,"date":"2023-05-02T12:32:55","date_gmt":"2023-05-02T10:32:55","guid":{"rendered":"https:\/\/oud.caravanrepair.eu\/?page_id=7810"},"modified":"2024-02-27T14:04:40","modified_gmt":"2024-02-27T13:04:40","slug":"danos-en-caravana-oldenzaal","status":"publish","type":"page","link":"https:\/\/oud.caravanrepair.eu\/es\/caravan-schade-oldenzaal\/","title":{"rendered":"Da\u00f1os en caravanas Oldenzaal"},"content":{"rendered":"<p><div class=\"fusion-fullwidth fullwidth-box fusion-builder-row-1 hundred-percent-fullwidth non-hundred-percent-height-scrolling fusion-no-small-visibility\" style=\"--awb-border-radius-top-left:0px;--awb-border-radius-top-right:0px;--awb-border-radius-bottom-right:0px;--awb-border-radius-bottom-left:0px;--awb-padding-right:0px;--awb-padding-left:0px;--awb-flex-wrap:wrap;\" ><div class=\"fusion-builder-row fusion-row\"><div class=\"fusion-layout-column fusion_builder_column fusion-builder-column-0 fusion_builder_column_1_1 1_1 fusion-one-full fusion-column-first fusion-column-last\" style=\"--awb-bg-size:cover;\"><div class=\"fusion-column-wrapper fusion-flex-column-wrapper-legacy\">\t\t\t\t\t<div class=\"fusion-slider-container fusion-slider-sc-home fusion-slider-14 full-width-slider\" style=\"height:400px; max-width:100%;\" data-id=\"14\" data-full_height=\"\">\n\t\t\t\t\t\t<style type=\"text\/css\">.fusion-slider-14 .flex-direction-nav a {width:63px;height:63px;line-height:63px;font-size:25px;}<\/style>\t\t\t\t\t\t<div class=\"fusion-slider-loading\">Cargando...<\/div>\n\t\t\t\t\t\t<div class=\"tfs-slider flexslider main-flex full-width-slider\" data-slider_width=\"100%\" data-slider_height=\"400px\" data-full_screen=\"0\" data-parallax=\"0\" data-nav_arrows=\"0\" data-nav_box_width=\"63px\" data-nav_box_height=\"63px\" data-nav_arrow_size=\"25px\" data-autoplay=\"0\" data-loop=\"0\" data-orderby=\"date\" data-order=\"DESC\" data-animation=\"fade\" data-slideshow_speed=\"7000\" data-animation_speed=\"0\" data-typo_sensitivity=\"1\" data-typo_factor=\"1.5\" style=\"max-width:100%;\">\n\t\t\t\t\t\t\t<ul class=\"slides\">\n\t\t\t\t\t\t\t\t\t\t\t\t\t\t\t\t\t<li data-mute=\"yes\" data-loop=\"yes\" data-autoplay=\"yes\">\n\t\t\t\t\t\t\t\t\t\t<div class=\"slide-content-container slide-content-left\" style=\"display: none;\">\n\t\t\t\t\t\t\t\t\t\t\t<div class=\"slide-content\" style=\"\">\n\t\t\t\t\t\t\t\t\t\t\t\t\t\t\t\t\t\t\t\t\t\t\t\t\t<div class=\"heading with-bg\">\n\t\t\t\t\t\t\t\t\t\t\t\t\t\t<div class=\"fusion-title-sc-wrapper\" style=\"background-color: rgba(0,0,0, 0.4);\">\n\t\t\t\t\t\t\t\t\t\t\t\t\t\t\t<div class=\"fusion-title title fusion-title-1 fusion-sep-none fusion-title-text fusion-title-size-two\" style=\"--awb-margin-bottom:0px;--awb-margin-top-small:10px;--awb-margin-right-small:0px;--awb-margin-bottom-small:10px;--awb-margin-left-small:0px;--awb-font-size:60px;\"><h2 class=\"fusion-title-heading title-heading-left fusion-responsive-typography-calculated\" style=\"margin:0;font-size:1em;--fontSize:60;line-height:1.33;\">Reparaci\u00f3n profesional de da\u00f1os en autocaravanas y caravanas.<\/h2><\/div>\t\t\t\t\t\t\t\t\t\t\t\t\t\t<\/div>\n\t\t\t\t\t\t\t\t\t\t\t\t\t<\/div>\n\t\t\t\t\t\t\t\t\t\t\t\t\t\t\t\t\t\t\t\t\t\t\t\t\t\t\t\t\t\t\t\t\t\t\t\t\t\t\t\t\t\t\t\t\t\t\t<\/div>\n\t\t\t\t\t\t\t\t\t\t<\/div>\n\t\t\t\t\t\t\t\t\t\t\t\t\t\t\t\t\t\t\t\t\t\t\t\t\t\t\t\t\t\t\t\t\t\t\t\t\t\t\t\t<div class=\"background background-image lazyload\" style=\"background-image:inherit;max-width:100%;height:400px;filter: progid:DXImageTransform.Microsoft.AlphaImageLoader(src='https:\/\/oud.caravanrepair.eu\/wp-content\/uploads\/2019\/01\/caravanrepairdealers.jpg', sizingMethod='scale');\" data-imgwidth=\"1392\" data-bg-image=\"url(https:\/\/oud.caravanrepair.eu\/wp-content\/uploads\/2019\/01\/caravanrepairdealers.jpg)\">\n\t\t\t\t\t\t\t\t\t\t\t\t\t\t\t\t\t\t\t\t\t\t\t\t\t\t\t\t\t\t\t\t\t\t\t\t\t\t\t\t\t\t\t\t\t\t\t\t\t\t\t\t\t\t\t\t\t\t\t\t\t\t\t\t\t\t<\/div>\n\t\t\t\t\t\t\t\t\t<\/li>\n\t\t\t\t\t\t\t\t\t\t\t\t\t\t\t\t\t\t\t\t\t\t\t<\/ul>\n\t\t\t\t\t\t<\/div>\n\t\t\t\t\t<\/div>\n\t\t\t\t\t\t\t\t<div class=\"fusion-clearfix\"><\/div><\/div><\/div><\/div><\/div><div class=\"fusion-fullwidth fullwidth-box fusion-builder-row-2 nonhundred-percent-fullwidth non-hundred-percent-height-scrolling\" style=\"--awb-background-position:center top;--awb-border-radius-top-left:0px;--awb-border-radius-top-right:0px;--awb-border-radius-bottom-right:0px;--awb-border-radius-bottom-left:0px;--awb-padding-top:1%;--awb-padding-bottom:0px;--awb-flex-wrap:wrap;\" ><div class=\"fusion-builder-row fusion-row\"><div class=\"fusion-layout-column fusion_builder_column fusion-builder-column-1 fusion_builder_column_1_1 1_1 fusion-one-full fusion-column-first fusion-column-last fusion-animated\" style=\"--awb-bg-size:cover;\" data-animationtype=\"fadeInDown\" data-animationduration=\"0.6\" data-animationoffset=\"top-into-view\"><div class=\"fusion-column-wrapper fusion-flex-column-wrapper-legacy\"><div class=\"fusion-title title fusion-title-2 fusion-sep-none fusion-title-center fusion-title-text fusion-title-size-one\" style=\"--awb-margin-bottom:80px;--awb-margin-top-small:10px;--awb-margin-right-small:0px;--awb-margin-bottom-small:10px;--awb-margin-left-small:0px;\"><h1 class=\"fusion-title-heading title-heading-center fusion-responsive-typography-calculated\" style=\"margin:0;--fontSize:64;line-height:1.2;\"><h2 style=\"text-align: center;\">Da\u00f1os en caravanas Oldenzaal<\/h2><\/h1><\/div><div class=\"fusion-builder-row fusion-builder-row-inner fusion-row\"><div class=\"fusion-layout-column fusion_builder_column_inner fusion-builder-nested-column-0 fusion_builder_column_inner_1_2 1_2 fusion-one-half fusion-column-first\" style=\"--awb-bg-size:cover;width:50%;width:calc(50% - ( ( 4% ) * 0.5 ) );margin-right: 4%;\"><div class=\"fusion-column-wrapper fusion-flex-column-wrapper-legacy\"><div class=\"fusion-image-element in-legacy-container\" style=\"--awb-caption-title-font-family:var(--h2_typography-font-family);--awb-caption-title-font-weight:var(--h2_typography-font-weight);--awb-caption-title-font-style:var(--h2_typography-font-style);--awb-caption-title-size:var(--h2_typography-font-size);--awb-caption-title-transform:var(--h2_typography-text-transform);--awb-caption-title-line-height:var(--h2_typography-line-height);--awb-caption-title-letter-spacing:var(--h2_typography-letter-spacing);\"><span class=\"fusion-imageframe imageframe-none imageframe-1 hover-type-none\"><img fetchpriority=\"high\" decoding=\"async\" width=\"640\" height=\"480\" alt=\"Caravana da\u00f1os Nieuwehorne\" title=\"Caravana da\u00f1os Nieuwehorne\" src=\"https:\/\/oud.caravanrepair.eu\/wp-content\/uploads\/2019\/02\/schade2.jpg\" class=\"img-responsive wp-image-1070\" srcset=\"https:\/\/oud.caravanrepair.eu\/wp-content\/uploads\/2019\/02\/schade2-200x150.jpg 200w, https:\/\/oud.caravanrepair.eu\/wp-content\/uploads\/2019\/02\/schade2-400x300.jpg 400w, https:\/\/oud.caravanrepair.eu\/wp-content\/uploads\/2019\/02\/schade2-600x450.jpg 600w, https:\/\/oud.caravanrepair.eu\/wp-content\/uploads\/2019\/02\/schade2.jpg 640w\" sizes=\"(max-width: 1000px) 100vw, 640px\" \/><\/span><\/div><div class=\"fusion-sep-clear\"><\/div><div class=\"fusion-separator fusion-full-width-sep\" style=\"margin-left: auto;margin-right: auto;margin-top:30px;margin-bottom:30px;width:100%;\"><div class=\"fusion-separator-border sep-shadow\" style=\"--awb-height:20px;--awb-amount:20px;background:radial-gradient(ellipse at 50% -50% , #dddbdb 0px, rgba(255, 255, 255, 0) 80%) repeat scroll 0 0 rgba(0, 0, 0, 0);background:-webkit-radial-gradient(ellipse at 50% -50% , #dddbdb 0px, rgba(255, 255, 255, 0) 80%) repeat scroll 0 0 rgba(0, 0, 0, 0);background:-moz-radial-gradient(ellipse at 50% -50% , #dddbdb 0px, rgba(255, 255, 255, 0) 80%) repeat scroll 0 0 rgba(0, 0, 0, 0);background:-o-radial-gradient(ellipse at 50% -50% , #dddbdb 0px, rgba(255, 255, 255, 0) 80%) repeat scroll 0 0 rgba(0, 0, 0, 0);\"><\/div><\/div><div class=\"fusion-sep-clear\"><\/div><div class=\"fusion-button-wrapper fusion-aligncenter\"><a class=\"fusion-button button-flat fusion-button-default-size button-default fusion-button-default button-1 fusion-button-default-span fusion-button-default-type\" target=\"_self\" href=\"https:\/\/oud.caravanrepair.eu\/es\/distribuidores\/\"><span class=\"fusion-button-text awb-button__text awb-button__text--default\">Encuentre un distribuidor de CaravanRepair\u00ae cerca de usted<\/span><\/a><\/div><div class=\"fusion-sep-clear\"><\/div><div class=\"fusion-separator fusion-full-width-sep\" style=\"margin-left: auto;margin-right: auto;margin-top:30px;margin-bottom:15px;width:100%;\"><div class=\"fusion-separator-border sep-shadow\" style=\"--awb-height:20px;--awb-amount:20px;background:radial-gradient(ellipse at 50% -50% , #dddbdb 0px, rgba(255, 255, 255, 0) 80%) repeat scroll 0 0 rgba(0, 0, 0, 0);background:-webkit-radial-gradient(ellipse at 50% -50% , #dddbdb 0px, rgba(255, 255, 255, 0) 80%) repeat scroll 0 0 rgba(0, 0, 0, 0);background:-moz-radial-gradient(ellipse at 50% -50% , #dddbdb 0px, rgba(255, 255, 255, 0) 80%) repeat scroll 0 0 rgba(0, 0, 0, 0);background:-o-radial-gradient(ellipse at 50% -50% , #dddbdb 0px, rgba(255, 255, 255, 0) 80%) repeat scroll 0 0 rgba(0, 0, 0, 0);\"><\/div><\/div><div class=\"fusion-sep-clear\"><\/div><div class=\"fusion-clearfix\"><\/div><\/div><\/div><div class=\"fusion-layout-column fusion_builder_column_inner fusion-builder-nested-column-1 fusion_builder_column_inner_1_2 1_2 fusion-one-half fusion-column-last\" style=\"--awb-bg-size:cover;width:50%;width:calc(50% - ( ( 4% ) * 0.5 ) );\"><div class=\"fusion-column-wrapper fusion-flex-column-wrapper-legacy\"><div class=\"fusion-text fusion-text-1\" style=\"--awb-text-transform:none;\"><p><strong>Da\u00f1os en caravanas Oldenzaal<\/strong><br \/>\nLos da\u00f1os en caravanas y autocaravanas no siempre se pueden prevenir y ver\u00e1s que siempre llegan en el momento equivocado. Los da\u00f1os a su caravana o autocaravana pueden ocurrir de innumerables maneras. Adem\u00e1s, es bueno que haya un distribuidor CaravanRepair cerca de usted. Es aconsejable no intentar reparar usted mismo los da\u00f1os de su caravana o autocaravana, ya que en muchos casos esto s\u00f3lo empeorar\u00e1 los da\u00f1os y ciertamente esa no es su intenci\u00f3n. Haga que un especialista en caravanas repare los da\u00f1os de su caravana en Oldenzaal. El concesionario CaravanRepair de Oldenzaal sabe mejor que nadie qu\u00e9 hacer en caso de aver\u00eda. Y podr\u00e1s estar seguro de que los da\u00f1os ser\u00e1n reparados de forma adecuada y profesional y podr\u00e1s volver a viajar con tu caravana o camper sin preocupaciones. <a href=\"https:\/\/oud.caravanrepair.eu\/es\/metodo\/\" target=\"_blank\" rel=\"noopener\"><strong>\u00a1Quieres m\u00e1s informaci\u00f3n haz clic aqu\u00ed!<\/strong><\/a><br \/>\n<strong>Reparaci\u00f3n de da\u00f1os en caravanas Oldenzaal<\/strong>. Es habitual que se produzcan da\u00f1os durante el uso de la caravana. A veces el da\u00f1o est\u00e1 literalmente en un peque\u00f1o rinc\u00f3n. Esto podr\u00eda ser un da\u00f1o debido a un accidente, pero las piezas tambi\u00e9n pueden romperse debido al desgaste. Si quieres reparar la caravana, es importante que se haga correctamente, ya que no querr\u00e1s quedarte con las consecuencias de una reparaci\u00f3n mal realizada despu\u00e9s. Luego, haga que la reparaci\u00f3n la realicen aut\u00e9nticos expertos en caravanas para no tener sorpresas posteriores. <a href=\"https:\/\/oud.caravanrepair.eu\/es\/distribuidores\/\" target=\"_blank\" rel=\"noopener\">Haga clic aqu\u00ed para encontrar un distribuidor de CaravanRepair cercano.\u00a0<\/a><\/p>\n<\/div><div class=\"fusion-clearfix\"><\/div><\/div><\/div><\/div><div class=\"fusion-builder-row fusion-builder-row-inner fusion-row\"><div class=\"fusion-layout-column fusion_builder_column_inner fusion-builder-nested-column-2 fusion_builder_column_inner_1_1 1_1 fusion-one-full fusion-column-first fusion-column-last\" style=\"--awb-bg-size:cover;\"><div class=\"fusion-column-wrapper fusion-flex-column-wrapper-legacy\"><div class=\"fusion-text fusion-text-2\"><p>Empresa de reparaci\u00f3n de caravanas Oldenzaal<br \/>\nCualquiera que sea el da\u00f1o que haya reparado, como distribuidor profesional de CaravanRepair y empresa de reparaci\u00f3n en Oldenzaal, podemos reparar todo tipo de da\u00f1os por usted. Nuestros t\u00e9cnicos est\u00e1n bien capacitados, tienen una amplia experiencia en el sector de caravanas y autocaravanas y todos est\u00e1n certificados por CaravanRepair. Como resultado, brindamos un servicio de reparaci\u00f3n confiable y de muy alta calidad. Introduce tu n\u00famero de tel\u00e9fono en nuestra web y nos pondremos en contacto contigo lo antes posible.<\/p>\n<\/div><div class=\"fusion-clearfix\"><\/div><\/div><\/div><\/div><div class=\"fusion-clearfix\"><\/div><\/div><\/div><div class=\"fusion-layout-column fusion_builder_column fusion-builder-column-2 fusion_builder_column_1_1 1_1 fusion-one-full fusion-column-first fusion-column-last\" style=\"--awb-bg-size:cover;\"><div class=\"fusion-column-wrapper fusion-flex-column-wrapper-legacy\"><div class=\"fusion-reading-box-container reading-box-container-1\" style=\"--awb-title-color:#20164d;--awb-margin-top:0px;--awb-margin-bottom:84px;\"><div class=\"reading-box\" style=\"background-color:#ffffff;border-width:0px;border-color:#e5e5e5;border-left-width:3px;border-left-color:var(--primary_color);border-style:solid;\"><h2>\u00bfQuieres reportar los da\u00f1os de tu caravana inmediatamente?<\/h2><div class=\"reading-box-additional fusion-reading-box-additional\">\n<p>Si su caravana o autocaravana ha sufrido da\u00f1os, rellene el formulario de da\u00f1os online y nos pondremos en contacto con usted.<\/p>\n<div class=\"fusion-button-wrapper\"><a class=\"fusion-button button-flat fusion-button-default-size button-default fusion-button-default button-2 fusion-button-default-span fusion-button-default-type\" style=\"--button_text_transform:uppercase;\" target=\"_self\" href=\"https:\/\/oud.caravanrepair.eu\/es\/formulario-de-danos\/\"><span class=\"fusion-button-text awb-button__text awb-button__text--default\">Reportar da\u00f1o<\/span><\/a><\/div><\/div><div class=\"fusion-clearfix\"><\/div><\/div><\/div><div class=\"fusion-text fusion-text-3\"><p><a href=\"https:\/\/oud.caravanrepair.eu\/es\/garantizia\/\"><strong>* Ver las condiciones de garant\u00eda<\/strong><\/a><\/p>\n<p><a href=\"https:\/\/oud.caravanrepair.eu\/es\/\" target=\"_blank\" rel=\"noopener\">* Haga clic aqu\u00ed para volver a la p\u00e1gina de inicio.<\/a><\/p>\n<\/div><div class=\"fusion-clearfix\"><\/div><\/div><\/div><\/div><\/div><div class=\"fusion-fullwidth fullwidth-box fusion-builder-row-3 fusion-parallax-none nonhundred-percent-fullwidth non-hundred-percent-height-scrolling\" style=\"--awb-border-radius-top-left:0px;--awb-border-radius-top-right:0px;--awb-border-radius-bottom-right:0px;--awb-border-radius-bottom-left:0px;--awb-padding-top:4%;--awb-padding-bottom:4%;--awb-margin-top:0px;--awb-background-image:url(&quot;https:\/\/oud.caravanrepair.eu\/wp-content\/uploads\/2019\/01\/autometcaravan.jpg&quot;);--awb-background-size:cover;--awb-flex-wrap:wrap;\" ><div class=\"fusion-builder-row fusion-row\"><div class=\"fusion-layout-column fusion_builder_column fusion-builder-column-3 fusion_builder_column_1_1 1_1 fusion-one-full fusion-column-first fusion-column-last\" style=\"--awb-bg-size:cover;\"><div class=\"fusion-column-wrapper fusion-flex-column-wrapper-legacy\"><div class=\"fusion-title title fusion-title-3 fusion-sep-none fusion-title-text fusion-title-size-six\" style=\"--awb-margin-bottom:10px;--awb-margin-top-small:10px;--awb-margin-right-small:0px;--awb-margin-bottom-small:10px;--awb-margin-left-small:0px;\"><h6 class=\"fusion-title-heading title-heading-left fusion-responsive-typography-calculated\" style=\"margin:0;--fontSize:16;--minFontSize:16;line-height:1.5;\"><p style=\"text-align: left;\"><span style=\"color: #ffffff;\">PREGUNTAS SOBRE LOS DA\u00d1OS DE SU CARAVANA O CAMPER, CONSULTE AL ESPECIALISTA DE CARAVANREPAIR\u00ae<\/span><\/p><\/h6><\/div><div class=\"fusion-title title fusion-title-4 fusion-sep-none fusion-title-text fusion-title-size-two\" style=\"--awb-margin-bottom:20px;--awb-margin-top-small:10px;--awb-margin-right-small:0px;--awb-margin-bottom-small:10px;--awb-margin-left-small:0px;\"><h2 class=\"fusion-title-heading title-heading-left fusion-responsive-typography-calculated\" style=\"margin:0;--fontSize:47;line-height:1.2;\"><span style=\"color: #ffffff;\">D\u00c9JENOS DEVOLVERLE LA LLAMADA<\/span><\/h2><\/div><div class=\"fusion-text fusion-text-4\"><p><span style=\"color: #ffffff;\">Introduzca su n\u00famero de tel\u00e9fono en el siguiente formulario y nuestro personal se pondr\u00e1 en contacto con usted<\/span><\/p>\n<\/div>\n<div class=\"wpcf7 no-js\" id=\"wpcf7-f5-o1\" lang=\"en-US\" dir=\"ltr\" data-wpcf7-id=\"5\">\n<div class=\"screen-reader-response\"><p role=\"status\" aria-live=\"polite\" aria-atomic=\"true\"><\/p> <ul><\/ul><\/div>\n<form action=\"\/es\/wp-json\/wp\/v2\/pages\/7810#wpcf7-f5-o1\" method=\"post\" class=\"wpcf7-form init\" aria-label=\"Formulario de contacto\" novalidate=\"novalidate\" data-status=\"init\" data-trp-original-action=\"\/es\/wp-json\/wp\/v2\/pages\/7810#wpcf7-f5-o1\">\n<fieldset class=\"hidden-fields-container\"><input type=\"hidden\" name=\"_wpcf7\" value=\"5\" \/><input type=\"hidden\" name=\"_wpcf7_version\" value=\"6.1.7\" \/><input type=\"hidden\" name=\"_wpcf7_locale\" value=\"en_US\" \/><input type=\"hidden\" name=\"_wpcf7_unit_tag\" value=\"wpcf7-f5-o1\" \/><input type=\"hidden\" name=\"_wpcf7_container_post\" value=\"0\" \/><input type=\"hidden\" name=\"_wpcf7_posted_data_hash\" value=\"\" \/>\n<\/fieldset>\n<div class=\"fusion-layout-column\" style=\"width:calc(50% - 10px); float:left; margin:0 20px 20px 0;\">\n\t<p><span class=\"wpcf7-form-control-wrap\" data-name=\"tel-405\"><input size=\"40\" maxlength=\"400\" class=\"wpcf7-form-control wpcf7-tel wpcf7-validates-as-required wpcf7-text wpcf7-validates-as-tel\" aria-required=\"true\" aria-invalid=\"false\" placeholder=\"n\u00famero de tel\u00e9fono\" value=\"\" type=\"tel\" name=\"tel-405\" \/><\/span>\n\t<\/p>\n<\/div>\n<div class=\"fusion-layout-column\" style=\"width:calc(50% - 10px); float:left; margin-bottom:20px;\">\n\t<p><span class=\"wpcf7-form-control-wrap kc_captcha cf7ic-toggle\" data-name=\"kc_captcha\"><span class=\"wpcf7-form-control wpcf7-radio\"><span class=\"captcha-image\" style=\"display: none;\"><span class=\"cf7ic_instructions\">Por favor, demuestra que eres humano seleccionando el<span> bandera<\/span>.<\/span><label><input aria-label=\"1\" type=\"radio\" name=\"kc_captcha\" value=\"bot\" \/><svg aria-hidden=\"true\" role=\"img\" xmlns=\"http:\/\/www.w3.org\/2000\/svg\" viewbox=\"0 0 512 512\"><path fill=\"currentColor\" d=\"M500 168h-55l-8-21a127 127 0 00-120-83H195a127 127 0 00-120 83l-8 21H12c-8 0-14 8-11 16l8 24a12 12 0 0011 8h29a64 64 0 00-33 56v48c0 16 6 31 16 42v62c0 13 11 24 24 24h48c13 0 24-11 24-24v-40h256v40c0 13 11 24 24 24h48c13 0 24-11 24-24v-62c10-11 16-26 16-42v-48c0-24-13-45-33-56h29a12 12 0 0011-8l8-24c3-8-3-16-11-16zm-365 2c9-25 33-42 60-42h122c27 0 51 17 60 42l15 38H120l15-38zM88 328a32 32 0 010-64c18 0 48 30 48 48s-30 16-48 16zm336 0c-18 0-48 2-48-16s30-48 48-48 32 14 32 32-14 32-32 32z\"\/><\/svg><\/label><label><input aria-label=\"2\" type=\"radio\" name=\"kc_captcha\" value=\"kc_human\" \/><svg aria-hidden=\"true\" role=\"img\" xmlns=\"http:\/\/www.w3.org\/2000\/svg\" viewbox=\"0 0 512 512\"><path fill=\"currentColor\" d=\"M350 99c-54 0-98-35-166-35-25 0-47 4-68 12a56 56 0 004-24C118 24 95 1 66 0a56 56 0 00-34 102v386c0 13 11 24 24 24h16c13 0 24-11 24-24v-94c28-12 64-23 114-23 54 0 98 35 166 35 48 0 86-16 122-41 9-6 14-15 14-26V96c0-23-24-39-45-29-35 16-77 32-117 32z\"\/><\/svg><\/label><label><input aria-label=\"3\" type=\"radio\" name=\"kc_captcha\" value=\"bot\" \/><svg aria-hidden=\"true\" role=\"img\" xmlns=\"http:\/\/www.w3.org\/2000\/svg\" viewbox=\"0 0 384 512\"><path fill=\"currentColor\" d=\"M377 375l-83-87h34c21 0 32-25 17-40l-82-88h33c21 0 32-25 18-40L210 8c-10-11-26-11-36 0L70 120c-14 15-3 40 18 40h33l-82 88c-15 15-4 40 17 40h34L7 375c-15 16-4 41 17 41h120c0 33-11 49-34 68-12 9-5 28 10 28h144c15 0 22-19 10-28-20-16-34-32-34-68h120c21 0 32-25 17-41z\"\/><\/svg><\/label>\r\n    <\/span>\r\n    <span style=\"display:none\">\r\n        <input type=\"text\" name=\"kc_honeypot\">\r\n    <\/span><\/span><\/span><br \/>\n<input class=\"wpcf7-form-control wpcf7-submit has-spinner button-xlarge\" type=\"submit\" value=\"LL\u00c1MAME\" \/>\n\t<\/p>\n<\/div>\n<div style=\"clear:both\">\n<\/div><div class=\"fusion-alert alert custom alert-custom fusion-alert-center wpcf7-response-output fusion-alert-capitalize awb-alert-native-link-color alert-dismissable awb-alert-close-boxed\" style=\"--awb-border-size:1px;--awb-border-top-left-radius:0px;--awb-border-top-right-radius:0px;--awb-border-bottom-left-radius:0px;--awb-border-bottom-right-radius:0px;\" role=\"alert\"><div class=\"fusion-alert-content-wrapper\"><span class=\"fusion-alert-content\"><\/span><\/div><button type=\"button\" class=\"close toggle-alert\" data-dismiss=\"alert\" aria-label=\"cerca\">\u00d7<\/button><\/div>\n<input type=\"hidden\" name=\"trp-form-language\" value=\"es\"\/><\/form>\n<\/div>\n<div class=\"fusion-clearfix\"><\/div><\/div><\/div><\/div><\/div><\/p>","protected":false},"excerpt":{"rendered":"","protected":false},"author":3,"featured_media":0,"parent":0,"menu_order":0,"comment_status":"closed","ping_status":"closed","template":"100-width.php","meta":{"footnotes":""},"class_list":["post-7810","page","type-page","status-publish","hentry","pagina_tag-caravanrepair-dealers"],"yoast_head":"<!-- This site is optimized with the Yoast SEO Premium plugin v27.5 (Yoast SEO v28.3) - https:\/\/yoast.com\/product\/yoast-seo-premium-wordpress\/ -->\n<title>Caravan schade Oldenzaal, caravan reparaties en schadeherstel.<\/title>\n<meta name=\"description\" content=\"Caravan schade Oldenzaal? Kies voor een CaravanRepair dealer voor alle caravan schades in Oldenzaal, professioneel en vakkundig schade herstel\" \/>\n<meta name=\"robots\" content=\"noindex, follow, max-snippet:-1, max-image-preview:large, max-video-preview:-1\" \/>\n<meta property=\"og:locale\" content=\"es_ES\" \/>\n<meta property=\"og:type\" content=\"article\" \/>\n<meta property=\"og:title\" content=\"Caravan schade Oldenzaal\" \/>\n<meta property=\"og:description\" content=\"Caravan schade Oldenzaal? Kies voor een CaravanRepair dealer voor alle caravan schades in Oldenzaal, professioneel en vakkundig schade herstel\" \/>\n<meta property=\"og:url\" content=\"https:\/\/oud.caravanrepair.eu\/es\/danos-en-caravana-oldenzaal\/\" \/>\n<meta property=\"og:site_name\" content=\"CaravanRepair\u00ae\" \/>\n<meta property=\"article:modified_time\" content=\"2024-02-27T13:04:40+00:00\" \/>\n<meta property=\"og:image\" content=\"https:\/\/oud.caravanrepair.eu\/wp-content\/uploads\/2019\/01\/logo-caravanrepair.png\" \/>\n\t<meta property=\"og:image:width\" content=\"353\" \/>\n\t<meta property=\"og:image:height\" content=\"150\" \/>\n\t<meta property=\"og:image:type\" content=\"image\/png\" \/>\n<meta name=\"twitter:card\" content=\"summary_large_image\" \/>\n<meta name=\"twitter:label1\" content=\"Tiempo de lectura\" \/>\n\t<meta name=\"twitter:data1\" content=\"6 minutos\" \/>\n<script type=\"application\/ld+json\" class=\"yoast-schema-graph\">{\"@context\":\"https:\\\/\\\/schema.org\",\"@graph\":[{\"@type\":\"WebPage\",\"@id\":\"https:\\\/\\\/oud.caravanrepair.eu\\\/caravan-schade-oldenzaal\\\/\",\"url\":\"https:\\\/\\\/oud.caravanrepair.eu\\\/caravan-schade-oldenzaal\\\/\",\"name\":\"Caravan schade Oldenzaal, caravan reparaties en schadeherstel.\",\"isPartOf\":{\"@id\":\"https:\\\/\\\/oud.caravanrepair.eu\\\/#website\"},\"datePublished\":\"2023-05-02T10:32:55+00:00\",\"dateModified\":\"2024-02-27T13:04:40+00:00\",\"description\":\"Caravan schade Oldenzaal? Kies voor een CaravanRepair dealer voor alle caravan schades in Oldenzaal, professioneel en vakkundig schade herstel\",\"breadcrumb\":{\"@id\":\"https:\\\/\\\/oud.caravanrepair.eu\\\/caravan-schade-oldenzaal\\\/#breadcrumb\"},\"inLanguage\":\"es\",\"potentialAction\":[{\"@type\":\"ReadAction\",\"target\":[\"https:\\\/\\\/oud.caravanrepair.eu\\\/caravan-schade-oldenzaal\\\/\"]}]},{\"@type\":\"BreadcrumbList\",\"@id\":\"https:\\\/\\\/oud.caravanrepair.eu\\\/caravan-schade-oldenzaal\\\/#breadcrumb\",\"itemListElement\":[{\"@type\":\"ListItem\",\"position\":1,\"name\":\"Home\",\"item\":\"https:\\\/\\\/oud.caravanrepair.eu\\\/\"},{\"@type\":\"ListItem\",\"position\":2,\"name\":\"Caravan schade Oldenzaal\"}]},{\"@type\":\"WebSite\",\"@id\":\"https:\\\/\\\/oud.caravanrepair.eu\\\/#website\",\"url\":\"https:\\\/\\\/oud.caravanrepair.eu\\\/\",\"name\":\"CaravanRepair\u00ae\",\"description\":\"Professioneel schadeherstel voor caravan en camper\",\"publisher\":{\"@id\":\"https:\\\/\\\/oud.caravanrepair.eu\\\/#organization\"},\"potentialAction\":[{\"@type\":\"SearchAction\",\"target\":{\"@type\":\"EntryPoint\",\"urlTemplate\":\"https:\\\/\\\/oud.caravanrepair.eu\\\/?s={search_term_string}\"},\"query-input\":{\"@type\":\"PropertyValueSpecification\",\"valueRequired\":true,\"valueName\":\"search_term_string\"}}],\"inLanguage\":\"es\"},{\"@type\":\"Organization\",\"@id\":\"https:\\\/\\\/oud.caravanrepair.eu\\\/#organization\",\"name\":\"CaravanRepair\u00ae\",\"url\":\"https:\\\/\\\/oud.caravanrepair.eu\\\/\",\"logo\":{\"@type\":\"ImageObject\",\"inLanguage\":\"es\",\"@id\":\"https:\\\/\\\/oud.caravanrepair.eu\\\/#\\\/schema\\\/logo\\\/image\\\/\",\"url\":\"https:\\\/\\\/oud.caravanrepair.eu\\\/wp-content\\\/uploads\\\/2019\\\/01\\\/logo-caravanrepair.png\",\"contentUrl\":\"https:\\\/\\\/oud.caravanrepair.eu\\\/wp-content\\\/uploads\\\/2019\\\/01\\\/logo-caravanrepair.png\",\"width\":353,\"height\":150,\"caption\":\"CaravanRepair\u00ae\"},\"image\":{\"@id\":\"https:\\\/\\\/oud.caravanrepair.eu\\\/#\\\/schema\\\/logo\\\/image\\\/\"}}]}<\/script>\n<!-- \/ Yoast SEO Premium plugin. -->","yoast_head_json":{"title":"Da\u00f1os en caravanas Oldenzaal, reparaci\u00f3n de caravanas y reparaci\u00f3n de da\u00f1os.","description":"\u00bfDa\u00f1os en la caravana Oldenzaal? Elija un distribuidor CaravanRepair para todos los da\u00f1os en caravanas en Oldenzaal, reparaci\u00f3n de da\u00f1os profesional y experto","robots":{"index":"noindex","follow":"follow","max-snippet":"max-snippet:-1","max-image-preview":"max-image-preview:large","max-video-preview":"max-video-preview:-1"},"og_locale":"es_ES","og_type":"article","og_title":"Caravan schade Oldenzaal","og_description":"Caravan schade Oldenzaal? Kies voor een CaravanRepair dealer voor alle caravan schades in Oldenzaal, professioneel en vakkundig schade herstel","og_url":"https:\/\/oud.caravanrepair.eu\/es\/danos-en-caravana-oldenzaal\/","og_site_name":"CaravanRepair\u00ae","article_modified_time":"2024-02-27T13:04:40+00:00","og_image":[{"width":353,"height":150,"url":"https:\/\/oud.caravanrepair.eu\/wp-content\/uploads\/2019\/01\/logo-caravanrepair.png","type":"image\/png"}],"twitter_card":"summary_large_image","twitter_misc":{"Tiempo de lectura":"6 minutos"},"schema":{"@context":"https:\/\/schema.org","@graph":[{"@type":"WebPage","@id":"https:\/\/oud.caravanrepair.eu\/caravan-schade-oldenzaal\/","url":"https:\/\/oud.caravanrepair.eu\/caravan-schade-oldenzaal\/","name":"Da\u00f1os en caravanas Oldenzaal, reparaci\u00f3n de caravanas y reparaci\u00f3n de da\u00f1os.","isPartOf":{"@id":"https:\/\/oud.caravanrepair.eu\/#website"},"datePublished":"2023-05-02T10:32:55+00:00","dateModified":"2024-02-27T13:04:40+00:00","description":"\u00bfDa\u00f1os en la caravana Oldenzaal? Elija un distribuidor CaravanRepair para todos los da\u00f1os en caravanas en Oldenzaal, reparaci\u00f3n de da\u00f1os profesional y experto","breadcrumb":{"@id":"https:\/\/oud.caravanrepair.eu\/caravan-schade-oldenzaal\/#breadcrumb"},"inLanguage":"es","potentialAction":[{"@type":"ReadAction","target":["https:\/\/oud.caravanrepair.eu\/caravan-schade-oldenzaal\/"]}]},{"@type":"BreadcrumbList","@id":"https:\/\/oud.caravanrepair.eu\/caravan-schade-oldenzaal\/#breadcrumb","itemListElement":[{"@type":"ListItem","position":1,"name":"Home","item":"https:\/\/oud.caravanrepair.eu\/"},{"@type":"ListItem","position":2,"name":"Caravan schade Oldenzaal"}]},{"@type":"WebSite","@id":"https:\/\/oud.caravanrepair.eu\/#website","url":"https:\/\/oud.caravanrepair.eu\/","name":"CaravanRepair\u00ae","description":"Reparaci\u00f3n profesional de da\u00f1os para caravanas y autocaravanas","publisher":{"@id":"https:\/\/oud.caravanrepair.eu\/#organization"},"potentialAction":[{"@type":"SearchAction","target":{"@type":"EntryPoint","urlTemplate":"https:\/\/oud.caravanrepair.eu\/?s={search_term_string}"},"query-input":{"@type":"PropertyValueSpecification","valueRequired":true,"valueName":"search_term_string"}}],"inLanguage":"es"},{"@type":"Organization","@id":"https:\/\/oud.caravanrepair.eu\/#organization","name":"CaravanRepair\u00ae","url":"https:\/\/oud.caravanrepair.eu\/","logo":{"@type":"ImageObject","inLanguage":"es","@id":"https:\/\/oud.caravanrepair.eu\/#\/schema\/logo\/image\/","url":"https:\/\/oud.caravanrepair.eu\/wp-content\/uploads\/2019\/01\/logo-caravanrepair.png","contentUrl":"https:\/\/oud.caravanrepair.eu\/wp-content\/uploads\/2019\/01\/logo-caravanrepair.png","width":353,"height":150,"caption":"CaravanRepair\u00ae"},"image":{"@id":"https:\/\/oud.caravanrepair.eu\/#\/schema\/logo\/image\/"}}]}},"_links":{"self":[{"href":"https:\/\/oud.caravanrepair.eu\/es\/wp-json\/wp\/v2\/pages\/7810","targetHints":{"allow":["GET"]}}],"collection":[{"href":"https:\/\/oud.caravanrepair.eu\/es\/wp-json\/wp\/v2\/pages"}],"about":[{"href":"https:\/\/oud.caravanrepair.eu\/es\/wp-json\/wp\/v2\/types\/page"}],"author":[{"embeddable":true,"href":"https:\/\/oud.caravanrepair.eu\/es\/wp-json\/wp\/v2\/users\/3"}],"replies":[{"embeddable":true,"href":"https:\/\/oud.caravanrepair.eu\/es\/wp-json\/wp\/v2\/comments?post=7810"}],"version-history":[{"count":0,"href":"https:\/\/oud.caravanrepair.eu\/es\/wp-json\/wp\/v2\/pages\/7810\/revisions"}],"wp:attachment":[{"href":"https:\/\/oud.caravanrepair.eu\/es\/wp-json\/wp\/v2\/media?parent=7810"}],"curies":[{"name":"wp","href":"https:\/\/api.w.org\/{rel}","templated":true}]}}