{"id":8095,"date":"2023-08-14T20:38:50","date_gmt":"2023-08-14T18:38:50","guid":{"rendered":"https:\/\/oud.caravanrepair.eu\/?page_id=8095"},"modified":"2024-03-26T11:06:27","modified_gmt":"2024-03-26T10:06:27","slug":"blog","status":"publish","type":"page","link":"https:\/\/oud.caravanrepair.eu\/es\/blog\/","title":{"rendered":"Blog"},"content":{"rendered":"<div data-elementor-type=\"wp-page\" data-elementor-id=\"8095\" class=\"elementor elementor-8095\" data-elementor-post-type=\"page\">\n\t\t\t\t\t\t<section class=\"elementor-section elementor-top-section elementor-element elementor-element-42a7a21b elementor-section-boxed elementor-section-height-default elementor-section-height-default\" data-id=\"42a7a21b\" data-element_type=\"section\" data-e-type=\"section\">\n\t\t\t\t\t\t<div class=\"elementor-container elementor-column-gap-default\">\n\t\t\t\t\t<div class=\"elementor-column elementor-col-100 elementor-top-column elementor-element elementor-element-71faae3\" data-id=\"71faae3\" data-element_type=\"column\" data-e-type=\"column\">\n\t\t\t<div class=\"elementor-widget-wrap elementor-element-populated\">\n\t\t\t\t\t\t<div class=\"elementor-element elementor-element-62749882 elementor-widget elementor-widget-heading\" data-id=\"62749882\" data-element_type=\"widget\" data-e-type=\"widget\" data-widget_type=\"heading.default\">\n\t\t\t\t<div class=\"elementor-widget-container\">\n\t\t\t\t\t<h2 class=\"elementor-heading-title elementor-size-default\">Noticias de reparaci\u00f3n de caravanas <\/h2>\t\t\t\t<\/div>\n\t\t\t\t<\/div>\n\t\t\t\t<div class=\"elementor-element elementor-element-da5ddbd elementor-align-left elementor-widget elementor-widget-breadcrumbs\" data-id=\"da5ddbd\" data-element_type=\"widget\" data-e-type=\"widget\" data-widget_type=\"breadcrumbs.default\">\n\t\t\t\t<div class=\"elementor-widget-container\">\n\t\t\t\t\t<p id=\"breadcrumbs\"><span><span><a href=\"https:\/\/oud.caravanrepair.eu\/es\/\">Hogar<\/a><\/span><\/span><\/p>\t\t\t\t<\/div>\n\t\t\t\t<\/div>\n\t\t\t\t\t<\/div>\n\t\t<\/div>\n\t\t\t\t\t<\/div>\n\t\t<\/section>\n\t\t\t\t<section class=\"elementor-section elementor-top-section elementor-element elementor-element-4c80b61f elementor-section-content-middle elementor-section-boxed elementor-section-height-default elementor-section-height-default\" data-id=\"4c80b61f\" data-element_type=\"section\" data-e-type=\"section\">\n\t\t\t\t\t\t<div class=\"elementor-container elementor-column-gap-no\">\n\t\t\t\t\t<div class=\"elementor-column elementor-col-50 elementor-top-column elementor-element elementor-element-66c51221\" data-id=\"66c51221\" data-element_type=\"column\" data-e-type=\"column\">\n\t\t\t<div class=\"elementor-widget-wrap elementor-element-populated\">\n\t\t\t\t\t\t<div class=\"elementor-element elementor-element-5c79f3c8 elementor-grid-1 elementor-grid-tablet-1 elementor-grid-mobile-1 elementor-posts--thumbnail-top elementor-widget elementor-widget-posts\" data-id=\"5c79f3c8\" data-element_type=\"widget\" data-e-type=\"widget\" id=\"blog_list\" data-settings=\"{&quot;classic_columns&quot;:&quot;1&quot;,&quot;classic_columns_tablet&quot;:&quot;1&quot;,&quot;classic_columns_mobile&quot;:&quot;1&quot;,&quot;classic_row_gap&quot;:{&quot;unit&quot;:&quot;px&quot;,&quot;size&quot;:35,&quot;sizes&quot;:[]},&quot;classic_row_gap_tablet&quot;:{&quot;unit&quot;:&quot;px&quot;,&quot;size&quot;:&quot;&quot;,&quot;sizes&quot;:[]},&quot;classic_row_gap_mobile&quot;:{&quot;unit&quot;:&quot;px&quot;,&quot;size&quot;:&quot;&quot;,&quot;sizes&quot;:[]}}\" data-widget_type=\"posts.classic\">\n\t\t\t\t<div class=\"elementor-widget-container\">\n\t\t\t\t\t\t\t<div class=\"elementor-posts-container elementor-posts elementor-posts--skin-classic elementor-grid\" role=\"list\">\n\t\t\t\t<article class=\"elementor-post elementor-grid-item post-20973 post type-post status-publish format-standard has-post-thumbnail hentry category-dealers-europa\" role=\"listitem\">\n\t\t\t\t<a class=\"elementor-post__thumbnail__link\" href=\"https:\/\/oud.caravanrepair.eu\/es\/dealers-europa\/dealer-worden-voor-caravanrepair-in-belgie\/\" tabindex=\"-1\" >\n\t\t\t<div class=\"elementor-post__thumbnail\"><img fetchpriority=\"high\" decoding=\"async\" width=\"1024\" height=\"691\" src=\"https:\/\/oud.caravanrepair.eu\/wp-content\/uploads\/2024\/10\/Fendt_Caravan_514ee9674efa3-1024x691.jpg\" class=\"attachment-large size-large wp-image-16563\" alt=\"Preguntas frecuentes | Reparaci\u00f3n de caravanas\" srcset=\"https:\/\/oud.caravanrepair.eu\/wp-content\/uploads\/2024\/10\/Fendt_Caravan_514ee9674efa3-18x12.jpg 18w, https:\/\/oud.caravanrepair.eu\/wp-content\/uploads\/2024\/10\/Fendt_Caravan_514ee9674efa3-200x135.jpg 200w, https:\/\/oud.caravanrepair.eu\/wp-content\/uploads\/2024\/10\/Fendt_Caravan_514ee9674efa3-300x203.jpg 300w, https:\/\/oud.caravanrepair.eu\/wp-content\/uploads\/2024\/10\/Fendt_Caravan_514ee9674efa3-400x270.jpg 400w, https:\/\/oud.caravanrepair.eu\/wp-content\/uploads\/2024\/10\/Fendt_Caravan_514ee9674efa3-600x405.jpg 600w, https:\/\/oud.caravanrepair.eu\/wp-content\/uploads\/2024\/10\/Fendt_Caravan_514ee9674efa3-768x519.jpg 768w, https:\/\/oud.caravanrepair.eu\/wp-content\/uploads\/2024\/10\/Fendt_Caravan_514ee9674efa3-800x540.jpg 800w, https:\/\/oud.caravanrepair.eu\/wp-content\/uploads\/2024\/10\/Fendt_Caravan_514ee9674efa3-1024x691.jpg 1024w, https:\/\/oud.caravanrepair.eu\/wp-content\/uploads\/2024\/10\/Fendt_Caravan_514ee9674efa3-1200x810.jpg 1200w, https:\/\/oud.caravanrepair.eu\/wp-content\/uploads\/2024\/10\/Fendt_Caravan_514ee9674efa3.jpg 1392w\" sizes=\"(max-width: 1024px) 100vw, 1024px\" \/><\/div>\n\t\t<\/a>\n\t\t\t\t<div class=\"elementor-post__text\">\n\t\t\t\t<h2 class=\"elementor-post__title\">\n\t\t\t<a href=\"https:\/\/oud.caravanrepair.eu\/es\/dealers-europa\/dealer-worden-voor-caravanrepair-in-belgie\/\" >\n\t\t\t\tConvertirse en distribuidor de CaravanRepair en B\u00e9lgica\t\t\t<\/a>\n\t\t<\/h2>\n\t\t\t\t<div class=\"elementor-post__meta-data\">\n\t\t\t\t\t<span class=\"elementor-post-date\">\n\t\t\t8 mayo 2025\t\t<\/span>\n\t\t\t\t<\/div>\n\t\t\t\t<div class=\"elementor-post__excerpt\">\n\t\t\t<p>Convertirse en distribuidor de CaravanRepair en B\u00e9lgica Distribuidor de CaravanRepair en B\u00e9lgica: Reparaci\u00f3n de caravanas y autocaravanas da\u00f1adas \u00bfEs usted un empresario en<\/p>\n\t\t<\/div>\n\t\t\t\t\t<div class=\"elementor-post__read-more-wrapper\">\n\t\t\n\t\t<a class=\"elementor-post__read-more\" href=\"https:\/\/oud.caravanrepair.eu\/es\/dealers-europa\/dealer-worden-voor-caravanrepair-in-belgie\/\" aria-label=\"M\u00e1s informaci\u00f3n sobre Ser distribuidor de CaravanRepair en B\u00e9lgica\" tabindex=\"-1\" >\n\t\t\tLeer m\u00e1s &quot;\t\t<\/a>\n\n\t\t\t\t\t<\/div>\n\t\t\t\t<\/div>\n\t\t\t\t<\/article>\n\t\t\t\t<article class=\"elementor-post elementor-grid-item post-14536 post type-post status-publish format-standard has-post-thumbnail hentry category-belgie category-dealers-europa\" role=\"listitem\">\n\t\t\t\t<a class=\"elementor-post__thumbnail__link\" href=\"https:\/\/oud.caravanrepair.eu\/es\/dealers-europa\/caravanrepair-belgie\/\" tabindex=\"-1\" >\n\t\t\t<div class=\"elementor-post__thumbnail\"><img decoding=\"async\" width=\"1024\" height=\"683\" data-src=\"https:\/\/oud.caravanrepair.eu\/wp-content\/uploads\/2023\/11\/camper-van-on-road-near-hill-and-blue-sky-2.jpg\" class=\"attachment-large size-large wp-image-8861 lazyload\" alt=\"\" data-srcset=\"https:\/\/oud.caravanrepair.eu\/wp-content\/uploads\/2023\/11\/camper-van-on-road-near-hill-and-blue-sky-2-300x200.jpg 300w, https:\/\/oud.caravanrepair.eu\/wp-content\/uploads\/2023\/11\/camper-van-on-road-near-hill-and-blue-sky-2.jpg 1920w\" data-sizes=\"(max-width: 1024px) 100vw, 1024px\" src=\"data:image\/gif;base64,R0lGODlhAQABAAAAACH5BAEKAAEALAAAAAABAAEAAAICTAEAOw==\" style=\"--smush-placeholder-width: 1024px; --smush-placeholder-aspect-ratio: 1024\/683;\" \/><\/div>\n\t\t<\/a>\n\t\t\t\t<div class=\"elementor-post__text\">\n\t\t\t\t<h2 class=\"elementor-post__title\">\n\t\t\t<a href=\"https:\/\/oud.caravanrepair.eu\/es\/dealers-europa\/caravanrepair-belgie\/\" >\n\t\t\t\tCaravanRepair B\u00e9lgica\t\t\t<\/a>\n\t\t<\/h2>\n\t\t\t\t<div class=\"elementor-post__meta-data\">\n\t\t\t\t\t<span class=\"elementor-post-date\">\n\t\t\t13 de junio de 2024\t\t<\/span>\n\t\t\t\t<\/div>\n\t\t\t\t<div class=\"elementor-post__excerpt\">\n\t\t\t<p>CaravanRepair: Los profesionales en reparaci\u00f3n de da\u00f1os en caravanas y autocaravanas en B\u00e9lgica Como orgulloso propietario de una caravana o autocaravana (camper) que desea<\/p>\n\t\t<\/div>\n\t\t\t\t\t<div class=\"elementor-post__read-more-wrapper\">\n\t\t\n\t\t<a class=\"elementor-post__read-more\" href=\"https:\/\/oud.caravanrepair.eu\/es\/dealers-europa\/caravanrepair-belgie\/\" aria-label=\"M\u00e1s informaci\u00f3n sobre CaravanRepair B\u00e9lgica\" tabindex=\"-1\" >\n\t\t\tLeer m\u00e1s &quot;\t\t<\/a>\n\n\t\t\t\t\t<\/div>\n\t\t\t\t<\/div>\n\t\t\t\t<\/article>\n\t\t\t\t<article class=\"elementor-post elementor-grid-item post-14044 post type-post status-publish format-standard has-post-thumbnail hentry category-italie\" role=\"listitem\">\n\t\t\t\t<a class=\"elementor-post__thumbnail__link\" href=\"https:\/\/oud.caravanrepair.eu\/es\/dealers-europa\/italie\/caravanrepair-italie\/\" tabindex=\"-1\" >\n\t\t\t<div class=\"elementor-post__thumbnail\"><img decoding=\"async\" width=\"1024\" height=\"692\" data-src=\"https:\/\/oud.caravanrepair.eu\/wp-content\/uploads\/2023\/11\/camper-van-summer-trip-1024x692.jpg\" class=\"attachment-large size-large wp-image-8823 lazyload\" alt=\"Viaje de verano en autocaravana\" data-srcset=\"https:\/\/oud.caravanrepair.eu\/wp-content\/uploads\/2023\/11\/camper-van-summer-trip-18x12.jpg 18w, https:\/\/oud.caravanrepair.eu\/wp-content\/uploads\/2023\/11\/camper-van-summer-trip-200x135.jpg 200w, https:\/\/oud.caravanrepair.eu\/wp-content\/uploads\/2023\/11\/camper-van-summer-trip-300x203.jpg 300w, https:\/\/oud.caravanrepair.eu\/wp-content\/uploads\/2023\/11\/camper-van-summer-trip-400x270.jpg 400w, https:\/\/oud.caravanrepair.eu\/wp-content\/uploads\/2023\/11\/camper-van-summer-trip-600x406.jpg 600w, https:\/\/oud.caravanrepair.eu\/wp-content\/uploads\/2023\/11\/camper-van-summer-trip-768x519.jpg 768w, https:\/\/oud.caravanrepair.eu\/wp-content\/uploads\/2023\/11\/camper-van-summer-trip-800x541.jpg 800w, https:\/\/oud.caravanrepair.eu\/wp-content\/uploads\/2023\/11\/camper-van-summer-trip-1024x692.jpg 1024w, https:\/\/oud.caravanrepair.eu\/wp-content\/uploads\/2023\/11\/camper-van-summer-trip-1200x811.jpg 1200w, https:\/\/oud.caravanrepair.eu\/wp-content\/uploads\/2023\/11\/camper-van-summer-trip-1536x1038.jpg 1536w, https:\/\/oud.caravanrepair.eu\/wp-content\/uploads\/2023\/11\/camper-van-summer-trip.jpg 1920w\" data-sizes=\"(max-width: 1024px) 100vw, 1024px\" src=\"data:image\/gif;base64,R0lGODlhAQABAAAAACH5BAEKAAEALAAAAAABAAEAAAICTAEAOw==\" style=\"--smush-placeholder-width: 1024px; --smush-placeholder-aspect-ratio: 1024\/692;\" \/><\/div>\n\t\t<\/a>\n\t\t\t\t<div class=\"elementor-post__text\">\n\t\t\t\t<h2 class=\"elementor-post__title\">\n\t\t\t<a href=\"https:\/\/oud.caravanrepair.eu\/es\/dealers-europa\/italie\/caravanrepair-italie\/\" >\n\t\t\t\tCaravanaReparaci\u00f3n Italia\t\t\t<\/a>\n\t\t<\/h2>\n\t\t\t\t<div class=\"elementor-post__meta-data\">\n\t\t\t\t\t<span class=\"elementor-post-date\">\n\t\t\t16 de abril de 2024\t\t<\/span>\n\t\t\t\t<\/div>\n\t\t\t\t<div class=\"elementor-post__excerpt\">\n\t\t\t<p>CaravanRepair Group se expande a Italia CaravanRepair Italia. Muchos propietarios de caravanas y\/o autocaravanas sufren da\u00f1os durante las vacaciones o los viajes.<\/p>\n\t\t<\/div>\n\t\t\t\t\t<div class=\"elementor-post__read-more-wrapper\">\n\t\t\n\t\t<a class=\"elementor-post__read-more\" href=\"https:\/\/oud.caravanrepair.eu\/es\/dealers-europa\/italie\/caravanrepair-italie\/\" aria-label=\"M\u00e1s informaci\u00f3n sobre CaravanRepair Italia\" tabindex=\"-1\" >\n\t\t\tLeer m\u00e1s &quot;\t\t<\/a>\n\n\t\t\t\t\t<\/div>\n\t\t\t\t<\/div>\n\t\t\t\t<\/article>\n\t\t\t\t<article class=\"elementor-post elementor-grid-item post-13283 post type-post status-publish format-standard has-post-thumbnail hentry category-caravanrepair-nieuws\" role=\"listitem\">\n\t\t\t\t<a class=\"elementor-post__thumbnail__link\" href=\"https:\/\/oud.caravanrepair.eu\/es\/caravanrepair-nieuws\/unieke-hagelwerende-coating\/\" tabindex=\"-1\" >\n\t\t\t<div class=\"elementor-post__thumbnail\"><img decoding=\"async\" width=\"1024\" height=\"768\" data-src=\"https:\/\/oud.caravanrepair.eu\/wp-content\/uploads\/2023\/11\/travel-vacation-lifestyle-with-camper-parked-at-the-beach-with-sea-view-recreational-vehicle-1024x768.jpg\" class=\"attachment-large size-large wp-image-8847 lazyload\" alt=\"Camper en tormenta que se aproxima con lluvias de granizo\" data-srcset=\"https:\/\/oud.caravanrepair.eu\/wp-content\/uploads\/2023\/11\/travel-vacation-lifestyle-with-camper-parked-at-the-beach-with-sea-view-recreational-vehicle-16x12.jpg 16w, https:\/\/oud.caravanrepair.eu\/wp-content\/uploads\/2023\/11\/travel-vacation-lifestyle-with-camper-parked-at-the-beach-with-sea-view-recreational-vehicle-200x150.jpg 200w, https:\/\/oud.caravanrepair.eu\/wp-content\/uploads\/2023\/11\/travel-vacation-lifestyle-with-camper-parked-at-the-beach-with-sea-view-recreational-vehicle-300x225.jpg 300w, https:\/\/oud.caravanrepair.eu\/wp-content\/uploads\/2023\/11\/travel-vacation-lifestyle-with-camper-parked-at-the-beach-with-sea-view-recreational-vehicle-400x300.jpg 400w, https:\/\/oud.caravanrepair.eu\/wp-content\/uploads\/2023\/11\/travel-vacation-lifestyle-with-camper-parked-at-the-beach-with-sea-view-recreational-vehicle-600x450.jpg 600w, https:\/\/oud.caravanrepair.eu\/wp-content\/uploads\/2023\/11\/travel-vacation-lifestyle-with-camper-parked-at-the-beach-with-sea-view-recreational-vehicle-768x576.jpg 768w, https:\/\/oud.caravanrepair.eu\/wp-content\/uploads\/2023\/11\/travel-vacation-lifestyle-with-camper-parked-at-the-beach-with-sea-view-recreational-vehicle-800x600.jpg 800w, https:\/\/oud.caravanrepair.eu\/wp-content\/uploads\/2023\/11\/travel-vacation-lifestyle-with-camper-parked-at-the-beach-with-sea-view-recreational-vehicle-1024x768.jpg 1024w, https:\/\/oud.caravanrepair.eu\/wp-content\/uploads\/2023\/11\/travel-vacation-lifestyle-with-camper-parked-at-the-beach-with-sea-view-recreational-vehicle-1200x900.jpg 1200w, https:\/\/oud.caravanrepair.eu\/wp-content\/uploads\/2023\/11\/travel-vacation-lifestyle-with-camper-parked-at-the-beach-with-sea-view-recreational-vehicle-1536x1152.jpg 1536w, https:\/\/oud.caravanrepair.eu\/wp-content\/uploads\/2023\/11\/travel-vacation-lifestyle-with-camper-parked-at-the-beach-with-sea-view-recreational-vehicle.jpg 1920w\" data-sizes=\"(max-width: 1024px) 100vw, 1024px\" src=\"data:image\/gif;base64,R0lGODlhAQABAAAAACH5BAEKAAEALAAAAAABAAEAAAICTAEAOw==\" style=\"--smush-placeholder-width: 1024px; --smush-placeholder-aspect-ratio: 1024\/768;\" \/><\/div>\n\t\t<\/a>\n\t\t\t\t<div class=\"elementor-post__text\">\n\t\t\t\t<h2 class=\"elementor-post__title\">\n\t\t\t<a href=\"https:\/\/oud.caravanrepair.eu\/es\/caravanrepair-nieuws\/unieke-hagelwerende-coating\/\" >\n\t\t\t\tRecubrimiento \u00fanico resistente al granizo\t\t\t<\/a>\n\t\t<\/h2>\n\t\t\t\t<div class=\"elementor-post__meta-data\">\n\t\t\t\t\t<span class=\"elementor-post-date\">\n\t\t\t13 de marzo de 2024\t\t<\/span>\n\t\t\t\t<\/div>\n\t\t\t\t<div class=\"elementor-post__excerpt\">\n\t\t\t\t\t<\/div>\n\t\t\t\t\t<div class=\"elementor-post__read-more-wrapper\">\n\t\t\n\t\t<a class=\"elementor-post__read-more\" href=\"https:\/\/oud.caravanrepair.eu\/es\/caravanrepair-nieuws\/unieke-hagelwerende-coating\/\" aria-label=\"M\u00e1s informaci\u00f3n sobre el revestimiento \u00fanico resistente al granizo\" tabindex=\"-1\" >\n\t\t\tLeer m\u00e1s &quot;\t\t<\/a>\n\n\t\t\t\t\t<\/div>\n\t\t\t\t<\/div>\n\t\t\t\t<\/article>\n\t\t\t\t<article class=\"elementor-post elementor-grid-item post-10330 post type-post status-publish format-standard has-post-thumbnail hentry category-spanje\" role=\"listitem\">\n\t\t\t\t<a class=\"elementor-post__thumbnail__link\" href=\"https:\/\/oud.caravanrepair.eu\/es\/dealers-europa\/spanje\/caravanrepair-spanje\/\" tabindex=\"-1\" >\n\t\t\t<div class=\"elementor-post__thumbnail\"><img decoding=\"async\" width=\"1024\" height=\"682\" data-src=\"https:\/\/oud.caravanrepair.eu\/wp-content\/uploads\/2023\/11\/caravan-or-motor-home-trailer-on-a-mountain-road-1024x682.jpg\" class=\"attachment-large size-large wp-image-8810 lazyload\" alt=\"Caravana o remolque de casa rodante en una carretera de monta\u00f1a\" data-srcset=\"https:\/\/oud.caravanrepair.eu\/wp-content\/uploads\/2023\/11\/caravan-or-motor-home-trailer-on-a-mountain-road-18x12.jpg 18w, https:\/\/oud.caravanrepair.eu\/wp-content\/uploads\/2023\/11\/caravan-or-motor-home-trailer-on-a-mountain-road-200x133.jpg 200w, https:\/\/oud.caravanrepair.eu\/wp-content\/uploads\/2023\/11\/caravan-or-motor-home-trailer-on-a-mountain-road-300x200.jpg 300w, https:\/\/oud.caravanrepair.eu\/wp-content\/uploads\/2023\/11\/caravan-or-motor-home-trailer-on-a-mountain-road-400x267.jpg 400w, https:\/\/oud.caravanrepair.eu\/wp-content\/uploads\/2023\/11\/caravan-or-motor-home-trailer-on-a-mountain-road-600x400.jpg 600w, https:\/\/oud.caravanrepair.eu\/wp-content\/uploads\/2023\/11\/caravan-or-motor-home-trailer-on-a-mountain-road-768x512.jpg 768w, https:\/\/oud.caravanrepair.eu\/wp-content\/uploads\/2023\/11\/caravan-or-motor-home-trailer-on-a-mountain-road-800x533.jpg 800w, https:\/\/oud.caravanrepair.eu\/wp-content\/uploads\/2023\/11\/caravan-or-motor-home-trailer-on-a-mountain-road-1024x682.jpg 1024w, https:\/\/oud.caravanrepair.eu\/wp-content\/uploads\/2023\/11\/caravan-or-motor-home-trailer-on-a-mountain-road-1200x800.jpg 1200w, https:\/\/oud.caravanrepair.eu\/wp-content\/uploads\/2023\/11\/caravan-or-motor-home-trailer-on-a-mountain-road-1536x1024.jpg 1536w, https:\/\/oud.caravanrepair.eu\/wp-content\/uploads\/2023\/11\/caravan-or-motor-home-trailer-on-a-mountain-road.jpg 1920w\" data-sizes=\"(max-width: 1024px) 100vw, 1024px\" src=\"data:image\/gif;base64,R0lGODlhAQABAAAAACH5BAEKAAEALAAAAAABAAEAAAICTAEAOw==\" style=\"--smush-placeholder-width: 1024px; --smush-placeholder-aspect-ratio: 1024\/682;\" \/><\/div>\n\t\t<\/a>\n\t\t\t\t<div class=\"elementor-post__text\">\n\t\t\t\t<h2 class=\"elementor-post__title\">\n\t\t\t<a href=\"https:\/\/oud.caravanrepair.eu\/es\/dealers-europa\/spanje\/caravanrepair-spanje\/\" >\n\t\t\t\tCaravanRepair\u00ae Espa\u00f1a\t\t\t<\/a>\n\t\t<\/h2>\n\t\t\t\t<div class=\"elementor-post__meta-data\">\n\t\t\t\t\t<span class=\"elementor-post-date\">\n\t\t\t8 enero 2024\t\t<\/span>\n\t\t\t\t<\/div>\n\t\t\t\t<div class=\"elementor-post__excerpt\">\n\t\t\t<p>El Grupo CaravanRepair\u00ae tambi\u00e9n en Espa\u00f1a El Grupo Caravanrepair, cadena l\u00edder en reparaci\u00f3n profesional de da\u00f1os en caravanas y autocaravanas, recientemente<\/p>\n\t\t<\/div>\n\t\t\t\t\t<div class=\"elementor-post__read-more-wrapper\">\n\t\t\n\t\t<a class=\"elementor-post__read-more\" href=\"https:\/\/oud.caravanrepair.eu\/es\/dealers-europa\/spanje\/caravanrepair-spanje\/\" aria-label=\"M\u00e1s informaci\u00f3n sobre CaravanRepair\u00ae Espa\u00f1a\" tabindex=\"-1\" >\n\t\t\tLeer m\u00e1s &quot;\t\t<\/a>\n\n\t\t\t\t\t<\/div>\n\t\t\t\t<\/div>\n\t\t\t\t<\/article>\n\t\t\t\t<article class=\"elementor-post elementor-grid-item post-9941 post type-post status-publish format-standard has-post-thumbnail hentry category-polen\" role=\"listitem\">\n\t\t\t\t<a class=\"elementor-post__thumbnail__link\" href=\"https:\/\/oud.caravanrepair.eu\/es\/dealers-europa\/polen\/caravanrepair-polen\/\" tabindex=\"-1\" >\n\t\t\t<div class=\"elementor-post__thumbnail\"><img decoding=\"async\" width=\"780\" height=\"420\" data-src=\"https:\/\/oud.caravanrepair.eu\/wp-content\/uploads\/2023\/12\/Auto-Caravan-Bergen-780x420-1.jpg\" class=\"attachment-large size-large wp-image-9902 lazyload\" alt=\"\" data-srcset=\"https:\/\/oud.caravanrepair.eu\/wp-content\/uploads\/2023\/12\/Auto-Caravan-Bergen-780x420-1-18x10.jpg 18w, https:\/\/oud.caravanrepair.eu\/wp-content\/uploads\/2023\/12\/Auto-Caravan-Bergen-780x420-1-200x108.jpg 200w, https:\/\/oud.caravanrepair.eu\/wp-content\/uploads\/2023\/12\/Auto-Caravan-Bergen-780x420-1-300x162.jpg 300w, https:\/\/oud.caravanrepair.eu\/wp-content\/uploads\/2023\/12\/Auto-Caravan-Bergen-780x420-1-400x215.jpg 400w, https:\/\/oud.caravanrepair.eu\/wp-content\/uploads\/2023\/12\/Auto-Caravan-Bergen-780x420-1-600x323.jpg 600w, https:\/\/oud.caravanrepair.eu\/wp-content\/uploads\/2023\/12\/Auto-Caravan-Bergen-780x420-1-768x414.jpg 768w, https:\/\/oud.caravanrepair.eu\/wp-content\/uploads\/2023\/12\/Auto-Caravan-Bergen-780x420-1.jpg 780w\" data-sizes=\"(max-width: 780px) 100vw, 780px\" src=\"data:image\/gif;base64,R0lGODlhAQABAAAAACH5BAEKAAEALAAAAAABAAEAAAICTAEAOw==\" style=\"--smush-placeholder-width: 780px; --smush-placeholder-aspect-ratio: 780\/420;\" \/><\/div>\n\t\t<\/a>\n\t\t\t\t<div class=\"elementor-post__text\">\n\t\t\t\t<h2 class=\"elementor-post__title\">\n\t\t\t<a href=\"https:\/\/oud.caravanrepair.eu\/es\/dealers-europa\/polen\/caravanrepair-polen\/\" >\n\t\t\t\tCaravanaReparaci\u00f3n Polonia\t\t\t<\/a>\n\t\t<\/h2>\n\t\t\t\t<div class=\"elementor-post__meta-data\">\n\t\t\t\t\t<span class=\"elementor-post-date\">\n\t\t\t22 de diciembre de 2023\t\t<\/span>\n\t\t\t\t<\/div>\n\t\t\t\t<div class=\"elementor-post__excerpt\">\n\t\t\t<p>\u00a1Buenas noticias para los propietarios de caravanas y autocaravanas en Polonia! CaravanRepair, una cadena renovada de talleres de reparaci\u00f3n de da\u00f1os para caravanas y autocaravanas, ahora tambi\u00e9n est\u00e1 activa en Polonia. Con su amplia experiencia y servicio profesional, su objetivo es ayudar a los propietarios de caravanas y autocaravanas a reparar los da\u00f1os.<\/p>\n\t\t<\/div>\n\t\t\t\t\t<div class=\"elementor-post__read-more-wrapper\">\n\t\t\n\t\t<a class=\"elementor-post__read-more\" href=\"https:\/\/oud.caravanrepair.eu\/es\/dealers-europa\/polen\/caravanrepair-polen\/\" aria-label=\"M\u00e1s informaci\u00f3n sobre CaravanRepair Polonia\" tabindex=\"-1\" >\n\t\t\tLeer m\u00e1s &quot;\t\t<\/a>\n\n\t\t\t\t\t<\/div>\n\t\t\t\t<\/div>\n\t\t\t\t<\/article>\n\t\t\t\t<article class=\"elementor-post elementor-grid-item post-9686 post type-post status-publish format-standard has-post-thumbnail hentry category-grudziadz\" role=\"listitem\">\n\t\t\t\t<a class=\"elementor-post__thumbnail__link\" href=\"https:\/\/oud.caravanrepair.eu\/es\/dealers-europa\/polen\/grudziadz\/officele-caravanrepair-master-dealer-polen-grudziadz\/\" tabindex=\"-1\" >\n\t\t\t<div class=\"elementor-post__thumbnail\"><img decoding=\"async\" width=\"995\" height=\"450\" data-src=\"https:\/\/oud.caravanrepair.eu\/wp-content\/uploads\/2023\/10\/Fendt-Saphir-2019-Audi.jpg\" class=\"attachment-large size-large wp-image-8628 lazyload\" alt=\"da\u00f1o de la caravana\" data-srcset=\"https:\/\/oud.caravanrepair.eu\/wp-content\/uploads\/2023\/10\/Fendt-Saphir-2019-Audi-18x8.jpg 18w, https:\/\/oud.caravanrepair.eu\/wp-content\/uploads\/2023\/10\/Fendt-Saphir-2019-Audi-200x90.jpg 200w, https:\/\/oud.caravanrepair.eu\/wp-content\/uploads\/2023\/10\/Fendt-Saphir-2019-Audi-300x136.jpg 300w, https:\/\/oud.caravanrepair.eu\/wp-content\/uploads\/2023\/10\/Fendt-Saphir-2019-Audi-400x181.jpg 400w, https:\/\/oud.caravanrepair.eu\/wp-content\/uploads\/2023\/10\/Fendt-Saphir-2019-Audi-600x271.jpg 600w, https:\/\/oud.caravanrepair.eu\/wp-content\/uploads\/2023\/10\/Fendt-Saphir-2019-Audi-768x347.jpg 768w, https:\/\/oud.caravanrepair.eu\/wp-content\/uploads\/2023\/10\/Fendt-Saphir-2019-Audi-800x362.jpg 800w, https:\/\/oud.caravanrepair.eu\/wp-content\/uploads\/2023\/10\/Fendt-Saphir-2019-Audi.jpg 995w\" data-sizes=\"(max-width: 995px) 100vw, 995px\" src=\"data:image\/gif;base64,R0lGODlhAQABAAAAACH5BAEKAAEALAAAAAABAAEAAAICTAEAOw==\" style=\"--smush-placeholder-width: 995px; --smush-placeholder-aspect-ratio: 995\/450;\" \/><\/div>\n\t\t<\/a>\n\t\t\t\t<div class=\"elementor-post__text\">\n\t\t\t\t<h2 class=\"elementor-post__title\">\n\t\t\t<a href=\"https:\/\/oud.caravanrepair.eu\/es\/dealers-europa\/polen\/grudziadz\/officele-caravanrepair-master-dealer-polen-grudziadz\/\" >\n\t\t\t\tDistribuidor oficial de CaravanRepair Polonia-Grudziadz\t\t\t<\/a>\n\t\t<\/h2>\n\t\t\t\t<div class=\"elementor-post__meta-data\">\n\t\t\t\t\t<span class=\"elementor-post-date\">\n\t\t\t19 de diciembre de 2023\t\t<\/span>\n\t\t\t\t<\/div>\n\t\t\t\t<div class=\"elementor-post__excerpt\">\n\t\t\t<p>Distribuidor oficial de CaravanRepair para Polonia-Grudziadz. Profesionales en reparaci\u00f3n de da\u00f1os. Nuestro principal distribuidor CaravanRepair est\u00e1 ubicado en Polonia-Grudziadz. Nuestro distribuidor oficial CaravanRepair<\/p>\n\t\t<\/div>\n\t\t\t\t\t<div class=\"elementor-post__read-more-wrapper\">\n\t\t\n\t\t<a class=\"elementor-post__read-more\" href=\"https:\/\/oud.caravanrepair.eu\/es\/dealers-europa\/polen\/grudziadz\/officele-caravanrepair-master-dealer-polen-grudziadz\/\" aria-label=\"M\u00e1s informaci\u00f3n sobre el distribuidor oficial de CaravanRepair Polonia-Grudziadz\" tabindex=\"-1\" >\n\t\t\tLeer m\u00e1s &quot;\t\t<\/a>\n\n\t\t\t\t\t<\/div>\n\t\t\t\t<\/div>\n\t\t\t\t<\/article>\n\t\t\t\t<article class=\"elementor-post elementor-grid-item post-8871 post type-post status-publish format-standard has-post-thumbnail hentry category-girona category-spanje\" role=\"listitem\">\n\t\t\t\t<a class=\"elementor-post__thumbnail__link\" href=\"https:\/\/oud.caravanrepair.eu\/es\/dealers-europa\/spanje\/girona\/officiele-caravanrepair-master-dealer-spanje-girona\/\" tabindex=\"-1\" >\n\t\t\t<div class=\"elementor-post__thumbnail\"><img decoding=\"async\" width=\"1024\" height=\"683\" data-src=\"https:\/\/oud.caravanrepair.eu\/wp-content\/uploads\/2023\/11\/camper-van-on-deserted-land-and-blue-sky-1024x683.jpg\" class=\"attachment-large size-large wp-image-8863 lazyload\" alt=\"\" data-srcset=\"https:\/\/oud.caravanrepair.eu\/wp-content\/uploads\/2023\/11\/camper-van-on-deserted-land-and-blue-sky-300x200.jpg 300w, https:\/\/oud.caravanrepair.eu\/wp-content\/uploads\/2023\/11\/camper-van-on-deserted-land-and-blue-sky-768x512.jpg 768w, https:\/\/oud.caravanrepair.eu\/wp-content\/uploads\/2023\/11\/camper-van-on-deserted-land-and-blue-sky-1024x683.jpg 1024w, https:\/\/oud.caravanrepair.eu\/wp-content\/uploads\/2023\/11\/camper-van-on-deserted-land-and-blue-sky.jpg 1920w\" data-sizes=\"(max-width: 1024px) 100vw, 1024px\" src=\"data:image\/gif;base64,R0lGODlhAQABAAAAACH5BAEKAAEALAAAAAABAAEAAAICTAEAOw==\" style=\"--smush-placeholder-width: 1024px; --smush-placeholder-aspect-ratio: 1024\/683;\" \/><\/div>\n\t\t<\/a>\n\t\t\t\t<div class=\"elementor-post__text\">\n\t\t\t\t<h2 class=\"elementor-post__title\">\n\t\t\t<a href=\"https:\/\/oud.caravanrepair.eu\/es\/dealers-europa\/spanje\/girona\/officiele-caravanrepair-master-dealer-spanje-girona\/\" >\n\t\t\t\tDistribuidor CaravanRepair Master Espa\u00f1a\t\t\t<\/a>\n\t\t<\/h2>\n\t\t\t\t<div class=\"elementor-post__meta-data\">\n\t\t\t\t\t<span class=\"elementor-post-date\">\n\t\t\t9 de noviembre de 2023\t\t<\/span>\n\t\t\t\t<\/div>\n\t\t\t\t<div class=\"elementor-post__excerpt\">\n\t\t\t\t\t<\/div>\n\t\t\t\t\t<div class=\"elementor-post__read-more-wrapper\">\n\t\t\n\t\t<a class=\"elementor-post__read-more\" href=\"https:\/\/oud.caravanrepair.eu\/es\/dealers-europa\/spanje\/girona\/officiele-caravanrepair-master-dealer-spanje-girona\/\" aria-label=\"M\u00e1s informaci\u00f3n sobre Distribuidor CaravanRepair Master Espa\u00f1a\" tabindex=\"-1\" >\n\t\t\tLeer m\u00e1s &quot;\t\t<\/a>\n\n\t\t\t\t\t<\/div>\n\t\t\t\t<\/div>\n\t\t\t\t<\/article>\n\t\t\t\t<article class=\"elementor-post elementor-grid-item post-8590 post type-post status-publish format-standard has-post-thumbnail hentry category-schade-aan-camper-of-caravan\" role=\"listitem\">\n\t\t\t\t<a class=\"elementor-post__thumbnail__link\" href=\"https:\/\/oud.caravanrepair.eu\/es\/schade-aan-camper-of-caravan\/professioneel-camper-herstelbedrijf-caravanrepair\/\" tabindex=\"-1\" >\n\t\t\t<div class=\"elementor-post__thumbnail\"><img decoding=\"async\" width=\"794\" height=\"542\" data-src=\"https:\/\/oud.caravanrepair.eu\/wp-content\/uploads\/2023\/10\/IMG_0091.jpeg\" class=\"attachment-large size-large wp-image-8652 lazyload\" alt=\"\" data-srcset=\"https:\/\/oud.caravanrepair.eu\/wp-content\/uploads\/2023\/10\/IMG_0091-18x12.jpeg 18w, https:\/\/oud.caravanrepair.eu\/wp-content\/uploads\/2023\/10\/IMG_0091-200x137.jpeg 200w, https:\/\/oud.caravanrepair.eu\/wp-content\/uploads\/2023\/10\/IMG_0091-300x205.jpeg 300w, https:\/\/oud.caravanrepair.eu\/wp-content\/uploads\/2023\/10\/IMG_0091-400x273.jpeg 400w, https:\/\/oud.caravanrepair.eu\/wp-content\/uploads\/2023\/10\/IMG_0091-600x410.jpeg 600w, https:\/\/oud.caravanrepair.eu\/wp-content\/uploads\/2023\/10\/IMG_0091-768x524.jpeg 768w, https:\/\/oud.caravanrepair.eu\/wp-content\/uploads\/2023\/10\/IMG_0091.jpeg 794w\" data-sizes=\"(max-width: 794px) 100vw, 794px\" src=\"data:image\/gif;base64,R0lGODlhAQABAAAAACH5BAEKAAEALAAAAAABAAEAAAICTAEAOw==\" style=\"--smush-placeholder-width: 794px; --smush-placeholder-aspect-ratio: 794\/542;\" \/><\/div>\n\t\t<\/a>\n\t\t\t\t<div class=\"elementor-post__text\">\n\t\t\t\t<h2 class=\"elementor-post__title\">\n\t\t\t<a href=\"https:\/\/oud.caravanrepair.eu\/es\/schade-aan-camper-of-caravan\/professioneel-camper-herstelbedrijf-caravanrepair\/\" >\n\t\t\t\tEmpresa profesional de reparaci\u00f3n de caravanas\t\t\t<\/a>\n\t\t<\/h2>\n\t\t\t\t<div class=\"elementor-post__meta-data\">\n\t\t\t\t\t<span class=\"elementor-post-date\">\n\t\t\t4 de octubre de 2023\t\t<\/span>\n\t\t\t\t<\/div>\n\t\t\t\t<div class=\"elementor-post__excerpt\">\n\t\t\t<p>\u00bfSu valiosa caravana ha sufrido da\u00f1os? Conducir una caravana es una gran experiencia, pero, dado el tama\u00f1o de estos veh\u00edculos, lamentablemente los da\u00f1os pueden ocurrir r\u00e1pidamente. Afortunadamente, no tiene que preocuparse, porque siempre habr\u00e1 un distribuidor CaravanRepair\u00ae en su \u00e1rea para ayudarlo como empresa profesional de reparaci\u00f3n de caravanas. Es de suma importancia que nuestros expertos certificados reparen r\u00e1pidamente los da\u00f1os en su caravana.<\/p>\n\t\t<\/div>\n\t\t\t\t\t<div class=\"elementor-post__read-more-wrapper\">\n\t\t\n\t\t<a class=\"elementor-post__read-more\" href=\"https:\/\/oud.caravanrepair.eu\/es\/schade-aan-camper-of-caravan\/professioneel-camper-herstelbedrijf-caravanrepair\/\" aria-label=\"M\u00e1s informaci\u00f3n de Empresa Profesional De Reparaci\u00f3n De Campers\" tabindex=\"-1\" >\n\t\t\tLeer m\u00e1s &quot;\t\t<\/a>\n\n\t\t\t\t\t<\/div>\n\t\t\t\t<\/div>\n\t\t\t\t<\/article>\n\t\t\t\t<article class=\"elementor-post elementor-grid-item post-8525 post type-post status-publish format-standard has-post-thumbnail hentry category-schade-aan-camper-of-caravan\" role=\"listitem\">\n\t\t\t\t<a class=\"elementor-post__thumbnail__link\" href=\"https:\/\/oud.caravanrepair.eu\/es\/schade-aan-camper-of-caravan\/stormschade-aan-uw-caravan-of-camper\/\" tabindex=\"-1\" >\n\t\t\t<div class=\"elementor-post__thumbnail\"><img decoding=\"async\" width=\"726\" height=\"484\" data-src=\"https:\/\/oud.caravanrepair.eu\/wp-content\/uploads\/2019\/01\/caravanschade-1.jpg\" class=\"attachment-large size-large wp-image-3964 lazyload\" alt=\"Uszkodzenie przodu przyczepy kempingowej\" data-srcset=\"https:\/\/oud.caravanrepair.eu\/wp-content\/uploads\/2019\/01\/caravanschade-1-200x133.jpg 200w, https:\/\/oud.caravanrepair.eu\/wp-content\/uploads\/2019\/01\/caravanschade-1-300x200.jpg 300w, https:\/\/oud.caravanrepair.eu\/wp-content\/uploads\/2019\/01\/caravanschade-1-400x267.jpg 400w, https:\/\/oud.caravanrepair.eu\/wp-content\/uploads\/2019\/01\/caravanschade-1-600x400.jpg 600w, https:\/\/oud.caravanrepair.eu\/wp-content\/uploads\/2019\/01\/caravanschade-1.jpg 726w\" data-sizes=\"(max-width: 726px) 100vw, 726px\" src=\"data:image\/gif;base64,R0lGODlhAQABAAAAACH5BAEKAAEALAAAAAABAAEAAAICTAEAOw==\" style=\"--smush-placeholder-width: 726px; --smush-placeholder-aspect-ratio: 726\/484;\" \/><\/div>\n\t\t<\/a>\n\t\t\t\t<div class=\"elementor-post__text\">\n\t\t\t\t<h2 class=\"elementor-post__title\">\n\t\t\t<a href=\"https:\/\/oud.caravanrepair.eu\/es\/schade-aan-camper-of-caravan\/stormschade-aan-uw-caravan-of-camper\/\" >\n\t\t\t\t\u00bfDa\u00f1os por tormentas en su caravana o autocaravana?\t\t\t<\/a>\n\t\t<\/h2>\n\t\t\t\t<div class=\"elementor-post__meta-data\">\n\t\t\t\t\t<span class=\"elementor-post-date\">\n\t\t\t3 de octubre de 2023\t\t<\/span>\n\t\t\t\t<\/div>\n\t\t\t\t<div class=\"elementor-post__excerpt\">\n\t\t\t<p>Una tormenta no s\u00f3lo puede causar da\u00f1os f\u00edsicos a su caravana, sino que tambi\u00e9n puede afectar su valor. Sin embargo, una caravana bien reparada conserva su valor mejor que una caravana con signos visibles de da\u00f1os. En este blog analizamos la importancia de la reparaci\u00f3n profesional despu\u00e9s de los da\u00f1os de una tormenta y c\u00f3mo CaravanRepair.eu puede ayudarle con esto.<\/p>\n\t\t<\/div>\n\t\t\t\t\t<div class=\"elementor-post__read-more-wrapper\">\n\t\t\n\t\t<a class=\"elementor-post__read-more\" href=\"https:\/\/oud.caravanrepair.eu\/es\/schade-aan-camper-of-caravan\/stormschade-aan-uw-caravan-of-camper\/\" aria-label=\"\u00bfQuiere informaci\u00f3n sobre los da\u00f1os causados por tormentas en su caravana o autocaravana?\" tabindex=\"-1\" >\n\t\t\tLeer m\u00e1s &quot;\t\t<\/a>\n\n\t\t\t\t\t<\/div>\n\t\t\t\t<\/div>\n\t\t\t\t<\/article>\n\t\t\t\t<\/div>\n\t\t\n\t\t\t\t\t\t<\/div>\n\t\t\t\t<\/div>\n\t\t\t\t\t<\/div>\n\t\t<\/div>\n\t\t\t\t<div class=\"elementor-column elementor-col-50 elementor-top-column elementor-element elementor-element-6a63c4f0\" data-id=\"6a63c4f0\" data-element_type=\"column\" data-e-type=\"column\">\n\t\t\t<div class=\"elementor-widget-wrap elementor-element-populated\">\n\t\t\t\t\t\t<div class=\"elementor-element elementor-element-5d8f4bc elementor-widget elementor-widget-sidebar\" data-id=\"5d8f4bc\" data-element_type=\"widget\" data-e-type=\"widget\" data-widget_type=\"sidebar.default\">\n\t\t\t\t<div class=\"elementor-widget-container\">\n\t\t\t\t\t<section id=\"jcl_widget-2\" class=\"fusion-slidingbar-widget-column widget widget_category widget_jcl_widget\" style=\"border-style: solid;border-color:transparent;border-width:0px\"><h4 class=\"widget-title\">Categor\u00edas<\/h4><div class=\"js-categories-list layout-left\"><ul class=\"jcl_widget legacy preload\" data-effect=\"slide\" data-ex_sym=\"\u25ba\" data-con_sym=\"\u25bc\"><li class=\"jcl_category\"><a href=\"https:\/\/oud.caravanrepair.eu\/es\/category\/caravanrepair-nieuws\/\" >Noticias de reparaci\u00f3n de caravanas<\/a><\/li><li class=\"jcl_category\"><a href=\"https:\/\/oud.caravanrepair.eu\/es\/category\/dealers-europa\/\" class=\"jcl_symbol\" title=\"Ver subcategor\u00edas\">\u25ba<\/a><a href=\"https:\/\/oud.caravanrepair.eu\/es\/category\/dealers-europa\/\" >Distribuidores Europa<\/a><ul style=\"display: none;\"><li class=\"jcl_category\"><a href=\"https:\/\/oud.caravanrepair.eu\/es\/category\/dealers-europa\/belgie\/\" >B\u00e9lgica<\/a><\/li><li class=\"jcl_category\"><a href=\"https:\/\/oud.caravanrepair.eu\/es\/category\/dealers-europa\/italie\/\" >Italia<\/a><\/li><li class=\"jcl_category\"><a href=\"https:\/\/oud.caravanrepair.eu\/es\/category\/dealers-europa\/polen\/\" class=\"jcl_symbol\" title=\"Ver subcategor\u00edas\">\u25ba<\/a><a href=\"https:\/\/oud.caravanrepair.eu\/es\/category\/dealers-europa\/polen\/\" >Polonia<\/a><ul style=\"display: none;\"><li class=\"jcl_category\"><a href=\"https:\/\/oud.caravanrepair.eu\/es\/category\/dealers-europa\/polen\/grudziadz\/\" >Grudziadz<\/a><\/li><\/ul><\/li><li class=\"jcl_category\"><a href=\"https:\/\/oud.caravanrepair.eu\/es\/category\/dealers-europa\/spanje\/\" class=\"jcl_symbol\" title=\"Ver subcategor\u00edas\">\u25ba<\/a><a href=\"https:\/\/oud.caravanrepair.eu\/es\/category\/dealers-europa\/spanje\/\" >Espa\u00f1a<\/a><ul style=\"display: none;\"><li class=\"jcl_category\"><a href=\"https:\/\/oud.caravanrepair.eu\/es\/category\/dealers-europa\/spanje\/girona\/\" >Gerona<\/a><\/li><\/ul><\/li><\/ul><\/li><li class=\"jcl_category\"><a href=\"https:\/\/oud.caravanrepair.eu\/es\/category\/schade-aan-camper-of-caravan\/\" >Da\u00f1os en autocaravana o caravana<\/a><\/li><\/ul><\/div><div style=\"clear:both\"><\/div><\/section>\t\t\t\t<\/div>\n\t\t\t\t<\/div>\n\t\t\t\t<div class=\"elementor-element elementor-element-8ec7e elementor-widget elementor-widget-heading\" data-id=\"8ec7e\" data-element_type=\"widget\" data-e-type=\"widget\" data-widget_type=\"heading.default\">\n\t\t\t\t<div class=\"elementor-widget-container\">\n\t\t\t\t\t<h2 class=\"elementor-heading-title elementor-size-default\">Noticias<\/h2>\t\t\t\t<\/div>\n\t\t\t\t<\/div>\n\t\t\t\t<div class=\"elementor-element elementor-element-4ffa11c elementor-grid-1 elementor-posts--thumbnail-none elementor-grid-tablet-2 elementor-grid-mobile-1 elementor-widget elementor-widget-posts\" data-id=\"4ffa11c\" data-element_type=\"widget\" data-e-type=\"widget\" data-settings=\"{&quot;classic_columns&quot;:&quot;1&quot;,&quot;classic_row_gap&quot;:{&quot;unit&quot;:&quot;px&quot;,&quot;size&quot;:14,&quot;sizes&quot;:[]},&quot;pagination_type&quot;:&quot;load_more_infinite_scroll&quot;,&quot;classic_columns_tablet&quot;:&quot;2&quot;,&quot;classic_columns_mobile&quot;:&quot;1&quot;,&quot;classic_row_gap_tablet&quot;:{&quot;unit&quot;:&quot;px&quot;,&quot;size&quot;:&quot;&quot;,&quot;sizes&quot;:[]},&quot;classic_row_gap_mobile&quot;:{&quot;unit&quot;:&quot;px&quot;,&quot;size&quot;:&quot;&quot;,&quot;sizes&quot;:[]},&quot;load_more_spinner&quot;:{&quot;value&quot;:&quot;fas fa-spinner&quot;,&quot;library&quot;:&quot;fa-solid&quot;}}\" data-widget_type=\"posts.classic\">\n\t\t\t\t<div class=\"elementor-widget-container\">\n\t\t\t\t\t\t\t<div class=\"elementor-posts-container elementor-posts elementor-posts--skin-classic elementor-grid\" role=\"list\">\n\t\t\t\t<article class=\"elementor-post elementor-grid-item post-13283 post type-post status-publish format-standard has-post-thumbnail hentry category-caravanrepair-nieuws\" role=\"listitem\">\n\t\t\t\t<div class=\"elementor-post__text\">\n\t\t\t\t<h3 class=\"elementor-post__title\">\n\t\t\t<a href=\"https:\/\/oud.caravanrepair.eu\/es\/caravanrepair-nieuws\/unieke-hagelwerende-coating\/\" >\n\t\t\t\tRecubrimiento \u00fanico resistente al granizo\t\t\t<\/a>\n\t\t<\/h3>\n\t\t\t\t<\/div>\n\t\t\t\t<\/article>\n\t\t\t\t<article class=\"elementor-post elementor-grid-item post-8590 post type-post status-publish format-standard has-post-thumbnail hentry category-schade-aan-camper-of-caravan\" role=\"listitem\">\n\t\t\t\t<div class=\"elementor-post__text\">\n\t\t\t\t<h3 class=\"elementor-post__title\">\n\t\t\t<a href=\"https:\/\/oud.caravanrepair.eu\/es\/schade-aan-camper-of-caravan\/professioneel-camper-herstelbedrijf-caravanrepair\/\" >\n\t\t\t\tEmpresa profesional de reparaci\u00f3n de caravanas\t\t\t<\/a>\n\t\t<\/h3>\n\t\t\t\t<\/div>\n\t\t\t\t<\/article>\n\t\t\t\t<article class=\"elementor-post elementor-grid-item post-8525 post type-post status-publish format-standard has-post-thumbnail hentry category-schade-aan-camper-of-caravan\" role=\"listitem\">\n\t\t\t\t<div class=\"elementor-post__text\">\n\t\t\t\t<h3 class=\"elementor-post__title\">\n\t\t\t<a href=\"https:\/\/oud.caravanrepair.eu\/es\/schade-aan-camper-of-caravan\/stormschade-aan-uw-caravan-of-camper\/\" >\n\t\t\t\t\u00bfDa\u00f1os por tormentas en su caravana o autocaravana?\t\t\t<\/a>\n\t\t<\/h3>\n\t\t\t\t<\/div>\n\t\t\t\t<\/article>\n\t\t\t\t<article class=\"elementor-post elementor-grid-item post-8502 post type-post status-publish format-standard has-post-thumbnail hentry category-caravanrepair-nieuws\" role=\"listitem\">\n\t\t\t\t<div class=\"elementor-post__text\">\n\t\t\t\t<h3 class=\"elementor-post__title\">\n\t\t\t<a href=\"https:\/\/oud.caravanrepair.eu\/es\/caravanrepair-nieuws\/caravanvloer-injecteren-repareren\/\" >\n\t\t\t\tInyectar\/reparar suelo de caravana\t\t\t<\/a>\n\t\t<\/h3>\n\t\t\t\t<\/div>\n\t\t\t\t<\/article>\n\t\t\t\t<article class=\"elementor-post elementor-grid-item post-8198 post type-post status-publish format-standard has-post-thumbnail hentry category-schade-aan-camper-of-caravan\" role=\"listitem\">\n\t\t\t\t<div class=\"elementor-post__text\">\n\t\t\t\t<h3 class=\"elementor-post__title\">\n\t\t\t<a href=\"https:\/\/oud.caravanrepair.eu\/es\/schade-aan-camper-of-caravan\/hagelschade-aan-caravan-of-camper\/\" >\n\t\t\t\t\u00bfDa\u00f1os por granizo en caravanas o autocaravanas?\t\t\t<\/a>\n\t\t<\/h3>\n\t\t\t\t<\/div>\n\t\t\t\t<\/article>\n\t\t\t\t<article class=\"elementor-post elementor-grid-item post-1384 post type-post status-publish format-standard has-post-thumbnail hentry category-caravanrepair-nieuws\" role=\"listitem\">\n\t\t\t\t<div class=\"elementor-post__text\">\n\t\t\t\t<h3 class=\"elementor-post__title\">\n\t\t\t<a href=\"https:\/\/oud.caravanrepair.eu\/es\/caravanrepair-nieuws\/opleiding-caravantechnicus-opleiding-caravanwand-schade-specialist\/\" >\n\t\t\t\tFormaci\u00f3n T\u00e9cnico Caravana\t\t\t<\/a>\n\t\t<\/h3>\n\t\t\t\t<\/div>\n\t\t\t\t<\/article>\n\t\t\t\t<article class=\"elementor-post elementor-grid-item post-1006 post type-post status-publish format-standard has-post-thumbnail hentry category-caravanrepair-nieuws\" role=\"listitem\">\n\t\t\t\t<div class=\"elementor-post__text\">\n\t\t\t\t<h3 class=\"elementor-post__title\">\n\t\t\t<a href=\"https:\/\/oud.caravanrepair.eu\/es\/caravanrepair-nieuws\/kampeerautotuning-zin-of-onzin\/\" >\n\t\t\t\tTuning de autocaravanas, \u00bfsentido o tonter\u00eda?\t\t\t<\/a>\n\t\t<\/h3>\n\t\t\t\t<\/div>\n\t\t\t\t<\/article>\n\t\t\t\t<article class=\"elementor-post elementor-grid-item post-831 post type-post status-publish format-standard has-post-thumbnail hentry category-caravanrepair-nieuws\" role=\"listitem\">\n\t\t\t\t<div class=\"elementor-post__text\">\n\t\t\t\t<h3 class=\"elementor-post__title\">\n\t\t\t<a href=\"https:\/\/oud.caravanrepair.eu\/es\/caravanrepair-nieuws\/caravan-en-camper-verzekeringen-onze-specialisten-kennen-alle-geheimen-voor-de-beste-caravan-en-camper-verzekering\/\" >\n\t\t\t\tNuestros especialistas conocen todos los secretos para el mejor seguro de caravanas y autocaravanas.\t\t\t<\/a>\n\t\t<\/h3>\n\t\t\t\t<\/div>\n\t\t\t\t<\/article>\n\t\t\t\t<\/div>\n\t\t\t\t\t<span class=\"e-load-more-spinner\">\n\t\t\t\t<svg aria-hidden=\"true\" class=\"e-font-icon-svg e-fas-spinner\" viewbox=\"0 0 512 512\" xmlns=\"http:\/\/www.w3.org\/2000\/svg\"><path d=\"M304 48c0 26.51-21.49 48-48 48s-48-21.49-48-48 21.49-48 48-48 48 21.49 48 48zm-48 368c-26.51 0-48 21.49-48 48s21.49 48 48 48 48-21.49 48-48-21.49-48-48-48zm208-208c-26.51 0-48 21.49-48 48s21.49 48 48 48 48-21.49 48-48-21.49-48-48-48zM96 256c0-26.51-21.49-48-48-48S0 229.49 0 256s21.49 48 48 48 48-21.49 48-48zm12.922 99.078c-26.51 0-48 21.49-48 48s21.49 48 48 48 48-21.49 48-48c0-26.509-21.491-48-48-48zm294.156 0c-26.51 0-48 21.49-48 48s21.49 48 48 48 48-21.49 48-48c0-26.509-21.49-48-48-48zM108.922 60.922c-26.51 0-48 21.49-48 48s21.49 48 48 48 48-21.49 48-48-21.491-48-48-48z\"><\/path><\/svg>\t\t\t<\/span>\n\t\t\n\t\t\t\t\t\t<\/div>\n\t\t\t\t<\/div>\n\t\t\t\t\t<\/div>\n\t\t<\/div>\n\t\t\t\t\t<\/div>\n\t\t<\/section>\n\t\t\t\t<\/div>","protected":false},"excerpt":{"rendered":"<p>CaravanRepair Noticias Noticias<\/p>","protected":false},"author":5,"featured_media":0,"parent":0,"menu_order":0,"comment_status":"closed","ping_status":"closed","template":"","meta":{"footnotes":""},"class_list":["post-8095","page","type-page","status-publish","hentry"],"yoast_head":"<!-- This site is optimized with the Yoast SEO Premium plugin v27.5 (Yoast SEO v28.3) - https:\/\/yoast.com\/product\/yoast-seo-premium-wordpress\/ -->\n<title>blog - CaravanRepair\u00ae<\/title>\n<meta name=\"robots\" content=\"noindex, follow, max-snippet:-1, max-image-preview:large, max-video-preview:-1\" \/>\n<meta property=\"og:locale\" content=\"es_ES\" \/>\n<meta property=\"og:type\" content=\"article\" \/>\n<meta property=\"og:title\" content=\"blog\" \/>\n<meta property=\"og:description\" content=\"CaravanRepair Nieuws Nieuws items\" \/>\n<meta property=\"og:url\" content=\"https:\/\/oud.caravanrepair.eu\/es\/blog\/\" \/>\n<meta property=\"og:site_name\" content=\"CaravanRepair\u00ae\" \/>\n<meta property=\"article:modified_time\" content=\"2024-03-26T10:06:27+00:00\" \/>\n<meta property=\"og:image\" content=\"https:\/\/oud.caravanrepair.eu\/wp-content\/uploads\/2019\/01\/logo-caravanrepair.png\" \/>\n\t<meta property=\"og:image:width\" content=\"353\" \/>\n\t<meta property=\"og:image:height\" content=\"150\" \/>\n\t<meta property=\"og:image:type\" content=\"image\/png\" \/>\n<meta name=\"twitter:card\" content=\"summary_large_image\" \/>\n<meta name=\"twitter:label1\" content=\"Tiempo de lectura\" \/>\n\t<meta name=\"twitter:data1\" content=\"9 minutos\" \/>\n<script type=\"application\/ld+json\" class=\"yoast-schema-graph\">{\"@context\":\"https:\\\/\\\/schema.org\",\"@graph\":[{\"@type\":\"WebPage\",\"@id\":\"https:\\\/\\\/oud.caravanrepair.eu\\\/blog\\\/\",\"url\":\"https:\\\/\\\/oud.caravanrepair.eu\\\/blog\\\/\",\"name\":\"blog - CaravanRepair\u00ae\",\"isPartOf\":{\"@id\":\"https:\\\/\\\/oud.caravanrepair.eu\\\/#website\"},\"datePublished\":\"2023-08-14T18:38:50+00:00\",\"dateModified\":\"2024-03-26T10:06:27+00:00\",\"breadcrumb\":{\"@id\":\"https:\\\/\\\/oud.caravanrepair.eu\\\/blog\\\/#breadcrumb\"},\"inLanguage\":\"es\",\"potentialAction\":[{\"@type\":\"ReadAction\",\"target\":[\"https:\\\/\\\/oud.caravanrepair.eu\\\/blog\\\/\"]}]},{\"@type\":\"BreadcrumbList\",\"@id\":\"https:\\\/\\\/oud.caravanrepair.eu\\\/blog\\\/#breadcrumb\",\"itemListElement\":[{\"@type\":\"ListItem\",\"position\":1,\"name\":\"Home\",\"item\":\"https:\\\/\\\/oud.caravanrepair.eu\\\/\"},{\"@type\":\"ListItem\",\"position\":2,\"name\":\"blog\"}]},{\"@type\":\"WebSite\",\"@id\":\"https:\\\/\\\/oud.caravanrepair.eu\\\/#website\",\"url\":\"https:\\\/\\\/oud.caravanrepair.eu\\\/\",\"name\":\"CaravanRepair\u00ae\",\"description\":\"Professioneel schadeherstel voor caravan en camper\",\"publisher\":{\"@id\":\"https:\\\/\\\/oud.caravanrepair.eu\\\/#organization\"},\"potentialAction\":[{\"@type\":\"SearchAction\",\"target\":{\"@type\":\"EntryPoint\",\"urlTemplate\":\"https:\\\/\\\/oud.caravanrepair.eu\\\/?s={search_term_string}\"},\"query-input\":{\"@type\":\"PropertyValueSpecification\",\"valueRequired\":true,\"valueName\":\"search_term_string\"}}],\"inLanguage\":\"es\"},{\"@type\":\"Organization\",\"@id\":\"https:\\\/\\\/oud.caravanrepair.eu\\\/#organization\",\"name\":\"CaravanRepair\u00ae\",\"url\":\"https:\\\/\\\/oud.caravanrepair.eu\\\/\",\"logo\":{\"@type\":\"ImageObject\",\"inLanguage\":\"es\",\"@id\":\"https:\\\/\\\/oud.caravanrepair.eu\\\/#\\\/schema\\\/logo\\\/image\\\/\",\"url\":\"https:\\\/\\\/oud.caravanrepair.eu\\\/wp-content\\\/uploads\\\/2019\\\/01\\\/logo-caravanrepair.png\",\"contentUrl\":\"https:\\\/\\\/oud.caravanrepair.eu\\\/wp-content\\\/uploads\\\/2019\\\/01\\\/logo-caravanrepair.png\",\"width\":353,\"height\":150,\"caption\":\"CaravanRepair\u00ae\"},\"image\":{\"@id\":\"https:\\\/\\\/oud.caravanrepair.eu\\\/#\\\/schema\\\/logo\\\/image\\\/\"}}]}<\/script>\n<!-- \/ Yoast SEO Premium plugin. -->","yoast_head_json":{"title":"blog - CaravanRepair\u00ae","robots":{"index":"noindex","follow":"follow","max-snippet":"max-snippet:-1","max-image-preview":"max-image-preview:large","max-video-preview":"max-video-preview:-1"},"og_locale":"es_ES","og_type":"article","og_title":"blog","og_description":"CaravanRepair Nieuws Nieuws items","og_url":"https:\/\/oud.caravanrepair.eu\/es\/blog\/","og_site_name":"CaravanRepair\u00ae","article_modified_time":"2024-03-26T10:06:27+00:00","og_image":[{"width":353,"height":150,"url":"https:\/\/oud.caravanrepair.eu\/wp-content\/uploads\/2019\/01\/logo-caravanrepair.png","type":"image\/png"}],"twitter_card":"summary_large_image","twitter_misc":{"Tiempo de lectura":"9 minutos"},"schema":{"@context":"https:\/\/schema.org","@graph":[{"@type":"WebPage","@id":"https:\/\/oud.caravanrepair.eu\/blog\/","url":"https:\/\/oud.caravanrepair.eu\/blog\/","name":"blog - CaravanRepair\u00ae","isPartOf":{"@id":"https:\/\/oud.caravanrepair.eu\/#website"},"datePublished":"2023-08-14T18:38:50+00:00","dateModified":"2024-03-26T10:06:27+00:00","breadcrumb":{"@id":"https:\/\/oud.caravanrepair.eu\/blog\/#breadcrumb"},"inLanguage":"es","potentialAction":[{"@type":"ReadAction","target":["https:\/\/oud.caravanrepair.eu\/blog\/"]}]},{"@type":"BreadcrumbList","@id":"https:\/\/oud.caravanrepair.eu\/blog\/#breadcrumb","itemListElement":[{"@type":"ListItem","position":1,"name":"Home","item":"https:\/\/oud.caravanrepair.eu\/"},{"@type":"ListItem","position":2,"name":"blog"}]},{"@type":"WebSite","@id":"https:\/\/oud.caravanrepair.eu\/#website","url":"https:\/\/oud.caravanrepair.eu\/","name":"CaravanRepair\u00ae","description":"Reparaci\u00f3n profesional de da\u00f1os para caravanas y autocaravanas","publisher":{"@id":"https:\/\/oud.caravanrepair.eu\/#organization"},"potentialAction":[{"@type":"SearchAction","target":{"@type":"EntryPoint","urlTemplate":"https:\/\/oud.caravanrepair.eu\/?s={search_term_string}"},"query-input":{"@type":"PropertyValueSpecification","valueRequired":true,"valueName":"search_term_string"}}],"inLanguage":"es"},{"@type":"Organization","@id":"https:\/\/oud.caravanrepair.eu\/#organization","name":"CaravanRepair\u00ae","url":"https:\/\/oud.caravanrepair.eu\/","logo":{"@type":"ImageObject","inLanguage":"es","@id":"https:\/\/oud.caravanrepair.eu\/#\/schema\/logo\/image\/","url":"https:\/\/oud.caravanrepair.eu\/wp-content\/uploads\/2019\/01\/logo-caravanrepair.png","contentUrl":"https:\/\/oud.caravanrepair.eu\/wp-content\/uploads\/2019\/01\/logo-caravanrepair.png","width":353,"height":150,"caption":"CaravanRepair\u00ae"},"image":{"@id":"https:\/\/oud.caravanrepair.eu\/#\/schema\/logo\/image\/"}}]}},"_links":{"self":[{"href":"https:\/\/oud.caravanrepair.eu\/es\/wp-json\/wp\/v2\/pages\/8095","targetHints":{"allow":["GET"]}}],"collection":[{"href":"https:\/\/oud.caravanrepair.eu\/es\/wp-json\/wp\/v2\/pages"}],"about":[{"href":"https:\/\/oud.caravanrepair.eu\/es\/wp-json\/wp\/v2\/types\/page"}],"author":[{"embeddable":true,"href":"https:\/\/oud.caravanrepair.eu\/es\/wp-json\/wp\/v2\/users\/5"}],"replies":[{"embeddable":true,"href":"https:\/\/oud.caravanrepair.eu\/es\/wp-json\/wp\/v2\/comments?post=8095"}],"version-history":[{"count":0,"href":"https:\/\/oud.caravanrepair.eu\/es\/wp-json\/wp\/v2\/pages\/8095\/revisions"}],"wp:attachment":[{"href":"https:\/\/oud.caravanrepair.eu\/es\/wp-json\/wp\/v2\/media?parent=8095"}],"curies":[{"name":"wp","href":"https:\/\/api.w.org\/{rel}","templated":true}]}}