{"id":11291,"date":"2024-01-19T14:46:59","date_gmt":"2024-01-19T13:46:59","guid":{"rendered":"https:\/\/oud.caravanrepair.eu\/?page_id=11291"},"modified":"2025-08-25T12:05:09","modified_gmt":"2025-08-25T10:05:09","slug":"reparation-de-camping-car","status":"publish","type":"page","link":"https:\/\/oud.caravanrepair.eu\/fr\/camper-repareren\/","title":{"rendered":"R\u00e9paration de VR"},"content":{"rendered":"<div data-elementor-type=\"wp-page\" data-elementor-id=\"11291\" class=\"elementor elementor-11291\" data-elementor-post-type=\"page\">\n\t\t\t\t\t\t<section class=\"elementor-section elementor-top-section elementor-element elementor-element-45f9dff2 elementor-section-height-min-height elementor-section-content-middle elementor-section-full_width elementor-section-height-default elementor-section-items-middle\" data-id=\"45f9dff2\" data-element_type=\"section\" data-e-type=\"section\" data-settings=\"{&quot;background_background&quot;:&quot;classic&quot;}\">\n\t\t\t\t\t\t\t<div class=\"elementor-background-overlay\"><\/div>\n\t\t\t\t\t\t\t<div class=\"elementor-container elementor-column-gap-default\">\n\t\t\t\t\t<div class=\"elementor-column elementor-col-100 elementor-top-column elementor-element elementor-element-bd5dd9\" data-id=\"bd5dd9\" data-element_type=\"column\" data-e-type=\"column\">\n\t\t\t<div class=\"elementor-widget-wrap elementor-element-populated\">\n\t\t\t\t\t\t<div class=\"elementor-element elementor-element-535027dd elementor-widget elementor-widget-heading\" data-id=\"535027dd\" data-element_type=\"widget\" data-e-type=\"widget\" data-widget_type=\"heading.default\">\n\t\t\t\t<div class=\"elementor-widget-container\">\n\t\t\t\t\t<h1 class=\"elementor-heading-title elementor-size-default\">Vous souhaitez faire r\u00e9parer votre camping-car ? Voici comment nous proc\u00e9dons<\/h1>\t\t\t\t<\/div>\n\t\t\t\t<\/div>\n\t\t\t\t<div class=\"elementor-element elementor-element-3391411b elementor-widget elementor-widget-heading\" data-id=\"3391411b\" data-element_type=\"widget\" data-e-type=\"widget\" data-widget_type=\"heading.default\">\n\t\t\t\t<div class=\"elementor-widget-container\">\n\t\t\t\t\t<p class=\"elementor-heading-title elementor-size-default\"> <\/p>\t\t\t\t<\/div>\n\t\t\t\t<\/div>\n\t\t\t\t\t<\/div>\n\t\t<\/div>\n\t\t\t\t\t<\/div>\n\t\t<\/section>\n\t\t\t\t<section class=\"elementor-section elementor-top-section elementor-element elementor-element-24a7a853 elementor-section-content-middle elementor-section-boxed elementor-section-height-default elementor-section-height-default\" data-id=\"24a7a853\" data-element_type=\"section\" data-e-type=\"section\">\n\t\t\t\t\t\t<div class=\"elementor-container elementor-column-gap-no\">\n\t\t\t\t\t<div class=\"elementor-column elementor-col-100 elementor-top-column elementor-element elementor-element-69457e7e\" data-id=\"69457e7e\" data-element_type=\"column\" data-e-type=\"column\">\n\t\t\t<div class=\"elementor-widget-wrap elementor-element-populated\">\n\t\t\t\t\t\t<div class=\"elementor-element elementor-element-183c3b2e elementor-widget elementor-widget-heading\" data-id=\"183c3b2e\" data-element_type=\"widget\" data-e-type=\"widget\" data-widget_type=\"heading.default\">\n\t\t\t\t<div class=\"elementor-widget-container\">\n\t\t\t\t\t<h2 class=\"elementor-heading-title elementor-size-default\">R\u00e9paration de camping-cars CaravanRepair\u00ae pour la r\u00e9paration professionnelle des dommages des camping-cars<\/h2>\t\t\t\t<\/div>\n\t\t\t\t<\/div>\n\t\t\t\t\t<\/div>\n\t\t<\/div>\n\t\t\t\t\t<\/div>\n\t\t<\/section>\n\t\t\t\t<section class=\"elementor-section elementor-top-section elementor-element elementor-element-3d5f084a elementor-section-content-middle elementor-reverse-mobile elementor-section-boxed elementor-section-height-default elementor-section-height-default\" data-id=\"3d5f084a\" data-element_type=\"section\" data-e-type=\"section\">\n\t\t\t\t\t\t<div class=\"elementor-container elementor-column-gap-no\">\n\t\t\t\t\t<div class=\"elementor-column elementor-col-50 elementor-top-column elementor-element elementor-element-f41c468\" data-id=\"f41c468\" data-element_type=\"column\" data-e-type=\"column\">\n\t\t\t<div class=\"elementor-widget-wrap elementor-element-populated\">\n\t\t\t\t\t\t<div class=\"elementor-element elementor-element-403f325a elementor-widget elementor-widget-heading\" data-id=\"403f325a\" data-element_type=\"widget\" data-e-type=\"widget\" data-widget_type=\"heading.default\">\n\t\t\t\t<div class=\"elementor-widget-container\">\n\t\t\t\t\t<h3 class=\"elementor-heading-title elementor-size-default\">R\u00e9parez votre camping-car chez un revendeur sp\u00e9cialis\u00e9 CaravanRepair<\/h3>\t\t\t\t<\/div>\n\t\t\t\t<\/div>\n\t\t\t\t<div class=\"elementor-element elementor-element-17ae222c elementor-widget elementor-widget-text-editor\" data-id=\"17ae222c\" data-element_type=\"widget\" data-e-type=\"widget\" data-widget_type=\"text-editor.default\">\n\t\t\t\t<div class=\"elementor-widget-container\">\n\t\t\t\t\t\t\t\t\t<h3>R\u00e9parer un camping-car.<\/h3><p>Votre camping-car est endommag\u00e9 ? Chez CaravanRepair, nous comprenons combien il est important pour vous de reprendre la route rapidement, professionnellement et sans souci. La r\u00e9paration d'un camping-car est malheureusement tr\u00e8s fr\u00e9quente. Surtout en vacances, les accidents peuvent survenir \u00e0 tout moment, non pas que vous les attendiez, mais parce que vous heurtez accidentellement un poteau ou quelques branches en surplomb et qu'une \u00e9raflure ou une bosse en r\u00e9sulte rapidement. Ne remettez jamais \u00e0 plus tard les r\u00e9parations de votre camping-car.<\/p><p><strong>Nous sommes \u00e9galement heureux de vous expliquer comment nous r\u00e9parons votre camping-car.<\/strong><\/p><h3>Notre approche des r\u00e9parations de camping-cars<\/h3><p>Chaque camping-car est diff\u00e9rent. C'est pourquoi nous commen\u00e7ons toujours par une \u00e9valuation visuelle des dommages. Ensuite, nous examinons avec vous le processus suivant : \u00a0<\/p><ol style=\"font-weight: 400;\"><li><strong>Accueil et diagnostic<\/strong><br \/>Nous examinons attentivement le dommage ou le probl\u00e8me. Il peut s'agir de probl\u00e8mes d'humidit\u00e9, de dommages \u00e0 la t\u00f4le, de d\u00e9fauts m\u00e9caniques ou de dommages caus\u00e9s par la gr\u00eale.<\/li><li><strong>Offre sur mesure<\/strong><br \/>Apr\u00e8s \u00e9valuation des dommages, vous recevrez g\u00e9n\u00e9ralement un devis transparent dans les 24 heures. Pas de surprise par la suite.<\/li><li><strong>R\u00e9paration par un expert<\/strong><br \/>Nos m\u00e9caniciens ont l'exp\u00e9rience de toutes les marques courantes de camping-cars et utilisent, dans la mesure du possible, des pi\u00e8ces d'origine et durables.<\/li><li><strong>Contr\u00f4le et livraison<\/strong><br \/>Une fois l'op\u00e9ration termin\u00e9e, nous effectuons un contr\u00f4le final pour nous assurer que vous \u00eates en s\u00e9curit\u00e9 sur la route.<\/li><\/ol><h3>\u00a0 \u00a0\ud83d\udcb0 Quel est le co\u00fbt de la r\u00e9paration d'un camping-car ?<\/h3><p style=\"font-weight: 400;\">Le co\u00fbt de la r\u00e9paration d'un camping-car d\u00e9pend du type de dommage qu'il a subi.\u00a0<\/p><p style=\"font-weight: 400;\">Vous voulez un prix exact ?\u00a0<strong>Demande de devis sans engagement<\/strong>\u00a0Ou passez nous voir pour une inspection.<\/p>\t\t\t\t\t\t\t\t<\/div>\n\t\t\t\t<\/div>\n\t\t\t\t\t<\/div>\n\t\t<\/div>\n\t\t\t\t<div class=\"elementor-column elementor-col-50 elementor-top-column elementor-element elementor-element-32e367ae\" data-id=\"32e367ae\" data-element_type=\"column\" data-e-type=\"column\">\n\t\t\t<div class=\"elementor-widget-wrap elementor-element-populated\">\n\t\t\t\t\t\t<div class=\"elementor-element elementor-element-2dd23bee elementor-widget elementor-widget-image\" data-id=\"2dd23bee\" data-element_type=\"widget\" data-e-type=\"widget\" data-widget_type=\"image.default\">\n\t\t\t\t<div class=\"elementor-widget-container\">\n\t\t\t\t\t\t\t\t\t\t\t\t\t\t\t<img fetchpriority=\"high\" decoding=\"async\" width=\"640\" height=\"360\" src=\"https:\/\/oud.caravanrepair.eu\/wp-content\/uploads\/2024\/01\/reparacion-autocaravana.jpg\" class=\"attachment-1536x1536 size-1536x1536 wp-image-10274\" alt=\"R\u00e9paration des dommages au camping-car\" srcset=\"https:\/\/oud.caravanrepair.eu\/wp-content\/uploads\/2024\/01\/reparacion-autocaravana-18x10.jpg 18w, https:\/\/oud.caravanrepair.eu\/wp-content\/uploads\/2024\/01\/reparacion-autocaravana-200x113.jpg 200w, https:\/\/oud.caravanrepair.eu\/wp-content\/uploads\/2024\/01\/reparacion-autocaravana-300x169.jpg 300w, https:\/\/oud.caravanrepair.eu\/wp-content\/uploads\/2024\/01\/reparacion-autocaravana-400x225.jpg 400w, https:\/\/oud.caravanrepair.eu\/wp-content\/uploads\/2024\/01\/reparacion-autocaravana-600x338.jpg 600w, https:\/\/oud.caravanrepair.eu\/wp-content\/uploads\/2024\/01\/reparacion-autocaravana.jpg 640w\" sizes=\"(max-width: 640px) 100vw, 640px\" \/>\t\t\t\t\t\t\t\t\t\t\t\t\t\t\t<\/div>\n\t\t\t\t<\/div>\n\t\t\t\t\t<\/div>\n\t\t<\/div>\n\t\t\t\t\t<\/div>\n\t\t<\/section>\n\t\t\t\t<section class=\"elementor-section elementor-top-section elementor-element elementor-element-78262360 elementor-section-content-middle elementor-section-boxed elementor-section-height-default elementor-section-height-default\" data-id=\"78262360\" data-element_type=\"section\" data-e-type=\"section\" data-settings=\"{&quot;background_background&quot;:&quot;classic&quot;}\">\n\t\t\t\t\t\t\t<div class=\"elementor-background-overlay\"><\/div>\n\t\t\t\t\t\t\t<div class=\"elementor-container elementor-column-gap-no\">\n\t\t\t\t\t<div class=\"elementor-column elementor-col-100 elementor-top-column elementor-element elementor-element-79087744\" data-id=\"79087744\" data-element_type=\"column\" data-e-type=\"column\">\n\t\t\t<div class=\"elementor-widget-wrap elementor-element-populated\">\n\t\t\t\t\t\t<div class=\"elementor-element elementor-element-38b99ea1 elementor-widget elementor-widget-heading\" data-id=\"38b99ea1\" data-element_type=\"widget\" data-e-type=\"widget\" data-widget_type=\"heading.default\">\n\t\t\t\t<div class=\"elementor-widget-container\">\n\t\t\t\t\t<h2 class=\"elementor-heading-title elementor-size-default\">Signaler un d\u00e9g\u00e2t caravane ou camping-car ?<\/h2>\t\t\t\t<\/div>\n\t\t\t\t<\/div>\n\t\t\t\t<div class=\"elementor-element elementor-element-4790633 elementor-widget elementor-widget-text-editor\" data-id=\"4790633\" data-element_type=\"widget\" data-e-type=\"widget\" data-widget_type=\"text-editor.default\">\n\t\t\t\t<div class=\"elementor-widget-container\">\n\t\t\t\t\t\t\t\t\t<p style=\"text-align: center;\">Si votre caravane ou votre camping-car a \u00e9t\u00e9 endommag\u00e9, veuillez remplir le formulaire de dommages en ligne et nous vous contacterons.<\/p>\t\t\t\t\t\t\t\t<\/div>\n\t\t\t\t<\/div>\n\t\t\t\t<div class=\"elementor-element elementor-element-68177ce5 elementor-align-center elementor-mobile-align-left elementor-widget elementor-widget-button\" data-id=\"68177ce5\" data-element_type=\"widget\" data-e-type=\"widget\" data-widget_type=\"button.default\">\n\t\t\t\t<div class=\"elementor-widget-container\">\n\t\t\t\t\t\t\t\t\t<div class=\"elementor-button-wrapper\">\n\t\t\t\t\t<a class=\"elementor-button elementor-button-link elementor-size-sm elementor-animation-grow\" href=\"https:\/\/oud.caravanrepair.eu\/fr\/antragsformular\/\">\n\t\t\t\t\t\t<span class=\"elementor-button-content-wrapper\">\n\t\t\t\t\t\t\t\t\t<span class=\"elementor-button-text\">SIGNALER LES DOMMAGES<\/span>\n\t\t\t\t\t<\/span>\n\t\t\t\t\t<\/a>\n\t\t\t\t<\/div>\n\t\t\t\t\t\t\t\t<\/div>\n\t\t\t\t<\/div>\n\t\t\t\t\t<\/div>\n\t\t<\/div>\n\t\t\t\t\t<\/div>\n\t\t<\/section>\n\t\t\t\t<section class=\"elementor-section elementor-top-section elementor-element elementor-element-c2ad1e5 elementor-section-full_width elementor-section-content-middle elementor-section-height-default elementor-section-height-default\" data-id=\"c2ad1e5\" data-element_type=\"section\" data-e-type=\"section\">\n\t\t\t\t\t\t<div class=\"elementor-container elementor-column-gap-no\">\n\t\t\t\t\t<div class=\"elementor-column elementor-col-50 elementor-top-column elementor-element elementor-element-374e8309\" data-id=\"374e8309\" data-element_type=\"column\" data-e-type=\"column\" data-settings=\"{&quot;background_background&quot;:&quot;classic&quot;}\">\n\t\t\t<div class=\"elementor-widget-wrap elementor-element-populated\">\n\t\t\t\t\t<div class=\"elementor-background-overlay\"><\/div>\n\t\t\t\t\t\t<div class=\"elementor-element elementor-element-7863663b elementor-widget elementor-widget-heading\" data-id=\"7863663b\" data-element_type=\"widget\" data-e-type=\"widget\" data-widget_type=\"heading.default\">\n\t\t\t\t<div class=\"elementor-widget-container\">\n\t\t\t\t\t<h3 class=\"elementor-heading-title elementor-size-default\">R\u00e9paration de camping-cars<\/h3>\t\t\t\t<\/div>\n\t\t\t\t<\/div>\n\t\t\t\t\t<\/div>\n\t\t<\/div>\n\t\t\t\t<div class=\"elementor-column elementor-col-50 elementor-top-column elementor-element elementor-element-60ee2f8a\" data-id=\"60ee2f8a\" data-element_type=\"column\" data-e-type=\"column\">\n\t\t\t<div class=\"elementor-widget-wrap elementor-element-populated\">\n\t\t\t\t\t\t<div class=\"elementor-element elementor-element-73a8b13e elementor-widget elementor-widget-text-editor\" data-id=\"73a8b13e\" data-element_type=\"widget\" data-e-type=\"widget\" data-widget_type=\"text-editor.default\">\n\t\t\t\t<div class=\"elementor-widget-container\">\n\t\t\t\t\t\t\t\t\t<h3 style=\"font-weight: 400;\"><strong>Pourquoi choisir CaravanRepair ?<\/strong><\/h3><ul style=\"font-weight: 400;\"><li>\u2705 Sp\u00e9cialis\u00e9s dans les camping-cars et les caravanes<\/li><li>\u2705 M\u00e9caniciens certifi\u00e9s et pi\u00e8ces d'origine<\/li><li>\u2705 Bons accords avec les assureurs<\/li><li>\u2705 Planification rapide<\/li><\/ul><h3>Assurance et garantie<\/h3><p>CaravanRepair travaille beaucoup avec les compagnies d'assurance et nous sommes heureux de vous aider \u00e0 traiter les demandes d'indemnisation. Nous avons l'exp\u00e9rience des relations avec les compagnies d'assurance et nous pouvons vous guider tout au long du processus.<\/p><h3 style=\"font-weight: 400;\"><strong>\ud83d\udccd Prendre contact<\/strong><\/h3><p style=\"font-weight: 400;\">Vous souhaitez faire r\u00e9parer votre camping-car ou vous avez des questions ?<br \/><a href=\"https:\/\/oud.caravanrepair.eu\/fr\/signaler-les-dommages-subis-par-la-caravane\/\" target=\"_blank\" rel=\"noopener\">remplir le formulaire de demande ici<\/a> ou appelez-nous au +31 321 324 425.<\/p><p style=\"font-weight: 400;\"><a href=\"https:\/\/oud.caravanrepair.eu\/fr\/degats-de-camping-car-2\/\" target=\"_blank\" rel=\"noopener\"><strong>\ud83d\udd17\u00a0<em>Consultez \u00e9galement notre page principale sur les dommages aux camping-cars pour plus d&#039;informations sur des cas de dommages sp\u00e9cifiques.<\/em><\/strong><\/a><\/p>\t\t\t\t\t\t\t\t<\/div>\n\t\t\t\t<\/div>\n\t\t\t\t\t<\/div>\n\t\t<\/div>\n\t\t\t\t\t<\/div>\n\t\t<\/section>\n\t\t\t\t<section class=\"elementor-section elementor-top-section elementor-element elementor-element-72fc6290 elementor-section-content-middle elementor-section-boxed elementor-section-height-default elementor-section-height-default\" data-id=\"72fc6290\" data-element_type=\"section\" data-e-type=\"section\" data-settings=\"{&quot;background_background&quot;:&quot;classic&quot;}\">\n\t\t\t\t\t\t\t<div class=\"elementor-background-overlay\"><\/div>\n\t\t\t\t\t\t\t<div class=\"elementor-container elementor-column-gap-no\">\n\t\t\t\t\t<div class=\"elementor-column elementor-col-50 elementor-top-column elementor-element elementor-element-2f9380b2\" data-id=\"2f9380b2\" data-element_type=\"column\" data-e-type=\"column\">\n\t\t\t<div class=\"elementor-widget-wrap elementor-element-populated\">\n\t\t\t\t\t\t<div class=\"elementor-element elementor-element-78749b44 elementor-widget elementor-widget-heading\" data-id=\"78749b44\" data-element_type=\"widget\" data-e-type=\"widget\" data-widget_type=\"heading.default\">\n\t\t\t\t<div class=\"elementor-widget-container\">\n\t\t\t\t\t<h2 class=\"elementor-heading-title elementor-size-default\">Vous recherchez un r\u00e9parateur CaravanRepair\u00ae pr\u00e8s de chez vous ?<\/h2>\t\t\t\t<\/div>\n\t\t\t\t<\/div>\n\t\t\t\t<div class=\"elementor-element elementor-element-3881f77c elementor-widget elementor-widget-text-editor\" data-id=\"3881f77c\" data-element_type=\"widget\" data-e-type=\"widget\" data-widget_type=\"text-editor.default\">\n\t\t\t\t<div class=\"elementor-widget-container\">\n\t\t\t\t\t\t\t\t\t<p>Nos r\u00e9parateurs sont actifs dans toute l\u2019Europe !<\/p>\t\t\t\t\t\t\t\t<\/div>\n\t\t\t\t<\/div>\n\t\t\t\t\t<\/div>\n\t\t<\/div>\n\t\t\t\t<div class=\"elementor-column elementor-col-50 elementor-top-column elementor-element elementor-element-47a02335\" data-id=\"47a02335\" data-element_type=\"column\" data-e-type=\"column\">\n\t\t\t<div class=\"elementor-widget-wrap elementor-element-populated\">\n\t\t\t\t\t\t<div class=\"elementor-element elementor-element-33b8c66c elementor-align-center elementor-mobile-align-left elementor-widget elementor-widget-button\" data-id=\"33b8c66c\" data-element_type=\"widget\" data-e-type=\"widget\" data-widget_type=\"button.default\">\n\t\t\t\t<div class=\"elementor-widget-container\">\n\t\t\t\t\t\t\t\t\t<div class=\"elementor-button-wrapper\">\n\t\t\t\t\t<a class=\"elementor-button elementor-button-link elementor-size-sm elementor-animation-grow\" href=\"https:\/\/oud.caravanrepair.eu\/fr\/concessionnaires\/\">\n\t\t\t\t\t\t<span class=\"elementor-button-content-wrapper\">\n\t\t\t\t\t\t\t\t\t<span class=\"elementor-button-text\">Rechercher maintenant<\/span>\n\t\t\t\t\t<\/span>\n\t\t\t\t\t<\/a>\n\t\t\t\t<\/div>\n\t\t\t\t\t\t\t\t<\/div>\n\t\t\t\t<\/div>\n\t\t\t\t\t<\/div>\n\t\t<\/div>\n\t\t\t\t\t<\/div>\n\t\t<\/section>\n\t\t\t\t<\/div>","protected":false},"excerpt":{"rendered":"<p>R\u00e9parations de camping-cars ? Voici comment nous proc\u00e9dons R\u00e9parations de camping-cars CaravanRepair\u00ae pour des r\u00e9parations professionnelles des dommages subis par les camping-cars R\u00e9parations de camping-cars \u00e0 un prix comp\u00e9titif.<\/p>","protected":false},"author":3,"featured_media":0,"parent":0,"menu_order":0,"comment_status":"closed","ping_status":"closed","template":"elementor_header_footer","meta":{"footnotes":""},"class_list":["post-11291","page","type-page","status-publish","hentry","pagina_tag-camper"],"yoast_head":"<!-- This site is optimized with the Yoast SEO Premium plugin v27.5 (Yoast SEO v28.3) - https:\/\/yoast.com\/product\/yoast-seo-premium-wordpress\/ -->\n<title>Camper repareren: Professioneel herstel met volledige garantie<\/title>\n<meta name=\"description\" content=\"Camper repareren? kies dan voor een professionele camper reparatie. Bij \u00e9\u00e9n van onze CaravanRepair dealers bent u aan het juiste adres.\" \/>\n<meta name=\"robots\" content=\"noindex, follow, max-snippet:-1, max-image-preview:large, max-video-preview:-1\" \/>\n<meta property=\"og:locale\" content=\"fr_FR\" \/>\n<meta property=\"og:type\" content=\"article\" \/>\n<meta property=\"og:title\" content=\"Camper repareren\" \/>\n<meta property=\"og:description\" content=\"Camper repareren? kies dan voor een professionele camper reparatie. Bij \u00e9\u00e9n van onze CaravanRepair dealers bent u aan het juiste adres.\" \/>\n<meta property=\"og:url\" content=\"https:\/\/oud.caravanrepair.eu\/fr\/reparation-de-camping-car\/\" \/>\n<meta property=\"og:site_name\" content=\"CaravanRepair\u00ae\" \/>\n<meta property=\"article:modified_time\" content=\"2025-08-25T10:05:09+00:00\" \/>\n<meta property=\"og:image\" content=\"https:\/\/oud.caravanrepair.eu\/wp-content\/uploads\/2024\/01\/reparacion-autocaravana.jpg\" \/>\n\t<meta property=\"og:image:width\" content=\"640\" \/>\n\t<meta property=\"og:image:height\" content=\"360\" \/>\n\t<meta property=\"og:image:type\" content=\"image\/jpeg\" \/>\n<meta name=\"twitter:card\" content=\"summary_large_image\" \/>\n<meta name=\"twitter:label1\" content=\"Dur\u00e9e de lecture estim\u00e9e\" \/>\n\t<meta name=\"twitter:data1\" content=\"3 minutes\" \/>\n<script type=\"application\/ld+json\" class=\"yoast-schema-graph\">{\"@context\":\"https:\\\/\\\/schema.org\",\"@graph\":[{\"@type\":\"WebPage\",\"@id\":\"https:\\\/\\\/oud.caravanrepair.eu\\\/camper-repareren\\\/\",\"url\":\"https:\\\/\\\/oud.caravanrepair.eu\\\/camper-repareren\\\/\",\"name\":\"Camper repareren: Professioneel herstel met volledige garantie\",\"isPartOf\":{\"@id\":\"https:\\\/\\\/oud.caravanrepair.eu\\\/#website\"},\"primaryImageOfPage\":{\"@id\":\"https:\\\/\\\/oud.caravanrepair.eu\\\/camper-repareren\\\/#primaryimage\"},\"image\":{\"@id\":\"https:\\\/\\\/oud.caravanrepair.eu\\\/camper-repareren\\\/#primaryimage\"},\"thumbnailUrl\":\"https:\\\/\\\/oud.caravanrepair.eu\\\/wp-content\\\/uploads\\\/2024\\\/01\\\/reparacion-autocaravana.jpg\",\"datePublished\":\"2024-01-19T13:46:59+00:00\",\"dateModified\":\"2025-08-25T10:05:09+00:00\",\"description\":\"Camper repareren? kies dan voor een professionele camper reparatie. Bij \u00e9\u00e9n van onze CaravanRepair dealers bent u aan het juiste adres.\",\"breadcrumb\":{\"@id\":\"https:\\\/\\\/oud.caravanrepair.eu\\\/camper-repareren\\\/#breadcrumb\"},\"inLanguage\":\"fr-FR\",\"potentialAction\":[{\"@type\":\"ReadAction\",\"target\":[\"https:\\\/\\\/oud.caravanrepair.eu\\\/camper-repareren\\\/\"]}]},{\"@type\":\"ImageObject\",\"inLanguage\":\"fr-FR\",\"@id\":\"https:\\\/\\\/oud.caravanrepair.eu\\\/camper-repareren\\\/#primaryimage\",\"url\":\"https:\\\/\\\/oud.caravanrepair.eu\\\/wp-content\\\/uploads\\\/2024\\\/01\\\/reparacion-autocaravana.jpg\",\"contentUrl\":\"https:\\\/\\\/oud.caravanrepair.eu\\\/wp-content\\\/uploads\\\/2024\\\/01\\\/reparacion-autocaravana.jpg\"},{\"@type\":\"BreadcrumbList\",\"@id\":\"https:\\\/\\\/oud.caravanrepair.eu\\\/camper-repareren\\\/#breadcrumb\",\"itemListElement\":[{\"@type\":\"ListItem\",\"position\":1,\"name\":\"Home\",\"item\":\"https:\\\/\\\/oud.caravanrepair.eu\\\/\"},{\"@type\":\"ListItem\",\"position\":2,\"name\":\"Camper repareren\"}]},{\"@type\":\"WebSite\",\"@id\":\"https:\\\/\\\/oud.caravanrepair.eu\\\/#website\",\"url\":\"https:\\\/\\\/oud.caravanrepair.eu\\\/\",\"name\":\"CaravanRepair\u00ae\",\"description\":\"Professioneel schadeherstel voor caravan en camper\",\"publisher\":{\"@id\":\"https:\\\/\\\/oud.caravanrepair.eu\\\/#organization\"},\"potentialAction\":[{\"@type\":\"SearchAction\",\"target\":{\"@type\":\"EntryPoint\",\"urlTemplate\":\"https:\\\/\\\/oud.caravanrepair.eu\\\/?s={search_term_string}\"},\"query-input\":{\"@type\":\"PropertyValueSpecification\",\"valueRequired\":true,\"valueName\":\"search_term_string\"}}],\"inLanguage\":\"fr-FR\"},{\"@type\":\"Organization\",\"@id\":\"https:\\\/\\\/oud.caravanrepair.eu\\\/#organization\",\"name\":\"CaravanRepair\u00ae\",\"url\":\"https:\\\/\\\/oud.caravanrepair.eu\\\/\",\"logo\":{\"@type\":\"ImageObject\",\"inLanguage\":\"fr-FR\",\"@id\":\"https:\\\/\\\/oud.caravanrepair.eu\\\/#\\\/schema\\\/logo\\\/image\\\/\",\"url\":\"https:\\\/\\\/oud.caravanrepair.eu\\\/wp-content\\\/uploads\\\/2019\\\/01\\\/logo-caravanrepair.png\",\"contentUrl\":\"https:\\\/\\\/oud.caravanrepair.eu\\\/wp-content\\\/uploads\\\/2019\\\/01\\\/logo-caravanrepair.png\",\"width\":353,\"height\":150,\"caption\":\"CaravanRepair\u00ae\"},\"image\":{\"@id\":\"https:\\\/\\\/oud.caravanrepair.eu\\\/#\\\/schema\\\/logo\\\/image\\\/\"}}]}<\/script>\n<!-- \/ Yoast SEO Premium plugin. -->","yoast_head_json":{"title":"R\u00e9paration camping-car\u00a0: r\u00e9paration professionnelle avec garantie compl\u00e8te","description":"R\u00e9parer un camping-car ? alors choisissez un r\u00e9parateur camping-car professionnel. Vous \u00eates au bon endroit chez l&#039;un de nos revendeurs CaravanRepair.","robots":{"index":"noindex","follow":"follow","max-snippet":"max-snippet:-1","max-image-preview":"max-image-preview:large","max-video-preview":"max-video-preview:-1"},"og_locale":"fr_FR","og_type":"article","og_title":"Camper repareren","og_description":"Camper repareren? kies dan voor een professionele camper reparatie. Bij \u00e9\u00e9n van onze CaravanRepair dealers bent u aan het juiste adres.","og_url":"https:\/\/oud.caravanrepair.eu\/fr\/reparation-de-camping-car\/","og_site_name":"CaravanRepair\u00ae","article_modified_time":"2025-08-25T10:05:09+00:00","og_image":[{"width":640,"height":360,"url":"https:\/\/oud.caravanrepair.eu\/wp-content\/uploads\/2024\/01\/reparacion-autocaravana.jpg","type":"image\/jpeg"}],"twitter_card":"summary_large_image","twitter_misc":{"Dur\u00e9e de lecture estim\u00e9e":"3 minutes"},"schema":{"@context":"https:\/\/schema.org","@graph":[{"@type":"WebPage","@id":"https:\/\/oud.caravanrepair.eu\/camper-repareren\/","url":"https:\/\/oud.caravanrepair.eu\/camper-repareren\/","name":"R\u00e9paration camping-car\u00a0: r\u00e9paration professionnelle avec garantie compl\u00e8te","isPartOf":{"@id":"https:\/\/oud.caravanrepair.eu\/#website"},"primaryImageOfPage":{"@id":"https:\/\/oud.caravanrepair.eu\/camper-repareren\/#primaryimage"},"image":{"@id":"https:\/\/oud.caravanrepair.eu\/camper-repareren\/#primaryimage"},"thumbnailUrl":"https:\/\/oud.caravanrepair.eu\/wp-content\/uploads\/2024\/01\/reparacion-autocaravana.jpg","datePublished":"2024-01-19T13:46:59+00:00","dateModified":"2025-08-25T10:05:09+00:00","description":"R\u00e9parer un camping-car ? alors choisissez un r\u00e9parateur camping-car professionnel. Vous \u00eates au bon endroit chez l&#039;un de nos revendeurs CaravanRepair.","breadcrumb":{"@id":"https:\/\/oud.caravanrepair.eu\/camper-repareren\/#breadcrumb"},"inLanguage":"fr-FR","potentialAction":[{"@type":"ReadAction","target":["https:\/\/oud.caravanrepair.eu\/camper-repareren\/"]}]},{"@type":"ImageObject","inLanguage":"fr-FR","@id":"https:\/\/oud.caravanrepair.eu\/camper-repareren\/#primaryimage","url":"https:\/\/oud.caravanrepair.eu\/wp-content\/uploads\/2024\/01\/reparacion-autocaravana.jpg","contentUrl":"https:\/\/oud.caravanrepair.eu\/wp-content\/uploads\/2024\/01\/reparacion-autocaravana.jpg"},{"@type":"BreadcrumbList","@id":"https:\/\/oud.caravanrepair.eu\/camper-repareren\/#breadcrumb","itemListElement":[{"@type":"ListItem","position":1,"name":"Home","item":"https:\/\/oud.caravanrepair.eu\/"},{"@type":"ListItem","position":2,"name":"Camper repareren"}]},{"@type":"WebSite","@id":"https:\/\/oud.caravanrepair.eu\/#website","url":"https:\/\/oud.caravanrepair.eu\/","name":"CaravanRepair\u00ae","description":"R\u00e9paration professionnelle de dommages pour caravane et camping-car","publisher":{"@id":"https:\/\/oud.caravanrepair.eu\/#organization"},"potentialAction":[{"@type":"SearchAction","target":{"@type":"EntryPoint","urlTemplate":"https:\/\/oud.caravanrepair.eu\/?s={search_term_string}"},"query-input":{"@type":"PropertyValueSpecification","valueRequired":true,"valueName":"search_term_string"}}],"inLanguage":"fr-FR"},{"@type":"Organization","@id":"https:\/\/oud.caravanrepair.eu\/#organization","name":"CaravanRepair\u00ae","url":"https:\/\/oud.caravanrepair.eu\/","logo":{"@type":"ImageObject","inLanguage":"fr-FR","@id":"https:\/\/oud.caravanrepair.eu\/#\/schema\/logo\/image\/","url":"https:\/\/oud.caravanrepair.eu\/wp-content\/uploads\/2019\/01\/logo-caravanrepair.png","contentUrl":"https:\/\/oud.caravanrepair.eu\/wp-content\/uploads\/2019\/01\/logo-caravanrepair.png","width":353,"height":150,"caption":"CaravanRepair\u00ae"},"image":{"@id":"https:\/\/oud.caravanrepair.eu\/#\/schema\/logo\/image\/"}}]}},"_links":{"self":[{"href":"https:\/\/oud.caravanrepair.eu\/fr\/wp-json\/wp\/v2\/pages\/11291","targetHints":{"allow":["GET"]}}],"collection":[{"href":"https:\/\/oud.caravanrepair.eu\/fr\/wp-json\/wp\/v2\/pages"}],"about":[{"href":"https:\/\/oud.caravanrepair.eu\/fr\/wp-json\/wp\/v2\/types\/page"}],"author":[{"embeddable":true,"href":"https:\/\/oud.caravanrepair.eu\/fr\/wp-json\/wp\/v2\/users\/3"}],"replies":[{"embeddable":true,"href":"https:\/\/oud.caravanrepair.eu\/fr\/wp-json\/wp\/v2\/comments?post=11291"}],"version-history":[{"count":0,"href":"https:\/\/oud.caravanrepair.eu\/fr\/wp-json\/wp\/v2\/pages\/11291\/revisions"}],"wp:attachment":[{"href":"https:\/\/oud.caravanrepair.eu\/fr\/wp-json\/wp\/v2\/media?parent=11291"}],"curies":[{"name":"wp","href":"https:\/\/api.w.org\/{rel}","templated":true}]}}