{"id":12833,"date":"2024-03-05T16:42:03","date_gmt":"2024-03-05T15:42:03","guid":{"rendered":"https:\/\/oud.caravanrepair.eu\/?page_id=12833"},"modified":"2025-05-15T10:27:44","modified_gmt":"2025-05-15T08:27:44","slug":"reparation-de-caravane-vic-espagne","status":"publish","type":"page","link":"https:\/\/oud.caravanrepair.eu\/fr\/caravanrepair-vic-spanje\/","title":{"rendered":"CaravanRepair Vic-Espagne"},"content":{"rendered":"<div data-elementor-type=\"wp-page\" data-elementor-id=\"12833\" class=\"elementor elementor-12833\" data-elementor-post-type=\"page\">\n\t\t\t\t\t\t<section class=\"elementor-section elementor-top-section elementor-element elementor-element-508b3073 elementor-section-height-min-height elementor-section-content-middle elementor-section-full_width elementor-section-height-default elementor-section-items-middle\" data-id=\"508b3073\" data-element_type=\"section\" data-e-type=\"section\" data-settings=\"{&quot;background_background&quot;:&quot;classic&quot;}\">\n\t\t\t\t\t\t\t<div class=\"elementor-background-overlay\"><\/div>\n\t\t\t\t\t\t\t<div class=\"elementor-container elementor-column-gap-default\">\n\t\t\t\t\t<div class=\"elementor-column elementor-col-100 elementor-top-column elementor-element elementor-element-668547c4\" data-id=\"668547c4\" data-element_type=\"column\" data-e-type=\"column\">\n\t\t\t<div class=\"elementor-widget-wrap elementor-element-populated\">\n\t\t\t\t\t\t<div class=\"elementor-element elementor-element-4175c219 elementor-widget elementor-widget-heading\" data-id=\"4175c219\" data-element_type=\"widget\" data-e-type=\"widget\" data-widget_type=\"heading.default\">\n\t\t\t\t<div class=\"elementor-widget-container\">\n\t\t\t\t\t<h1 class=\"elementor-heading-title elementor-size-default\">CaravanRepair Vic-Espagne<\/h1>\t\t\t\t<\/div>\n\t\t\t\t<\/div>\n\t\t\t\t<div class=\"elementor-element elementor-element-28eb95df elementor-widget elementor-widget-heading\" data-id=\"28eb95df\" data-element_type=\"widget\" data-e-type=\"widget\" data-widget_type=\"heading.default\">\n\t\t\t\t<div class=\"elementor-widget-container\">\n\t\t\t\t\t<p class=\"elementor-heading-title elementor-size-default\"> <\/p>\t\t\t\t<\/div>\n\t\t\t\t<\/div>\n\t\t\t\t\t<\/div>\n\t\t<\/div>\n\t\t\t\t\t<\/div>\n\t\t<\/section>\n\t\t\t\t<section class=\"elementor-section elementor-top-section elementor-element elementor-element-64782c0 elementor-section-content-middle elementor-section-boxed elementor-section-height-default elementor-section-height-default\" data-id=\"64782c0\" data-element_type=\"section\" data-e-type=\"section\">\n\t\t\t\t\t\t<div class=\"elementor-container elementor-column-gap-no\">\n\t\t\t\t\t<div class=\"elementor-column elementor-col-100 elementor-top-column elementor-element elementor-element-552a09ac\" data-id=\"552a09ac\" data-element_type=\"column\" data-e-type=\"column\">\n\t\t\t<div class=\"elementor-widget-wrap elementor-element-populated\">\n\t\t\t\t\t\t<div class=\"elementor-element elementor-element-3a6b9212 elementor-widget elementor-widget-heading\" data-id=\"3a6b9212\" data-element_type=\"widget\" data-e-type=\"widget\" data-widget_type=\"heading.default\">\n\t\t\t\t<div class=\"elementor-widget-container\">\n\t\t\t\t\t<h2 class=\"elementor-heading-title elementor-size-default\">CaravanRepair Vic Espagne R\u00e9paration des dommages caus\u00e9s \u00e0 une caravane ou un camping-car r\u00e9par\u00e9 par un professionnel.<\/h2>\t\t\t\t<\/div>\n\t\t\t\t<\/div>\n\t\t\t\t\t<\/div>\n\t\t<\/div>\n\t\t\t\t\t<\/div>\n\t\t<\/section>\n\t\t\t\t<section class=\"elementor-section elementor-top-section elementor-element elementor-element-5e1ec8e4 elementor-section-content-middle elementor-reverse-mobile elementor-section-boxed elementor-section-height-default elementor-section-height-default\" data-id=\"5e1ec8e4\" data-element_type=\"section\" data-e-type=\"section\">\n\t\t\t\t\t\t<div class=\"elementor-container elementor-column-gap-no\">\n\t\t\t\t\t<div class=\"elementor-column elementor-col-50 elementor-top-column elementor-element elementor-element-ca66c19\" data-id=\"ca66c19\" data-element_type=\"column\" data-e-type=\"column\">\n\t\t\t<div class=\"elementor-widget-wrap elementor-element-populated\">\n\t\t\t\t\t\t<div class=\"elementor-element elementor-element-5d62d323 elementor-widget elementor-widget-heading\" data-id=\"5d62d323\" data-element_type=\"widget\" data-e-type=\"widget\" data-widget_type=\"heading.default\">\n\t\t\t\t<div class=\"elementor-widget-container\">\n\t\t\t\t\t<h3 class=\"elementor-heading-title elementor-size-default\"> Groupe CaravanRepair\u00ae<\/h3>\t\t\t\t<\/div>\n\t\t\t\t<\/div>\n\t\t\t\t<div class=\"elementor-element elementor-element-67ce094d elementor-widget elementor-widget-text-editor\" data-id=\"67ce094d\" data-element_type=\"widget\" data-e-type=\"widget\" data-widget_type=\"text-editor.default\">\n\t\t\t\t<div class=\"elementor-widget-container\">\n\t\t\t\t\t\t\t\t\t<h3>CaravanRepair Vic-Espagne<\/h3><div class=\"fusion-text fusion-text-1\"><p>CaravanRepair Vic-Spain fait partie du groupe CaravanRepair Europe. Et nous sommes sp\u00e9cialis\u00e9s dans la r\u00e9paration des dommages aux caravanes et camping-cars. Notre m\u00e9thode CaravanRepair est une technique permettant de r\u00e9parer de mani\u00e8re invisible les parois lat\u00e9rales profil\u00e9es des caravanes ou camping-cars, mais aussi les toits des caravanes et camping-cars. Nous r\u00e9parons les d\u00e9g\u00e2ts de la caravane de mani\u00e8re totalement invisible.  Avez-vous des dommages \u00e0 votre caravane ou \u00e0 votre camping-car, des rayures, des bosses sur votre caravane ou votre camping-car ou des dommages caus\u00e9s par la gr\u00eale\u00a0? Laissez les sp\u00e9cialistes de CaravanRepair Vic-Spain s&#039;assurer que votre caravane ou camping-car soit remis dans un \u00e9tat optimal. CaravanRepair Vic fait partie de notre concessionnaire Master qui travaille depuis le si\u00e8ge social de Sant Climent de Peralta et garantit la province de Catalogne avec son \u00e9quipe de sp\u00e9cialistes. La technologie des caravanes devient de plus en plus complexe et complexe, avec des techniques diff\u00e9rentes et nouvelles, par exemple pour le collage des parois des caravanes. Nous garantissons des solutions et un service professionnels<strong><em><a href=\"https:\/\/oud.caravanrepair.eu\/fr\/antragsformular\/\" target=\"_blank\" rel=\"noopener\"> Vous souhaitez signaler vos d\u00e9g\u00e2ts sans engagement ? Cliquer ici.<\/a><\/em><\/strong><\/p><\/div>\t\t\t\t\t\t\t\t<\/div>\n\t\t\t\t<\/div>\n\t\t\t\t\t<\/div>\n\t\t<\/div>\n\t\t\t\t<div class=\"elementor-column elementor-col-50 elementor-top-column elementor-element elementor-element-658330fc\" data-id=\"658330fc\" data-element_type=\"column\" data-e-type=\"column\">\n\t\t\t<div class=\"elementor-widget-wrap elementor-element-populated\">\n\t\t\t\t\t\t<div class=\"elementor-element elementor-element-2594ae7b elementor-widget elementor-widget-image\" data-id=\"2594ae7b\" data-element_type=\"widget\" data-e-type=\"widget\" data-widget_type=\"image.default\">\n\t\t\t\t<div class=\"elementor-widget-container\">\n\t\t\t\t\t\t\t\t\t\t\t\t\t\t\t<img fetchpriority=\"high\" decoding=\"async\" width=\"640\" height=\"480\" src=\"https:\/\/oud.caravanrepair.eu\/wp-content\/uploads\/2024\/01\/64d091be-6e08-4267-bf57-b5b7230030c2.jpeg\" class=\"attachment-large size-large wp-image-10732\" alt=\"R\u00e9paration de caravane endommag\u00e9e\" srcset=\"https:\/\/oud.caravanrepair.eu\/wp-content\/uploads\/2024\/01\/64d091be-6e08-4267-bf57-b5b7230030c2-16x12.jpeg 16w, https:\/\/oud.caravanrepair.eu\/wp-content\/uploads\/2024\/01\/64d091be-6e08-4267-bf57-b5b7230030c2-200x150.jpeg 200w, https:\/\/oud.caravanrepair.eu\/wp-content\/uploads\/2024\/01\/64d091be-6e08-4267-bf57-b5b7230030c2-300x225.jpeg 300w, https:\/\/oud.caravanrepair.eu\/wp-content\/uploads\/2024\/01\/64d091be-6e08-4267-bf57-b5b7230030c2-400x300.jpeg 400w, https:\/\/oud.caravanrepair.eu\/wp-content\/uploads\/2024\/01\/64d091be-6e08-4267-bf57-b5b7230030c2-600x450.jpeg 600w, https:\/\/oud.caravanrepair.eu\/wp-content\/uploads\/2024\/01\/64d091be-6e08-4267-bf57-b5b7230030c2.jpeg 640w\" sizes=\"(max-width: 640px) 100vw, 640px\" \/>\t\t\t\t\t\t\t\t\t\t\t\t\t\t\t<\/div>\n\t\t\t\t<\/div>\n\t\t\t\t\t<\/div>\n\t\t<\/div>\n\t\t\t\t\t<\/div>\n\t\t<\/section>\n\t\t\t\t<section class=\"elementor-section elementor-top-section elementor-element elementor-element-28ddee62 elementor-section-content-middle elementor-section-boxed elementor-section-height-default elementor-section-height-default\" data-id=\"28ddee62\" data-element_type=\"section\" data-e-type=\"section\" data-settings=\"{&quot;background_background&quot;:&quot;classic&quot;}\">\n\t\t\t\t\t\t\t<div class=\"elementor-background-overlay\"><\/div>\n\t\t\t\t\t\t\t<div class=\"elementor-container elementor-column-gap-no\">\n\t\t\t\t\t<div class=\"elementor-column elementor-col-100 elementor-top-column elementor-element elementor-element-408a91ee\" data-id=\"408a91ee\" data-element_type=\"column\" data-e-type=\"column\">\n\t\t\t<div class=\"elementor-widget-wrap elementor-element-populated\">\n\t\t\t\t\t\t<div class=\"elementor-element elementor-element-22679eb7 elementor-widget elementor-widget-heading\" data-id=\"22679eb7\" data-element_type=\"widget\" data-e-type=\"widget\" data-widget_type=\"heading.default\">\n\t\t\t\t<div class=\"elementor-widget-container\">\n\t\t\t\t\t<h2 class=\"elementor-heading-title elementor-size-default\">Signaler un d\u00e9g\u00e2t caravane ou camping-car ?<\/h2>\t\t\t\t<\/div>\n\t\t\t\t<\/div>\n\t\t\t\t<div class=\"elementor-element elementor-element-5edb1f17 elementor-widget elementor-widget-text-editor\" data-id=\"5edb1f17\" data-element_type=\"widget\" data-e-type=\"widget\" data-widget_type=\"text-editor.default\">\n\t\t\t\t<div class=\"elementor-widget-container\">\n\t\t\t\t\t\t\t\t\t<p style=\"text-align: center;\">Si votre caravane ou votre camping-car a \u00e9t\u00e9 endommag\u00e9, veuillez remplir le formulaire de dommages en ligne et nous vous contacterons.<\/p>\t\t\t\t\t\t\t\t<\/div>\n\t\t\t\t<\/div>\n\t\t\t\t<div class=\"elementor-element elementor-element-397c3276 elementor-align-center elementor-mobile-align-left elementor-widget elementor-widget-button\" data-id=\"397c3276\" data-element_type=\"widget\" data-e-type=\"widget\" data-widget_type=\"button.default\">\n\t\t\t\t<div class=\"elementor-widget-container\">\n\t\t\t\t\t\t\t\t\t<div class=\"elementor-button-wrapper\">\n\t\t\t\t\t<a class=\"elementor-button elementor-button-link elementor-size-sm elementor-animation-grow\" href=\"https:\/\/oud.caravanrepair.eu\/fr\/antragsformular\/\">\n\t\t\t\t\t\t<span class=\"elementor-button-content-wrapper\">\n\t\t\t\t\t\t\t\t\t<span class=\"elementor-button-text\">SIGNALER LES DOMMAGES<\/span>\n\t\t\t\t\t<\/span>\n\t\t\t\t\t<\/a>\n\t\t\t\t<\/div>\n\t\t\t\t\t\t\t\t<\/div>\n\t\t\t\t<\/div>\n\t\t\t\t\t<\/div>\n\t\t<\/div>\n\t\t\t\t\t<\/div>\n\t\t<\/section>\n\t\t\t\t<section class=\"elementor-section elementor-top-section elementor-element elementor-element-7410aead elementor-section-full_width elementor-section-content-middle elementor-section-height-default elementor-section-height-default\" data-id=\"7410aead\" data-element_type=\"section\" data-e-type=\"section\">\n\t\t\t\t\t\t<div class=\"elementor-container elementor-column-gap-no\">\n\t\t\t\t\t<div class=\"elementor-column elementor-col-50 elementor-top-column elementor-element elementor-element-23ff9889\" data-id=\"23ff9889\" data-element_type=\"column\" data-e-type=\"column\" data-settings=\"{&quot;background_background&quot;:&quot;classic&quot;}\">\n\t\t\t<div class=\"elementor-widget-wrap elementor-element-populated\">\n\t\t\t\t\t<div class=\"elementor-background-overlay\"><\/div>\n\t\t\t\t\t\t<div class=\"elementor-element elementor-element-5a9cc67b elementor-widget elementor-widget-heading\" data-id=\"5a9cc67b\" data-element_type=\"widget\" data-e-type=\"widget\" data-widget_type=\"heading.default\">\n\t\t\t\t<div class=\"elementor-widget-container\">\n\t\t\t\t\t<h3 class=\"elementor-heading-title elementor-size-default\">Fait partie du groupe CaravanRepair\u00ae.<\/h3>\t\t\t\t<\/div>\n\t\t\t\t<\/div>\n\t\t\t\t\t<\/div>\n\t\t<\/div>\n\t\t\t\t<div class=\"elementor-column elementor-col-50 elementor-top-column elementor-element elementor-element-6191dbcc\" data-id=\"6191dbcc\" data-element_type=\"column\" data-e-type=\"column\">\n\t\t\t<div class=\"elementor-widget-wrap elementor-element-populated\">\n\t\t\t\t\t\t<div class=\"elementor-element elementor-element-26cdb0ca elementor-widget elementor-widget-text-editor\" data-id=\"26cdb0ca\" data-element_type=\"widget\" data-e-type=\"widget\" data-widget_type=\"text-editor.default\">\n\t\t\t\t<div class=\"elementor-widget-container\">\n\t\t\t\t\t\t\t\t\t<h3>CaravanRepair Professionnels de la premi\u00e8re heure<\/h3><p>Gr\u00e2ce \u00e0 son syst\u00e8me sophistiqu\u00e9 et brevet\u00e9 de r\u00e9paration de caravanes, CaravanRepair Vic-Spain est \u00e9galement en mesure de r\u00e9parer de mani\u00e8re invisible toutes les parois profil\u00e9es des caravanes et des camping-cars. Qu'il s'agisse d'un petit pont ou d'une bosse plus importante, d'un dommage d\u00fb \u00e0 la gr\u00eale, d'une fissure ou d'une rayure, ou m\u00eame d'un dommage d\u00fb \u00e0 l'humidit\u00e9 dans votre caravane ou votre camping-car, ils peuvent \u00eatre r\u00e9par\u00e9s rapidement, professionnellement et de mani\u00e8re invisible. Gr\u00e2ce \u00e0 l'utilisation de produits et de mat\u00e9riaux parfaitement adapt\u00e9s, il est m\u00eame possible d'offrir une garantie \u00e0 vie sur chaque r\u00e9paration de caravane effectu\u00e9e par l'un de nos revendeurs certifi\u00e9s CaravanRepair.  Notre r\u00e9seau ne travaille qu'avec des professionnels qui garantissent une qualit\u00e9 et une expertise optimales, ainsi qu'un service et une garantie excellents pour toutes leurs r\u00e9parations. <a href=\"https:\/\/oud.caravanrepair.eu\/fr\/antragsformular\/\" target=\"_blank\" rel=\"noopener\"><span style=\"text-decoration: underline;\"><em><strong>Si vous subissez des dommages \u00e0 votre caravane ou camping-car, signalez-le imm\u00e9diatement en ligne sans engagement. Cliquez ici.<\/strong><\/em><\/span><\/a><\/p>\t\t\t\t\t\t\t\t<\/div>\n\t\t\t\t<\/div>\n\t\t\t\t\t<\/div>\n\t\t<\/div>\n\t\t\t\t\t<\/div>\n\t\t<\/section>\n\t\t\t\t<section class=\"elementor-section elementor-top-section elementor-element elementor-element-28aff766 elementor-section-content-middle elementor-section-boxed elementor-section-height-default elementor-section-height-default\" data-id=\"28aff766\" data-element_type=\"section\" data-e-type=\"section\" data-settings=\"{&quot;background_background&quot;:&quot;classic&quot;}\">\n\t\t\t\t\t\t\t<div class=\"elementor-background-overlay\"><\/div>\n\t\t\t\t\t\t\t<div class=\"elementor-container elementor-column-gap-no\">\n\t\t\t\t\t<div class=\"elementor-column elementor-col-50 elementor-top-column elementor-element elementor-element-14809fb3\" data-id=\"14809fb3\" data-element_type=\"column\" data-e-type=\"column\">\n\t\t\t<div class=\"elementor-widget-wrap elementor-element-populated\">\n\t\t\t\t\t\t<div class=\"elementor-element elementor-element-521e343e elementor-widget elementor-widget-heading\" data-id=\"521e343e\" data-element_type=\"widget\" data-e-type=\"widget\" data-widget_type=\"heading.default\">\n\t\t\t\t<div class=\"elementor-widget-container\">\n\t\t\t\t\t<h2 class=\"elementor-heading-title elementor-size-default\">Vous recherchez un r\u00e9parateur CaravanRepair\u00ae pr\u00e8s de chez vous ?<\/h2>\t\t\t\t<\/div>\n\t\t\t\t<\/div>\n\t\t\t\t<div class=\"elementor-element elementor-element-4d3ced9 elementor-widget elementor-widget-text-editor\" data-id=\"4d3ced9\" data-element_type=\"widget\" data-e-type=\"widget\" data-widget_type=\"text-editor.default\">\n\t\t\t\t<div class=\"elementor-widget-container\">\n\t\t\t\t\t\t\t\t\t<p>Nos r\u00e9parateurs sont actifs dans toute l\u2019Europe !<\/p>\t\t\t\t\t\t\t\t<\/div>\n\t\t\t\t<\/div>\n\t\t\t\t\t<\/div>\n\t\t<\/div>\n\t\t\t\t<div class=\"elementor-column elementor-col-50 elementor-top-column elementor-element elementor-element-2bb3bde9\" data-id=\"2bb3bde9\" data-element_type=\"column\" data-e-type=\"column\">\n\t\t\t<div class=\"elementor-widget-wrap elementor-element-populated\">\n\t\t\t\t\t\t<div class=\"elementor-element elementor-element-5f2e2c76 elementor-align-center elementor-mobile-align-left elementor-widget elementor-widget-button\" data-id=\"5f2e2c76\" data-element_type=\"widget\" data-e-type=\"widget\" data-widget_type=\"button.default\">\n\t\t\t\t<div class=\"elementor-widget-container\">\n\t\t\t\t\t\t\t\t\t<div class=\"elementor-button-wrapper\">\n\t\t\t\t\t<a class=\"elementor-button elementor-button-link elementor-size-sm elementor-animation-grow\" href=\"https:\/\/oud.caravanrepair.eu\/fr\/concessionnaires\/\">\n\t\t\t\t\t\t<span class=\"elementor-button-content-wrapper\">\n\t\t\t\t\t\t\t\t\t<span class=\"elementor-button-text\">Rechercher maintenant<\/span>\n\t\t\t\t\t<\/span>\n\t\t\t\t\t<\/a>\n\t\t\t\t<\/div>\n\t\t\t\t\t\t\t\t<\/div>\n\t\t\t\t<\/div>\n\t\t\t\t\t<\/div>\n\t\t<\/div>\n\t\t\t\t\t<\/div>\n\t\t<\/section>\n\t\t\t\t<\/div>","protected":false},"excerpt":{"rendered":"<p>CaravanRepair Vic-Spanje CaravanRepair Vic Spanje Schadeherstel van caravan-of camper professioneel hersteld. CaravanRepair\u00ae Group CaravanRepair Vic-Spanje CaravanRepair Vic-Spanje maakt deel uit<\/p>","protected":false},"author":3,"featured_media":0,"parent":0,"menu_order":0,"comment_status":"closed","ping_status":"closed","template":"elementor_header_footer","meta":{"footnotes":""},"class_list":["post-12833","page","type-page","status-publish","hentry","pagina_tag-caravanrepair-dealers"],"yoast_head":"<!-- This site is optimized with the Yoast SEO Premium plugin v27.5 (Yoast SEO v28.3) - https:\/\/yoast.com\/product\/yoast-seo-premium-wordpress\/ -->\n<title>CaravanRepair Vic-Spanje<\/title>\n<meta name=\"description\" content=\"CaravanRepair Vic-Spanje, Zijn d\u00e9 professionals als het gaat om caravan en camper schadeherstel, met onze jaren lange ervaring en expertise.\" \/>\n<meta name=\"robots\" content=\"noindex, follow, max-snippet:-1, max-image-preview:large, max-video-preview:-1\" \/>\n<meta property=\"og:locale\" content=\"fr_FR\" \/>\n<meta property=\"og:type\" content=\"article\" \/>\n<meta property=\"og:title\" content=\"CaravanRepair Vic-Spanje\" \/>\n<meta property=\"og:description\" content=\"CaravanRepair Vic-Spanje, Zijn d\u00e9 professionals als het gaat om caravan en camper schadeherstel, met onze jaren lange ervaring en expertise.\" \/>\n<meta property=\"og:url\" content=\"https:\/\/oud.caravanrepair.eu\/fr\/reparation-de-caravane-vic-espagne\/\" \/>\n<meta property=\"og:site_name\" content=\"CaravanRepair\u00ae\" \/>\n<meta property=\"article:modified_time\" content=\"2025-05-15T08:27:44+00:00\" \/>\n<meta property=\"og:image\" content=\"https:\/\/oud.caravanrepair.eu\/wp-content\/uploads\/2024\/01\/64d091be-6e08-4267-bf57-b5b7230030c2.jpeg\" \/>\n\t<meta property=\"og:image:width\" content=\"640\" \/>\n\t<meta property=\"og:image:height\" content=\"480\" \/>\n\t<meta property=\"og:image:type\" content=\"image\/jpeg\" \/>\n<meta name=\"twitter:card\" content=\"summary_large_image\" \/>\n<meta name=\"twitter:label1\" content=\"Dur\u00e9e de lecture estim\u00e9e\" \/>\n\t<meta name=\"twitter:data1\" content=\"2 minutes\" \/>\n<script type=\"application\/ld+json\" class=\"yoast-schema-graph\">{\"@context\":\"https:\\\/\\\/schema.org\",\"@graph\":[{\"@type\":\"WebPage\",\"@id\":\"https:\\\/\\\/oud.caravanrepair.eu\\\/caravanrepair-vic-spanje\\\/\",\"url\":\"https:\\\/\\\/oud.caravanrepair.eu\\\/caravanrepair-vic-spanje\\\/\",\"name\":\"CaravanRepair Vic-Spanje\",\"isPartOf\":{\"@id\":\"https:\\\/\\\/oud.caravanrepair.eu\\\/#website\"},\"primaryImageOfPage\":{\"@id\":\"https:\\\/\\\/oud.caravanrepair.eu\\\/caravanrepair-vic-spanje\\\/#primaryimage\"},\"image\":{\"@id\":\"https:\\\/\\\/oud.caravanrepair.eu\\\/caravanrepair-vic-spanje\\\/#primaryimage\"},\"thumbnailUrl\":\"https:\\\/\\\/oud.caravanrepair.eu\\\/wp-content\\\/uploads\\\/2024\\\/01\\\/64d091be-6e08-4267-bf57-b5b7230030c2.jpeg\",\"datePublished\":\"2024-03-05T15:42:03+00:00\",\"dateModified\":\"2025-05-15T08:27:44+00:00\",\"description\":\"CaravanRepair Vic-Spanje, Zijn d\u00e9 professionals als het gaat om caravan en camper schadeherstel, met onze jaren lange ervaring en expertise.\",\"breadcrumb\":{\"@id\":\"https:\\\/\\\/oud.caravanrepair.eu\\\/caravanrepair-vic-spanje\\\/#breadcrumb\"},\"inLanguage\":\"fr-FR\",\"potentialAction\":[{\"@type\":\"ReadAction\",\"target\":[\"https:\\\/\\\/oud.caravanrepair.eu\\\/caravanrepair-vic-spanje\\\/\"]}]},{\"@type\":\"ImageObject\",\"inLanguage\":\"fr-FR\",\"@id\":\"https:\\\/\\\/oud.caravanrepair.eu\\\/caravanrepair-vic-spanje\\\/#primaryimage\",\"url\":\"https:\\\/\\\/oud.caravanrepair.eu\\\/wp-content\\\/uploads\\\/2024\\\/01\\\/64d091be-6e08-4267-bf57-b5b7230030c2.jpeg\",\"contentUrl\":\"https:\\\/\\\/oud.caravanrepair.eu\\\/wp-content\\\/uploads\\\/2024\\\/01\\\/64d091be-6e08-4267-bf57-b5b7230030c2.jpeg\"},{\"@type\":\"BreadcrumbList\",\"@id\":\"https:\\\/\\\/oud.caravanrepair.eu\\\/caravanrepair-vic-spanje\\\/#breadcrumb\",\"itemListElement\":[{\"@type\":\"ListItem\",\"position\":1,\"name\":\"Home\",\"item\":\"https:\\\/\\\/oud.caravanrepair.eu\\\/\"},{\"@type\":\"ListItem\",\"position\":2,\"name\":\"CaravanRepair Vic-Spanje\"}]},{\"@type\":\"WebSite\",\"@id\":\"https:\\\/\\\/oud.caravanrepair.eu\\\/#website\",\"url\":\"https:\\\/\\\/oud.caravanrepair.eu\\\/\",\"name\":\"CaravanRepair\u00ae\",\"description\":\"Professioneel schadeherstel voor caravan en camper\",\"publisher\":{\"@id\":\"https:\\\/\\\/oud.caravanrepair.eu\\\/#organization\"},\"potentialAction\":[{\"@type\":\"SearchAction\",\"target\":{\"@type\":\"EntryPoint\",\"urlTemplate\":\"https:\\\/\\\/oud.caravanrepair.eu\\\/?s={search_term_string}\"},\"query-input\":{\"@type\":\"PropertyValueSpecification\",\"valueRequired\":true,\"valueName\":\"search_term_string\"}}],\"inLanguage\":\"fr-FR\"},{\"@type\":\"Organization\",\"@id\":\"https:\\\/\\\/oud.caravanrepair.eu\\\/#organization\",\"name\":\"CaravanRepair\u00ae\",\"url\":\"https:\\\/\\\/oud.caravanrepair.eu\\\/\",\"logo\":{\"@type\":\"ImageObject\",\"inLanguage\":\"fr-FR\",\"@id\":\"https:\\\/\\\/oud.caravanrepair.eu\\\/#\\\/schema\\\/logo\\\/image\\\/\",\"url\":\"https:\\\/\\\/oud.caravanrepair.eu\\\/wp-content\\\/uploads\\\/2019\\\/01\\\/logo-caravanrepair.png\",\"contentUrl\":\"https:\\\/\\\/oud.caravanrepair.eu\\\/wp-content\\\/uploads\\\/2019\\\/01\\\/logo-caravanrepair.png\",\"width\":353,\"height\":150,\"caption\":\"CaravanRepair\u00ae\"},\"image\":{\"@id\":\"https:\\\/\\\/oud.caravanrepair.eu\\\/#\\\/schema\\\/logo\\\/image\\\/\"}}]}<\/script>\n<!-- \/ Yoast SEO Premium plugin. -->","yoast_head_json":{"title":"CaravanRepair Vic-Espagne","description":"CaravanRepair Vic-Spain, ce sont les professionnels en mati\u00e8re de r\u00e9paration des dommages aux caravanes et camping-cars, avec nos ann\u00e9es d&#039;exp\u00e9rience et d&#039;expertise.","robots":{"index":"noindex","follow":"follow","max-snippet":"max-snippet:-1","max-image-preview":"max-image-preview:large","max-video-preview":"max-video-preview:-1"},"og_locale":"fr_FR","og_type":"article","og_title":"CaravanRepair Vic-Spanje","og_description":"CaravanRepair Vic-Spanje, Zijn d\u00e9 professionals als het gaat om caravan en camper schadeherstel, met onze jaren lange ervaring en expertise.","og_url":"https:\/\/oud.caravanrepair.eu\/fr\/reparation-de-caravane-vic-espagne\/","og_site_name":"CaravanRepair\u00ae","article_modified_time":"2025-05-15T08:27:44+00:00","og_image":[{"width":640,"height":480,"url":"https:\/\/oud.caravanrepair.eu\/wp-content\/uploads\/2024\/01\/64d091be-6e08-4267-bf57-b5b7230030c2.jpeg","type":"image\/jpeg"}],"twitter_card":"summary_large_image","twitter_misc":{"Dur\u00e9e de lecture estim\u00e9e":"2 minutes"},"schema":{"@context":"https:\/\/schema.org","@graph":[{"@type":"WebPage","@id":"https:\/\/oud.caravanrepair.eu\/caravanrepair-vic-spanje\/","url":"https:\/\/oud.caravanrepair.eu\/caravanrepair-vic-spanje\/","name":"CaravanRepair Vic-Espagne","isPartOf":{"@id":"https:\/\/oud.caravanrepair.eu\/#website"},"primaryImageOfPage":{"@id":"https:\/\/oud.caravanrepair.eu\/caravanrepair-vic-spanje\/#primaryimage"},"image":{"@id":"https:\/\/oud.caravanrepair.eu\/caravanrepair-vic-spanje\/#primaryimage"},"thumbnailUrl":"https:\/\/oud.caravanrepair.eu\/wp-content\/uploads\/2024\/01\/64d091be-6e08-4267-bf57-b5b7230030c2.jpeg","datePublished":"2024-03-05T15:42:03+00:00","dateModified":"2025-05-15T08:27:44+00:00","description":"CaravanRepair Vic-Spain, ce sont les professionnels en mati\u00e8re de r\u00e9paration des dommages aux caravanes et camping-cars, avec nos ann\u00e9es d&#039;exp\u00e9rience et d&#039;expertise.","breadcrumb":{"@id":"https:\/\/oud.caravanrepair.eu\/caravanrepair-vic-spanje\/#breadcrumb"},"inLanguage":"fr-FR","potentialAction":[{"@type":"ReadAction","target":["https:\/\/oud.caravanrepair.eu\/caravanrepair-vic-spanje\/"]}]},{"@type":"ImageObject","inLanguage":"fr-FR","@id":"https:\/\/oud.caravanrepair.eu\/caravanrepair-vic-spanje\/#primaryimage","url":"https:\/\/oud.caravanrepair.eu\/wp-content\/uploads\/2024\/01\/64d091be-6e08-4267-bf57-b5b7230030c2.jpeg","contentUrl":"https:\/\/oud.caravanrepair.eu\/wp-content\/uploads\/2024\/01\/64d091be-6e08-4267-bf57-b5b7230030c2.jpeg"},{"@type":"BreadcrumbList","@id":"https:\/\/oud.caravanrepair.eu\/caravanrepair-vic-spanje\/#breadcrumb","itemListElement":[{"@type":"ListItem","position":1,"name":"Home","item":"https:\/\/oud.caravanrepair.eu\/"},{"@type":"ListItem","position":2,"name":"CaravanRepair Vic-Spanje"}]},{"@type":"WebSite","@id":"https:\/\/oud.caravanrepair.eu\/#website","url":"https:\/\/oud.caravanrepair.eu\/","name":"CaravanRepair\u00ae","description":"R\u00e9paration professionnelle de dommages pour caravane et camping-car","publisher":{"@id":"https:\/\/oud.caravanrepair.eu\/#organization"},"potentialAction":[{"@type":"SearchAction","target":{"@type":"EntryPoint","urlTemplate":"https:\/\/oud.caravanrepair.eu\/?s={search_term_string}"},"query-input":{"@type":"PropertyValueSpecification","valueRequired":true,"valueName":"search_term_string"}}],"inLanguage":"fr-FR"},{"@type":"Organization","@id":"https:\/\/oud.caravanrepair.eu\/#organization","name":"CaravanRepair\u00ae","url":"https:\/\/oud.caravanrepair.eu\/","logo":{"@type":"ImageObject","inLanguage":"fr-FR","@id":"https:\/\/oud.caravanrepair.eu\/#\/schema\/logo\/image\/","url":"https:\/\/oud.caravanrepair.eu\/wp-content\/uploads\/2019\/01\/logo-caravanrepair.png","contentUrl":"https:\/\/oud.caravanrepair.eu\/wp-content\/uploads\/2019\/01\/logo-caravanrepair.png","width":353,"height":150,"caption":"CaravanRepair\u00ae"},"image":{"@id":"https:\/\/oud.caravanrepair.eu\/#\/schema\/logo\/image\/"}}]}},"_links":{"self":[{"href":"https:\/\/oud.caravanrepair.eu\/fr\/wp-json\/wp\/v2\/pages\/12833","targetHints":{"allow":["GET"]}}],"collection":[{"href":"https:\/\/oud.caravanrepair.eu\/fr\/wp-json\/wp\/v2\/pages"}],"about":[{"href":"https:\/\/oud.caravanrepair.eu\/fr\/wp-json\/wp\/v2\/types\/page"}],"author":[{"embeddable":true,"href":"https:\/\/oud.caravanrepair.eu\/fr\/wp-json\/wp\/v2\/users\/3"}],"replies":[{"embeddable":true,"href":"https:\/\/oud.caravanrepair.eu\/fr\/wp-json\/wp\/v2\/comments?post=12833"}],"version-history":[{"count":0,"href":"https:\/\/oud.caravanrepair.eu\/fr\/wp-json\/wp\/v2\/pages\/12833\/revisions"}],"wp:attachment":[{"href":"https:\/\/oud.caravanrepair.eu\/fr\/wp-json\/wp\/v2\/media?parent=12833"}],"curies":[{"name":"wp","href":"https:\/\/api.w.org\/{rel}","templated":true}]}}