{"id":12885,"date":"2024-03-06T09:07:18","date_gmt":"2024-03-06T08:07:18","guid":{"rendered":"https:\/\/oud.caravanrepair.eu\/?page_id=12885"},"modified":"2025-05-08T10:21:19","modified_gmt":"2025-05-08T08:21:19","slug":"reparation-de-caravane-valence","status":"publish","type":"page","link":"https:\/\/oud.caravanrepair.eu\/fr\/caravanrepair-valencia\/","title":{"rendered":"R\u00e9paration caravane Valence"},"content":{"rendered":"<div data-elementor-type=\"wp-page\" data-elementor-id=\"12885\" class=\"elementor elementor-12885\" data-elementor-post-type=\"page\">\n\t\t\t\t\t\t<section class=\"elementor-section elementor-top-section elementor-element elementor-element-24a65cfc elementor-section-height-min-height elementor-section-content-middle elementor-section-full_width elementor-section-height-default elementor-section-items-middle\" data-id=\"24a65cfc\" data-element_type=\"section\" data-e-type=\"section\" data-settings=\"{&quot;background_background&quot;:&quot;classic&quot;}\">\n\t\t\t\t\t\t\t<div class=\"elementor-background-overlay\"><\/div>\n\t\t\t\t\t\t\t<div class=\"elementor-container elementor-column-gap-default\">\n\t\t\t\t\t<div class=\"elementor-column elementor-col-100 elementor-top-column elementor-element elementor-element-6436db68\" data-id=\"6436db68\" data-element_type=\"column\" data-e-type=\"column\">\n\t\t\t<div class=\"elementor-widget-wrap elementor-element-populated\">\n\t\t\t\t\t\t<div class=\"elementor-element elementor-element-67b07a73 elementor-widget elementor-widget-heading\" data-id=\"67b07a73\" data-element_type=\"widget\" data-e-type=\"widget\" data-widget_type=\"heading.default\">\n\t\t\t\t<div class=\"elementor-widget-container\">\n\t\t\t\t\t<h1 class=\"elementor-heading-title elementor-size-default\">R\u00e9paration caravane Valence<\/h1>\t\t\t\t<\/div>\n\t\t\t\t<\/div>\n\t\t\t\t<div class=\"elementor-element elementor-element-6e5e0389 elementor-widget elementor-widget-heading\" data-id=\"6e5e0389\" data-element_type=\"widget\" data-e-type=\"widget\" data-widget_type=\"heading.default\">\n\t\t\t\t<div class=\"elementor-widget-container\">\n\t\t\t\t\t<p class=\"elementor-heading-title elementor-size-default\"> <\/p>\t\t\t\t<\/div>\n\t\t\t\t<\/div>\n\t\t\t\t\t<\/div>\n\t\t<\/div>\n\t\t\t\t\t<\/div>\n\t\t<\/section>\n\t\t\t\t<section class=\"elementor-section elementor-top-section elementor-element elementor-element-42b7ec2d elementor-section-content-middle elementor-section-boxed elementor-section-height-default elementor-section-height-default\" data-id=\"42b7ec2d\" data-element_type=\"section\" data-e-type=\"section\">\n\t\t\t\t\t\t<div class=\"elementor-container elementor-column-gap-no\">\n\t\t\t\t\t<div class=\"elementor-column elementor-col-100 elementor-top-column elementor-element elementor-element-6ef9c8fe\" data-id=\"6ef9c8fe\" data-element_type=\"column\" data-e-type=\"column\">\n\t\t\t<div class=\"elementor-widget-wrap elementor-element-populated\">\n\t\t\t\t\t\t<div class=\"elementor-element elementor-element-9ea99ac elementor-widget elementor-widget-heading\" data-id=\"9ea99ac\" data-element_type=\"widget\" data-e-type=\"widget\" data-widget_type=\"heading.default\">\n\t\t\t\t<div class=\"elementor-widget-container\">\n\t\t\t\t\t<h2 class=\"elementor-heading-title elementor-size-default\">CaravanRepair\u00ae R\u00e9paration des dommages sur une caravane ou un camping-car r\u00e9par\u00e9 par des professionnels.<\/h2>\t\t\t\t<\/div>\n\t\t\t\t<\/div>\n\t\t\t\t\t<\/div>\n\t\t<\/div>\n\t\t\t\t\t<\/div>\n\t\t<\/section>\n\t\t\t\t<section class=\"elementor-section elementor-top-section elementor-element elementor-element-1620ead6 elementor-section-content-middle elementor-reverse-mobile elementor-section-boxed elementor-section-height-default elementor-section-height-default\" data-id=\"1620ead6\" data-element_type=\"section\" data-e-type=\"section\">\n\t\t\t\t\t\t<div class=\"elementor-container elementor-column-gap-no\">\n\t\t\t\t\t<div class=\"elementor-column elementor-col-50 elementor-top-column elementor-element elementor-element-322b9808\" data-id=\"322b9808\" data-element_type=\"column\" data-e-type=\"column\">\n\t\t\t<div class=\"elementor-widget-wrap elementor-element-populated\">\n\t\t\t\t\t\t<div class=\"elementor-element elementor-element-4c172392 elementor-widget elementor-widget-heading\" data-id=\"4c172392\" data-element_type=\"widget\" data-e-type=\"widget\" data-widget_type=\"heading.default\">\n\t\t\t\t<div class=\"elementor-widget-container\">\n\t\t\t\t\t<h3 class=\"elementor-heading-title elementor-size-default\">CaravanRepair Valence-Espagne<\/h3>\t\t\t\t<\/div>\n\t\t\t\t<\/div>\n\t\t\t\t<div class=\"elementor-element elementor-element-42dac9fc elementor-widget elementor-widget-text-editor\" data-id=\"42dac9fc\" data-element_type=\"widget\" data-e-type=\"widget\" data-widget_type=\"text-editor.default\">\n\t\t\t\t<div class=\"elementor-widget-container\">\n\t\t\t\t\t\t\t\t\t<h3>R\u00e9paration caravane Valence<\/h3><div class=\"fusion-text fusion-text-1\"><p>CaravanRepair Valencia Espagne fait partie du CaravanRepair Group Europe. Nos r\u00e9parateurs CaravanRepair sont sp\u00e9cialis\u00e9s dans la r\u00e9paration des dommages aux caravanes et camping-cars.<\/p><p>En tant qu&#039;heureux propri\u00e9taire d&#039;une caravane ou d&#039;un camping-car, vous souhaitez naturellement maintenir votre caravane ou votre camping-car dans un \u00e9tat optimal. Malheureusement, des dommages peuvent survenir en raison, par exemple, d&#039;une temp\u00eate soudaine. Dans de tels cas, il est important de savoir que vous pouvez compter sur les revendeurs du groupe CaravanRepair. Ce sont des professionnels et poss\u00e8dent beaucoup d\u2019expertise pour remettre votre caravane ou camping-car dans un \u00e9tat optimal. L&#039;un des concessionnaires Caravanrepair renomm\u00e9s de notre concessionnaire \u00e0 Valence-Espagne CaravanRepair Valencia, ils offrent des services complets pour remettre votre caravane ou votre camping-car en parfait \u00e9tat. Qu&#039;il s&#039;agisse de d\u00e9g\u00e2ts caus\u00e9s par la temp\u00eate ou d&#039;une petite bosse, de d\u00e9g\u00e2ts caus\u00e9s par la gr\u00eale ou de d\u00e9g\u00e2ts plus importants, CaravanRepair Valencia poss\u00e8de les connaissances, l&#039;exp\u00e9rience et la technologie n\u00e9cessaires pour r\u00e9soudre chaque probl\u00e8me.<\/p><p>Chez CaravanRepepair Valencia, nous comprenons que les dommages caus\u00e9s \u00e0 votre caravane ou camping-car peuvent \u00eatre tr\u00e8s ennuyeux. C&#039;est pourquoi nous faisons tout notre possible pour rendre le processus de r\u00e9paration le plus rapide possible et vous proposer une solution adapt\u00e9e \u00e0 chaque probl\u00e8me de dommage. Des dommages inattendus \u00e0 votre caravane ou votre camping-car ? <a href=\"https:\/\/oud.caravanrepair.eu\/fr\/antragsformular\/\" target=\"_blank\" rel=\"noopener\"><span style=\"text-decoration: underline;\"><em><strong>Signalez ici vos dommages sans engagement !\u00a0<\/strong><\/em><\/span><\/a><\/p><\/div><p>\u00a0<\/p>\t\t\t\t\t\t\t\t<\/div>\n\t\t\t\t<\/div>\n\t\t\t\t\t<\/div>\n\t\t<\/div>\n\t\t\t\t<div class=\"elementor-column elementor-col-50 elementor-top-column elementor-element elementor-element-669e7933\" data-id=\"669e7933\" data-element_type=\"column\" data-e-type=\"column\">\n\t\t\t<div class=\"elementor-widget-wrap elementor-element-populated\">\n\t\t\t\t\t\t<div class=\"elementor-element elementor-element-7febfb95 elementor-widget elementor-widget-image\" data-id=\"7febfb95\" data-element_type=\"widget\" data-e-type=\"widget\" data-widget_type=\"image.default\">\n\t\t\t\t<div class=\"elementor-widget-container\">\n\t\t\t\t\t\t\t\t\t\t\t\t\t\t\t<img fetchpriority=\"high\" decoding=\"async\" width=\"768\" height=\"1024\" src=\"https:\/\/oud.caravanrepair.eu\/wp-content\/uploads\/2023\/12\/20231108_143503-768x1024.jpg\" class=\"attachment-large size-large wp-image-9953\" alt=\"Enlever la bosse de la caravane\" srcset=\"https:\/\/oud.caravanrepair.eu\/wp-content\/uploads\/2023\/12\/20231108_143503-9x12.jpg 9w, https:\/\/oud.caravanrepair.eu\/wp-content\/uploads\/2023\/12\/20231108_143503-200x267.jpg 200w, https:\/\/oud.caravanrepair.eu\/wp-content\/uploads\/2023\/12\/20231108_143503-225x300.jpg 225w, https:\/\/oud.caravanrepair.eu\/wp-content\/uploads\/2023\/12\/20231108_143503-400x533.jpg 400w, https:\/\/oud.caravanrepair.eu\/wp-content\/uploads\/2023\/12\/20231108_143503-600x800.jpg 600w, https:\/\/oud.caravanrepair.eu\/wp-content\/uploads\/2023\/12\/20231108_143503-768x1024.jpg 768w, https:\/\/oud.caravanrepair.eu\/wp-content\/uploads\/2023\/12\/20231108_143503-800x1067.jpg 800w, https:\/\/oud.caravanrepair.eu\/wp-content\/uploads\/2023\/12\/20231108_143503-1152x1536.jpg 1152w, https:\/\/oud.caravanrepair.eu\/wp-content\/uploads\/2023\/12\/20231108_143503-1200x1600.jpg 1200w, https:\/\/oud.caravanrepair.eu\/wp-content\/uploads\/2023\/12\/20231108_143503-scaled-e1709714341462.jpg 1440w, https:\/\/oud.caravanrepair.eu\/wp-content\/uploads\/2023\/12\/20231108_143503-1536x2048.jpg 1536w\" sizes=\"(max-width: 768px) 100vw, 768px\" \/>\t\t\t\t\t\t\t\t\t\t\t\t\t\t\t<\/div>\n\t\t\t\t<\/div>\n\t\t\t\t\t<\/div>\n\t\t<\/div>\n\t\t\t\t\t<\/div>\n\t\t<\/section>\n\t\t\t\t<section class=\"elementor-section elementor-top-section elementor-element elementor-element-3bfa182c elementor-section-content-middle elementor-section-boxed elementor-section-height-default elementor-section-height-default\" data-id=\"3bfa182c\" data-element_type=\"section\" data-e-type=\"section\" data-settings=\"{&quot;background_background&quot;:&quot;classic&quot;}\">\n\t\t\t\t\t\t\t<div class=\"elementor-background-overlay\"><\/div>\n\t\t\t\t\t\t\t<div class=\"elementor-container elementor-column-gap-no\">\n\t\t\t\t\t<div class=\"elementor-column elementor-col-100 elementor-top-column elementor-element elementor-element-5b831336\" data-id=\"5b831336\" data-element_type=\"column\" data-e-type=\"column\">\n\t\t\t<div class=\"elementor-widget-wrap elementor-element-populated\">\n\t\t\t\t\t\t<div class=\"elementor-element elementor-element-561b82a2 elementor-widget elementor-widget-heading\" data-id=\"561b82a2\" data-element_type=\"widget\" data-e-type=\"widget\" data-widget_type=\"heading.default\">\n\t\t\t\t<div class=\"elementor-widget-container\">\n\t\t\t\t\t<h2 class=\"elementor-heading-title elementor-size-default\">Signaler un d\u00e9g\u00e2t caravane ou camping-car ?<\/h2>\t\t\t\t<\/div>\n\t\t\t\t<\/div>\n\t\t\t\t<div class=\"elementor-element elementor-element-e8044db elementor-widget elementor-widget-text-editor\" data-id=\"e8044db\" data-element_type=\"widget\" data-e-type=\"widget\" data-widget_type=\"text-editor.default\">\n\t\t\t\t<div class=\"elementor-widget-container\">\n\t\t\t\t\t\t\t\t\t<p style=\"text-align: center;\">Si votre caravane ou votre camping-car a \u00e9t\u00e9 endommag\u00e9, veuillez remplir le formulaire de dommages en ligne et nous vous contacterons.<\/p>\t\t\t\t\t\t\t\t<\/div>\n\t\t\t\t<\/div>\n\t\t\t\t<div class=\"elementor-element elementor-element-19912c9d elementor-align-center elementor-mobile-align-left elementor-widget elementor-widget-button\" data-id=\"19912c9d\" data-element_type=\"widget\" data-e-type=\"widget\" data-widget_type=\"button.default\">\n\t\t\t\t<div class=\"elementor-widget-container\">\n\t\t\t\t\t\t\t\t\t<div class=\"elementor-button-wrapper\">\n\t\t\t\t\t<a class=\"elementor-button elementor-button-link elementor-size-sm elementor-animation-grow\" href=\"https:\/\/oud.caravanrepair.eu\/fr\/antragsformular\/\">\n\t\t\t\t\t\t<span class=\"elementor-button-content-wrapper\">\n\t\t\t\t\t\t\t\t\t<span class=\"elementor-button-text\">SIGNALER LES DOMMAGES<\/span>\n\t\t\t\t\t<\/span>\n\t\t\t\t\t<\/a>\n\t\t\t\t<\/div>\n\t\t\t\t\t\t\t\t<\/div>\n\t\t\t\t<\/div>\n\t\t\t\t\t<\/div>\n\t\t<\/div>\n\t\t\t\t\t<\/div>\n\t\t<\/section>\n\t\t\t\t<section class=\"elementor-section elementor-top-section elementor-element elementor-element-3bf74406 elementor-section-full_width elementor-section-content-middle elementor-section-height-default elementor-section-height-default\" data-id=\"3bf74406\" data-element_type=\"section\" data-e-type=\"section\">\n\t\t\t\t\t\t<div class=\"elementor-container elementor-column-gap-no\">\n\t\t\t\t\t<div class=\"elementor-column elementor-col-50 elementor-top-column elementor-element elementor-element-1c4e3e13\" data-id=\"1c4e3e13\" data-element_type=\"column\" data-e-type=\"column\" data-settings=\"{&quot;background_background&quot;:&quot;classic&quot;}\">\n\t\t\t<div class=\"elementor-widget-wrap elementor-element-populated\">\n\t\t\t\t\t<div class=\"elementor-background-overlay\"><\/div>\n\t\t\t\t\t\t<div class=\"elementor-element elementor-element-7ad9c0d4 elementor-widget elementor-widget-heading\" data-id=\"7ad9c0d4\" data-element_type=\"widget\" data-e-type=\"widget\" data-widget_type=\"heading.default\">\n\t\t\t\t<div class=\"elementor-widget-container\">\n\t\t\t\t\t<h3 class=\"elementor-heading-title elementor-size-default\">R\u00e9paration caravane Valence<\/h3>\t\t\t\t<\/div>\n\t\t\t\t<\/div>\n\t\t\t\t\t<\/div>\n\t\t<\/div>\n\t\t\t\t<div class=\"elementor-column elementor-col-50 elementor-top-column elementor-element elementor-element-b58718c\" data-id=\"b58718c\" data-element_type=\"column\" data-e-type=\"column\">\n\t\t\t<div class=\"elementor-widget-wrap elementor-element-populated\">\n\t\t\t\t\t\t<div class=\"elementor-element elementor-element-5a47bf68 elementor-widget elementor-widget-text-editor\" data-id=\"5a47bf68\" data-element_type=\"widget\" data-e-type=\"widget\" data-widget_type=\"text-editor.default\">\n\t\t\t\t<div class=\"elementor-widget-container\">\n\t\t\t\t\t\t\t\t\t<h3><span style=\"caret-color: #000000; color: #000000;\">Le groupe CaravanRepair en Espagne travaille avec un r\u00e9seau de partenaires professionnels et bien form\u00e9s.<\/span><\/h3><p style=\"caret-color: #000000; color: #000000;\">CaravanRepair Valencia fait partie du groupe CaravanRepair, d\u00e9sormais actif dans 8 pays tels que : l&#039;Italie, l&#039;Espagne, l&#039;Allemagne, la France, la Pologne, la Belgique, le Luxembourg et les Pays-Bas. CaravanRepair est la plus grande cha\u00eene d&#039;experts en sinistres professionnels pour caravanes en Europe.<\/p><h3 style=\"caret-color: #000000; color: #000000;\">Pourquoi choisir CaravanRepair Valence<\/h3><ul><li style=\"caret-color: #000000; color: #000000;\"><strong>Equipe professionelle:<\/strong> Des techniciens bien form\u00e9s travaillent chez caravanRepair.<\/li><li style=\"caret-color: #000000; color: #000000;\"><strong>La qualit\u00e9 est centrale :<\/strong> nous travaillons exclusivement avec des mat\u00e9riaux de haute qualit\u00e9<\/li><li style=\"caret-color: #000000; color: #000000;\"><strong>Un ensemble de services \u00e9tendu\u00a0:<\/strong> Qu\u2019il s\u2019agisse de r\u00e9paration de peinture, de d\u00e9g\u00e2ts aux murs, de d\u00e9g\u00e2ts int\u00e9rieurs ou encore de d\u00e9g\u00e2ts caus\u00e9s par la gr\u00eale et les temp\u00eates, vous pouvez nous contacter pour tout dommage.<\/li><li style=\"caret-color: #000000; color: #000000;\">Le groupe CaravanRepair travaille avec un syst\u00e8me de r\u00e9paration brevet\u00e9 sp\u00e9cialement d\u00e9velopp\u00e9 \u00e0 cet effet et accept\u00e9 par toutes les compagnies d&#039;assurance. Tous nos sp\u00e9cialistes caravanes suivent chaque ann\u00e9e des formations sp\u00e9ciales CaravanRepair et ils sont tous certifi\u00e9s. Nous faisons cela pour continuer \u00e0 garantir notre qualit\u00e9 de cette mani\u00e8re. Une bonne formation est la meilleure garantie de qualit\u00e9<strong>.\u00a0<\/strong><\/li><\/ul>\t\t\t\t\t\t\t\t<\/div>\n\t\t\t\t<\/div>\n\t\t\t\t\t<\/div>\n\t\t<\/div>\n\t\t\t\t\t<\/div>\n\t\t<\/section>\n\t\t\t\t<section class=\"elementor-section elementor-top-section elementor-element elementor-element-62b8306d elementor-section-content-middle elementor-section-boxed elementor-section-height-default elementor-section-height-default\" data-id=\"62b8306d\" data-element_type=\"section\" data-e-type=\"section\" data-settings=\"{&quot;background_background&quot;:&quot;classic&quot;}\">\n\t\t\t\t\t\t\t<div class=\"elementor-background-overlay\"><\/div>\n\t\t\t\t\t\t\t<div class=\"elementor-container elementor-column-gap-no\">\n\t\t\t\t\t<div class=\"elementor-column elementor-col-50 elementor-top-column elementor-element elementor-element-1dffc293\" data-id=\"1dffc293\" data-element_type=\"column\" data-e-type=\"column\">\n\t\t\t<div class=\"elementor-widget-wrap elementor-element-populated\">\n\t\t\t\t\t\t<div class=\"elementor-element elementor-element-1910be4d elementor-widget elementor-widget-heading\" data-id=\"1910be4d\" data-element_type=\"widget\" data-e-type=\"widget\" data-widget_type=\"heading.default\">\n\t\t\t\t<div class=\"elementor-widget-container\">\n\t\t\t\t\t<h2 class=\"elementor-heading-title elementor-size-default\">Vous recherchez un r\u00e9parateur CaravanRepair\u00ae pr\u00e8s de chez vous ?<\/h2>\t\t\t\t<\/div>\n\t\t\t\t<\/div>\n\t\t\t\t<div class=\"elementor-element elementor-element-1420bbd0 elementor-widget elementor-widget-text-editor\" data-id=\"1420bbd0\" data-element_type=\"widget\" data-e-type=\"widget\" data-widget_type=\"text-editor.default\">\n\t\t\t\t<div class=\"elementor-widget-container\">\n\t\t\t\t\t\t\t\t\t<p>Nos r\u00e9parateurs sont actifs dans toute l\u2019Europe !<\/p>\t\t\t\t\t\t\t\t<\/div>\n\t\t\t\t<\/div>\n\t\t\t\t\t<\/div>\n\t\t<\/div>\n\t\t\t\t<div class=\"elementor-column elementor-col-50 elementor-top-column elementor-element elementor-element-43a8d6fd\" data-id=\"43a8d6fd\" data-element_type=\"column\" data-e-type=\"column\">\n\t\t\t<div class=\"elementor-widget-wrap elementor-element-populated\">\n\t\t\t\t\t\t<div class=\"elementor-element elementor-element-7ef87e33 elementor-align-center elementor-mobile-align-left elementor-widget elementor-widget-button\" data-id=\"7ef87e33\" data-element_type=\"widget\" data-e-type=\"widget\" data-widget_type=\"button.default\">\n\t\t\t\t<div class=\"elementor-widget-container\">\n\t\t\t\t\t\t\t\t\t<div class=\"elementor-button-wrapper\">\n\t\t\t\t\t<a class=\"elementor-button elementor-button-link elementor-size-sm elementor-animation-grow\" href=\"https:\/\/oud.caravanrepair.eu\/fr\/concessionnaires\/\">\n\t\t\t\t\t\t<span class=\"elementor-button-content-wrapper\">\n\t\t\t\t\t\t\t\t\t<span class=\"elementor-button-text\">Rechercher maintenant<\/span>\n\t\t\t\t\t<\/span>\n\t\t\t\t\t<\/a>\n\t\t\t\t<\/div>\n\t\t\t\t\t\t\t\t<\/div>\n\t\t\t\t<\/div>\n\t\t\t\t\t<\/div>\n\t\t<\/div>\n\t\t\t\t\t<\/div>\n\t\t<\/section>\n\t\t\t\t<\/div>","protected":false},"excerpt":{"rendered":"","protected":false},"author":3,"featured_media":0,"parent":0,"menu_order":0,"comment_status":"closed","ping_status":"closed","template":"elementor_header_footer","meta":{"footnotes":""},"class_list":["post-12885","page","type-page","status-publish","hentry"],"yoast_head":"<!-- This site is optimized with the Yoast SEO Premium plugin v27.5 (Yoast SEO v28.3) - https:\/\/yoast.com\/product\/yoast-seo-premium-wordpress\/ -->\n<title>CaravanRepair Valencia<\/title>\n<meta name=\"description\" content=\"CaravanRepair Valencia; D\u00e9 Professionele dealer voor Caravan en Camper schadeherstel in Valencia en omgeving\" \/>\n<meta name=\"robots\" content=\"noindex, follow, max-snippet:-1, max-image-preview:large, max-video-preview:-1\" \/>\n<meta property=\"og:locale\" content=\"fr_FR\" \/>\n<meta property=\"og:type\" content=\"article\" \/>\n<meta property=\"og:title\" content=\"CaravanRepair Valencia\" \/>\n<meta property=\"og:description\" content=\"CaravanRepair Valencia; D\u00e9 Professionele dealer voor Caravan en Camper schadeherstel in Valencia en omgeving\" \/>\n<meta property=\"og:url\" content=\"https:\/\/oud.caravanrepair.eu\/fr\/reparation-de-caravane-valence\/\" \/>\n<meta property=\"og:site_name\" content=\"CaravanRepair\u00ae\" \/>\n<meta property=\"article:modified_time\" content=\"2025-05-08T08:21:19+00:00\" \/>\n<meta property=\"og:image\" content=\"https:\/\/oud.caravanrepair.eu\/wp-content\/uploads\/2023\/12\/20231108_143503-scaled-e1709714341462.jpg\" \/>\n\t<meta property=\"og:image:width\" content=\"1440\" \/>\n\t<meta property=\"og:image:height\" content=\"1920\" \/>\n\t<meta property=\"og:image:type\" content=\"image\/jpeg\" \/>\n<meta name=\"twitter:card\" content=\"summary_large_image\" \/>\n<meta name=\"twitter:label1\" content=\"Dur\u00e9e de lecture estim\u00e9e\" \/>\n\t<meta name=\"twitter:data1\" content=\"3 minutes\" \/>\n<script type=\"application\/ld+json\" class=\"yoast-schema-graph\">{\"@context\":\"https:\\\/\\\/schema.org\",\"@graph\":[{\"@type\":\"WebPage\",\"@id\":\"https:\\\/\\\/oud.caravanrepair.eu\\\/caravanrepair-valencia\\\/\",\"url\":\"https:\\\/\\\/oud.caravanrepair.eu\\\/caravanrepair-valencia\\\/\",\"name\":\"CaravanRepair Valencia\",\"isPartOf\":{\"@id\":\"https:\\\/\\\/oud.caravanrepair.eu\\\/#website\"},\"primaryImageOfPage\":{\"@id\":\"https:\\\/\\\/oud.caravanrepair.eu\\\/caravanrepair-valencia\\\/#primaryimage\"},\"image\":{\"@id\":\"https:\\\/\\\/oud.caravanrepair.eu\\\/caravanrepair-valencia\\\/#primaryimage\"},\"thumbnailUrl\":\"https:\\\/\\\/oud.caravanrepair.eu\\\/wp-content\\\/uploads\\\/2023\\\/12\\\/20231108_143503-768x1024.jpg\",\"datePublished\":\"2024-03-06T08:07:18+00:00\",\"dateModified\":\"2025-05-08T08:21:19+00:00\",\"description\":\"CaravanRepair Valencia; D\u00e9 Professionele dealer voor Caravan en Camper schadeherstel in Valencia en omgeving\",\"breadcrumb\":{\"@id\":\"https:\\\/\\\/oud.caravanrepair.eu\\\/caravanrepair-valencia\\\/#breadcrumb\"},\"inLanguage\":\"fr-FR\",\"potentialAction\":[{\"@type\":\"ReadAction\",\"target\":[\"https:\\\/\\\/oud.caravanrepair.eu\\\/caravanrepair-valencia\\\/\"]}]},{\"@type\":\"ImageObject\",\"inLanguage\":\"fr-FR\",\"@id\":\"https:\\\/\\\/oud.caravanrepair.eu\\\/caravanrepair-valencia\\\/#primaryimage\",\"url\":\"https:\\\/\\\/oud.caravanrepair.eu\\\/wp-content\\\/uploads\\\/2023\\\/12\\\/20231108_143503-768x1024.jpg\",\"contentUrl\":\"https:\\\/\\\/oud.caravanrepair.eu\\\/wp-content\\\/uploads\\\/2023\\\/12\\\/20231108_143503-768x1024.jpg\"},{\"@type\":\"BreadcrumbList\",\"@id\":\"https:\\\/\\\/oud.caravanrepair.eu\\\/caravanrepair-valencia\\\/#breadcrumb\",\"itemListElement\":[{\"@type\":\"ListItem\",\"position\":1,\"name\":\"Home\",\"item\":\"https:\\\/\\\/oud.caravanrepair.eu\\\/\"},{\"@type\":\"ListItem\",\"position\":2,\"name\":\"CaravanRepair Valencia\"}]},{\"@type\":\"WebSite\",\"@id\":\"https:\\\/\\\/oud.caravanrepair.eu\\\/#website\",\"url\":\"https:\\\/\\\/oud.caravanrepair.eu\\\/\",\"name\":\"CaravanRepair\u00ae\",\"description\":\"Professioneel schadeherstel voor caravan en camper\",\"publisher\":{\"@id\":\"https:\\\/\\\/oud.caravanrepair.eu\\\/#organization\"},\"potentialAction\":[{\"@type\":\"SearchAction\",\"target\":{\"@type\":\"EntryPoint\",\"urlTemplate\":\"https:\\\/\\\/oud.caravanrepair.eu\\\/?s={search_term_string}\"},\"query-input\":{\"@type\":\"PropertyValueSpecification\",\"valueRequired\":true,\"valueName\":\"search_term_string\"}}],\"inLanguage\":\"fr-FR\"},{\"@type\":\"Organization\",\"@id\":\"https:\\\/\\\/oud.caravanrepair.eu\\\/#organization\",\"name\":\"CaravanRepair\u00ae\",\"url\":\"https:\\\/\\\/oud.caravanrepair.eu\\\/\",\"logo\":{\"@type\":\"ImageObject\",\"inLanguage\":\"fr-FR\",\"@id\":\"https:\\\/\\\/oud.caravanrepair.eu\\\/#\\\/schema\\\/logo\\\/image\\\/\",\"url\":\"https:\\\/\\\/oud.caravanrepair.eu\\\/wp-content\\\/uploads\\\/2019\\\/01\\\/logo-caravanrepair.png\",\"contentUrl\":\"https:\\\/\\\/oud.caravanrepair.eu\\\/wp-content\\\/uploads\\\/2019\\\/01\\\/logo-caravanrepair.png\",\"width\":353,\"height\":150,\"caption\":\"CaravanRepair\u00ae\"},\"image\":{\"@id\":\"https:\\\/\\\/oud.caravanrepair.eu\\\/#\\\/schema\\\/logo\\\/image\\\/\"}}]}<\/script>\n<!-- \/ Yoast SEO Premium plugin. -->","yoast_head_json":{"title":"R\u00e9paration caravane Valence","description":"CaravanRepair Valence; Le concessionnaire professionnel pour la r\u00e9paration des dommages aux caravanes et camping-cars \u00e0 Valence et ses environs","robots":{"index":"noindex","follow":"follow","max-snippet":"max-snippet:-1","max-image-preview":"max-image-preview:large","max-video-preview":"max-video-preview:-1"},"og_locale":"fr_FR","og_type":"article","og_title":"CaravanRepair Valencia","og_description":"CaravanRepair Valencia; D\u00e9 Professionele dealer voor Caravan en Camper schadeherstel in Valencia en omgeving","og_url":"https:\/\/oud.caravanrepair.eu\/fr\/reparation-de-caravane-valence\/","og_site_name":"CaravanRepair\u00ae","article_modified_time":"2025-05-08T08:21:19+00:00","og_image":[{"width":1440,"height":1920,"url":"https:\/\/oud.caravanrepair.eu\/wp-content\/uploads\/2023\/12\/20231108_143503-scaled-e1709714341462.jpg","type":"image\/jpeg"}],"twitter_card":"summary_large_image","twitter_misc":{"Dur\u00e9e de lecture estim\u00e9e":"3 minutes"},"schema":{"@context":"https:\/\/schema.org","@graph":[{"@type":"WebPage","@id":"https:\/\/oud.caravanrepair.eu\/caravanrepair-valencia\/","url":"https:\/\/oud.caravanrepair.eu\/caravanrepair-valencia\/","name":"R\u00e9paration caravane Valence","isPartOf":{"@id":"https:\/\/oud.caravanrepair.eu\/#website"},"primaryImageOfPage":{"@id":"https:\/\/oud.caravanrepair.eu\/caravanrepair-valencia\/#primaryimage"},"image":{"@id":"https:\/\/oud.caravanrepair.eu\/caravanrepair-valencia\/#primaryimage"},"thumbnailUrl":"https:\/\/oud.caravanrepair.eu\/wp-content\/uploads\/2023\/12\/20231108_143503-768x1024.jpg","datePublished":"2024-03-06T08:07:18+00:00","dateModified":"2025-05-08T08:21:19+00:00","description":"CaravanRepair Valence; Le concessionnaire professionnel pour la r\u00e9paration des dommages aux caravanes et camping-cars \u00e0 Valence et ses environs","breadcrumb":{"@id":"https:\/\/oud.caravanrepair.eu\/caravanrepair-valencia\/#breadcrumb"},"inLanguage":"fr-FR","potentialAction":[{"@type":"ReadAction","target":["https:\/\/oud.caravanrepair.eu\/caravanrepair-valencia\/"]}]},{"@type":"ImageObject","inLanguage":"fr-FR","@id":"https:\/\/oud.caravanrepair.eu\/caravanrepair-valencia\/#primaryimage","url":"https:\/\/oud.caravanrepair.eu\/wp-content\/uploads\/2023\/12\/20231108_143503-768x1024.jpg","contentUrl":"https:\/\/oud.caravanrepair.eu\/wp-content\/uploads\/2023\/12\/20231108_143503-768x1024.jpg"},{"@type":"BreadcrumbList","@id":"https:\/\/oud.caravanrepair.eu\/caravanrepair-valencia\/#breadcrumb","itemListElement":[{"@type":"ListItem","position":1,"name":"Home","item":"https:\/\/oud.caravanrepair.eu\/"},{"@type":"ListItem","position":2,"name":"CaravanRepair Valencia"}]},{"@type":"WebSite","@id":"https:\/\/oud.caravanrepair.eu\/#website","url":"https:\/\/oud.caravanrepair.eu\/","name":"CaravanRepair\u00ae","description":"R\u00e9paration professionnelle de dommages pour caravane et camping-car","publisher":{"@id":"https:\/\/oud.caravanrepair.eu\/#organization"},"potentialAction":[{"@type":"SearchAction","target":{"@type":"EntryPoint","urlTemplate":"https:\/\/oud.caravanrepair.eu\/?s={search_term_string}"},"query-input":{"@type":"PropertyValueSpecification","valueRequired":true,"valueName":"search_term_string"}}],"inLanguage":"fr-FR"},{"@type":"Organization","@id":"https:\/\/oud.caravanrepair.eu\/#organization","name":"CaravanRepair\u00ae","url":"https:\/\/oud.caravanrepair.eu\/","logo":{"@type":"ImageObject","inLanguage":"fr-FR","@id":"https:\/\/oud.caravanrepair.eu\/#\/schema\/logo\/image\/","url":"https:\/\/oud.caravanrepair.eu\/wp-content\/uploads\/2019\/01\/logo-caravanrepair.png","contentUrl":"https:\/\/oud.caravanrepair.eu\/wp-content\/uploads\/2019\/01\/logo-caravanrepair.png","width":353,"height":150,"caption":"CaravanRepair\u00ae"},"image":{"@id":"https:\/\/oud.caravanrepair.eu\/#\/schema\/logo\/image\/"}}]}},"_links":{"self":[{"href":"https:\/\/oud.caravanrepair.eu\/fr\/wp-json\/wp\/v2\/pages\/12885","targetHints":{"allow":["GET"]}}],"collection":[{"href":"https:\/\/oud.caravanrepair.eu\/fr\/wp-json\/wp\/v2\/pages"}],"about":[{"href":"https:\/\/oud.caravanrepair.eu\/fr\/wp-json\/wp\/v2\/types\/page"}],"author":[{"embeddable":true,"href":"https:\/\/oud.caravanrepair.eu\/fr\/wp-json\/wp\/v2\/users\/3"}],"replies":[{"embeddable":true,"href":"https:\/\/oud.caravanrepair.eu\/fr\/wp-json\/wp\/v2\/comments?post=12885"}],"version-history":[{"count":0,"href":"https:\/\/oud.caravanrepair.eu\/fr\/wp-json\/wp\/v2\/pages\/12885\/revisions"}],"wp:attachment":[{"href":"https:\/\/oud.caravanrepair.eu\/fr\/wp-json\/wp\/v2\/media?parent=12885"}],"curies":[{"name":"wp","href":"https:\/\/api.w.org\/{rel}","templated":true}]}}