{"id":15318,"date":"2024-08-21T14:06:50","date_gmt":"2024-08-21T12:06:50","guid":{"rendered":"https:\/\/oud.caravanrepair.eu\/?page_id=15318"},"modified":"2024-10-24T16:10:56","modified_gmt":"2024-10-24T14:10:56","slug":"eliminer-les-degats-causes-par-la-grele","status":"publish","type":"page","link":"https:\/\/oud.caravanrepair.eu\/fr\/hagelschade-uitdeuken\/","title":{"rendered":"Supprimer les d\u00e9g\u00e2ts caus\u00e9s par la gr\u00eale"},"content":{"rendered":"<div data-elementor-type=\"wp-page\" data-elementor-id=\"15318\" class=\"elementor elementor-15318\" data-elementor-post-type=\"page\">\n\t\t\t\t\t\t<section class=\"elementor-section elementor-top-section elementor-element elementor-element-3bb54828 elementor-section-height-min-height elementor-section-content-middle elementor-section-full_width elementor-section-height-default elementor-section-items-middle\" data-id=\"3bb54828\" data-element_type=\"section\" data-e-type=\"section\" data-settings=\"{&quot;background_background&quot;:&quot;classic&quot;}\">\n\t\t\t\t\t\t\t<div class=\"elementor-background-overlay\"><\/div>\n\t\t\t\t\t\t\t<div class=\"elementor-container elementor-column-gap-default\">\n\t\t\t\t\t<div class=\"elementor-column elementor-col-100 elementor-top-column elementor-element elementor-element-2c0ed954\" data-id=\"2c0ed954\" data-element_type=\"column\" data-e-type=\"column\">\n\t\t\t<div class=\"elementor-widget-wrap elementor-element-populated\">\n\t\t\t\t\t\t<div class=\"elementor-element elementor-element-2f407fcc elementor-widget elementor-widget-heading\" data-id=\"2f407fcc\" data-element_type=\"widget\" data-e-type=\"widget\" data-widget_type=\"heading.default\">\n\t\t\t\t<div class=\"elementor-widget-container\">\n\t\t\t\t\t<h1 class=\"elementor-heading-title elementor-size-default\">Supprimer les d\u00e9g\u00e2ts caus\u00e9s par la gr\u00eale<\/h1>\t\t\t\t<\/div>\n\t\t\t\t<\/div>\n\t\t\t\t<div class=\"elementor-element elementor-element-86ed47e elementor-widget elementor-widget-heading\" data-id=\"86ed47e\" data-element_type=\"widget\" data-e-type=\"widget\" data-widget_type=\"heading.default\">\n\t\t\t\t<div class=\"elementor-widget-container\">\n\t\t\t\t\t<p class=\"elementor-heading-title elementor-size-default\"> <\/p>\t\t\t\t<\/div>\n\t\t\t\t<\/div>\n\t\t\t\t\t<\/div>\n\t\t<\/div>\n\t\t\t\t\t<\/div>\n\t\t<\/section>\n\t\t\t\t<section class=\"elementor-section elementor-top-section elementor-element elementor-element-499d9511 elementor-section-content-middle elementor-section-boxed elementor-section-height-default elementor-section-height-default\" data-id=\"499d9511\" data-element_type=\"section\" data-e-type=\"section\">\n\t\t\t\t\t\t<div class=\"elementor-container elementor-column-gap-no\">\n\t\t\t\t\t<div class=\"elementor-column elementor-col-100 elementor-top-column elementor-element elementor-element-2d7df8f9\" data-id=\"2d7df8f9\" data-element_type=\"column\" data-e-type=\"column\">\n\t\t\t<div class=\"elementor-widget-wrap elementor-element-populated\">\n\t\t\t\t\t\t<div class=\"elementor-element elementor-element-5cd32cdb elementor-widget elementor-widget-heading\" data-id=\"5cd32cdb\" data-element_type=\"widget\" data-e-type=\"widget\" data-widget_type=\"heading.default\">\n\t\t\t\t<div class=\"elementor-widget-container\">\n\t\t\t\t\t<h2 class=\"elementor-heading-title elementor-size-default\">R\u00e9paration professionnelle des dommages caus\u00e9s par la gr\u00eale CaravanRepair\u00ae<\/h2>\t\t\t\t<\/div>\n\t\t\t\t<\/div>\n\t\t\t\t\t<\/div>\n\t\t<\/div>\n\t\t\t\t\t<\/div>\n\t\t<\/section>\n\t\t\t\t<section class=\"elementor-section elementor-top-section elementor-element elementor-element-5942ae9b elementor-section-content-middle elementor-reverse-mobile elementor-section-boxed elementor-section-height-default elementor-section-height-default\" data-id=\"5942ae9b\" data-element_type=\"section\" data-e-type=\"section\">\n\t\t\t\t\t\t<div class=\"elementor-container elementor-column-gap-no\">\n\t\t\t\t\t<div class=\"elementor-column elementor-col-50 elementor-top-column elementor-element elementor-element-7c1a740c\" data-id=\"7c1a740c\" data-element_type=\"column\" data-e-type=\"column\">\n\t\t\t<div class=\"elementor-widget-wrap elementor-element-populated\">\n\t\t\t\t\t\t<div class=\"elementor-element elementor-element-481995cc elementor-widget elementor-widget-heading\" data-id=\"481995cc\" data-element_type=\"widget\" data-e-type=\"widget\" data-widget_type=\"heading.default\">\n\t\t\t\t<div class=\"elementor-widget-container\">\n\t\t\t\t\t<h3 class=\"elementor-heading-title elementor-size-default\">\u00c9liminer les d\u00e9g\u00e2ts caus\u00e9s par la gr\u00eale sur les caravanes ou les camping-cars <\/h3>\t\t\t\t<\/div>\n\t\t\t\t<\/div>\n\t\t\t\t<div class=\"elementor-element elementor-element-58a7df27 elementor-widget elementor-widget-text-editor\" data-id=\"58a7df27\" data-element_type=\"widget\" data-e-type=\"widget\" data-widget_type=\"text-editor.default\">\n\t\t\t\t<div class=\"elementor-widget-container\">\n\t\t\t\t\t\t\t\t\t<h3>d\u00e9g\u00e2ts de gr\u00eale\u00a0<\/h3><p>D\u00e9bosselage caus\u00e9 par la gr\u00eale ou par la temp\u00eate sur une caravane ou un camping-car\u00a0? Les professionnels de CaravanRepair sont sp\u00e9cialis\u00e9s dans la r\u00e9paration des dommages caus\u00e9s par la gr\u00eale aux caravanes et camping-cars. Nous veillons \u00e0 ce qu&#039;il soit r\u00e9par\u00e9 professionnellement. Notre syst\u00e8me de r\u00e9paration de murs CaravanRepair High-tech garantit une r\u00e9paration professionnelle et professionnelle enti\u00e8rement invisible, avec une garantie compl\u00e8te sur les r\u00e9parations. Notre \u00e9quipe de sp\u00e9cialistes veille \u00e0 ce que la caravane ou le camping-car redevienne comme neuf.<\/p><h3>R\u00e9parer les d\u00e9g\u00e2ts caus\u00e9s par la gr\u00eale sur une caravane ou un camping-car ?<\/h3><p>Les dommages caus\u00e9s par la gr\u00eale \u00e0 votre caravane ou camping-car ne peuvent pas toujours \u00eatre \u00e9vit\u00e9s. Une journ\u00e9e ensoleill\u00e9e peut brusquement se transformer en une violente temp\u00eate de gr\u00eale, entra\u00eenant de graves dommages \u00e0 votre caravane ou camping-car. Dans de tels cas, il est conseill\u00e9 de consulter un sp\u00e9cialiste le plus t\u00f4t possible pour \u00e9tablir un aper\u00e7u des dommages et des co\u00fbts afin d&#039;\u00e9viter d&#039;\u00eatre confront\u00e9 ult\u00e9rieurement \u00e0 des co\u00fbts impr\u00e9vus. Les sp\u00e9cialistes de CaravanRepair se feront un plaisir de vous aider \u00e0 \u00e9liminer les dommages caus\u00e9s par la gr\u00eale sur votre caravane. <a href=\"https:\/\/oud.caravanrepair.eu\/fr\/concessionnaires\/\" target=\"_blank\" rel=\"noopener\">\u00a0<strong>Cliquez ici pour un sp\u00e9cialiste.<\/strong><\/a><\/p>\t\t\t\t\t\t\t\t<\/div>\n\t\t\t\t<\/div>\n\t\t\t\t\t<\/div>\n\t\t<\/div>\n\t\t\t\t<div class=\"elementor-column elementor-col-50 elementor-top-column elementor-element elementor-element-1e5a6844\" data-id=\"1e5a6844\" data-element_type=\"column\" data-e-type=\"column\">\n\t\t\t<div class=\"elementor-widget-wrap elementor-element-populated\">\n\t\t\t\t\t\t<div class=\"elementor-element elementor-element-3bc84eeb elementor-widget elementor-widget-image\" data-id=\"3bc84eeb\" data-element_type=\"widget\" data-e-type=\"widget\" data-widget_type=\"image.default\">\n\t\t\t\t<div class=\"elementor-widget-container\">\n\t\t\t\t\t\t\t\t\t\t\t\t\t\t\t<img fetchpriority=\"high\" decoding=\"async\" width=\"480\" height=\"640\" src=\"https:\/\/oud.caravanrepair.eu\/wp-content\/uploads\/2023\/09\/caravanrepair-hagelschade-camper-caravan.png\" class=\"attachment-large size-large wp-image-8141\" alt=\"R\u00e9paration de bosses de caravane\" srcset=\"https:\/\/oud.caravanrepair.eu\/wp-content\/uploads\/2023\/09\/caravanrepair-hagelschade-camper-caravan-9x12.png 9w, https:\/\/oud.caravanrepair.eu\/wp-content\/uploads\/2023\/09\/caravanrepair-hagelschade-camper-caravan-200x267.png 200w, https:\/\/oud.caravanrepair.eu\/wp-content\/uploads\/2023\/09\/caravanrepair-hagelschade-camper-caravan-225x300.png 225w, https:\/\/oud.caravanrepair.eu\/wp-content\/uploads\/2023\/09\/caravanrepair-hagelschade-camper-caravan-400x533.png 400w, https:\/\/oud.caravanrepair.eu\/wp-content\/uploads\/2023\/09\/caravanrepair-hagelschade-camper-caravan.png 480w\" sizes=\"(max-width: 480px) 100vw, 480px\" \/>\t\t\t\t\t\t\t\t\t\t\t\t\t\t\t<\/div>\n\t\t\t\t<\/div>\n\t\t\t\t\t<\/div>\n\t\t<\/div>\n\t\t\t\t\t<\/div>\n\t\t<\/section>\n\t\t\t\t<section class=\"elementor-section elementor-top-section elementor-element elementor-element-54e99255 elementor-section-content-middle elementor-section-boxed elementor-section-height-default elementor-section-height-default\" data-id=\"54e99255\" data-element_type=\"section\" data-e-type=\"section\" data-settings=\"{&quot;background_background&quot;:&quot;classic&quot;}\">\n\t\t\t\t\t\t\t<div class=\"elementor-background-overlay\"><\/div>\n\t\t\t\t\t\t\t<div class=\"elementor-container elementor-column-gap-no\">\n\t\t\t\t\t<div class=\"elementor-column elementor-col-100 elementor-top-column elementor-element elementor-element-ebd6aa0\" data-id=\"ebd6aa0\" data-element_type=\"column\" data-e-type=\"column\">\n\t\t\t<div class=\"elementor-widget-wrap elementor-element-populated\">\n\t\t\t\t\t\t<div class=\"elementor-element elementor-element-23199ab9 elementor-widget elementor-widget-heading\" data-id=\"23199ab9\" data-element_type=\"widget\" data-e-type=\"widget\" data-widget_type=\"heading.default\">\n\t\t\t\t<div class=\"elementor-widget-container\">\n\t\t\t\t\t<h2 class=\"elementor-heading-title elementor-size-default\">Signaler un d\u00e9g\u00e2t caravane ou camping-car ?<\/h2>\t\t\t\t<\/div>\n\t\t\t\t<\/div>\n\t\t\t\t<div class=\"elementor-element elementor-element-7593d638 elementor-widget elementor-widget-text-editor\" data-id=\"7593d638\" data-element_type=\"widget\" data-e-type=\"widget\" data-widget_type=\"text-editor.default\">\n\t\t\t\t<div class=\"elementor-widget-container\">\n\t\t\t\t\t\t\t\t\t<p style=\"text-align: center;\">Si votre caravane ou votre camping-car a \u00e9t\u00e9 endommag\u00e9, veuillez remplir le formulaire de dommages en ligne et nous vous contacterons.<\/p>\t\t\t\t\t\t\t\t<\/div>\n\t\t\t\t<\/div>\n\t\t\t\t<div class=\"elementor-element elementor-element-7b8d4ef4 elementor-align-center elementor-mobile-align-left elementor-widget elementor-widget-button\" data-id=\"7b8d4ef4\" data-element_type=\"widget\" data-e-type=\"widget\" data-widget_type=\"button.default\">\n\t\t\t\t<div class=\"elementor-widget-container\">\n\t\t\t\t\t\t\t\t\t<div class=\"elementor-button-wrapper\">\n\t\t\t\t\t<a class=\"elementor-button elementor-button-link elementor-size-sm elementor-animation-grow\" href=\"https:\/\/oud.caravanrepair.eu\/fr\/antragsformular\/\">\n\t\t\t\t\t\t<span class=\"elementor-button-content-wrapper\">\n\t\t\t\t\t\t\t\t\t<span class=\"elementor-button-text\">SIGNALER LES DOMMAGES<\/span>\n\t\t\t\t\t<\/span>\n\t\t\t\t\t<\/a>\n\t\t\t\t<\/div>\n\t\t\t\t\t\t\t\t<\/div>\n\t\t\t\t<\/div>\n\t\t\t\t\t<\/div>\n\t\t<\/div>\n\t\t\t\t\t<\/div>\n\t\t<\/section>\n\t\t\t\t<section class=\"elementor-section elementor-top-section elementor-element elementor-element-34d131bd elementor-section-full_width elementor-section-content-middle elementor-section-height-default elementor-section-height-default\" data-id=\"34d131bd\" data-element_type=\"section\" data-e-type=\"section\">\n\t\t\t\t\t\t<div class=\"elementor-container elementor-column-gap-no\">\n\t\t\t\t\t<div class=\"elementor-column elementor-col-50 elementor-top-column elementor-element elementor-element-6b0d221c\" data-id=\"6b0d221c\" data-element_type=\"column\" data-e-type=\"column\" data-settings=\"{&quot;background_background&quot;:&quot;classic&quot;}\">\n\t\t\t<div class=\"elementor-widget-wrap elementor-element-populated\">\n\t\t\t\t\t<div class=\"elementor-background-overlay\"><\/div>\n\t\t\t\t\t\t<div class=\"elementor-element elementor-element-51a733e7 elementor-widget elementor-widget-heading\" data-id=\"51a733e7\" data-element_type=\"widget\" data-e-type=\"widget\" data-widget_type=\"heading.default\">\n\t\t\t\t<div class=\"elementor-widget-container\">\n\t\t\t\t\t<h3 class=\"elementor-heading-title elementor-size-default\">Supprimer les d\u00e9g\u00e2ts caus\u00e9s par la gr\u00eale<\/h3>\t\t\t\t<\/div>\n\t\t\t\t<\/div>\n\t\t\t\t\t<\/div>\n\t\t<\/div>\n\t\t\t\t<div class=\"elementor-column elementor-col-50 elementor-top-column elementor-element elementor-element-2c7d0d31\" data-id=\"2c7d0d31\" data-element_type=\"column\" data-e-type=\"column\">\n\t\t\t<div class=\"elementor-widget-wrap elementor-element-populated\">\n\t\t\t\t\t\t<div class=\"elementor-element elementor-element-7cb7e10f elementor-widget elementor-widget-text-editor\" data-id=\"7cb7e10f\" data-element_type=\"widget\" data-e-type=\"widget\" data-widget_type=\"text-editor.default\">\n\t\t\t\t<div class=\"elementor-widget-container\">\n\t\t\t\t\t\t\t\t\t<h3>Co\u00fbts de d\u00e9bosselage suite \u00e0 des dommages caus\u00e9s par la gr\u00eale<\/h3><p>Retirer les bosses caus\u00e9es par la gr\u00eale peut \u00eatre assez co\u00fbteux. Chez CaravanRepair Group, nous comprenons cela et travaillons avec vous pour trouver la meilleure solution, tant financi\u00e8rement que techniquement, et nous essayons de trouver la meilleure solution pour \u00e9liminer les dommages caus\u00e9s par la gr\u00eale sur votre caravane. De cette fa\u00e7on, nous gardons tout g\u00e9rable et les co\u00fbts sous contr\u00f4le sans avoir \u00e0 faire de compromis sur la qualit\u00e9. Prenez imm\u00e9diatement rendez-vous pour la r\u00e9paration des d\u00e9g\u00e2ts caus\u00e9s par la gr\u00eale et \u00e9vitez une perte de valeur en faisant r\u00e9parer imm\u00e9diatement votre caravane par un professionnel. Nous sommes sp\u00e9cialis\u00e9s dans toutes les techniques de r\u00e9paration modernes et sommes form\u00e9s chaque ann\u00e9e.<\/p>\t\t\t\t\t\t\t\t<\/div>\n\t\t\t\t<\/div>\n\t\t\t\t\t<\/div>\n\t\t<\/div>\n\t\t\t\t\t<\/div>\n\t\t<\/section>\n\t\t\t\t<section class=\"elementor-section elementor-top-section elementor-element elementor-element-3bf886c9 elementor-section-content-middle elementor-section-boxed elementor-section-height-default elementor-section-height-default\" data-id=\"3bf886c9\" data-element_type=\"section\" data-e-type=\"section\" data-settings=\"{&quot;background_background&quot;:&quot;classic&quot;}\">\n\t\t\t\t\t\t\t<div class=\"elementor-background-overlay\"><\/div>\n\t\t\t\t\t\t\t<div class=\"elementor-container elementor-column-gap-no\">\n\t\t\t\t\t<div class=\"elementor-column elementor-col-50 elementor-top-column elementor-element elementor-element-f781cee\" data-id=\"f781cee\" data-element_type=\"column\" data-e-type=\"column\">\n\t\t\t<div class=\"elementor-widget-wrap elementor-element-populated\">\n\t\t\t\t\t\t<div class=\"elementor-element elementor-element-17fccc70 elementor-widget elementor-widget-heading\" data-id=\"17fccc70\" data-element_type=\"widget\" data-e-type=\"widget\" data-widget_type=\"heading.default\">\n\t\t\t\t<div class=\"elementor-widget-container\">\n\t\t\t\t\t<h2 class=\"elementor-heading-title elementor-size-default\">Vous recherchez un r\u00e9parateur CaravanRepair\u00ae pr\u00e8s de chez vous ?<\/h2>\t\t\t\t<\/div>\n\t\t\t\t<\/div>\n\t\t\t\t<div class=\"elementor-element elementor-element-5b7c13dc elementor-widget elementor-widget-text-editor\" data-id=\"5b7c13dc\" data-element_type=\"widget\" data-e-type=\"widget\" data-widget_type=\"text-editor.default\">\n\t\t\t\t<div class=\"elementor-widget-container\">\n\t\t\t\t\t\t\t\t\t<p>Nos r\u00e9parateurs sont actifs dans toute l\u2019Europe !<\/p>\t\t\t\t\t\t\t\t<\/div>\n\t\t\t\t<\/div>\n\t\t\t\t\t<\/div>\n\t\t<\/div>\n\t\t\t\t<div class=\"elementor-column elementor-col-50 elementor-top-column elementor-element elementor-element-6721135f\" data-id=\"6721135f\" data-element_type=\"column\" data-e-type=\"column\">\n\t\t\t<div class=\"elementor-widget-wrap elementor-element-populated\">\n\t\t\t\t\t\t<div class=\"elementor-element elementor-element-20be11ee elementor-align-center elementor-mobile-align-left elementor-widget elementor-widget-button\" data-id=\"20be11ee\" data-element_type=\"widget\" data-e-type=\"widget\" data-widget_type=\"button.default\">\n\t\t\t\t<div class=\"elementor-widget-container\">\n\t\t\t\t\t\t\t\t\t<div class=\"elementor-button-wrapper\">\n\t\t\t\t\t<a class=\"elementor-button elementor-button-link elementor-size-sm elementor-animation-grow\" href=\"https:\/\/oud.caravanrepair.eu\/fr\/concessionnaires\/\">\n\t\t\t\t\t\t<span class=\"elementor-button-content-wrapper\">\n\t\t\t\t\t\t\t\t\t<span class=\"elementor-button-text\">Rechercher maintenant<\/span>\n\t\t\t\t\t<\/span>\n\t\t\t\t\t<\/a>\n\t\t\t\t<\/div>\n\t\t\t\t\t\t\t\t<\/div>\n\t\t\t\t<\/div>\n\t\t\t\t\t<\/div>\n\t\t<\/div>\n\t\t\t\t\t<\/div>\n\t\t<\/section>\n\t\t\t\t<\/div>","protected":false},"excerpt":{"rendered":"<p>Dommages caus\u00e9s par la gr\u00eale CaravanRepair\u00ae r\u00e9paration professionnelle des dommages caus\u00e9s par la gr\u00eale Dommages caus\u00e9s par la gr\u00eale aux caravanes ou aux camping-cars Dommages caus\u00e9s par la gr\u00eale Dommages caus\u00e9s par la gr\u00eale ou par la temp\u00eate aux caravanes ou aux camping-cars<\/p>","protected":false},"author":3,"featured_media":0,"parent":0,"menu_order":0,"comment_status":"closed","ping_status":"closed","template":"elementor_header_footer","meta":{"footnotes":""},"class_list":["post-15318","page","type-page","status-publish","hentry","pagina_tag-caravan"],"yoast_head":"<!-- This site is optimized with the Yoast SEO Premium plugin v27.5 (Yoast SEO v28.3) - https:\/\/yoast.com\/product\/yoast-seo-premium-wordpress\/ -->\n<title>Hagelschade uitdeuken - CaravanRepair voor vakkundige reparatie<\/title>\n<meta name=\"description\" content=\"Professioneel hagelschade uitdeuken voor uw caravan of camper. CaravanRepair zorgt voor vakkundig herstel met garantie op de reparaties.\" \/>\n<meta name=\"robots\" content=\"noindex, follow, max-snippet:-1, max-image-preview:large, max-video-preview:-1\" \/>\n<meta property=\"og:locale\" content=\"fr_FR\" \/>\n<meta property=\"og:type\" content=\"article\" \/>\n<meta property=\"og:title\" content=\"Hagelschade uitdeuken\" \/>\n<meta property=\"og:description\" content=\"Professioneel hagelschade uitdeuken voor uw caravan of camper. CaravanRepair zorgt voor vakkundig herstel met garantie op de reparaties.\" \/>\n<meta property=\"og:url\" content=\"https:\/\/oud.caravanrepair.eu\/fr\/eliminer-les-degats-causes-par-la-grele\/\" \/>\n<meta property=\"og:site_name\" content=\"CaravanRepair\u00ae\" \/>\n<meta property=\"article:modified_time\" content=\"2024-10-24T14:10:56+00:00\" \/>\n<meta property=\"og:image\" content=\"https:\/\/oud.caravanrepair.eu\/wp-content\/uploads\/2023\/09\/caravanrepair-hagelschade-camper-caravan.png\" \/>\n\t<meta property=\"og:image:width\" content=\"480\" \/>\n\t<meta property=\"og:image:height\" content=\"640\" \/>\n\t<meta property=\"og:image:type\" content=\"image\/png\" \/>\n<meta name=\"twitter:card\" content=\"summary_large_image\" \/>\n<meta name=\"twitter:label1\" content=\"Dur\u00e9e de lecture estim\u00e9e\" \/>\n\t<meta name=\"twitter:data1\" content=\"2 minutes\" \/>\n<script type=\"application\/ld+json\" class=\"yoast-schema-graph\">{\"@context\":\"https:\\\/\\\/schema.org\",\"@graph\":[{\"@type\":\"WebPage\",\"@id\":\"https:\\\/\\\/oud.caravanrepair.eu\\\/hagelschade-uitdeuken\\\/\",\"url\":\"https:\\\/\\\/oud.caravanrepair.eu\\\/hagelschade-uitdeuken\\\/\",\"name\":\"Hagelschade uitdeuken - CaravanRepair voor vakkundige reparatie\",\"isPartOf\":{\"@id\":\"https:\\\/\\\/oud.caravanrepair.eu\\\/#website\"},\"primaryImageOfPage\":{\"@id\":\"https:\\\/\\\/oud.caravanrepair.eu\\\/hagelschade-uitdeuken\\\/#primaryimage\"},\"image\":{\"@id\":\"https:\\\/\\\/oud.caravanrepair.eu\\\/hagelschade-uitdeuken\\\/#primaryimage\"},\"thumbnailUrl\":\"https:\\\/\\\/oud.caravanrepair.eu\\\/wp-content\\\/uploads\\\/2023\\\/09\\\/caravanrepair-hagelschade-camper-caravan.png\",\"datePublished\":\"2024-08-21T12:06:50+00:00\",\"dateModified\":\"2024-10-24T14:10:56+00:00\",\"description\":\"Professioneel hagelschade uitdeuken voor uw caravan of camper. CaravanRepair zorgt voor vakkundig herstel met garantie op de reparaties.\",\"breadcrumb\":{\"@id\":\"https:\\\/\\\/oud.caravanrepair.eu\\\/hagelschade-uitdeuken\\\/#breadcrumb\"},\"inLanguage\":\"fr-FR\",\"potentialAction\":[{\"@type\":\"ReadAction\",\"target\":[\"https:\\\/\\\/oud.caravanrepair.eu\\\/hagelschade-uitdeuken\\\/\"]}]},{\"@type\":\"ImageObject\",\"inLanguage\":\"fr-FR\",\"@id\":\"https:\\\/\\\/oud.caravanrepair.eu\\\/hagelschade-uitdeuken\\\/#primaryimage\",\"url\":\"https:\\\/\\\/oud.caravanrepair.eu\\\/wp-content\\\/uploads\\\/2023\\\/09\\\/caravanrepair-hagelschade-camper-caravan.png\",\"contentUrl\":\"https:\\\/\\\/oud.caravanrepair.eu\\\/wp-content\\\/uploads\\\/2023\\\/09\\\/caravanrepair-hagelschade-camper-caravan.png\"},{\"@type\":\"BreadcrumbList\",\"@id\":\"https:\\\/\\\/oud.caravanrepair.eu\\\/hagelschade-uitdeuken\\\/#breadcrumb\",\"itemListElement\":[{\"@type\":\"ListItem\",\"position\":1,\"name\":\"Home\",\"item\":\"https:\\\/\\\/oud.caravanrepair.eu\\\/\"},{\"@type\":\"ListItem\",\"position\":2,\"name\":\"Hagelschade uitdeuken\"}]},{\"@type\":\"WebSite\",\"@id\":\"https:\\\/\\\/oud.caravanrepair.eu\\\/#website\",\"url\":\"https:\\\/\\\/oud.caravanrepair.eu\\\/\",\"name\":\"CaravanRepair\u00ae\",\"description\":\"Professioneel schadeherstel voor caravan en camper\",\"publisher\":{\"@id\":\"https:\\\/\\\/oud.caravanrepair.eu\\\/#organization\"},\"potentialAction\":[{\"@type\":\"SearchAction\",\"target\":{\"@type\":\"EntryPoint\",\"urlTemplate\":\"https:\\\/\\\/oud.caravanrepair.eu\\\/?s={search_term_string}\"},\"query-input\":{\"@type\":\"PropertyValueSpecification\",\"valueRequired\":true,\"valueName\":\"search_term_string\"}}],\"inLanguage\":\"fr-FR\"},{\"@type\":\"Organization\",\"@id\":\"https:\\\/\\\/oud.caravanrepair.eu\\\/#organization\",\"name\":\"CaravanRepair\u00ae\",\"url\":\"https:\\\/\\\/oud.caravanrepair.eu\\\/\",\"logo\":{\"@type\":\"ImageObject\",\"inLanguage\":\"fr-FR\",\"@id\":\"https:\\\/\\\/oud.caravanrepair.eu\\\/#\\\/schema\\\/logo\\\/image\\\/\",\"url\":\"https:\\\/\\\/oud.caravanrepair.eu\\\/wp-content\\\/uploads\\\/2019\\\/01\\\/logo-caravanrepair.png\",\"contentUrl\":\"https:\\\/\\\/oud.caravanrepair.eu\\\/wp-content\\\/uploads\\\/2019\\\/01\\\/logo-caravanrepair.png\",\"width\":353,\"height\":150,\"caption\":\"CaravanRepair\u00ae\"},\"image\":{\"@id\":\"https:\\\/\\\/oud.caravanrepair.eu\\\/#\\\/schema\\\/logo\\\/image\\\/\"}}]}<\/script>\n<!-- \/ Yoast SEO Premium plugin. -->","yoast_head_json":{"title":"\u00c9liminer les d\u00e9g\u00e2ts caus\u00e9s par la gr\u00eale - CaravanRepair pour des r\u00e9parations professionnelles","description":"D\u00e9bosselage professionnel endommag\u00e9 par la gr\u00eale pour votre caravane ou camping-car. CaravanRepair propose des r\u00e9parations professionnelles avec une garantie sur les r\u00e9parations.","robots":{"index":"noindex","follow":"follow","max-snippet":"max-snippet:-1","max-image-preview":"max-image-preview:large","max-video-preview":"max-video-preview:-1"},"og_locale":"fr_FR","og_type":"article","og_title":"Hagelschade uitdeuken","og_description":"Professioneel hagelschade uitdeuken voor uw caravan of camper. CaravanRepair zorgt voor vakkundig herstel met garantie op de reparaties.","og_url":"https:\/\/oud.caravanrepair.eu\/fr\/eliminer-les-degats-causes-par-la-grele\/","og_site_name":"CaravanRepair\u00ae","article_modified_time":"2024-10-24T14:10:56+00:00","og_image":[{"width":480,"height":640,"url":"https:\/\/oud.caravanrepair.eu\/wp-content\/uploads\/2023\/09\/caravanrepair-hagelschade-camper-caravan.png","type":"image\/png"}],"twitter_card":"summary_large_image","twitter_misc":{"Dur\u00e9e de lecture estim\u00e9e":"2 minutes"},"schema":{"@context":"https:\/\/schema.org","@graph":[{"@type":"WebPage","@id":"https:\/\/oud.caravanrepair.eu\/hagelschade-uitdeuken\/","url":"https:\/\/oud.caravanrepair.eu\/hagelschade-uitdeuken\/","name":"\u00c9liminer les d\u00e9g\u00e2ts caus\u00e9s par la gr\u00eale - CaravanRepair pour des r\u00e9parations professionnelles","isPartOf":{"@id":"https:\/\/oud.caravanrepair.eu\/#website"},"primaryImageOfPage":{"@id":"https:\/\/oud.caravanrepair.eu\/hagelschade-uitdeuken\/#primaryimage"},"image":{"@id":"https:\/\/oud.caravanrepair.eu\/hagelschade-uitdeuken\/#primaryimage"},"thumbnailUrl":"https:\/\/oud.caravanrepair.eu\/wp-content\/uploads\/2023\/09\/caravanrepair-hagelschade-camper-caravan.png","datePublished":"2024-08-21T12:06:50+00:00","dateModified":"2024-10-24T14:10:56+00:00","description":"D\u00e9bosselage professionnel endommag\u00e9 par la gr\u00eale pour votre caravane ou camping-car. CaravanRepair propose des r\u00e9parations professionnelles avec une garantie sur les r\u00e9parations.","breadcrumb":{"@id":"https:\/\/oud.caravanrepair.eu\/hagelschade-uitdeuken\/#breadcrumb"},"inLanguage":"fr-FR","potentialAction":[{"@type":"ReadAction","target":["https:\/\/oud.caravanrepair.eu\/hagelschade-uitdeuken\/"]}]},{"@type":"ImageObject","inLanguage":"fr-FR","@id":"https:\/\/oud.caravanrepair.eu\/hagelschade-uitdeuken\/#primaryimage","url":"https:\/\/oud.caravanrepair.eu\/wp-content\/uploads\/2023\/09\/caravanrepair-hagelschade-camper-caravan.png","contentUrl":"https:\/\/oud.caravanrepair.eu\/wp-content\/uploads\/2023\/09\/caravanrepair-hagelschade-camper-caravan.png"},{"@type":"BreadcrumbList","@id":"https:\/\/oud.caravanrepair.eu\/hagelschade-uitdeuken\/#breadcrumb","itemListElement":[{"@type":"ListItem","position":1,"name":"Home","item":"https:\/\/oud.caravanrepair.eu\/"},{"@type":"ListItem","position":2,"name":"Hagelschade uitdeuken"}]},{"@type":"WebSite","@id":"https:\/\/oud.caravanrepair.eu\/#website","url":"https:\/\/oud.caravanrepair.eu\/","name":"CaravanRepair\u00ae","description":"R\u00e9paration professionnelle de dommages pour caravane et camping-car","publisher":{"@id":"https:\/\/oud.caravanrepair.eu\/#organization"},"potentialAction":[{"@type":"SearchAction","target":{"@type":"EntryPoint","urlTemplate":"https:\/\/oud.caravanrepair.eu\/?s={search_term_string}"},"query-input":{"@type":"PropertyValueSpecification","valueRequired":true,"valueName":"search_term_string"}}],"inLanguage":"fr-FR"},{"@type":"Organization","@id":"https:\/\/oud.caravanrepair.eu\/#organization","name":"CaravanRepair\u00ae","url":"https:\/\/oud.caravanrepair.eu\/","logo":{"@type":"ImageObject","inLanguage":"fr-FR","@id":"https:\/\/oud.caravanrepair.eu\/#\/schema\/logo\/image\/","url":"https:\/\/oud.caravanrepair.eu\/wp-content\/uploads\/2019\/01\/logo-caravanrepair.png","contentUrl":"https:\/\/oud.caravanrepair.eu\/wp-content\/uploads\/2019\/01\/logo-caravanrepair.png","width":353,"height":150,"caption":"CaravanRepair\u00ae"},"image":{"@id":"https:\/\/oud.caravanrepair.eu\/#\/schema\/logo\/image\/"}}]}},"_links":{"self":[{"href":"https:\/\/oud.caravanrepair.eu\/fr\/wp-json\/wp\/v2\/pages\/15318","targetHints":{"allow":["GET"]}}],"collection":[{"href":"https:\/\/oud.caravanrepair.eu\/fr\/wp-json\/wp\/v2\/pages"}],"about":[{"href":"https:\/\/oud.caravanrepair.eu\/fr\/wp-json\/wp\/v2\/types\/page"}],"author":[{"embeddable":true,"href":"https:\/\/oud.caravanrepair.eu\/fr\/wp-json\/wp\/v2\/users\/3"}],"replies":[{"embeddable":true,"href":"https:\/\/oud.caravanrepair.eu\/fr\/wp-json\/wp\/v2\/comments?post=15318"}],"version-history":[{"count":0,"href":"https:\/\/oud.caravanrepair.eu\/fr\/wp-json\/wp\/v2\/pages\/15318\/revisions"}],"wp:attachment":[{"href":"https:\/\/oud.caravanrepair.eu\/fr\/wp-json\/wp\/v2\/media?parent=15318"}],"curies":[{"name":"wp","href":"https:\/\/api.w.org\/{rel}","templated":true}]}}