{"id":18829,"date":"2025-01-13T09:44:51","date_gmt":"2025-01-13T08:44:51","guid":{"rendered":"https:\/\/oud.caravanrepair.eu\/?page_id=18829"},"modified":"2025-01-13T10:15:13","modified_gmt":"2025-01-13T09:15:13","slug":"caravane-dommage-ede","status":"publish","type":"page","link":"https:\/\/oud.caravanrepair.eu\/fr\/caravan-schade-ede\/","title":{"rendered":"Caravane endommag\u00e9e Ede"},"content":{"rendered":"<div data-elementor-type=\"wp-page\" data-elementor-id=\"18829\" class=\"elementor elementor-18829\" data-elementor-post-type=\"page\">\n\t\t\t\t\t\t<section class=\"elementor-section elementor-top-section elementor-element elementor-element-3666f9ee elementor-section-height-min-height elementor-section-content-middle elementor-section-full_width elementor-section-height-default elementor-section-items-middle\" data-id=\"3666f9ee\" data-element_type=\"section\" data-e-type=\"section\" data-settings=\"{&quot;background_background&quot;:&quot;classic&quot;}\">\n\t\t\t\t\t\t\t<div class=\"elementor-background-overlay\"><\/div>\n\t\t\t\t\t\t\t<div class=\"elementor-container elementor-column-gap-default\">\n\t\t\t\t\t<div class=\"elementor-column elementor-col-100 elementor-top-column elementor-element elementor-element-73689553\" data-id=\"73689553\" data-element_type=\"column\" data-e-type=\"column\">\n\t\t\t<div class=\"elementor-widget-wrap elementor-element-populated\">\n\t\t\t\t\t\t<div class=\"elementor-element elementor-element-28813be7 elementor-widget elementor-widget-heading\" data-id=\"28813be7\" data-element_type=\"widget\" data-e-type=\"widget\" data-widget_type=\"heading.default\">\n\t\t\t\t<div class=\"elementor-widget-container\">\n\t\t\t\t\t<h1 class=\"elementor-heading-title elementor-size-default\">Caravane endommag\u00e9e Ede<\/h1>\t\t\t\t<\/div>\n\t\t\t\t<\/div>\n\t\t\t\t<div class=\"elementor-element elementor-element-638ee686 elementor-widget elementor-widget-heading\" data-id=\"638ee686\" data-element_type=\"widget\" data-e-type=\"widget\" data-widget_type=\"heading.default\">\n\t\t\t\t<div class=\"elementor-widget-container\">\n\t\t\t\t\t<p class=\"elementor-heading-title elementor-size-default\"> <\/p>\t\t\t\t<\/div>\n\t\t\t\t<\/div>\n\t\t\t\t\t<\/div>\n\t\t<\/div>\n\t\t\t\t\t<\/div>\n\t\t<\/section>\n\t\t\t\t<section class=\"elementor-section elementor-top-section elementor-element elementor-element-57699d61 elementor-section-content-middle elementor-section-boxed elementor-section-height-default elementor-section-height-default\" data-id=\"57699d61\" data-element_type=\"section\" data-e-type=\"section\">\n\t\t\t\t\t\t<div class=\"elementor-container elementor-column-gap-no\">\n\t\t\t\t\t<div class=\"elementor-column elementor-col-100 elementor-top-column elementor-element elementor-element-5d53b3a8\" data-id=\"5d53b3a8\" data-element_type=\"column\" data-e-type=\"column\">\n\t\t\t<div class=\"elementor-widget-wrap elementor-element-populated\">\n\t\t\t\t\t\t<div class=\"elementor-element elementor-element-4a1d34b9 elementor-widget elementor-widget-heading\" data-id=\"4a1d34b9\" data-element_type=\"widget\" data-e-type=\"widget\" data-widget_type=\"heading.default\">\n\t\t\t\t<div class=\"elementor-widget-container\">\n\t\t\t\t\t<h2 class=\"elementor-heading-title elementor-size-default\">R\u00e9parations professionnelles pour votre caravane chez Caravan Damage Ede<\/h2>\t\t\t\t<\/div>\n\t\t\t\t<\/div>\n\t\t\t\t\t<\/div>\n\t\t<\/div>\n\t\t\t\t\t<\/div>\n\t\t<\/section>\n\t\t\t\t<section class=\"elementor-section elementor-top-section elementor-element elementor-element-224646e0 elementor-section-content-middle elementor-reverse-mobile elementor-section-boxed elementor-section-height-default elementor-section-height-default\" data-id=\"224646e0\" data-element_type=\"section\" data-e-type=\"section\">\n\t\t\t\t\t\t<div class=\"elementor-container elementor-column-gap-no\">\n\t\t\t\t\t<div class=\"elementor-column elementor-col-50 elementor-top-column elementor-element elementor-element-5e681095\" data-id=\"5e681095\" data-element_type=\"column\" data-e-type=\"column\">\n\t\t\t<div class=\"elementor-widget-wrap elementor-element-populated\">\n\t\t\t\t\t\t<div class=\"elementor-element elementor-element-341c7cab elementor-widget elementor-widget-heading\" data-id=\"341c7cab\" data-element_type=\"widget\" data-e-type=\"widget\" data-widget_type=\"heading.default\">\n\t\t\t\t<div class=\"elementor-widget-container\">\n\t\t\t\t\t<h3 class=\"elementor-heading-title elementor-size-default\">Groupe CaravanRepair\u00ae<\/h3>\t\t\t\t<\/div>\n\t\t\t\t<\/div>\n\t\t\t\t<div class=\"elementor-element elementor-element-53f332a9 elementor-widget elementor-widget-text-editor\" data-id=\"53f332a9\" data-element_type=\"widget\" data-e-type=\"widget\" data-widget_type=\"text-editor.default\">\n\t\t\t\t<div class=\"elementor-widget-container\">\n\t\t\t\t\t\t\t\t\t<h3 style=\"font-weight: 400;\"><strong>D\u00e9g\u00e2ts sur une caravane \u00e0 Ede \u2013 CaravanRepair<\/strong><\/h3><p style=\"font-weight: 400;\">D\u00e9g\u00e2ts sur la caravane \u00e0 Ede ? Vous recherchez un sp\u00e9cialiste fiable pour la r\u00e9paration des dommages aux caravanes \u00e0 Ede ? Abeille <strong>R\u00e9paration de caravanes \u00e0 Ede <\/strong>nous sommes pr\u00eats \u00e0 r\u00e9parer votre caravane rapidement et professionnellement. Qu&#039;il s&#039;agisse d&#039;une petite bosse, d&#039;un dommage important \u00e0 l&#039;ext\u00e9rieur ou d&#039;un dommage \u00e0 l&#039;int\u00e9rieur de votre caravane, notre \u00e9quipe exp\u00e9riment\u00e9e veillera \u00e0 ce que votre caravane soit \u00e0 nouveau en parfait \u00e9tat.<\/p><h3 style=\"font-weight: 400;\"><strong>Nos services:<\/strong><\/h3><ul style=\"font-weight: 400;\"><li><strong>R\u00e9paration des dommages caus\u00e9s \u00e0 la caravane<\/strong><br \/>Des petites rayures aux grosses bosses, nous r\u00e9parons les dommages \u00e0 l&#039;ext\u00e9rieur de votre caravane pour qu&#039;elle retrouve son aspect neuf.<\/li><li><strong>R\u00e9parations int\u00e9rieures<\/strong><br \/>Votre caravane pr\u00e9sente des dommages \u00e0 l&#039;int\u00e9rieur, tels que des rev\u00eatements d\u00e9chir\u00e9s, des meubles cass\u00e9s ou des fuites ? Nous le r\u00e9soudrons pour vous rapidement et professionnellement.<\/li><li><strong>Restauration des d\u00e9g\u00e2ts d&#039;eau<\/strong><br \/>Les fuites peuvent provoquer des d\u00e9g\u00e2ts d&#039;eau, souvent dans le mur ou le toit de la caravane. Nous effectuons les r\u00e9parations et veillons \u00e0 ce que la caravane soit \u00e0 nouveau \u00e9tanche.<\/li><li><strong>R\u00e9paration des dommages caus\u00e9s par la gr\u00eale<\/strong><br \/>Une forte gr\u00eale peut causer de graves dommages aux parois ext\u00e9rieures de votre caravane. Nous r\u00e9parons les dommages caus\u00e9s par la gr\u00eale rapidement et sans affecter la valeur de votre caravane.<\/li><li><strong>R\u00e9parations compl\u00e8tes<\/strong><br \/>Chez Caravan Damage Ede, vous pouvez opter pour tous les types de dommages, grands ou petits, nous proposons des services de r\u00e9paration complets. Des dommages caus\u00e9s par un accident \u00e0 l&#039;usure due \u00e0 des ann\u00e9es d&#039;utilisation, votre caravane est entre de bonnes mains avec nous.<\/li><\/ul><p style=\"font-weight: 400;\">\u00a0<\/p>\t\t\t\t\t\t\t\t<\/div>\n\t\t\t\t<\/div>\n\t\t\t\t\t<\/div>\n\t\t<\/div>\n\t\t\t\t<div class=\"elementor-column elementor-col-50 elementor-top-column elementor-element elementor-element-77c0794c\" data-id=\"77c0794c\" data-element_type=\"column\" data-e-type=\"column\">\n\t\t\t<div class=\"elementor-widget-wrap elementor-element-populated\">\n\t\t\t\t\t\t<div class=\"elementor-element elementor-element-241cb7ce elementor-widget elementor-widget-image\" data-id=\"241cb7ce\" data-element_type=\"widget\" data-e-type=\"widget\" data-widget_type=\"image.default\">\n\t\t\t\t<div class=\"elementor-widget-container\">\n\t\t\t\t\t\t\t\t\t\t\t\t\t\t\t<img fetchpriority=\"high\" decoding=\"async\" width=\"1024\" height=\"1024\" src=\"https:\/\/oud.caravanrepair.eu\/wp-content\/uploads\/2024\/09\/Unknown-1024x1024.jpeg\" class=\"attachment-large size-large wp-image-16304\" alt=\"Page d&#039;accueil de CaravanRepair\" srcset=\"https:\/\/oud.caravanrepair.eu\/wp-content\/uploads\/2024\/09\/Unknown-12x12.jpeg 12w, https:\/\/oud.caravanrepair.eu\/wp-content\/uploads\/2024\/09\/Unknown-66x66.jpeg 66w, https:\/\/oud.caravanrepair.eu\/wp-content\/uploads\/2024\/09\/Unknown-150x150.jpeg 150w, https:\/\/oud.caravanrepair.eu\/wp-content\/uploads\/2024\/09\/Unknown-200x200.jpeg 200w, https:\/\/oud.caravanrepair.eu\/wp-content\/uploads\/2024\/09\/Unknown-300x300.jpeg 300w, https:\/\/oud.caravanrepair.eu\/wp-content\/uploads\/2024\/09\/Unknown-400x400.jpeg 400w, https:\/\/oud.caravanrepair.eu\/wp-content\/uploads\/2024\/09\/Unknown-600x600.jpeg 600w, https:\/\/oud.caravanrepair.eu\/wp-content\/uploads\/2024\/09\/Unknown-768x768.jpeg 768w, https:\/\/oud.caravanrepair.eu\/wp-content\/uploads\/2024\/09\/Unknown-800x800.jpeg 800w, https:\/\/oud.caravanrepair.eu\/wp-content\/uploads\/2024\/09\/Unknown-1024x1024.jpeg 1024w, https:\/\/oud.caravanrepair.eu\/wp-content\/uploads\/2024\/09\/Unknown-1200x1200.jpeg 1200w, https:\/\/oud.caravanrepair.eu\/wp-content\/uploads\/2024\/09\/Unknown-1536x1536.jpeg 1536w, https:\/\/oud.caravanrepair.eu\/wp-content\/uploads\/2024\/09\/Unknown.jpeg 1600w\" sizes=\"(max-width: 1024px) 100vw, 1024px\" \/>\t\t\t\t\t\t\t\t\t\t\t\t\t\t\t<\/div>\n\t\t\t\t<\/div>\n\t\t\t\t\t<\/div>\n\t\t<\/div>\n\t\t\t\t\t<\/div>\n\t\t<\/section>\n\t\t\t\t<section class=\"elementor-section elementor-top-section elementor-element elementor-element-5353b4f8 elementor-section-content-middle elementor-section-boxed elementor-section-height-default elementor-section-height-default\" data-id=\"5353b4f8\" data-element_type=\"section\" data-e-type=\"section\" data-settings=\"{&quot;background_background&quot;:&quot;classic&quot;}\">\n\t\t\t\t\t\t\t<div class=\"elementor-background-overlay\"><\/div>\n\t\t\t\t\t\t\t<div class=\"elementor-container elementor-column-gap-no\">\n\t\t\t\t\t<div class=\"elementor-column elementor-col-100 elementor-top-column elementor-element elementor-element-394446da\" data-id=\"394446da\" data-element_type=\"column\" data-e-type=\"column\">\n\t\t\t<div class=\"elementor-widget-wrap elementor-element-populated\">\n\t\t\t\t\t\t<div class=\"elementor-element elementor-element-64118308 elementor-widget elementor-widget-heading\" data-id=\"64118308\" data-element_type=\"widget\" data-e-type=\"widget\" data-widget_type=\"heading.default\">\n\t\t\t\t<div class=\"elementor-widget-container\">\n\t\t\t\t\t<h2 class=\"elementor-heading-title elementor-size-default\">Signaler un d\u00e9g\u00e2t caravane ou camping-car ?<\/h2>\t\t\t\t<\/div>\n\t\t\t\t<\/div>\n\t\t\t\t<div class=\"elementor-element elementor-element-62e4e64c elementor-widget elementor-widget-text-editor\" data-id=\"62e4e64c\" data-element_type=\"widget\" data-e-type=\"widget\" data-widget_type=\"text-editor.default\">\n\t\t\t\t<div class=\"elementor-widget-container\">\n\t\t\t\t\t\t\t\t\t<p style=\"text-align: center;\">Si votre caravane ou votre camping-car a \u00e9t\u00e9 endommag\u00e9, veuillez remplir le formulaire de dommages en ligne et nous vous contacterons.<\/p>\t\t\t\t\t\t\t\t<\/div>\n\t\t\t\t<\/div>\n\t\t\t\t<div class=\"elementor-element elementor-element-7b9c648d elementor-align-center elementor-mobile-align-left elementor-widget elementor-widget-button\" data-id=\"7b9c648d\" data-element_type=\"widget\" data-e-type=\"widget\" data-widget_type=\"button.default\">\n\t\t\t\t<div class=\"elementor-widget-container\">\n\t\t\t\t\t\t\t\t\t<div class=\"elementor-button-wrapper\">\n\t\t\t\t\t<a class=\"elementor-button elementor-button-link elementor-size-sm elementor-animation-grow\" href=\"https:\/\/oud.caravanrepair.eu\/fr\/antragsformular\/\">\n\t\t\t\t\t\t<span class=\"elementor-button-content-wrapper\">\n\t\t\t\t\t\t\t\t\t<span class=\"elementor-button-text\">SIGNALER LES DOMMAGES<\/span>\n\t\t\t\t\t<\/span>\n\t\t\t\t\t<\/a>\n\t\t\t\t<\/div>\n\t\t\t\t\t\t\t\t<\/div>\n\t\t\t\t<\/div>\n\t\t\t\t\t<\/div>\n\t\t<\/div>\n\t\t\t\t\t<\/div>\n\t\t<\/section>\n\t\t\t\t<section class=\"elementor-section elementor-top-section elementor-element elementor-element-52d3e66 elementor-section-full_width elementor-section-content-middle elementor-section-height-default elementor-section-height-default\" data-id=\"52d3e66\" data-element_type=\"section\" data-e-type=\"section\">\n\t\t\t\t\t\t<div class=\"elementor-container elementor-column-gap-no\">\n\t\t\t\t\t<div class=\"elementor-column elementor-col-50 elementor-top-column elementor-element elementor-element-4c7fbbd4\" data-id=\"4c7fbbd4\" data-element_type=\"column\" data-e-type=\"column\" data-settings=\"{&quot;background_background&quot;:&quot;classic&quot;}\">\n\t\t\t<div class=\"elementor-widget-wrap elementor-element-populated\">\n\t\t\t\t\t<div class=\"elementor-background-overlay\"><\/div>\n\t\t\t\t\t\t<div class=\"elementor-element elementor-element-77678876 elementor-widget elementor-widget-heading\" data-id=\"77678876\" data-element_type=\"widget\" data-e-type=\"widget\" data-widget_type=\"heading.default\">\n\t\t\t\t<div class=\"elementor-widget-container\">\n\t\t\t\t\t<h3 class=\"elementor-heading-title elementor-size-default\">D\u00e9g\u00e2ts sur une caravane \u00e0 Ede<\/h3>\t\t\t\t<\/div>\n\t\t\t\t<\/div>\n\t\t\t\t\t<\/div>\n\t\t<\/div>\n\t\t\t\t<div class=\"elementor-column elementor-col-50 elementor-top-column elementor-element elementor-element-1fd1f822\" data-id=\"1fd1f822\" data-element_type=\"column\" data-e-type=\"column\">\n\t\t\t<div class=\"elementor-widget-wrap elementor-element-populated\">\n\t\t\t\t\t\t<div class=\"elementor-element elementor-element-6ab63bea elementor-widget elementor-widget-text-editor\" data-id=\"6ab63bea\" data-element_type=\"widget\" data-e-type=\"widget\" data-widget_type=\"text-editor.default\">\n\t\t\t\t<div class=\"elementor-widget-container\">\n\t\t\t\t\t\t\t\t\t<h3 style=\"font-weight: 400;\"><strong>Pourquoi choisir CaravanRepair Ede ?<\/strong><\/h3><ul style=\"font-weight: 400;\"><li><strong>Savoir-faire expert<\/strong><br \/>Nos employ\u00e9s sont des professionnels exp\u00e9riment\u00e9s qui peuvent r\u00e9parer de mani\u00e8re experte toute forme de dommage aux caravanes.<\/li><li><strong>Rapide et fiable<\/strong><br \/>Nous comprenons que vous ne souhaitez pas rester longtemps sans caravane. C&#039;est pourquoi nous nous effor\u00e7ons d&#039;effectuer les r\u00e9parations rapidement, sans compromettre la qualit\u00e9.<\/li><li><strong>Conservation de la valeur de votre caravane<\/strong><br \/>Nous r\u00e9parons les dommages de mani\u00e8re \u00e0 pr\u00e9server l&#039;apparence et la valeur de votre caravane, afin que vous puissiez reprendre la route en toute tranquillit\u00e9 d&#039;esprit.<\/li><li><strong>Utilisation de mat\u00e9riaux de qualit\u00e9<\/strong><br \/>Chez Caravan Damage Ede, nous utilisons uniquement des mat\u00e9riaux de haute qualit\u00e9, afin que la r\u00e9paration soit durable et s\u00fbre.<\/li><\/ul><h3 style=\"font-weight: 400;\"><strong>Prenez rendez-vous maintenant<\/strong><\/h3><p style=\"font-weight: 400;\">Votre caravane a \u00e9t\u00e9 endommag\u00e9e et vous souhaitez savoir quels seront les co\u00fbts de r\u00e9paration ? Veuillez nous contacter pour une inspection sans engagement.<a href=\"https:\/\/schaffelaar-caravans.nl\"> L&#039;\u00e9quipe de Caravan Damage Ede <\/a> se fera un plaisir de vous aider avec des conseils et des r\u00e9parations professionnelles.<\/p>\t\t\t\t\t\t\t\t<\/div>\n\t\t\t\t<\/div>\n\t\t\t\t\t<\/div>\n\t\t<\/div>\n\t\t\t\t\t<\/div>\n\t\t<\/section>\n\t\t\t\t<section class=\"elementor-section elementor-top-section elementor-element elementor-element-61f5c15e elementor-section-content-middle elementor-section-boxed elementor-section-height-default elementor-section-height-default\" data-id=\"61f5c15e\" data-element_type=\"section\" data-e-type=\"section\" data-settings=\"{&quot;background_background&quot;:&quot;classic&quot;}\">\n\t\t\t\t\t\t\t<div class=\"elementor-background-overlay\"><\/div>\n\t\t\t\t\t\t\t<div class=\"elementor-container elementor-column-gap-no\">\n\t\t\t\t\t<div class=\"elementor-column elementor-col-50 elementor-top-column elementor-element elementor-element-174f60aa\" data-id=\"174f60aa\" data-element_type=\"column\" data-e-type=\"column\">\n\t\t\t<div class=\"elementor-widget-wrap elementor-element-populated\">\n\t\t\t\t\t\t<div class=\"elementor-element elementor-element-7888886d elementor-widget elementor-widget-heading\" data-id=\"7888886d\" data-element_type=\"widget\" data-e-type=\"widget\" data-widget_type=\"heading.default\">\n\t\t\t\t<div class=\"elementor-widget-container\">\n\t\t\t\t\t<h2 class=\"elementor-heading-title elementor-size-default\">Vous recherchez un r\u00e9parateur CaravanRepair\u00ae pr\u00e8s de chez vous ?<\/h2>\t\t\t\t<\/div>\n\t\t\t\t<\/div>\n\t\t\t\t<div class=\"elementor-element elementor-element-1a745405 elementor-widget elementor-widget-text-editor\" data-id=\"1a745405\" data-element_type=\"widget\" data-e-type=\"widget\" data-widget_type=\"text-editor.default\">\n\t\t\t\t<div class=\"elementor-widget-container\">\n\t\t\t\t\t\t\t\t\t<p>Nos r\u00e9parateurs sont actifs dans toute l\u2019Europe !<\/p>\t\t\t\t\t\t\t\t<\/div>\n\t\t\t\t<\/div>\n\t\t\t\t\t<\/div>\n\t\t<\/div>\n\t\t\t\t<div class=\"elementor-column elementor-col-50 elementor-top-column elementor-element elementor-element-1705be6f\" data-id=\"1705be6f\" data-element_type=\"column\" data-e-type=\"column\">\n\t\t\t<div class=\"elementor-widget-wrap elementor-element-populated\">\n\t\t\t\t\t\t<div class=\"elementor-element elementor-element-7ae391d6 elementor-align-center elementor-mobile-align-left elementor-widget elementor-widget-button\" data-id=\"7ae391d6\" data-element_type=\"widget\" data-e-type=\"widget\" data-widget_type=\"button.default\">\n\t\t\t\t<div class=\"elementor-widget-container\">\n\t\t\t\t\t\t\t\t\t<div class=\"elementor-button-wrapper\">\n\t\t\t\t\t<a class=\"elementor-button elementor-button-link elementor-size-sm elementor-animation-grow\" href=\"https:\/\/oud.caravanrepair.eu\/fr\/concessionnaires\/\">\n\t\t\t\t\t\t<span class=\"elementor-button-content-wrapper\">\n\t\t\t\t\t\t\t\t\t<span class=\"elementor-button-text\">Rechercher maintenant<\/span>\n\t\t\t\t\t<\/span>\n\t\t\t\t\t<\/a>\n\t\t\t\t<\/div>\n\t\t\t\t\t\t\t\t<\/div>\n\t\t\t\t<\/div>\n\t\t\t\t\t<\/div>\n\t\t<\/div>\n\t\t\t\t\t<\/div>\n\t\t<\/section>\n\t\t\t\t<\/div>","protected":false},"excerpt":{"rendered":"<p>D\u00e9g\u00e2ts sur caravane Ede R\u00e9parations professionnelles pour votre caravane chez D\u00e9g\u00e2ts sur caravane Ede CaravanRepair\u00ae Group D\u00e9g\u00e2ts sur caravane Ede \u2013 CaravanRepair Caravan<\/p>","protected":false},"author":3,"featured_media":0,"parent":0,"menu_order":0,"comment_status":"closed","ping_status":"closed","template":"elementor_header_footer","meta":{"footnotes":""},"class_list":["post-18829","page","type-page","status-publish","hentry","pagina_tag-caravanrepair-dealers"],"yoast_head":"<!-- This site is optimized with the Yoast SEO Premium plugin v27.5 (Yoast SEO v28.3) - https:\/\/yoast.com\/product\/yoast-seo-premium-wordpress\/ -->\n<title>Caravan schade Ede? CaravanRepair Ede helpt u!<\/title>\n<meta name=\"description\" content=\"Caravan schade in Ede? Uw caravan professioneel herstellen door CaravanRepair Ede. Van exterieur tot interieur, wij zorgen voor topconditie.\" \/>\n<meta name=\"robots\" content=\"noindex, follow, max-snippet:-1, max-image-preview:large, max-video-preview:-1\" \/>\n<meta property=\"og:locale\" content=\"fr_FR\" \/>\n<meta property=\"og:type\" content=\"article\" \/>\n<meta property=\"og:title\" content=\"Caravan schade Ede\" \/>\n<meta property=\"og:description\" content=\"Caravan schade in Ede? Uw caravan professioneel herstellen door CaravanRepair Ede. Van exterieur tot interieur, wij zorgen voor topconditie.\" \/>\n<meta property=\"og:url\" content=\"https:\/\/oud.caravanrepair.eu\/fr\/caravane-dommage-ede\/\" \/>\n<meta property=\"og:site_name\" content=\"CaravanRepair\u00ae\" \/>\n<meta property=\"article:modified_time\" content=\"2025-01-13T09:15:13+00:00\" \/>\n<meta property=\"og:image\" content=\"https:\/\/oud.caravanrepair.eu\/wp-content\/uploads\/2024\/09\/Unknown.jpeg\" \/>\n\t<meta property=\"og:image:width\" content=\"1600\" \/>\n\t<meta property=\"og:image:height\" content=\"1600\" \/>\n\t<meta property=\"og:image:type\" content=\"image\/jpeg\" \/>\n<meta name=\"twitter:card\" content=\"summary_large_image\" \/>\n<meta name=\"twitter:label1\" content=\"Dur\u00e9e de lecture estim\u00e9e\" \/>\n\t<meta name=\"twitter:data1\" content=\"3 minutes\" \/>\n<script type=\"application\/ld+json\" class=\"yoast-schema-graph\">{\"@context\":\"https:\\\/\\\/schema.org\",\"@graph\":[{\"@type\":\"WebPage\",\"@id\":\"https:\\\/\\\/oud.caravanrepair.eu\\\/caravan-schade-ede\\\/\",\"url\":\"https:\\\/\\\/oud.caravanrepair.eu\\\/caravan-schade-ede\\\/\",\"name\":\"Caravan schade Ede? CaravanRepair Ede helpt u!\",\"isPartOf\":{\"@id\":\"https:\\\/\\\/oud.caravanrepair.eu\\\/#website\"},\"primaryImageOfPage\":{\"@id\":\"https:\\\/\\\/oud.caravanrepair.eu\\\/caravan-schade-ede\\\/#primaryimage\"},\"image\":{\"@id\":\"https:\\\/\\\/oud.caravanrepair.eu\\\/caravan-schade-ede\\\/#primaryimage\"},\"thumbnailUrl\":\"https:\\\/\\\/oud.caravanrepair.eu\\\/wp-content\\\/uploads\\\/2024\\\/09\\\/Unknown-1024x1024.jpeg\",\"datePublished\":\"2025-01-13T08:44:51+00:00\",\"dateModified\":\"2025-01-13T09:15:13+00:00\",\"description\":\"Caravan schade in Ede? Uw caravan professioneel herstellen door CaravanRepair Ede. Van exterieur tot interieur, wij zorgen voor topconditie.\",\"breadcrumb\":{\"@id\":\"https:\\\/\\\/oud.caravanrepair.eu\\\/caravan-schade-ede\\\/#breadcrumb\"},\"inLanguage\":\"fr-FR\",\"potentialAction\":[{\"@type\":\"ReadAction\",\"target\":[\"https:\\\/\\\/oud.caravanrepair.eu\\\/caravan-schade-ede\\\/\"]}]},{\"@type\":\"ImageObject\",\"inLanguage\":\"fr-FR\",\"@id\":\"https:\\\/\\\/oud.caravanrepair.eu\\\/caravan-schade-ede\\\/#primaryimage\",\"url\":\"https:\\\/\\\/oud.caravanrepair.eu\\\/wp-content\\\/uploads\\\/2024\\\/09\\\/Unknown-1024x1024.jpeg\",\"contentUrl\":\"https:\\\/\\\/oud.caravanrepair.eu\\\/wp-content\\\/uploads\\\/2024\\\/09\\\/Unknown-1024x1024.jpeg\"},{\"@type\":\"BreadcrumbList\",\"@id\":\"https:\\\/\\\/oud.caravanrepair.eu\\\/caravan-schade-ede\\\/#breadcrumb\",\"itemListElement\":[{\"@type\":\"ListItem\",\"position\":1,\"name\":\"Home\",\"item\":\"https:\\\/\\\/oud.caravanrepair.eu\\\/\"},{\"@type\":\"ListItem\",\"position\":2,\"name\":\"Caravan schade Ede\"}]},{\"@type\":\"WebSite\",\"@id\":\"https:\\\/\\\/oud.caravanrepair.eu\\\/#website\",\"url\":\"https:\\\/\\\/oud.caravanrepair.eu\\\/\",\"name\":\"CaravanRepair\u00ae\",\"description\":\"Professioneel schadeherstel voor caravan en camper\",\"publisher\":{\"@id\":\"https:\\\/\\\/oud.caravanrepair.eu\\\/#organization\"},\"potentialAction\":[{\"@type\":\"SearchAction\",\"target\":{\"@type\":\"EntryPoint\",\"urlTemplate\":\"https:\\\/\\\/oud.caravanrepair.eu\\\/?s={search_term_string}\"},\"query-input\":{\"@type\":\"PropertyValueSpecification\",\"valueRequired\":true,\"valueName\":\"search_term_string\"}}],\"inLanguage\":\"fr-FR\"},{\"@type\":\"Organization\",\"@id\":\"https:\\\/\\\/oud.caravanrepair.eu\\\/#organization\",\"name\":\"CaravanRepair\u00ae\",\"url\":\"https:\\\/\\\/oud.caravanrepair.eu\\\/\",\"logo\":{\"@type\":\"ImageObject\",\"inLanguage\":\"fr-FR\",\"@id\":\"https:\\\/\\\/oud.caravanrepair.eu\\\/#\\\/schema\\\/logo\\\/image\\\/\",\"url\":\"https:\\\/\\\/oud.caravanrepair.eu\\\/wp-content\\\/uploads\\\/2019\\\/01\\\/logo-caravanrepair.png\",\"contentUrl\":\"https:\\\/\\\/oud.caravanrepair.eu\\\/wp-content\\\/uploads\\\/2019\\\/01\\\/logo-caravanrepair.png\",\"width\":353,\"height\":150,\"caption\":\"CaravanRepair\u00ae\"},\"image\":{\"@id\":\"https:\\\/\\\/oud.caravanrepair.eu\\\/#\\\/schema\\\/logo\\\/image\\\/\"}}]}<\/script>\n<!-- \/ Yoast SEO Premium plugin. -->","yoast_head_json":{"title":"D\u00e9g\u00e2ts sur la caravane \u00e0 Ede ? CaravanRepair Ede vous aide !","description":"D\u00e9g\u00e2ts sur une caravane \u00e0 Ede ? Faites r\u00e9parer votre caravane par un professionnel chez CaravanRepair Ede. De l&#039;ext\u00e9rieur \u00e0 l&#039;int\u00e9rieur, nous garantissons un \u00e9tat optimal.","robots":{"index":"noindex","follow":"follow","max-snippet":"max-snippet:-1","max-image-preview":"max-image-preview:large","max-video-preview":"max-video-preview:-1"},"og_locale":"fr_FR","og_type":"article","og_title":"Caravan schade Ede","og_description":"Caravan schade in Ede? Uw caravan professioneel herstellen door CaravanRepair Ede. Van exterieur tot interieur, wij zorgen voor topconditie.","og_url":"https:\/\/oud.caravanrepair.eu\/fr\/caravane-dommage-ede\/","og_site_name":"CaravanRepair\u00ae","article_modified_time":"2025-01-13T09:15:13+00:00","og_image":[{"width":1600,"height":1600,"url":"https:\/\/oud.caravanrepair.eu\/wp-content\/uploads\/2024\/09\/Unknown.jpeg","type":"image\/jpeg"}],"twitter_card":"summary_large_image","twitter_misc":{"Dur\u00e9e de lecture estim\u00e9e":"3 minutes"},"schema":{"@context":"https:\/\/schema.org","@graph":[{"@type":"WebPage","@id":"https:\/\/oud.caravanrepair.eu\/caravan-schade-ede\/","url":"https:\/\/oud.caravanrepair.eu\/caravan-schade-ede\/","name":"D\u00e9g\u00e2ts sur la caravane \u00e0 Ede ? CaravanRepair Ede vous aide !","isPartOf":{"@id":"https:\/\/oud.caravanrepair.eu\/#website"},"primaryImageOfPage":{"@id":"https:\/\/oud.caravanrepair.eu\/caravan-schade-ede\/#primaryimage"},"image":{"@id":"https:\/\/oud.caravanrepair.eu\/caravan-schade-ede\/#primaryimage"},"thumbnailUrl":"https:\/\/oud.caravanrepair.eu\/wp-content\/uploads\/2024\/09\/Unknown-1024x1024.jpeg","datePublished":"2025-01-13T08:44:51+00:00","dateModified":"2025-01-13T09:15:13+00:00","description":"D\u00e9g\u00e2ts sur une caravane \u00e0 Ede ? Faites r\u00e9parer votre caravane par un professionnel chez CaravanRepair Ede. De l&#039;ext\u00e9rieur \u00e0 l&#039;int\u00e9rieur, nous garantissons un \u00e9tat optimal.","breadcrumb":{"@id":"https:\/\/oud.caravanrepair.eu\/caravan-schade-ede\/#breadcrumb"},"inLanguage":"fr-FR","potentialAction":[{"@type":"ReadAction","target":["https:\/\/oud.caravanrepair.eu\/caravan-schade-ede\/"]}]},{"@type":"ImageObject","inLanguage":"fr-FR","@id":"https:\/\/oud.caravanrepair.eu\/caravan-schade-ede\/#primaryimage","url":"https:\/\/oud.caravanrepair.eu\/wp-content\/uploads\/2024\/09\/Unknown-1024x1024.jpeg","contentUrl":"https:\/\/oud.caravanrepair.eu\/wp-content\/uploads\/2024\/09\/Unknown-1024x1024.jpeg"},{"@type":"BreadcrumbList","@id":"https:\/\/oud.caravanrepair.eu\/caravan-schade-ede\/#breadcrumb","itemListElement":[{"@type":"ListItem","position":1,"name":"Home","item":"https:\/\/oud.caravanrepair.eu\/"},{"@type":"ListItem","position":2,"name":"Caravan schade Ede"}]},{"@type":"WebSite","@id":"https:\/\/oud.caravanrepair.eu\/#website","url":"https:\/\/oud.caravanrepair.eu\/","name":"CaravanRepair\u00ae","description":"R\u00e9paration professionnelle de dommages pour caravane et camping-car","publisher":{"@id":"https:\/\/oud.caravanrepair.eu\/#organization"},"potentialAction":[{"@type":"SearchAction","target":{"@type":"EntryPoint","urlTemplate":"https:\/\/oud.caravanrepair.eu\/?s={search_term_string}"},"query-input":{"@type":"PropertyValueSpecification","valueRequired":true,"valueName":"search_term_string"}}],"inLanguage":"fr-FR"},{"@type":"Organization","@id":"https:\/\/oud.caravanrepair.eu\/#organization","name":"CaravanRepair\u00ae","url":"https:\/\/oud.caravanrepair.eu\/","logo":{"@type":"ImageObject","inLanguage":"fr-FR","@id":"https:\/\/oud.caravanrepair.eu\/#\/schema\/logo\/image\/","url":"https:\/\/oud.caravanrepair.eu\/wp-content\/uploads\/2019\/01\/logo-caravanrepair.png","contentUrl":"https:\/\/oud.caravanrepair.eu\/wp-content\/uploads\/2019\/01\/logo-caravanrepair.png","width":353,"height":150,"caption":"CaravanRepair\u00ae"},"image":{"@id":"https:\/\/oud.caravanrepair.eu\/#\/schema\/logo\/image\/"}}]}},"_links":{"self":[{"href":"https:\/\/oud.caravanrepair.eu\/fr\/wp-json\/wp\/v2\/pages\/18829","targetHints":{"allow":["GET"]}}],"collection":[{"href":"https:\/\/oud.caravanrepair.eu\/fr\/wp-json\/wp\/v2\/pages"}],"about":[{"href":"https:\/\/oud.caravanrepair.eu\/fr\/wp-json\/wp\/v2\/types\/page"}],"author":[{"embeddable":true,"href":"https:\/\/oud.caravanrepair.eu\/fr\/wp-json\/wp\/v2\/users\/3"}],"replies":[{"embeddable":true,"href":"https:\/\/oud.caravanrepair.eu\/fr\/wp-json\/wp\/v2\/comments?post=18829"}],"version-history":[{"count":0,"href":"https:\/\/oud.caravanrepair.eu\/fr\/wp-json\/wp\/v2\/pages\/18829\/revisions"}],"wp:attachment":[{"href":"https:\/\/oud.caravanrepair.eu\/fr\/wp-json\/wp\/v2\/media?parent=18829"}],"curies":[{"name":"wp","href":"https:\/\/api.w.org\/{rel}","templated":true}]}}