{"id":19207,"date":"2025-01-18T15:49:28","date_gmt":"2025-01-18T14:49:28","guid":{"rendered":"https:\/\/oud.caravanrepair.eu\/?page_id=19207"},"modified":"2025-01-18T16:32:06","modified_gmt":"2025-01-18T15:32:06","slug":"caravane-endommagee-dans-le-sable-eleve","status":"publish","type":"page","link":"https:\/\/oud.caravanrepair.eu\/fr\/caravan-schade-hoogezand\/","title":{"rendered":"Dommages \u00e0 la caravane Hoogezand"},"content":{"rendered":"<div data-elementor-type=\"wp-page\" data-elementor-id=\"19207\" class=\"elementor elementor-19207\" data-elementor-post-type=\"page\">\n\t\t\t\t\t\t<section class=\"elementor-section elementor-top-section elementor-element elementor-element-209ad721 elementor-section-height-min-height elementor-section-content-middle elementor-section-full_width elementor-section-height-default elementor-section-items-middle\" data-id=\"209ad721\" data-element_type=\"section\" data-e-type=\"section\" data-settings=\"{&quot;background_background&quot;:&quot;classic&quot;}\">\n\t\t\t\t\t\t\t<div class=\"elementor-background-overlay\"><\/div>\n\t\t\t\t\t\t\t<div class=\"elementor-container elementor-column-gap-default\">\n\t\t\t\t\t<div class=\"elementor-column elementor-col-100 elementor-top-column elementor-element elementor-element-58291dc2\" data-id=\"58291dc2\" data-element_type=\"column\" data-e-type=\"column\">\n\t\t\t<div class=\"elementor-widget-wrap elementor-element-populated\">\n\t\t\t\t\t\t<div class=\"elementor-element elementor-element-612a3a70 elementor-widget elementor-widget-heading\" data-id=\"612a3a70\" data-element_type=\"widget\" data-e-type=\"widget\" data-widget_type=\"heading.default\">\n\t\t\t\t<div class=\"elementor-widget-container\">\n\t\t\t\t\t<h1 class=\"elementor-heading-title elementor-size-default\">Dommages \u00e0 la caravane Hoogezand<\/h1>\t\t\t\t<\/div>\n\t\t\t\t<\/div>\n\t\t\t\t<div class=\"elementor-element elementor-element-3487cae9 elementor-widget elementor-widget-heading\" data-id=\"3487cae9\" data-element_type=\"widget\" data-e-type=\"widget\" data-widget_type=\"heading.default\">\n\t\t\t\t<div class=\"elementor-widget-container\">\n\t\t\t\t\t<p class=\"elementor-heading-title elementor-size-default\"> <\/p>\t\t\t\t<\/div>\n\t\t\t\t<\/div>\n\t\t\t\t\t<\/div>\n\t\t<\/div>\n\t\t\t\t\t<\/div>\n\t\t<\/section>\n\t\t\t\t<section class=\"elementor-section elementor-top-section elementor-element elementor-element-112448cd elementor-section-content-middle elementor-section-boxed elementor-section-height-default elementor-section-height-default\" data-id=\"112448cd\" data-element_type=\"section\" data-e-type=\"section\">\n\t\t\t\t\t\t<div class=\"elementor-container elementor-column-gap-no\">\n\t\t\t\t\t<div class=\"elementor-column elementor-col-100 elementor-top-column elementor-element elementor-element-3cd7daa7\" data-id=\"3cd7daa7\" data-element_type=\"column\" data-e-type=\"column\">\n\t\t\t<div class=\"elementor-widget-wrap elementor-element-populated\">\n\t\t\t\t\t\t<div class=\"elementor-element elementor-element-69e6d988 elementor-widget elementor-widget-heading\" data-id=\"69e6d988\" data-element_type=\"widget\" data-e-type=\"widget\" data-widget_type=\"heading.default\">\n\t\t\t\t<div class=\"elementor-widget-container\">\n\t\t\t\t\t<h2 class=\"elementor-heading-title elementor-size-default\">D\u00e9g\u00e2ts sur caravanes Hoogezand Sp\u00e9cialistes en r\u00e9paration de caravanes<\/h2>\t\t\t\t<\/div>\n\t\t\t\t<\/div>\n\t\t\t\t\t<\/div>\n\t\t<\/div>\n\t\t\t\t\t<\/div>\n\t\t<\/section>\n\t\t\t\t<section class=\"elementor-section elementor-top-section elementor-element elementor-element-1768e02e elementor-section-content-middle elementor-reverse-mobile elementor-section-boxed elementor-section-height-default elementor-section-height-default\" data-id=\"1768e02e\" data-element_type=\"section\" data-e-type=\"section\">\n\t\t\t\t\t\t<div class=\"elementor-container elementor-column-gap-no\">\n\t\t\t\t\t<div class=\"elementor-column elementor-col-50 elementor-top-column elementor-element elementor-element-54f6603\" data-id=\"54f6603\" data-element_type=\"column\" data-e-type=\"column\">\n\t\t\t<div class=\"elementor-widget-wrap elementor-element-populated\">\n\t\t\t\t\t\t<div class=\"elementor-element elementor-element-50a09bc1 elementor-widget elementor-widget-heading\" data-id=\"50a09bc1\" data-element_type=\"widget\" data-e-type=\"widget\" data-widget_type=\"heading.default\">\n\t\t\t\t<div class=\"elementor-widget-container\">\n\t\t\t\t\t<h3 class=\"elementor-heading-title elementor-size-default\">D\u00e9g\u00e2ts sur la caravane ? faites-le r\u00e9parer professionnellement par nos sp\u00e9cialistes<\/h3>\t\t\t\t<\/div>\n\t\t\t\t<\/div>\n\t\t\t\t<div class=\"elementor-element elementor-element-7f9c6b30 elementor-widget elementor-widget-text-editor\" data-id=\"7f9c6b30\" data-element_type=\"widget\" data-e-type=\"widget\" data-widget_type=\"text-editor.default\">\n\t\t\t\t<div class=\"elementor-widget-container\">\n\t\t\t\t\t\t\t\t\t<h3 style=\"font-weight: 400;\"><strong>R\u00e9paration de dommages r\u00e9volutionnaire chez Caravan Damage Hoogezand<\/strong><\/h3><p style=\"font-weight: 400;\">D\u00e9g\u00e2ts sur la caravane \u00e0 Hoogezand ? En tant qu&#039;heureux propri\u00e9taire d&#039;une caravane, vous souhaitez naturellement qu&#039;elle reste en parfait \u00e9tat. Malheureusement, des dommages peuvent survenir pendant la conduite, le camping ou m\u00eame pendant le stockage. Si vous \u00eates confront\u00e9 \u00e0 des dommages sur votre caravane, il est important de la faire r\u00e9parer par un professionnel. C&#039;est l\u00e0 qu&#039;intervient caravanrepair, le sp\u00e9cialiste dans le domaine de la r\u00e9paration des dommages aux caravanes.<\/p><h3 style=\"font-weight: 400;\"><strong>Pourquoi choisir un sp\u00e9cialiste en r\u00e9paration de dommages de caravane ?<\/strong><\/h3><p style=\"font-weight: 400;\">La r\u00e9paration des dommages caus\u00e9s \u00e0 une caravane n\u00e9cessite des connaissances et une exp\u00e9rience sp\u00e9cifiques. Les caravanes ont une construction unique et sont fabriqu\u00e9es \u00e0 partir de mat\u00e9riaux diff\u00e9rents de ceux utilis\u00e9s dans les voitures particuli\u00e8res. Un r\u00e9parateur de dommages r\u00e9gulier n\u2019a souvent pas l\u2019expertise n\u00e9cessaire pour traiter correctement les dommages caus\u00e9s aux caravanes. En choisissant un sp\u00e9cialiste tel que caravanrepair, vous pouvez \u00eatre s\u00fbr que votre caravane est entre des mains expertes.<\/p><h3 style=\"font-weight: 400;\"><strong>Les avantages de la r\u00e9paration des dommages aux caravanes \u00e0 Hoogezand<\/strong><\/h3><p style=\"font-weight: 400;\">Voici quelques-uns des avantages en un coup d\u2019\u0153il\u00a0:<\/p><ul style=\"font-weight: 400;\"><li>Des ann\u00e9es d&#039;exp\u00e9rience et des connaissances sp\u00e9cialis\u00e9es dans le domaine de la r\u00e9paration des dommages aux caravanes<\/li><li>Utilisation de mat\u00e9riaux et de techniques de haute qualit\u00e9 pour un r\u00e9sultat durable<\/li><li>Le souci du d\u00e9tail et le perfectionnisme, pour que votre caravane retrouve son aspect neuf<\/li><li>Une prise en charge rapide et efficace, pour que vous puissiez \u00e0 nouveau profiter rapidement de votre caravane<\/li><li>Excellente communication et service client tout au long du processus<\/li><\/ul>\t\t\t\t\t\t\t\t<\/div>\n\t\t\t\t<\/div>\n\t\t\t\t\t<\/div>\n\t\t<\/div>\n\t\t\t\t<div class=\"elementor-column elementor-col-50 elementor-top-column elementor-element elementor-element-53ce132c\" data-id=\"53ce132c\" data-element_type=\"column\" data-e-type=\"column\">\n\t\t\t<div class=\"elementor-widget-wrap elementor-element-populated\">\n\t\t\t\t\t\t<div class=\"elementor-element elementor-element-1eb9dbb3 elementor-widget elementor-widget-image\" data-id=\"1eb9dbb3\" data-element_type=\"widget\" data-e-type=\"widget\" data-widget_type=\"image.default\">\n\t\t\t\t<div class=\"elementor-widget-container\">\n\t\t\t\t\t\t\t\t\t\t\t\t\t\t\t<img fetchpriority=\"high\" decoding=\"async\" width=\"1024\" height=\"768\" src=\"https:\/\/oud.caravanrepair.eu\/wp-content\/uploads\/2024\/03\/c82ae431-a383-4dbf-9ade-b14425984c36-1024x768.jpg\" class=\"attachment-large size-large wp-image-13509\" alt=\"CaravanRepair Turnhout\" srcset=\"https:\/\/oud.caravanrepair.eu\/wp-content\/uploads\/2024\/03\/c82ae431-a383-4dbf-9ade-b14425984c36-16x12.jpg 16w, https:\/\/oud.caravanrepair.eu\/wp-content\/uploads\/2024\/03\/c82ae431-a383-4dbf-9ade-b14425984c36-200x150.jpg 200w, https:\/\/oud.caravanrepair.eu\/wp-content\/uploads\/2024\/03\/c82ae431-a383-4dbf-9ade-b14425984c36-300x225.jpg 300w, https:\/\/oud.caravanrepair.eu\/wp-content\/uploads\/2024\/03\/c82ae431-a383-4dbf-9ade-b14425984c36-400x300.jpg 400w, https:\/\/oud.caravanrepair.eu\/wp-content\/uploads\/2024\/03\/c82ae431-a383-4dbf-9ade-b14425984c36-600x450.jpg 600w, https:\/\/oud.caravanrepair.eu\/wp-content\/uploads\/2024\/03\/c82ae431-a383-4dbf-9ade-b14425984c36-768x576.jpg 768w, https:\/\/oud.caravanrepair.eu\/wp-content\/uploads\/2024\/03\/c82ae431-a383-4dbf-9ade-b14425984c36-800x600.jpg 800w, https:\/\/oud.caravanrepair.eu\/wp-content\/uploads\/2024\/03\/c82ae431-a383-4dbf-9ade-b14425984c36-1024x768.jpg 1024w, https:\/\/oud.caravanrepair.eu\/wp-content\/uploads\/2024\/03\/c82ae431-a383-4dbf-9ade-b14425984c36-1200x900.jpg 1200w, https:\/\/oud.caravanrepair.eu\/wp-content\/uploads\/2024\/03\/c82ae431-a383-4dbf-9ade-b14425984c36.jpg 1280w\" sizes=\"(max-width: 1024px) 100vw, 1024px\" \/>\t\t\t\t\t\t\t\t\t\t\t\t\t\t\t<\/div>\n\t\t\t\t<\/div>\n\t\t\t\t\t<\/div>\n\t\t<\/div>\n\t\t\t\t\t<\/div>\n\t\t<\/section>\n\t\t\t\t<section class=\"elementor-section elementor-top-section elementor-element elementor-element-6065db7f elementor-section-content-middle elementor-section-boxed elementor-section-height-default elementor-section-height-default\" data-id=\"6065db7f\" data-element_type=\"section\" data-e-type=\"section\" data-settings=\"{&quot;background_background&quot;:&quot;classic&quot;}\">\n\t\t\t\t\t\t\t<div class=\"elementor-background-overlay\"><\/div>\n\t\t\t\t\t\t\t<div class=\"elementor-container elementor-column-gap-no\">\n\t\t\t\t\t<div class=\"elementor-column elementor-col-100 elementor-top-column elementor-element elementor-element-845bb98\" data-id=\"845bb98\" data-element_type=\"column\" data-e-type=\"column\">\n\t\t\t<div class=\"elementor-widget-wrap elementor-element-populated\">\n\t\t\t\t\t\t<div class=\"elementor-element elementor-element-747e5128 elementor-widget elementor-widget-heading\" data-id=\"747e5128\" data-element_type=\"widget\" data-e-type=\"widget\" data-widget_type=\"heading.default\">\n\t\t\t\t<div class=\"elementor-widget-container\">\n\t\t\t\t\t<h2 class=\"elementor-heading-title elementor-size-default\">Signaler un d\u00e9g\u00e2t caravane ou camping-car ?<\/h2>\t\t\t\t<\/div>\n\t\t\t\t<\/div>\n\t\t\t\t<div class=\"elementor-element elementor-element-201e0cf3 elementor-widget elementor-widget-text-editor\" data-id=\"201e0cf3\" data-element_type=\"widget\" data-e-type=\"widget\" data-widget_type=\"text-editor.default\">\n\t\t\t\t<div class=\"elementor-widget-container\">\n\t\t\t\t\t\t\t\t\t<p style=\"text-align: center;\">Si votre caravane ou votre camping-car a \u00e9t\u00e9 endommag\u00e9, veuillez remplir le formulaire de dommages en ligne et nous vous contacterons.<\/p>\t\t\t\t\t\t\t\t<\/div>\n\t\t\t\t<\/div>\n\t\t\t\t<div class=\"elementor-element elementor-element-2fda2d09 elementor-align-center elementor-mobile-align-left elementor-widget elementor-widget-button\" data-id=\"2fda2d09\" data-element_type=\"widget\" data-e-type=\"widget\" data-widget_type=\"button.default\">\n\t\t\t\t<div class=\"elementor-widget-container\">\n\t\t\t\t\t\t\t\t\t<div class=\"elementor-button-wrapper\">\n\t\t\t\t\t<a class=\"elementor-button elementor-button-link elementor-size-sm elementor-animation-grow\" href=\"https:\/\/oud.caravanrepair.eu\/fr\/antragsformular\/\">\n\t\t\t\t\t\t<span class=\"elementor-button-content-wrapper\">\n\t\t\t\t\t\t\t\t\t<span class=\"elementor-button-text\">SIGNALER LES DOMMAGES<\/span>\n\t\t\t\t\t<\/span>\n\t\t\t\t\t<\/a>\n\t\t\t\t<\/div>\n\t\t\t\t\t\t\t\t<\/div>\n\t\t\t\t<\/div>\n\t\t\t\t\t<\/div>\n\t\t<\/div>\n\t\t\t\t\t<\/div>\n\t\t<\/section>\n\t\t\t\t<section class=\"elementor-section elementor-top-section elementor-element elementor-element-85a044a elementor-section-full_width elementor-section-content-middle elementor-section-height-default elementor-section-height-default\" data-id=\"85a044a\" data-element_type=\"section\" data-e-type=\"section\">\n\t\t\t\t\t\t<div class=\"elementor-container elementor-column-gap-no\">\n\t\t\t\t\t<div class=\"elementor-column elementor-col-50 elementor-top-column elementor-element elementor-element-5ec6d012\" data-id=\"5ec6d012\" data-element_type=\"column\" data-e-type=\"column\" data-settings=\"{&quot;background_background&quot;:&quot;classic&quot;}\">\n\t\t\t<div class=\"elementor-widget-wrap elementor-element-populated\">\n\t\t\t\t\t<div class=\"elementor-background-overlay\"><\/div>\n\t\t\t\t\t\t<div class=\"elementor-element elementor-element-ad3ff92 elementor-widget elementor-widget-heading\" data-id=\"ad3ff92\" data-element_type=\"widget\" data-e-type=\"widget\" data-widget_type=\"heading.default\">\n\t\t\t\t<div class=\"elementor-widget-container\">\n\t\t\t\t\t<h3 class=\"elementor-heading-title elementor-size-default\">Groupe CaravanRepair\u00ae<\/h3>\t\t\t\t<\/div>\n\t\t\t\t<\/div>\n\t\t\t\t\t<\/div>\n\t\t<\/div>\n\t\t\t\t<div class=\"elementor-column elementor-col-50 elementor-top-column elementor-element elementor-element-511c5f6a\" data-id=\"511c5f6a\" data-element_type=\"column\" data-e-type=\"column\">\n\t\t\t<div class=\"elementor-widget-wrap elementor-element-populated\">\n\t\t\t\t\t\t<div class=\"elementor-element elementor-element-5c289df5 elementor-widget elementor-widget-text-editor\" data-id=\"5c289df5\" data-element_type=\"widget\" data-e-type=\"widget\" data-widget_type=\"text-editor.default\">\n\t\t\t\t<div class=\"elementor-widget-container\">\n\t\t\t\t\t\t\t\t\t<h3><strong>Le processus de r\u00e9paration des dommages avec nous :<\/strong><\/h3><p>Lorsque vous vous inscrivez aupr\u00e8s de Caravan Damage Hoogezand pour la r\u00e9paration des dommages, vous suivez les \u00e9tapes suivantes :<\/p><ol><li>Inspection et \u00e9valuation des dommages<\/li><li>Etablissement d&#039;un devis d\u00e9taill\u00e9<\/li><li>Ex\u00e9cution des travaux de r\u00e9paration par des m\u00e9caniciens exp\u00e9riment\u00e9s<\/li><li>Inspection finale pour assurer la qualit\u00e9 de la r\u00e9paration<\/li><li>Livraison de votre caravane r\u00e9par\u00e9e<\/li><\/ol><h3><strong>Contactez le service de r\u00e9paration de caravanes pour la r\u00e9paration des dommages caus\u00e9s \u00e0 votre caravane<\/strong><\/h3><p>Vous avez des dommages sur votre caravane et vous souhaitez la faire r\u00e9parer par l&#039;un des sp\u00e9cialistes de CaravanRepair ? Veuillez nous contacter aujourd&#039;hui ou <a href=\"https:\/\/straingcaravans.nl\">Cliquez ici pour signaler votre dommage.<\/a><\/p>\t\t\t\t\t\t\t\t<\/div>\n\t\t\t\t<\/div>\n\t\t\t\t\t<\/div>\n\t\t<\/div>\n\t\t\t\t\t<\/div>\n\t\t<\/section>\n\t\t\t\t<section class=\"elementor-section elementor-top-section elementor-element elementor-element-7b0234d2 elementor-section-content-middle elementor-section-boxed elementor-section-height-default elementor-section-height-default\" data-id=\"7b0234d2\" data-element_type=\"section\" data-e-type=\"section\" data-settings=\"{&quot;background_background&quot;:&quot;classic&quot;}\">\n\t\t\t\t\t\t\t<div class=\"elementor-background-overlay\"><\/div>\n\t\t\t\t\t\t\t<div class=\"elementor-container elementor-column-gap-no\">\n\t\t\t\t\t<div class=\"elementor-column elementor-col-50 elementor-top-column elementor-element elementor-element-4988bc\" data-id=\"4988bc\" data-element_type=\"column\" data-e-type=\"column\">\n\t\t\t<div class=\"elementor-widget-wrap elementor-element-populated\">\n\t\t\t\t\t\t<div class=\"elementor-element elementor-element-635e272c elementor-widget elementor-widget-heading\" data-id=\"635e272c\" data-element_type=\"widget\" data-e-type=\"widget\" data-widget_type=\"heading.default\">\n\t\t\t\t<div class=\"elementor-widget-container\">\n\t\t\t\t\t<h2 class=\"elementor-heading-title elementor-size-default\">Vous recherchez un r\u00e9parateur CaravanRepair\u00ae pr\u00e8s de chez vous ?<\/h2>\t\t\t\t<\/div>\n\t\t\t\t<\/div>\n\t\t\t\t<div class=\"elementor-element elementor-element-2b491009 elementor-widget elementor-widget-text-editor\" data-id=\"2b491009\" data-element_type=\"widget\" data-e-type=\"widget\" data-widget_type=\"text-editor.default\">\n\t\t\t\t<div class=\"elementor-widget-container\">\n\t\t\t\t\t\t\t\t\t<p>Nos r\u00e9parateurs sont actifs dans toute l\u2019Europe !<\/p>\t\t\t\t\t\t\t\t<\/div>\n\t\t\t\t<\/div>\n\t\t\t\t\t<\/div>\n\t\t<\/div>\n\t\t\t\t<div class=\"elementor-column elementor-col-50 elementor-top-column elementor-element elementor-element-7bebd8c9\" data-id=\"7bebd8c9\" data-element_type=\"column\" data-e-type=\"column\">\n\t\t\t<div class=\"elementor-widget-wrap elementor-element-populated\">\n\t\t\t\t\t\t<div class=\"elementor-element elementor-element-5d06a1 elementor-align-center elementor-mobile-align-left elementor-widget elementor-widget-button\" data-id=\"5d06a1\" data-element_type=\"widget\" data-e-type=\"widget\" data-widget_type=\"button.default\">\n\t\t\t\t<div class=\"elementor-widget-container\">\n\t\t\t\t\t\t\t\t\t<div class=\"elementor-button-wrapper\">\n\t\t\t\t\t<a class=\"elementor-button elementor-button-link elementor-size-sm elementor-animation-grow\" href=\"https:\/\/oud.caravanrepair.eu\/fr\/concessionnaires\/\">\n\t\t\t\t\t\t<span class=\"elementor-button-content-wrapper\">\n\t\t\t\t\t\t\t\t\t<span class=\"elementor-button-text\">Rechercher maintenant<\/span>\n\t\t\t\t\t<\/span>\n\t\t\t\t\t<\/a>\n\t\t\t\t<\/div>\n\t\t\t\t\t\t\t\t<\/div>\n\t\t\t\t<\/div>\n\t\t\t\t\t<\/div>\n\t\t<\/div>\n\t\t\t\t\t<\/div>\n\t\t<\/section>\n\t\t\t\t<\/div>","protected":false},"excerpt":{"rendered":"<p>D\u00e9g\u00e2ts sur caravane Hoogezand D\u00e9g\u00e2ts sur caravane Hoogezand Sp\u00e9cialistes en r\u00e9paration de caravanes D\u00e9g\u00e2ts sur caravane Hoogezand ? Faites-le r\u00e9parer professionnellement par nos sp\u00e9cialistes R\u00e9paration de dommages r\u00e9volutionnaire<\/p>","protected":false},"author":3,"featured_media":0,"parent":0,"menu_order":0,"comment_status":"closed","ping_status":"closed","template":"elementor_header_footer","meta":{"footnotes":""},"class_list":["post-19207","page","type-page","status-publish","hentry","pagina_tag-caravanrepair-dealers"],"yoast_head":"<!-- This site is optimized with the Yoast SEO Premium plugin v27.5 (Yoast SEO v28.3) - https:\/\/yoast.com\/product\/yoast-seo-premium-wordpress\/ -->\n<title>Caravan schade Hoogezand: specialistisch herstel voor caravans<\/title>\n<meta name=\"description\" content=\"Caravan schade Hoogezand? Vertrouw op de expertise van onze dealer voor professioneel en vakkundig herstel van schade aan jouw caravan.\" \/>\n<meta name=\"robots\" content=\"noindex, follow, max-snippet:-1, max-image-preview:large, max-video-preview:-1\" \/>\n<meta property=\"og:locale\" content=\"fr_FR\" \/>\n<meta property=\"og:type\" content=\"article\" \/>\n<meta property=\"og:title\" content=\"Caravan schade Hoogezand\" \/>\n<meta property=\"og:description\" content=\"Caravan schade Hoogezand? Vertrouw op de expertise van onze dealer voor professioneel en vakkundig herstel van schade aan jouw caravan.\" \/>\n<meta property=\"og:url\" content=\"https:\/\/oud.caravanrepair.eu\/fr\/caravane-endommagee-dans-le-sable-eleve\/\" \/>\n<meta property=\"og:site_name\" content=\"CaravanRepair\u00ae\" \/>\n<meta property=\"article:modified_time\" content=\"2025-01-18T15:32:06+00:00\" \/>\n<meta property=\"og:image\" content=\"https:\/\/oud.caravanrepair.eu\/wp-content\/uploads\/2024\/03\/c82ae431-a383-4dbf-9ade-b14425984c36.jpg\" \/>\n\t<meta property=\"og:image:width\" content=\"1280\" \/>\n\t<meta property=\"og:image:height\" content=\"960\" \/>\n\t<meta property=\"og:image:type\" content=\"image\/jpeg\" \/>\n<meta name=\"twitter:card\" content=\"summary_large_image\" \/>\n<meta name=\"twitter:label1\" content=\"Dur\u00e9e de lecture estim\u00e9e\" \/>\n\t<meta name=\"twitter:data1\" content=\"3 minutes\" \/>\n<script type=\"application\/ld+json\" class=\"yoast-schema-graph\">{\"@context\":\"https:\\\/\\\/schema.org\",\"@graph\":[{\"@type\":\"WebPage\",\"@id\":\"https:\\\/\\\/oud.caravanrepair.eu\\\/caravan-schade-hoogezand\\\/\",\"url\":\"https:\\\/\\\/oud.caravanrepair.eu\\\/caravan-schade-hoogezand\\\/\",\"name\":\"Caravan schade Hoogezand: specialistisch herstel voor caravans\",\"isPartOf\":{\"@id\":\"https:\\\/\\\/oud.caravanrepair.eu\\\/#website\"},\"primaryImageOfPage\":{\"@id\":\"https:\\\/\\\/oud.caravanrepair.eu\\\/caravan-schade-hoogezand\\\/#primaryimage\"},\"image\":{\"@id\":\"https:\\\/\\\/oud.caravanrepair.eu\\\/caravan-schade-hoogezand\\\/#primaryimage\"},\"thumbnailUrl\":\"https:\\\/\\\/oud.caravanrepair.eu\\\/wp-content\\\/uploads\\\/2024\\\/03\\\/c82ae431-a383-4dbf-9ade-b14425984c36-1024x768.jpg\",\"datePublished\":\"2025-01-18T14:49:28+00:00\",\"dateModified\":\"2025-01-18T15:32:06+00:00\",\"description\":\"Caravan schade Hoogezand? Vertrouw op de expertise van onze dealer voor professioneel en vakkundig herstel van schade aan jouw caravan.\",\"breadcrumb\":{\"@id\":\"https:\\\/\\\/oud.caravanrepair.eu\\\/caravan-schade-hoogezand\\\/#breadcrumb\"},\"inLanguage\":\"fr-FR\",\"potentialAction\":[{\"@type\":\"ReadAction\",\"target\":[\"https:\\\/\\\/oud.caravanrepair.eu\\\/caravan-schade-hoogezand\\\/\"]}]},{\"@type\":\"ImageObject\",\"inLanguage\":\"fr-FR\",\"@id\":\"https:\\\/\\\/oud.caravanrepair.eu\\\/caravan-schade-hoogezand\\\/#primaryimage\",\"url\":\"https:\\\/\\\/oud.caravanrepair.eu\\\/wp-content\\\/uploads\\\/2024\\\/03\\\/c82ae431-a383-4dbf-9ade-b14425984c36-1024x768.jpg\",\"contentUrl\":\"https:\\\/\\\/oud.caravanrepair.eu\\\/wp-content\\\/uploads\\\/2024\\\/03\\\/c82ae431-a383-4dbf-9ade-b14425984c36-1024x768.jpg\"},{\"@type\":\"BreadcrumbList\",\"@id\":\"https:\\\/\\\/oud.caravanrepair.eu\\\/caravan-schade-hoogezand\\\/#breadcrumb\",\"itemListElement\":[{\"@type\":\"ListItem\",\"position\":1,\"name\":\"Home\",\"item\":\"https:\\\/\\\/oud.caravanrepair.eu\\\/\"},{\"@type\":\"ListItem\",\"position\":2,\"name\":\"Caravan schade Hoogezand\"}]},{\"@type\":\"WebSite\",\"@id\":\"https:\\\/\\\/oud.caravanrepair.eu\\\/#website\",\"url\":\"https:\\\/\\\/oud.caravanrepair.eu\\\/\",\"name\":\"CaravanRepair\u00ae\",\"description\":\"Professioneel schadeherstel voor caravan en camper\",\"publisher\":{\"@id\":\"https:\\\/\\\/oud.caravanrepair.eu\\\/#organization\"},\"potentialAction\":[{\"@type\":\"SearchAction\",\"target\":{\"@type\":\"EntryPoint\",\"urlTemplate\":\"https:\\\/\\\/oud.caravanrepair.eu\\\/?s={search_term_string}\"},\"query-input\":{\"@type\":\"PropertyValueSpecification\",\"valueRequired\":true,\"valueName\":\"search_term_string\"}}],\"inLanguage\":\"fr-FR\"},{\"@type\":\"Organization\",\"@id\":\"https:\\\/\\\/oud.caravanrepair.eu\\\/#organization\",\"name\":\"CaravanRepair\u00ae\",\"url\":\"https:\\\/\\\/oud.caravanrepair.eu\\\/\",\"logo\":{\"@type\":\"ImageObject\",\"inLanguage\":\"fr-FR\",\"@id\":\"https:\\\/\\\/oud.caravanrepair.eu\\\/#\\\/schema\\\/logo\\\/image\\\/\",\"url\":\"https:\\\/\\\/oud.caravanrepair.eu\\\/wp-content\\\/uploads\\\/2019\\\/01\\\/logo-caravanrepair.png\",\"contentUrl\":\"https:\\\/\\\/oud.caravanrepair.eu\\\/wp-content\\\/uploads\\\/2019\\\/01\\\/logo-caravanrepair.png\",\"width\":353,\"height\":150,\"caption\":\"CaravanRepair\u00ae\"},\"image\":{\"@id\":\"https:\\\/\\\/oud.caravanrepair.eu\\\/#\\\/schema\\\/logo\\\/image\\\/\"}}]}<\/script>\n<!-- \/ Yoast SEO Premium plugin. -->","yoast_head_json":{"title":"D\u00e9g\u00e2ts sur caravane Hoogezand : r\u00e9paration sp\u00e9cialis\u00e9e pour caravanes","description":"D\u00e9g\u00e2ts sur la caravane \u00e0 Hoogezand ? Faites confiance \u00e0 l&#039;expertise de notre concessionnaire pour une r\u00e9paration professionnelle et experte des dommages caus\u00e9s \u00e0 votre caravane.","robots":{"index":"noindex","follow":"follow","max-snippet":"max-snippet:-1","max-image-preview":"max-image-preview:large","max-video-preview":"max-video-preview:-1"},"og_locale":"fr_FR","og_type":"article","og_title":"Caravan schade Hoogezand","og_description":"Caravan schade Hoogezand? Vertrouw op de expertise van onze dealer voor professioneel en vakkundig herstel van schade aan jouw caravan.","og_url":"https:\/\/oud.caravanrepair.eu\/fr\/caravane-endommagee-dans-le-sable-eleve\/","og_site_name":"CaravanRepair\u00ae","article_modified_time":"2025-01-18T15:32:06+00:00","og_image":[{"width":1280,"height":960,"url":"https:\/\/oud.caravanrepair.eu\/wp-content\/uploads\/2024\/03\/c82ae431-a383-4dbf-9ade-b14425984c36.jpg","type":"image\/jpeg"}],"twitter_card":"summary_large_image","twitter_misc":{"Dur\u00e9e de lecture estim\u00e9e":"3 minutes"},"schema":{"@context":"https:\/\/schema.org","@graph":[{"@type":"WebPage","@id":"https:\/\/oud.caravanrepair.eu\/caravan-schade-hoogezand\/","url":"https:\/\/oud.caravanrepair.eu\/caravan-schade-hoogezand\/","name":"D\u00e9g\u00e2ts sur caravane Hoogezand : r\u00e9paration sp\u00e9cialis\u00e9e pour caravanes","isPartOf":{"@id":"https:\/\/oud.caravanrepair.eu\/#website"},"primaryImageOfPage":{"@id":"https:\/\/oud.caravanrepair.eu\/caravan-schade-hoogezand\/#primaryimage"},"image":{"@id":"https:\/\/oud.caravanrepair.eu\/caravan-schade-hoogezand\/#primaryimage"},"thumbnailUrl":"https:\/\/oud.caravanrepair.eu\/wp-content\/uploads\/2024\/03\/c82ae431-a383-4dbf-9ade-b14425984c36-1024x768.jpg","datePublished":"2025-01-18T14:49:28+00:00","dateModified":"2025-01-18T15:32:06+00:00","description":"D\u00e9g\u00e2ts sur la caravane \u00e0 Hoogezand ? Faites confiance \u00e0 l&#039;expertise de notre concessionnaire pour une r\u00e9paration professionnelle et experte des dommages caus\u00e9s \u00e0 votre caravane.","breadcrumb":{"@id":"https:\/\/oud.caravanrepair.eu\/caravan-schade-hoogezand\/#breadcrumb"},"inLanguage":"fr-FR","potentialAction":[{"@type":"ReadAction","target":["https:\/\/oud.caravanrepair.eu\/caravan-schade-hoogezand\/"]}]},{"@type":"ImageObject","inLanguage":"fr-FR","@id":"https:\/\/oud.caravanrepair.eu\/caravan-schade-hoogezand\/#primaryimage","url":"https:\/\/oud.caravanrepair.eu\/wp-content\/uploads\/2024\/03\/c82ae431-a383-4dbf-9ade-b14425984c36-1024x768.jpg","contentUrl":"https:\/\/oud.caravanrepair.eu\/wp-content\/uploads\/2024\/03\/c82ae431-a383-4dbf-9ade-b14425984c36-1024x768.jpg"},{"@type":"BreadcrumbList","@id":"https:\/\/oud.caravanrepair.eu\/caravan-schade-hoogezand\/#breadcrumb","itemListElement":[{"@type":"ListItem","position":1,"name":"Home","item":"https:\/\/oud.caravanrepair.eu\/"},{"@type":"ListItem","position":2,"name":"Caravan schade Hoogezand"}]},{"@type":"WebSite","@id":"https:\/\/oud.caravanrepair.eu\/#website","url":"https:\/\/oud.caravanrepair.eu\/","name":"CaravanRepair\u00ae","description":"R\u00e9paration professionnelle de dommages pour caravane et camping-car","publisher":{"@id":"https:\/\/oud.caravanrepair.eu\/#organization"},"potentialAction":[{"@type":"SearchAction","target":{"@type":"EntryPoint","urlTemplate":"https:\/\/oud.caravanrepair.eu\/?s={search_term_string}"},"query-input":{"@type":"PropertyValueSpecification","valueRequired":true,"valueName":"search_term_string"}}],"inLanguage":"fr-FR"},{"@type":"Organization","@id":"https:\/\/oud.caravanrepair.eu\/#organization","name":"CaravanRepair\u00ae","url":"https:\/\/oud.caravanrepair.eu\/","logo":{"@type":"ImageObject","inLanguage":"fr-FR","@id":"https:\/\/oud.caravanrepair.eu\/#\/schema\/logo\/image\/","url":"https:\/\/oud.caravanrepair.eu\/wp-content\/uploads\/2019\/01\/logo-caravanrepair.png","contentUrl":"https:\/\/oud.caravanrepair.eu\/wp-content\/uploads\/2019\/01\/logo-caravanrepair.png","width":353,"height":150,"caption":"CaravanRepair\u00ae"},"image":{"@id":"https:\/\/oud.caravanrepair.eu\/#\/schema\/logo\/image\/"}}]}},"_links":{"self":[{"href":"https:\/\/oud.caravanrepair.eu\/fr\/wp-json\/wp\/v2\/pages\/19207","targetHints":{"allow":["GET"]}}],"collection":[{"href":"https:\/\/oud.caravanrepair.eu\/fr\/wp-json\/wp\/v2\/pages"}],"about":[{"href":"https:\/\/oud.caravanrepair.eu\/fr\/wp-json\/wp\/v2\/types\/page"}],"author":[{"embeddable":true,"href":"https:\/\/oud.caravanrepair.eu\/fr\/wp-json\/wp\/v2\/users\/3"}],"replies":[{"embeddable":true,"href":"https:\/\/oud.caravanrepair.eu\/fr\/wp-json\/wp\/v2\/comments?post=19207"}],"version-history":[{"count":0,"href":"https:\/\/oud.caravanrepair.eu\/fr\/wp-json\/wp\/v2\/pages\/19207\/revisions"}],"wp:attachment":[{"href":"https:\/\/oud.caravanrepair.eu\/fr\/wp-json\/wp\/v2\/media?parent=19207"}],"curies":[{"name":"wp","href":"https:\/\/api.w.org\/{rel}","templated":true}]}}