{"id":19505,"date":"2025-02-26T10:06:44","date_gmt":"2025-02-26T09:06:44","guid":{"rendered":"https:\/\/oud.caravanrepair.eu\/?page_id=19505"},"modified":"2025-05-15T10:25:49","modified_gmt":"2025-05-15T08:25:49","slug":"reparation-caravane-palamos","status":"publish","type":"page","link":"https:\/\/oud.caravanrepair.eu\/fr\/caravanrepair-palamos\/","title":{"rendered":"R\u00e9paration de caravanes Palam\u00f3s"},"content":{"rendered":"<div data-elementor-type=\"wp-page\" data-elementor-id=\"19505\" class=\"elementor elementor-19505\" data-elementor-post-type=\"page\">\n\t\t\t\t\t\t<section class=\"elementor-section elementor-top-section elementor-element elementor-element-cb37226 elementor-section-height-min-height elementor-section-content-middle elementor-section-full_width elementor-section-height-default elementor-section-items-middle\" data-id=\"cb37226\" data-element_type=\"section\" data-e-type=\"section\" data-settings=\"{&quot;background_background&quot;:&quot;classic&quot;}\">\n\t\t\t\t\t\t\t<div class=\"elementor-background-overlay\"><\/div>\n\t\t\t\t\t\t\t<div class=\"elementor-container elementor-column-gap-default\">\n\t\t\t\t\t<div class=\"elementor-column elementor-col-100 elementor-top-column elementor-element elementor-element-3d0f05ad\" data-id=\"3d0f05ad\" data-element_type=\"column\" data-e-type=\"column\">\n\t\t\t<div class=\"elementor-widget-wrap elementor-element-populated\">\n\t\t\t\t\t\t<div class=\"elementor-element elementor-element-4aed9c84 elementor-widget elementor-widget-heading\" data-id=\"4aed9c84\" data-element_type=\"widget\" data-e-type=\"widget\" data-widget_type=\"heading.default\">\n\t\t\t\t<div class=\"elementor-widget-container\">\n\t\t\t\t\t<h1 class=\"elementor-heading-title elementor-size-default\">R\u00e9paration de caravanes Palam\u00f3s<\/h1>\t\t\t\t<\/div>\n\t\t\t\t<\/div>\n\t\t\t\t<div class=\"elementor-element elementor-element-6468441d elementor-widget elementor-widget-heading\" data-id=\"6468441d\" data-element_type=\"widget\" data-e-type=\"widget\" data-widget_type=\"heading.default\">\n\t\t\t\t<div class=\"elementor-widget-container\">\n\t\t\t\t\t<p class=\"elementor-heading-title elementor-size-default\"> <\/p>\t\t\t\t<\/div>\n\t\t\t\t<\/div>\n\t\t\t\t\t<\/div>\n\t\t<\/div>\n\t\t\t\t\t<\/div>\n\t\t<\/section>\n\t\t\t\t<section class=\"elementor-section elementor-top-section elementor-element elementor-element-4cf69522 elementor-section-content-middle elementor-section-boxed elementor-section-height-default elementor-section-height-default\" data-id=\"4cf69522\" data-element_type=\"section\" data-e-type=\"section\">\n\t\t\t\t\t\t<div class=\"elementor-container elementor-column-gap-no\">\n\t\t\t\t\t<div class=\"elementor-column elementor-col-100 elementor-top-column elementor-element elementor-element-3b2e1fb9\" data-id=\"3b2e1fb9\" data-element_type=\"column\" data-e-type=\"column\">\n\t\t\t<div class=\"elementor-widget-wrap elementor-element-populated\">\n\t\t\t\t\t\t<div class=\"elementor-element elementor-element-6990ec9e elementor-widget elementor-widget-heading\" data-id=\"6990ec9e\" data-element_type=\"widget\" data-e-type=\"widget\" data-widget_type=\"heading.default\">\n\t\t\t\t<div class=\"elementor-widget-container\">\n\t\t\t\t\t<h2 class=\"elementor-heading-title elementor-size-default\">Bienvenue chez notre concessionnaire CaravanRepair \u00e0 Palam\u00f3s<\/h2>\t\t\t\t<\/div>\n\t\t\t\t<\/div>\n\t\t\t\t\t<\/div>\n\t\t<\/div>\n\t\t\t\t\t<\/div>\n\t\t<\/section>\n\t\t\t\t<section class=\"elementor-section elementor-top-section elementor-element elementor-element-4d2bc65f elementor-section-content-middle elementor-reverse-mobile elementor-section-boxed elementor-section-height-default elementor-section-height-default\" data-id=\"4d2bc65f\" data-element_type=\"section\" data-e-type=\"section\">\n\t\t\t\t\t\t<div class=\"elementor-container elementor-column-gap-no\">\n\t\t\t\t\t<div class=\"elementor-column elementor-col-50 elementor-top-column elementor-element elementor-element-6969fa37\" data-id=\"6969fa37\" data-element_type=\"column\" data-e-type=\"column\">\n\t\t\t<div class=\"elementor-widget-wrap elementor-element-populated\">\n\t\t\t\t\t\t<div class=\"elementor-element elementor-element-248f9625 elementor-widget elementor-widget-heading\" data-id=\"248f9625\" data-element_type=\"widget\" data-e-type=\"widget\" data-widget_type=\"heading.default\">\n\t\t\t\t<div class=\"elementor-widget-container\">\n\t\t\t\t\t<h3 class=\"elementor-heading-title elementor-size-default\">Sp\u00e9cialiste en dommages aux caravanes et camping-cars<\/h3>\t\t\t\t<\/div>\n\t\t\t\t<\/div>\n\t\t\t\t<div class=\"elementor-element elementor-element-10293c54 elementor-widget elementor-widget-text-editor\" data-id=\"10293c54\" data-element_type=\"widget\" data-e-type=\"widget\" data-widget_type=\"text-editor.default\">\n\t\t\t\t<div class=\"elementor-widget-container\">\n\t\t\t\t\t\t\t\t\t<h3><strong>R\u00e9paration de caravanes Palam\u00f3s<\/strong><\/h3><p>\u00e9tend son r\u00e9seau ! Nous sommes fiers d&#039;annoncer notre nouveau concessionnaire \u00e0 Palam\u00f3s, une adresse de confiance pour les r\u00e9parations expertes et la r\u00e9paration des dommages pour caravanes et camping-cars. Que vous ayez des dommages dus \u00e0 un accident, \u00e0 une temp\u00eate ou \u00e0 l&#039;usure, notre \u00e9quipe de sp\u00e9cialistes est pr\u00eate \u00e0 vous fournir un service de qualit\u00e9 sup\u00e9rieure.<\/p><h3 style=\"font-weight: 400;\"><strong>Des ann\u00e9es d&#039;exp\u00e9rience en r\u00e9paration de dommages<\/strong><\/h3><p style=\"font-weight: 400;\">Notre partenaire \u00e0 Palam\u00f3s est une entreprise renomm\u00e9e avec des ann\u00e9es d&#039;exp\u00e9rience dans la r\u00e9paration de caravanes et de camping-cars. Avec un \u00e9quipement de pointe et un personnel qualifi\u00e9, nous assurons que votre v\u00e9hicule soit r\u00e9par\u00e9 rapidement et professionnellement. Des petites bosses aux dommages structurels majeurs, vous pouvez toujours compter sur un travail de la plus haute qualit\u00e9.<\/p><h3 style=\"font-weight: 400;\"><strong>Pourquoi choisir notre revendeur \u00e0 Palam\u00f3s ?<\/strong><\/h3><ul style=\"font-weight: 400;\"><li><strong>Sp\u00e9cialis\u00e9 en caravanes et camping-cars<\/strong>:Gr\u00e2ce \u00e0 des ann\u00e9es d&#039;exp\u00e9rience, nous savons exactement comment r\u00e9parer au mieux votre v\u00e9hicule.<\/li><li><strong>Service rapide et fiable<\/strong>:Nous comprenons que parfois vos projets de vacances sont en jeu. C&#039;est pourquoi nous assurons des r\u00e9parations rapides sans compromis sur la qualit\u00e9.<\/li><li><strong>Techniques de r\u00e9paration modernes<\/strong>:Nos techniques et mat\u00e9riaux sont de derni\u00e8re g\u00e9n\u00e9ration, pour que votre caravane ou camping-car retrouve son aspect neuf.<\/li><li><strong>Service client personnalis\u00e9<\/strong>:Nous \u00e9coutons vos souhaits et vous proposons une approche personnalis\u00e9e pour que vous soyez enti\u00e8rement satisfait du r\u00e9sultat.<\/li><\/ul>\t\t\t\t\t\t\t\t<\/div>\n\t\t\t\t<\/div>\n\t\t\t\t\t<\/div>\n\t\t<\/div>\n\t\t\t\t<div class=\"elementor-column elementor-col-50 elementor-top-column elementor-element elementor-element-389a2312\" data-id=\"389a2312\" data-element_type=\"column\" data-e-type=\"column\">\n\t\t\t<div class=\"elementor-widget-wrap elementor-element-populated\">\n\t\t\t\t\t\t<div class=\"elementor-element elementor-element-14a766e4 elementor-widget elementor-widget-image\" data-id=\"14a766e4\" data-element_type=\"widget\" data-e-type=\"widget\" data-widget_type=\"image.default\">\n\t\t\t\t<div class=\"elementor-widget-container\">\n\t\t\t\t\t\t\t\t\t\t\t\t\t\t\t<img fetchpriority=\"high\" decoding=\"async\" width=\"1024\" height=\"768\" src=\"https:\/\/oud.caravanrepair.eu\/wp-content\/uploads\/2025\/02\/062B1B4F-B5FB-4E4F-A8EA-6BF21B588FEF-1024x768.jpeg\" class=\"attachment-large size-large wp-image-19371\" alt=\"CaravanRepair Sitges\" srcset=\"https:\/\/oud.caravanrepair.eu\/wp-content\/uploads\/2025\/02\/062B1B4F-B5FB-4E4F-A8EA-6BF21B588FEF-16x12.jpeg 16w, https:\/\/oud.caravanrepair.eu\/wp-content\/uploads\/2025\/02\/062B1B4F-B5FB-4E4F-A8EA-6BF21B588FEF-200x150.jpeg 200w, https:\/\/oud.caravanrepair.eu\/wp-content\/uploads\/2025\/02\/062B1B4F-B5FB-4E4F-A8EA-6BF21B588FEF-300x225.jpeg 300w, https:\/\/oud.caravanrepair.eu\/wp-content\/uploads\/2025\/02\/062B1B4F-B5FB-4E4F-A8EA-6BF21B588FEF-400x300.jpeg 400w, https:\/\/oud.caravanrepair.eu\/wp-content\/uploads\/2025\/02\/062B1B4F-B5FB-4E4F-A8EA-6BF21B588FEF-600x450.jpeg 600w, https:\/\/oud.caravanrepair.eu\/wp-content\/uploads\/2025\/02\/062B1B4F-B5FB-4E4F-A8EA-6BF21B588FEF-768x576.jpeg 768w, https:\/\/oud.caravanrepair.eu\/wp-content\/uploads\/2025\/02\/062B1B4F-B5FB-4E4F-A8EA-6BF21B588FEF-800x600.jpeg 800w, https:\/\/oud.caravanrepair.eu\/wp-content\/uploads\/2025\/02\/062B1B4F-B5FB-4E4F-A8EA-6BF21B588FEF-1024x768.jpeg 1024w, https:\/\/oud.caravanrepair.eu\/wp-content\/uploads\/2025\/02\/062B1B4F-B5FB-4E4F-A8EA-6BF21B588FEF-1200x900.jpeg 1200w, https:\/\/oud.caravanrepair.eu\/wp-content\/uploads\/2025\/02\/062B1B4F-B5FB-4E4F-A8EA-6BF21B588FEF-1536x1152.jpeg 1536w, https:\/\/oud.caravanrepair.eu\/wp-content\/uploads\/2025\/02\/062B1B4F-B5FB-4E4F-A8EA-6BF21B588FEF-scaled.jpeg 1920w\" sizes=\"(max-width: 1024px) 100vw, 1024px\" \/>\t\t\t\t\t\t\t\t\t\t\t\t\t\t\t<\/div>\n\t\t\t\t<\/div>\n\t\t\t\t\t<\/div>\n\t\t<\/div>\n\t\t\t\t\t<\/div>\n\t\t<\/section>\n\t\t\t\t<section class=\"elementor-section elementor-top-section elementor-element elementor-element-4dc33ea9 elementor-section-content-middle elementor-section-boxed elementor-section-height-default elementor-section-height-default\" data-id=\"4dc33ea9\" data-element_type=\"section\" data-e-type=\"section\" data-settings=\"{&quot;background_background&quot;:&quot;classic&quot;}\">\n\t\t\t\t\t\t\t<div class=\"elementor-background-overlay\"><\/div>\n\t\t\t\t\t\t\t<div class=\"elementor-container elementor-column-gap-no\">\n\t\t\t\t\t<div class=\"elementor-column elementor-col-100 elementor-top-column elementor-element elementor-element-5589d4b5\" data-id=\"5589d4b5\" data-element_type=\"column\" data-e-type=\"column\">\n\t\t\t<div class=\"elementor-widget-wrap elementor-element-populated\">\n\t\t\t\t\t\t<div class=\"elementor-element elementor-element-9a648d1 elementor-widget elementor-widget-heading\" data-id=\"9a648d1\" data-element_type=\"widget\" data-e-type=\"widget\" data-widget_type=\"heading.default\">\n\t\t\t\t<div class=\"elementor-widget-container\">\n\t\t\t\t\t<h2 class=\"elementor-heading-title elementor-size-default\">Signaler un d\u00e9g\u00e2t caravane ou camping-car ?<\/h2>\t\t\t\t<\/div>\n\t\t\t\t<\/div>\n\t\t\t\t<div class=\"elementor-element elementor-element-2ebe4eca elementor-widget elementor-widget-text-editor\" data-id=\"2ebe4eca\" data-element_type=\"widget\" data-e-type=\"widget\" data-widget_type=\"text-editor.default\">\n\t\t\t\t<div class=\"elementor-widget-container\">\n\t\t\t\t\t\t\t\t\t<p style=\"text-align: center;\">Si votre caravane ou votre camping-car a \u00e9t\u00e9 endommag\u00e9, veuillez remplir le formulaire de dommages en ligne et nous vous contacterons.<\/p>\t\t\t\t\t\t\t\t<\/div>\n\t\t\t\t<\/div>\n\t\t\t\t<div class=\"elementor-element elementor-element-54a831ce elementor-align-center elementor-mobile-align-left elementor-widget elementor-widget-button\" data-id=\"54a831ce\" data-element_type=\"widget\" data-e-type=\"widget\" data-widget_type=\"button.default\">\n\t\t\t\t<div class=\"elementor-widget-container\">\n\t\t\t\t\t\t\t\t\t<div class=\"elementor-button-wrapper\">\n\t\t\t\t\t<a class=\"elementor-button elementor-button-link elementor-size-sm elementor-animation-grow\" href=\"https:\/\/oud.caravanrepair.eu\/fr\/antragsformular\/\">\n\t\t\t\t\t\t<span class=\"elementor-button-content-wrapper\">\n\t\t\t\t\t\t\t\t\t<span class=\"elementor-button-text\">SIGNALER LES DOMMAGES<\/span>\n\t\t\t\t\t<\/span>\n\t\t\t\t\t<\/a>\n\t\t\t\t<\/div>\n\t\t\t\t\t\t\t\t<\/div>\n\t\t\t\t<\/div>\n\t\t\t\t\t<\/div>\n\t\t<\/div>\n\t\t\t\t\t<\/div>\n\t\t<\/section>\n\t\t\t\t<section class=\"elementor-section elementor-top-section elementor-element elementor-element-41c33ef6 elementor-section-full_width elementor-section-content-middle elementor-section-height-default elementor-section-height-default\" data-id=\"41c33ef6\" data-element_type=\"section\" data-e-type=\"section\">\n\t\t\t\t\t\t<div class=\"elementor-container elementor-column-gap-no\">\n\t\t\t\t\t<div class=\"elementor-column elementor-col-50 elementor-top-column elementor-element elementor-element-4efbc5df\" data-id=\"4efbc5df\" data-element_type=\"column\" data-e-type=\"column\" data-settings=\"{&quot;background_background&quot;:&quot;classic&quot;}\">\n\t\t\t<div class=\"elementor-widget-wrap elementor-element-populated\">\n\t\t\t\t\t<div class=\"elementor-background-overlay\"><\/div>\n\t\t\t\t\t\t<div class=\"elementor-element elementor-element-1d3d0412 elementor-widget elementor-widget-heading\" data-id=\"1d3d0412\" data-element_type=\"widget\" data-e-type=\"widget\" data-widget_type=\"heading.default\">\n\t\t\t\t<div class=\"elementor-widget-container\">\n\t\t\t\t\t<h3 class=\"elementor-heading-title elementor-size-default\">Groupe CaravanRepair\u00ae<\/h3>\t\t\t\t<\/div>\n\t\t\t\t<\/div>\n\t\t\t\t\t<\/div>\n\t\t<\/div>\n\t\t\t\t<div class=\"elementor-column elementor-col-50 elementor-top-column elementor-element elementor-element-2ce1a1de\" data-id=\"2ce1a1de\" data-element_type=\"column\" data-e-type=\"column\">\n\t\t\t<div class=\"elementor-widget-wrap elementor-element-populated\">\n\t\t\t\t\t\t<div class=\"elementor-element elementor-element-257c7c0e elementor-widget elementor-widget-text-editor\" data-id=\"257c7c0e\" data-element_type=\"widget\" data-e-type=\"widget\" data-widget_type=\"text-editor.default\">\n\t\t\t\t<div class=\"elementor-widget-container\">\n\t\t\t\t\t\t\t\t\t<h3 style=\"font-weight: 400;\"><strong>Nos services \u00e0 Palam\u00f3s:<\/strong><\/h3><ul style=\"font-weight: 400;\"><li><strong>R\u00e9paration des dommages caus\u00e9s aux caravanes et aux camping-cars<\/strong>:Des petites rayures aux dommages graves, nous r\u00e9parons votre v\u00e9hicule dans les moindres d\u00e9tails.<\/li><li><strong>\u00c9valuation des dommages et conseils<\/strong>:Nous fournissons des \u00e9valuations d\u00e9taill\u00e9es des dommages et vous aidons dans vos r\u00e9clamations d\u2019assurance.<\/li><li><strong>R\u00e9paration int\u00e9rieure et ext\u00e9rieure<\/strong>:Nous r\u00e9parerons soigneusement l&#039;int\u00e9rieur et l&#039;ext\u00e9rieur de votre caravane ou camping-car.<\/li><li><strong>Entretien et inspections<\/strong>:En plus de la r\u00e9paration des dommages, nous proposons \u00e9galement des entretiens et des inspections p\u00e9riodiques, afin que vous puissiez toujours voyager en toute tranquillit\u00e9.<\/li><\/ul><h3 style=\"font-weight: 400;\"><strong>Pour signaler un dommage, cliquez sur le lien ci-dessous<\/strong><\/h3><p style=\"font-weight: 400;\">Notre concessionnaire est facilement accessible et offre un excellent service pour les caravanes et camping-cars de la r\u00e9gion. Prenez rapidement rendez-vous pour une inspection ou une r\u00e9paration de dommage et d\u00e9couvrez par vous-m\u00eame pourquoi nous sommes le meilleur choix pour votre v\u00e9hicule.<\/p><h4 style=\"font-weight: 400;\"><a href=\"https:\/\/oud.caravanrepair.eu\/fr\/antragsformular\/\" target=\"_blank\" rel=\"noopener\"><em><strong>cliquez ici pour d\u00e9clarer votre sinistre<\/strong><\/em><\/a><\/h4>\t\t\t\t\t\t\t\t<\/div>\n\t\t\t\t<\/div>\n\t\t\t\t\t<\/div>\n\t\t<\/div>\n\t\t\t\t\t<\/div>\n\t\t<\/section>\n\t\t\t\t<section class=\"elementor-section elementor-top-section elementor-element elementor-element-b90eda3 elementor-section-content-middle elementor-section-boxed elementor-section-height-default elementor-section-height-default\" data-id=\"b90eda3\" data-element_type=\"section\" data-e-type=\"section\" data-settings=\"{&quot;background_background&quot;:&quot;classic&quot;}\">\n\t\t\t\t\t\t\t<div class=\"elementor-background-overlay\"><\/div>\n\t\t\t\t\t\t\t<div class=\"elementor-container elementor-column-gap-no\">\n\t\t\t\t\t<div class=\"elementor-column elementor-col-50 elementor-top-column elementor-element elementor-element-31c924fc\" data-id=\"31c924fc\" data-element_type=\"column\" data-e-type=\"column\">\n\t\t\t<div class=\"elementor-widget-wrap elementor-element-populated\">\n\t\t\t\t\t\t<div class=\"elementor-element elementor-element-199c10ae elementor-widget elementor-widget-heading\" data-id=\"199c10ae\" data-element_type=\"widget\" data-e-type=\"widget\" data-widget_type=\"heading.default\">\n\t\t\t\t<div class=\"elementor-widget-container\">\n\t\t\t\t\t<h2 class=\"elementor-heading-title elementor-size-default\">Vous recherchez un r\u00e9parateur CaravanRepair\u00ae pr\u00e8s de chez vous ?<\/h2>\t\t\t\t<\/div>\n\t\t\t\t<\/div>\n\t\t\t\t<div class=\"elementor-element elementor-element-5f35482e elementor-widget elementor-widget-text-editor\" data-id=\"5f35482e\" data-element_type=\"widget\" data-e-type=\"widget\" data-widget_type=\"text-editor.default\">\n\t\t\t\t<div class=\"elementor-widget-container\">\n\t\t\t\t\t\t\t\t\t<p>Nos r\u00e9parateurs sont actifs dans toute l\u2019Europe !<\/p>\t\t\t\t\t\t\t\t<\/div>\n\t\t\t\t<\/div>\n\t\t\t\t\t<\/div>\n\t\t<\/div>\n\t\t\t\t<div class=\"elementor-column elementor-col-50 elementor-top-column elementor-element elementor-element-13791fd8\" data-id=\"13791fd8\" data-element_type=\"column\" data-e-type=\"column\">\n\t\t\t<div class=\"elementor-widget-wrap elementor-element-populated\">\n\t\t\t\t\t\t<div class=\"elementor-element elementor-element-e2f6463 elementor-align-center elementor-mobile-align-left elementor-widget elementor-widget-button\" data-id=\"e2f6463\" data-element_type=\"widget\" data-e-type=\"widget\" data-widget_type=\"button.default\">\n\t\t\t\t<div class=\"elementor-widget-container\">\n\t\t\t\t\t\t\t\t\t<div class=\"elementor-button-wrapper\">\n\t\t\t\t\t<a class=\"elementor-button elementor-button-link elementor-size-sm elementor-animation-grow\" href=\"https:\/\/oud.caravanrepair.eu\/fr\/concessionnaires\/\">\n\t\t\t\t\t\t<span class=\"elementor-button-content-wrapper\">\n\t\t\t\t\t\t\t\t\t<span class=\"elementor-button-text\">Rechercher maintenant<\/span>\n\t\t\t\t\t<\/span>\n\t\t\t\t\t<\/a>\n\t\t\t\t<\/div>\n\t\t\t\t\t\t\t\t<\/div>\n\t\t\t\t<\/div>\n\t\t\t\t\t<\/div>\n\t\t<\/div>\n\t\t\t\t\t<\/div>\n\t\t<\/section>\n\t\t\t\t<\/div>","protected":false},"excerpt":{"rendered":"<p>CaravanRepair Palam\u00f3s Bienvenue chez notre concessionnaire CaravanRepair \u00e0 Palam\u00f3s Sp\u00e9cialiste des dommages aux caravanes et camping-cars CaravanRepair Palam\u00f3s \u00e9tend son r\u00e9seau !<\/p>","protected":false},"author":3,"featured_media":0,"parent":0,"menu_order":0,"comment_status":"closed","ping_status":"closed","template":"elementor_header_footer","meta":{"footnotes":""},"class_list":["post-19505","page","type-page","status-publish","hentry","pagina_tag-caravanrepair-dealers"],"yoast_head":"<!-- This site is optimized with the Yoast SEO Premium plugin v27.5 (Yoast SEO v28.3) - https:\/\/yoast.com\/product\/yoast-seo-premium-wordpress\/ -->\n<title>CaravanRepair Palam\u00f3s schadeherstel voor Caravans en Campers<\/title>\n<meta name=\"description\" content=\"Ervaar snelle en professionele CaravanRepair in Palam\u00f3s. Wij staan klaar voor al je caravan en camper schadeherstel behoeften.\" \/>\n<meta name=\"robots\" content=\"noindex, follow, max-snippet:-1, max-image-preview:large, max-video-preview:-1\" \/>\n<meta property=\"og:locale\" content=\"fr_FR\" \/>\n<meta property=\"og:type\" content=\"article\" \/>\n<meta property=\"og:title\" content=\"CaravanRepair Palam\u00f3s\" \/>\n<meta property=\"og:description\" content=\"Ervaar snelle en professionele CaravanRepair in Palam\u00f3s. Wij staan klaar voor al je caravan en camper schadeherstel behoeften.\" \/>\n<meta property=\"og:url\" content=\"https:\/\/oud.caravanrepair.eu\/fr\/reparation-caravane-palamos\/\" \/>\n<meta property=\"og:site_name\" content=\"CaravanRepair\u00ae\" \/>\n<meta property=\"article:modified_time\" content=\"2025-05-15T08:25:49+00:00\" \/>\n<meta property=\"og:image\" content=\"https:\/\/oud.caravanrepair.eu\/wp-content\/uploads\/2025\/02\/062B1B4F-B5FB-4E4F-A8EA-6BF21B588FEF-scaled.jpeg\" \/>\n\t<meta property=\"og:image:width\" content=\"1920\" \/>\n\t<meta property=\"og:image:height\" content=\"1440\" \/>\n\t<meta property=\"og:image:type\" content=\"image\/jpeg\" \/>\n<meta name=\"twitter:card\" content=\"summary_large_image\" \/>\n<meta name=\"twitter:label1\" content=\"Dur\u00e9e de lecture estim\u00e9e\" \/>\n\t<meta name=\"twitter:data1\" content=\"3 minutes\" \/>\n<script type=\"application\/ld+json\" class=\"yoast-schema-graph\">{\"@context\":\"https:\\\/\\\/schema.org\",\"@graph\":[{\"@type\":\"WebPage\",\"@id\":\"https:\\\/\\\/oud.caravanrepair.eu\\\/caravanrepair-palamos\\\/\",\"url\":\"https:\\\/\\\/oud.caravanrepair.eu\\\/caravanrepair-palamos\\\/\",\"name\":\"CaravanRepair Palam\u00f3s schadeherstel voor Caravans en Campers\",\"isPartOf\":{\"@id\":\"https:\\\/\\\/oud.caravanrepair.eu\\\/#website\"},\"primaryImageOfPage\":{\"@id\":\"https:\\\/\\\/oud.caravanrepair.eu\\\/caravanrepair-palamos\\\/#primaryimage\"},\"image\":{\"@id\":\"https:\\\/\\\/oud.caravanrepair.eu\\\/caravanrepair-palamos\\\/#primaryimage\"},\"thumbnailUrl\":\"https:\\\/\\\/oud.caravanrepair.eu\\\/wp-content\\\/uploads\\\/2025\\\/02\\\/062B1B4F-B5FB-4E4F-A8EA-6BF21B588FEF-1024x768.jpeg\",\"datePublished\":\"2025-02-26T09:06:44+00:00\",\"dateModified\":\"2025-05-15T08:25:49+00:00\",\"description\":\"Ervaar snelle en professionele CaravanRepair in Palam\u00f3s. Wij staan klaar voor al je caravan en camper schadeherstel behoeften.\",\"breadcrumb\":{\"@id\":\"https:\\\/\\\/oud.caravanrepair.eu\\\/caravanrepair-palamos\\\/#breadcrumb\"},\"inLanguage\":\"fr-FR\",\"potentialAction\":[{\"@type\":\"ReadAction\",\"target\":[\"https:\\\/\\\/oud.caravanrepair.eu\\\/caravanrepair-palamos\\\/\"]}]},{\"@type\":\"ImageObject\",\"inLanguage\":\"fr-FR\",\"@id\":\"https:\\\/\\\/oud.caravanrepair.eu\\\/caravanrepair-palamos\\\/#primaryimage\",\"url\":\"https:\\\/\\\/oud.caravanrepair.eu\\\/wp-content\\\/uploads\\\/2025\\\/02\\\/062B1B4F-B5FB-4E4F-A8EA-6BF21B588FEF-1024x768.jpeg\",\"contentUrl\":\"https:\\\/\\\/oud.caravanrepair.eu\\\/wp-content\\\/uploads\\\/2025\\\/02\\\/062B1B4F-B5FB-4E4F-A8EA-6BF21B588FEF-1024x768.jpeg\"},{\"@type\":\"BreadcrumbList\",\"@id\":\"https:\\\/\\\/oud.caravanrepair.eu\\\/caravanrepair-palamos\\\/#breadcrumb\",\"itemListElement\":[{\"@type\":\"ListItem\",\"position\":1,\"name\":\"Home\",\"item\":\"https:\\\/\\\/oud.caravanrepair.eu\\\/\"},{\"@type\":\"ListItem\",\"position\":2,\"name\":\"CaravanRepair Palam\u00f3s\"}]},{\"@type\":\"WebSite\",\"@id\":\"https:\\\/\\\/oud.caravanrepair.eu\\\/#website\",\"url\":\"https:\\\/\\\/oud.caravanrepair.eu\\\/\",\"name\":\"CaravanRepair\u00ae\",\"description\":\"Professioneel schadeherstel voor caravan en camper\",\"publisher\":{\"@id\":\"https:\\\/\\\/oud.caravanrepair.eu\\\/#organization\"},\"potentialAction\":[{\"@type\":\"SearchAction\",\"target\":{\"@type\":\"EntryPoint\",\"urlTemplate\":\"https:\\\/\\\/oud.caravanrepair.eu\\\/?s={search_term_string}\"},\"query-input\":{\"@type\":\"PropertyValueSpecification\",\"valueRequired\":true,\"valueName\":\"search_term_string\"}}],\"inLanguage\":\"fr-FR\"},{\"@type\":\"Organization\",\"@id\":\"https:\\\/\\\/oud.caravanrepair.eu\\\/#organization\",\"name\":\"CaravanRepair\u00ae\",\"url\":\"https:\\\/\\\/oud.caravanrepair.eu\\\/\",\"logo\":{\"@type\":\"ImageObject\",\"inLanguage\":\"fr-FR\",\"@id\":\"https:\\\/\\\/oud.caravanrepair.eu\\\/#\\\/schema\\\/logo\\\/image\\\/\",\"url\":\"https:\\\/\\\/oud.caravanrepair.eu\\\/wp-content\\\/uploads\\\/2019\\\/01\\\/logo-caravanrepair.png\",\"contentUrl\":\"https:\\\/\\\/oud.caravanrepair.eu\\\/wp-content\\\/uploads\\\/2019\\\/01\\\/logo-caravanrepair.png\",\"width\":353,\"height\":150,\"caption\":\"CaravanRepair\u00ae\"},\"image\":{\"@id\":\"https:\\\/\\\/oud.caravanrepair.eu\\\/#\\\/schema\\\/logo\\\/image\\\/\"}}]}<\/script>\n<!-- \/ Yoast SEO Premium plugin. -->","yoast_head_json":{"title":"R\u00e9paration de dommages pour caravanes et camping-cars \u00e0 Palam\u00f3s","description":"Faites l&#039;exp\u00e9rience d&#039;un service de r\u00e9paration de caravanes rapide et professionnel \u00e0 Palam\u00f3s. Nous sommes pr\u00eats pour tous vos besoins de r\u00e9paration de dommages sur caravanes et camping-cars.","robots":{"index":"noindex","follow":"follow","max-snippet":"max-snippet:-1","max-image-preview":"max-image-preview:large","max-video-preview":"max-video-preview:-1"},"og_locale":"fr_FR","og_type":"article","og_title":"CaravanRepair Palam\u00f3s","og_description":"Ervaar snelle en professionele CaravanRepair in Palam\u00f3s. Wij staan klaar voor al je caravan en camper schadeherstel behoeften.","og_url":"https:\/\/oud.caravanrepair.eu\/fr\/reparation-caravane-palamos\/","og_site_name":"CaravanRepair\u00ae","article_modified_time":"2025-05-15T08:25:49+00:00","og_image":[{"width":1920,"height":1440,"url":"https:\/\/oud.caravanrepair.eu\/wp-content\/uploads\/2025\/02\/062B1B4F-B5FB-4E4F-A8EA-6BF21B588FEF-scaled.jpeg","type":"image\/jpeg"}],"twitter_card":"summary_large_image","twitter_misc":{"Dur\u00e9e de lecture estim\u00e9e":"3 minutes"},"schema":{"@context":"https:\/\/schema.org","@graph":[{"@type":"WebPage","@id":"https:\/\/oud.caravanrepair.eu\/caravanrepair-palamos\/","url":"https:\/\/oud.caravanrepair.eu\/caravanrepair-palamos\/","name":"R\u00e9paration de dommages pour caravanes et camping-cars \u00e0 Palam\u00f3s","isPartOf":{"@id":"https:\/\/oud.caravanrepair.eu\/#website"},"primaryImageOfPage":{"@id":"https:\/\/oud.caravanrepair.eu\/caravanrepair-palamos\/#primaryimage"},"image":{"@id":"https:\/\/oud.caravanrepair.eu\/caravanrepair-palamos\/#primaryimage"},"thumbnailUrl":"https:\/\/oud.caravanrepair.eu\/wp-content\/uploads\/2025\/02\/062B1B4F-B5FB-4E4F-A8EA-6BF21B588FEF-1024x768.jpeg","datePublished":"2025-02-26T09:06:44+00:00","dateModified":"2025-05-15T08:25:49+00:00","description":"Faites l&#039;exp\u00e9rience d&#039;un service de r\u00e9paration de caravanes rapide et professionnel \u00e0 Palam\u00f3s. Nous sommes pr\u00eats pour tous vos besoins de r\u00e9paration de dommages sur caravanes et camping-cars.","breadcrumb":{"@id":"https:\/\/oud.caravanrepair.eu\/caravanrepair-palamos\/#breadcrumb"},"inLanguage":"fr-FR","potentialAction":[{"@type":"ReadAction","target":["https:\/\/oud.caravanrepair.eu\/caravanrepair-palamos\/"]}]},{"@type":"ImageObject","inLanguage":"fr-FR","@id":"https:\/\/oud.caravanrepair.eu\/caravanrepair-palamos\/#primaryimage","url":"https:\/\/oud.caravanrepair.eu\/wp-content\/uploads\/2025\/02\/062B1B4F-B5FB-4E4F-A8EA-6BF21B588FEF-1024x768.jpeg","contentUrl":"https:\/\/oud.caravanrepair.eu\/wp-content\/uploads\/2025\/02\/062B1B4F-B5FB-4E4F-A8EA-6BF21B588FEF-1024x768.jpeg"},{"@type":"BreadcrumbList","@id":"https:\/\/oud.caravanrepair.eu\/caravanrepair-palamos\/#breadcrumb","itemListElement":[{"@type":"ListItem","position":1,"name":"Home","item":"https:\/\/oud.caravanrepair.eu\/"},{"@type":"ListItem","position":2,"name":"CaravanRepair Palam\u00f3s"}]},{"@type":"WebSite","@id":"https:\/\/oud.caravanrepair.eu\/#website","url":"https:\/\/oud.caravanrepair.eu\/","name":"CaravanRepair\u00ae","description":"R\u00e9paration professionnelle de dommages pour caravane et camping-car","publisher":{"@id":"https:\/\/oud.caravanrepair.eu\/#organization"},"potentialAction":[{"@type":"SearchAction","target":{"@type":"EntryPoint","urlTemplate":"https:\/\/oud.caravanrepair.eu\/?s={search_term_string}"},"query-input":{"@type":"PropertyValueSpecification","valueRequired":true,"valueName":"search_term_string"}}],"inLanguage":"fr-FR"},{"@type":"Organization","@id":"https:\/\/oud.caravanrepair.eu\/#organization","name":"CaravanRepair\u00ae","url":"https:\/\/oud.caravanrepair.eu\/","logo":{"@type":"ImageObject","inLanguage":"fr-FR","@id":"https:\/\/oud.caravanrepair.eu\/#\/schema\/logo\/image\/","url":"https:\/\/oud.caravanrepair.eu\/wp-content\/uploads\/2019\/01\/logo-caravanrepair.png","contentUrl":"https:\/\/oud.caravanrepair.eu\/wp-content\/uploads\/2019\/01\/logo-caravanrepair.png","width":353,"height":150,"caption":"CaravanRepair\u00ae"},"image":{"@id":"https:\/\/oud.caravanrepair.eu\/#\/schema\/logo\/image\/"}}]}},"_links":{"self":[{"href":"https:\/\/oud.caravanrepair.eu\/fr\/wp-json\/wp\/v2\/pages\/19505","targetHints":{"allow":["GET"]}}],"collection":[{"href":"https:\/\/oud.caravanrepair.eu\/fr\/wp-json\/wp\/v2\/pages"}],"about":[{"href":"https:\/\/oud.caravanrepair.eu\/fr\/wp-json\/wp\/v2\/types\/page"}],"author":[{"embeddable":true,"href":"https:\/\/oud.caravanrepair.eu\/fr\/wp-json\/wp\/v2\/users\/3"}],"replies":[{"embeddable":true,"href":"https:\/\/oud.caravanrepair.eu\/fr\/wp-json\/wp\/v2\/comments?post=19505"}],"version-history":[{"count":0,"href":"https:\/\/oud.caravanrepair.eu\/fr\/wp-json\/wp\/v2\/pages\/19505\/revisions"}],"wp:attachment":[{"href":"https:\/\/oud.caravanrepair.eu\/fr\/wp-json\/wp\/v2\/media?parent=19505"}],"curies":[{"name":"wp","href":"https:\/\/api.w.org\/{rel}","templated":true}]}}