{"id":20843,"date":"2025-05-06T12:44:27","date_gmt":"2025-05-06T10:44:27","guid":{"rendered":"https:\/\/oud.caravanrepair.eu\/?page_id=20843"},"modified":"2025-05-06T13:21:12","modified_gmt":"2025-05-06T11:21:12","slug":"caravane-dommages-lelystad","status":"publish","type":"page","link":"https:\/\/oud.caravanrepair.eu\/fr\/caravan-schade-lelystad\/","title":{"rendered":"Dommages \u00e0 la caravane Lelystad"},"content":{"rendered":"<div data-elementor-type=\"wp-page\" data-elementor-id=\"20843\" class=\"elementor elementor-20843\" data-elementor-post-type=\"page\">\n\t\t\t\t\t\t<section class=\"elementor-section elementor-top-section elementor-element elementor-element-2fd347be elementor-section-height-min-height elementor-section-content-middle elementor-section-full_width elementor-section-height-default elementor-section-items-middle\" data-id=\"2fd347be\" data-element_type=\"section\" data-e-type=\"section\" data-settings=\"{&quot;background_background&quot;:&quot;classic&quot;}\">\n\t\t\t\t\t\t\t<div class=\"elementor-background-overlay\"><\/div>\n\t\t\t\t\t\t\t<div class=\"elementor-container elementor-column-gap-default\">\n\t\t\t\t\t<div class=\"elementor-column elementor-col-100 elementor-top-column elementor-element elementor-element-341c0778\" data-id=\"341c0778\" data-element_type=\"column\" data-e-type=\"column\">\n\t\t\t<div class=\"elementor-widget-wrap elementor-element-populated\">\n\t\t\t\t\t\t<div class=\"elementor-element elementor-element-5a32e9a7 elementor-widget elementor-widget-heading\" data-id=\"5a32e9a7\" data-element_type=\"widget\" data-e-type=\"widget\" data-widget_type=\"heading.default\">\n\t\t\t\t<div class=\"elementor-widget-container\">\n\t\t\t\t\t<h1 class=\"elementor-heading-title elementor-size-default\">Dommages \u00e0 la caravane Lelystad<\/h1>\t\t\t\t<\/div>\n\t\t\t\t<\/div>\n\t\t\t\t<div class=\"elementor-element elementor-element-71e0fb8f elementor-widget elementor-widget-heading\" data-id=\"71e0fb8f\" data-element_type=\"widget\" data-e-type=\"widget\" data-widget_type=\"heading.default\">\n\t\t\t\t<div class=\"elementor-widget-container\">\n\t\t\t\t\t<p class=\"elementor-heading-title elementor-size-default\"> <\/p>\t\t\t\t<\/div>\n\t\t\t\t<\/div>\n\t\t\t\t\t<\/div>\n\t\t<\/div>\n\t\t\t\t\t<\/div>\n\t\t<\/section>\n\t\t\t\t<section class=\"elementor-section elementor-top-section elementor-element elementor-element-42fce90e elementor-section-content-middle elementor-section-boxed elementor-section-height-default elementor-section-height-default\" data-id=\"42fce90e\" data-element_type=\"section\" data-e-type=\"section\">\n\t\t\t\t\t\t<div class=\"elementor-container elementor-column-gap-no\">\n\t\t\t\t\t<div class=\"elementor-column elementor-col-100 elementor-top-column elementor-element elementor-element-43744a27\" data-id=\"43744a27\" data-element_type=\"column\" data-e-type=\"column\">\n\t\t\t<div class=\"elementor-widget-wrap elementor-element-populated\">\n\t\t\t\t\t\t<div class=\"elementor-element elementor-element-59f6f852 elementor-widget elementor-widget-heading\" data-id=\"59f6f852\" data-element_type=\"widget\" data-e-type=\"widget\" data-widget_type=\"heading.default\">\n\t\t\t\t<div class=\"elementor-widget-container\">\n\t\t\t\t\t<h2 class=\"elementor-heading-title elementor-size-default\">R\u00e9paration des dommages de caravane ou camping-car r\u00e9par\u00e9 par des professionnels.<\/h2>\t\t\t\t<\/div>\n\t\t\t\t<\/div>\n\t\t\t\t\t<\/div>\n\t\t<\/div>\n\t\t\t\t\t<\/div>\n\t\t<\/section>\n\t\t\t\t<section class=\"elementor-section elementor-top-section elementor-element elementor-element-7fe05db elementor-section-content-middle elementor-reverse-mobile elementor-section-boxed elementor-section-height-default elementor-section-height-default\" data-id=\"7fe05db\" data-element_type=\"section\" data-e-type=\"section\">\n\t\t\t\t\t\t<div class=\"elementor-container elementor-column-gap-no\">\n\t\t\t\t\t<div class=\"elementor-column elementor-col-50 elementor-top-column elementor-element elementor-element-2a2e8a6a\" data-id=\"2a2e8a6a\" data-element_type=\"column\" data-e-type=\"column\">\n\t\t\t<div class=\"elementor-widget-wrap elementor-element-populated\">\n\t\t\t\t\t\t<div class=\"elementor-element elementor-element-443ef493 elementor-widget elementor-widget-heading\" data-id=\"443ef493\" data-element_type=\"widget\" data-e-type=\"widget\" data-widget_type=\"heading.default\">\n\t\t\t\t<div class=\"elementor-widget-container\">\n\t\t\t\t\t<h3 class=\"elementor-heading-title elementor-size-default\">R\u00e9paration des dommages \u00e0 la caravane \u00e0 Lelystad - Rapide, experte et fiable<\/h3>\t\t\t\t<\/div>\n\t\t\t\t<\/div>\n\t\t\t\t<div class=\"elementor-element elementor-element-26cc1b1e elementor-widget elementor-widget-text-editor\" data-id=\"26cc1b1e\" data-element_type=\"widget\" data-e-type=\"widget\" data-widget_type=\"text-editor.default\">\n\t\t\t\t<div class=\"elementor-widget-container\">\n\t\t\t\t\t\t\t\t\t<h3><strong>Sp\u00e9cialiste du service pour caravanes et camping-cars \u00e0 Lelystad<\/strong><\/h3><p style=\"font-weight: 400;\">Caravan Damage Lelystad est une entreprise de r\u00e9paration de dommages professionnelle et fiable qui a le souci du d\u00e9tail. Vous avez subi un dommage ? Qu'il s'agisse d'une petite \u00e9raflure, d'un d\u00e9g\u00e2t de gr\u00eale, d'une bosse sur la paroi lat\u00e9rale ou d'un d\u00e9g\u00e2t plus important suite \u00e0 une collision - chez <strong>CaravanRepair Lelystad<\/strong>\u00a0vous \u00eates au bon endroit. Nous sommes le sp\u00e9cialiste en\u00a0<strong>r\u00e9paration de caravanes<\/strong>\u00a0dans le Flevoland, avec des ann\u00e9es d'exp\u00e9rience, des m\u00e9caniciens qualifi\u00e9s et un excellent service.<\/p><h3 style=\"font-weight: 400;\"><strong>Ce que nous pouvons faire pour vous :<\/strong><\/h3><p style=\"font-weight: 400;\">\u2705\u00a0<strong>R\u00e9paration des d\u00e9g\u00e2ts caus\u00e9s par la gr\u00eale, la temp\u00eate et l'humidit\u00e9<\/strong><br \/>\u2705\u00a0<strong>Bosses et remplacement du placage<\/strong><br \/>\u2705\u00a0<strong>R\u00e9paration des dommages caus\u00e9s par le polyester<\/strong><br \/>\u2705\u00a0<strong>Remplacement du pare-brise et joints d'\u00e9tanch\u00e9it\u00e9<\/strong><br \/>\u2705\u00a0<strong>R\u00e8glement des sinistres avec tous les assureurs<\/strong><\/p><p style=\"font-weight: 400;\"><strong>Pourquoi choisir Caravan Damage Lelystad ?<\/strong><\/p><p style=\"font-weight: 400;\">\ud83d\udd27\u00a0<strong>Des professionnels exp\u00e9riment\u00e9s<\/strong>\u00a0- Notre \u00e9quipe travaille avec les derni\u00e8res technologies et des pi\u00e8ces d'origine.<br \/>\ud83d\udccd\u00a0<strong>Situation centrale \u00e0 Lelystad<\/strong>\u00a0- Facilement accessible, \u00e9galement pour les clients d'Almere, de Dronten et d'Emmeloord.<br \/>\ud83d\udccb\u00a0<strong>Gestion compl\u00e8te des sinistres<\/strong>\u00a0- Nous nous occupons de tout avec votre assureur, vous n'avez donc aucun souci \u00e0 vous faire.<br \/>\u23f1\u00a0<strong>Service rapide<\/strong>\u00a0- Dans de nombreux cas, votre caravane sera de nouveau pr\u00eate \u00e0 l'emploi en l'espace de quelques jours.<\/p>\t\t\t\t\t\t\t\t<\/div>\n\t\t\t\t<\/div>\n\t\t\t\t\t<\/div>\n\t\t<\/div>\n\t\t\t\t<div class=\"elementor-column elementor-col-50 elementor-top-column elementor-element elementor-element-6991c136\" data-id=\"6991c136\" data-element_type=\"column\" data-e-type=\"column\">\n\t\t\t<div class=\"elementor-widget-wrap elementor-element-populated\">\n\t\t\t\t\t\t<div class=\"elementor-element elementor-element-3d7cb57f elementor-widget elementor-widget-image\" data-id=\"3d7cb57f\" data-element_type=\"widget\" data-e-type=\"widget\" data-widget_type=\"image.default\">\n\t\t\t\t<div class=\"elementor-widget-container\">\n\t\t\t\t\t\t\t\t\t\t\t\t\t\t\t<img fetchpriority=\"high\" decoding=\"async\" width=\"1024\" height=\"768\" src=\"https:\/\/oud.caravanrepair.eu\/wp-content\/uploads\/2025\/02\/062B1B4F-B5FB-4E4F-A8EA-6BF21B588FEF-1024x768.jpeg\" class=\"attachment-large size-large wp-image-19371\" alt=\"CaravanRepair Sitges\" srcset=\"https:\/\/oud.caravanrepair.eu\/wp-content\/uploads\/2025\/02\/062B1B4F-B5FB-4E4F-A8EA-6BF21B588FEF-16x12.jpeg 16w, https:\/\/oud.caravanrepair.eu\/wp-content\/uploads\/2025\/02\/062B1B4F-B5FB-4E4F-A8EA-6BF21B588FEF-200x150.jpeg 200w, https:\/\/oud.caravanrepair.eu\/wp-content\/uploads\/2025\/02\/062B1B4F-B5FB-4E4F-A8EA-6BF21B588FEF-300x225.jpeg 300w, https:\/\/oud.caravanrepair.eu\/wp-content\/uploads\/2025\/02\/062B1B4F-B5FB-4E4F-A8EA-6BF21B588FEF-400x300.jpeg 400w, https:\/\/oud.caravanrepair.eu\/wp-content\/uploads\/2025\/02\/062B1B4F-B5FB-4E4F-A8EA-6BF21B588FEF-600x450.jpeg 600w, https:\/\/oud.caravanrepair.eu\/wp-content\/uploads\/2025\/02\/062B1B4F-B5FB-4E4F-A8EA-6BF21B588FEF-768x576.jpeg 768w, https:\/\/oud.caravanrepair.eu\/wp-content\/uploads\/2025\/02\/062B1B4F-B5FB-4E4F-A8EA-6BF21B588FEF-800x600.jpeg 800w, https:\/\/oud.caravanrepair.eu\/wp-content\/uploads\/2025\/02\/062B1B4F-B5FB-4E4F-A8EA-6BF21B588FEF-1024x768.jpeg 1024w, https:\/\/oud.caravanrepair.eu\/wp-content\/uploads\/2025\/02\/062B1B4F-B5FB-4E4F-A8EA-6BF21B588FEF-1200x900.jpeg 1200w, https:\/\/oud.caravanrepair.eu\/wp-content\/uploads\/2025\/02\/062B1B4F-B5FB-4E4F-A8EA-6BF21B588FEF-1536x1152.jpeg 1536w, https:\/\/oud.caravanrepair.eu\/wp-content\/uploads\/2025\/02\/062B1B4F-B5FB-4E4F-A8EA-6BF21B588FEF-scaled.jpeg 1920w\" sizes=\"(max-width: 1024px) 100vw, 1024px\" \/>\t\t\t\t\t\t\t\t\t\t\t\t\t\t\t<\/div>\n\t\t\t\t<\/div>\n\t\t\t\t\t<\/div>\n\t\t<\/div>\n\t\t\t\t\t<\/div>\n\t\t<\/section>\n\t\t\t\t<section class=\"elementor-section elementor-top-section elementor-element elementor-element-8b25acc elementor-section-content-middle elementor-section-boxed elementor-section-height-default elementor-section-height-default\" data-id=\"8b25acc\" data-element_type=\"section\" data-e-type=\"section\" data-settings=\"{&quot;background_background&quot;:&quot;classic&quot;}\">\n\t\t\t\t\t\t\t<div class=\"elementor-background-overlay\"><\/div>\n\t\t\t\t\t\t\t<div class=\"elementor-container elementor-column-gap-no\">\n\t\t\t\t\t<div class=\"elementor-column elementor-col-100 elementor-top-column elementor-element elementor-element-67703952\" data-id=\"67703952\" data-element_type=\"column\" data-e-type=\"column\">\n\t\t\t<div class=\"elementor-widget-wrap elementor-element-populated\">\n\t\t\t\t\t\t<div class=\"elementor-element elementor-element-187eafea elementor-widget elementor-widget-heading\" data-id=\"187eafea\" data-element_type=\"widget\" data-e-type=\"widget\" data-widget_type=\"heading.default\">\n\t\t\t\t<div class=\"elementor-widget-container\">\n\t\t\t\t\t<h2 class=\"elementor-heading-title elementor-size-default\">Signaler un d\u00e9g\u00e2t caravane ou camping-car ?<\/h2>\t\t\t\t<\/div>\n\t\t\t\t<\/div>\n\t\t\t\t<div class=\"elementor-element elementor-element-33cac0f9 elementor-widget elementor-widget-text-editor\" data-id=\"33cac0f9\" data-element_type=\"widget\" data-e-type=\"widget\" data-widget_type=\"text-editor.default\">\n\t\t\t\t<div class=\"elementor-widget-container\">\n\t\t\t\t\t\t\t\t\t<p style=\"text-align: center;\">Si votre caravane ou votre camping-car a \u00e9t\u00e9 endommag\u00e9, veuillez remplir le formulaire de dommages en ligne et nous vous contacterons.<\/p>\t\t\t\t\t\t\t\t<\/div>\n\t\t\t\t<\/div>\n\t\t\t\t<div class=\"elementor-element elementor-element-7806b39a elementor-align-center elementor-mobile-align-left elementor-widget elementor-widget-button\" data-id=\"7806b39a\" data-element_type=\"widget\" data-e-type=\"widget\" data-widget_type=\"button.default\">\n\t\t\t\t<div class=\"elementor-widget-container\">\n\t\t\t\t\t\t\t\t\t<div class=\"elementor-button-wrapper\">\n\t\t\t\t\t<a class=\"elementor-button elementor-button-link elementor-size-sm elementor-animation-grow\" href=\"https:\/\/oud.caravanrepair.eu\/fr\/antragsformular\/\">\n\t\t\t\t\t\t<span class=\"elementor-button-content-wrapper\">\n\t\t\t\t\t\t\t\t\t<span class=\"elementor-button-text\">SIGNALER LES DOMMAGES<\/span>\n\t\t\t\t\t<\/span>\n\t\t\t\t\t<\/a>\n\t\t\t\t<\/div>\n\t\t\t\t\t\t\t\t<\/div>\n\t\t\t\t<\/div>\n\t\t\t\t\t<\/div>\n\t\t<\/div>\n\t\t\t\t\t<\/div>\n\t\t<\/section>\n\t\t\t\t<section class=\"elementor-section elementor-top-section elementor-element elementor-element-101e5b26 elementor-section-full_width elementor-section-content-middle elementor-section-height-default elementor-section-height-default\" data-id=\"101e5b26\" data-element_type=\"section\" data-e-type=\"section\">\n\t\t\t\t\t\t<div class=\"elementor-container elementor-column-gap-no\">\n\t\t\t\t\t<div class=\"elementor-column elementor-col-50 elementor-top-column elementor-element elementor-element-136330d8\" data-id=\"136330d8\" data-element_type=\"column\" data-e-type=\"column\" data-settings=\"{&quot;background_background&quot;:&quot;classic&quot;}\">\n\t\t\t<div class=\"elementor-widget-wrap elementor-element-populated\">\n\t\t\t\t\t<div class=\"elementor-background-overlay\"><\/div>\n\t\t\t\t\t\t<div class=\"elementor-element elementor-element-81f8de4 elementor-widget elementor-widget-heading\" data-id=\"81f8de4\" data-element_type=\"widget\" data-e-type=\"widget\" data-widget_type=\"heading.default\">\n\t\t\t\t<div class=\"elementor-widget-container\">\n\t\t\t\t\t<h3 class=\"elementor-heading-title elementor-size-default\">Dommages \u00e0 la caravane Lelystad<\/h3>\t\t\t\t<\/div>\n\t\t\t\t<\/div>\n\t\t\t\t\t<\/div>\n\t\t<\/div>\n\t\t\t\t<div class=\"elementor-column elementor-col-50 elementor-top-column elementor-element elementor-element-35698b0f\" data-id=\"35698b0f\" data-element_type=\"column\" data-e-type=\"column\">\n\t\t\t<div class=\"elementor-widget-wrap elementor-element-populated\">\n\t\t\t\t\t\t<div class=\"elementor-element elementor-element-3fdf9802 elementor-widget elementor-widget-text-editor\" data-id=\"3fdf9802\" data-element_type=\"widget\" data-e-type=\"widget\" data-widget_type=\"text-editor.default\">\n\t\t\t\t<div class=\"elementor-widget-container\">\n\t\t\t\t\t\t\t\t\t<h3 style=\"font-weight: 400;\"><strong>Dommages \u00e0 la caravane \u00e0 Lelystad ? Nous sommes \u00e0 votre service !<\/strong><\/h3><p style=\"font-weight: 400;\">Lorsque votre caravane est endommag\u00e9e, vous souhaitez naturellement qu'elle soit r\u00e9par\u00e9e le plus rapidement possible et de mani\u00e8re professionnelle. Contactez-nous d\u00e8s aujourd'hui pour un devis sans engagement ou un rendez-vous pour une inspection.<\/p><p style=\"font-weight: 400;\">\ud83d\udcde\u00a0<strong>Appelez-nous directement au +31 321 324 425<\/strong><br \/>\ud83d\udce7\u00a0<strong>Ou envoyez un courriel \u00e0 info@oud.caravanrepair.eu<\/strong><br \/>\ud83d\udccd<a href=\"https:\/\/oud.caravanrepair.eu\/fr\/antragsformular\/\" target=\"_blank\" rel=\"noopener\"><span style=\"text-decoration: underline;\"><em> <strong>Remplir le formulaire de demande ici<\/strong><\/em><\/span><\/a><\/p><p><strong>CaravanRepair Lelystad - Votre partenaire en mati\u00e8re de dommages et de r\u00e9paration de caravanes !<\/strong><\/p>\t\t\t\t\t\t\t\t<\/div>\n\t\t\t\t<\/div>\n\t\t\t\t\t<\/div>\n\t\t<\/div>\n\t\t\t\t\t<\/div>\n\t\t<\/section>\n\t\t\t\t<section class=\"elementor-section elementor-top-section elementor-element elementor-element-623c55c1 elementor-section-content-middle elementor-section-boxed elementor-section-height-default elementor-section-height-default\" data-id=\"623c55c1\" data-element_type=\"section\" data-e-type=\"section\" data-settings=\"{&quot;background_background&quot;:&quot;classic&quot;}\">\n\t\t\t\t\t\t\t<div class=\"elementor-background-overlay\"><\/div>\n\t\t\t\t\t\t\t<div class=\"elementor-container elementor-column-gap-no\">\n\t\t\t\t\t<div class=\"elementor-column elementor-col-50 elementor-top-column elementor-element elementor-element-20b59cdb\" data-id=\"20b59cdb\" data-element_type=\"column\" data-e-type=\"column\">\n\t\t\t<div class=\"elementor-widget-wrap elementor-element-populated\">\n\t\t\t\t\t\t<div class=\"elementor-element elementor-element-5627c094 elementor-widget elementor-widget-heading\" data-id=\"5627c094\" data-element_type=\"widget\" data-e-type=\"widget\" data-widget_type=\"heading.default\">\n\t\t\t\t<div class=\"elementor-widget-container\">\n\t\t\t\t\t<h2 class=\"elementor-heading-title elementor-size-default\">Vous recherchez un r\u00e9parateur CaravanRepair\u00ae pr\u00e8s de chez vous ?<\/h2>\t\t\t\t<\/div>\n\t\t\t\t<\/div>\n\t\t\t\t<div class=\"elementor-element elementor-element-f818190 elementor-widget elementor-widget-text-editor\" data-id=\"f818190\" data-element_type=\"widget\" data-e-type=\"widget\" data-widget_type=\"text-editor.default\">\n\t\t\t\t<div class=\"elementor-widget-container\">\n\t\t\t\t\t\t\t\t\t<p>Nos r\u00e9parateurs sont actifs dans toute l\u2019Europe !<\/p>\t\t\t\t\t\t\t\t<\/div>\n\t\t\t\t<\/div>\n\t\t\t\t\t<\/div>\n\t\t<\/div>\n\t\t\t\t<div class=\"elementor-column elementor-col-50 elementor-top-column elementor-element elementor-element-4bc764d2\" data-id=\"4bc764d2\" data-element_type=\"column\" data-e-type=\"column\">\n\t\t\t<div class=\"elementor-widget-wrap elementor-element-populated\">\n\t\t\t\t\t\t<div class=\"elementor-element elementor-element-1e67cd81 elementor-align-center elementor-mobile-align-left elementor-widget elementor-widget-button\" data-id=\"1e67cd81\" data-element_type=\"widget\" data-e-type=\"widget\" data-widget_type=\"button.default\">\n\t\t\t\t<div class=\"elementor-widget-container\">\n\t\t\t\t\t\t\t\t\t<div class=\"elementor-button-wrapper\">\n\t\t\t\t\t<a class=\"elementor-button elementor-button-link elementor-size-sm elementor-animation-grow\" href=\"https:\/\/oud.caravanrepair.eu\/fr\/concessionnaires\/\">\n\t\t\t\t\t\t<span class=\"elementor-button-content-wrapper\">\n\t\t\t\t\t\t\t\t\t<span class=\"elementor-button-text\">Rechercher maintenant<\/span>\n\t\t\t\t\t<\/span>\n\t\t\t\t\t<\/a>\n\t\t\t\t<\/div>\n\t\t\t\t\t\t\t\t<\/div>\n\t\t\t\t<\/div>\n\t\t\t\t\t<\/div>\n\t\t<\/div>\n\t\t\t\t\t<\/div>\n\t\t<\/section>\n\t\t\t\t<\/div>","protected":false},"excerpt":{"rendered":"<p>Dommages \u00e0 la caravane Lelystad R\u00e9paration des dommages \u00e0 la caravane ou au camping-car par des professionnels. R\u00e9paration de dommages \u00e0 la caravane \u00e0 Lelystad - Rapide, comp\u00e9tent et fiable Sp\u00e9cialistes en<\/p>","protected":false},"author":3,"featured_media":0,"parent":0,"menu_order":0,"comment_status":"closed","ping_status":"closed","template":"elementor_header_footer","meta":{"footnotes":""},"class_list":["post-20843","page","type-page","status-publish","hentry","pagina_tag-caravan"],"yoast_head":"<!-- This site is optimized with the Yoast SEO Premium plugin v27.5 (Yoast SEO v28.3) - https:\/\/yoast.com\/product\/yoast-seo-premium-wordpress\/ -->\n<title>Caravan Schade Lelystad: Expert caravan schadeherstelservice<\/title>\n<meta name=\"description\" content=\"Caravan Schade Lelystad? Ontdek de specialist in caravanschadeherstel met jarenlange ervaring en uitstekende service.\" \/>\n<meta name=\"robots\" content=\"noindex, follow, max-snippet:-1, max-image-preview:large, max-video-preview:-1\" \/>\n<meta property=\"og:locale\" content=\"fr_FR\" \/>\n<meta property=\"og:type\" content=\"article\" \/>\n<meta property=\"og:title\" content=\"Caravan Schade Lelystad\" \/>\n<meta property=\"og:description\" content=\"Caravan Schade Lelystad? Ontdek de specialist in caravanschadeherstel met jarenlange ervaring en uitstekende service.\" \/>\n<meta property=\"og:url\" content=\"https:\/\/oud.caravanrepair.eu\/fr\/caravane-dommages-lelystad\/\" \/>\n<meta property=\"og:site_name\" content=\"CaravanRepair\u00ae\" \/>\n<meta property=\"article:modified_time\" content=\"2025-05-06T11:21:12+00:00\" \/>\n<meta property=\"og:image\" content=\"https:\/\/oud.caravanrepair.eu\/wp-content\/uploads\/2025\/02\/062B1B4F-B5FB-4E4F-A8EA-6BF21B588FEF-scaled.jpeg\" \/>\n\t<meta property=\"og:image:width\" content=\"1920\" \/>\n\t<meta property=\"og:image:height\" content=\"1440\" \/>\n\t<meta property=\"og:image:type\" content=\"image\/jpeg\" \/>\n<meta name=\"twitter:card\" content=\"summary_large_image\" \/>\n<meta name=\"twitter:label1\" content=\"Dur\u00e9e de lecture estim\u00e9e\" \/>\n\t<meta name=\"twitter:data1\" content=\"2 minutes\" \/>\n<script type=\"application\/ld+json\" class=\"yoast-schema-graph\">{\"@context\":\"https:\\\/\\\/schema.org\",\"@graph\":[{\"@type\":\"WebPage\",\"@id\":\"https:\\\/\\\/oud.caravanrepair.eu\\\/caravan-schade-lelystad\\\/\",\"url\":\"https:\\\/\\\/oud.caravanrepair.eu\\\/caravan-schade-lelystad\\\/\",\"name\":\"Caravan Schade Lelystad: Expert caravan schadeherstelservice\",\"isPartOf\":{\"@id\":\"https:\\\/\\\/oud.caravanrepair.eu\\\/#website\"},\"primaryImageOfPage\":{\"@id\":\"https:\\\/\\\/oud.caravanrepair.eu\\\/caravan-schade-lelystad\\\/#primaryimage\"},\"image\":{\"@id\":\"https:\\\/\\\/oud.caravanrepair.eu\\\/caravan-schade-lelystad\\\/#primaryimage\"},\"thumbnailUrl\":\"https:\\\/\\\/oud.caravanrepair.eu\\\/wp-content\\\/uploads\\\/2025\\\/02\\\/062B1B4F-B5FB-4E4F-A8EA-6BF21B588FEF-1024x768.jpeg\",\"datePublished\":\"2025-05-06T10:44:27+00:00\",\"dateModified\":\"2025-05-06T11:21:12+00:00\",\"description\":\"Caravan Schade Lelystad? Ontdek de specialist in caravanschadeherstel met jarenlange ervaring en uitstekende service.\",\"breadcrumb\":{\"@id\":\"https:\\\/\\\/oud.caravanrepair.eu\\\/caravan-schade-lelystad\\\/#breadcrumb\"},\"inLanguage\":\"fr-FR\",\"potentialAction\":[{\"@type\":\"ReadAction\",\"target\":[\"https:\\\/\\\/oud.caravanrepair.eu\\\/caravan-schade-lelystad\\\/\"]}]},{\"@type\":\"ImageObject\",\"inLanguage\":\"fr-FR\",\"@id\":\"https:\\\/\\\/oud.caravanrepair.eu\\\/caravan-schade-lelystad\\\/#primaryimage\",\"url\":\"https:\\\/\\\/oud.caravanrepair.eu\\\/wp-content\\\/uploads\\\/2025\\\/02\\\/062B1B4F-B5FB-4E4F-A8EA-6BF21B588FEF-1024x768.jpeg\",\"contentUrl\":\"https:\\\/\\\/oud.caravanrepair.eu\\\/wp-content\\\/uploads\\\/2025\\\/02\\\/062B1B4F-B5FB-4E4F-A8EA-6BF21B588FEF-1024x768.jpeg\"},{\"@type\":\"BreadcrumbList\",\"@id\":\"https:\\\/\\\/oud.caravanrepair.eu\\\/caravan-schade-lelystad\\\/#breadcrumb\",\"itemListElement\":[{\"@type\":\"ListItem\",\"position\":1,\"name\":\"Home\",\"item\":\"https:\\\/\\\/oud.caravanrepair.eu\\\/\"},{\"@type\":\"ListItem\",\"position\":2,\"name\":\"Caravan Schade Lelystad\"}]},{\"@type\":\"WebSite\",\"@id\":\"https:\\\/\\\/oud.caravanrepair.eu\\\/#website\",\"url\":\"https:\\\/\\\/oud.caravanrepair.eu\\\/\",\"name\":\"CaravanRepair\u00ae\",\"description\":\"Professioneel schadeherstel voor caravan en camper\",\"publisher\":{\"@id\":\"https:\\\/\\\/oud.caravanrepair.eu\\\/#organization\"},\"potentialAction\":[{\"@type\":\"SearchAction\",\"target\":{\"@type\":\"EntryPoint\",\"urlTemplate\":\"https:\\\/\\\/oud.caravanrepair.eu\\\/?s={search_term_string}\"},\"query-input\":{\"@type\":\"PropertyValueSpecification\",\"valueRequired\":true,\"valueName\":\"search_term_string\"}}],\"inLanguage\":\"fr-FR\"},{\"@type\":\"Organization\",\"@id\":\"https:\\\/\\\/oud.caravanrepair.eu\\\/#organization\",\"name\":\"CaravanRepair\u00ae\",\"url\":\"https:\\\/\\\/oud.caravanrepair.eu\\\/\",\"logo\":{\"@type\":\"ImageObject\",\"inLanguage\":\"fr-FR\",\"@id\":\"https:\\\/\\\/oud.caravanrepair.eu\\\/#\\\/schema\\\/logo\\\/image\\\/\",\"url\":\"https:\\\/\\\/oud.caravanrepair.eu\\\/wp-content\\\/uploads\\\/2019\\\/01\\\/logo-caravanrepair.png\",\"contentUrl\":\"https:\\\/\\\/oud.caravanrepair.eu\\\/wp-content\\\/uploads\\\/2019\\\/01\\\/logo-caravanrepair.png\",\"width\":353,\"height\":150,\"caption\":\"CaravanRepair\u00ae\"},\"image\":{\"@id\":\"https:\\\/\\\/oud.caravanrepair.eu\\\/#\\\/schema\\\/logo\\\/image\\\/\"}}]}<\/script>\n<!-- \/ Yoast SEO Premium plugin. -->","yoast_head_json":{"title":"Caravan Damage Lelystad : Service expert de r\u00e9paration des dommages aux caravanes","description":"Dommages \u00e0 la caravane Lelystad ? D\u00e9couvrez le sp\u00e9cialiste de la r\u00e9paration des dommages aux caravanes avec des ann\u00e9es d'exp\u00e9rience et un excellent service.","robots":{"index":"noindex","follow":"follow","max-snippet":"max-snippet:-1","max-image-preview":"max-image-preview:large","max-video-preview":"max-video-preview:-1"},"og_locale":"fr_FR","og_type":"article","og_title":"Caravan Schade Lelystad","og_description":"Caravan Schade Lelystad? Ontdek de specialist in caravanschadeherstel met jarenlange ervaring en uitstekende service.","og_url":"https:\/\/oud.caravanrepair.eu\/fr\/caravane-dommages-lelystad\/","og_site_name":"CaravanRepair\u00ae","article_modified_time":"2025-05-06T11:21:12+00:00","og_image":[{"width":1920,"height":1440,"url":"https:\/\/oud.caravanrepair.eu\/wp-content\/uploads\/2025\/02\/062B1B4F-B5FB-4E4F-A8EA-6BF21B588FEF-scaled.jpeg","type":"image\/jpeg"}],"twitter_card":"summary_large_image","twitter_misc":{"Dur\u00e9e de lecture estim\u00e9e":"2 minutes"},"schema":{"@context":"https:\/\/schema.org","@graph":[{"@type":"WebPage","@id":"https:\/\/oud.caravanrepair.eu\/caravan-schade-lelystad\/","url":"https:\/\/oud.caravanrepair.eu\/caravan-schade-lelystad\/","name":"Caravan Damage Lelystad : Service expert de r\u00e9paration des dommages aux caravanes","isPartOf":{"@id":"https:\/\/oud.caravanrepair.eu\/#website"},"primaryImageOfPage":{"@id":"https:\/\/oud.caravanrepair.eu\/caravan-schade-lelystad\/#primaryimage"},"image":{"@id":"https:\/\/oud.caravanrepair.eu\/caravan-schade-lelystad\/#primaryimage"},"thumbnailUrl":"https:\/\/oud.caravanrepair.eu\/wp-content\/uploads\/2025\/02\/062B1B4F-B5FB-4E4F-A8EA-6BF21B588FEF-1024x768.jpeg","datePublished":"2025-05-06T10:44:27+00:00","dateModified":"2025-05-06T11:21:12+00:00","description":"Dommages \u00e0 la caravane Lelystad ? D\u00e9couvrez le sp\u00e9cialiste de la r\u00e9paration des dommages aux caravanes avec des ann\u00e9es d'exp\u00e9rience et un excellent service.","breadcrumb":{"@id":"https:\/\/oud.caravanrepair.eu\/caravan-schade-lelystad\/#breadcrumb"},"inLanguage":"fr-FR","potentialAction":[{"@type":"ReadAction","target":["https:\/\/oud.caravanrepair.eu\/caravan-schade-lelystad\/"]}]},{"@type":"ImageObject","inLanguage":"fr-FR","@id":"https:\/\/oud.caravanrepair.eu\/caravan-schade-lelystad\/#primaryimage","url":"https:\/\/oud.caravanrepair.eu\/wp-content\/uploads\/2025\/02\/062B1B4F-B5FB-4E4F-A8EA-6BF21B588FEF-1024x768.jpeg","contentUrl":"https:\/\/oud.caravanrepair.eu\/wp-content\/uploads\/2025\/02\/062B1B4F-B5FB-4E4F-A8EA-6BF21B588FEF-1024x768.jpeg"},{"@type":"BreadcrumbList","@id":"https:\/\/oud.caravanrepair.eu\/caravan-schade-lelystad\/#breadcrumb","itemListElement":[{"@type":"ListItem","position":1,"name":"Home","item":"https:\/\/oud.caravanrepair.eu\/"},{"@type":"ListItem","position":2,"name":"Caravan Schade Lelystad"}]},{"@type":"WebSite","@id":"https:\/\/oud.caravanrepair.eu\/#website","url":"https:\/\/oud.caravanrepair.eu\/","name":"CaravanRepair\u00ae","description":"R\u00e9paration professionnelle de dommages pour caravane et camping-car","publisher":{"@id":"https:\/\/oud.caravanrepair.eu\/#organization"},"potentialAction":[{"@type":"SearchAction","target":{"@type":"EntryPoint","urlTemplate":"https:\/\/oud.caravanrepair.eu\/?s={search_term_string}"},"query-input":{"@type":"PropertyValueSpecification","valueRequired":true,"valueName":"search_term_string"}}],"inLanguage":"fr-FR"},{"@type":"Organization","@id":"https:\/\/oud.caravanrepair.eu\/#organization","name":"CaravanRepair\u00ae","url":"https:\/\/oud.caravanrepair.eu\/","logo":{"@type":"ImageObject","inLanguage":"fr-FR","@id":"https:\/\/oud.caravanrepair.eu\/#\/schema\/logo\/image\/","url":"https:\/\/oud.caravanrepair.eu\/wp-content\/uploads\/2019\/01\/logo-caravanrepair.png","contentUrl":"https:\/\/oud.caravanrepair.eu\/wp-content\/uploads\/2019\/01\/logo-caravanrepair.png","width":353,"height":150,"caption":"CaravanRepair\u00ae"},"image":{"@id":"https:\/\/oud.caravanrepair.eu\/#\/schema\/logo\/image\/"}}]}},"_links":{"self":[{"href":"https:\/\/oud.caravanrepair.eu\/fr\/wp-json\/wp\/v2\/pages\/20843","targetHints":{"allow":["GET"]}}],"collection":[{"href":"https:\/\/oud.caravanrepair.eu\/fr\/wp-json\/wp\/v2\/pages"}],"about":[{"href":"https:\/\/oud.caravanrepair.eu\/fr\/wp-json\/wp\/v2\/types\/page"}],"author":[{"embeddable":true,"href":"https:\/\/oud.caravanrepair.eu\/fr\/wp-json\/wp\/v2\/users\/3"}],"replies":[{"embeddable":true,"href":"https:\/\/oud.caravanrepair.eu\/fr\/wp-json\/wp\/v2\/comments?post=20843"}],"version-history":[{"count":0,"href":"https:\/\/oud.caravanrepair.eu\/fr\/wp-json\/wp\/v2\/pages\/20843\/revisions"}],"wp:attachment":[{"href":"https:\/\/oud.caravanrepair.eu\/fr\/wp-json\/wp\/v2\/media?parent=20843"}],"curies":[{"name":"wp","href":"https:\/\/api.w.org\/{rel}","templated":true}]}}