{"id":22975,"date":"2025-08-15T12:27:02","date_gmt":"2025-08-15T10:27:02","guid":{"rendered":"https:\/\/oud.caravanrepair.eu\/?page_id=22975"},"modified":"2025-08-29T09:46:49","modified_gmt":"2025-08-29T07:46:49","slug":"formation-en-reparation-de-mur-de-caravane","status":"publish","type":"page","link":"https:\/\/oud.caravanrepair.eu\/fr\/caravanwandherstel-opleiding\/","title":{"rendered":"Formation \u00e0 la r\u00e9paration des parois de caravanes"},"content":{"rendered":"<div data-elementor-type=\"wp-page\" data-elementor-id=\"22975\" class=\"elementor elementor-22975\" data-elementor-post-type=\"page\">\n\t\t\t\t\t\t<section class=\"elementor-section elementor-top-section elementor-element elementor-element-fc1baf5 elementor-section-height-min-height elementor-section-content-middle elementor-section-full_width elementor-section-height-default elementor-section-items-middle\" data-id=\"fc1baf5\" data-element_type=\"section\" data-e-type=\"section\" data-settings=\"{&quot;background_background&quot;:&quot;classic&quot;}\">\n\t\t\t\t\t\t\t<div class=\"elementor-background-overlay\"><\/div>\n\t\t\t\t\t\t\t<div class=\"elementor-container elementor-column-gap-default\">\n\t\t\t\t\t<div class=\"elementor-column elementor-col-100 elementor-top-column elementor-element elementor-element-5a01fa9d\" data-id=\"5a01fa9d\" data-element_type=\"column\" data-e-type=\"column\">\n\t\t\t<div class=\"elementor-widget-wrap elementor-element-populated\">\n\t\t\t\t\t\t<div class=\"elementor-element elementor-element-43f12923 elementor-widget elementor-widget-heading\" data-id=\"43f12923\" data-element_type=\"widget\" data-e-type=\"widget\" data-widget_type=\"heading.default\">\n\t\t\t\t<div class=\"elementor-widget-container\">\n\t\t\t\t\t<h1 class=\"elementor-heading-title elementor-size-default\">Formation en r\u00e9paration de parois de caravane - Devenez un sp\u00e9cialiste de la r\u00e9paration des dommages aux caravanes.<\/h1>\t\t\t\t<\/div>\n\t\t\t\t<\/div>\n\t\t\t\t<div class=\"elementor-element elementor-element-1885673e elementor-widget elementor-widget-heading\" data-id=\"1885673e\" data-element_type=\"widget\" data-e-type=\"widget\" data-widget_type=\"heading.default\">\n\t\t\t\t<div class=\"elementor-widget-container\">\n\t\t\t\t\t<p class=\"elementor-heading-title elementor-size-default\"> <\/p>\t\t\t\t<\/div>\n\t\t\t\t<\/div>\n\t\t\t\t\t<\/div>\n\t\t<\/div>\n\t\t\t\t\t<\/div>\n\t\t<\/section>\n\t\t\t\t<section class=\"elementor-section elementor-top-section elementor-element elementor-element-2a766495 elementor-section-content-middle elementor-section-boxed elementor-section-height-default elementor-section-height-default\" data-id=\"2a766495\" data-element_type=\"section\" data-e-type=\"section\">\n\t\t\t\t\t\t<div class=\"elementor-container elementor-column-gap-no\">\n\t\t\t\t\t<div class=\"elementor-column elementor-col-100 elementor-top-column elementor-element elementor-element-669b231c\" data-id=\"669b231c\" data-element_type=\"column\" data-e-type=\"column\">\n\t\t\t<div class=\"elementor-widget-wrap elementor-element-populated\">\n\t\t\t\t\t\t<div class=\"elementor-element elementor-element-7199d7 elementor-widget elementor-widget-heading\" data-id=\"7199d7\" data-element_type=\"widget\" data-e-type=\"widget\" data-widget_type=\"heading.default\">\n\t\t\t\t<div class=\"elementor-widget-container\">\n\t\t\t\t\t<h2 class=\"elementor-heading-title elementor-size-default\">Apprenez \u00e0 r\u00e9parer votre caravane de A \u00e0 Z sur CaravanRepair.<\/h2>\t\t\t\t<\/div>\n\t\t\t\t<\/div>\n\t\t\t\t\t<\/div>\n\t\t<\/div>\n\t\t\t\t\t<\/div>\n\t\t<\/section>\n\t\t\t\t<section class=\"elementor-section elementor-top-section elementor-element elementor-element-461ff964 elementor-section-content-middle elementor-reverse-mobile elementor-section-boxed elementor-section-height-default elementor-section-height-default\" data-id=\"461ff964\" data-element_type=\"section\" data-e-type=\"section\">\n\t\t\t\t\t\t<div class=\"elementor-container elementor-column-gap-no\">\n\t\t\t\t\t<div class=\"elementor-column elementor-col-50 elementor-top-column elementor-element elementor-element-107ba5e7\" data-id=\"107ba5e7\" data-element_type=\"column\" data-e-type=\"column\">\n\t\t\t<div class=\"elementor-widget-wrap elementor-element-populated\">\n\t\t\t\t\t\t<div class=\"elementor-element elementor-element-cd020be elementor-widget elementor-widget-heading\" data-id=\"cd020be\" data-element_type=\"widget\" data-e-type=\"widget\" data-widget_type=\"heading.default\">\n\t\t\t\t<div class=\"elementor-widget-container\">\n\t\t\t\t\t<h3 class=\"elementor-heading-title elementor-size-default\">Formation \u00e0 la r\u00e9paration des parois de caravanes<\/h3>\t\t\t\t<\/div>\n\t\t\t\t<\/div>\n\t\t\t\t<div class=\"elementor-element elementor-element-176058d1 elementor-widget elementor-widget-text-editor\" data-id=\"176058d1\" data-element_type=\"widget\" data-e-type=\"widget\" data-widget_type=\"text-editor.default\">\n\t\t\t\t<div class=\"elementor-widget-container\">\n\t\t\t\t\t\t\t\t\t<h3 style=\"font-weight: 400;\"><strong>Pourquoi choisir la formation CaravanRepair ?<\/strong><\/h3><p style=\"font-weight: 400;\">Formation \u00e0 la r\u00e9paration des parois de caravanes, \u00e0 <strong>CaravaneR\u00e9paration<\/strong>\u00a0nous combinons\u00a0<strong>th\u00e9orie, pratique et expertise actualis\u00e9e<\/strong>\u00a0dans notre centre de formation interne. Nos formateurs exp\u00e9riment\u00e9s vous enseignent, \u00e9tape par \u00e9tape, comment r\u00e9parer de mani\u00e8re invisible les dommages caus\u00e9s aux murs des caravanes et des camping-cars, en utilisant les m\u00e9thodes de r\u00e9paration les plus r\u00e9centes.<\/p><h3 style=\"font-weight: 400;\"><strong>\u00a0<\/strong><strong>Qu'est-ce qui rend la formation CaravanRepair si unique ?<\/strong><\/h3><ul style=\"font-weight: 400;\"><li><strong>Cours pratiques<\/strong>:Nos formations sont non seulement ax\u00e9es sur la pratique, mais \u00e9galement concr\u00e8tes, afin que vous puissiez imm\u00e9diatement appliquer les connaissances que vous avez acquises.<\/li><li><strong>Connaissances \u00e0 jour<\/strong>:Nous suivons les derniers d\u00e9veloppements dans l&#039;industrie des caravanes et veillons \u00e0 ce que nos cours soient toujours \u00e0 jour.<\/li><li><strong>Instructeurs exp\u00e9riment\u00e9s<\/strong>:Nos formateurs sont des experts dans le domaine et ont des ann\u00e9es d&#039;exp\u00e9rience dans la r\u00e9paration des dommages aux caravanes.<\/li><li><strong>Accompagnement personnalis\u00e9<\/strong>Nos sessions de formation sont souvent <strong>Sessions de formation individuelles<\/strong> ou en <strong>petits groupes<\/strong>Chaque participant b\u00e9n\u00e9ficie ainsi d'une attention personnelle suffisante.<\/li><\/ul><h3><strong>Qu&#039;allez-vous apprendre pendant la formation R\u00e9paration des murs de caravane ?<\/strong><\/h3><p style=\"font-weight: 400;\">Pendant la formation\u00a0<strong>r\u00e9paration des dommages aux caravanes<\/strong>\u00a0que nous couvrons, entre autres :<\/p><ul style=\"font-weight: 400;\"><li>Inspecter et \u00e9valuer les dommages caus\u00e9s aux parois de la caravane.<\/li><li>R\u00e9paration des rayures, des fissures, des trous et des bosses.<\/li><li>En appliquant des techniques de r\u00e9paration professionnelles et nos outils de haute technologie.<\/li><li>Travailler avec des mat\u00e9riaux de r\u00e9paration de haute qualit\u00e9.<\/li><li>Techniques de finition pour un r\u00e9sultat parfait et invisible.<\/li><li>Fonctionnement efficace pour un temps d'immobilisation minimal de la caravane.<\/li><\/ul><h3 style=\"font-weight: 400;\"><strong>A qui s'adresse cette formation \u00e0 la r\u00e9paration des parois de caravanes ?<\/strong><\/h3><p style=\"font-weight: 400;\">Nos formations sont id\u00e9ales pour :<\/p><ul style=\"font-weight: 400;\"><li>M\u00e9caniciens dans l'industrie des caravanes et des camping-cars.<\/li><li>Entreprises de r\u00e9paration des dommages subis par les caravanes cherchant \u00e0 \u00e9tendre leurs services.<\/li><li>Les entreprises qui veulent se d\u00e9marquer avec\u00a0<strong>r\u00e9paration de haute qualit\u00e9 des parois de la caravane<\/strong>.<\/li><li>Les entrepreneurs ind\u00e9pendants qui souhaitent se sp\u00e9cialiser dans\u00a0<strong>r\u00e9paration des dommages aux caravanes<\/strong>.<\/li><\/ul><p><a href=\"https:\/\/oud.caravanrepair.eu\/fr\/formation-3\/\"><strong style=\"font-weight: 400;\">\u2705 <\/strong><span style=\"text-decoration: underline;\"><em><strong>Pour en savoir plus, consultez notre page de formation sur notre page d'accueil.<\/strong><\/em><\/span><\/a><\/p><h3 style=\"font-weight: 400;\"><strong>Commencez votre formation \u00e0 la r\u00e9paration des murs de caravanes d\u00e8s aujourd'hui<\/strong><\/h3><p style=\"font-weight: 400;\">Investissez dans votre savoir-faire et devenez certifi\u00e9\u00a0<strong>r\u00e9parateur de parois de caravanes<\/strong>.<br \/>\ud83d\udcc5\u00a0<strong>Planifiez votre place dans notre cours d\u00e8s aujourd'hui<\/strong>\u00a0et apprendre \u00e0 aider les clients qui ont subi des dommages aux parois de leur caravane.<\/p><p style=\"font-weight: 400;\"><span style=\"text-decoration: underline;\"><em><strong><a href=\"https:\/\/oud.caravanrepair.eu\/fr\/contact-3\/\" target=\"_blank\" rel=\"noopener\">Demandez plus d'informations en ligne via notre formulaire de contact.<\/a><\/strong><\/em><\/span><\/p><p style=\"font-weight: 400;\">\u00a0<\/p>\t\t\t\t\t\t\t\t<\/div>\n\t\t\t\t<\/div>\n\t\t\t\t\t<\/div>\n\t\t<\/div>\n\t\t\t\t<div class=\"elementor-column elementor-col-50 elementor-top-column elementor-element elementor-element-52870c2b\" data-id=\"52870c2b\" data-element_type=\"column\" data-e-type=\"column\">\n\t\t\t<div class=\"elementor-widget-wrap elementor-element-populated\">\n\t\t\t\t\t\t<div class=\"elementor-element elementor-element-456e1477 elementor-widget elementor-widget-image\" data-id=\"456e1477\" data-element_type=\"widget\" data-e-type=\"widget\" data-widget_type=\"image.default\">\n\t\t\t\t<div class=\"elementor-widget-container\">\n\t\t\t\t\t\t\t\t\t\t\t\t\t\t\t<img fetchpriority=\"high\" decoding=\"async\" width=\"640\" height=\"480\" src=\"https:\/\/oud.caravanrepair.eu\/wp-content\/uploads\/2024\/04\/schade2b.webp\" class=\"attachment-large size-large wp-image-13893\" alt=\"Formation en r\u00e9paration de mur de caravane\" srcset=\"https:\/\/oud.caravanrepair.eu\/wp-content\/uploads\/2024\/04\/schade2b-16x12.webp 16w, https:\/\/oud.caravanrepair.eu\/wp-content\/uploads\/2024\/04\/schade2b-200x150.webp 200w, https:\/\/oud.caravanrepair.eu\/wp-content\/uploads\/2024\/04\/schade2b-300x225.webp 300w, https:\/\/oud.caravanrepair.eu\/wp-content\/uploads\/2024\/04\/schade2b-400x300.webp 400w, https:\/\/oud.caravanrepair.eu\/wp-content\/uploads\/2024\/04\/schade2b-600x450.webp 600w, https:\/\/oud.caravanrepair.eu\/wp-content\/uploads\/2024\/04\/schade2b.webp 640w\" sizes=\"(max-width: 640px) 100vw, 640px\" \/>\t\t\t\t\t\t\t\t\t\t\t\t\t\t\t<\/div>\n\t\t\t\t<\/div>\n\t\t\t\t\t<\/div>\n\t\t<\/div>\n\t\t\t\t\t<\/div>\n\t\t<\/section>\n\t\t\t\t<section class=\"elementor-section elementor-top-section elementor-element elementor-element-34f8e861 elementor-section-content-middle elementor-section-boxed elementor-section-height-default elementor-section-height-default\" data-id=\"34f8e861\" data-element_type=\"section\" data-e-type=\"section\" data-settings=\"{&quot;background_background&quot;:&quot;classic&quot;}\">\n\t\t\t\t\t\t\t<div class=\"elementor-background-overlay\"><\/div>\n\t\t\t\t\t\t\t<div class=\"elementor-container elementor-column-gap-no\">\n\t\t\t\t\t<div class=\"elementor-column elementor-col-100 elementor-top-column elementor-element elementor-element-26709069\" data-id=\"26709069\" data-element_type=\"column\" data-e-type=\"column\">\n\t\t\t<div class=\"elementor-widget-wrap elementor-element-populated\">\n\t\t\t\t\t\t<div class=\"elementor-element elementor-element-3808fcc1 elementor-widget elementor-widget-heading\" data-id=\"3808fcc1\" data-element_type=\"widget\" data-e-type=\"widget\" data-widget_type=\"heading.default\">\n\t\t\t\t<div class=\"elementor-widget-container\">\n\t\t\t\t\t<h2 class=\"elementor-heading-title elementor-size-default\">Signaler un d\u00e9g\u00e2t caravane ou camping-car ?<\/h2>\t\t\t\t<\/div>\n\t\t\t\t<\/div>\n\t\t\t\t<div class=\"elementor-element elementor-element-6f744531 elementor-widget elementor-widget-text-editor\" data-id=\"6f744531\" data-element_type=\"widget\" data-e-type=\"widget\" data-widget_type=\"text-editor.default\">\n\t\t\t\t<div class=\"elementor-widget-container\">\n\t\t\t\t\t\t\t\t\t<p style=\"text-align: center;\">Si votre caravane ou votre camping-car a \u00e9t\u00e9 endommag\u00e9, veuillez remplir le formulaire de dommages en ligne et nous vous contacterons.<\/p>\t\t\t\t\t\t\t\t<\/div>\n\t\t\t\t<\/div>\n\t\t\t\t<div class=\"elementor-element elementor-element-739c43d6 elementor-align-center elementor-mobile-align-left elementor-widget elementor-widget-button\" data-id=\"739c43d6\" data-element_type=\"widget\" data-e-type=\"widget\" data-widget_type=\"button.default\">\n\t\t\t\t<div class=\"elementor-widget-container\">\n\t\t\t\t\t\t\t\t\t<div class=\"elementor-button-wrapper\">\n\t\t\t\t\t<a class=\"elementor-button elementor-button-link elementor-size-sm elementor-animation-grow\" href=\"https:\/\/oud.caravanrepair.eu\/fr\/antragsformular\/\">\n\t\t\t\t\t\t<span class=\"elementor-button-content-wrapper\">\n\t\t\t\t\t\t\t\t\t<span class=\"elementor-button-text\">SIGNALER LES DOMMAGES<\/span>\n\t\t\t\t\t<\/span>\n\t\t\t\t\t<\/a>\n\t\t\t\t<\/div>\n\t\t\t\t\t\t\t\t<\/div>\n\t\t\t\t<\/div>\n\t\t\t\t\t<\/div>\n\t\t<\/div>\n\t\t\t\t\t<\/div>\n\t\t<\/section>\n\t\t\t\t<section class=\"elementor-section elementor-top-section elementor-element elementor-element-155be622 elementor-section-full_width elementor-section-content-middle elementor-section-height-default elementor-section-height-default\" data-id=\"155be622\" data-element_type=\"section\" data-e-type=\"section\">\n\t\t\t\t\t\t<div class=\"elementor-container elementor-column-gap-no\">\n\t\t\t\t\t<div class=\"elementor-column elementor-col-50 elementor-top-column elementor-element elementor-element-685a480\" data-id=\"685a480\" data-element_type=\"column\" data-e-type=\"column\" data-settings=\"{&quot;background_background&quot;:&quot;classic&quot;}\">\n\t\t\t<div class=\"elementor-widget-wrap elementor-element-populated\">\n\t\t\t\t\t<div class=\"elementor-background-overlay\"><\/div>\n\t\t\t\t\t\t<div class=\"elementor-element elementor-element-6e17896c elementor-widget elementor-widget-heading\" data-id=\"6e17896c\" data-element_type=\"widget\" data-e-type=\"widget\" data-widget_type=\"heading.default\">\n\t\t\t\t<div class=\"elementor-widget-container\">\n\t\t\t\t\t<h3 class=\"elementor-heading-title elementor-size-default\">Formation en r\u00e9paration de mur de caravane<\/h3>\t\t\t\t<\/div>\n\t\t\t\t<\/div>\n\t\t\t\t\t<\/div>\n\t\t<\/div>\n\t\t\t\t<div class=\"elementor-column elementor-col-50 elementor-top-column elementor-element elementor-element-6c194f7f\" data-id=\"6c194f7f\" data-element_type=\"column\" data-e-type=\"column\">\n\t\t\t<div class=\"elementor-widget-wrap elementor-element-populated\">\n\t\t\t\t\t\t<div class=\"elementor-element elementor-element-1c4dc3e0 elementor-widget elementor-widget-text-editor\" data-id=\"1c4dc3e0\" data-element_type=\"widget\" data-e-type=\"widget\" data-widget_type=\"text-editor.default\">\n\t\t\t\t<div class=\"elementor-widget-container\">\n\t\t\t\t\t\t\t\t\t<h3 style=\"font-weight: 400;\"><strong>La demande croissante de sp\u00e9cialistes des parois de caravanes<\/strong><\/h3><p style=\"font-weight: 400;\">De plus en plus de propri\u00e9taires de caravanes souhaitent maintenir leur v\u00e9hicule en parfait \u00e9tat. La demande croissante de v\u00e9hicules de loisirs s'accompagne d'une augmentation de la demande de services d'entretien.\u00a0<strong>r\u00e9paration sp\u00e9cialis\u00e9e de caravanes<\/strong>Avec notre formation en r\u00e9paration de parois de caravanes, vous augmenterez vos opportunit\u00e9s sur un march\u00e9 en croissance et pourrez imm\u00e9diatement offrir plus de valeur \u00e0 vos clients.<\/p><h3 style=\"font-weight: 400;\"><strong>Qu'est-ce qui rend la formation CaravanRepair si unique ?<\/strong><\/h3><ul style=\"font-weight: 400;\"><li><strong>Cours pratiques<\/strong>:Nos formations sont non seulement ax\u00e9es sur la pratique, mais \u00e9galement concr\u00e8tes, afin que vous puissiez imm\u00e9diatement appliquer les connaissances que vous avez acquises.<\/li><li><strong>Connaissances \u00e0 jour<\/strong>:Nous suivons les derniers d\u00e9veloppements dans l&#039;industrie des caravanes et veillons \u00e0 ce que nos cours soient toujours \u00e0 jour.<\/li><li><strong>Instructeurs exp\u00e9riment\u00e9s<\/strong>:Nos formateurs sont des experts dans le domaine et ont des ann\u00e9es d&#039;exp\u00e9rience dans la r\u00e9paration des dommages aux caravanes.<\/li><li><strong>Accompagnement personnalis\u00e9<\/strong>:Nos formations se d\u00e9roulent souvent en individuel ou en petits groupes, afin que chaque participant re\u00e7oive une attention personnelle suffisante.<\/li><li>Une formation en r\u00e9paration de parois de caravane chez CaravanRepair est la meilleure garantie de qualit\u00e9.<\/li><\/ul><p style=\"font-weight: 400;\">\u00a0<\/p>\t\t\t\t\t\t\t\t<\/div>\n\t\t\t\t<\/div>\n\t\t\t\t\t<\/div>\n\t\t<\/div>\n\t\t\t\t\t<\/div>\n\t\t<\/section>\n\t\t\t\t<section class=\"elementor-section elementor-top-section elementor-element elementor-element-466aabbb elementor-section-content-middle elementor-section-boxed elementor-section-height-default elementor-section-height-default\" data-id=\"466aabbb\" data-element_type=\"section\" data-e-type=\"section\" data-settings=\"{&quot;background_background&quot;:&quot;classic&quot;}\">\n\t\t\t\t\t\t\t<div class=\"elementor-background-overlay\"><\/div>\n\t\t\t\t\t\t\t<div class=\"elementor-container elementor-column-gap-no\">\n\t\t\t\t\t<div class=\"elementor-column elementor-col-50 elementor-top-column elementor-element elementor-element-32d07a2e\" data-id=\"32d07a2e\" data-element_type=\"column\" data-e-type=\"column\">\n\t\t\t<div class=\"elementor-widget-wrap elementor-element-populated\">\n\t\t\t\t\t\t<div class=\"elementor-element elementor-element-5730448a elementor-widget elementor-widget-heading\" data-id=\"5730448a\" data-element_type=\"widget\" data-e-type=\"widget\" data-widget_type=\"heading.default\">\n\t\t\t\t<div class=\"elementor-widget-container\">\n\t\t\t\t\t<h2 class=\"elementor-heading-title elementor-size-default\">Vous recherchez un r\u00e9parateur CaravanRepair\u00ae pr\u00e8s de chez vous ?<\/h2>\t\t\t\t<\/div>\n\t\t\t\t<\/div>\n\t\t\t\t<div class=\"elementor-element elementor-element-54c3e5a4 elementor-widget elementor-widget-text-editor\" data-id=\"54c3e5a4\" data-element_type=\"widget\" data-e-type=\"widget\" data-widget_type=\"text-editor.default\">\n\t\t\t\t<div class=\"elementor-widget-container\">\n\t\t\t\t\t\t\t\t\t<p>Nos r\u00e9parateurs sont actifs dans toute l\u2019Europe !<\/p>\t\t\t\t\t\t\t\t<\/div>\n\t\t\t\t<\/div>\n\t\t\t\t\t<\/div>\n\t\t<\/div>\n\t\t\t\t<div class=\"elementor-column elementor-col-50 elementor-top-column elementor-element elementor-element-4872d99\" data-id=\"4872d99\" data-element_type=\"column\" data-e-type=\"column\">\n\t\t\t<div class=\"elementor-widget-wrap elementor-element-populated\">\n\t\t\t\t\t\t<div class=\"elementor-element elementor-element-630c64b1 elementor-align-center elementor-mobile-align-left elementor-widget elementor-widget-button\" data-id=\"630c64b1\" data-element_type=\"widget\" data-e-type=\"widget\" data-widget_type=\"button.default\">\n\t\t\t\t<div class=\"elementor-widget-container\">\n\t\t\t\t\t\t\t\t\t<div class=\"elementor-button-wrapper\">\n\t\t\t\t\t<a class=\"elementor-button elementor-button-link elementor-size-sm elementor-animation-grow\" href=\"https:\/\/oud.caravanrepair.eu\/fr\/concessionnaires\/\">\n\t\t\t\t\t\t<span class=\"elementor-button-content-wrapper\">\n\t\t\t\t\t\t\t\t\t<span class=\"elementor-button-text\">Rechercher maintenant<\/span>\n\t\t\t\t\t<\/span>\n\t\t\t\t\t<\/a>\n\t\t\t\t<\/div>\n\t\t\t\t\t\t\t\t<\/div>\n\t\t\t\t<\/div>\n\t\t\t\t\t<\/div>\n\t\t<\/div>\n\t\t\t\t\t<\/div>\n\t\t<\/section>\n\t\t\t\t<\/div>","protected":false},"excerpt":{"rendered":"<p>Formation en r\u00e9paration de parois de caravane \u2013 Devenez un sp\u00e9cialiste de la r\u00e9paration de caravanes endommag\u00e9es. Apprenez la r\u00e9paration professionnelle de vos caravanes du d\u00e9but \u00e0 la fin avec CaravanRepair. Formation en r\u00e9paration de parois de caravane<\/p>","protected":false},"author":3,"featured_media":0,"parent":0,"menu_order":0,"comment_status":"closed","ping_status":"closed","template":"elementor_header_footer","meta":{"footnotes":""},"class_list":["post-22975","page","type-page","status-publish","hentry","pagina_tag-caravan"],"yoast_head":"<!-- This site is optimized with the Yoast SEO Premium plugin v27.5 (Yoast SEO v28.3) - https:\/\/yoast.com\/product\/yoast-seo-premium-wordpress\/ -->\n<title>Caravanwandherstel Opleiding: Leer Wandschade Herstellen<\/title>\n<meta name=\"description\" content=\"Volg de professionele opleiding caravanwandherstel bij CaravanRepair. Leer krassen, scheuren en deuken vakkundig herstellen. Schrijf je nu in\" \/>\n<meta name=\"robots\" content=\"noindex, follow, max-snippet:-1, max-image-preview:large, max-video-preview:-1\" \/>\n<meta property=\"og:locale\" content=\"fr_FR\" \/>\n<meta property=\"og:type\" content=\"article\" \/>\n<meta property=\"og:title\" content=\"Caravanwandherstel Opleiding\" \/>\n<meta property=\"og:description\" content=\"Volg de professionele opleiding caravanwandherstel bij CaravanRepair. Leer krassen, scheuren en deuken vakkundig herstellen. Schrijf je nu in\" \/>\n<meta property=\"og:url\" content=\"https:\/\/oud.caravanrepair.eu\/fr\/formation-en-reparation-de-mur-de-caravane\/\" \/>\n<meta property=\"og:site_name\" content=\"CaravanRepair\u00ae\" \/>\n<meta property=\"article:modified_time\" content=\"2025-08-29T07:46:49+00:00\" \/>\n<meta property=\"og:image\" content=\"https:\/\/oud.caravanrepair.eu\/wp-content\/uploads\/2024\/04\/schade2b.webp\" \/>\n\t<meta property=\"og:image:width\" content=\"640\" \/>\n\t<meta property=\"og:image:height\" content=\"480\" \/>\n\t<meta property=\"og:image:type\" content=\"image\/webp\" \/>\n<meta name=\"twitter:card\" content=\"summary_large_image\" \/>\n<meta name=\"twitter:label1\" content=\"Dur\u00e9e de lecture estim\u00e9e\" \/>\n\t<meta name=\"twitter:data1\" content=\"3 minutes\" \/>\n<script type=\"application\/ld+json\" class=\"yoast-schema-graph\">{\"@context\":\"https:\\\/\\\/schema.org\",\"@graph\":[{\"@type\":\"WebPage\",\"@id\":\"https:\\\/\\\/oud.caravanrepair.eu\\\/caravanwandherstel-opleiding\\\/\",\"url\":\"https:\\\/\\\/oud.caravanrepair.eu\\\/caravanwandherstel-opleiding\\\/\",\"name\":\"Caravanwandherstel Opleiding: Leer Wandschade Herstellen\",\"isPartOf\":{\"@id\":\"https:\\\/\\\/oud.caravanrepair.eu\\\/#website\"},\"primaryImageOfPage\":{\"@id\":\"https:\\\/\\\/oud.caravanrepair.eu\\\/caravanwandherstel-opleiding\\\/#primaryimage\"},\"image\":{\"@id\":\"https:\\\/\\\/oud.caravanrepair.eu\\\/caravanwandherstel-opleiding\\\/#primaryimage\"},\"thumbnailUrl\":\"https:\\\/\\\/oud.caravanrepair.eu\\\/wp-content\\\/uploads\\\/2024\\\/04\\\/schade2b.webp\",\"datePublished\":\"2025-08-15T10:27:02+00:00\",\"dateModified\":\"2025-08-29T07:46:49+00:00\",\"description\":\"Volg de professionele opleiding caravanwandherstel bij CaravanRepair. Leer krassen, scheuren en deuken vakkundig herstellen. Schrijf je nu in\",\"breadcrumb\":{\"@id\":\"https:\\\/\\\/oud.caravanrepair.eu\\\/caravanwandherstel-opleiding\\\/#breadcrumb\"},\"inLanguage\":\"fr-FR\",\"potentialAction\":[{\"@type\":\"ReadAction\",\"target\":[\"https:\\\/\\\/oud.caravanrepair.eu\\\/caravanwandherstel-opleiding\\\/\"]}]},{\"@type\":\"ImageObject\",\"inLanguage\":\"fr-FR\",\"@id\":\"https:\\\/\\\/oud.caravanrepair.eu\\\/caravanwandherstel-opleiding\\\/#primaryimage\",\"url\":\"https:\\\/\\\/oud.caravanrepair.eu\\\/wp-content\\\/uploads\\\/2024\\\/04\\\/schade2b.webp\",\"contentUrl\":\"https:\\\/\\\/oud.caravanrepair.eu\\\/wp-content\\\/uploads\\\/2024\\\/04\\\/schade2b.webp\"},{\"@type\":\"BreadcrumbList\",\"@id\":\"https:\\\/\\\/oud.caravanrepair.eu\\\/caravanwandherstel-opleiding\\\/#breadcrumb\",\"itemListElement\":[{\"@type\":\"ListItem\",\"position\":1,\"name\":\"Home\",\"item\":\"https:\\\/\\\/oud.caravanrepair.eu\\\/\"},{\"@type\":\"ListItem\",\"position\":2,\"name\":\"Caravanwandherstel Opleiding\"}]},{\"@type\":\"WebSite\",\"@id\":\"https:\\\/\\\/oud.caravanrepair.eu\\\/#website\",\"url\":\"https:\\\/\\\/oud.caravanrepair.eu\\\/\",\"name\":\"CaravanRepair\u00ae\",\"description\":\"Professioneel schadeherstel voor caravan en camper\",\"publisher\":{\"@id\":\"https:\\\/\\\/oud.caravanrepair.eu\\\/#organization\"},\"potentialAction\":[{\"@type\":\"SearchAction\",\"target\":{\"@type\":\"EntryPoint\",\"urlTemplate\":\"https:\\\/\\\/oud.caravanrepair.eu\\\/?s={search_term_string}\"},\"query-input\":{\"@type\":\"PropertyValueSpecification\",\"valueRequired\":true,\"valueName\":\"search_term_string\"}}],\"inLanguage\":\"fr-FR\"},{\"@type\":\"Organization\",\"@id\":\"https:\\\/\\\/oud.caravanrepair.eu\\\/#organization\",\"name\":\"CaravanRepair\u00ae\",\"url\":\"https:\\\/\\\/oud.caravanrepair.eu\\\/\",\"logo\":{\"@type\":\"ImageObject\",\"inLanguage\":\"fr-FR\",\"@id\":\"https:\\\/\\\/oud.caravanrepair.eu\\\/#\\\/schema\\\/logo\\\/image\\\/\",\"url\":\"https:\\\/\\\/oud.caravanrepair.eu\\\/wp-content\\\/uploads\\\/2019\\\/01\\\/logo-caravanrepair.png\",\"contentUrl\":\"https:\\\/\\\/oud.caravanrepair.eu\\\/wp-content\\\/uploads\\\/2019\\\/01\\\/logo-caravanrepair.png\",\"width\":353,\"height\":150,\"caption\":\"CaravanRepair\u00ae\"},\"image\":{\"@id\":\"https:\\\/\\\/oud.caravanrepair.eu\\\/#\\\/schema\\\/logo\\\/image\\\/\"}}]}<\/script>\n<!-- \/ Yoast SEO Premium plugin. -->","yoast_head_json":{"title":"Formation \u00e0 la r\u00e9paration des murs de caravanes : apprendre \u00e0 r\u00e9parer les dommages caus\u00e9s aux murs","description":"Suivez une formation professionnelle \u00e0 la r\u00e9paration des parois de caravanes chez CaravanRepair. Apprenez \u00e0 r\u00e9parer de mani\u00e8re experte les rayures, les fissures et les bosses. S'inscrire maintenant","robots":{"index":"noindex","follow":"follow","max-snippet":"max-snippet:-1","max-image-preview":"max-image-preview:large","max-video-preview":"max-video-preview:-1"},"og_locale":"fr_FR","og_type":"article","og_title":"Caravanwandherstel Opleiding","og_description":"Volg de professionele opleiding caravanwandherstel bij CaravanRepair. Leer krassen, scheuren en deuken vakkundig herstellen. Schrijf je nu in","og_url":"https:\/\/oud.caravanrepair.eu\/fr\/formation-en-reparation-de-mur-de-caravane\/","og_site_name":"CaravanRepair\u00ae","article_modified_time":"2025-08-29T07:46:49+00:00","og_image":[{"width":640,"height":480,"url":"https:\/\/oud.caravanrepair.eu\/wp-content\/uploads\/2024\/04\/schade2b.webp","type":"image\/webp"}],"twitter_card":"summary_large_image","twitter_misc":{"Dur\u00e9e de lecture estim\u00e9e":"3 minutes"},"schema":{"@context":"https:\/\/schema.org","@graph":[{"@type":"WebPage","@id":"https:\/\/oud.caravanrepair.eu\/caravanwandherstel-opleiding\/","url":"https:\/\/oud.caravanrepair.eu\/caravanwandherstel-opleiding\/","name":"Formation \u00e0 la r\u00e9paration des murs de caravanes : apprendre \u00e0 r\u00e9parer les dommages caus\u00e9s aux murs","isPartOf":{"@id":"https:\/\/oud.caravanrepair.eu\/#website"},"primaryImageOfPage":{"@id":"https:\/\/oud.caravanrepair.eu\/caravanwandherstel-opleiding\/#primaryimage"},"image":{"@id":"https:\/\/oud.caravanrepair.eu\/caravanwandherstel-opleiding\/#primaryimage"},"thumbnailUrl":"https:\/\/oud.caravanrepair.eu\/wp-content\/uploads\/2024\/04\/schade2b.webp","datePublished":"2025-08-15T10:27:02+00:00","dateModified":"2025-08-29T07:46:49+00:00","description":"Suivez une formation professionnelle \u00e0 la r\u00e9paration des parois de caravanes chez CaravanRepair. Apprenez \u00e0 r\u00e9parer de mani\u00e8re experte les rayures, les fissures et les bosses. S'inscrire maintenant","breadcrumb":{"@id":"https:\/\/oud.caravanrepair.eu\/caravanwandherstel-opleiding\/#breadcrumb"},"inLanguage":"fr-FR","potentialAction":[{"@type":"ReadAction","target":["https:\/\/oud.caravanrepair.eu\/caravanwandherstel-opleiding\/"]}]},{"@type":"ImageObject","inLanguage":"fr-FR","@id":"https:\/\/oud.caravanrepair.eu\/caravanwandherstel-opleiding\/#primaryimage","url":"https:\/\/oud.caravanrepair.eu\/wp-content\/uploads\/2024\/04\/schade2b.webp","contentUrl":"https:\/\/oud.caravanrepair.eu\/wp-content\/uploads\/2024\/04\/schade2b.webp"},{"@type":"BreadcrumbList","@id":"https:\/\/oud.caravanrepair.eu\/caravanwandherstel-opleiding\/#breadcrumb","itemListElement":[{"@type":"ListItem","position":1,"name":"Home","item":"https:\/\/oud.caravanrepair.eu\/"},{"@type":"ListItem","position":2,"name":"Caravanwandherstel Opleiding"}]},{"@type":"WebSite","@id":"https:\/\/oud.caravanrepair.eu\/#website","url":"https:\/\/oud.caravanrepair.eu\/","name":"CaravanRepair\u00ae","description":"R\u00e9paration professionnelle de dommages pour caravane et camping-car","publisher":{"@id":"https:\/\/oud.caravanrepair.eu\/#organization"},"potentialAction":[{"@type":"SearchAction","target":{"@type":"EntryPoint","urlTemplate":"https:\/\/oud.caravanrepair.eu\/?s={search_term_string}"},"query-input":{"@type":"PropertyValueSpecification","valueRequired":true,"valueName":"search_term_string"}}],"inLanguage":"fr-FR"},{"@type":"Organization","@id":"https:\/\/oud.caravanrepair.eu\/#organization","name":"CaravanRepair\u00ae","url":"https:\/\/oud.caravanrepair.eu\/","logo":{"@type":"ImageObject","inLanguage":"fr-FR","@id":"https:\/\/oud.caravanrepair.eu\/#\/schema\/logo\/image\/","url":"https:\/\/oud.caravanrepair.eu\/wp-content\/uploads\/2019\/01\/logo-caravanrepair.png","contentUrl":"https:\/\/oud.caravanrepair.eu\/wp-content\/uploads\/2019\/01\/logo-caravanrepair.png","width":353,"height":150,"caption":"CaravanRepair\u00ae"},"image":{"@id":"https:\/\/oud.caravanrepair.eu\/#\/schema\/logo\/image\/"}}]}},"_links":{"self":[{"href":"https:\/\/oud.caravanrepair.eu\/fr\/wp-json\/wp\/v2\/pages\/22975","targetHints":{"allow":["GET"]}}],"collection":[{"href":"https:\/\/oud.caravanrepair.eu\/fr\/wp-json\/wp\/v2\/pages"}],"about":[{"href":"https:\/\/oud.caravanrepair.eu\/fr\/wp-json\/wp\/v2\/types\/page"}],"author":[{"embeddable":true,"href":"https:\/\/oud.caravanrepair.eu\/fr\/wp-json\/wp\/v2\/users\/3"}],"replies":[{"embeddable":true,"href":"https:\/\/oud.caravanrepair.eu\/fr\/wp-json\/wp\/v2\/comments?post=22975"}],"version-history":[{"count":0,"href":"https:\/\/oud.caravanrepair.eu\/fr\/wp-json\/wp\/v2\/pages\/22975\/revisions"}],"wp:attachment":[{"href":"https:\/\/oud.caravanrepair.eu\/fr\/wp-json\/wp\/v2\/media?parent=22975"}],"curies":[{"name":"wp","href":"https:\/\/api.w.org\/{rel}","templated":true}]}}