{"id":2528,"date":"2020-06-18T13:25:13","date_gmt":"2020-06-18T12:25:13","guid":{"rendered":"https:\/\/oud.caravanrepair.eu\/?page_id=2528"},"modified":"2024-02-27T14:24:39","modified_gmt":"2024-02-27T13:24:39","slug":"caravane-dommages-utrecht","status":"publish","type":"page","link":"https:\/\/oud.caravanrepair.eu\/fr\/caravan-schade-utrecht\/","title":{"rendered":"Caravane endommag\u00e9e Utrecht"},"content":{"rendered":"<p><div class=\"fusion-fullwidth fullwidth-box fusion-builder-row-1 hundred-percent-fullwidth non-hundred-percent-height-scrolling fusion-no-small-visibility\" style=\"--awb-border-radius-top-left:0px;--awb-border-radius-top-right:0px;--awb-border-radius-bottom-right:0px;--awb-border-radius-bottom-left:0px;--awb-padding-right:0px;--awb-padding-left:0px;--awb-flex-wrap:wrap;\" ><div class=\"fusion-builder-row fusion-row\"><div class=\"fusion-layout-column fusion_builder_column fusion-builder-column-0 fusion_builder_column_1_1 1_1 fusion-one-full fusion-column-first fusion-column-last\" style=\"--awb-bg-size:cover;\"><div class=\"fusion-column-wrapper fusion-flex-column-wrapper-legacy\">\t\t\t\t\t<div class=\"fusion-slider-container fusion-slider-sc-home fusion-slider-14 full-width-slider\" style=\"height:400px; max-width:100%;\" data-id=\"14\" data-full_height=\"\">\n\t\t\t\t\t\t<style type=\"text\/css\">.fusion-slider-14 .flex-direction-nav a {width:63px;height:63px;line-height:63px;font-size:25px;}<\/style>\t\t\t\t\t\t<div class=\"fusion-slider-loading\">Chargement...<\/div>\n\t\t\t\t\t\t<div class=\"tfs-slider flexslider main-flex full-width-slider\" data-slider_width=\"100%\" data-slider_height=\"400px\" data-full_screen=\"0\" data-parallax=\"0\" data-nav_arrows=\"0\" data-nav_box_width=\"63px\" data-nav_box_height=\"63px\" data-nav_arrow_size=\"25px\" data-autoplay=\"0\" data-loop=\"0\" data-orderby=\"date\" data-order=\"DESC\" data-animation=\"fade\" data-slideshow_speed=\"7000\" data-animation_speed=\"0\" data-typo_sensitivity=\"1\" data-typo_factor=\"1.5\" style=\"max-width:100%;\">\n\t\t\t\t\t\t\t<ul class=\"slides\">\n\t\t\t\t\t\t\t\t\t\t\t\t\t\t\t\t\t<li data-mute=\"yes\" data-loop=\"yes\" data-autoplay=\"yes\">\n\t\t\t\t\t\t\t\t\t\t<div class=\"slide-content-container slide-content-left\" style=\"display: none;\">\n\t\t\t\t\t\t\t\t\t\t\t<div class=\"slide-content\" style=\"\">\n\t\t\t\t\t\t\t\t\t\t\t\t\t\t\t\t\t\t\t\t\t\t\t\t\t<div class=\"heading with-bg\">\n\t\t\t\t\t\t\t\t\t\t\t\t\t\t<div class=\"fusion-title-sc-wrapper\" style=\"background-color: rgba(0,0,0, 0.4);\">\n\t\t\t\t\t\t\t\t\t\t\t\t\t\t\t<div class=\"fusion-title title fusion-title-1 fusion-sep-none fusion-title-text fusion-title-size-two\" style=\"--awb-margin-bottom:0px;--awb-margin-top-small:10px;--awb-margin-right-small:0px;--awb-margin-bottom-small:10px;--awb-margin-left-small:0px;--awb-font-size:60px;\"><h2 class=\"fusion-title-heading title-heading-left fusion-responsive-typography-calculated\" style=\"margin:0;font-size:1em;--fontSize:60;line-height:1.33;\">R\u00e9paration professionnelle des dommages caus\u00e9s aux camping-cars et caravanes<\/h2><\/div>\t\t\t\t\t\t\t\t\t\t\t\t\t\t<\/div>\n\t\t\t\t\t\t\t\t\t\t\t\t\t<\/div>\n\t\t\t\t\t\t\t\t\t\t\t\t\t\t\t\t\t\t\t\t\t\t\t\t\t\t\t\t\t\t\t\t\t\t\t\t\t\t\t\t\t\t\t\t\t\t\t<\/div>\n\t\t\t\t\t\t\t\t\t\t<\/div>\n\t\t\t\t\t\t\t\t\t\t\t\t\t\t\t\t\t\t\t\t\t\t\t\t\t\t\t\t\t\t\t\t\t\t\t\t\t\t\t\t<div class=\"background background-image lazyload\" style=\"background-image:inherit;max-width:100%;height:400px;filter: progid:DXImageTransform.Microsoft.AlphaImageLoader(src='https:\/\/oud.caravanrepair.eu\/wp-content\/uploads\/2019\/01\/caravanrepairdealers.jpg', sizingMethod='scale');\" data-imgwidth=\"1392\" data-bg-image=\"url(https:\/\/oud.caravanrepair.eu\/wp-content\/uploads\/2019\/01\/caravanrepairdealers.jpg)\">\n\t\t\t\t\t\t\t\t\t\t\t\t\t\t\t\t\t\t\t\t\t\t\t\t\t\t\t\t\t\t\t\t\t\t\t\t\t\t\t\t\t\t\t\t\t\t\t\t\t\t\t\t\t\t\t\t\t\t\t\t\t\t\t\t\t\t<\/div>\n\t\t\t\t\t\t\t\t\t<\/li>\n\t\t\t\t\t\t\t\t\t\t\t\t\t\t\t\t\t\t\t\t\t\t\t<\/ul>\n\t\t\t\t\t\t<\/div>\n\t\t\t\t\t<\/div>\n\t\t\t\t\t\t\t\t<div class=\"fusion-clearfix\"><\/div><\/div><\/div><\/div><\/div><div class=\"fusion-fullwidth fullwidth-box fusion-builder-row-2 nonhundred-percent-fullwidth non-hundred-percent-height-scrolling\" style=\"--awb-background-position:center top;--awb-border-radius-top-left:0px;--awb-border-radius-top-right:0px;--awb-border-radius-bottom-right:0px;--awb-border-radius-bottom-left:0px;--awb-padding-top:1%;--awb-padding-bottom:0px;--awb-flex-wrap:wrap;\" ><div class=\"fusion-builder-row fusion-row\"><div class=\"fusion-layout-column fusion_builder_column fusion-builder-column-1 fusion_builder_column_1_1 1_1 fusion-one-full fusion-column-first fusion-column-last fusion-animated\" style=\"--awb-bg-size:cover;\" data-animationtype=\"fadeInDown\" data-animationduration=\"0.6\" data-animationoffset=\"top-into-view\"><div class=\"fusion-column-wrapper fusion-flex-column-wrapper-legacy\"><div class=\"fusion-title title fusion-title-2 fusion-sep-none fusion-title-center fusion-title-text fusion-title-size-one\" style=\"--awb-margin-bottom:80px;--awb-margin-top-small:10px;--awb-margin-right-small:0px;--awb-margin-bottom-small:10px;--awb-margin-left-small:0px;\"><h1 class=\"fusion-title-heading title-heading-center fusion-responsive-typography-calculated\" style=\"margin:0;--fontSize:64;line-height:1.2;\"><h2 style=\"text-align: center;\">Caravane endommag\u00e9e Utrecht<\/h2><\/h1><\/div><div class=\"fusion-builder-row fusion-builder-row-inner fusion-row\"><div class=\"fusion-layout-column fusion_builder_column_inner fusion-builder-nested-column-0 fusion_builder_column_inner_1_2 1_2 fusion-one-half fusion-column-first\" style=\"--awb-bg-size:cover;width:50%;width:calc(50% - ( ( 4% ) * 0.5 ) );margin-right: 4%;\"><div class=\"fusion-column-wrapper fusion-flex-column-wrapper-legacy\"><div class=\"fusion-image-element in-legacy-container\" style=\"--awb-caption-title-font-family:var(--h2_typography-font-family);--awb-caption-title-font-weight:var(--h2_typography-font-weight);--awb-caption-title-font-style:var(--h2_typography-font-style);--awb-caption-title-size:var(--h2_typography-font-size);--awb-caption-title-transform:var(--h2_typography-text-transform);--awb-caption-title-line-height:var(--h2_typography-line-height);--awb-caption-title-letter-spacing:var(--h2_typography-letter-spacing);\"><span class=\"fusion-imageframe imageframe-none imageframe-1 hover-type-none\"><img fetchpriority=\"high\" decoding=\"async\" width=\"640\" height=\"480\" alt=\"D\u00e9g\u00e2ts de caravane Nieuwehorne\" title=\"D\u00e9g\u00e2ts de caravane Nieuwehorne\" src=\"https:\/\/oud.caravanrepair.eu\/wp-content\/uploads\/2019\/02\/schade2.jpg\" class=\"img-responsive wp-image-1070\" srcset=\"https:\/\/oud.caravanrepair.eu\/wp-content\/uploads\/2019\/02\/schade2-200x150.jpg 200w, https:\/\/oud.caravanrepair.eu\/wp-content\/uploads\/2019\/02\/schade2-400x300.jpg 400w, https:\/\/oud.caravanrepair.eu\/wp-content\/uploads\/2019\/02\/schade2-600x450.jpg 600w, https:\/\/oud.caravanrepair.eu\/wp-content\/uploads\/2019\/02\/schade2.jpg 640w\" sizes=\"(max-width: 1000px) 100vw, 640px\" \/><\/span><\/div><div class=\"fusion-sep-clear\"><\/div><div class=\"fusion-separator fusion-full-width-sep\" style=\"margin-left: auto;margin-right: auto;margin-top:30px;margin-bottom:30px;width:100%;\"><div class=\"fusion-separator-border sep-shadow\" style=\"--awb-height:20px;--awb-amount:20px;background:radial-gradient(ellipse at 50% -50% , #dddbdb 0px, rgba(255, 255, 255, 0) 80%) repeat scroll 0 0 rgba(0, 0, 0, 0);background:-webkit-radial-gradient(ellipse at 50% -50% , #dddbdb 0px, rgba(255, 255, 255, 0) 80%) repeat scroll 0 0 rgba(0, 0, 0, 0);background:-moz-radial-gradient(ellipse at 50% -50% , #dddbdb 0px, rgba(255, 255, 255, 0) 80%) repeat scroll 0 0 rgba(0, 0, 0, 0);background:-o-radial-gradient(ellipse at 50% -50% , #dddbdb 0px, rgba(255, 255, 255, 0) 80%) repeat scroll 0 0 rgba(0, 0, 0, 0);\"><\/div><\/div><div class=\"fusion-sep-clear\"><\/div><div class=\"fusion-button-wrapper fusion-aligncenter\"><a class=\"fusion-button button-flat fusion-button-default-size button-default fusion-button-default button-1 fusion-button-default-span fusion-button-default-type\" target=\"_self\" href=\"https:\/\/oud.caravanrepair.eu\/fr\/concessionnaires\/\"><span class=\"fusion-button-text awb-button__text awb-button__text--default\">Trouvez un concessionnaire CaravanRepair\u00ae pr\u00e8s de chez vous<\/span><\/a><\/div><div class=\"fusion-sep-clear\"><\/div><div class=\"fusion-separator fusion-full-width-sep\" style=\"margin-left: auto;margin-right: auto;margin-top:30px;margin-bottom:15px;width:100%;\"><div class=\"fusion-separator-border sep-shadow\" style=\"--awb-height:20px;--awb-amount:20px;background:radial-gradient(ellipse at 50% -50% , #dddbdb 0px, rgba(255, 255, 255, 0) 80%) repeat scroll 0 0 rgba(0, 0, 0, 0);background:-webkit-radial-gradient(ellipse at 50% -50% , #dddbdb 0px, rgba(255, 255, 255, 0) 80%) repeat scroll 0 0 rgba(0, 0, 0, 0);background:-moz-radial-gradient(ellipse at 50% -50% , #dddbdb 0px, rgba(255, 255, 255, 0) 80%) repeat scroll 0 0 rgba(0, 0, 0, 0);background:-o-radial-gradient(ellipse at 50% -50% , #dddbdb 0px, rgba(255, 255, 255, 0) 80%) repeat scroll 0 0 rgba(0, 0, 0, 0);\"><\/div><\/div><div class=\"fusion-sep-clear\"><\/div><div class=\"fusion-clearfix\"><\/div><\/div><\/div><div class=\"fusion-layout-column fusion_builder_column_inner fusion-builder-nested-column-1 fusion_builder_column_inner_1_2 1_2 fusion-one-half fusion-column-last\" style=\"--awb-bg-size:cover;width:50%;width:calc(50% - ( ( 4% ) * 0.5 ) );\"><div class=\"fusion-column-wrapper fusion-flex-column-wrapper-legacy\"><div class=\"fusion-text fusion-text-1\" style=\"--awb-text-transform:none;\"><p>Caravane endommag\u00e9e Utrecht<br \/>\nApr\u00e8s que vous n&#039;ayez pas utilis\u00e9 votre caravane pendant une longue p\u00e9riode, vous avez d\u00e9cid\u00e9 de repartir en vacances avec la caravane cette ann\u00e9e. Vous devez donc sortir votre caravane de l&#039;hivernage. C&#039;est aussi un bon moment pour v\u00e9rifier s&#039;il y a des dommages. Vous avez constat\u00e9 des d\u00e9g\u00e2ts sur votre caravane ? Pour \u00e9viter que cela ne vous incommode pendant vos vacances, il est pr\u00e9f\u00e9rable de faire r\u00e9parer votre caravane \u00e0 Utrecht. <a href=\"https:\/\/oud.caravanrepair.eu\/fr\/\" target=\"_blank\" rel=\"noopener\"><strong>cliquez ici pour un revendeur pr\u00e8s de chez vous!<\/strong><\/a><br \/>\nR\u00e9paration caravane Utrecht<br \/>\nVous ne devez pas sous-estimer les dommages caus\u00e9s \u00e0 votre caravane. Les dommages mineurs semblent moins graves, mais peuvent se transformer en dommages majeurs avec le temps. Vous ne devez pas non plus r\u00e9parer vous-m\u00eame vos d\u00e9g\u00e2ts. La pratique montre qu&#039;il s&#039;agit souvent de r\u00e9parations mal ex\u00e9cut\u00e9es, ce qui entra\u00eene finalement plus de d\u00e9g\u00e2ts et des co\u00fbts \u00e9lev\u00e9s. Pour la r\u00e9paration de caravanes \u00e0 Utrecht, n&#039;h\u00e9sitez pas \u00e0 nous contacter. Tout dommage est effectu\u00e9 de mani\u00e8re experte et professionnelle par nos soins Appelez un revendeur +31(0) 321 324425<\/p>\n<\/div><div class=\"fusion-clearfix\"><\/div><\/div><\/div><\/div><div class=\"fusion-builder-row fusion-builder-row-inner fusion-row\"><div class=\"fusion-layout-column fusion_builder_column_inner fusion-builder-nested-column-2 fusion_builder_column_inner_1_1 1_1 fusion-one-full fusion-column-first fusion-column-last\" style=\"--awb-bg-size:cover;\"><div class=\"fusion-column-wrapper fusion-flex-column-wrapper-legacy\"><div class=\"fusion-text fusion-text-2\"><h3>Entreprise de r\u00e9paration de caravanes Utrecht<\/h3>\n<p>Si vous souhaitez faire r\u00e9parer votre caravane par des experts, vous pouvez nous contacter. Notre \u00e9quipe a beaucoup d&#039;exp\u00e9rience dans la r\u00e9alisation de presque toutes les r\u00e9parations. De plus, nous examinons chaque dommage individuellement et veillons \u00e0 ce que votre dommage soit r\u00e9solu de la meilleure fa\u00e7on possible. Gr\u00e2ce \u00e0 notre expertise, nous pouvons offrir \u00e0 nos clients la meilleure garantie.<\/p>\n<\/div><div class=\"fusion-clearfix\"><\/div><\/div><\/div><\/div><div class=\"fusion-clearfix\"><\/div><\/div><\/div><div class=\"fusion-layout-column fusion_builder_column fusion-builder-column-2 fusion_builder_column_1_1 1_1 fusion-one-full fusion-column-first fusion-column-last\" style=\"--awb-bg-size:cover;\"><div class=\"fusion-column-wrapper fusion-flex-column-wrapper-legacy\"><div class=\"fusion-reading-box-container reading-box-container-1\" style=\"--awb-title-color:#20164d;--awb-margin-top:0px;--awb-margin-bottom:84px;\"><div class=\"reading-box\" style=\"background-color:#ffffff;border-width:0px;border-color:#e5e5e5;border-left-width:3px;border-left-color:var(--primary_color);border-style:solid;\"><h2>Vous souhaitez signaler imm\u00e9diatement les d\u00e9g\u00e2ts de votre caravane ?<\/h2><div class=\"reading-box-additional fusion-reading-box-additional\">\n<p>Si votre caravane ou votre camping-car a \u00e9t\u00e9 endommag\u00e9, veuillez remplir le formulaire de dommages en ligne et nous vous contacterons.<\/p>\n<div class=\"fusion-button-wrapper\"><a class=\"fusion-button button-flat fusion-button-default-size button-default fusion-button-default button-2 fusion-button-default-span fusion-button-default-type\" style=\"--button_text_transform:uppercase;\" target=\"_self\" href=\"https:\/\/oud.caravanrepair.eu\/fr\/antragsformular\/\"><span class=\"fusion-button-text awb-button__text awb-button__text--default\">Signaler des dommages<\/span><\/a><\/div><\/div><div class=\"fusion-clearfix\"><\/div><\/div><\/div><div class=\"fusion-text fusion-text-3\"><p><a href=\"https:\/\/oud.caravanrepair.eu\/fr\/garantie-2\/\"><strong>* Voir les conditions de garantie<\/strong><\/a><\/p>\n<p><a href=\"https:\/\/oud.caravanrepair.eu\/fr\/\" target=\"_blank\" rel=\"noopener\">Cliquez ici pour revenir \u00e0 la page d&#039;accueil!<\/a><\/p>\n<\/div><div class=\"fusion-clearfix\"><\/div><\/div><\/div><\/div><\/div><div class=\"fusion-fullwidth fullwidth-box fusion-builder-row-3 fusion-parallax-none nonhundred-percent-fullwidth non-hundred-percent-height-scrolling\" style=\"--awb-border-radius-top-left:0px;--awb-border-radius-top-right:0px;--awb-border-radius-bottom-right:0px;--awb-border-radius-bottom-left:0px;--awb-padding-top:4%;--awb-padding-bottom:4%;--awb-margin-top:0px;--awb-background-image:url(&quot;https:\/\/oud.caravanrepair.eu\/wp-content\/uploads\/2019\/01\/autometcaravan.jpg&quot;);--awb-background-size:cover;--awb-flex-wrap:wrap;\" ><div class=\"fusion-builder-row fusion-row\"><div class=\"fusion-layout-column fusion_builder_column fusion-builder-column-3 fusion_builder_column_1_1 1_1 fusion-one-full fusion-column-first fusion-column-last\" style=\"--awb-bg-size:cover;\"><div class=\"fusion-column-wrapper fusion-flex-column-wrapper-legacy\"><div class=\"fusion-title title fusion-title-3 fusion-sep-none fusion-title-text fusion-title-size-six\" style=\"--awb-margin-bottom:10px;--awb-margin-top-small:10px;--awb-margin-right-small:0px;--awb-margin-bottom-small:10px;--awb-margin-left-small:0px;\"><h6 class=\"fusion-title-heading title-heading-left fusion-responsive-typography-calculated\" style=\"margin:0;--fontSize:16;--minFontSize:16;line-height:1.5;\"><p style=\"text-align: left;\"><span style=\"color: #ffffff;\">QUESTIONS SUR LES DOMMAGES DE VOTRE CARAVANE OU CAMPER, DEMANDEZ AU SP\u00c9CIALISTE CARAVANREPAIR\u00ae<\/span><\/p><\/h6><\/div><div class=\"fusion-title title fusion-title-4 fusion-sep-none fusion-title-text fusion-title-size-two\" style=\"--awb-margin-bottom:20px;--awb-margin-top-small:10px;--awb-margin-right-small:0px;--awb-margin-bottom-small:10px;--awb-margin-left-small:0px;\"><h2 class=\"fusion-title-heading title-heading-left fusion-responsive-typography-calculated\" style=\"margin:0;--fontSize:47;line-height:1.2;\"><span style=\"color: #ffffff;\">LAISSEZ-NOUS VOUS RAPPELER<\/span><\/h2><\/div><div class=\"fusion-text fusion-text-4\"><p><span style=\"color: #ffffff;\">Entrez votre num\u00e9ro de t\u00e9l\u00e9phone dans le formulaire ci-dessous et notre personnel vous contactera<\/span><\/p>\n<\/div>\n<div class=\"wpcf7 no-js\" id=\"wpcf7-f5-o1\" lang=\"en-US\" dir=\"ltr\" data-wpcf7-id=\"5\">\n<div class=\"screen-reader-response\"><p role=\"status\" aria-live=\"polite\" aria-atomic=\"true\"><\/p> <ul><\/ul><\/div>\n<form action=\"\/fr\/wp-json\/wp\/v2\/pages\/2528#wpcf7-f5-o1\" method=\"post\" class=\"wpcf7-form init\" aria-label=\"Formulaire de contact\" novalidate=\"novalidate\" data-status=\"init\" data-trp-original-action=\"\/fr\/wp-json\/wp\/v2\/pages\/2528#wpcf7-f5-o1\">\n<fieldset class=\"hidden-fields-container\"><input type=\"hidden\" name=\"_wpcf7\" value=\"5\" \/><input type=\"hidden\" name=\"_wpcf7_version\" value=\"6.1.7\" \/><input type=\"hidden\" name=\"_wpcf7_locale\" value=\"en_US\" \/><input type=\"hidden\" name=\"_wpcf7_unit_tag\" value=\"wpcf7-f5-o1\" \/><input type=\"hidden\" name=\"_wpcf7_container_post\" value=\"0\" \/><input type=\"hidden\" name=\"_wpcf7_posted_data_hash\" value=\"\" \/>\n<\/fieldset>\n<div class=\"fusion-layout-column\" style=\"width:calc(50% - 10px); float:left; margin:0 20px 20px 0;\">\n\t<p><span class=\"wpcf7-form-control-wrap\" data-name=\"tel-405\"><input size=\"40\" maxlength=\"400\" class=\"wpcf7-form-control wpcf7-tel wpcf7-validates-as-required wpcf7-text wpcf7-validates-as-tel\" aria-required=\"true\" aria-invalid=\"false\" placeholder=\"num\u00e9ro de t\u00e9l\u00e9phone\" value=\"\" type=\"tel\" name=\"tel-405\" \/><\/span>\n\t<\/p>\n<\/div>\n<div class=\"fusion-layout-column\" style=\"width:calc(50% - 10px); float:left; margin-bottom:20px;\">\n\t<p><span class=\"wpcf7-form-control-wrap kc_captcha cf7ic-toggle\" data-name=\"kc_captcha\"><span class=\"wpcf7-form-control wpcf7-radio\"><span class=\"captcha-image\" style=\"display: none;\"><span class=\"cf7ic_instructions\">Veuillez prouver que vous \u00eates humain en s\u00e9lectionnant le<span> drapeau<\/span>.<\/span><label><input aria-label=\"1\" type=\"radio\" name=\"kc_captcha\" value=\"bot\" \/><svg aria-hidden=\"true\" role=\"img\" xmlns=\"http:\/\/www.w3.org\/2000\/svg\" viewbox=\"0 0 576 512\"><path fill=\"currentColor\" d=\"M415 24c-53 0-103 42-127 65-24-23-74-65-127-65C70 24 16 77 16 166c0 72 67 133 69 135l187 181c9 8 23 8 32 0l187-180c2-3 69-64 69-136 0-89-54-142-145-142z\"\/><\/svg><\/label><label><input aria-label=\"2\" type=\"radio\" name=\"kc_captcha\" value=\"kc_human\" \/><svg aria-hidden=\"true\" role=\"img\" xmlns=\"http:\/\/www.w3.org\/2000\/svg\" viewbox=\"0 0 512 512\"><path fill=\"currentColor\" d=\"M350 99c-54 0-98-35-166-35-25 0-47 4-68 12a56 56 0 004-24C118 24 95 1 66 0a56 56 0 00-34 102v386c0 13 11 24 24 24h16c13 0 24-11 24-24v-94c28-12 64-23 114-23 54 0 98 35 166 35 48 0 86-16 122-41 9-6 14-15 14-26V96c0-23-24-39-45-29-35 16-77 32-117 32z\"\/><\/svg><\/label><label><input aria-label=\"3\" type=\"radio\" name=\"kc_captcha\" value=\"bot\" \/><svg aria-hidden=\"true\" role=\"img\" xmlns=\"http:\/\/www.w3.org\/2000\/svg\" viewbox=\"0 0 512 512\"><path fill=\"currentColor\" d=\"M512 176a176 176 0 01-209 173l-24 27a24 24 0 01-18 8h-37v40c0 13-11 24-24 24h-40v40c0 13-11 24-24 24H24c-13 0-24-11-24-24v-78c0-6 3-13 7-17l162-162a176 176 0 11343-55zm-176-48a48 48 0 1096 0 48 48 0 00-96 0z\"\/><\/svg><\/label>\r\n    <\/span>\r\n    <span style=\"display:none\">\r\n        <input type=\"text\" name=\"kc_honeypot\">\r\n    <\/span><\/span><\/span><br \/>\n<input class=\"wpcf7-form-control wpcf7-submit has-spinner button-xlarge\" type=\"submit\" value=\"APPELEZ-MOI\" \/>\n\t<\/p>\n<\/div>\n<div style=\"clear:both\">\n<\/div><div class=\"fusion-alert alert custom alert-custom fusion-alert-center wpcf7-response-output fusion-alert-capitalize awb-alert-native-link-color alert-dismissable awb-alert-close-boxed\" style=\"--awb-border-size:1px;--awb-border-top-left-radius:0px;--awb-border-top-right-radius:0px;--awb-border-bottom-left-radius:0px;--awb-border-bottom-right-radius:0px;\" role=\"alert\"><div class=\"fusion-alert-content-wrapper\"><span class=\"fusion-alert-content\"><\/span><\/div><button type=\"button\" class=\"close toggle-alert\" data-dismiss=\"alert\" aria-label=\"proche\">\u00d7<\/button><\/div>\n<input type=\"hidden\" name=\"trp-form-language\" value=\"fr\"\/><\/form>\n<\/div>\n<div class=\"fusion-clearfix\"><\/div><\/div><\/div><\/div><\/div><\/p>","protected":false},"excerpt":{"rendered":"","protected":false},"author":3,"featured_media":0,"parent":0,"menu_order":0,"comment_status":"closed","ping_status":"closed","template":"100-width.php","meta":{"footnotes":""},"class_list":["post-2528","page","type-page","status-publish","hentry","pagina_tag-caravanrepair-dealers"],"yoast_head":"<!-- This site is optimized with the Yoast SEO Premium plugin v27.5 (Yoast SEO v28.3) - https:\/\/yoast.com\/product\/yoast-seo-premium-wordpress\/ -->\n<title>Caravan schade Utrecht, caravan reparatie en schadeherstel.<\/title>\n<meta name=\"description\" content=\"Caravan schade Utrecht? Bij CaravanRepair bent u aan het juiste adres voor caravan reparatie Utrecht en caravan reparatie bedrijf Utrecht.\" \/>\n<meta name=\"robots\" content=\"noindex, follow, max-snippet:-1, max-image-preview:large, max-video-preview:-1\" \/>\n<meta property=\"og:locale\" content=\"fr_FR\" \/>\n<meta property=\"og:type\" content=\"article\" \/>\n<meta property=\"og:title\" content=\"Caravan schade Utrecht\" \/>\n<meta property=\"og:description\" content=\"Caravan schade Utrecht? Bij CaravanRepair bent u aan het juiste adres voor caravan reparatie Utrecht en caravan reparatie bedrijf Utrecht.\" \/>\n<meta property=\"og:url\" content=\"https:\/\/oud.caravanrepair.eu\/fr\/caravane-dommages-utrecht\/\" \/>\n<meta property=\"og:site_name\" content=\"CaravanRepair\u00ae\" \/>\n<meta property=\"article:modified_time\" content=\"2024-02-27T13:24:39+00:00\" \/>\n<meta property=\"og:image\" content=\"https:\/\/oud.caravanrepair.eu\/wp-content\/uploads\/2019\/01\/logo-caravanrepair.png\" \/>\n\t<meta property=\"og:image:width\" content=\"353\" \/>\n\t<meta property=\"og:image:height\" content=\"150\" \/>\n\t<meta property=\"og:image:type\" content=\"image\/png\" \/>\n<meta name=\"twitter:card\" content=\"summary_large_image\" \/>\n<meta name=\"twitter:label1\" content=\"Dur\u00e9e de lecture estim\u00e9e\" \/>\n\t<meta name=\"twitter:data1\" content=\"6 minutes\" \/>\n<script type=\"application\/ld+json\" class=\"yoast-schema-graph\">{\"@context\":\"https:\\\/\\\/schema.org\",\"@graph\":[{\"@type\":\"WebPage\",\"@id\":\"https:\\\/\\\/oud.caravanrepair.eu\\\/caravan-schade-utrecht\\\/\",\"url\":\"https:\\\/\\\/oud.caravanrepair.eu\\\/caravan-schade-utrecht\\\/\",\"name\":\"Caravan schade Utrecht, caravan reparatie en schadeherstel.\",\"isPartOf\":{\"@id\":\"https:\\\/\\\/oud.caravanrepair.eu\\\/#website\"},\"datePublished\":\"2020-06-18T12:25:13+00:00\",\"dateModified\":\"2024-02-27T13:24:39+00:00\",\"description\":\"Caravan schade Utrecht? Bij CaravanRepair bent u aan het juiste adres voor caravan reparatie Utrecht en caravan reparatie bedrijf Utrecht.\",\"breadcrumb\":{\"@id\":\"https:\\\/\\\/oud.caravanrepair.eu\\\/caravan-schade-utrecht\\\/#breadcrumb\"},\"inLanguage\":\"fr-FR\",\"potentialAction\":[{\"@type\":\"ReadAction\",\"target\":[\"https:\\\/\\\/oud.caravanrepair.eu\\\/caravan-schade-utrecht\\\/\"]}]},{\"@type\":\"BreadcrumbList\",\"@id\":\"https:\\\/\\\/oud.caravanrepair.eu\\\/caravan-schade-utrecht\\\/#breadcrumb\",\"itemListElement\":[{\"@type\":\"ListItem\",\"position\":1,\"name\":\"Home\",\"item\":\"https:\\\/\\\/oud.caravanrepair.eu\\\/\"},{\"@type\":\"ListItem\",\"position\":2,\"name\":\"Caravan schade Utrecht\"}]},{\"@type\":\"WebSite\",\"@id\":\"https:\\\/\\\/oud.caravanrepair.eu\\\/#website\",\"url\":\"https:\\\/\\\/oud.caravanrepair.eu\\\/\",\"name\":\"CaravanRepair\u00ae\",\"description\":\"Professioneel schadeherstel voor caravan en camper\",\"publisher\":{\"@id\":\"https:\\\/\\\/oud.caravanrepair.eu\\\/#organization\"},\"potentialAction\":[{\"@type\":\"SearchAction\",\"target\":{\"@type\":\"EntryPoint\",\"urlTemplate\":\"https:\\\/\\\/oud.caravanrepair.eu\\\/?s={search_term_string}\"},\"query-input\":{\"@type\":\"PropertyValueSpecification\",\"valueRequired\":true,\"valueName\":\"search_term_string\"}}],\"inLanguage\":\"fr-FR\"},{\"@type\":\"Organization\",\"@id\":\"https:\\\/\\\/oud.caravanrepair.eu\\\/#organization\",\"name\":\"CaravanRepair\u00ae\",\"url\":\"https:\\\/\\\/oud.caravanrepair.eu\\\/\",\"logo\":{\"@type\":\"ImageObject\",\"inLanguage\":\"fr-FR\",\"@id\":\"https:\\\/\\\/oud.caravanrepair.eu\\\/#\\\/schema\\\/logo\\\/image\\\/\",\"url\":\"https:\\\/\\\/oud.caravanrepair.eu\\\/wp-content\\\/uploads\\\/2019\\\/01\\\/logo-caravanrepair.png\",\"contentUrl\":\"https:\\\/\\\/oud.caravanrepair.eu\\\/wp-content\\\/uploads\\\/2019\\\/01\\\/logo-caravanrepair.png\",\"width\":353,\"height\":150,\"caption\":\"CaravanRepair\u00ae\"},\"image\":{\"@id\":\"https:\\\/\\\/oud.caravanrepair.eu\\\/#\\\/schema\\\/logo\\\/image\\\/\"}}]}<\/script>\n<!-- \/ Yoast SEO Premium plugin. -->","yoast_head_json":{"title":"D\u00e9g\u00e2ts de caravanes Utrecht, r\u00e9paration de caravanes et r\u00e9paration de d\u00e9g\u00e2ts.","description":"Caravane endommag\u00e9e Utrecht? Chez CaravanRepair, vous \u00eates au bon endroit pour la r\u00e9paration de caravanes Utrecht et l&#039;entreprise de r\u00e9paration de caravanes Utrecht.","robots":{"index":"noindex","follow":"follow","max-snippet":"max-snippet:-1","max-image-preview":"max-image-preview:large","max-video-preview":"max-video-preview:-1"},"og_locale":"fr_FR","og_type":"article","og_title":"Caravan schade Utrecht","og_description":"Caravan schade Utrecht? Bij CaravanRepair bent u aan het juiste adres voor caravan reparatie Utrecht en caravan reparatie bedrijf Utrecht.","og_url":"https:\/\/oud.caravanrepair.eu\/fr\/caravane-dommages-utrecht\/","og_site_name":"CaravanRepair\u00ae","article_modified_time":"2024-02-27T13:24:39+00:00","og_image":[{"width":353,"height":150,"url":"https:\/\/oud.caravanrepair.eu\/wp-content\/uploads\/2019\/01\/logo-caravanrepair.png","type":"image\/png"}],"twitter_card":"summary_large_image","twitter_misc":{"Dur\u00e9e de lecture estim\u00e9e":"6 minutes"},"schema":{"@context":"https:\/\/schema.org","@graph":[{"@type":"WebPage","@id":"https:\/\/oud.caravanrepair.eu\/caravan-schade-utrecht\/","url":"https:\/\/oud.caravanrepair.eu\/caravan-schade-utrecht\/","name":"D\u00e9g\u00e2ts de caravanes Utrecht, r\u00e9paration de caravanes et r\u00e9paration de d\u00e9g\u00e2ts.","isPartOf":{"@id":"https:\/\/oud.caravanrepair.eu\/#website"},"datePublished":"2020-06-18T12:25:13+00:00","dateModified":"2024-02-27T13:24:39+00:00","description":"Caravane endommag\u00e9e Utrecht? Chez CaravanRepair, vous \u00eates au bon endroit pour la r\u00e9paration de caravanes Utrecht et l&#039;entreprise de r\u00e9paration de caravanes Utrecht.","breadcrumb":{"@id":"https:\/\/oud.caravanrepair.eu\/caravan-schade-utrecht\/#breadcrumb"},"inLanguage":"fr-FR","potentialAction":[{"@type":"ReadAction","target":["https:\/\/oud.caravanrepair.eu\/caravan-schade-utrecht\/"]}]},{"@type":"BreadcrumbList","@id":"https:\/\/oud.caravanrepair.eu\/caravan-schade-utrecht\/#breadcrumb","itemListElement":[{"@type":"ListItem","position":1,"name":"Home","item":"https:\/\/oud.caravanrepair.eu\/"},{"@type":"ListItem","position":2,"name":"Caravan schade Utrecht"}]},{"@type":"WebSite","@id":"https:\/\/oud.caravanrepair.eu\/#website","url":"https:\/\/oud.caravanrepair.eu\/","name":"CaravanRepair\u00ae","description":"R\u00e9paration professionnelle de dommages pour caravane et camping-car","publisher":{"@id":"https:\/\/oud.caravanrepair.eu\/#organization"},"potentialAction":[{"@type":"SearchAction","target":{"@type":"EntryPoint","urlTemplate":"https:\/\/oud.caravanrepair.eu\/?s={search_term_string}"},"query-input":{"@type":"PropertyValueSpecification","valueRequired":true,"valueName":"search_term_string"}}],"inLanguage":"fr-FR"},{"@type":"Organization","@id":"https:\/\/oud.caravanrepair.eu\/#organization","name":"CaravanRepair\u00ae","url":"https:\/\/oud.caravanrepair.eu\/","logo":{"@type":"ImageObject","inLanguage":"fr-FR","@id":"https:\/\/oud.caravanrepair.eu\/#\/schema\/logo\/image\/","url":"https:\/\/oud.caravanrepair.eu\/wp-content\/uploads\/2019\/01\/logo-caravanrepair.png","contentUrl":"https:\/\/oud.caravanrepair.eu\/wp-content\/uploads\/2019\/01\/logo-caravanrepair.png","width":353,"height":150,"caption":"CaravanRepair\u00ae"},"image":{"@id":"https:\/\/oud.caravanrepair.eu\/#\/schema\/logo\/image\/"}}]}},"_links":{"self":[{"href":"https:\/\/oud.caravanrepair.eu\/fr\/wp-json\/wp\/v2\/pages\/2528","targetHints":{"allow":["GET"]}}],"collection":[{"href":"https:\/\/oud.caravanrepair.eu\/fr\/wp-json\/wp\/v2\/pages"}],"about":[{"href":"https:\/\/oud.caravanrepair.eu\/fr\/wp-json\/wp\/v2\/types\/page"}],"author":[{"embeddable":true,"href":"https:\/\/oud.caravanrepair.eu\/fr\/wp-json\/wp\/v2\/users\/3"}],"replies":[{"embeddable":true,"href":"https:\/\/oud.caravanrepair.eu\/fr\/wp-json\/wp\/v2\/comments?post=2528"}],"version-history":[{"count":0,"href":"https:\/\/oud.caravanrepair.eu\/fr\/wp-json\/wp\/v2\/pages\/2528\/revisions"}],"wp:attachment":[{"href":"https:\/\/oud.caravanrepair.eu\/fr\/wp-json\/wp\/v2\/media?parent=2528"}],"curies":[{"name":"wp","href":"https:\/\/api.w.org\/{rel}","templated":true}]}}