{"id":6943,"date":"2022-12-10T13:29:45","date_gmt":"2022-12-10T12:29:45","guid":{"rendered":"https:\/\/oud.caravanrepair.eu\/?page_id=6943"},"modified":"2025-05-15T10:28:52","modified_gmt":"2025-05-15T08:28:52","slug":"caravane-degats-gerone","status":"publish","type":"page","link":"https:\/\/oud.caravanrepair.eu\/fr\/caravanrepair-girona\/","title":{"rendered":"R\u00e9paration de caravane G\u00e9rone"},"content":{"rendered":"<div data-elementor-type=\"wp-page\" data-elementor-id=\"6943\" class=\"elementor elementor-6943\" data-elementor-post-type=\"page\">\n\t\t\t\t\t\t<section class=\"elementor-section elementor-top-section elementor-element elementor-element-5afae5af elementor-section-height-min-height elementor-section-content-middle elementor-section-full_width elementor-section-height-default elementor-section-items-middle\" data-id=\"5afae5af\" data-element_type=\"section\" data-e-type=\"section\" data-settings=\"{&quot;background_background&quot;:&quot;classic&quot;}\">\n\t\t\t\t\t\t\t<div class=\"elementor-background-overlay\"><\/div>\n\t\t\t\t\t\t\t<div class=\"elementor-container elementor-column-gap-default\">\n\t\t\t\t\t<div class=\"elementor-column elementor-col-100 elementor-top-column elementor-element elementor-element-21f98525\" data-id=\"21f98525\" data-element_type=\"column\" data-e-type=\"column\">\n\t\t\t<div class=\"elementor-widget-wrap elementor-element-populated\">\n\t\t\t\t\t\t<div class=\"elementor-element elementor-element-c997aa6 elementor-widget elementor-widget-heading\" data-id=\"c997aa6\" data-element_type=\"widget\" data-e-type=\"widget\" data-widget_type=\"heading.default\">\n\t\t\t\t<div class=\"elementor-widget-container\">\n\t\t\t\t\t<h1 class=\"elementor-heading-title elementor-size-default\">R\u00e9paration de caravane G\u00e9rone<\/h1>\t\t\t\t<\/div>\n\t\t\t\t<\/div>\n\t\t\t\t<div class=\"elementor-element elementor-element-67740d01 elementor-widget elementor-widget-heading\" data-id=\"67740d01\" data-element_type=\"widget\" data-e-type=\"widget\" data-widget_type=\"heading.default\">\n\t\t\t\t<div class=\"elementor-widget-container\">\n\t\t\t\t\t<p class=\"elementor-heading-title elementor-size-default\"> <\/p>\t\t\t\t<\/div>\n\t\t\t\t<\/div>\n\t\t\t\t\t<\/div>\n\t\t<\/div>\n\t\t\t\t\t<\/div>\n\t\t<\/section>\n\t\t\t\t<section class=\"elementor-section elementor-top-section elementor-element elementor-element-9561b60 elementor-section-content-middle elementor-section-boxed elementor-section-height-default elementor-section-height-default\" data-id=\"9561b60\" data-element_type=\"section\" data-e-type=\"section\">\n\t\t\t\t\t\t<div class=\"elementor-container elementor-column-gap-no\">\n\t\t\t\t\t<div class=\"elementor-column elementor-col-100 elementor-top-column elementor-element elementor-element-16b40b7a\" data-id=\"16b40b7a\" data-element_type=\"column\" data-e-type=\"column\">\n\t\t\t<div class=\"elementor-widget-wrap elementor-element-populated\">\n\t\t\t\t\t\t<div class=\"elementor-element elementor-element-46c562f5 elementor-widget elementor-widget-heading\" data-id=\"46c562f5\" data-element_type=\"widget\" data-e-type=\"widget\" data-widget_type=\"heading.default\">\n\t\t\t\t<div class=\"elementor-widget-container\">\n\t\t\t\t\t<h2 class=\"elementor-heading-title elementor-size-default\">CaravanRepair Girona, sp\u00e9cialis\u00e9e dans la r\u00e9paration des dommages subis par les caravanes et les camping-cars <\/h2>\t\t\t\t<\/div>\n\t\t\t\t<\/div>\n\t\t\t\t\t<\/div>\n\t\t<\/div>\n\t\t\t\t\t<\/div>\n\t\t<\/section>\n\t\t\t\t<section class=\"elementor-section elementor-top-section elementor-element elementor-element-43a354a elementor-section-content-middle elementor-reverse-mobile elementor-section-boxed elementor-section-height-default elementor-section-height-default\" data-id=\"43a354a\" data-element_type=\"section\" data-e-type=\"section\">\n\t\t\t\t\t\t<div class=\"elementor-container elementor-column-gap-no\">\n\t\t\t\t\t<div class=\"elementor-column elementor-col-50 elementor-top-column elementor-element elementor-element-4e61a089\" data-id=\"4e61a089\" data-element_type=\"column\" data-e-type=\"column\">\n\t\t\t<div class=\"elementor-widget-wrap elementor-element-populated\">\n\t\t\t\t\t\t<div class=\"elementor-element elementor-element-26c4b8c0 elementor-widget elementor-widget-heading\" data-id=\"26c4b8c0\" data-element_type=\"widget\" data-e-type=\"widget\" data-widget_type=\"heading.default\">\n\t\t\t\t<div class=\"elementor-widget-container\">\n\t\t\t\t\t<h3 class=\"elementor-heading-title elementor-size-default\">CaravanRepair Les sp\u00e9cialistes espagnols de la r\u00e9paration des dommages subis par les caravanes.<\/h3>\t\t\t\t<\/div>\n\t\t\t\t<\/div>\n\t\t\t\t<div class=\"elementor-element elementor-element-1a7ff3c4 elementor-widget elementor-widget-text-editor\" data-id=\"1a7ff3c4\" data-element_type=\"widget\" data-e-type=\"widget\" data-widget_type=\"text-editor.default\">\n\t\t\t\t<div class=\"elementor-widget-container\">\n\t\t\t\t\t\t\t\t\t<p class=\"\" data-start=\"418\" data-end=\"767\">CaravanRepair Girona est l'expert en r\u00e9paration de caravanes et de camping-cars dans la r\u00e9gion de G\u00e9rone, en Espagne. En tant que distributeur agr\u00e9\u00e9 de CaravanRepair, nous sommes sp\u00e9cialis\u00e9s dans la r\u00e9paration de divers dommages tels que les bosses, les rayures, les fissures, les dommages caus\u00e9s par la gr\u00eale et m\u00eame les dommages caus\u00e9s par l'humidit\u00e9. Nos professionnels exp\u00e9riment\u00e9s veilleront \u00e0 ce que votre caravane ou votre camping-car soit \u00e0 nouveau en parfait \u00e9tat.<\/p><p class=\"\" data-start=\"769\" data-end=\"1127\">CaravanRepair est la bonne adresse pour la r\u00e9paration professionnelle des dommages et l'entretien complet de votre caravane ou de votre camping-car. Nous nous occupons de tous vos soucis et travaillons avec le syst\u00e8me fiable et \u00e9prouv\u00e9 CaravanRepair. Cette technique brevet\u00e9e permet de r\u00e9parer des dommages pratiquement invisibles, ce qui est reconnu par toutes les compagnies d'assurance.<\/p><h3 class=\"\" data-start=\"1129\" data-end=\"1173\">Pourquoi choisir CaravanRepair Girona ?<\/h3><ul data-start=\"1175\" data-end=\"1481\"><li class=\"\" data-start=\"1175\" data-end=\"1229\"><p class=\"\" data-start=\"1177\" data-end=\"1229\">Sp\u00e9cialis\u00e9 dans la r\u00e9paration des dommages subis par les camping-cars et les caravanes<\/p><\/li><li class=\"\" data-start=\"1230\" data-end=\"1281\"><p class=\"\" data-start=\"1232\" data-end=\"1281\">Utilisation du syst\u00e8me officiel CaravanRepair<\/p><\/li><li class=\"\" data-start=\"1282\" data-end=\"1340\"><p class=\"\" data-start=\"1284\" data-end=\"1340\">Coop\u00e9ration avec les principales compagnies d'assurance<\/p><\/li><li class=\"\" data-start=\"1341\" data-end=\"1388\"><p class=\"\" data-start=\"1343\" data-end=\"1388\">R\u00e9paration compl\u00e8te des dommages sous un m\u00eame toit<\/p><\/li><li class=\"\" data-start=\"1389\" data-end=\"1447\"><p class=\"\" data-start=\"1391\" data-end=\"1447\">Certification et formation annuelles de tous les techniciens<\/p><\/li><li class=\"\" data-start=\"1448\" data-end=\"1481\"><p class=\"\" data-start=\"1450\" data-end=\"1481\">Service d'experts avec garantie<\/p><\/li><\/ul><p class=\"\" data-start=\"1483\" data-end=\"1724\">La technologie moderne des caravanes exige de plus en plus de connaissances sp\u00e9cialis\u00e9es. Pensez par exemple aux nouvelles m\u00e9thodes de collage des parois des caravanes. Gr\u00e2ce \u00e0 notre formation continue et \u00e0 nos nombreuses ann\u00e9es d'exp\u00e9rience, vous \u00eates assur\u00e9 d'un travail de qualit\u00e9.<\/p><h3 class=\"\" data-start=\"1726\" data-end=\"1782\">Membre du groupe CaravanRepair - r\u00e9seau europ\u00e9en<\/h3><p class=\"\" data-start=\"2175\" data-end=\"2248\">Avec CaravanRepair \u00e0 Girona, vous choisissez la s\u00e9curit\u00e9, le savoir-faire et la fiabilit\u00e9.<\/p><p class=\"\" data-start=\"2250\" data-end=\"2393\"><strong data-start=\"2250\" data-end=\"2393\">Votre caravane ou camping-car est endommag\u00e9 ?<a href=\"https:\/\/oud.caravanrepair.eu\/fr\/antragsformular\/\" target=\"_blank\" rel=\"noopener\"><span style=\"text-decoration: underline;\"><em> Signalez votre dommage facilement et sans engagement \u00e0 CaravanRepair Girona.<\/em><\/span><\/a> Nous nous ferons un plaisir de vous aider \u00e0 vous remettre sur les rails.<\/strong><\/p>\t\t\t\t\t\t\t\t<\/div>\n\t\t\t\t<\/div>\n\t\t\t\t\t<\/div>\n\t\t<\/div>\n\t\t\t\t<div class=\"elementor-column elementor-col-50 elementor-top-column elementor-element elementor-element-3fcb480\" data-id=\"3fcb480\" data-element_type=\"column\" data-e-type=\"column\">\n\t\t\t<div class=\"elementor-widget-wrap elementor-element-populated\">\n\t\t\t\t\t\t<div class=\"elementor-element elementor-element-41737b8f elementor-widget elementor-widget-image\" data-id=\"41737b8f\" data-element_type=\"widget\" data-e-type=\"widget\" data-widget_type=\"image.default\">\n\t\t\t\t<div class=\"elementor-widget-container\">\n\t\t\t\t\t\t\t\t\t\t\t\t\t\t\t<img fetchpriority=\"high\" decoding=\"async\" width=\"500\" height=\"375\" src=\"https:\/\/oud.caravanrepair.eu\/wp-content\/uploads\/2024\/03\/caravan-schadeherstel-peerdeman-grootebroek-kopie.jpg\" class=\"attachment-large size-large wp-image-13558\" alt=\"CaravanRepair Winschoten\" srcset=\"https:\/\/oud.caravanrepair.eu\/wp-content\/uploads\/2024\/03\/caravan-schadeherstel-peerdeman-grootebroek-kopie-16x12.jpg 16w, https:\/\/oud.caravanrepair.eu\/wp-content\/uploads\/2024\/03\/caravan-schadeherstel-peerdeman-grootebroek-kopie-200x150.jpg 200w, https:\/\/oud.caravanrepair.eu\/wp-content\/uploads\/2024\/03\/caravan-schadeherstel-peerdeman-grootebroek-kopie-300x225.jpg 300w, https:\/\/oud.caravanrepair.eu\/wp-content\/uploads\/2024\/03\/caravan-schadeherstel-peerdeman-grootebroek-kopie-400x300.jpg 400w, https:\/\/oud.caravanrepair.eu\/wp-content\/uploads\/2024\/03\/caravan-schadeherstel-peerdeman-grootebroek-kopie.jpg 500w\" sizes=\"(max-width: 500px) 100vw, 500px\" \/>\t\t\t\t\t\t\t\t\t\t\t\t\t\t\t<\/div>\n\t\t\t\t<\/div>\n\t\t\t\t\t<\/div>\n\t\t<\/div>\n\t\t\t\t\t<\/div>\n\t\t<\/section>\n\t\t\t\t<section class=\"elementor-section elementor-top-section elementor-element elementor-element-4bdcec9b elementor-section-content-middle elementor-section-boxed elementor-section-height-default elementor-section-height-default\" data-id=\"4bdcec9b\" data-element_type=\"section\" data-e-type=\"section\" data-settings=\"{&quot;background_background&quot;:&quot;classic&quot;}\">\n\t\t\t\t\t\t\t<div class=\"elementor-background-overlay\"><\/div>\n\t\t\t\t\t\t\t<div class=\"elementor-container elementor-column-gap-no\">\n\t\t\t\t\t<div class=\"elementor-column elementor-col-100 elementor-top-column elementor-element elementor-element-1df6bd67\" data-id=\"1df6bd67\" data-element_type=\"column\" data-e-type=\"column\">\n\t\t\t<div class=\"elementor-widget-wrap elementor-element-populated\">\n\t\t\t\t\t\t<div class=\"elementor-element elementor-element-59af0496 elementor-widget elementor-widget-heading\" data-id=\"59af0496\" data-element_type=\"widget\" data-e-type=\"widget\" data-widget_type=\"heading.default\">\n\t\t\t\t<div class=\"elementor-widget-container\">\n\t\t\t\t\t<h2 class=\"elementor-heading-title elementor-size-default\">Signaler un d\u00e9g\u00e2t caravane ou camping-car ?<\/h2>\t\t\t\t<\/div>\n\t\t\t\t<\/div>\n\t\t\t\t<div class=\"elementor-element elementor-element-1d305ee8 elementor-widget elementor-widget-text-editor\" data-id=\"1d305ee8\" data-element_type=\"widget\" data-e-type=\"widget\" data-widget_type=\"text-editor.default\">\n\t\t\t\t<div class=\"elementor-widget-container\">\n\t\t\t\t\t\t\t\t\t<p style=\"text-align: center;\">Si votre caravane ou votre camping-car a \u00e9t\u00e9 endommag\u00e9, veuillez remplir le formulaire de dommages en ligne et nous vous contacterons.<\/p>\t\t\t\t\t\t\t\t<\/div>\n\t\t\t\t<\/div>\n\t\t\t\t<div class=\"elementor-element elementor-element-4ececa40 elementor-align-center elementor-mobile-align-left elementor-widget elementor-widget-button\" data-id=\"4ececa40\" data-element_type=\"widget\" data-e-type=\"widget\" data-widget_type=\"button.default\">\n\t\t\t\t<div class=\"elementor-widget-container\">\n\t\t\t\t\t\t\t\t\t<div class=\"elementor-button-wrapper\">\n\t\t\t\t\t<a class=\"elementor-button elementor-button-link elementor-size-sm elementor-animation-grow\" href=\"https:\/\/oud.caravanrepair.eu\/fr\/antragsformular\/\">\n\t\t\t\t\t\t<span class=\"elementor-button-content-wrapper\">\n\t\t\t\t\t\t\t\t\t<span class=\"elementor-button-text\">SIGNALER LES DOMMAGES<\/span>\n\t\t\t\t\t<\/span>\n\t\t\t\t\t<\/a>\n\t\t\t\t<\/div>\n\t\t\t\t\t\t\t\t<\/div>\n\t\t\t\t<\/div>\n\t\t\t\t\t<\/div>\n\t\t<\/div>\n\t\t\t\t\t<\/div>\n\t\t<\/section>\n\t\t\t\t<section class=\"elementor-section elementor-top-section elementor-element elementor-element-586fc525 elementor-section-full_width elementor-section-content-middle elementor-section-height-default elementor-section-height-default\" data-id=\"586fc525\" data-element_type=\"section\" data-e-type=\"section\">\n\t\t\t\t\t\t<div class=\"elementor-container elementor-column-gap-no\">\n\t\t\t\t\t<div class=\"elementor-column elementor-col-50 elementor-top-column elementor-element elementor-element-6a38e46d\" data-id=\"6a38e46d\" data-element_type=\"column\" data-e-type=\"column\" data-settings=\"{&quot;background_background&quot;:&quot;classic&quot;}\">\n\t\t\t<div class=\"elementor-widget-wrap elementor-element-populated\">\n\t\t\t\t\t<div class=\"elementor-background-overlay\"><\/div>\n\t\t\t\t\t\t<div class=\"elementor-element elementor-element-4b35bf6 elementor-widget elementor-widget-heading\" data-id=\"4b35bf6\" data-element_type=\"widget\" data-e-type=\"widget\" data-widget_type=\"heading.default\">\n\t\t\t\t<div class=\"elementor-widget-container\">\n\t\t\t\t\t<h3 class=\"elementor-heading-title elementor-size-default\">R\u00e9paration de caravane G\u00e9rone<\/h3>\t\t\t\t<\/div>\n\t\t\t\t<\/div>\n\t\t\t\t\t<\/div>\n\t\t<\/div>\n\t\t\t\t<div class=\"elementor-column elementor-col-50 elementor-top-column elementor-element elementor-element-39869dcc\" data-id=\"39869dcc\" data-element_type=\"column\" data-e-type=\"column\">\n\t\t\t<div class=\"elementor-widget-wrap elementor-element-populated\">\n\t\t\t\t\t\t<div class=\"elementor-element elementor-element-40dc71aa elementor-widget elementor-widget-text-editor\" data-id=\"40dc71aa\" data-element_type=\"widget\" data-e-type=\"widget\" data-widget_type=\"text-editor.default\">\n\t\t\t\t<div class=\"elementor-widget-container\">\n\t\t\t\t\t\t\t\t\t<h3>Faites confiance \u00e0 l'expertise des sp\u00e9cialistes CaravanRepair\u00ae de votre r\u00e9gion.<\/h3><p>CaravanRepair Girona est l\u00e0 pour effectuer toutes les r\u00e9parations de votre caravane. CaravanRepair\u00ae est la plus grande cha\u00eene de sp\u00e9cialistes des caravanes en Europe, qui effectue des r\u00e9parations de caravanes et de camping-cars de mani\u00e8re rapide et extr\u00eamement professionnelle. Notre r\u00e9paration de caravane<span style=\"font-family: var( --e-global-typography-text-font-family ), Sans-serif; font-style: var(--body_typography-font-style,normal); letter-spacing: var(--body_typography-letter-spacing);\">\u00ae<\/span><span style=\"font-family: var( --e-global-typography-text-font-family ), Sans-serif; font-style: var(--body_typography-font-style,normal); letter-spacing: var(--body_typography-letter-spacing);\"> la m\u00e9thode de r\u00e9paration est approuv\u00e9e par toutes les compagnies d\u2019assurance. <a href=\"https:\/\/oud.caravanrepair.eu\/fr\/reparation-de-caravane-a-calp\/\" target=\"_blank\" rel=\"noopener\"><em><strong>Cliquez ici pour obtenir des informations sur le revendeur.<\/strong><\/em><\/a><\/span><\/p>\t\t\t\t\t\t\t\t<\/div>\n\t\t\t\t<\/div>\n\t\t\t\t\t<\/div>\n\t\t<\/div>\n\t\t\t\t\t<\/div>\n\t\t<\/section>\n\t\t\t\t<section class=\"elementor-section elementor-top-section elementor-element elementor-element-3ed32125 elementor-section-content-middle elementor-section-boxed elementor-section-height-default elementor-section-height-default\" data-id=\"3ed32125\" data-element_type=\"section\" data-e-type=\"section\" data-settings=\"{&quot;background_background&quot;:&quot;classic&quot;}\">\n\t\t\t\t\t\t\t<div class=\"elementor-background-overlay\"><\/div>\n\t\t\t\t\t\t\t<div class=\"elementor-container elementor-column-gap-no\">\n\t\t\t\t\t<div class=\"elementor-column elementor-col-50 elementor-top-column elementor-element elementor-element-8b13df8\" data-id=\"8b13df8\" data-element_type=\"column\" data-e-type=\"column\">\n\t\t\t<div class=\"elementor-widget-wrap elementor-element-populated\">\n\t\t\t\t\t\t<div class=\"elementor-element elementor-element-48d0c39d elementor-widget elementor-widget-heading\" data-id=\"48d0c39d\" data-element_type=\"widget\" data-e-type=\"widget\" data-widget_type=\"heading.default\">\n\t\t\t\t<div class=\"elementor-widget-container\">\n\t\t\t\t\t<h2 class=\"elementor-heading-title elementor-size-default\">Vous recherchez un r\u00e9parateur CaravanRepair\u00ae pr\u00e8s de chez vous ?<\/h2>\t\t\t\t<\/div>\n\t\t\t\t<\/div>\n\t\t\t\t<div class=\"elementor-element elementor-element-205c14c elementor-widget elementor-widget-text-editor\" data-id=\"205c14c\" data-element_type=\"widget\" data-e-type=\"widget\" data-widget_type=\"text-editor.default\">\n\t\t\t\t<div class=\"elementor-widget-container\">\n\t\t\t\t\t\t\t\t\t<p>Nos r\u00e9parateurs sont actifs dans toute l\u2019Europe !<\/p>\t\t\t\t\t\t\t\t<\/div>\n\t\t\t\t<\/div>\n\t\t\t\t\t<\/div>\n\t\t<\/div>\n\t\t\t\t<div class=\"elementor-column elementor-col-50 elementor-top-column elementor-element elementor-element-26a4270\" data-id=\"26a4270\" data-element_type=\"column\" data-e-type=\"column\">\n\t\t\t<div class=\"elementor-widget-wrap elementor-element-populated\">\n\t\t\t\t\t\t<div class=\"elementor-element elementor-element-49274ff0 elementor-align-center elementor-mobile-align-left elementor-widget elementor-widget-button\" data-id=\"49274ff0\" data-element_type=\"widget\" data-e-type=\"widget\" data-widget_type=\"button.default\">\n\t\t\t\t<div class=\"elementor-widget-container\">\n\t\t\t\t\t\t\t\t\t<div class=\"elementor-button-wrapper\">\n\t\t\t\t\t<a class=\"elementor-button elementor-button-link elementor-size-sm elementor-animation-grow\" href=\"https:\/\/oud.caravanrepair.eu\/fr\/concessionnaires\/\">\n\t\t\t\t\t\t<span class=\"elementor-button-content-wrapper\">\n\t\t\t\t\t\t\t\t\t<span class=\"elementor-button-text\">Rechercher maintenant<\/span>\n\t\t\t\t\t<\/span>\n\t\t\t\t\t<\/a>\n\t\t\t\t<\/div>\n\t\t\t\t\t\t\t\t<\/div>\n\t\t\t\t<\/div>\n\t\t\t\t\t<\/div>\n\t\t<\/div>\n\t\t\t\t\t<\/div>\n\t\t<\/section>\n\t\t\t\t<\/div>","protected":false},"excerpt":{"rendered":"<p>CaravanRepair Girona CaravanRepair Girona gespecialiseerd in het herstellen van caravan en camper schades CaravanRepair D\u00e9 specialisten in Spanje voor caravan<\/p>","protected":false},"author":3,"featured_media":0,"parent":0,"menu_order":0,"comment_status":"closed","ping_status":"closed","template":"","meta":{"footnotes":""},"class_list":["post-6943","page","type-page","status-publish","hentry","pagina_tag-caravanrepair-dealers"],"yoast_head":"<!-- This site is optimized with the Yoast SEO Premium plugin v27.5 (Yoast SEO v28.3) - https:\/\/yoast.com\/product\/yoast-seo-premium-wordpress\/ -->\n<title>CaravanRepair Girona, specialisten in caravanschade herstel.<\/title>\n<meta name=\"description\" content=\"CaravanRepair Girona biedt hoogwaardig schadeherstel en onderhoud voor caravans en campers in de regio Girona. Vertrouw op onze expertise.\" \/>\n<meta name=\"robots\" content=\"noindex, follow, max-snippet:-1, max-image-preview:large, max-video-preview:-1\" \/>\n<meta property=\"og:locale\" content=\"fr_FR\" \/>\n<meta property=\"og:type\" content=\"article\" \/>\n<meta property=\"og:title\" content=\"CaravanRepair Girona\" \/>\n<meta property=\"og:description\" content=\"CaravanRepair Girona biedt hoogwaardig schadeherstel en onderhoud voor caravans en campers in de regio Girona. Vertrouw op onze expertise.\" \/>\n<meta property=\"og:url\" content=\"https:\/\/oud.caravanrepair.eu\/fr\/caravane-degats-gerone\/\" \/>\n<meta property=\"og:site_name\" content=\"CaravanRepair\u00ae\" \/>\n<meta property=\"article:modified_time\" content=\"2025-05-15T08:28:52+00:00\" \/>\n<meta property=\"og:image\" content=\"https:\/\/oud.caravanrepair.eu\/wp-content\/uploads\/2024\/03\/caravan-schadeherstel-peerdeman-grootebroek-kopie.jpg\" \/>\n\t<meta property=\"og:image:width\" content=\"500\" \/>\n\t<meta property=\"og:image:height\" content=\"375\" \/>\n\t<meta property=\"og:image:type\" content=\"image\/jpeg\" \/>\n<meta name=\"twitter:card\" content=\"summary_large_image\" \/>\n<meta name=\"twitter:label1\" content=\"Dur\u00e9e de lecture estim\u00e9e\" \/>\n\t<meta name=\"twitter:data1\" content=\"2 minutes\" \/>\n<script type=\"application\/ld+json\" class=\"yoast-schema-graph\">{\"@context\":\"https:\\\/\\\/schema.org\",\"@graph\":[{\"@type\":\"WebPage\",\"@id\":\"https:\\\/\\\/oud.caravanrepair.eu\\\/caravanrepair-girona\\\/\",\"url\":\"https:\\\/\\\/oud.caravanrepair.eu\\\/caravanrepair-girona\\\/\",\"name\":\"CaravanRepair Girona, specialisten in caravanschade herstel.\",\"isPartOf\":{\"@id\":\"https:\\\/\\\/oud.caravanrepair.eu\\\/#website\"},\"primaryImageOfPage\":{\"@id\":\"https:\\\/\\\/oud.caravanrepair.eu\\\/caravanrepair-girona\\\/#primaryimage\"},\"image\":{\"@id\":\"https:\\\/\\\/oud.caravanrepair.eu\\\/caravanrepair-girona\\\/#primaryimage\"},\"thumbnailUrl\":\"https:\\\/\\\/oud.caravanrepair.eu\\\/wp-content\\\/uploads\\\/2024\\\/03\\\/caravan-schadeherstel-peerdeman-grootebroek-kopie.jpg\",\"datePublished\":\"2022-12-10T12:29:45+00:00\",\"dateModified\":\"2025-05-15T08:28:52+00:00\",\"description\":\"CaravanRepair Girona biedt hoogwaardig schadeherstel en onderhoud voor caravans en campers in de regio Girona. Vertrouw op onze expertise.\",\"breadcrumb\":{\"@id\":\"https:\\\/\\\/oud.caravanrepair.eu\\\/caravanrepair-girona\\\/#breadcrumb\"},\"inLanguage\":\"fr-FR\",\"potentialAction\":[{\"@type\":\"ReadAction\",\"target\":[\"https:\\\/\\\/oud.caravanrepair.eu\\\/caravanrepair-girona\\\/\"]}]},{\"@type\":\"ImageObject\",\"inLanguage\":\"fr-FR\",\"@id\":\"https:\\\/\\\/oud.caravanrepair.eu\\\/caravanrepair-girona\\\/#primaryimage\",\"url\":\"https:\\\/\\\/oud.caravanrepair.eu\\\/wp-content\\\/uploads\\\/2024\\\/03\\\/caravan-schadeherstel-peerdeman-grootebroek-kopie.jpg\",\"contentUrl\":\"https:\\\/\\\/oud.caravanrepair.eu\\\/wp-content\\\/uploads\\\/2024\\\/03\\\/caravan-schadeherstel-peerdeman-grootebroek-kopie.jpg\"},{\"@type\":\"BreadcrumbList\",\"@id\":\"https:\\\/\\\/oud.caravanrepair.eu\\\/caravanrepair-girona\\\/#breadcrumb\",\"itemListElement\":[{\"@type\":\"ListItem\",\"position\":1,\"name\":\"Home\",\"item\":\"https:\\\/\\\/oud.caravanrepair.eu\\\/\"},{\"@type\":\"ListItem\",\"position\":2,\"name\":\"CaravanRepair Girona\"}]},{\"@type\":\"WebSite\",\"@id\":\"https:\\\/\\\/oud.caravanrepair.eu\\\/#website\",\"url\":\"https:\\\/\\\/oud.caravanrepair.eu\\\/\",\"name\":\"CaravanRepair\u00ae\",\"description\":\"Professioneel schadeherstel voor caravan en camper\",\"publisher\":{\"@id\":\"https:\\\/\\\/oud.caravanrepair.eu\\\/#organization\"},\"potentialAction\":[{\"@type\":\"SearchAction\",\"target\":{\"@type\":\"EntryPoint\",\"urlTemplate\":\"https:\\\/\\\/oud.caravanrepair.eu\\\/?s={search_term_string}\"},\"query-input\":{\"@type\":\"PropertyValueSpecification\",\"valueRequired\":true,\"valueName\":\"search_term_string\"}}],\"inLanguage\":\"fr-FR\"},{\"@type\":\"Organization\",\"@id\":\"https:\\\/\\\/oud.caravanrepair.eu\\\/#organization\",\"name\":\"CaravanRepair\u00ae\",\"url\":\"https:\\\/\\\/oud.caravanrepair.eu\\\/\",\"logo\":{\"@type\":\"ImageObject\",\"inLanguage\":\"fr-FR\",\"@id\":\"https:\\\/\\\/oud.caravanrepair.eu\\\/#\\\/schema\\\/logo\\\/image\\\/\",\"url\":\"https:\\\/\\\/oud.caravanrepair.eu\\\/wp-content\\\/uploads\\\/2019\\\/01\\\/logo-caravanrepair.png\",\"contentUrl\":\"https:\\\/\\\/oud.caravanrepair.eu\\\/wp-content\\\/uploads\\\/2019\\\/01\\\/logo-caravanrepair.png\",\"width\":353,\"height\":150,\"caption\":\"CaravanRepair\u00ae\"},\"image\":{\"@id\":\"https:\\\/\\\/oud.caravanrepair.eu\\\/#\\\/schema\\\/logo\\\/image\\\/\"}}]}<\/script>\n<!-- \/ Yoast SEO Premium plugin. -->","yoast_head_json":{"title":"CaravanRepair Girona, sp\u00e9cialiste de la r\u00e9paration des dommages aux caravanes.","description":"CaravanRepair Girona propose une r\u00e9paration et un entretien de haute qualit\u00e9 pour caravanes et camping-cars dans la r\u00e9gion de G\u00e9rone. Faites confiance \u00e0 notre expertise.","robots":{"index":"noindex","follow":"follow","max-snippet":"max-snippet:-1","max-image-preview":"max-image-preview:large","max-video-preview":"max-video-preview:-1"},"og_locale":"fr_FR","og_type":"article","og_title":"CaravanRepair Girona","og_description":"CaravanRepair Girona biedt hoogwaardig schadeherstel en onderhoud voor caravans en campers in de regio Girona. Vertrouw op onze expertise.","og_url":"https:\/\/oud.caravanrepair.eu\/fr\/caravane-degats-gerone\/","og_site_name":"CaravanRepair\u00ae","article_modified_time":"2025-05-15T08:28:52+00:00","og_image":[{"width":500,"height":375,"url":"https:\/\/oud.caravanrepair.eu\/wp-content\/uploads\/2024\/03\/caravan-schadeherstel-peerdeman-grootebroek-kopie.jpg","type":"image\/jpeg"}],"twitter_card":"summary_large_image","twitter_misc":{"Dur\u00e9e de lecture estim\u00e9e":"2 minutes"},"schema":{"@context":"https:\/\/schema.org","@graph":[{"@type":"WebPage","@id":"https:\/\/oud.caravanrepair.eu\/caravanrepair-girona\/","url":"https:\/\/oud.caravanrepair.eu\/caravanrepair-girona\/","name":"CaravanRepair Girona, sp\u00e9cialiste de la r\u00e9paration des dommages aux caravanes.","isPartOf":{"@id":"https:\/\/oud.caravanrepair.eu\/#website"},"primaryImageOfPage":{"@id":"https:\/\/oud.caravanrepair.eu\/caravanrepair-girona\/#primaryimage"},"image":{"@id":"https:\/\/oud.caravanrepair.eu\/caravanrepair-girona\/#primaryimage"},"thumbnailUrl":"https:\/\/oud.caravanrepair.eu\/wp-content\/uploads\/2024\/03\/caravan-schadeherstel-peerdeman-grootebroek-kopie.jpg","datePublished":"2022-12-10T12:29:45+00:00","dateModified":"2025-05-15T08:28:52+00:00","description":"CaravanRepair Girona propose une r\u00e9paration et un entretien de haute qualit\u00e9 pour caravanes et camping-cars dans la r\u00e9gion de G\u00e9rone. Faites confiance \u00e0 notre expertise.","breadcrumb":{"@id":"https:\/\/oud.caravanrepair.eu\/caravanrepair-girona\/#breadcrumb"},"inLanguage":"fr-FR","potentialAction":[{"@type":"ReadAction","target":["https:\/\/oud.caravanrepair.eu\/caravanrepair-girona\/"]}]},{"@type":"ImageObject","inLanguage":"fr-FR","@id":"https:\/\/oud.caravanrepair.eu\/caravanrepair-girona\/#primaryimage","url":"https:\/\/oud.caravanrepair.eu\/wp-content\/uploads\/2024\/03\/caravan-schadeherstel-peerdeman-grootebroek-kopie.jpg","contentUrl":"https:\/\/oud.caravanrepair.eu\/wp-content\/uploads\/2024\/03\/caravan-schadeherstel-peerdeman-grootebroek-kopie.jpg"},{"@type":"BreadcrumbList","@id":"https:\/\/oud.caravanrepair.eu\/caravanrepair-girona\/#breadcrumb","itemListElement":[{"@type":"ListItem","position":1,"name":"Home","item":"https:\/\/oud.caravanrepair.eu\/"},{"@type":"ListItem","position":2,"name":"CaravanRepair Girona"}]},{"@type":"WebSite","@id":"https:\/\/oud.caravanrepair.eu\/#website","url":"https:\/\/oud.caravanrepair.eu\/","name":"CaravanRepair\u00ae","description":"R\u00e9paration professionnelle de dommages pour caravane et camping-car","publisher":{"@id":"https:\/\/oud.caravanrepair.eu\/#organization"},"potentialAction":[{"@type":"SearchAction","target":{"@type":"EntryPoint","urlTemplate":"https:\/\/oud.caravanrepair.eu\/?s={search_term_string}"},"query-input":{"@type":"PropertyValueSpecification","valueRequired":true,"valueName":"search_term_string"}}],"inLanguage":"fr-FR"},{"@type":"Organization","@id":"https:\/\/oud.caravanrepair.eu\/#organization","name":"CaravanRepair\u00ae","url":"https:\/\/oud.caravanrepair.eu\/","logo":{"@type":"ImageObject","inLanguage":"fr-FR","@id":"https:\/\/oud.caravanrepair.eu\/#\/schema\/logo\/image\/","url":"https:\/\/oud.caravanrepair.eu\/wp-content\/uploads\/2019\/01\/logo-caravanrepair.png","contentUrl":"https:\/\/oud.caravanrepair.eu\/wp-content\/uploads\/2019\/01\/logo-caravanrepair.png","width":353,"height":150,"caption":"CaravanRepair\u00ae"},"image":{"@id":"https:\/\/oud.caravanrepair.eu\/#\/schema\/logo\/image\/"}}]}},"_links":{"self":[{"href":"https:\/\/oud.caravanrepair.eu\/fr\/wp-json\/wp\/v2\/pages\/6943","targetHints":{"allow":["GET"]}}],"collection":[{"href":"https:\/\/oud.caravanrepair.eu\/fr\/wp-json\/wp\/v2\/pages"}],"about":[{"href":"https:\/\/oud.caravanrepair.eu\/fr\/wp-json\/wp\/v2\/types\/page"}],"author":[{"embeddable":true,"href":"https:\/\/oud.caravanrepair.eu\/fr\/wp-json\/wp\/v2\/users\/3"}],"replies":[{"embeddable":true,"href":"https:\/\/oud.caravanrepair.eu\/fr\/wp-json\/wp\/v2\/comments?post=6943"}],"version-history":[{"count":0,"href":"https:\/\/oud.caravanrepair.eu\/fr\/wp-json\/wp\/v2\/pages\/6943\/revisions"}],"wp:attachment":[{"href":"https:\/\/oud.caravanrepair.eu\/fr\/wp-json\/wp\/v2\/media?parent=6943"}],"curies":[{"name":"wp","href":"https:\/\/api.w.org\/{rel}","templated":true}]}}