{"id":8095,"date":"2023-08-14T20:38:50","date_gmt":"2023-08-14T18:38:50","guid":{"rendered":"https:\/\/oud.caravanrepair.eu\/?page_id=8095"},"modified":"2024-03-26T11:06:27","modified_gmt":"2024-03-26T10:06:27","slug":"blog","status":"publish","type":"page","link":"https:\/\/oud.caravanrepair.eu\/fr\/blog\/","title":{"rendered":"Blog"},"content":{"rendered":"<div data-elementor-type=\"wp-page\" data-elementor-id=\"8095\" class=\"elementor elementor-8095\" data-elementor-post-type=\"page\">\n\t\t\t\t\t\t<section class=\"elementor-section elementor-top-section elementor-element elementor-element-42a7a21b elementor-section-boxed elementor-section-height-default elementor-section-height-default\" data-id=\"42a7a21b\" data-element_type=\"section\" data-e-type=\"section\">\n\t\t\t\t\t\t<div class=\"elementor-container elementor-column-gap-default\">\n\t\t\t\t\t<div class=\"elementor-column elementor-col-100 elementor-top-column elementor-element elementor-element-71faae3\" data-id=\"71faae3\" data-element_type=\"column\" data-e-type=\"column\">\n\t\t\t<div class=\"elementor-widget-wrap elementor-element-populated\">\n\t\t\t\t\t\t<div class=\"elementor-element elementor-element-62749882 elementor-widget elementor-widget-heading\" data-id=\"62749882\" data-element_type=\"widget\" data-e-type=\"widget\" data-widget_type=\"heading.default\">\n\t\t\t\t<div class=\"elementor-widget-container\">\n\t\t\t\t\t<h2 class=\"elementor-heading-title elementor-size-default\">Actualit\u00e9s CaravanRepair <\/h2>\t\t\t\t<\/div>\n\t\t\t\t<\/div>\n\t\t\t\t<div class=\"elementor-element elementor-element-da5ddbd elementor-align-left elementor-widget elementor-widget-breadcrumbs\" data-id=\"da5ddbd\" data-element_type=\"widget\" data-e-type=\"widget\" data-widget_type=\"breadcrumbs.default\">\n\t\t\t\t<div class=\"elementor-widget-container\">\n\t\t\t\t\t<p id=\"breadcrumbs\"><span><span><a href=\"https:\/\/oud.caravanrepair.eu\/fr\/\">Accueil<\/a><\/span><\/span><\/p>\t\t\t\t<\/div>\n\t\t\t\t<\/div>\n\t\t\t\t\t<\/div>\n\t\t<\/div>\n\t\t\t\t\t<\/div>\n\t\t<\/section>\n\t\t\t\t<section class=\"elementor-section elementor-top-section elementor-element elementor-element-4c80b61f elementor-section-content-middle elementor-section-boxed elementor-section-height-default elementor-section-height-default\" data-id=\"4c80b61f\" data-element_type=\"section\" data-e-type=\"section\">\n\t\t\t\t\t\t<div class=\"elementor-container elementor-column-gap-no\">\n\t\t\t\t\t<div class=\"elementor-column elementor-col-50 elementor-top-column elementor-element elementor-element-66c51221\" data-id=\"66c51221\" data-element_type=\"column\" data-e-type=\"column\">\n\t\t\t<div class=\"elementor-widget-wrap elementor-element-populated\">\n\t\t\t\t\t\t<div class=\"elementor-element elementor-element-5c79f3c8 elementor-grid-1 elementor-grid-tablet-1 elementor-grid-mobile-1 elementor-posts--thumbnail-top elementor-widget elementor-widget-posts\" data-id=\"5c79f3c8\" data-element_type=\"widget\" data-e-type=\"widget\" id=\"blog_list\" data-settings=\"{&quot;classic_columns&quot;:&quot;1&quot;,&quot;classic_columns_tablet&quot;:&quot;1&quot;,&quot;classic_columns_mobile&quot;:&quot;1&quot;,&quot;classic_row_gap&quot;:{&quot;unit&quot;:&quot;px&quot;,&quot;size&quot;:35,&quot;sizes&quot;:[]},&quot;classic_row_gap_tablet&quot;:{&quot;unit&quot;:&quot;px&quot;,&quot;size&quot;:&quot;&quot;,&quot;sizes&quot;:[]},&quot;classic_row_gap_mobile&quot;:{&quot;unit&quot;:&quot;px&quot;,&quot;size&quot;:&quot;&quot;,&quot;sizes&quot;:[]}}\" data-widget_type=\"posts.classic\">\n\t\t\t\t<div class=\"elementor-widget-container\">\n\t\t\t\t\t\t\t<div class=\"elementor-posts-container elementor-posts elementor-posts--skin-classic elementor-grid\" role=\"list\">\n\t\t\t\t<article class=\"elementor-post elementor-grid-item post-20973 post type-post status-publish format-standard has-post-thumbnail hentry category-dealers-europa\" role=\"listitem\">\n\t\t\t\t<a class=\"elementor-post__thumbnail__link\" href=\"https:\/\/oud.caravanrepair.eu\/fr\/dealers-europa\/dealer-worden-voor-caravanrepair-in-belgie\/\" tabindex=\"-1\" >\n\t\t\t<div class=\"elementor-post__thumbnail\"><img fetchpriority=\"high\" decoding=\"async\" width=\"1024\" height=\"691\" src=\"https:\/\/oud.caravanrepair.eu\/wp-content\/uploads\/2024\/10\/Fendt_Caravan_514ee9674efa3-1024x691.jpg\" class=\"attachment-large size-large wp-image-16563\" alt=\"FAQ | R\u00e9paration de caravanes\" srcset=\"https:\/\/oud.caravanrepair.eu\/wp-content\/uploads\/2024\/10\/Fendt_Caravan_514ee9674efa3-18x12.jpg 18w, https:\/\/oud.caravanrepair.eu\/wp-content\/uploads\/2024\/10\/Fendt_Caravan_514ee9674efa3-200x135.jpg 200w, https:\/\/oud.caravanrepair.eu\/wp-content\/uploads\/2024\/10\/Fendt_Caravan_514ee9674efa3-300x203.jpg 300w, https:\/\/oud.caravanrepair.eu\/wp-content\/uploads\/2024\/10\/Fendt_Caravan_514ee9674efa3-400x270.jpg 400w, https:\/\/oud.caravanrepair.eu\/wp-content\/uploads\/2024\/10\/Fendt_Caravan_514ee9674efa3-600x405.jpg 600w, https:\/\/oud.caravanrepair.eu\/wp-content\/uploads\/2024\/10\/Fendt_Caravan_514ee9674efa3-768x519.jpg 768w, https:\/\/oud.caravanrepair.eu\/wp-content\/uploads\/2024\/10\/Fendt_Caravan_514ee9674efa3-800x540.jpg 800w, https:\/\/oud.caravanrepair.eu\/wp-content\/uploads\/2024\/10\/Fendt_Caravan_514ee9674efa3-1024x691.jpg 1024w, https:\/\/oud.caravanrepair.eu\/wp-content\/uploads\/2024\/10\/Fendt_Caravan_514ee9674efa3-1200x810.jpg 1200w, https:\/\/oud.caravanrepair.eu\/wp-content\/uploads\/2024\/10\/Fendt_Caravan_514ee9674efa3.jpg 1392w\" sizes=\"(max-width: 1024px) 100vw, 1024px\" \/><\/div>\n\t\t<\/a>\n\t\t\t\t<div class=\"elementor-post__text\">\n\t\t\t\t<h2 class=\"elementor-post__title\">\n\t\t\t<a href=\"https:\/\/oud.caravanrepair.eu\/fr\/dealers-europa\/dealer-worden-voor-caravanrepair-in-belgie\/\" >\n\t\t\t\tDevenir distributeur de CaravanRepair en Belgique\t\t\t<\/a>\n\t\t<\/h2>\n\t\t\t\t<div class=\"elementor-post__meta-data\">\n\t\t\t\t\t<span class=\"elementor-post-date\">\n\t\t\t8 mai 2025\t\t<\/span>\n\t\t\t\t<\/div>\n\t\t\t\t<div class=\"elementor-post__excerpt\">\n\t\t\t<p>Devenir distributeur de CaravanRepair en Belgique Distributeur de CaravanRepair en Belgique : r\u00e9paration de caravanes et de camping-cars endommag\u00e9s \u00cates-vous un entrepreneur dans le domaine de la r\u00e9paration de caravanes et de camping-cars ?<\/p>\n\t\t<\/div>\n\t\t\t\t\t<div class=\"elementor-post__read-more-wrapper\">\n\t\t\n\t\t<a class=\"elementor-post__read-more\" href=\"https:\/\/oud.caravanrepair.eu\/fr\/dealers-europa\/dealer-worden-voor-caravanrepair-in-belgie\/\" aria-label=\"En savoir plus sur Devenir distributeur de CaravanRepair en Belgique\" tabindex=\"-1\" >\n\t\t\tEn savoir plus &quot;\t\t<\/a>\n\n\t\t\t\t\t<\/div>\n\t\t\t\t<\/div>\n\t\t\t\t<\/article>\n\t\t\t\t<article class=\"elementor-post elementor-grid-item post-14536 post type-post status-publish format-standard has-post-thumbnail hentry category-belgie category-dealers-europa\" role=\"listitem\">\n\t\t\t\t<a class=\"elementor-post__thumbnail__link\" href=\"https:\/\/oud.caravanrepair.eu\/fr\/dealers-europa\/caravanrepair-belgie\/\" tabindex=\"-1\" >\n\t\t\t<div class=\"elementor-post__thumbnail\"><img decoding=\"async\" width=\"1024\" height=\"683\" data-src=\"https:\/\/oud.caravanrepair.eu\/wp-content\/uploads\/2023\/11\/camper-van-on-road-near-hill-and-blue-sky-2.jpg\" class=\"attachment-large size-large wp-image-8861 lazyload\" alt=\"\" data-srcset=\"https:\/\/oud.caravanrepair.eu\/wp-content\/uploads\/2023\/11\/camper-van-on-road-near-hill-and-blue-sky-2-300x200.jpg 300w, https:\/\/oud.caravanrepair.eu\/wp-content\/uploads\/2023\/11\/camper-van-on-road-near-hill-and-blue-sky-2.jpg 1920w\" data-sizes=\"(max-width: 1024px) 100vw, 1024px\" src=\"data:image\/gif;base64,R0lGODlhAQABAAAAACH5BAEKAAEALAAAAAABAAEAAAICTAEAOw==\" style=\"--smush-placeholder-width: 1024px; --smush-placeholder-aspect-ratio: 1024\/683;\" \/><\/div>\n\t\t<\/a>\n\t\t\t\t<div class=\"elementor-post__text\">\n\t\t\t\t<h2 class=\"elementor-post__title\">\n\t\t\t<a href=\"https:\/\/oud.caravanrepair.eu\/fr\/dealers-europa\/caravanrepair-belgie\/\" >\n\t\t\t\tCaravanRepair Belgique\t\t\t<\/a>\n\t\t<\/h2>\n\t\t\t\t<div class=\"elementor-post__meta-data\">\n\t\t\t\t\t<span class=\"elementor-post-date\">\n\t\t\t13 juin 2024\t\t<\/span>\n\t\t\t\t<\/div>\n\t\t\t\t<div class=\"elementor-post__excerpt\">\n\t\t\t<p>CaravanRepair : Les professionnels de la r\u00e9paration des dommages aux caravanes et camping-cars en Belgique En tant qu&#039;heureux propri\u00e9taire d&#039;une caravane ou d&#039;un camping-car (camping-car), vous souhaitez<\/p>\n\t\t<\/div>\n\t\t\t\t\t<div class=\"elementor-post__read-more-wrapper\">\n\t\t\n\t\t<a class=\"elementor-post__read-more\" href=\"https:\/\/oud.caravanrepair.eu\/fr\/dealers-europa\/caravanrepair-belgie\/\" aria-label=\"En savoir plus sur CaravanRepair Belgique\" tabindex=\"-1\" >\n\t\t\tEn savoir plus &quot;\t\t<\/a>\n\n\t\t\t\t\t<\/div>\n\t\t\t\t<\/div>\n\t\t\t\t<\/article>\n\t\t\t\t<article class=\"elementor-post elementor-grid-item post-14044 post type-post status-publish format-standard has-post-thumbnail hentry category-italie\" role=\"listitem\">\n\t\t\t\t<a class=\"elementor-post__thumbnail__link\" href=\"https:\/\/oud.caravanrepair.eu\/fr\/dealers-europa\/italie\/caravanrepair-italie\/\" tabindex=\"-1\" >\n\t\t\t<div class=\"elementor-post__thumbnail\"><img decoding=\"async\" width=\"1024\" height=\"692\" data-src=\"https:\/\/oud.caravanrepair.eu\/wp-content\/uploads\/2023\/11\/camper-van-summer-trip-1024x692.jpg\" class=\"attachment-large size-large wp-image-8823 lazyload\" alt=\"Voyage d&#039;\u00e9t\u00e9 en camping-car\" data-srcset=\"https:\/\/oud.caravanrepair.eu\/wp-content\/uploads\/2023\/11\/camper-van-summer-trip-18x12.jpg 18w, https:\/\/oud.caravanrepair.eu\/wp-content\/uploads\/2023\/11\/camper-van-summer-trip-200x135.jpg 200w, https:\/\/oud.caravanrepair.eu\/wp-content\/uploads\/2023\/11\/camper-van-summer-trip-300x203.jpg 300w, https:\/\/oud.caravanrepair.eu\/wp-content\/uploads\/2023\/11\/camper-van-summer-trip-400x270.jpg 400w, https:\/\/oud.caravanrepair.eu\/wp-content\/uploads\/2023\/11\/camper-van-summer-trip-600x406.jpg 600w, https:\/\/oud.caravanrepair.eu\/wp-content\/uploads\/2023\/11\/camper-van-summer-trip-768x519.jpg 768w, https:\/\/oud.caravanrepair.eu\/wp-content\/uploads\/2023\/11\/camper-van-summer-trip-800x541.jpg 800w, https:\/\/oud.caravanrepair.eu\/wp-content\/uploads\/2023\/11\/camper-van-summer-trip-1024x692.jpg 1024w, https:\/\/oud.caravanrepair.eu\/wp-content\/uploads\/2023\/11\/camper-van-summer-trip-1200x811.jpg 1200w, https:\/\/oud.caravanrepair.eu\/wp-content\/uploads\/2023\/11\/camper-van-summer-trip-1536x1038.jpg 1536w, https:\/\/oud.caravanrepair.eu\/wp-content\/uploads\/2023\/11\/camper-van-summer-trip.jpg 1920w\" data-sizes=\"(max-width: 1024px) 100vw, 1024px\" src=\"data:image\/gif;base64,R0lGODlhAQABAAAAACH5BAEKAAEALAAAAAABAAEAAAICTAEAOw==\" style=\"--smush-placeholder-width: 1024px; --smush-placeholder-aspect-ratio: 1024\/692;\" \/><\/div>\n\t\t<\/a>\n\t\t\t\t<div class=\"elementor-post__text\">\n\t\t\t\t<h2 class=\"elementor-post__title\">\n\t\t\t<a href=\"https:\/\/oud.caravanrepair.eu\/fr\/dealers-europa\/italie\/caravanrepair-italie\/\" >\n\t\t\t\tCaravanRepair Italie\t\t\t<\/a>\n\t\t<\/h2>\n\t\t\t\t<div class=\"elementor-post__meta-data\">\n\t\t\t\t\t<span class=\"elementor-post-date\">\n\t\t\t16 avril 2024\t\t<\/span>\n\t\t\t\t<\/div>\n\t\t\t\t<div class=\"elementor-post__excerpt\">\n\t\t\t<p>Le groupe CaravanRepair s&#039;\u00e9tend en Italie CaravanRepair Italie. De nombreux propri\u00e9taires de caravanes et\/ou camping-cars subissent des dommages pendant les vacances ou les voyages.<\/p>\n\t\t<\/div>\n\t\t\t\t\t<div class=\"elementor-post__read-more-wrapper\">\n\t\t\n\t\t<a class=\"elementor-post__read-more\" href=\"https:\/\/oud.caravanrepair.eu\/fr\/dealers-europa\/italie\/caravanrepair-italie\/\" aria-label=\"En savoir plus sur CaravanRepair Italie\" tabindex=\"-1\" >\n\t\t\tEn savoir plus &quot;\t\t<\/a>\n\n\t\t\t\t\t<\/div>\n\t\t\t\t<\/div>\n\t\t\t\t<\/article>\n\t\t\t\t<article class=\"elementor-post elementor-grid-item post-13283 post type-post status-publish format-standard has-post-thumbnail hentry category-caravanrepair-nieuws\" role=\"listitem\">\n\t\t\t\t<a class=\"elementor-post__thumbnail__link\" href=\"https:\/\/oud.caravanrepair.eu\/fr\/caravanrepair-nieuws\/unieke-hagelwerende-coating\/\" tabindex=\"-1\" >\n\t\t\t<div class=\"elementor-post__thumbnail\"><img decoding=\"async\" width=\"1024\" height=\"768\" data-src=\"https:\/\/oud.caravanrepair.eu\/wp-content\/uploads\/2023\/11\/travel-vacation-lifestyle-with-camper-parked-at-the-beach-with-sea-view-recreational-vehicle-1024x768.jpg\" class=\"attachment-large size-large wp-image-8847 lazyload\" alt=\"Camping-car \u00e0 l&#039;approche d&#039;une temp\u00eate avec des averses de gr\u00eale\" data-srcset=\"https:\/\/oud.caravanrepair.eu\/wp-content\/uploads\/2023\/11\/travel-vacation-lifestyle-with-camper-parked-at-the-beach-with-sea-view-recreational-vehicle-16x12.jpg 16w, https:\/\/oud.caravanrepair.eu\/wp-content\/uploads\/2023\/11\/travel-vacation-lifestyle-with-camper-parked-at-the-beach-with-sea-view-recreational-vehicle-200x150.jpg 200w, https:\/\/oud.caravanrepair.eu\/wp-content\/uploads\/2023\/11\/travel-vacation-lifestyle-with-camper-parked-at-the-beach-with-sea-view-recreational-vehicle-300x225.jpg 300w, https:\/\/oud.caravanrepair.eu\/wp-content\/uploads\/2023\/11\/travel-vacation-lifestyle-with-camper-parked-at-the-beach-with-sea-view-recreational-vehicle-400x300.jpg 400w, https:\/\/oud.caravanrepair.eu\/wp-content\/uploads\/2023\/11\/travel-vacation-lifestyle-with-camper-parked-at-the-beach-with-sea-view-recreational-vehicle-600x450.jpg 600w, https:\/\/oud.caravanrepair.eu\/wp-content\/uploads\/2023\/11\/travel-vacation-lifestyle-with-camper-parked-at-the-beach-with-sea-view-recreational-vehicle-768x576.jpg 768w, https:\/\/oud.caravanrepair.eu\/wp-content\/uploads\/2023\/11\/travel-vacation-lifestyle-with-camper-parked-at-the-beach-with-sea-view-recreational-vehicle-800x600.jpg 800w, https:\/\/oud.caravanrepair.eu\/wp-content\/uploads\/2023\/11\/travel-vacation-lifestyle-with-camper-parked-at-the-beach-with-sea-view-recreational-vehicle-1024x768.jpg 1024w, https:\/\/oud.caravanrepair.eu\/wp-content\/uploads\/2023\/11\/travel-vacation-lifestyle-with-camper-parked-at-the-beach-with-sea-view-recreational-vehicle-1200x900.jpg 1200w, https:\/\/oud.caravanrepair.eu\/wp-content\/uploads\/2023\/11\/travel-vacation-lifestyle-with-camper-parked-at-the-beach-with-sea-view-recreational-vehicle-1536x1152.jpg 1536w, https:\/\/oud.caravanrepair.eu\/wp-content\/uploads\/2023\/11\/travel-vacation-lifestyle-with-camper-parked-at-the-beach-with-sea-view-recreational-vehicle.jpg 1920w\" data-sizes=\"(max-width: 1024px) 100vw, 1024px\" src=\"data:image\/gif;base64,R0lGODlhAQABAAAAACH5BAEKAAEALAAAAAABAAEAAAICTAEAOw==\" style=\"--smush-placeholder-width: 1024px; --smush-placeholder-aspect-ratio: 1024\/768;\" \/><\/div>\n\t\t<\/a>\n\t\t\t\t<div class=\"elementor-post__text\">\n\t\t\t\t<h2 class=\"elementor-post__title\">\n\t\t\t<a href=\"https:\/\/oud.caravanrepair.eu\/fr\/caravanrepair-nieuws\/unieke-hagelwerende-coating\/\" >\n\t\t\t\tRev\u00eatement unique r\u00e9sistant \u00e0 la gr\u00eale\t\t\t<\/a>\n\t\t<\/h2>\n\t\t\t\t<div class=\"elementor-post__meta-data\">\n\t\t\t\t\t<span class=\"elementor-post-date\">\n\t\t\t13 mars 2024\t\t<\/span>\n\t\t\t\t<\/div>\n\t\t\t\t<div class=\"elementor-post__excerpt\">\n\t\t\t\t\t<\/div>\n\t\t\t\t\t<div class=\"elementor-post__read-more-wrapper\">\n\t\t\n\t\t<a class=\"elementor-post__read-more\" href=\"https:\/\/oud.caravanrepair.eu\/fr\/caravanrepair-nieuws\/unieke-hagelwerende-coating\/\" aria-label=\"Et en savoir plus sur le rev\u00eatement unique r\u00e9sistant \u00e0 la gr\u00eale\" tabindex=\"-1\" >\n\t\t\tEn savoir plus &quot;\t\t<\/a>\n\n\t\t\t\t\t<\/div>\n\t\t\t\t<\/div>\n\t\t\t\t<\/article>\n\t\t\t\t<article class=\"elementor-post elementor-grid-item post-10330 post type-post status-publish format-standard has-post-thumbnail hentry category-spanje\" role=\"listitem\">\n\t\t\t\t<a class=\"elementor-post__thumbnail__link\" href=\"https:\/\/oud.caravanrepair.eu\/fr\/dealers-europa\/spanje\/caravanrepair-spanje\/\" tabindex=\"-1\" >\n\t\t\t<div class=\"elementor-post__thumbnail\"><img decoding=\"async\" width=\"1024\" height=\"682\" data-src=\"https:\/\/oud.caravanrepair.eu\/wp-content\/uploads\/2023\/11\/caravan-or-motor-home-trailer-on-a-mountain-road-1024x682.jpg\" class=\"attachment-large size-large wp-image-8810 lazyload\" alt=\"Caravane ou camping-car sur une route de montagne\" data-srcset=\"https:\/\/oud.caravanrepair.eu\/wp-content\/uploads\/2023\/11\/caravan-or-motor-home-trailer-on-a-mountain-road-18x12.jpg 18w, https:\/\/oud.caravanrepair.eu\/wp-content\/uploads\/2023\/11\/caravan-or-motor-home-trailer-on-a-mountain-road-200x133.jpg 200w, https:\/\/oud.caravanrepair.eu\/wp-content\/uploads\/2023\/11\/caravan-or-motor-home-trailer-on-a-mountain-road-300x200.jpg 300w, https:\/\/oud.caravanrepair.eu\/wp-content\/uploads\/2023\/11\/caravan-or-motor-home-trailer-on-a-mountain-road-400x267.jpg 400w, https:\/\/oud.caravanrepair.eu\/wp-content\/uploads\/2023\/11\/caravan-or-motor-home-trailer-on-a-mountain-road-600x400.jpg 600w, https:\/\/oud.caravanrepair.eu\/wp-content\/uploads\/2023\/11\/caravan-or-motor-home-trailer-on-a-mountain-road-768x512.jpg 768w, https:\/\/oud.caravanrepair.eu\/wp-content\/uploads\/2023\/11\/caravan-or-motor-home-trailer-on-a-mountain-road-800x533.jpg 800w, https:\/\/oud.caravanrepair.eu\/wp-content\/uploads\/2023\/11\/caravan-or-motor-home-trailer-on-a-mountain-road-1024x682.jpg 1024w, https:\/\/oud.caravanrepair.eu\/wp-content\/uploads\/2023\/11\/caravan-or-motor-home-trailer-on-a-mountain-road-1200x800.jpg 1200w, https:\/\/oud.caravanrepair.eu\/wp-content\/uploads\/2023\/11\/caravan-or-motor-home-trailer-on-a-mountain-road-1536x1024.jpg 1536w, https:\/\/oud.caravanrepair.eu\/wp-content\/uploads\/2023\/11\/caravan-or-motor-home-trailer-on-a-mountain-road.jpg 1920w\" data-sizes=\"(max-width: 1024px) 100vw, 1024px\" src=\"data:image\/gif;base64,R0lGODlhAQABAAAAACH5BAEKAAEALAAAAAABAAEAAAICTAEAOw==\" style=\"--smush-placeholder-width: 1024px; --smush-placeholder-aspect-ratio: 1024\/682;\" \/><\/div>\n\t\t<\/a>\n\t\t\t\t<div class=\"elementor-post__text\">\n\t\t\t\t<h2 class=\"elementor-post__title\">\n\t\t\t<a href=\"https:\/\/oud.caravanrepair.eu\/fr\/dealers-europa\/spanje\/caravanrepair-spanje\/\" >\n\t\t\t\tCaravanRepair\u00ae Espagne\t\t\t<\/a>\n\t\t<\/h2>\n\t\t\t\t<div class=\"elementor-post__meta-data\">\n\t\t\t\t\t<span class=\"elementor-post-date\">\n\t\t\t8 janvier 2024\t\t<\/span>\n\t\t\t\t<\/div>\n\t\t\t\t<div class=\"elementor-post__excerpt\">\n\t\t\t<p>Le Groupe CaravanRepair\u00ae \u00e9galement en Espagne Le Groupe Caravanrepair, une cha\u00eene leader de r\u00e9parateurs professionnels de caravanes et camping-cars, a r\u00e9cemment<\/p>\n\t\t<\/div>\n\t\t\t\t\t<div class=\"elementor-post__read-more-wrapper\">\n\t\t\n\t\t<a class=\"elementor-post__read-more\" href=\"https:\/\/oud.caravanrepair.eu\/fr\/dealers-europa\/spanje\/caravanrepair-spanje\/\" aria-label=\"En savoir plus sur CaravanRepair\u00ae Espagne\" tabindex=\"-1\" >\n\t\t\tEn savoir plus &quot;\t\t<\/a>\n\n\t\t\t\t\t<\/div>\n\t\t\t\t<\/div>\n\t\t\t\t<\/article>\n\t\t\t\t<article class=\"elementor-post elementor-grid-item post-9941 post type-post status-publish format-standard has-post-thumbnail hentry category-polen\" role=\"listitem\">\n\t\t\t\t<a class=\"elementor-post__thumbnail__link\" href=\"https:\/\/oud.caravanrepair.eu\/fr\/dealers-europa\/polen\/caravanrepair-polen\/\" tabindex=\"-1\" >\n\t\t\t<div class=\"elementor-post__thumbnail\"><img decoding=\"async\" width=\"780\" height=\"420\" data-src=\"https:\/\/oud.caravanrepair.eu\/wp-content\/uploads\/2023\/12\/Auto-Caravan-Bergen-780x420-1.jpg\" class=\"attachment-large size-large wp-image-9902 lazyload\" alt=\"\" data-srcset=\"https:\/\/oud.caravanrepair.eu\/wp-content\/uploads\/2023\/12\/Auto-Caravan-Bergen-780x420-1-18x10.jpg 18w, https:\/\/oud.caravanrepair.eu\/wp-content\/uploads\/2023\/12\/Auto-Caravan-Bergen-780x420-1-200x108.jpg 200w, https:\/\/oud.caravanrepair.eu\/wp-content\/uploads\/2023\/12\/Auto-Caravan-Bergen-780x420-1-300x162.jpg 300w, https:\/\/oud.caravanrepair.eu\/wp-content\/uploads\/2023\/12\/Auto-Caravan-Bergen-780x420-1-400x215.jpg 400w, https:\/\/oud.caravanrepair.eu\/wp-content\/uploads\/2023\/12\/Auto-Caravan-Bergen-780x420-1-600x323.jpg 600w, https:\/\/oud.caravanrepair.eu\/wp-content\/uploads\/2023\/12\/Auto-Caravan-Bergen-780x420-1-768x414.jpg 768w, https:\/\/oud.caravanrepair.eu\/wp-content\/uploads\/2023\/12\/Auto-Caravan-Bergen-780x420-1.jpg 780w\" data-sizes=\"(max-width: 780px) 100vw, 780px\" src=\"data:image\/gif;base64,R0lGODlhAQABAAAAACH5BAEKAAEALAAAAAABAAEAAAICTAEAOw==\" style=\"--smush-placeholder-width: 780px; --smush-placeholder-aspect-ratio: 780\/420;\" \/><\/div>\n\t\t<\/a>\n\t\t\t\t<div class=\"elementor-post__text\">\n\t\t\t\t<h2 class=\"elementor-post__title\">\n\t\t\t<a href=\"https:\/\/oud.caravanrepair.eu\/fr\/dealers-europa\/polen\/caravanrepair-polen\/\" >\n\t\t\t\tCaravanRepair Pologne\t\t\t<\/a>\n\t\t<\/h2>\n\t\t\t\t<div class=\"elementor-post__meta-data\">\n\t\t\t\t\t<span class=\"elementor-post-date\">\n\t\t\t22 d\u00e9cembre 2023\t\t<\/span>\n\t\t\t\t<\/div>\n\t\t\t\t<div class=\"elementor-post__excerpt\">\n\t\t\t<p>Bonne nouvelle pour les propri\u00e9taires de caravanes et de camping-cars en Pologne\u00a0! CaravanRepair, une cha\u00eene r\u00e9nov\u00e9e d&#039;ateliers de r\u00e9paration de caravanes et de camping-cars, est d\u00e9sormais \u00e9galement active en Pologne. Gr\u00e2ce \u00e0 leur vaste expertise et \u00e0 leur service professionnel, ils ont pour objectif d\u2019aider les propri\u00e9taires de caravanes et de camping-cars \u00e0 r\u00e9parer les dommages.<\/p>\n\t\t<\/div>\n\t\t\t\t\t<div class=\"elementor-post__read-more-wrapper\">\n\t\t\n\t\t<a class=\"elementor-post__read-more\" href=\"https:\/\/oud.caravanrepair.eu\/fr\/dealers-europa\/polen\/caravanrepair-polen\/\" aria-label=\"En savoir plus sur CaravanRepair Pologne\" tabindex=\"-1\" >\n\t\t\tEn savoir plus &quot;\t\t<\/a>\n\n\t\t\t\t\t<\/div>\n\t\t\t\t<\/div>\n\t\t\t\t<\/article>\n\t\t\t\t<article class=\"elementor-post elementor-grid-item post-9686 post type-post status-publish format-standard has-post-thumbnail hentry category-grudziadz\" role=\"listitem\">\n\t\t\t\t<a class=\"elementor-post__thumbnail__link\" href=\"https:\/\/oud.caravanrepair.eu\/fr\/dealers-europa\/polen\/grudziadz\/officele-caravanrepair-master-dealer-polen-grudziadz\/\" tabindex=\"-1\" >\n\t\t\t<div class=\"elementor-post__thumbnail\"><img decoding=\"async\" width=\"995\" height=\"450\" data-src=\"https:\/\/oud.caravanrepair.eu\/wp-content\/uploads\/2023\/10\/Fendt-Saphir-2019-Audi.jpg\" class=\"attachment-large size-large wp-image-8628 lazyload\" alt=\"dommages caravane\" data-srcset=\"https:\/\/oud.caravanrepair.eu\/wp-content\/uploads\/2023\/10\/Fendt-Saphir-2019-Audi-18x8.jpg 18w, https:\/\/oud.caravanrepair.eu\/wp-content\/uploads\/2023\/10\/Fendt-Saphir-2019-Audi-200x90.jpg 200w, https:\/\/oud.caravanrepair.eu\/wp-content\/uploads\/2023\/10\/Fendt-Saphir-2019-Audi-300x136.jpg 300w, https:\/\/oud.caravanrepair.eu\/wp-content\/uploads\/2023\/10\/Fendt-Saphir-2019-Audi-400x181.jpg 400w, https:\/\/oud.caravanrepair.eu\/wp-content\/uploads\/2023\/10\/Fendt-Saphir-2019-Audi-600x271.jpg 600w, https:\/\/oud.caravanrepair.eu\/wp-content\/uploads\/2023\/10\/Fendt-Saphir-2019-Audi-768x347.jpg 768w, https:\/\/oud.caravanrepair.eu\/wp-content\/uploads\/2023\/10\/Fendt-Saphir-2019-Audi-800x362.jpg 800w, https:\/\/oud.caravanrepair.eu\/wp-content\/uploads\/2023\/10\/Fendt-Saphir-2019-Audi.jpg 995w\" data-sizes=\"(max-width: 995px) 100vw, 995px\" src=\"data:image\/gif;base64,R0lGODlhAQABAAAAACH5BAEKAAEALAAAAAABAAEAAAICTAEAOw==\" style=\"--smush-placeholder-width: 995px; --smush-placeholder-aspect-ratio: 995\/450;\" \/><\/div>\n\t\t<\/a>\n\t\t\t\t<div class=\"elementor-post__text\">\n\t\t\t\t<h2 class=\"elementor-post__title\">\n\t\t\t<a href=\"https:\/\/oud.caravanrepair.eu\/fr\/dealers-europa\/polen\/grudziadz\/officele-caravanrepair-master-dealer-polen-grudziadz\/\" >\n\t\t\t\tConcessionnaire officiel CaravanRepair Pologne-Grudziadz\t\t\t<\/a>\n\t\t<\/h2>\n\t\t\t\t<div class=\"elementor-post__meta-data\">\n\t\t\t\t\t<span class=\"elementor-post-date\">\n\t\t\t19 d\u00e9cembre 2023\t\t<\/span>\n\t\t\t\t<\/div>\n\t\t\t\t<div class=\"elementor-post__excerpt\">\n\t\t\t<p>Concessionnaire officiel CaravanRepair pour Pologne-Grudziadz. Professionnels de la r\u00e9paration des d\u00e9g\u00e2ts. Notre concessionnaire CaravanRepair est situ\u00e9 en Pologne-Grudziadz. Notre revendeur officiel CaravanRepair<\/p>\n\t\t<\/div>\n\t\t\t\t\t<div class=\"elementor-post__read-more-wrapper\">\n\t\t\n\t\t<a class=\"elementor-post__read-more\" href=\"https:\/\/oud.caravanrepair.eu\/fr\/dealers-europa\/polen\/grudziadz\/officele-caravanrepair-master-dealer-polen-grudziadz\/\" aria-label=\"En savoir plus sur Concessionnaire officiel CaravanRepair Pologne-Grudziadz\" tabindex=\"-1\" >\n\t\t\tEn savoir plus &quot;\t\t<\/a>\n\n\t\t\t\t\t<\/div>\n\t\t\t\t<\/div>\n\t\t\t\t<\/article>\n\t\t\t\t<article class=\"elementor-post elementor-grid-item post-8871 post type-post status-publish format-standard has-post-thumbnail hentry category-girona category-spanje\" role=\"listitem\">\n\t\t\t\t<a class=\"elementor-post__thumbnail__link\" href=\"https:\/\/oud.caravanrepair.eu\/fr\/dealers-europa\/spanje\/girona\/officiele-caravanrepair-master-dealer-spanje-girona\/\" tabindex=\"-1\" >\n\t\t\t<div class=\"elementor-post__thumbnail\"><img decoding=\"async\" width=\"1024\" height=\"683\" data-src=\"https:\/\/oud.caravanrepair.eu\/wp-content\/uploads\/2023\/11\/camper-van-on-deserted-land-and-blue-sky-1024x683.jpg\" class=\"attachment-large size-large wp-image-8863 lazyload\" alt=\"\" data-srcset=\"https:\/\/oud.caravanrepair.eu\/wp-content\/uploads\/2023\/11\/camper-van-on-deserted-land-and-blue-sky-300x200.jpg 300w, https:\/\/oud.caravanrepair.eu\/wp-content\/uploads\/2023\/11\/camper-van-on-deserted-land-and-blue-sky-768x512.jpg 768w, https:\/\/oud.caravanrepair.eu\/wp-content\/uploads\/2023\/11\/camper-van-on-deserted-land-and-blue-sky-1024x683.jpg 1024w, https:\/\/oud.caravanrepair.eu\/wp-content\/uploads\/2023\/11\/camper-van-on-deserted-land-and-blue-sky.jpg 1920w\" data-sizes=\"(max-width: 1024px) 100vw, 1024px\" src=\"data:image\/gif;base64,R0lGODlhAQABAAAAACH5BAEKAAEALAAAAAABAAEAAAICTAEAOw==\" style=\"--smush-placeholder-width: 1024px; --smush-placeholder-aspect-ratio: 1024\/683;\" \/><\/div>\n\t\t<\/a>\n\t\t\t\t<div class=\"elementor-post__text\">\n\t\t\t\t<h2 class=\"elementor-post__title\">\n\t\t\t<a href=\"https:\/\/oud.caravanrepair.eu\/fr\/dealers-europa\/spanje\/girona\/officiele-caravanrepair-master-dealer-spanje-girona\/\" >\n\t\t\t\tCaravanRepair Concessionnaire principal Espagne\t\t\t<\/a>\n\t\t<\/h2>\n\t\t\t\t<div class=\"elementor-post__meta-data\">\n\t\t\t\t\t<span class=\"elementor-post-date\">\n\t\t\t9 novembre 2023\t\t<\/span>\n\t\t\t\t<\/div>\n\t\t\t\t<div class=\"elementor-post__excerpt\">\n\t\t\t\t\t<\/div>\n\t\t\t\t\t<div class=\"elementor-post__read-more-wrapper\">\n\t\t\n\t\t<a class=\"elementor-post__read-more\" href=\"https:\/\/oud.caravanrepair.eu\/fr\/dealers-europa\/spanje\/girona\/officiele-caravanrepair-master-dealer-spanje-girona\/\" aria-label=\"En savoir plus sur CaravanRepair Ma\u00eetre concessionnaire Espagne\" tabindex=\"-1\" >\n\t\t\tEn savoir plus &quot;\t\t<\/a>\n\n\t\t\t\t\t<\/div>\n\t\t\t\t<\/div>\n\t\t\t\t<\/article>\n\t\t\t\t<article class=\"elementor-post elementor-grid-item post-8590 post type-post status-publish format-standard has-post-thumbnail hentry category-schade-aan-camper-of-caravan\" role=\"listitem\">\n\t\t\t\t<a class=\"elementor-post__thumbnail__link\" href=\"https:\/\/oud.caravanrepair.eu\/fr\/schade-aan-camper-of-caravan\/professioneel-camper-herstelbedrijf-caravanrepair\/\" tabindex=\"-1\" >\n\t\t\t<div class=\"elementor-post__thumbnail\"><img decoding=\"async\" width=\"794\" height=\"542\" data-src=\"https:\/\/oud.caravanrepair.eu\/wp-content\/uploads\/2023\/10\/IMG_0091.jpeg\" class=\"attachment-large size-large wp-image-8652 lazyload\" alt=\"\" data-srcset=\"https:\/\/oud.caravanrepair.eu\/wp-content\/uploads\/2023\/10\/IMG_0091-18x12.jpeg 18w, https:\/\/oud.caravanrepair.eu\/wp-content\/uploads\/2023\/10\/IMG_0091-200x137.jpeg 200w, https:\/\/oud.caravanrepair.eu\/wp-content\/uploads\/2023\/10\/IMG_0091-300x205.jpeg 300w, https:\/\/oud.caravanrepair.eu\/wp-content\/uploads\/2023\/10\/IMG_0091-400x273.jpeg 400w, https:\/\/oud.caravanrepair.eu\/wp-content\/uploads\/2023\/10\/IMG_0091-600x410.jpeg 600w, https:\/\/oud.caravanrepair.eu\/wp-content\/uploads\/2023\/10\/IMG_0091-768x524.jpeg 768w, https:\/\/oud.caravanrepair.eu\/wp-content\/uploads\/2023\/10\/IMG_0091.jpeg 794w\" data-sizes=\"(max-width: 794px) 100vw, 794px\" src=\"data:image\/gif;base64,R0lGODlhAQABAAAAACH5BAEKAAEALAAAAAABAAEAAAICTAEAOw==\" style=\"--smush-placeholder-width: 794px; --smush-placeholder-aspect-ratio: 794\/542;\" \/><\/div>\n\t\t<\/a>\n\t\t\t\t<div class=\"elementor-post__text\">\n\t\t\t\t<h2 class=\"elementor-post__title\">\n\t\t\t<a href=\"https:\/\/oud.caravanrepair.eu\/fr\/schade-aan-camper-of-caravan\/professioneel-camper-herstelbedrijf-caravanrepair\/\" >\n\t\t\t\tEntreprise de r\u00e9paration professionnelle de camping-car\t\t\t<\/a>\n\t\t<\/h2>\n\t\t\t\t<div class=\"elementor-post__meta-data\">\n\t\t\t\t\t<span class=\"elementor-post-date\">\n\t\t\t4 octobre 2023\t\t<\/span>\n\t\t\t\t<\/div>\n\t\t\t\t<div class=\"elementor-post__excerpt\">\n\t\t\t<p>Votre pr\u00e9cieux camping-car a subi des dommages ? La conduite en camping-car est une exp\u00e9rience formidable, mais \u00e9tant donn\u00e9 la taille de ces v\u00e9hicules, les d\u00e9g\u00e2ts peuvent malheureusement survenir rapidement. Heureusement, vous n&#039;avez pas \u00e0 vous inqui\u00e9ter, car il y a toujours un revendeur CaravanRepair\u00ae dans votre r\u00e9gion pour vous aider en tant qu&#039;entreprise professionnelle de r\u00e9paration de camping-cars. Il est de la plus haute importance de faire r\u00e9parer rapidement les dommages caus\u00e9s \u00e0 votre camping-car par nos experts certifi\u00e9s.<\/p>\n\t\t<\/div>\n\t\t\t\t\t<div class=\"elementor-post__read-more-wrapper\">\n\t\t\n\t\t<a class=\"elementor-post__read-more\" href=\"https:\/\/oud.caravanrepair.eu\/fr\/schade-aan-camper-of-caravan\/professioneel-camper-herstelbedrijf-caravanrepair\/\" aria-label=\"En savoir plus sur Professional Camper Repair Company\" tabindex=\"-1\" >\n\t\t\tEn savoir plus &quot;\t\t<\/a>\n\n\t\t\t\t\t<\/div>\n\t\t\t\t<\/div>\n\t\t\t\t<\/article>\n\t\t\t\t<article class=\"elementor-post elementor-grid-item post-8525 post type-post status-publish format-standard has-post-thumbnail hentry category-schade-aan-camper-of-caravan\" role=\"listitem\">\n\t\t\t\t<a class=\"elementor-post__thumbnail__link\" href=\"https:\/\/oud.caravanrepair.eu\/fr\/schade-aan-camper-of-caravan\/stormschade-aan-uw-caravan-of-camper\/\" tabindex=\"-1\" >\n\t\t\t<div class=\"elementor-post__thumbnail\"><img decoding=\"async\" width=\"726\" height=\"484\" data-src=\"https:\/\/oud.caravanrepair.eu\/wp-content\/uploads\/2019\/01\/caravanschade-1.jpg\" class=\"attachment-large size-large wp-image-3964 lazyload\" alt=\"Uszkodzenie przodu przyczepy kempingowej\" data-srcset=\"https:\/\/oud.caravanrepair.eu\/wp-content\/uploads\/2019\/01\/caravanschade-1-200x133.jpg 200w, https:\/\/oud.caravanrepair.eu\/wp-content\/uploads\/2019\/01\/caravanschade-1-300x200.jpg 300w, https:\/\/oud.caravanrepair.eu\/wp-content\/uploads\/2019\/01\/caravanschade-1-400x267.jpg 400w, https:\/\/oud.caravanrepair.eu\/wp-content\/uploads\/2019\/01\/caravanschade-1-600x400.jpg 600w, https:\/\/oud.caravanrepair.eu\/wp-content\/uploads\/2019\/01\/caravanschade-1.jpg 726w\" data-sizes=\"(max-width: 726px) 100vw, 726px\" src=\"data:image\/gif;base64,R0lGODlhAQABAAAAACH5BAEKAAEALAAAAAABAAEAAAICTAEAOw==\" style=\"--smush-placeholder-width: 726px; --smush-placeholder-aspect-ratio: 726\/484;\" \/><\/div>\n\t\t<\/a>\n\t\t\t\t<div class=\"elementor-post__text\">\n\t\t\t\t<h2 class=\"elementor-post__title\">\n\t\t\t<a href=\"https:\/\/oud.caravanrepair.eu\/fr\/schade-aan-camper-of-caravan\/stormschade-aan-uw-caravan-of-camper\/\" >\n\t\t\t\tDes d\u00e9g\u00e2ts caus\u00e9s par la temp\u00eate \u00e0 votre caravane ou camping-car ?\t\t\t<\/a>\n\t\t<\/h2>\n\t\t\t\t<div class=\"elementor-post__meta-data\">\n\t\t\t\t\t<span class=\"elementor-post-date\">\n\t\t\t3 octobre 2023\t\t<\/span>\n\t\t\t\t<\/div>\n\t\t\t\t<div class=\"elementor-post__excerpt\">\n\t\t\t<p>Une temp\u00eate peut non seulement causer des dommages physiques \u00e0 votre caravane, mais \u00e9galement affecter sa valeur. Cependant, une caravane bien r\u00e9par\u00e9e conserve mieux sa valeur qu\u2019une caravane pr\u00e9sentant des signes visibles de dommages. Dans ce blog, nous discutons de l&#039;importance d&#039;une r\u00e9paration professionnelle apr\u00e8s une temp\u00eate et de la mani\u00e8re dont CaravanRepair.eu peut vous aider.<\/p>\n\t\t<\/div>\n\t\t\t\t\t<div class=\"elementor-post__read-more-wrapper\">\n\t\t\n\t\t<a class=\"elementor-post__read-more\" href=\"https:\/\/oud.caravanrepair.eu\/fr\/schade-aan-camper-of-caravan\/stormschade-aan-uw-caravan-of-camper\/\" aria-label=\"De plus, les d\u00e9g\u00e2ts caus\u00e9s par la temp\u00eate \u00e0 votre caravane ou camping-car ?\" tabindex=\"-1\" >\n\t\t\tEn savoir plus &quot;\t\t<\/a>\n\n\t\t\t\t\t<\/div>\n\t\t\t\t<\/div>\n\t\t\t\t<\/article>\n\t\t\t\t<\/div>\n\t\t\n\t\t\t\t\t\t<\/div>\n\t\t\t\t<\/div>\n\t\t\t\t\t<\/div>\n\t\t<\/div>\n\t\t\t\t<div class=\"elementor-column elementor-col-50 elementor-top-column elementor-element elementor-element-6a63c4f0\" data-id=\"6a63c4f0\" data-element_type=\"column\" data-e-type=\"column\">\n\t\t\t<div class=\"elementor-widget-wrap elementor-element-populated\">\n\t\t\t\t\t\t<div class=\"elementor-element elementor-element-5d8f4bc elementor-widget elementor-widget-sidebar\" data-id=\"5d8f4bc\" data-element_type=\"widget\" data-e-type=\"widget\" data-widget_type=\"sidebar.default\">\n\t\t\t\t<div class=\"elementor-widget-container\">\n\t\t\t\t\t<section id=\"jcl_widget-2\" class=\"fusion-slidingbar-widget-column widget widget_category widget_jcl_widget\" style=\"border-style: solid;border-color:transparent;border-width:0px\"><h4 class=\"widget-title\">Cat\u00e9gories<\/h4><div class=\"js-categories-list layout-left\"><ul class=\"jcl_widget legacy preload\" data-effect=\"slide\" data-ex_sym=\"\u25ba\" data-con_sym=\"\u25bc\"><li class=\"jcl_category\"><a href=\"https:\/\/oud.caravanrepair.eu\/fr\/category\/caravanrepair-nieuws\/\" >Actualit\u00e9s CaravanRepair<\/a><\/li><li class=\"jcl_category\"><a href=\"https:\/\/oud.caravanrepair.eu\/fr\/category\/dealers-europa\/\" class=\"jcl_symbol\" title=\"Afficher les sous-cat\u00e9gories\">\u25ba<\/a><a href=\"https:\/\/oud.caravanrepair.eu\/fr\/category\/dealers-europa\/\" >Concessionnaires Europe<\/a><ul style=\"display: none;\"><li class=\"jcl_category\"><a href=\"https:\/\/oud.caravanrepair.eu\/fr\/category\/dealers-europa\/belgie\/\" >Belgique<\/a><\/li><li class=\"jcl_category\"><a href=\"https:\/\/oud.caravanrepair.eu\/fr\/category\/dealers-europa\/italie\/\" >Italie<\/a><\/li><li class=\"jcl_category\"><a href=\"https:\/\/oud.caravanrepair.eu\/fr\/category\/dealers-europa\/polen\/\" class=\"jcl_symbol\" title=\"Afficher les sous-cat\u00e9gories\">\u25ba<\/a><a href=\"https:\/\/oud.caravanrepair.eu\/fr\/category\/dealers-europa\/polen\/\" >Pologne<\/a><ul style=\"display: none;\"><li class=\"jcl_category\"><a href=\"https:\/\/oud.caravanrepair.eu\/fr\/category\/dealers-europa\/polen\/grudziadz\/\" >Grudzi\u0105dz<\/a><\/li><\/ul><\/li><li class=\"jcl_category\"><a href=\"https:\/\/oud.caravanrepair.eu\/fr\/category\/dealers-europa\/spanje\/\" class=\"jcl_symbol\" title=\"Afficher les sous-cat\u00e9gories\">\u25ba<\/a><a href=\"https:\/\/oud.caravanrepair.eu\/fr\/category\/dealers-europa\/spanje\/\" >l&#039;Espagne<\/a><ul style=\"display: none;\"><li class=\"jcl_category\"><a href=\"https:\/\/oud.caravanrepair.eu\/fr\/category\/dealers-europa\/spanje\/girona\/\" >G\u00e9rone<\/a><\/li><\/ul><\/li><\/ul><\/li><li class=\"jcl_category\"><a href=\"https:\/\/oud.caravanrepair.eu\/fr\/category\/schade-aan-camper-of-caravan\/\" >Dommages au camping-car ou \u00e0 la caravane<\/a><\/li><\/ul><\/div><div style=\"clear:both\"><\/div><\/section>\t\t\t\t<\/div>\n\t\t\t\t<\/div>\n\t\t\t\t<div class=\"elementor-element elementor-element-8ec7e elementor-widget elementor-widget-heading\" data-id=\"8ec7e\" data-element_type=\"widget\" data-e-type=\"widget\" data-widget_type=\"heading.default\">\n\t\t\t\t<div class=\"elementor-widget-container\">\n\t\t\t\t\t<h2 class=\"elementor-heading-title elementor-size-default\">Informations<\/h2>\t\t\t\t<\/div>\n\t\t\t\t<\/div>\n\t\t\t\t<div class=\"elementor-element elementor-element-4ffa11c elementor-grid-1 elementor-posts--thumbnail-none elementor-grid-tablet-2 elementor-grid-mobile-1 elementor-widget elementor-widget-posts\" data-id=\"4ffa11c\" data-element_type=\"widget\" data-e-type=\"widget\" data-settings=\"{&quot;classic_columns&quot;:&quot;1&quot;,&quot;classic_row_gap&quot;:{&quot;unit&quot;:&quot;px&quot;,&quot;size&quot;:14,&quot;sizes&quot;:[]},&quot;pagination_type&quot;:&quot;load_more_infinite_scroll&quot;,&quot;classic_columns_tablet&quot;:&quot;2&quot;,&quot;classic_columns_mobile&quot;:&quot;1&quot;,&quot;classic_row_gap_tablet&quot;:{&quot;unit&quot;:&quot;px&quot;,&quot;size&quot;:&quot;&quot;,&quot;sizes&quot;:[]},&quot;classic_row_gap_mobile&quot;:{&quot;unit&quot;:&quot;px&quot;,&quot;size&quot;:&quot;&quot;,&quot;sizes&quot;:[]},&quot;load_more_spinner&quot;:{&quot;value&quot;:&quot;fas fa-spinner&quot;,&quot;library&quot;:&quot;fa-solid&quot;}}\" data-widget_type=\"posts.classic\">\n\t\t\t\t<div class=\"elementor-widget-container\">\n\t\t\t\t\t\t\t<div class=\"elementor-posts-container elementor-posts elementor-posts--skin-classic elementor-grid\" role=\"list\">\n\t\t\t\t<article class=\"elementor-post elementor-grid-item post-13283 post type-post status-publish format-standard has-post-thumbnail hentry category-caravanrepair-nieuws\" role=\"listitem\">\n\t\t\t\t<div class=\"elementor-post__text\">\n\t\t\t\t<h3 class=\"elementor-post__title\">\n\t\t\t<a href=\"https:\/\/oud.caravanrepair.eu\/fr\/caravanrepair-nieuws\/unieke-hagelwerende-coating\/\" >\n\t\t\t\tRev\u00eatement unique r\u00e9sistant \u00e0 la gr\u00eale\t\t\t<\/a>\n\t\t<\/h3>\n\t\t\t\t<\/div>\n\t\t\t\t<\/article>\n\t\t\t\t<article class=\"elementor-post elementor-grid-item post-8590 post type-post status-publish format-standard has-post-thumbnail hentry category-schade-aan-camper-of-caravan\" role=\"listitem\">\n\t\t\t\t<div class=\"elementor-post__text\">\n\t\t\t\t<h3 class=\"elementor-post__title\">\n\t\t\t<a href=\"https:\/\/oud.caravanrepair.eu\/fr\/schade-aan-camper-of-caravan\/professioneel-camper-herstelbedrijf-caravanrepair\/\" >\n\t\t\t\tEntreprise de r\u00e9paration professionnelle de camping-car\t\t\t<\/a>\n\t\t<\/h3>\n\t\t\t\t<\/div>\n\t\t\t\t<\/article>\n\t\t\t\t<article class=\"elementor-post elementor-grid-item post-8525 post type-post status-publish format-standard has-post-thumbnail hentry category-schade-aan-camper-of-caravan\" role=\"listitem\">\n\t\t\t\t<div class=\"elementor-post__text\">\n\t\t\t\t<h3 class=\"elementor-post__title\">\n\t\t\t<a href=\"https:\/\/oud.caravanrepair.eu\/fr\/schade-aan-camper-of-caravan\/stormschade-aan-uw-caravan-of-camper\/\" >\n\t\t\t\tDes d\u00e9g\u00e2ts caus\u00e9s par la temp\u00eate \u00e0 votre caravane ou camping-car ?\t\t\t<\/a>\n\t\t<\/h3>\n\t\t\t\t<\/div>\n\t\t\t\t<\/article>\n\t\t\t\t<article class=\"elementor-post elementor-grid-item post-8502 post type-post status-publish format-standard has-post-thumbnail hentry category-caravanrepair-nieuws\" role=\"listitem\">\n\t\t\t\t<div class=\"elementor-post__text\">\n\t\t\t\t<h3 class=\"elementor-post__title\">\n\t\t\t<a href=\"https:\/\/oud.caravanrepair.eu\/fr\/caravanrepair-nieuws\/caravanvloer-injecteren-repareren\/\" >\n\t\t\t\tInjecter\/r\u00e9parer le plancher de la caravane\t\t\t<\/a>\n\t\t<\/h3>\n\t\t\t\t<\/div>\n\t\t\t\t<\/article>\n\t\t\t\t<article class=\"elementor-post elementor-grid-item post-8198 post type-post status-publish format-standard has-post-thumbnail hentry category-schade-aan-camper-of-caravan\" role=\"listitem\">\n\t\t\t\t<div class=\"elementor-post__text\">\n\t\t\t\t<h3 class=\"elementor-post__title\">\n\t\t\t<a href=\"https:\/\/oud.caravanrepair.eu\/fr\/schade-aan-camper-of-caravan\/hagelschade-aan-caravan-of-camper\/\" >\n\t\t\t\tDommages caus\u00e9s par la gr\u00eale \u00e0 une caravane ou un camping-car ?\t\t\t<\/a>\n\t\t<\/h3>\n\t\t\t\t<\/div>\n\t\t\t\t<\/article>\n\t\t\t\t<article class=\"elementor-post elementor-grid-item post-1384 post type-post status-publish format-standard has-post-thumbnail hentry category-caravanrepair-nieuws\" role=\"listitem\">\n\t\t\t\t<div class=\"elementor-post__text\">\n\t\t\t\t<h3 class=\"elementor-post__title\">\n\t\t\t<a href=\"https:\/\/oud.caravanrepair.eu\/fr\/caravanrepair-nieuws\/opleiding-caravantechnicus-opleiding-caravanwand-schade-specialist\/\" >\n\t\t\t\tFormation Technicien Caravane\t\t\t<\/a>\n\t\t<\/h3>\n\t\t\t\t<\/div>\n\t\t\t\t<\/article>\n\t\t\t\t<article class=\"elementor-post elementor-grid-item post-1006 post type-post status-publish format-standard has-post-thumbnail hentry category-caravanrepair-nieuws\" role=\"listitem\">\n\t\t\t\t<div class=\"elementor-post__text\">\n\t\t\t\t<h3 class=\"elementor-post__title\">\n\t\t\t<a href=\"https:\/\/oud.caravanrepair.eu\/fr\/caravanrepair-nieuws\/kampeerautotuning-zin-of-onzin\/\" >\n\t\t\t\tTuning camping-car, sens ou non-sens ?\t\t\t<\/a>\n\t\t<\/h3>\n\t\t\t\t<\/div>\n\t\t\t\t<\/article>\n\t\t\t\t<article class=\"elementor-post elementor-grid-item post-831 post type-post status-publish format-standard has-post-thumbnail hentry category-caravanrepair-nieuws\" role=\"listitem\">\n\t\t\t\t<div class=\"elementor-post__text\">\n\t\t\t\t<h3 class=\"elementor-post__title\">\n\t\t\t<a href=\"https:\/\/oud.caravanrepair.eu\/fr\/caravanrepair-nieuws\/caravan-en-camper-verzekeringen-onze-specialisten-kennen-alle-geheimen-voor-de-beste-caravan-en-camper-verzekering\/\" >\n\t\t\t\tNos sp\u00e9cialistes connaissent tous les secrets de la meilleure assurance caravane et camping-car.\t\t\t<\/a>\n\t\t<\/h3>\n\t\t\t\t<\/div>\n\t\t\t\t<\/article>\n\t\t\t\t<\/div>\n\t\t\t\t\t<span class=\"e-load-more-spinner\">\n\t\t\t\t<svg aria-hidden=\"true\" class=\"e-font-icon-svg e-fas-spinner\" viewbox=\"0 0 512 512\" xmlns=\"http:\/\/www.w3.org\/2000\/svg\"><path d=\"M304 48c0 26.51-21.49 48-48 48s-48-21.49-48-48 21.49-48 48-48 48 21.49 48 48zm-48 368c-26.51 0-48 21.49-48 48s21.49 48 48 48 48-21.49 48-48-21.49-48-48-48zm208-208c-26.51 0-48 21.49-48 48s21.49 48 48 48 48-21.49 48-48-21.49-48-48-48zM96 256c0-26.51-21.49-48-48-48S0 229.49 0 256s21.49 48 48 48 48-21.49 48-48zm12.922 99.078c-26.51 0-48 21.49-48 48s21.49 48 48 48 48-21.49 48-48c0-26.509-21.491-48-48-48zm294.156 0c-26.51 0-48 21.49-48 48s21.49 48 48 48 48-21.49 48-48c0-26.509-21.49-48-48-48zM108.922 60.922c-26.51 0-48 21.49-48 48s21.49 48 48 48 48-21.49 48-48-21.491-48-48-48z\"><\/path><\/svg>\t\t\t<\/span>\n\t\t\n\t\t\t\t\t\t<\/div>\n\t\t\t\t<\/div>\n\t\t\t\t\t<\/div>\n\t\t<\/div>\n\t\t\t\t\t<\/div>\n\t\t<\/section>\n\t\t\t\t<\/div>","protected":false},"excerpt":{"rendered":"<p>CaravanRepair Actualit\u00e9s Actualit\u00e9s<\/p>","protected":false},"author":5,"featured_media":0,"parent":0,"menu_order":0,"comment_status":"closed","ping_status":"closed","template":"","meta":{"footnotes":""},"class_list":["post-8095","page","type-page","status-publish","hentry"],"yoast_head":"<!-- This site is optimized with the Yoast SEO Premium plugin v27.5 (Yoast SEO v28.3) - https:\/\/yoast.com\/product\/yoast-seo-premium-wordpress\/ -->\n<title>blog - CaravanRepair\u00ae<\/title>\n<meta name=\"robots\" content=\"noindex, follow, max-snippet:-1, max-image-preview:large, max-video-preview:-1\" \/>\n<meta property=\"og:locale\" content=\"fr_FR\" \/>\n<meta property=\"og:type\" content=\"article\" \/>\n<meta property=\"og:title\" content=\"blog\" \/>\n<meta property=\"og:description\" content=\"CaravanRepair Nieuws Nieuws items\" \/>\n<meta property=\"og:url\" content=\"https:\/\/oud.caravanrepair.eu\/fr\/blog\/\" \/>\n<meta property=\"og:site_name\" content=\"CaravanRepair\u00ae\" \/>\n<meta property=\"article:modified_time\" content=\"2024-03-26T10:06:27+00:00\" \/>\n<meta property=\"og:image\" content=\"https:\/\/oud.caravanrepair.eu\/wp-content\/uploads\/2019\/01\/logo-caravanrepair.png\" \/>\n\t<meta property=\"og:image:width\" content=\"353\" \/>\n\t<meta property=\"og:image:height\" content=\"150\" \/>\n\t<meta property=\"og:image:type\" content=\"image\/png\" \/>\n<meta name=\"twitter:card\" content=\"summary_large_image\" \/>\n<meta name=\"twitter:label1\" content=\"Dur\u00e9e de lecture estim\u00e9e\" \/>\n\t<meta name=\"twitter:data1\" content=\"9 minutes\" \/>\n<script type=\"application\/ld+json\" class=\"yoast-schema-graph\">{\"@context\":\"https:\\\/\\\/schema.org\",\"@graph\":[{\"@type\":\"WebPage\",\"@id\":\"https:\\\/\\\/oud.caravanrepair.eu\\\/blog\\\/\",\"url\":\"https:\\\/\\\/oud.caravanrepair.eu\\\/blog\\\/\",\"name\":\"blog - CaravanRepair\u00ae\",\"isPartOf\":{\"@id\":\"https:\\\/\\\/oud.caravanrepair.eu\\\/#website\"},\"datePublished\":\"2023-08-14T18:38:50+00:00\",\"dateModified\":\"2024-03-26T10:06:27+00:00\",\"breadcrumb\":{\"@id\":\"https:\\\/\\\/oud.caravanrepair.eu\\\/blog\\\/#breadcrumb\"},\"inLanguage\":\"fr-FR\",\"potentialAction\":[{\"@type\":\"ReadAction\",\"target\":[\"https:\\\/\\\/oud.caravanrepair.eu\\\/blog\\\/\"]}]},{\"@type\":\"BreadcrumbList\",\"@id\":\"https:\\\/\\\/oud.caravanrepair.eu\\\/blog\\\/#breadcrumb\",\"itemListElement\":[{\"@type\":\"ListItem\",\"position\":1,\"name\":\"Home\",\"item\":\"https:\\\/\\\/oud.caravanrepair.eu\\\/\"},{\"@type\":\"ListItem\",\"position\":2,\"name\":\"blog\"}]},{\"@type\":\"WebSite\",\"@id\":\"https:\\\/\\\/oud.caravanrepair.eu\\\/#website\",\"url\":\"https:\\\/\\\/oud.caravanrepair.eu\\\/\",\"name\":\"CaravanRepair\u00ae\",\"description\":\"Professioneel schadeherstel voor caravan en camper\",\"publisher\":{\"@id\":\"https:\\\/\\\/oud.caravanrepair.eu\\\/#organization\"},\"potentialAction\":[{\"@type\":\"SearchAction\",\"target\":{\"@type\":\"EntryPoint\",\"urlTemplate\":\"https:\\\/\\\/oud.caravanrepair.eu\\\/?s={search_term_string}\"},\"query-input\":{\"@type\":\"PropertyValueSpecification\",\"valueRequired\":true,\"valueName\":\"search_term_string\"}}],\"inLanguage\":\"fr-FR\"},{\"@type\":\"Organization\",\"@id\":\"https:\\\/\\\/oud.caravanrepair.eu\\\/#organization\",\"name\":\"CaravanRepair\u00ae\",\"url\":\"https:\\\/\\\/oud.caravanrepair.eu\\\/\",\"logo\":{\"@type\":\"ImageObject\",\"inLanguage\":\"fr-FR\",\"@id\":\"https:\\\/\\\/oud.caravanrepair.eu\\\/#\\\/schema\\\/logo\\\/image\\\/\",\"url\":\"https:\\\/\\\/oud.caravanrepair.eu\\\/wp-content\\\/uploads\\\/2019\\\/01\\\/logo-caravanrepair.png\",\"contentUrl\":\"https:\\\/\\\/oud.caravanrepair.eu\\\/wp-content\\\/uploads\\\/2019\\\/01\\\/logo-caravanrepair.png\",\"width\":353,\"height\":150,\"caption\":\"CaravanRepair\u00ae\"},\"image\":{\"@id\":\"https:\\\/\\\/oud.caravanrepair.eu\\\/#\\\/schema\\\/logo\\\/image\\\/\"}}]}<\/script>\n<!-- \/ Yoast SEO Premium plugin. -->","yoast_head_json":{"title":"blog - CaravanRepair\u00ae","robots":{"index":"noindex","follow":"follow","max-snippet":"max-snippet:-1","max-image-preview":"max-image-preview:large","max-video-preview":"max-video-preview:-1"},"og_locale":"fr_FR","og_type":"article","og_title":"blog","og_description":"CaravanRepair Nieuws Nieuws items","og_url":"https:\/\/oud.caravanrepair.eu\/fr\/blog\/","og_site_name":"CaravanRepair\u00ae","article_modified_time":"2024-03-26T10:06:27+00:00","og_image":[{"width":353,"height":150,"url":"https:\/\/oud.caravanrepair.eu\/wp-content\/uploads\/2019\/01\/logo-caravanrepair.png","type":"image\/png"}],"twitter_card":"summary_large_image","twitter_misc":{"Dur\u00e9e de lecture estim\u00e9e":"9 minutes"},"schema":{"@context":"https:\/\/schema.org","@graph":[{"@type":"WebPage","@id":"https:\/\/oud.caravanrepair.eu\/blog\/","url":"https:\/\/oud.caravanrepair.eu\/blog\/","name":"blog - CaravanRepair\u00ae","isPartOf":{"@id":"https:\/\/oud.caravanrepair.eu\/#website"},"datePublished":"2023-08-14T18:38:50+00:00","dateModified":"2024-03-26T10:06:27+00:00","breadcrumb":{"@id":"https:\/\/oud.caravanrepair.eu\/blog\/#breadcrumb"},"inLanguage":"fr-FR","potentialAction":[{"@type":"ReadAction","target":["https:\/\/oud.caravanrepair.eu\/blog\/"]}]},{"@type":"BreadcrumbList","@id":"https:\/\/oud.caravanrepair.eu\/blog\/#breadcrumb","itemListElement":[{"@type":"ListItem","position":1,"name":"Home","item":"https:\/\/oud.caravanrepair.eu\/"},{"@type":"ListItem","position":2,"name":"blog"}]},{"@type":"WebSite","@id":"https:\/\/oud.caravanrepair.eu\/#website","url":"https:\/\/oud.caravanrepair.eu\/","name":"CaravanRepair\u00ae","description":"R\u00e9paration professionnelle de dommages pour caravane et camping-car","publisher":{"@id":"https:\/\/oud.caravanrepair.eu\/#organization"},"potentialAction":[{"@type":"SearchAction","target":{"@type":"EntryPoint","urlTemplate":"https:\/\/oud.caravanrepair.eu\/?s={search_term_string}"},"query-input":{"@type":"PropertyValueSpecification","valueRequired":true,"valueName":"search_term_string"}}],"inLanguage":"fr-FR"},{"@type":"Organization","@id":"https:\/\/oud.caravanrepair.eu\/#organization","name":"CaravanRepair\u00ae","url":"https:\/\/oud.caravanrepair.eu\/","logo":{"@type":"ImageObject","inLanguage":"fr-FR","@id":"https:\/\/oud.caravanrepair.eu\/#\/schema\/logo\/image\/","url":"https:\/\/oud.caravanrepair.eu\/wp-content\/uploads\/2019\/01\/logo-caravanrepair.png","contentUrl":"https:\/\/oud.caravanrepair.eu\/wp-content\/uploads\/2019\/01\/logo-caravanrepair.png","width":353,"height":150,"caption":"CaravanRepair\u00ae"},"image":{"@id":"https:\/\/oud.caravanrepair.eu\/#\/schema\/logo\/image\/"}}]}},"_links":{"self":[{"href":"https:\/\/oud.caravanrepair.eu\/fr\/wp-json\/wp\/v2\/pages\/8095","targetHints":{"allow":["GET"]}}],"collection":[{"href":"https:\/\/oud.caravanrepair.eu\/fr\/wp-json\/wp\/v2\/pages"}],"about":[{"href":"https:\/\/oud.caravanrepair.eu\/fr\/wp-json\/wp\/v2\/types\/page"}],"author":[{"embeddable":true,"href":"https:\/\/oud.caravanrepair.eu\/fr\/wp-json\/wp\/v2\/users\/5"}],"replies":[{"embeddable":true,"href":"https:\/\/oud.caravanrepair.eu\/fr\/wp-json\/wp\/v2\/comments?post=8095"}],"version-history":[{"count":0,"href":"https:\/\/oud.caravanrepair.eu\/fr\/wp-json\/wp\/v2\/pages\/8095\/revisions"}],"wp:attachment":[{"href":"https:\/\/oud.caravanrepair.eu\/fr\/wp-json\/wp\/v2\/media?parent=8095"}],"curies":[{"name":"wp","href":"https:\/\/api.w.org\/{rel}","templated":true}]}}