{"id":9350,"date":"2023-12-12T14:13:12","date_gmt":"2023-12-12T13:13:12","guid":{"rendered":"https:\/\/oud.caravanrepair.eu\/?page_id=9350"},"modified":"2025-05-08T10:24:01","modified_gmt":"2025-05-08T08:24:01","slug":"reparation-de-caravanes-catalogne-espagne","status":"publish","type":"page","link":"https:\/\/oud.caravanrepair.eu\/fr\/caravanrepair-catalonie-spanje\/","title":{"rendered":"CaravanRepair Catalogne-Espagne"},"content":{"rendered":"<div data-elementor-type=\"wp-page\" data-elementor-id=\"9350\" class=\"elementor elementor-9350\" data-elementor-post-type=\"page\">\n\t\t\t\t\t\t<section class=\"elementor-section elementor-top-section elementor-element elementor-element-496e18a6 elementor-section-height-min-height elementor-section-content-middle elementor-section-full_width elementor-section-height-default elementor-section-items-middle\" data-id=\"496e18a6\" data-element_type=\"section\" data-e-type=\"section\" data-settings=\"{&quot;background_background&quot;:&quot;classic&quot;}\">\n\t\t\t\t\t\t\t<div class=\"elementor-background-overlay\"><\/div>\n\t\t\t\t\t\t\t<div class=\"elementor-container elementor-column-gap-default\">\n\t\t\t\t\t<div class=\"elementor-column elementor-col-100 elementor-top-column elementor-element elementor-element-6d6d1b00\" data-id=\"6d6d1b00\" data-element_type=\"column\" data-e-type=\"column\">\n\t\t\t<div class=\"elementor-widget-wrap elementor-element-populated\">\n\t\t\t\t\t\t<div class=\"elementor-element elementor-element-c81bd98 elementor-widget elementor-widget-heading\" data-id=\"c81bd98\" data-element_type=\"widget\" data-e-type=\"widget\" data-widget_type=\"heading.default\">\n\t\t\t\t<div class=\"elementor-widget-container\">\n\t\t\t\t\t<h1 class=\"elementor-heading-title elementor-size-default\">CaravanRepair Catalogne-Espagne pour la r\u00e9paration professionnelle des dommages caus\u00e9s aux camping-cars et caravanes<\/h1>\t\t\t\t<\/div>\n\t\t\t\t<\/div>\n\t\t\t\t<div class=\"elementor-element elementor-element-50855c48 elementor-widget elementor-widget-heading\" data-id=\"50855c48\" data-element_type=\"widget\" data-e-type=\"widget\" data-widget_type=\"heading.default\">\n\t\t\t\t<div class=\"elementor-widget-container\">\n\t\t\t\t\t<p class=\"elementor-heading-title elementor-size-default\"> <\/p>\t\t\t\t<\/div>\n\t\t\t\t<\/div>\n\t\t\t\t\t<\/div>\n\t\t<\/div>\n\t\t\t\t\t<\/div>\n\t\t<\/section>\n\t\t\t\t<section class=\"elementor-section elementor-top-section elementor-element elementor-element-1e6931b9 elementor-section-content-middle elementor-section-boxed elementor-section-height-default elementor-section-height-default\" data-id=\"1e6931b9\" data-element_type=\"section\" data-e-type=\"section\">\n\t\t\t\t\t\t<div class=\"elementor-container elementor-column-gap-no\">\n\t\t\t\t\t<div class=\"elementor-column elementor-col-100 elementor-top-column elementor-element elementor-element-25a264b0\" data-id=\"25a264b0\" data-element_type=\"column\" data-e-type=\"column\">\n\t\t\t<div class=\"elementor-widget-wrap elementor-element-populated\">\n\t\t\t\t\t\t<div class=\"elementor-element elementor-element-526634dd elementor-widget elementor-widget-heading\" data-id=\"526634dd\" data-element_type=\"widget\" data-e-type=\"widget\" data-widget_type=\"heading.default\">\n\t\t\t\t<div class=\"elementor-widget-container\">\n\t\t\t\t\t<h2 class=\"elementor-heading-title elementor-size-default\">CaravanRepair Catalogne-Espagne r\u00e9paration professionnelle de caravanes et camping-cars<\/h2>\t\t\t\t<\/div>\n\t\t\t\t<\/div>\n\t\t\t\t\t<\/div>\n\t\t<\/div>\n\t\t\t\t\t<\/div>\n\t\t<\/section>\n\t\t\t\t<section class=\"elementor-section elementor-top-section elementor-element elementor-element-1b754919 elementor-section-content-middle elementor-reverse-mobile elementor-section-boxed elementor-section-height-default elementor-section-height-default\" data-id=\"1b754919\" data-element_type=\"section\" data-e-type=\"section\">\n\t\t\t\t\t\t<div class=\"elementor-container elementor-column-gap-no\">\n\t\t\t\t\t<div class=\"elementor-column elementor-col-50 elementor-top-column elementor-element elementor-element-ae7b0f5\" data-id=\"ae7b0f5\" data-element_type=\"column\" data-e-type=\"column\">\n\t\t\t<div class=\"elementor-widget-wrap elementor-element-populated\">\n\t\t\t\t\t\t<div class=\"elementor-element elementor-element-55be04fe elementor-widget elementor-widget-heading\" data-id=\"55be04fe\" data-element_type=\"widget\" data-e-type=\"widget\" data-widget_type=\"heading.default\">\n\t\t\t\t<div class=\"elementor-widget-container\">\n\t\t\t\t\t<h3 class=\"elementor-heading-title elementor-size-default\">CaravanRepair Catalogne-Espagne<\/h3>\t\t\t\t<\/div>\n\t\t\t\t<\/div>\n\t\t\t\t<div class=\"elementor-element elementor-element-4d303143 elementor-widget elementor-widget-text-editor\" data-id=\"4d303143\" data-element_type=\"widget\" data-e-type=\"widget\" data-widget_type=\"text-editor.default\">\n\t\t\t\t<div class=\"elementor-widget-container\">\n\t\t\t\t\t\t\t\t\t<p>Les sp\u00e9cialistes de CaravanRepair Catalogne-Espagne font partie d&#039;une cha\u00eene professionnelle de sp\u00e9cialistes des dommages aux caravanes et camping-cars. r\u00e9pandu dans toute la province de Catalogne en Espagne. Notre concessionnaire CaravanRepair \u00e0 G\u00e9rone dispose d&#039;experts disponibles dans diff\u00e9rents endroits en Catalogne pour r\u00e9soudre toute forme de dommages aux caravanes ou camping-cars. Nous disposons de points de service suppl\u00e9mentaires, par exemple \u00e0 Rose, Mataro, Vic, Berga, Reus, Cambrils et Figueres. Nous comprenons mieux que quiconque que les dommages caus\u00e9s \u00e0 votre caravane ou camping-car surviennent toujours \u00e0 un moment inopportun. Malheureusement, cela peut arriver \u00e0 n&#039;importe qui.<\/p><h3>Heureusement, CaravanRepair propose un vaste r\u00e9seau de sp\u00e9cialistes en Catalogne.<\/h3><p>CaravanRepair Catalogne-Espagne dispose d&#039;un vaste r\u00e9seau avec ses nombreux points de service. Pensez \u00e0 Barcelone, Lleida G\u00e9rone et bien d&#039;autres endroits comme Manresa et Berga, qui peuvent r\u00e9parer les d\u00e9g\u00e2ts de votre caravane ou camping-car avec savoir-faire et professionnalisme. Ceux qui ont des ann\u00e9es d&#039;exp\u00e9rience dans la r\u00e9paration de caravanes et de camping-cars poss\u00e8dent les connaissances professionnelles n\u00e9cessaires. Nos sp\u00e9cialistes CaravanRepair\u00ae poss\u00e8dent l\u2019expertise et les comp\u00e9tences n\u00e9cessaires pour effectuer toutes sortes de r\u00e9parations et de r\u00e9parations de dommages.<\/p><h3>Nous comprenons que les propri\u00e9taires de caravanes ont d\u00e9j\u00e0 de quoi s\u2019inqui\u00e9ter lorsqu\u2019ils subissent des dommages.<\/h3><p>C&#039;est pourquoi nous prenons volontiers en charge vos pr\u00e9occupations et le fardeau suppl\u00e9mentaire que les dommages entra\u00eenent, et nos concessionnaires CaravanRepair veillent \u00e0 un r\u00e8glement sans probl\u00e8me avec votre assureur. Notre syst\u00e8me CaravanRepair\u00ae est reconnu par tous les assureurs, vous n&#039;avez donc pas \u00e0 vous en soucier. Nous comprenons que les d\u00e9g\u00e2ts caus\u00e9s aux caravanes sont d\u00e9j\u00e0 assez ennuyeux.<\/p><h3>Gr\u00e2ce \u00e0 notre syst\u00e8me avanc\u00e9 et brevet\u00e9 de r\u00e9paration de caravanes, nous pouvons r\u00e9parer de mani\u00e8re invisible toutes les parois profil\u00e9es des caravanes et camping-cars.<\/h3><p>Qu&#039;il s&#039;agisse d&#039;une petite bosse, d&#039;un dommage d\u00fb \u00e0 la gr\u00eale, d&#039;une fissure, d&#039;un dommage d\u00fb \u00e0 l&#039;humidit\u00e9 ou d&#039;une \u00e9gratignure, nous pouvons le r\u00e9parer rapidement, de mani\u00e8re professionnelle et invisible. Et surtout, CaravanRepair\u00ae offre une garantie \u00e0 vie sur toutes nos r\u00e9parations de parois de caravane !<\/p><p>Cela vous donne non seulement la tranquillit\u00e9 d&#039;esprit, mais aussi la certitude que votre caravane ou camping-car est entre les meilleures mains chez CaravanRepair Catalonia-Spain. <a href=\"https:\/\/caravanstalling-spanje.com\" target=\"_blank\" rel=\"noopener\"><span style=\"text-decoration: underline;\"><em><strong>Signalez vos dommages sans engagement, cliquez ici<\/strong><\/em><\/span><\/a><\/p>\t\t\t\t\t\t\t\t<\/div>\n\t\t\t\t<\/div>\n\t\t\t\t\t<\/div>\n\t\t<\/div>\n\t\t\t\t<div class=\"elementor-column elementor-col-50 elementor-top-column elementor-element elementor-element-5a144de9\" data-id=\"5a144de9\" data-element_type=\"column\" data-e-type=\"column\">\n\t\t\t<div class=\"elementor-widget-wrap elementor-element-populated\">\n\t\t\t\t\t\t<div class=\"elementor-element elementor-element-5fc6527d elementor-widget elementor-widget-image\" data-id=\"5fc6527d\" data-element_type=\"widget\" data-e-type=\"widget\" data-widget_type=\"image.default\">\n\t\t\t\t<div class=\"elementor-widget-container\">\n\t\t\t\t\t\t\t\t\t\t\t\t\t\t\t<img fetchpriority=\"high\" decoding=\"async\" width=\"1024\" height=\"1024\" src=\"https:\/\/oud.caravanrepair.eu\/wp-content\/uploads\/2024\/09\/Unknown-1-1-1024x1024.jpeg\" class=\"attachment-large size-large wp-image-16303\" alt=\"Devenir distributeur de CaravanRepair en Belgique\" srcset=\"https:\/\/oud.caravanrepair.eu\/wp-content\/uploads\/2024\/09\/Unknown-1-1-12x12.jpeg 12w, https:\/\/oud.caravanrepair.eu\/wp-content\/uploads\/2024\/09\/Unknown-1-1-66x66.jpeg 66w, https:\/\/oud.caravanrepair.eu\/wp-content\/uploads\/2024\/09\/Unknown-1-1-150x150.jpeg 150w, https:\/\/oud.caravanrepair.eu\/wp-content\/uploads\/2024\/09\/Unknown-1-1-200x200.jpeg 200w, https:\/\/oud.caravanrepair.eu\/wp-content\/uploads\/2024\/09\/Unknown-1-1-300x300.jpeg 300w, https:\/\/oud.caravanrepair.eu\/wp-content\/uploads\/2024\/09\/Unknown-1-1-400x400.jpeg 400w, https:\/\/oud.caravanrepair.eu\/wp-content\/uploads\/2024\/09\/Unknown-1-1-600x600.jpeg 600w, https:\/\/oud.caravanrepair.eu\/wp-content\/uploads\/2024\/09\/Unknown-1-1-768x768.jpeg 768w, https:\/\/oud.caravanrepair.eu\/wp-content\/uploads\/2024\/09\/Unknown-1-1-800x800.jpeg 800w, https:\/\/oud.caravanrepair.eu\/wp-content\/uploads\/2024\/09\/Unknown-1-1-1024x1024.jpeg 1024w, https:\/\/oud.caravanrepair.eu\/wp-content\/uploads\/2024\/09\/Unknown-1-1-1200x1200.jpeg 1200w, https:\/\/oud.caravanrepair.eu\/wp-content\/uploads\/2024\/09\/Unknown-1-1-1536x1536.jpeg 1536w, https:\/\/oud.caravanrepair.eu\/wp-content\/uploads\/2024\/09\/Unknown-1-1.jpeg 1600w\" sizes=\"(max-width: 1024px) 100vw, 1024px\" \/>\t\t\t\t\t\t\t\t\t\t\t\t\t\t\t<\/div>\n\t\t\t\t<\/div>\n\t\t\t\t\t<\/div>\n\t\t<\/div>\n\t\t\t\t\t<\/div>\n\t\t<\/section>\n\t\t\t\t<section class=\"elementor-section elementor-top-section elementor-element elementor-element-2645b0f7 elementor-section-content-middle elementor-section-boxed elementor-section-height-default elementor-section-height-default\" data-id=\"2645b0f7\" data-element_type=\"section\" data-e-type=\"section\" data-settings=\"{&quot;background_background&quot;:&quot;classic&quot;}\">\n\t\t\t\t\t\t\t<div class=\"elementor-background-overlay\"><\/div>\n\t\t\t\t\t\t\t<div class=\"elementor-container elementor-column-gap-no\">\n\t\t\t\t\t<div class=\"elementor-column elementor-col-100 elementor-top-column elementor-element elementor-element-297f27ec\" data-id=\"297f27ec\" data-element_type=\"column\" data-e-type=\"column\">\n\t\t\t<div class=\"elementor-widget-wrap elementor-element-populated\">\n\t\t\t\t\t\t<div class=\"elementor-element elementor-element-52986922 elementor-widget elementor-widget-heading\" data-id=\"52986922\" data-element_type=\"widget\" data-e-type=\"widget\" data-widget_type=\"heading.default\">\n\t\t\t\t<div class=\"elementor-widget-container\">\n\t\t\t\t\t<h2 class=\"elementor-heading-title elementor-size-default\">Signaler un d\u00e9g\u00e2t caravane ou camping-car ?<\/h2>\t\t\t\t<\/div>\n\t\t\t\t<\/div>\n\t\t\t\t<div class=\"elementor-element elementor-element-4553eda4 elementor-widget elementor-widget-text-editor\" data-id=\"4553eda4\" data-element_type=\"widget\" data-e-type=\"widget\" data-widget_type=\"text-editor.default\">\n\t\t\t\t<div class=\"elementor-widget-container\">\n\t\t\t\t\t\t\t\t\t<p style=\"text-align: center;\">Si votre caravane ou votre camping-car a \u00e9t\u00e9 endommag\u00e9, veuillez remplir le formulaire de dommages en ligne et nous vous contacterons.<\/p>\t\t\t\t\t\t\t\t<\/div>\n\t\t\t\t<\/div>\n\t\t\t\t<div class=\"elementor-element elementor-element-22d74010 elementor-align-center elementor-mobile-align-left elementor-widget elementor-widget-button\" data-id=\"22d74010\" data-element_type=\"widget\" data-e-type=\"widget\" data-widget_type=\"button.default\">\n\t\t\t\t<div class=\"elementor-widget-container\">\n\t\t\t\t\t\t\t\t\t<div class=\"elementor-button-wrapper\">\n\t\t\t\t\t<a class=\"elementor-button elementor-button-link elementor-size-sm elementor-animation-grow\" href=\"https:\/\/oud.caravanrepair.eu\/fr\/antragsformular\/\">\n\t\t\t\t\t\t<span class=\"elementor-button-content-wrapper\">\n\t\t\t\t\t\t\t\t\t<span class=\"elementor-button-text\">SIGNALER LES DOMMAGES<\/span>\n\t\t\t\t\t<\/span>\n\t\t\t\t\t<\/a>\n\t\t\t\t<\/div>\n\t\t\t\t\t\t\t\t<\/div>\n\t\t\t\t<\/div>\n\t\t\t\t\t<\/div>\n\t\t<\/div>\n\t\t\t\t\t<\/div>\n\t\t<\/section>\n\t\t\t\t<section class=\"elementor-section elementor-top-section elementor-element elementor-element-5b38f5ac elementor-section-full_width elementor-section-content-middle elementor-section-height-default elementor-section-height-default\" data-id=\"5b38f5ac\" data-element_type=\"section\" data-e-type=\"section\">\n\t\t\t\t\t\t<div class=\"elementor-container elementor-column-gap-no\">\n\t\t\t\t\t<div class=\"elementor-column elementor-col-50 elementor-top-column elementor-element elementor-element-103b0bd7\" data-id=\"103b0bd7\" data-element_type=\"column\" data-e-type=\"column\" data-settings=\"{&quot;background_background&quot;:&quot;classic&quot;}\">\n\t\t\t<div class=\"elementor-widget-wrap elementor-element-populated\">\n\t\t\t\t\t<div class=\"elementor-background-overlay\"><\/div>\n\t\t\t\t\t\t<div class=\"elementor-element elementor-element-570b03fe elementor-widget elementor-widget-heading\" data-id=\"570b03fe\" data-element_type=\"widget\" data-e-type=\"widget\" data-widget_type=\"heading.default\">\n\t\t\t\t<div class=\"elementor-widget-container\">\n\t\t\t\t\t<h3 class=\"elementor-heading-title elementor-size-default\">CaravanRepair Catalogne-Espagne<\/h3>\t\t\t\t<\/div>\n\t\t\t\t<\/div>\n\t\t\t\t\t<\/div>\n\t\t<\/div>\n\t\t\t\t<div class=\"elementor-column elementor-col-50 elementor-top-column elementor-element elementor-element-62d99a9f\" data-id=\"62d99a9f\" data-element_type=\"column\" data-e-type=\"column\">\n\t\t\t<div class=\"elementor-widget-wrap elementor-element-populated\">\n\t\t\t\t\t\t<div class=\"elementor-element elementor-element-25a6e6ed elementor-widget elementor-widget-text-editor\" data-id=\"25a6e6ed\" data-element_type=\"widget\" data-e-type=\"widget\" data-widget_type=\"text-editor.default\">\n\t\t\t\t<div class=\"elementor-widget-container\">\n\t\t\t\t\t\t\t\t\t<p>Pour notre concessionnaire CaravanRepair de Palamos et Sant Climent de Peralte, il est absolument indispensable de conserver autant que possible une caravane ou un camping-car dans son \u00e9tat d&#039;origine. Pourquoi remplacer une paroi lat\u00e9rale enti\u00e8re de votre caravane ou camping-car ? Alors ce n&#039;est absolument pas n\u00e9cessaire. parce qu&#039;il n&#039;y a qu&#039;une petite bosse ou une \u00e9gratignure ? Ce n\u2019est pas seulement inutile, mais fortement d\u00e9conseill\u00e9. Pour les dommages mineurs aux parois de la caravane, comme par exemple les d\u00e9g\u00e2ts caus\u00e9s par la gr\u00eale, les petites bosses, les rayures ou m\u00eame les fissures, une r\u00e9paration des murs avec notre syst\u00e8me de haute technologie est de loin le meilleur choix. Dans de telles situations, le remplacement de l&#039;ensemble du flanc est absolument inutile.<\/p><h3>CaravanRepair Catalogne-Espagne propose des r\u00e9parations compl\u00e8tes de murs invisibles.<\/h3><p>De plus, la r\u00e9paration des murs de la caravane offre des avantages suppl\u00e9mentaires. Gr\u00e2ce au syst\u00e8me avanc\u00e9 de r\u00e9paration de caravanes de haute technologie de CaravanRepair\u00ae, la r\u00e9paration est effectu\u00e9e de mani\u00e8re totalement invisible. Cela permet de conserver la construction de la caravane intacte, sans aucun risque de fuite. Une r\u00e9paration invisible de caravane contribue \u00e9galement \u00e0 la pr\u00e9servation de la valeur de votre caravane ou camping-car.<\/p><p>Faites confiance \u00e0 l&#039;expertise des sp\u00e9cialistes CaravanRepair\u00ae de la province de Catalogne-Espagne et faites effectuer les r\u00e9parations de votre caravane. CaravanRepair\u00ae est la plus grande cha\u00eene de sp\u00e9cialistes des caravanes en Europe, qui effectue des r\u00e9parations de caravanes et de camping-cars de mani\u00e8re rapide et extr\u00eamement professionnelle. Notre m\u00e9thode de r\u00e9paration de caravanes a \u00e9t\u00e9 approuv\u00e9e par toutes les compagnies d&#039;assurance en Europe, notamment en Allemagne, notamment KTI, Kraftfahrzeug Technisches Institut, qui appartient \u00e0 vingt compagnies d&#039;assurance en Allemagne.<\/p><p>Avec notre syst\u00e8me de r\u00e9paration avanc\u00e9, notre formation approfondie et l\u2019obligation selon laquelle chaque technicien doit \u00eatre certifi\u00e9 annuellement, nous vous offrons la garantie de qualit\u00e9 \u00e0 laquelle vous avez droit.<\/p>\t\t\t\t\t\t\t\t<\/div>\n\t\t\t\t<\/div>\n\t\t\t\t\t<\/div>\n\t\t<\/div>\n\t\t\t\t\t<\/div>\n\t\t<\/section>\n\t\t\t\t<section class=\"elementor-section elementor-top-section elementor-element elementor-element-10fc9f05 elementor-section-content-middle elementor-section-boxed elementor-section-height-default elementor-section-height-default\" data-id=\"10fc9f05\" data-element_type=\"section\" data-e-type=\"section\" data-settings=\"{&quot;background_background&quot;:&quot;classic&quot;}\">\n\t\t\t\t\t\t\t<div class=\"elementor-background-overlay\"><\/div>\n\t\t\t\t\t\t\t<div class=\"elementor-container elementor-column-gap-no\">\n\t\t\t\t\t<div class=\"elementor-column elementor-col-50 elementor-top-column elementor-element elementor-element-29967402\" data-id=\"29967402\" data-element_type=\"column\" data-e-type=\"column\">\n\t\t\t<div class=\"elementor-widget-wrap elementor-element-populated\">\n\t\t\t\t\t\t<div class=\"elementor-element elementor-element-1ec78b27 elementor-widget elementor-widget-heading\" data-id=\"1ec78b27\" data-element_type=\"widget\" data-e-type=\"widget\" data-widget_type=\"heading.default\">\n\t\t\t\t<div class=\"elementor-widget-container\">\n\t\t\t\t\t<h2 class=\"elementor-heading-title elementor-size-default\">Vous recherchez un r\u00e9parateur CaravanRepair\u00ae pr\u00e8s de chez vous ?<\/h2>\t\t\t\t<\/div>\n\t\t\t\t<\/div>\n\t\t\t\t<div class=\"elementor-element elementor-element-12644d85 elementor-widget elementor-widget-text-editor\" data-id=\"12644d85\" data-element_type=\"widget\" data-e-type=\"widget\" data-widget_type=\"text-editor.default\">\n\t\t\t\t<div class=\"elementor-widget-container\">\n\t\t\t\t\t\t\t\t\t<p>Nos r\u00e9parateurs sont actifs dans toute l\u2019Europe !<\/p>\t\t\t\t\t\t\t\t<\/div>\n\t\t\t\t<\/div>\n\t\t\t\t\t<\/div>\n\t\t<\/div>\n\t\t\t\t<div class=\"elementor-column elementor-col-50 elementor-top-column elementor-element elementor-element-67dc9832\" data-id=\"67dc9832\" data-element_type=\"column\" data-e-type=\"column\">\n\t\t\t<div class=\"elementor-widget-wrap elementor-element-populated\">\n\t\t\t\t\t\t<div class=\"elementor-element elementor-element-55b356a0 elementor-align-center elementor-mobile-align-left elementor-widget elementor-widget-button\" data-id=\"55b356a0\" data-element_type=\"widget\" data-e-type=\"widget\" data-widget_type=\"button.default\">\n\t\t\t\t<div class=\"elementor-widget-container\">\n\t\t\t\t\t\t\t\t\t<div class=\"elementor-button-wrapper\">\n\t\t\t\t\t<a class=\"elementor-button elementor-button-link elementor-size-sm elementor-animation-grow\" href=\"https:\/\/oud.caravanrepair.eu\/fr\/concessionnaires\/\">\n\t\t\t\t\t\t<span class=\"elementor-button-content-wrapper\">\n\t\t\t\t\t\t\t\t\t<span class=\"elementor-button-text\">Rechercher maintenant<\/span>\n\t\t\t\t\t<\/span>\n\t\t\t\t\t<\/a>\n\t\t\t\t<\/div>\n\t\t\t\t\t\t\t\t<\/div>\n\t\t\t\t<\/div>\n\t\t\t\t\t<\/div>\n\t\t<\/div>\n\t\t\t\t\t<\/div>\n\t\t<\/section>\n\t\t\t\t<\/div>","protected":false},"excerpt":{"rendered":"<p>CaravanRepair Cataloni\u00eb-Spanje voor Professioneel herstel van camper en caravan schade CaravanRepair Cataloni\u00eb-Spanje professioneel herstel van caravans en campers CaravanRepair Cataloni\u00eb-Spanje<\/p>","protected":false},"author":3,"featured_media":0,"parent":0,"menu_order":0,"comment_status":"closed","ping_status":"closed","template":"elementor_header_footer","meta":{"footnotes":""},"class_list":["post-9350","page","type-page","status-publish","hentry"],"yoast_head":"<!-- This site is optimized with the Yoast SEO Premium plugin v27.5 (Yoast SEO v28.3) - https:\/\/yoast.com\/product\/yoast-seo-premium-wordpress\/ -->\n<title>CaravanRepair Cataloni\u00eb-Spanje<\/title>\n<meta name=\"description\" content=\"CaravanRepair Cataloni\u00eb-Spanje: uw specialist voor caravan- en camperschade. Vakkundige reparaties op meerdere locaties in Cataloni\u00eb.\" \/>\n<meta name=\"robots\" content=\"noindex, follow, max-snippet:-1, max-image-preview:large, max-video-preview:-1\" \/>\n<meta property=\"og:locale\" content=\"fr_FR\" \/>\n<meta property=\"og:type\" content=\"article\" \/>\n<meta property=\"og:title\" content=\"CaravanRepair Cataloni\u00eb-Spanje\" \/>\n<meta property=\"og:description\" content=\"CaravanRepair Cataloni\u00eb-Spanje: uw specialist voor caravan- en camperschade. Vakkundige reparaties op meerdere locaties in Cataloni\u00eb.\" \/>\n<meta property=\"og:url\" content=\"https:\/\/oud.caravanrepair.eu\/fr\/reparation-de-caravanes-catalogne-espagne\/\" \/>\n<meta property=\"og:site_name\" content=\"CaravanRepair\u00ae\" \/>\n<meta property=\"article:modified_time\" content=\"2025-05-08T08:24:01+00:00\" \/>\n<meta property=\"og:image\" content=\"https:\/\/oud.caravanrepair.eu\/wp-content\/uploads\/2024\/09\/Unknown-1-1.jpeg\" \/>\n\t<meta property=\"og:image:width\" content=\"1600\" \/>\n\t<meta property=\"og:image:height\" content=\"1600\" \/>\n\t<meta property=\"og:image:type\" content=\"image\/jpeg\" \/>\n<meta name=\"twitter:card\" content=\"summary_large_image\" \/>\n<meta name=\"twitter:label1\" content=\"Dur\u00e9e de lecture estim\u00e9e\" \/>\n\t<meta name=\"twitter:data1\" content=\"4 minutes\" \/>\n<script type=\"application\/ld+json\" class=\"yoast-schema-graph\">{\"@context\":\"https:\\\/\\\/schema.org\",\"@graph\":[{\"@type\":\"WebPage\",\"@id\":\"https:\\\/\\\/oud.caravanrepair.eu\\\/caravanrepair-catalonie-spanje\\\/\",\"url\":\"https:\\\/\\\/oud.caravanrepair.eu\\\/caravanrepair-catalonie-spanje\\\/\",\"name\":\"CaravanRepair Cataloni\u00eb-Spanje\",\"isPartOf\":{\"@id\":\"https:\\\/\\\/oud.caravanrepair.eu\\\/#website\"},\"primaryImageOfPage\":{\"@id\":\"https:\\\/\\\/oud.caravanrepair.eu\\\/caravanrepair-catalonie-spanje\\\/#primaryimage\"},\"image\":{\"@id\":\"https:\\\/\\\/oud.caravanrepair.eu\\\/caravanrepair-catalonie-spanje\\\/#primaryimage\"},\"thumbnailUrl\":\"https:\\\/\\\/oud.caravanrepair.eu\\\/wp-content\\\/uploads\\\/2024\\\/09\\\/Unknown-1-1-1024x1024.jpeg\",\"datePublished\":\"2023-12-12T13:13:12+00:00\",\"dateModified\":\"2025-05-08T08:24:01+00:00\",\"description\":\"CaravanRepair Cataloni\u00eb-Spanje: uw specialist voor caravan- en camperschade. Vakkundige reparaties op meerdere locaties in Cataloni\u00eb.\",\"breadcrumb\":{\"@id\":\"https:\\\/\\\/oud.caravanrepair.eu\\\/caravanrepair-catalonie-spanje\\\/#breadcrumb\"},\"inLanguage\":\"fr-FR\",\"potentialAction\":[{\"@type\":\"ReadAction\",\"target\":[\"https:\\\/\\\/oud.caravanrepair.eu\\\/caravanrepair-catalonie-spanje\\\/\"]}]},{\"@type\":\"ImageObject\",\"inLanguage\":\"fr-FR\",\"@id\":\"https:\\\/\\\/oud.caravanrepair.eu\\\/caravanrepair-catalonie-spanje\\\/#primaryimage\",\"url\":\"https:\\\/\\\/oud.caravanrepair.eu\\\/wp-content\\\/uploads\\\/2024\\\/09\\\/Unknown-1-1-1024x1024.jpeg\",\"contentUrl\":\"https:\\\/\\\/oud.caravanrepair.eu\\\/wp-content\\\/uploads\\\/2024\\\/09\\\/Unknown-1-1-1024x1024.jpeg\"},{\"@type\":\"BreadcrumbList\",\"@id\":\"https:\\\/\\\/oud.caravanrepair.eu\\\/caravanrepair-catalonie-spanje\\\/#breadcrumb\",\"itemListElement\":[{\"@type\":\"ListItem\",\"position\":1,\"name\":\"Home\",\"item\":\"https:\\\/\\\/oud.caravanrepair.eu\\\/\"},{\"@type\":\"ListItem\",\"position\":2,\"name\":\"CaravanRepair Cataloni\u00eb-Spanje\"}]},{\"@type\":\"WebSite\",\"@id\":\"https:\\\/\\\/oud.caravanrepair.eu\\\/#website\",\"url\":\"https:\\\/\\\/oud.caravanrepair.eu\\\/\",\"name\":\"CaravanRepair\u00ae\",\"description\":\"Professioneel schadeherstel voor caravan en camper\",\"publisher\":{\"@id\":\"https:\\\/\\\/oud.caravanrepair.eu\\\/#organization\"},\"potentialAction\":[{\"@type\":\"SearchAction\",\"target\":{\"@type\":\"EntryPoint\",\"urlTemplate\":\"https:\\\/\\\/oud.caravanrepair.eu\\\/?s={search_term_string}\"},\"query-input\":{\"@type\":\"PropertyValueSpecification\",\"valueRequired\":true,\"valueName\":\"search_term_string\"}}],\"inLanguage\":\"fr-FR\"},{\"@type\":\"Organization\",\"@id\":\"https:\\\/\\\/oud.caravanrepair.eu\\\/#organization\",\"name\":\"CaravanRepair\u00ae\",\"url\":\"https:\\\/\\\/oud.caravanrepair.eu\\\/\",\"logo\":{\"@type\":\"ImageObject\",\"inLanguage\":\"fr-FR\",\"@id\":\"https:\\\/\\\/oud.caravanrepair.eu\\\/#\\\/schema\\\/logo\\\/image\\\/\",\"url\":\"https:\\\/\\\/oud.caravanrepair.eu\\\/wp-content\\\/uploads\\\/2019\\\/01\\\/logo-caravanrepair.png\",\"contentUrl\":\"https:\\\/\\\/oud.caravanrepair.eu\\\/wp-content\\\/uploads\\\/2019\\\/01\\\/logo-caravanrepair.png\",\"width\":353,\"height\":150,\"caption\":\"CaravanRepair\u00ae\"},\"image\":{\"@id\":\"https:\\\/\\\/oud.caravanrepair.eu\\\/#\\\/schema\\\/logo\\\/image\\\/\"}}]}<\/script>\n<!-- \/ Yoast SEO Premium plugin. -->","yoast_head_json":{"title":"CaravanRepair Catalogne-Espagne","description":"CaravanRepair Catalogne-Espagne : votre sp\u00e9cialiste des dommages aux caravanes et camping-cars. R\u00e9parations professionnelles sur plusieurs sites en Catalogne.","robots":{"index":"noindex","follow":"follow","max-snippet":"max-snippet:-1","max-image-preview":"max-image-preview:large","max-video-preview":"max-video-preview:-1"},"og_locale":"fr_FR","og_type":"article","og_title":"CaravanRepair Cataloni\u00eb-Spanje","og_description":"CaravanRepair Cataloni\u00eb-Spanje: uw specialist voor caravan- en camperschade. Vakkundige reparaties op meerdere locaties in Cataloni\u00eb.","og_url":"https:\/\/oud.caravanrepair.eu\/fr\/reparation-de-caravanes-catalogne-espagne\/","og_site_name":"CaravanRepair\u00ae","article_modified_time":"2025-05-08T08:24:01+00:00","og_image":[{"width":1600,"height":1600,"url":"https:\/\/oud.caravanrepair.eu\/wp-content\/uploads\/2024\/09\/Unknown-1-1.jpeg","type":"image\/jpeg"}],"twitter_card":"summary_large_image","twitter_misc":{"Dur\u00e9e de lecture estim\u00e9e":"4 minutes"},"schema":{"@context":"https:\/\/schema.org","@graph":[{"@type":"WebPage","@id":"https:\/\/oud.caravanrepair.eu\/caravanrepair-catalonie-spanje\/","url":"https:\/\/oud.caravanrepair.eu\/caravanrepair-catalonie-spanje\/","name":"CaravanRepair Catalogne-Espagne","isPartOf":{"@id":"https:\/\/oud.caravanrepair.eu\/#website"},"primaryImageOfPage":{"@id":"https:\/\/oud.caravanrepair.eu\/caravanrepair-catalonie-spanje\/#primaryimage"},"image":{"@id":"https:\/\/oud.caravanrepair.eu\/caravanrepair-catalonie-spanje\/#primaryimage"},"thumbnailUrl":"https:\/\/oud.caravanrepair.eu\/wp-content\/uploads\/2024\/09\/Unknown-1-1-1024x1024.jpeg","datePublished":"2023-12-12T13:13:12+00:00","dateModified":"2025-05-08T08:24:01+00:00","description":"CaravanRepair Catalogne-Espagne : votre sp\u00e9cialiste des dommages aux caravanes et camping-cars. R\u00e9parations professionnelles sur plusieurs sites en Catalogne.","breadcrumb":{"@id":"https:\/\/oud.caravanrepair.eu\/caravanrepair-catalonie-spanje\/#breadcrumb"},"inLanguage":"fr-FR","potentialAction":[{"@type":"ReadAction","target":["https:\/\/oud.caravanrepair.eu\/caravanrepair-catalonie-spanje\/"]}]},{"@type":"ImageObject","inLanguage":"fr-FR","@id":"https:\/\/oud.caravanrepair.eu\/caravanrepair-catalonie-spanje\/#primaryimage","url":"https:\/\/oud.caravanrepair.eu\/wp-content\/uploads\/2024\/09\/Unknown-1-1-1024x1024.jpeg","contentUrl":"https:\/\/oud.caravanrepair.eu\/wp-content\/uploads\/2024\/09\/Unknown-1-1-1024x1024.jpeg"},{"@type":"BreadcrumbList","@id":"https:\/\/oud.caravanrepair.eu\/caravanrepair-catalonie-spanje\/#breadcrumb","itemListElement":[{"@type":"ListItem","position":1,"name":"Home","item":"https:\/\/oud.caravanrepair.eu\/"},{"@type":"ListItem","position":2,"name":"CaravanRepair Cataloni\u00eb-Spanje"}]},{"@type":"WebSite","@id":"https:\/\/oud.caravanrepair.eu\/#website","url":"https:\/\/oud.caravanrepair.eu\/","name":"CaravanRepair\u00ae","description":"R\u00e9paration professionnelle de dommages pour caravane et camping-car","publisher":{"@id":"https:\/\/oud.caravanrepair.eu\/#organization"},"potentialAction":[{"@type":"SearchAction","target":{"@type":"EntryPoint","urlTemplate":"https:\/\/oud.caravanrepair.eu\/?s={search_term_string}"},"query-input":{"@type":"PropertyValueSpecification","valueRequired":true,"valueName":"search_term_string"}}],"inLanguage":"fr-FR"},{"@type":"Organization","@id":"https:\/\/oud.caravanrepair.eu\/#organization","name":"CaravanRepair\u00ae","url":"https:\/\/oud.caravanrepair.eu\/","logo":{"@type":"ImageObject","inLanguage":"fr-FR","@id":"https:\/\/oud.caravanrepair.eu\/#\/schema\/logo\/image\/","url":"https:\/\/oud.caravanrepair.eu\/wp-content\/uploads\/2019\/01\/logo-caravanrepair.png","contentUrl":"https:\/\/oud.caravanrepair.eu\/wp-content\/uploads\/2019\/01\/logo-caravanrepair.png","width":353,"height":150,"caption":"CaravanRepair\u00ae"},"image":{"@id":"https:\/\/oud.caravanrepair.eu\/#\/schema\/logo\/image\/"}}]}},"_links":{"self":[{"href":"https:\/\/oud.caravanrepair.eu\/fr\/wp-json\/wp\/v2\/pages\/9350","targetHints":{"allow":["GET"]}}],"collection":[{"href":"https:\/\/oud.caravanrepair.eu\/fr\/wp-json\/wp\/v2\/pages"}],"about":[{"href":"https:\/\/oud.caravanrepair.eu\/fr\/wp-json\/wp\/v2\/types\/page"}],"author":[{"embeddable":true,"href":"https:\/\/oud.caravanrepair.eu\/fr\/wp-json\/wp\/v2\/users\/3"}],"replies":[{"embeddable":true,"href":"https:\/\/oud.caravanrepair.eu\/fr\/wp-json\/wp\/v2\/comments?post=9350"}],"version-history":[{"count":0,"href":"https:\/\/oud.caravanrepair.eu\/fr\/wp-json\/wp\/v2\/pages\/9350\/revisions"}],"wp:attachment":[{"href":"https:\/\/oud.caravanrepair.eu\/fr\/wp-json\/wp\/v2\/media?parent=9350"}],"curies":[{"name":"wp","href":"https:\/\/api.w.org\/{rel}","templated":true}]}}