{"id":9505,"date":"2023-12-14T11:11:45","date_gmt":"2023-12-14T10:11:45","guid":{"rendered":"https:\/\/oud.caravanrepair.eu\/?page_id=9505"},"modified":"2025-08-29T13:57:46","modified_gmt":"2025-08-29T11:57:46","slug":"camping-car-endommage","status":"publish","type":"page","link":"https:\/\/oud.caravanrepair.eu\/fr\/schade-camper\/","title":{"rendered":"Dommages au camping-car"},"content":{"rendered":"<div data-elementor-type=\"wp-page\" data-elementor-id=\"9505\" class=\"elementor elementor-9505\" data-elementor-post-type=\"page\">\n\t\t\t\t\t\t<section class=\"elementor-section elementor-top-section elementor-element elementor-element-2be6ba25 elementor-section-height-min-height elementor-section-content-middle elementor-section-full_width elementor-section-height-default elementor-section-items-middle\" data-id=\"2be6ba25\" data-element_type=\"section\" data-e-type=\"section\" data-settings=\"{&quot;background_background&quot;:&quot;classic&quot;}\">\n\t\t\t\t\t\t\t<div class=\"elementor-background-overlay\"><\/div>\n\t\t\t\t\t\t\t<div class=\"elementor-container elementor-column-gap-default\">\n\t\t\t\t\t<div class=\"elementor-column elementor-col-100 elementor-top-column elementor-element elementor-element-3bbd1809\" data-id=\"3bbd1809\" data-element_type=\"column\" data-e-type=\"column\">\n\t\t\t<div class=\"elementor-widget-wrap elementor-element-populated\">\n\t\t\t\t\t\t<div class=\"elementor-element elementor-element-713d38af elementor-widget elementor-widget-heading\" data-id=\"713d38af\" data-element_type=\"widget\" data-e-type=\"widget\" data-widget_type=\"heading.default\">\n\t\t\t\t<div class=\"elementor-widget-container\">\n\t\t\t\t\t<h1 class=\"elementor-heading-title elementor-size-default\">R\u00e9paration professionnelle des dommages caus\u00e9s aux camping-cars et caravanes<\/h1>\t\t\t\t<\/div>\n\t\t\t\t<\/div>\n\t\t\t\t<div class=\"elementor-element elementor-element-3c29a7fe elementor-widget elementor-widget-heading\" data-id=\"3c29a7fe\" data-element_type=\"widget\" data-e-type=\"widget\" data-widget_type=\"heading.default\">\n\t\t\t\t<div class=\"elementor-widget-container\">\n\t\t\t\t\t<p class=\"elementor-heading-title elementor-size-default\"> <\/p>\t\t\t\t<\/div>\n\t\t\t\t<\/div>\n\t\t\t\t\t<\/div>\n\t\t<\/div>\n\t\t\t\t\t<\/div>\n\t\t<\/section>\n\t\t\t\t<section class=\"elementor-section elementor-top-section elementor-element elementor-element-b94c931 elementor-section-content-middle elementor-section-boxed elementor-section-height-default elementor-section-height-default\" data-id=\"b94c931\" data-element_type=\"section\" data-e-type=\"section\">\n\t\t\t\t\t\t<div class=\"elementor-container elementor-column-gap-no\">\n\t\t\t\t\t<div class=\"elementor-column elementor-col-100 elementor-top-column elementor-element elementor-element-2e1d2084\" data-id=\"2e1d2084\" data-element_type=\"column\" data-e-type=\"column\">\n\t\t\t<div class=\"elementor-widget-wrap elementor-element-populated\">\n\t\t\t\t\t\t<div class=\"elementor-element elementor-element-52fe426f elementor-widget elementor-widget-heading\" data-id=\"52fe426f\" data-element_type=\"widget\" data-e-type=\"widget\" data-widget_type=\"heading.default\">\n\t\t\t\t<div class=\"elementor-widget-container\">\n\t\t\t\t\t<h2 class=\"elementor-heading-title elementor-size-default\">Dommages caus\u00e9s \u00e0 votre camping-car, vous \u00eates au bon endroit chez CaravanRepair pour une r\u00e9paration professionnelle des dommages caus\u00e9s \u00e0 votre camping-car.<\/h2>\t\t\t\t<\/div>\n\t\t\t\t<\/div>\n\t\t\t\t\t<\/div>\n\t\t<\/div>\n\t\t\t\t\t<\/div>\n\t\t<\/section>\n\t\t\t\t<section class=\"elementor-section elementor-top-section elementor-element elementor-element-3ada70b2 elementor-section-content-middle elementor-reverse-mobile elementor-section-boxed elementor-section-height-default elementor-section-height-default\" data-id=\"3ada70b2\" data-element_type=\"section\" data-e-type=\"section\">\n\t\t\t\t\t\t<div class=\"elementor-container elementor-column-gap-no\">\n\t\t\t\t\t<div class=\"elementor-column elementor-col-50 elementor-top-column elementor-element elementor-element-7aab6206\" data-id=\"7aab6206\" data-element_type=\"column\" data-e-type=\"column\">\n\t\t\t<div class=\"elementor-widget-wrap elementor-element-populated\">\n\t\t\t\t\t\t<div class=\"elementor-element elementor-element-48004174 elementor-widget elementor-widget-heading\" data-id=\"48004174\" data-element_type=\"widget\" data-e-type=\"widget\" data-widget_type=\"heading.default\">\n\t\t\t\t<div class=\"elementor-widget-container\">\n\t\t\t\t\t<h3 class=\"elementor-heading-title elementor-size-default\">R\u00e9paration de dommages adapt\u00e9e \u00e0 votre camping-car <\/h3>\t\t\t\t<\/div>\n\t\t\t\t<\/div>\n\t\t\t\t<div class=\"elementor-element elementor-element-6a0337e0 elementor-widget elementor-widget-text-editor\" data-id=\"6a0337e0\" data-element_type=\"widget\" data-e-type=\"widget\" data-widget_type=\"text-editor.default\">\n\t\t\t\t<div class=\"elementor-widget-container\">\n\t\t\t\t\t\t\t\t\t<h3>CaravanRepair\u00ae est une cha\u00eene leader de sp\u00e9cialistes des dommages aux camping-cars.<\/h3><p>Pour la r\u00e9paration experte et professionnelle des dommages aux camping-cars r\u00e9partis dans plusieurs pays d&#039;Europe. Les sp\u00e9cialistes du groupe CaravanRepair sont experts en mati\u00e8re de dommages caus\u00e9s \u00e0 un camping-car et sont pr\u00eats \u00e0 le r\u00e9parer rapidement et efficacement. Qu&#039;il s&#039;agisse de marques comme Hymer, Laika, Knaus, Weisberg, Corado, mais aussi de Dethleffs et des camping-cars Sunlight ou d&#039;un camping-car Adria, ils connaissent tous les tenants et aboutissants du camping-car, pour une solution un peu simple et \u00e9conomique comme un R\u00e9paration ponctuelle La r\u00e9paration jusqu&#039;aux dommages les plus complexes ne pose aucun probl\u00e8me. Nous avons m\u00eame nos sp\u00e9cialistes pour les nouvelles marques de camping-cars sur le march\u00e9, comme Etrusco. Les sp\u00e9cialistes sont des professionnels bien form\u00e9s.\u00a0<\/p><p>Le groupe CaravanRepair dispose d&#039;un vaste r\u00e9seau de sp\u00e9cialistes qui r\u00e9pareront les dommages caus\u00e9s \u00e0 votre camping-car avec savoir-faire et professionnalisme. Forts de plusieurs ann\u00e9es d&#039;exp\u00e9rience dans la r\u00e9paration de camping-cars, nos sp\u00e9cialistes CaravanRepair\u00ae poss\u00e8dent l&#039;expertise et les comp\u00e9tences n\u00e9cessaires pour effectuer toutes sortes de r\u00e9parations.<\/p><p style=\"font-weight: 400;\"><a href=\"https:\/\/oud.caravanrepair.eu\/fr\/degats-de-camping-car-2\/\" target=\"_blank\" rel=\"noopener\">\ud83d\udd17\u00a0<em>Consultez \u00e9galement notre page principale sur les dommages subis par les camping-cars pour plus d'informations sur les cas de dommages sp\u00e9cifiques.<\/em><\/a><\/p><h3>Vous n&#039;avez \u00e0 vous soucier de rien, nous organiserons tout pour vous avec l&#039;assureur TOTAL RELIEF, comme nous l&#039;appelons.<\/h3><p>Nous comprenons qu&#039;en tant que propri\u00e9taire de camping-car, vous avez d\u00e9j\u00e0 suffisamment de soucis en cas de dommages. C&#039;est pourquoi nous sommes heureux de prendre en charge cette charge suppl\u00e9mentaire en organisant un r\u00e8glement sans probl\u00e8me avec votre assureur. Notre syst\u00e8me CaravanRepair\u00ae est reconnu par tous les assureurs, vous n&#039;avez donc pas \u00e0 vous en soucier. Nous comprenons que les dommages caus\u00e9s aux camping-cars sont d\u00e9j\u00e0 assez ennuyeux.<\/p><p>Gr\u00e2ce \u00e0 nos ateliers avanc\u00e9s et bien \u00e9quip\u00e9s, nous pouvons g\u00e9rer tous les d\u00e9g\u00e2ts du camping-car et les r\u00e9parerons de mani\u00e8re invisible. Dommages caus\u00e9s par exemple par des collisions ou une forte temp\u00eate, d\u00e9g\u00e2ts caus\u00e9s par la gr\u00eale, nous r\u00e9parons tout pour vous. Nous r\u00e9parons ou injectons \u00e9galement un plancher de camping-car suspendu pour qu&#039;il soit \u00e0 nouveau comme neuf. Mais le plus important est que vous soyez satisfait, alors nous le sommes aussi.<\/p><p>Chez CaravanRepair Group, vous \u00eates entre de bonnes mains en cas de dommages aux camping-cars.\u00a0<\/p>\t\t\t\t\t\t\t\t<\/div>\n\t\t\t\t<\/div>\n\t\t\t\t\t<\/div>\n\t\t<\/div>\n\t\t\t\t<div class=\"elementor-column elementor-col-50 elementor-top-column elementor-element elementor-element-2dc60e32\" data-id=\"2dc60e32\" data-element_type=\"column\" data-e-type=\"column\">\n\t\t\t<div class=\"elementor-widget-wrap elementor-element-populated\">\n\t\t\t\t\t\t<div class=\"elementor-element elementor-element-2c627e4d elementor-widget__width-initial elementor-widget elementor-widget-image\" data-id=\"2c627e4d\" data-element_type=\"widget\" data-e-type=\"widget\" data-widget_type=\"image.default\">\n\t\t\t\t<div class=\"elementor-widget-container\">\n\t\t\t\t\t\t\t\t\t\t\t\t\t\t\t<img fetchpriority=\"high\" decoding=\"async\" width=\"640\" height=\"360\" src=\"https:\/\/oud.caravanrepair.eu\/wp-content\/uploads\/2023\/10\/reparacion-autocaravana.jpg\" class=\"attachment-large size-large wp-image-8629\" alt=\"Entreprise de r\u00e9paration de camping-car\" srcset=\"https:\/\/oud.caravanrepair.eu\/wp-content\/uploads\/2023\/10\/reparacion-autocaravana-18x10.jpg 18w, https:\/\/oud.caravanrepair.eu\/wp-content\/uploads\/2023\/10\/reparacion-autocaravana-200x113.jpg 200w, https:\/\/oud.caravanrepair.eu\/wp-content\/uploads\/2023\/10\/reparacion-autocaravana-300x169.jpg 300w, https:\/\/oud.caravanrepair.eu\/wp-content\/uploads\/2023\/10\/reparacion-autocaravana-400x225.jpg 400w, https:\/\/oud.caravanrepair.eu\/wp-content\/uploads\/2023\/10\/reparacion-autocaravana-600x338.jpg 600w, https:\/\/oud.caravanrepair.eu\/wp-content\/uploads\/2023\/10\/reparacion-autocaravana.jpg 640w\" sizes=\"(max-width: 640px) 100vw, 640px\" \/>\t\t\t\t\t\t\t\t\t\t\t\t\t\t\t<\/div>\n\t\t\t\t<\/div>\n\t\t\t\t\t<\/div>\n\t\t<\/div>\n\t\t\t\t\t<\/div>\n\t\t<\/section>\n\t\t\t\t<section class=\"elementor-section elementor-top-section elementor-element elementor-element-1ddc7a2d elementor-section-content-middle elementor-section-boxed elementor-section-height-default elementor-section-height-default\" data-id=\"1ddc7a2d\" data-element_type=\"section\" data-e-type=\"section\" data-settings=\"{&quot;background_background&quot;:&quot;classic&quot;}\">\n\t\t\t\t\t\t\t<div class=\"elementor-background-overlay\"><\/div>\n\t\t\t\t\t\t\t<div class=\"elementor-container elementor-column-gap-no\">\n\t\t\t\t\t<div class=\"elementor-column elementor-col-100 elementor-top-column elementor-element elementor-element-2854bfad\" data-id=\"2854bfad\" data-element_type=\"column\" data-e-type=\"column\">\n\t\t\t<div class=\"elementor-widget-wrap elementor-element-populated\">\n\t\t\t\t\t\t<div class=\"elementor-element elementor-element-3c69514f elementor-widget elementor-widget-heading\" data-id=\"3c69514f\" data-element_type=\"widget\" data-e-type=\"widget\" data-widget_type=\"heading.default\">\n\t\t\t\t<div class=\"elementor-widget-container\">\n\t\t\t\t\t<h2 class=\"elementor-heading-title elementor-size-default\">Signaler un d\u00e9g\u00e2t caravane ou camping-car ?<\/h2>\t\t\t\t<\/div>\n\t\t\t\t<\/div>\n\t\t\t\t<div class=\"elementor-element elementor-element-765528fa elementor-widget elementor-widget-text-editor\" data-id=\"765528fa\" data-element_type=\"widget\" data-e-type=\"widget\" data-widget_type=\"text-editor.default\">\n\t\t\t\t<div class=\"elementor-widget-container\">\n\t\t\t\t\t\t\t\t\t<p style=\"text-align: center;\">Si votre caravane ou votre camping-car a \u00e9t\u00e9 endommag\u00e9, veuillez remplir le formulaire de dommages en ligne et nous vous contacterons.<\/p>\t\t\t\t\t\t\t\t<\/div>\n\t\t\t\t<\/div>\n\t\t\t\t<div class=\"elementor-element elementor-element-27f82558 elementor-align-center elementor-mobile-align-left elementor-widget elementor-widget-button\" data-id=\"27f82558\" data-element_type=\"widget\" data-e-type=\"widget\" data-widget_type=\"button.default\">\n\t\t\t\t<div class=\"elementor-widget-container\">\n\t\t\t\t\t\t\t\t\t<div class=\"elementor-button-wrapper\">\n\t\t\t\t\t<a class=\"elementor-button elementor-button-link elementor-size-sm elementor-animation-grow\" href=\"https:\/\/oud.caravanrepair.eu\/fr\/antragsformular\/\">\n\t\t\t\t\t\t<span class=\"elementor-button-content-wrapper\">\n\t\t\t\t\t\t\t\t\t<span class=\"elementor-button-text\">SIGNALER LES DOMMAGES<\/span>\n\t\t\t\t\t<\/span>\n\t\t\t\t\t<\/a>\n\t\t\t\t<\/div>\n\t\t\t\t\t\t\t\t<\/div>\n\t\t\t\t<\/div>\n\t\t\t\t\t<\/div>\n\t\t<\/div>\n\t\t\t\t\t<\/div>\n\t\t<\/section>\n\t\t\t\t<section class=\"elementor-section elementor-top-section elementor-element elementor-element-61cee48d elementor-section-full_width elementor-section-content-middle elementor-section-height-default elementor-section-height-default\" data-id=\"61cee48d\" data-element_type=\"section\" data-e-type=\"section\">\n\t\t\t\t\t\t<div class=\"elementor-container elementor-column-gap-no\">\n\t\t\t\t\t<div class=\"elementor-column elementor-col-50 elementor-top-column elementor-element elementor-element-6ff51359\" data-id=\"6ff51359\" data-element_type=\"column\" data-e-type=\"column\" data-settings=\"{&quot;background_background&quot;:&quot;classic&quot;}\">\n\t\t\t<div class=\"elementor-widget-wrap elementor-element-populated\">\n\t\t\t\t\t<div class=\"elementor-background-overlay\"><\/div>\n\t\t\t\t\t\t<div class=\"elementor-element elementor-element-776e1389 elementor-widget elementor-widget-heading\" data-id=\"776e1389\" data-element_type=\"widget\" data-e-type=\"widget\" data-widget_type=\"heading.default\">\n\t\t\t\t<div class=\"elementor-widget-container\">\n\t\t\t\t\t<h3 class=\"elementor-heading-title elementor-size-default\">CaravanRepair\u00ae Group, sp\u00e9cialiste des dommages aux camping-cars.<\/h3>\t\t\t\t<\/div>\n\t\t\t\t<\/div>\n\t\t\t\t\t<\/div>\n\t\t<\/div>\n\t\t\t\t<div class=\"elementor-column elementor-col-50 elementor-top-column elementor-element elementor-element-5ba6b283\" data-id=\"5ba6b283\" data-element_type=\"column\" data-e-type=\"column\">\n\t\t\t<div class=\"elementor-widget-wrap elementor-element-populated\">\n\t\t\t\t\t\t<div class=\"elementor-element elementor-element-3bbad877 elementor-widget elementor-widget-text-editor\" data-id=\"3bbad877\" data-element_type=\"widget\" data-e-type=\"widget\" data-widget_type=\"text-editor.default\">\n\t\t\t\t<div class=\"elementor-widget-container\">\n\t\t\t\t\t\t\t\t\t<h3>Nos sp\u00e9cialistes connaissent tous les secrets des d\u00e9g\u00e2ts en camping-car<\/h3><p>Vous pouvez contacter nos sp\u00e9cialistes pour conna\u00eetre les types de dommages caus\u00e9s aux camping-cars. Les dommages dus aux collisions, mais aussi les dommages caus\u00e9s, par exemple, par de fortes temp\u00eates de gr\u00eale, qui ne se produisent malheureusement pas seulement \u00e0 l&#039;\u00e9tranger mais deviennent \u00e9galement de plus en plus fr\u00e9quentes aux Pays-Bas en raison du changement climatique. Pensez \u00e9galement aux d\u00e9g\u00e2ts caus\u00e9s par la temp\u00eate. Le son apaisant peut soudainement se transformer en le bruit terrifiant d\u2019une temp\u00eate qui fait rage. Les temp\u00eates peuvent \u00eatre inattendues et d\u00e9vastatrices et votre camping-car en particulier doit souvent en faire les frais. Les temp\u00eates ne peuvent pas \u00eatre exclues et font in\u00e9vitablement partie de notre nature. De plus, il existe la plus grande cause \u00ab secr\u00e8te \u00bb de dommages <strong><em>humidit\u00e9<\/em><\/strong>, souvent caus\u00e9e aussi par les temp\u00eates et c&#039;est souvent un probl\u00e8me car on s&#039;en aper\u00e7oit trop tard.<\/p><h3>Faites confiance \u00e0 l&#039;expertise des sp\u00e9cialistes CaravanRepair\u00ae de votre r\u00e9gion pour les dommages caus\u00e9s aux camping-cars.<\/h3><p>Dommages au camping-car ? pour effectuer des r\u00e9parations sur votre camping-car. CaravanRepair\u00ae est la plus grande cha\u00eene de sp\u00e9cialistes des dommages en Europe, qui effectueront les r\u00e9parations de votre camping-car de mani\u00e8re rapide et extr\u00eamement professionnelle.\u00a0<\/p><p>Avec notre syst\u00e8me de r\u00e9paration avanc\u00e9 et une formation approfondie, incluant la certification annuelle de nos techniciens, nous vous offrons la garantie de la qualit\u00e9.<\/p>\t\t\t\t\t\t\t\t<\/div>\n\t\t\t\t<\/div>\n\t\t\t\t\t<\/div>\n\t\t<\/div>\n\t\t\t\t\t<\/div>\n\t\t<\/section>\n\t\t\t\t<section class=\"elementor-section elementor-top-section elementor-element elementor-element-259f6375 elementor-section-content-middle elementor-section-boxed elementor-section-height-default elementor-section-height-default\" data-id=\"259f6375\" data-element_type=\"section\" data-e-type=\"section\" data-settings=\"{&quot;background_background&quot;:&quot;classic&quot;}\">\n\t\t\t\t\t\t\t<div class=\"elementor-background-overlay\"><\/div>\n\t\t\t\t\t\t\t<div class=\"elementor-container elementor-column-gap-no\">\n\t\t\t\t\t<div class=\"elementor-column elementor-col-50 elementor-top-column elementor-element elementor-element-6a8d3f92\" data-id=\"6a8d3f92\" data-element_type=\"column\" data-e-type=\"column\">\n\t\t\t<div class=\"elementor-widget-wrap elementor-element-populated\">\n\t\t\t\t\t\t<div class=\"elementor-element elementor-element-69be6b5 elementor-widget elementor-widget-heading\" data-id=\"69be6b5\" data-element_type=\"widget\" data-e-type=\"widget\" data-widget_type=\"heading.default\">\n\t\t\t\t<div class=\"elementor-widget-container\">\n\t\t\t\t\t<h2 class=\"elementor-heading-title elementor-size-default\">Vous recherchez un r\u00e9parateur CaravanRepair\u00ae pr\u00e8s de chez vous ?<\/h2>\t\t\t\t<\/div>\n\t\t\t\t<\/div>\n\t\t\t\t<div class=\"elementor-element elementor-element-207d88db elementor-widget elementor-widget-text-editor\" data-id=\"207d88db\" data-element_type=\"widget\" data-e-type=\"widget\" data-widget_type=\"text-editor.default\">\n\t\t\t\t<div class=\"elementor-widget-container\">\n\t\t\t\t\t\t\t\t\t<p>Nos r\u00e9parateurs sont actifs dans toute l\u2019Europe !<\/p>\t\t\t\t\t\t\t\t<\/div>\n\t\t\t\t<\/div>\n\t\t\t\t\t<\/div>\n\t\t<\/div>\n\t\t\t\t<div class=\"elementor-column elementor-col-50 elementor-top-column elementor-element elementor-element-4f7bd676\" data-id=\"4f7bd676\" data-element_type=\"column\" data-e-type=\"column\">\n\t\t\t<div class=\"elementor-widget-wrap elementor-element-populated\">\n\t\t\t\t\t\t<div class=\"elementor-element elementor-element-7cb0f636 elementor-align-center elementor-mobile-align-left elementor-widget elementor-widget-button\" data-id=\"7cb0f636\" data-element_type=\"widget\" data-e-type=\"widget\" data-widget_type=\"button.default\">\n\t\t\t\t<div class=\"elementor-widget-container\">\n\t\t\t\t\t\t\t\t\t<div class=\"elementor-button-wrapper\">\n\t\t\t\t\t<a class=\"elementor-button elementor-button-link elementor-size-sm elementor-animation-grow\" href=\"https:\/\/oud.caravanrepair.eu\/fr\/concessionnaires\/\">\n\t\t\t\t\t\t<span class=\"elementor-button-content-wrapper\">\n\t\t\t\t\t\t\t\t\t<span class=\"elementor-button-text\">Rechercher maintenant<\/span>\n\t\t\t\t\t<\/span>\n\t\t\t\t\t<\/a>\n\t\t\t\t<\/div>\n\t\t\t\t\t\t\t\t<\/div>\n\t\t\t\t<\/div>\n\t\t\t\t\t<\/div>\n\t\t<\/div>\n\t\t\t\t\t<\/div>\n\t\t<\/section>\n\t\t\t\t<\/div>","protected":false},"excerpt":{"rendered":"<p>R\u00e9paration professionnelle des dommages subis par les camping-cars et les caravanes Camping-car endommag\u00e9, pour une r\u00e9paration professionnelle des dommages subis par votre camping-car, CaravanRepair est l'endroit o\u00f9 il faut aller.<\/p>","protected":false},"author":3,"featured_media":0,"parent":0,"menu_order":0,"comment_status":"closed","ping_status":"closed","template":"elementor_header_footer","meta":{"footnotes":""},"class_list":["post-9505","page","type-page","status-publish","hentry","pagina_tag-camper"],"yoast_head":"<!-- This site is optimized with the Yoast SEO Premium plugin v27.5 (Yoast SEO v28.3) - https:\/\/yoast.com\/product\/yoast-seo-premium-wordpress\/ -->\n<title>Schade Camper<\/title>\n<meta name=\"description\" content=\"Schade Camper. Voor professionele schade herstel aan uw camper bent u bij CaravanRepair aan het juiste adres.\" \/>\n<meta name=\"robots\" content=\"noindex, follow, max-snippet:-1, max-image-preview:large, max-video-preview:-1\" \/>\n<meta property=\"og:locale\" content=\"fr_FR\" \/>\n<meta property=\"og:type\" content=\"article\" \/>\n<meta property=\"og:title\" content=\"Schade Camper\" \/>\n<meta property=\"og:description\" content=\"Schade Camper. Voor professionele schade herstel aan uw camper bent u bij CaravanRepair aan het juiste adres.\" \/>\n<meta property=\"og:url\" content=\"https:\/\/oud.caravanrepair.eu\/fr\/camping-car-endommage\/\" \/>\n<meta property=\"og:site_name\" content=\"CaravanRepair\u00ae\" \/>\n<meta property=\"article:modified_time\" content=\"2025-08-29T11:57:46+00:00\" \/>\n<meta property=\"og:image\" content=\"https:\/\/oud.caravanrepair.eu\/wp-content\/uploads\/2023\/10\/reparacion-autocaravana.jpg\" \/>\n\t<meta property=\"og:image:width\" content=\"640\" \/>\n\t<meta property=\"og:image:height\" content=\"360\" \/>\n\t<meta property=\"og:image:type\" content=\"image\/jpeg\" \/>\n<meta name=\"twitter:card\" content=\"summary_large_image\" \/>\n<meta name=\"twitter:label1\" content=\"Dur\u00e9e de lecture estim\u00e9e\" \/>\n\t<meta name=\"twitter:data1\" content=\"4 minutes\" \/>\n<script type=\"application\/ld+json\" class=\"yoast-schema-graph\">{\"@context\":\"https:\\\/\\\/schema.org\",\"@graph\":[{\"@type\":\"WebPage\",\"@id\":\"https:\\\/\\\/oud.caravanrepair.eu\\\/schade-camper\\\/\",\"url\":\"https:\\\/\\\/oud.caravanrepair.eu\\\/schade-camper\\\/\",\"name\":\"Schade Camper\",\"isPartOf\":{\"@id\":\"https:\\\/\\\/oud.caravanrepair.eu\\\/#website\"},\"primaryImageOfPage\":{\"@id\":\"https:\\\/\\\/oud.caravanrepair.eu\\\/schade-camper\\\/#primaryimage\"},\"image\":{\"@id\":\"https:\\\/\\\/oud.caravanrepair.eu\\\/schade-camper\\\/#primaryimage\"},\"thumbnailUrl\":\"https:\\\/\\\/oud.caravanrepair.eu\\\/wp-content\\\/uploads\\\/2023\\\/10\\\/reparacion-autocaravana.jpg\",\"datePublished\":\"2023-12-14T10:11:45+00:00\",\"dateModified\":\"2025-08-29T11:57:46+00:00\",\"description\":\"Schade Camper. Voor professionele schade herstel aan uw camper bent u bij CaravanRepair aan het juiste adres.\",\"breadcrumb\":{\"@id\":\"https:\\\/\\\/oud.caravanrepair.eu\\\/schade-camper\\\/#breadcrumb\"},\"inLanguage\":\"fr-FR\",\"potentialAction\":[{\"@type\":\"ReadAction\",\"target\":[\"https:\\\/\\\/oud.caravanrepair.eu\\\/schade-camper\\\/\"]}]},{\"@type\":\"ImageObject\",\"inLanguage\":\"fr-FR\",\"@id\":\"https:\\\/\\\/oud.caravanrepair.eu\\\/schade-camper\\\/#primaryimage\",\"url\":\"https:\\\/\\\/oud.caravanrepair.eu\\\/wp-content\\\/uploads\\\/2023\\\/10\\\/reparacion-autocaravana.jpg\",\"contentUrl\":\"https:\\\/\\\/oud.caravanrepair.eu\\\/wp-content\\\/uploads\\\/2023\\\/10\\\/reparacion-autocaravana.jpg\"},{\"@type\":\"BreadcrumbList\",\"@id\":\"https:\\\/\\\/oud.caravanrepair.eu\\\/schade-camper\\\/#breadcrumb\",\"itemListElement\":[{\"@type\":\"ListItem\",\"position\":1,\"name\":\"Home\",\"item\":\"https:\\\/\\\/oud.caravanrepair.eu\\\/\"},{\"@type\":\"ListItem\",\"position\":2,\"name\":\"Schade Camper\"}]},{\"@type\":\"WebSite\",\"@id\":\"https:\\\/\\\/oud.caravanrepair.eu\\\/#website\",\"url\":\"https:\\\/\\\/oud.caravanrepair.eu\\\/\",\"name\":\"CaravanRepair\u00ae\",\"description\":\"Professioneel schadeherstel voor caravan en camper\",\"publisher\":{\"@id\":\"https:\\\/\\\/oud.caravanrepair.eu\\\/#organization\"},\"potentialAction\":[{\"@type\":\"SearchAction\",\"target\":{\"@type\":\"EntryPoint\",\"urlTemplate\":\"https:\\\/\\\/oud.caravanrepair.eu\\\/?s={search_term_string}\"},\"query-input\":{\"@type\":\"PropertyValueSpecification\",\"valueRequired\":true,\"valueName\":\"search_term_string\"}}],\"inLanguage\":\"fr-FR\"},{\"@type\":\"Organization\",\"@id\":\"https:\\\/\\\/oud.caravanrepair.eu\\\/#organization\",\"name\":\"CaravanRepair\u00ae\",\"url\":\"https:\\\/\\\/oud.caravanrepair.eu\\\/\",\"logo\":{\"@type\":\"ImageObject\",\"inLanguage\":\"fr-FR\",\"@id\":\"https:\\\/\\\/oud.caravanrepair.eu\\\/#\\\/schema\\\/logo\\\/image\\\/\",\"url\":\"https:\\\/\\\/oud.caravanrepair.eu\\\/wp-content\\\/uploads\\\/2019\\\/01\\\/logo-caravanrepair.png\",\"contentUrl\":\"https:\\\/\\\/oud.caravanrepair.eu\\\/wp-content\\\/uploads\\\/2019\\\/01\\\/logo-caravanrepair.png\",\"width\":353,\"height\":150,\"caption\":\"CaravanRepair\u00ae\"},\"image\":{\"@id\":\"https:\\\/\\\/oud.caravanrepair.eu\\\/#\\\/schema\\\/logo\\\/image\\\/\"}}]}<\/script>\n<!-- \/ Yoast SEO Premium plugin. -->","yoast_head_json":{"title":"Dommages au camping-car","description":"Dommages au camping-car. CaravanRepair est le bon endroit pour r\u00e9parer professionnellement les dommages caus\u00e9s \u00e0 votre camping-car.","robots":{"index":"noindex","follow":"follow","max-snippet":"max-snippet:-1","max-image-preview":"max-image-preview:large","max-video-preview":"max-video-preview:-1"},"og_locale":"fr_FR","og_type":"article","og_title":"Schade Camper","og_description":"Schade Camper. Voor professionele schade herstel aan uw camper bent u bij CaravanRepair aan het juiste adres.","og_url":"https:\/\/oud.caravanrepair.eu\/fr\/camping-car-endommage\/","og_site_name":"CaravanRepair\u00ae","article_modified_time":"2025-08-29T11:57:46+00:00","og_image":[{"width":640,"height":360,"url":"https:\/\/oud.caravanrepair.eu\/wp-content\/uploads\/2023\/10\/reparacion-autocaravana.jpg","type":"image\/jpeg"}],"twitter_card":"summary_large_image","twitter_misc":{"Dur\u00e9e de lecture estim\u00e9e":"4 minutes"},"schema":{"@context":"https:\/\/schema.org","@graph":[{"@type":"WebPage","@id":"https:\/\/oud.caravanrepair.eu\/schade-camper\/","url":"https:\/\/oud.caravanrepair.eu\/schade-camper\/","name":"Dommages au camping-car","isPartOf":{"@id":"https:\/\/oud.caravanrepair.eu\/#website"},"primaryImageOfPage":{"@id":"https:\/\/oud.caravanrepair.eu\/schade-camper\/#primaryimage"},"image":{"@id":"https:\/\/oud.caravanrepair.eu\/schade-camper\/#primaryimage"},"thumbnailUrl":"https:\/\/oud.caravanrepair.eu\/wp-content\/uploads\/2023\/10\/reparacion-autocaravana.jpg","datePublished":"2023-12-14T10:11:45+00:00","dateModified":"2025-08-29T11:57:46+00:00","description":"Dommages au camping-car. CaravanRepair est le bon endroit pour r\u00e9parer professionnellement les dommages caus\u00e9s \u00e0 votre camping-car.","breadcrumb":{"@id":"https:\/\/oud.caravanrepair.eu\/schade-camper\/#breadcrumb"},"inLanguage":"fr-FR","potentialAction":[{"@type":"ReadAction","target":["https:\/\/oud.caravanrepair.eu\/schade-camper\/"]}]},{"@type":"ImageObject","inLanguage":"fr-FR","@id":"https:\/\/oud.caravanrepair.eu\/schade-camper\/#primaryimage","url":"https:\/\/oud.caravanrepair.eu\/wp-content\/uploads\/2023\/10\/reparacion-autocaravana.jpg","contentUrl":"https:\/\/oud.caravanrepair.eu\/wp-content\/uploads\/2023\/10\/reparacion-autocaravana.jpg"},{"@type":"BreadcrumbList","@id":"https:\/\/oud.caravanrepair.eu\/schade-camper\/#breadcrumb","itemListElement":[{"@type":"ListItem","position":1,"name":"Home","item":"https:\/\/oud.caravanrepair.eu\/"},{"@type":"ListItem","position":2,"name":"Schade Camper"}]},{"@type":"WebSite","@id":"https:\/\/oud.caravanrepair.eu\/#website","url":"https:\/\/oud.caravanrepair.eu\/","name":"CaravanRepair\u00ae","description":"R\u00e9paration professionnelle de dommages pour caravane et camping-car","publisher":{"@id":"https:\/\/oud.caravanrepair.eu\/#organization"},"potentialAction":[{"@type":"SearchAction","target":{"@type":"EntryPoint","urlTemplate":"https:\/\/oud.caravanrepair.eu\/?s={search_term_string}"},"query-input":{"@type":"PropertyValueSpecification","valueRequired":true,"valueName":"search_term_string"}}],"inLanguage":"fr-FR"},{"@type":"Organization","@id":"https:\/\/oud.caravanrepair.eu\/#organization","name":"CaravanRepair\u00ae","url":"https:\/\/oud.caravanrepair.eu\/","logo":{"@type":"ImageObject","inLanguage":"fr-FR","@id":"https:\/\/oud.caravanrepair.eu\/#\/schema\/logo\/image\/","url":"https:\/\/oud.caravanrepair.eu\/wp-content\/uploads\/2019\/01\/logo-caravanrepair.png","contentUrl":"https:\/\/oud.caravanrepair.eu\/wp-content\/uploads\/2019\/01\/logo-caravanrepair.png","width":353,"height":150,"caption":"CaravanRepair\u00ae"},"image":{"@id":"https:\/\/oud.caravanrepair.eu\/#\/schema\/logo\/image\/"}}]}},"_links":{"self":[{"href":"https:\/\/oud.caravanrepair.eu\/fr\/wp-json\/wp\/v2\/pages\/9505","targetHints":{"allow":["GET"]}}],"collection":[{"href":"https:\/\/oud.caravanrepair.eu\/fr\/wp-json\/wp\/v2\/pages"}],"about":[{"href":"https:\/\/oud.caravanrepair.eu\/fr\/wp-json\/wp\/v2\/types\/page"}],"author":[{"embeddable":true,"href":"https:\/\/oud.caravanrepair.eu\/fr\/wp-json\/wp\/v2\/users\/3"}],"replies":[{"embeddable":true,"href":"https:\/\/oud.caravanrepair.eu\/fr\/wp-json\/wp\/v2\/comments?post=9505"}],"version-history":[{"count":0,"href":"https:\/\/oud.caravanrepair.eu\/fr\/wp-json\/wp\/v2\/pages\/9505\/revisions"}],"wp:attachment":[{"href":"https:\/\/oud.caravanrepair.eu\/fr\/wp-json\/wp\/v2\/media?parent=9505"}],"curies":[{"name":"wp","href":"https:\/\/api.w.org\/{rel}","templated":true}]}}