{"id":9608,"date":"2023-12-18T09:56:56","date_gmt":"2023-12-18T08:56:56","guid":{"rendered":"https:\/\/oud.caravanrepair.eu\/?page_id=9608"},"modified":"2025-08-25T12:40:06","modified_gmt":"2025-08-25T10:40:06","slug":"reparation-de-camping-car-2","status":"publish","type":"page","link":"https:\/\/oud.caravanrepair.eu\/fr\/reparatie-camper\/","title":{"rendered":"R\u00e9paration de camping-car"},"content":{"rendered":"<div data-elementor-type=\"wp-page\" data-elementor-id=\"9608\" class=\"elementor elementor-9608\" data-elementor-post-type=\"page\">\n\t\t\t\t\t\t<section class=\"elementor-section elementor-top-section elementor-element elementor-element-6ba2776d elementor-section-height-min-height elementor-section-content-middle elementor-section-full_width elementor-section-height-default elementor-section-items-middle\" data-id=\"6ba2776d\" data-element_type=\"section\" data-e-type=\"section\" data-settings=\"{&quot;background_background&quot;:&quot;classic&quot;}\">\n\t\t\t\t\t\t\t<div class=\"elementor-background-overlay\"><\/div>\n\t\t\t\t\t\t\t<div class=\"elementor-container elementor-column-gap-default\">\n\t\t\t\t\t<div class=\"elementor-column elementor-col-100 elementor-top-column elementor-element elementor-element-b03ca23\" data-id=\"b03ca23\" data-element_type=\"column\" data-e-type=\"column\">\n\t\t\t<div class=\"elementor-widget-wrap elementor-element-populated\">\n\t\t\t\t\t\t<div class=\"elementor-element elementor-element-80d4eb0 elementor-widget elementor-widget-heading\" data-id=\"80d4eb0\" data-element_type=\"widget\" data-e-type=\"widget\" data-widget_type=\"heading.default\">\n\t\t\t\t<div class=\"elementor-widget-container\">\n\t\t\t\t\t<h1 class=\"elementor-heading-title elementor-size-default\">R\u00e9paration professionnelle des dommages caus\u00e9s aux camping-cars et caravanes<\/h1>\t\t\t\t<\/div>\n\t\t\t\t<\/div>\n\t\t\t\t<div class=\"elementor-element elementor-element-d01e5dc elementor-widget elementor-widget-heading\" data-id=\"d01e5dc\" data-element_type=\"widget\" data-e-type=\"widget\" data-widget_type=\"heading.default\">\n\t\t\t\t<div class=\"elementor-widget-container\">\n\t\t\t\t\t<p class=\"elementor-heading-title elementor-size-default\"> <\/p>\t\t\t\t<\/div>\n\t\t\t\t<\/div>\n\t\t\t\t\t<\/div>\n\t\t<\/div>\n\t\t\t\t\t<\/div>\n\t\t<\/section>\n\t\t\t\t<section class=\"elementor-section elementor-top-section elementor-element elementor-element-29354177 elementor-section-content-middle elementor-section-boxed elementor-section-height-default elementor-section-height-default\" data-id=\"29354177\" data-element_type=\"section\" data-e-type=\"section\">\n\t\t\t\t\t\t<div class=\"elementor-container elementor-column-gap-no\">\n\t\t\t\t\t<div class=\"elementor-column elementor-col-100 elementor-top-column elementor-element elementor-element-1f63e0b1\" data-id=\"1f63e0b1\" data-element_type=\"column\" data-e-type=\"column\">\n\t\t\t<div class=\"elementor-widget-wrap elementor-element-populated\">\n\t\t\t\t\t\t<div class=\"elementor-element elementor-element-56f1e3b8 elementor-widget elementor-widget-heading\" data-id=\"56f1e3b8\" data-element_type=\"widget\" data-e-type=\"widget\" data-widget_type=\"heading.default\">\n\t\t\t\t<div class=\"elementor-widget-container\">\n\t\t\t\t\t<h2 class=\"elementor-heading-title elementor-size-default\">R\u00e9paration de camping-car. Professionnellement r\u00e9par\u00e9 par les sp\u00e9cialistes CaravanRepair.<\/h2>\t\t\t\t<\/div>\n\t\t\t\t<\/div>\n\t\t\t\t\t<\/div>\n\t\t<\/div>\n\t\t\t\t\t<\/div>\n\t\t<\/section>\n\t\t\t\t<section class=\"elementor-section elementor-top-section elementor-element elementor-element-26405664 elementor-section-content-middle elementor-reverse-mobile elementor-section-boxed elementor-section-height-default elementor-section-height-default\" data-id=\"26405664\" data-element_type=\"section\" data-e-type=\"section\">\n\t\t\t\t\t\t<div class=\"elementor-container elementor-column-gap-no\">\n\t\t\t\t\t<div class=\"elementor-column elementor-col-50 elementor-top-column elementor-element elementor-element-4bc46600\" data-id=\"4bc46600\" data-element_type=\"column\" data-e-type=\"column\">\n\t\t\t<div class=\"elementor-widget-wrap elementor-element-populated\">\n\t\t\t\t\t\t<div class=\"elementor-element elementor-element-34fbb709 elementor-widget elementor-widget-heading\" data-id=\"34fbb709\" data-element_type=\"widget\" data-e-type=\"widget\" data-widget_type=\"heading.default\">\n\t\t\t\t<div class=\"elementor-widget-container\">\n\t\t\t\t\t<h3 class=\"elementor-heading-title elementor-size-default\">CaravanRepair\u00ae Group pour tous les dommages au camping-car<\/h3>\t\t\t\t<\/div>\n\t\t\t\t<\/div>\n\t\t\t\t<div class=\"elementor-element elementor-element-7c66929a elementor-widget elementor-widget-text-editor\" data-id=\"7c66929a\" data-element_type=\"widget\" data-e-type=\"widget\" data-widget_type=\"text-editor.default\">\n\t\t\t\t<div class=\"elementor-widget-container\">\n\t\t\t\t\t\t\t\t\t<p>R\u00e9paration de camping-car, CaravanRepair\u00ae est une cha\u00eene leader de sp\u00e9cialistes des dommages aux camping-cars r\u00e9partis dans toute l&#039;Europe. Nos experts sont pr\u00eats \u00e0 s\u2019attaquer \u00e0 tout type de dommage ou de r\u00e9paration \u00e0 votre VR. Nous comprenons mieux que quiconque que les dommages caus\u00e9s \u00e0 votre camping-car semblent toujours survenir \u00e0 un moment inopportun, mais malheureusement, les dommages caus\u00e9s aux camping-cars n&#039;arrivent jamais \u00e0 tout le monde.<\/p><h3>CaravanRepair dispose d&#039;un vaste r\u00e9seau pour la r\u00e9paration de camping-cars<\/h3><p>CaravanRepair dispose d&#039;un vaste r\u00e9seau de sp\u00e9cialistes aux Pays-Bas et ailleurs en Europe qui peuvent vous aider \u00e0 r\u00e9parer votre camping-car et\/ou \u00e0 endommager votre camping-car avec savoir-faire et professionnalisme. Gr\u00e2ce \u00e0 des ann\u00e9es d&#039;exp\u00e9rience dans la r\u00e9paration de camping-cars, nos sp\u00e9cialistes CaravanRepair\u00ae disposent de toute l&#039;expertise et des connaissances n\u00e9cessaires pour effectuer toutes sortes de r\u00e9parations de camping-car.<\/p><p>En plus de notre connaissance approfondie des dommages caus\u00e9s aux camping-cars, nous sommes \u00e9galement heureux de vous aider avec une aide professionnelle pour d\u00e9clarer les dommages caus\u00e9s \u00e0 votre camping-car \u00e0 votre compagnie d&#039;assurance. Nous comprenons que cela peut souvent \u00eatre une situation stressante. Nos experts ont de l\u2019exp\u00e9rience dans le traitement des r\u00e9clamations pour dommages caus\u00e9s aux camping-cars et veillent \u00e0 ce que vous obteniez ce \u00e0 quoi vous avez droit. Notre syst\u00e8me CaravanRepair\u00ae est reconnu par tous les assureurs, vous n&#039;avez donc pas \u00e0 vous en soucier.\u00a0<\/p><p>N&#039;attendez pas plus longtemps que n\u00e9cessaire et contactez les sp\u00e9cialistes du Groupe CaravanRepair dans les plus brefs d\u00e9lais apr\u00e8s avoir d\u00e9couvert vos dommages pour une r\u00e9paration rapide et professionnelle de votre camping-car, et bien s\u00fbr avec la garantie que vous pouvez attendre de nous. Nous sommes pr\u00eats \u00e0 vous servir et \u00e0 veiller \u00e0 ce que vous puissiez reprendre la route rapidement.<\/p><p style=\"font-weight: 400;\"><a href=\"https:\/\/oud.caravanrepair.eu\/fr\/degats-de-camping-car-2\/\" target=\"_blank\" rel=\"noopener\">\u27a1\ufe0f En savoir plus sur nos m\u00e9thodes de r\u00e9paration des dommages<\/a><\/p><h3>Signaler une r\u00e9paration de camping-car ?<\/h3><p>Si votre camping-car a subi des dommages inattendus, vous pouvez facilement nous le signaler directement en ligne via notre formulaire de dommages. Nous nous effor\u00e7ons de traiter votre signalement le plus rapidement possible, afin que vous puissiez rapidement reprendre la route en toute s\u00e9curit\u00e9 et avec plaisir.<\/p><p><a href=\"https:\/\/oud.caravanrepair.eu\/fr\/antragsformular\/\" target=\"_blank\" rel=\"noopener\"><strong>Cliquez ici pour signaler imm\u00e9diatement vos dommages.<\/strong><\/a><\/p>\t\t\t\t\t\t\t\t<\/div>\n\t\t\t\t<\/div>\n\t\t\t\t\t<\/div>\n\t\t<\/div>\n\t\t\t\t<div class=\"elementor-column elementor-col-50 elementor-top-column elementor-element elementor-element-8dba72b\" data-id=\"8dba72b\" data-element_type=\"column\" data-e-type=\"column\">\n\t\t\t<div class=\"elementor-widget-wrap elementor-element-populated\">\n\t\t\t\t\t\t<div class=\"elementor-element elementor-element-41997146 elementor-widget elementor-widget-image\" data-id=\"41997146\" data-element_type=\"widget\" data-e-type=\"widget\" data-widget_type=\"image.default\">\n\t\t\t\t<div class=\"elementor-widget-container\">\n\t\t\t\t\t\t\t\t\t\t\t\t\t\t\t<img fetchpriority=\"high\" decoding=\"async\" width=\"640\" height=\"360\" src=\"https:\/\/oud.caravanrepair.eu\/wp-content\/uploads\/2023\/10\/reparacion-autocaravana.jpg\" class=\"attachment-large size-large wp-image-8629\" alt=\"Entreprise de r\u00e9paration de camping-car\" srcset=\"https:\/\/oud.caravanrepair.eu\/wp-content\/uploads\/2023\/10\/reparacion-autocaravana-18x10.jpg 18w, https:\/\/oud.caravanrepair.eu\/wp-content\/uploads\/2023\/10\/reparacion-autocaravana-200x113.jpg 200w, https:\/\/oud.caravanrepair.eu\/wp-content\/uploads\/2023\/10\/reparacion-autocaravana-300x169.jpg 300w, https:\/\/oud.caravanrepair.eu\/wp-content\/uploads\/2023\/10\/reparacion-autocaravana-400x225.jpg 400w, https:\/\/oud.caravanrepair.eu\/wp-content\/uploads\/2023\/10\/reparacion-autocaravana-600x338.jpg 600w, https:\/\/oud.caravanrepair.eu\/wp-content\/uploads\/2023\/10\/reparacion-autocaravana.jpg 640w\" sizes=\"(max-width: 640px) 100vw, 640px\" \/>\t\t\t\t\t\t\t\t\t\t\t\t\t\t\t<\/div>\n\t\t\t\t<\/div>\n\t\t\t\t\t<\/div>\n\t\t<\/div>\n\t\t\t\t\t<\/div>\n\t\t<\/section>\n\t\t\t\t<section class=\"elementor-section elementor-top-section elementor-element elementor-element-52c4ff31 elementor-section-content-middle elementor-section-boxed elementor-section-height-default elementor-section-height-default\" data-id=\"52c4ff31\" data-element_type=\"section\" data-e-type=\"section\" data-settings=\"{&quot;background_background&quot;:&quot;classic&quot;}\">\n\t\t\t\t\t\t\t<div class=\"elementor-background-overlay\"><\/div>\n\t\t\t\t\t\t\t<div class=\"elementor-container elementor-column-gap-no\">\n\t\t\t\t\t<div class=\"elementor-column elementor-col-100 elementor-top-column elementor-element elementor-element-3f214429\" data-id=\"3f214429\" data-element_type=\"column\" data-e-type=\"column\">\n\t\t\t<div class=\"elementor-widget-wrap elementor-element-populated\">\n\t\t\t\t\t\t<div class=\"elementor-element elementor-element-3256f0 elementor-widget elementor-widget-heading\" data-id=\"3256f0\" data-element_type=\"widget\" data-e-type=\"widget\" data-widget_type=\"heading.default\">\n\t\t\t\t<div class=\"elementor-widget-container\">\n\t\t\t\t\t<h2 class=\"elementor-heading-title elementor-size-default\">Signaler un d\u00e9g\u00e2t caravane ou camping-car ?<\/h2>\t\t\t\t<\/div>\n\t\t\t\t<\/div>\n\t\t\t\t<div class=\"elementor-element elementor-element-138eea6f elementor-widget elementor-widget-text-editor\" data-id=\"138eea6f\" data-element_type=\"widget\" data-e-type=\"widget\" data-widget_type=\"text-editor.default\">\n\t\t\t\t<div class=\"elementor-widget-container\">\n\t\t\t\t\t\t\t\t\t<p style=\"text-align: center;\">Si votre caravane ou votre camping-car a \u00e9t\u00e9 endommag\u00e9, veuillez remplir le formulaire de dommages en ligne et nous vous contacterons.<\/p>\t\t\t\t\t\t\t\t<\/div>\n\t\t\t\t<\/div>\n\t\t\t\t<div class=\"elementor-element elementor-element-1dbe2c34 elementor-align-center elementor-mobile-align-left elementor-widget elementor-widget-button\" data-id=\"1dbe2c34\" data-element_type=\"widget\" data-e-type=\"widget\" data-widget_type=\"button.default\">\n\t\t\t\t<div class=\"elementor-widget-container\">\n\t\t\t\t\t\t\t\t\t<div class=\"elementor-button-wrapper\">\n\t\t\t\t\t<a class=\"elementor-button elementor-button-link elementor-size-sm elementor-animation-grow\" href=\"https:\/\/oud.caravanrepair.eu\/fr\/antragsformular\/\">\n\t\t\t\t\t\t<span class=\"elementor-button-content-wrapper\">\n\t\t\t\t\t\t\t\t\t<span class=\"elementor-button-text\">SIGNALER LES DOMMAGES<\/span>\n\t\t\t\t\t<\/span>\n\t\t\t\t\t<\/a>\n\t\t\t\t<\/div>\n\t\t\t\t\t\t\t\t<\/div>\n\t\t\t\t<\/div>\n\t\t\t\t\t<\/div>\n\t\t<\/div>\n\t\t\t\t\t<\/div>\n\t\t<\/section>\n\t\t\t\t<section class=\"elementor-section elementor-top-section elementor-element elementor-element-6ec85228 elementor-section-full_width elementor-section-content-middle elementor-section-height-default elementor-section-height-default\" data-id=\"6ec85228\" data-element_type=\"section\" data-e-type=\"section\">\n\t\t\t\t\t\t<div class=\"elementor-container elementor-column-gap-no\">\n\t\t\t\t\t<div class=\"elementor-column elementor-col-50 elementor-top-column elementor-element elementor-element-56057ade\" data-id=\"56057ade\" data-element_type=\"column\" data-e-type=\"column\" data-settings=\"{&quot;background_background&quot;:&quot;classic&quot;}\">\n\t\t\t<div class=\"elementor-widget-wrap elementor-element-populated\">\n\t\t\t\t\t<div class=\"elementor-background-overlay\"><\/div>\n\t\t\t\t\t\t<div class=\"elementor-element elementor-element-3fa43735 elementor-widget__width-initial elementor-widget elementor-widget-heading\" data-id=\"3fa43735\" data-element_type=\"widget\" data-e-type=\"widget\" data-widget_type=\"heading.default\">\n\t\t\t\t<div class=\"elementor-widget-container\">\n\t\t\t\t\t<h3 class=\"elementor-heading-title elementor-size-default\">                   Groupe CaravanRepair\u00ae<\/h3>\t\t\t\t<\/div>\n\t\t\t\t<\/div>\n\t\t\t\t\t<\/div>\n\t\t<\/div>\n\t\t\t\t<div class=\"elementor-column elementor-col-50 elementor-top-column elementor-element elementor-element-21829e67\" data-id=\"21829e67\" data-element_type=\"column\" data-e-type=\"column\">\n\t\t\t<div class=\"elementor-widget-wrap elementor-element-populated\">\n\t\t\t\t\t\t<div class=\"elementor-element elementor-element-73e0bad elementor-widget elementor-widget-text-editor\" data-id=\"73e0bad\" data-element_type=\"widget\" data-e-type=\"widget\" data-widget_type=\"text-editor.default\">\n\t\t\t\t<div class=\"elementor-widget-container\">\n\t\t\t\t\t\t\t\t\t<p>Gr\u00e2ce \u00e0 notre syst\u00e8me sophistiqu\u00e9 et brevet\u00e9, nous sommes en mesure d&#039;effectuer toutes les r\u00e9parations de camping-car et, par exemple, de r\u00e9parer les murs du camping-car de mani\u00e8re invisible. Qu&#039;il s&#039;agisse d&#039;une petite bosse ou d&#039;une longue \u00e9gratignure sur toute la longueur du camping-car, de dommages caus\u00e9s par la gr\u00eale ou la temp\u00eate, nous r\u00e9parons cela de mani\u00e8re professionnelle et comp\u00e9tente. En utilisant des produits bien coordonn\u00e9s, nous pouvons m\u00eame accorder une garantie de 10 ans sur chaque r\u00e9paration de paroi de camping-car effectu\u00e9e par CaravanRepair.\u00a0<\/p><p>Fiez-vous \u00e0 l&#039;expertise des sp\u00e9cialistes CaravanRepair\u00ae de votre r\u00e9gion pour effectuer vos r\u00e9parations de camping-car. CaravanRepair\u00ae est la plus grande cha\u00eene de sp\u00e9cialistes des dommages aux camping-cars en Europe, qui effectuent des r\u00e9parations sur les camping-cars de mani\u00e8re rapide et extr\u00eamement professionnelle. Notre m\u00e9thode de r\u00e9paration de haute technologie a \u00e9t\u00e9 approuv\u00e9e par toutes les compagnies d&#039;assurance en Europe, dont le KTI, Kraftfahrzeug Technisches Institut, qui appartient \u00e0 une vingtaine de compagnies d&#039;assurance en Allemagne.<\/p><p>Avec notre syst\u00e8me de r\u00e9paration avanc\u00e9 CaravanRepair et notre formation professionnelle, y compris la certification annuelle obligatoire de nos techniciens, nous vous offrons la garantie de qualit\u00e9 que vous pouvez attendre de nous.<\/p>\t\t\t\t\t\t\t\t<\/div>\n\t\t\t\t<\/div>\n\t\t\t\t\t<\/div>\n\t\t<\/div>\n\t\t\t\t\t<\/div>\n\t\t<\/section>\n\t\t\t\t<section class=\"elementor-section elementor-top-section elementor-element elementor-element-31882bdd elementor-section-content-middle elementor-section-boxed elementor-section-height-default elementor-section-height-default\" data-id=\"31882bdd\" data-element_type=\"section\" data-e-type=\"section\" data-settings=\"{&quot;background_background&quot;:&quot;classic&quot;}\">\n\t\t\t\t\t\t\t<div class=\"elementor-background-overlay\"><\/div>\n\t\t\t\t\t\t\t<div class=\"elementor-container elementor-column-gap-no\">\n\t\t\t\t\t<div class=\"elementor-column elementor-col-50 elementor-top-column elementor-element elementor-element-18cddf3d\" data-id=\"18cddf3d\" data-element_type=\"column\" data-e-type=\"column\">\n\t\t\t<div class=\"elementor-widget-wrap elementor-element-populated\">\n\t\t\t\t\t\t<div class=\"elementor-element elementor-element-7a7e9a1d elementor-widget elementor-widget-heading\" data-id=\"7a7e9a1d\" data-element_type=\"widget\" data-e-type=\"widget\" data-widget_type=\"heading.default\">\n\t\t\t\t<div class=\"elementor-widget-container\">\n\t\t\t\t\t<h2 class=\"elementor-heading-title elementor-size-default\">Vous recherchez un r\u00e9parateur CaravanRepair\u00ae pr\u00e8s de chez vous ?<\/h2>\t\t\t\t<\/div>\n\t\t\t\t<\/div>\n\t\t\t\t<div class=\"elementor-element elementor-element-30110207 elementor-widget elementor-widget-text-editor\" data-id=\"30110207\" data-element_type=\"widget\" data-e-type=\"widget\" data-widget_type=\"text-editor.default\">\n\t\t\t\t<div class=\"elementor-widget-container\">\n\t\t\t\t\t\t\t\t\t<p>Nos r\u00e9parateurs sont actifs dans toute l\u2019Europe !<\/p>\t\t\t\t\t\t\t\t<\/div>\n\t\t\t\t<\/div>\n\t\t\t\t\t<\/div>\n\t\t<\/div>\n\t\t\t\t<div class=\"elementor-column elementor-col-50 elementor-top-column elementor-element elementor-element-6f97a662\" data-id=\"6f97a662\" data-element_type=\"column\" data-e-type=\"column\">\n\t\t\t<div class=\"elementor-widget-wrap elementor-element-populated\">\n\t\t\t\t\t\t<div class=\"elementor-element elementor-element-6735f0b0 elementor-align-center elementor-mobile-align-left elementor-widget elementor-widget-button\" data-id=\"6735f0b0\" data-element_type=\"widget\" data-e-type=\"widget\" data-widget_type=\"button.default\">\n\t\t\t\t<div class=\"elementor-widget-container\">\n\t\t\t\t\t\t\t\t\t<div class=\"elementor-button-wrapper\">\n\t\t\t\t\t<a class=\"elementor-button elementor-button-link elementor-size-sm elementor-animation-grow\" href=\"https:\/\/oud.caravanrepair.eu\/fr\/concessionnaires\/\">\n\t\t\t\t\t\t<span class=\"elementor-button-content-wrapper\">\n\t\t\t\t\t\t\t\t\t<span class=\"elementor-button-text\">Rechercher maintenant<\/span>\n\t\t\t\t\t<\/span>\n\t\t\t\t\t<\/a>\n\t\t\t\t<\/div>\n\t\t\t\t\t\t\t\t<\/div>\n\t\t\t\t<\/div>\n\t\t\t\t\t<\/div>\n\t\t<\/div>\n\t\t\t\t\t<\/div>\n\t\t<\/section>\n\t\t\t\t<\/div>","protected":false},"excerpt":{"rendered":"<p>R\u00e9paration professionnelle des dommages subis par les camping-cars et les caravanes R\u00e9paration des camping-cars. R\u00e9par\u00e9 professionnellement par les sp\u00e9cialistes de CaravanRepair. Groupe CaravanRepair\u00ae pour tous les dommages aux camping-cars<\/p>","protected":false},"author":3,"featured_media":0,"parent":0,"menu_order":0,"comment_status":"closed","ping_status":"closed","template":"elementor_header_footer","meta":{"footnotes":""},"class_list":["post-9608","page","type-page","status-publish","hentry","pagina_tag-camper"],"yoast_head":"<!-- This site is optimized with the Yoast SEO Premium plugin v27.5 (Yoast SEO v28.3) - https:\/\/yoast.com\/product\/yoast-seo-premium-wordpress\/ -->\n<title>Reparatie camper<\/title>\n<meta name=\"description\" content=\"Reparatie camper. Voor alle schadeherstel aan je camper ben je bij CaravanRepair aan het juiste adres voor professioneel herstel.\" \/>\n<meta name=\"robots\" content=\"noindex, follow, max-snippet:-1, max-image-preview:large, max-video-preview:-1\" \/>\n<meta property=\"og:locale\" content=\"fr_FR\" \/>\n<meta property=\"og:type\" content=\"article\" \/>\n<meta property=\"og:title\" content=\"Reparatie camper\" \/>\n<meta property=\"og:description\" content=\"Reparatie camper. Voor alle schadeherstel aan je camper ben je bij CaravanRepair aan het juiste adres voor professioneel herstel.\" \/>\n<meta property=\"og:url\" content=\"https:\/\/oud.caravanrepair.eu\/fr\/reparation-de-camping-car-2\/\" \/>\n<meta property=\"og:site_name\" content=\"CaravanRepair\u00ae\" \/>\n<meta property=\"article:modified_time\" content=\"2025-08-25T10:40:06+00:00\" \/>\n<meta property=\"og:image\" content=\"https:\/\/oud.caravanrepair.eu\/wp-content\/uploads\/2023\/10\/reparacion-autocaravana.jpg\" \/>\n\t<meta property=\"og:image:width\" content=\"640\" \/>\n\t<meta property=\"og:image:height\" content=\"360\" \/>\n\t<meta property=\"og:image:type\" content=\"image\/jpeg\" \/>\n<meta name=\"twitter:card\" content=\"summary_large_image\" \/>\n<meta name=\"twitter:label1\" content=\"Dur\u00e9e de lecture estim\u00e9e\" \/>\n\t<meta name=\"twitter:data1\" content=\"3 minutes\" \/>\n<script type=\"application\/ld+json\" class=\"yoast-schema-graph\">{\"@context\":\"https:\\\/\\\/schema.org\",\"@graph\":[{\"@type\":\"WebPage\",\"@id\":\"https:\\\/\\\/oud.caravanrepair.eu\\\/reparatie-camper\\\/\",\"url\":\"https:\\\/\\\/oud.caravanrepair.eu\\\/reparatie-camper\\\/\",\"name\":\"Reparatie camper\",\"isPartOf\":{\"@id\":\"https:\\\/\\\/oud.caravanrepair.eu\\\/#website\"},\"primaryImageOfPage\":{\"@id\":\"https:\\\/\\\/oud.caravanrepair.eu\\\/reparatie-camper\\\/#primaryimage\"},\"image\":{\"@id\":\"https:\\\/\\\/oud.caravanrepair.eu\\\/reparatie-camper\\\/#primaryimage\"},\"thumbnailUrl\":\"https:\\\/\\\/oud.caravanrepair.eu\\\/wp-content\\\/uploads\\\/2023\\\/10\\\/reparacion-autocaravana.jpg\",\"datePublished\":\"2023-12-18T08:56:56+00:00\",\"dateModified\":\"2025-08-25T10:40:06+00:00\",\"description\":\"Reparatie camper. Voor alle schadeherstel aan je camper ben je bij CaravanRepair aan het juiste adres voor professioneel herstel.\",\"breadcrumb\":{\"@id\":\"https:\\\/\\\/oud.caravanrepair.eu\\\/reparatie-camper\\\/#breadcrumb\"},\"inLanguage\":\"fr-FR\",\"potentialAction\":[{\"@type\":\"ReadAction\",\"target\":[\"https:\\\/\\\/oud.caravanrepair.eu\\\/reparatie-camper\\\/\"]}]},{\"@type\":\"ImageObject\",\"inLanguage\":\"fr-FR\",\"@id\":\"https:\\\/\\\/oud.caravanrepair.eu\\\/reparatie-camper\\\/#primaryimage\",\"url\":\"https:\\\/\\\/oud.caravanrepair.eu\\\/wp-content\\\/uploads\\\/2023\\\/10\\\/reparacion-autocaravana.jpg\",\"contentUrl\":\"https:\\\/\\\/oud.caravanrepair.eu\\\/wp-content\\\/uploads\\\/2023\\\/10\\\/reparacion-autocaravana.jpg\"},{\"@type\":\"BreadcrumbList\",\"@id\":\"https:\\\/\\\/oud.caravanrepair.eu\\\/reparatie-camper\\\/#breadcrumb\",\"itemListElement\":[{\"@type\":\"ListItem\",\"position\":1,\"name\":\"Home\",\"item\":\"https:\\\/\\\/oud.caravanrepair.eu\\\/\"},{\"@type\":\"ListItem\",\"position\":2,\"name\":\"Reparatie camper\"}]},{\"@type\":\"WebSite\",\"@id\":\"https:\\\/\\\/oud.caravanrepair.eu\\\/#website\",\"url\":\"https:\\\/\\\/oud.caravanrepair.eu\\\/\",\"name\":\"CaravanRepair\u00ae\",\"description\":\"Professioneel schadeherstel voor caravan en camper\",\"publisher\":{\"@id\":\"https:\\\/\\\/oud.caravanrepair.eu\\\/#organization\"},\"potentialAction\":[{\"@type\":\"SearchAction\",\"target\":{\"@type\":\"EntryPoint\",\"urlTemplate\":\"https:\\\/\\\/oud.caravanrepair.eu\\\/?s={search_term_string}\"},\"query-input\":{\"@type\":\"PropertyValueSpecification\",\"valueRequired\":true,\"valueName\":\"search_term_string\"}}],\"inLanguage\":\"fr-FR\"},{\"@type\":\"Organization\",\"@id\":\"https:\\\/\\\/oud.caravanrepair.eu\\\/#organization\",\"name\":\"CaravanRepair\u00ae\",\"url\":\"https:\\\/\\\/oud.caravanrepair.eu\\\/\",\"logo\":{\"@type\":\"ImageObject\",\"inLanguage\":\"fr-FR\",\"@id\":\"https:\\\/\\\/oud.caravanrepair.eu\\\/#\\\/schema\\\/logo\\\/image\\\/\",\"url\":\"https:\\\/\\\/oud.caravanrepair.eu\\\/wp-content\\\/uploads\\\/2019\\\/01\\\/logo-caravanrepair.png\",\"contentUrl\":\"https:\\\/\\\/oud.caravanrepair.eu\\\/wp-content\\\/uploads\\\/2019\\\/01\\\/logo-caravanrepair.png\",\"width\":353,\"height\":150,\"caption\":\"CaravanRepair\u00ae\"},\"image\":{\"@id\":\"https:\\\/\\\/oud.caravanrepair.eu\\\/#\\\/schema\\\/logo\\\/image\\\/\"}}]}<\/script>\n<!-- \/ Yoast SEO Premium plugin. -->","yoast_head_json":{"title":"R\u00e9paration de camping-car","description":"R\u00e9paration de camping-car. Pour toutes les r\u00e9parations de dommages sur votre camping-car, vous \u00eates au bon endroit pour une r\u00e9paration professionnelle chez CaravanRepair.","robots":{"index":"noindex","follow":"follow","max-snippet":"max-snippet:-1","max-image-preview":"max-image-preview:large","max-video-preview":"max-video-preview:-1"},"og_locale":"fr_FR","og_type":"article","og_title":"Reparatie camper","og_description":"Reparatie camper. Voor alle schadeherstel aan je camper ben je bij CaravanRepair aan het juiste adres voor professioneel herstel.","og_url":"https:\/\/oud.caravanrepair.eu\/fr\/reparation-de-camping-car-2\/","og_site_name":"CaravanRepair\u00ae","article_modified_time":"2025-08-25T10:40:06+00:00","og_image":[{"width":640,"height":360,"url":"https:\/\/oud.caravanrepair.eu\/wp-content\/uploads\/2023\/10\/reparacion-autocaravana.jpg","type":"image\/jpeg"}],"twitter_card":"summary_large_image","twitter_misc":{"Dur\u00e9e de lecture estim\u00e9e":"3 minutes"},"schema":{"@context":"https:\/\/schema.org","@graph":[{"@type":"WebPage","@id":"https:\/\/oud.caravanrepair.eu\/reparatie-camper\/","url":"https:\/\/oud.caravanrepair.eu\/reparatie-camper\/","name":"R\u00e9paration de camping-car","isPartOf":{"@id":"https:\/\/oud.caravanrepair.eu\/#website"},"primaryImageOfPage":{"@id":"https:\/\/oud.caravanrepair.eu\/reparatie-camper\/#primaryimage"},"image":{"@id":"https:\/\/oud.caravanrepair.eu\/reparatie-camper\/#primaryimage"},"thumbnailUrl":"https:\/\/oud.caravanrepair.eu\/wp-content\/uploads\/2023\/10\/reparacion-autocaravana.jpg","datePublished":"2023-12-18T08:56:56+00:00","dateModified":"2025-08-25T10:40:06+00:00","description":"R\u00e9paration de camping-car. Pour toutes les r\u00e9parations de dommages sur votre camping-car, vous \u00eates au bon endroit pour une r\u00e9paration professionnelle chez CaravanRepair.","breadcrumb":{"@id":"https:\/\/oud.caravanrepair.eu\/reparatie-camper\/#breadcrumb"},"inLanguage":"fr-FR","potentialAction":[{"@type":"ReadAction","target":["https:\/\/oud.caravanrepair.eu\/reparatie-camper\/"]}]},{"@type":"ImageObject","inLanguage":"fr-FR","@id":"https:\/\/oud.caravanrepair.eu\/reparatie-camper\/#primaryimage","url":"https:\/\/oud.caravanrepair.eu\/wp-content\/uploads\/2023\/10\/reparacion-autocaravana.jpg","contentUrl":"https:\/\/oud.caravanrepair.eu\/wp-content\/uploads\/2023\/10\/reparacion-autocaravana.jpg"},{"@type":"BreadcrumbList","@id":"https:\/\/oud.caravanrepair.eu\/reparatie-camper\/#breadcrumb","itemListElement":[{"@type":"ListItem","position":1,"name":"Home","item":"https:\/\/oud.caravanrepair.eu\/"},{"@type":"ListItem","position":2,"name":"Reparatie camper"}]},{"@type":"WebSite","@id":"https:\/\/oud.caravanrepair.eu\/#website","url":"https:\/\/oud.caravanrepair.eu\/","name":"CaravanRepair\u00ae","description":"R\u00e9paration professionnelle de dommages pour caravane et camping-car","publisher":{"@id":"https:\/\/oud.caravanrepair.eu\/#organization"},"potentialAction":[{"@type":"SearchAction","target":{"@type":"EntryPoint","urlTemplate":"https:\/\/oud.caravanrepair.eu\/?s={search_term_string}"},"query-input":{"@type":"PropertyValueSpecification","valueRequired":true,"valueName":"search_term_string"}}],"inLanguage":"fr-FR"},{"@type":"Organization","@id":"https:\/\/oud.caravanrepair.eu\/#organization","name":"CaravanRepair\u00ae","url":"https:\/\/oud.caravanrepair.eu\/","logo":{"@type":"ImageObject","inLanguage":"fr-FR","@id":"https:\/\/oud.caravanrepair.eu\/#\/schema\/logo\/image\/","url":"https:\/\/oud.caravanrepair.eu\/wp-content\/uploads\/2019\/01\/logo-caravanrepair.png","contentUrl":"https:\/\/oud.caravanrepair.eu\/wp-content\/uploads\/2019\/01\/logo-caravanrepair.png","width":353,"height":150,"caption":"CaravanRepair\u00ae"},"image":{"@id":"https:\/\/oud.caravanrepair.eu\/#\/schema\/logo\/image\/"}}]}},"_links":{"self":[{"href":"https:\/\/oud.caravanrepair.eu\/fr\/wp-json\/wp\/v2\/pages\/9608","targetHints":{"allow":["GET"]}}],"collection":[{"href":"https:\/\/oud.caravanrepair.eu\/fr\/wp-json\/wp\/v2\/pages"}],"about":[{"href":"https:\/\/oud.caravanrepair.eu\/fr\/wp-json\/wp\/v2\/types\/page"}],"author":[{"embeddable":true,"href":"https:\/\/oud.caravanrepair.eu\/fr\/wp-json\/wp\/v2\/users\/3"}],"replies":[{"embeddable":true,"href":"https:\/\/oud.caravanrepair.eu\/fr\/wp-json\/wp\/v2\/comments?post=9608"}],"version-history":[{"count":0,"href":"https:\/\/oud.caravanrepair.eu\/fr\/wp-json\/wp\/v2\/pages\/9608\/revisions"}],"wp:attachment":[{"href":"https:\/\/oud.caravanrepair.eu\/fr\/wp-json\/wp\/v2\/media?parent=9608"}],"curies":[{"name":"wp","href":"https:\/\/api.w.org\/{rel}","templated":true}]}}