{"id":10123,"date":"2023-12-29T13:52:10","date_gmt":"2023-12-29T12:52:10","guid":{"rendered":"https:\/\/oud.caravanrepair.eu\/?page_id=10123"},"modified":"2025-05-08T10:16:30","modified_gmt":"2025-05-08T08:16:30","slug":"dane-dotyczace-uszkodzen-karawany","status":"publish","type":"page","link":"https:\/\/oud.caravanrepair.eu\/pl\/caravan-schade-figueres\/","title":{"rendered":"Karawana uszkodzi\u0142a Figueres"},"content":{"rendered":"<div data-elementor-type=\"wp-page\" data-elementor-id=\"10123\" class=\"elementor elementor-10123\" data-elementor-post-type=\"page\">\n\t\t\t\t\t\t<section class=\"elementor-section elementor-top-section elementor-element elementor-element-19650612 elementor-section-height-min-height elementor-section-content-middle elementor-section-full_width elementor-section-height-default elementor-section-items-middle\" data-id=\"19650612\" data-element_type=\"section\" data-e-type=\"section\" data-settings=\"{&quot;background_background&quot;:&quot;classic&quot;}\">\n\t\t\t\t\t\t\t<div class=\"elementor-background-overlay\"><\/div>\n\t\t\t\t\t\t\t<div class=\"elementor-container elementor-column-gap-default\">\n\t\t\t\t\t<div class=\"elementor-column elementor-col-100 elementor-top-column elementor-element elementor-element-51697e70\" data-id=\"51697e70\" data-element_type=\"column\" data-e-type=\"column\">\n\t\t\t<div class=\"elementor-widget-wrap elementor-element-populated\">\n\t\t\t\t\t\t<div class=\"elementor-element elementor-element-7c3bfb9b elementor-widget elementor-widget-heading\" data-id=\"7c3bfb9b\" data-element_type=\"widget\" data-e-type=\"widget\" data-widget_type=\"heading.default\">\n\t\t\t\t<div class=\"elementor-widget-container\">\n\t\t\t\t\t<h1 class=\"elementor-heading-title elementor-size-default\">Karawana uszkodzi\u0142a Figueres <\/h1>\t\t\t\t<\/div>\n\t\t\t\t<\/div>\n\t\t\t\t<div class=\"elementor-element elementor-element-3e5f8d83 elementor-widget elementor-widget-heading\" data-id=\"3e5f8d83\" data-element_type=\"widget\" data-e-type=\"widget\" data-widget_type=\"heading.default\">\n\t\t\t\t<div class=\"elementor-widget-container\">\n\t\t\t\t\t<p class=\"elementor-heading-title elementor-size-default\"> <\/p>\t\t\t\t<\/div>\n\t\t\t\t<\/div>\n\t\t\t\t\t<\/div>\n\t\t<\/div>\n\t\t\t\t\t<\/div>\n\t\t<\/section>\n\t\t\t\t<section class=\"elementor-section elementor-top-section elementor-element elementor-element-65aa5689 elementor-section-content-middle elementor-section-boxed elementor-section-height-default elementor-section-height-default\" data-id=\"65aa5689\" data-element_type=\"section\" data-e-type=\"section\">\n\t\t\t\t\t\t<div class=\"elementor-container elementor-column-gap-no\">\n\t\t\t\t\t<div class=\"elementor-column elementor-col-100 elementor-top-column elementor-element elementor-element-38ac1229\" data-id=\"38ac1229\" data-element_type=\"column\" data-e-type=\"column\">\n\t\t\t<div class=\"elementor-widget-wrap elementor-element-populated\">\n\t\t\t\t\t\t<div class=\"elementor-element elementor-element-2ca4634a elementor-widget elementor-widget-heading\" data-id=\"2ca4634a\" data-element_type=\"widget\" data-e-type=\"widget\" data-widget_type=\"heading.default\">\n\t\t\t\t<div class=\"elementor-widget-container\">\n\t\t\t\t\t<h2 class=\"elementor-heading-title elementor-size-default\">Uszkodzenia przyczep kempingowych Figueres w Hiszpanii jest cz\u0119\u015bci\u0105 grupy CaravanRepair\u00ae skupiaj\u0105cej profesjonalist\u00f3w zajmuj\u0105cych si\u0119 napraw\u0105 uszkodze\u0144 przyczep kempingowych.<\/h2>\t\t\t\t<\/div>\n\t\t\t\t<\/div>\n\t\t\t\t\t<\/div>\n\t\t<\/div>\n\t\t\t\t\t<\/div>\n\t\t<\/section>\n\t\t\t\t<section class=\"elementor-section elementor-top-section elementor-element elementor-element-15d18eca elementor-section-content-middle elementor-reverse-mobile elementor-section-boxed elementor-section-height-default elementor-section-height-default\" data-id=\"15d18eca\" data-element_type=\"section\" data-e-type=\"section\">\n\t\t\t\t\t\t<div class=\"elementor-container elementor-column-gap-no\">\n\t\t\t\t\t<div class=\"elementor-column elementor-col-50 elementor-top-column elementor-element elementor-element-8372f72\" data-id=\"8372f72\" data-element_type=\"column\" data-e-type=\"column\">\n\t\t\t<div class=\"elementor-widget-wrap elementor-element-populated\">\n\t\t\t\t\t\t<div class=\"elementor-element elementor-element-36bdfec elementor-widget elementor-widget-heading\" data-id=\"36bdfec\" data-element_type=\"widget\" data-e-type=\"widget\" data-widget_type=\"heading.default\">\n\t\t\t\t<div class=\"elementor-widget-container\">\n\t\t\t\t\t<h3 class=\"elementor-heading-title elementor-size-default\">Naprawa uszkodze\u0144 przyczep kempingowych i kamper\u00f3w<\/h3>\t\t\t\t<\/div>\n\t\t\t\t<\/div>\n\t\t\t\t<div class=\"elementor-element elementor-element-1dd82396 elementor-widget elementor-widget-text-editor\" data-id=\"1dd82396\" data-element_type=\"widget\" data-e-type=\"widget\" data-widget_type=\"text-editor.default\">\n\t\t\t\t<div class=\"elementor-widget-container\">\n\t\t\t\t\t\t\t\t\t<h3>Uszkodzenia przyczep kempingowych zosta\u0142y profesjonalnie naprawione u naszego dealera w Figueres<\/h3><p>Uszkodzenia przyczep kempingowych Figueres u certyfikowanego dealera CaravanRepair\u00ae, wiod\u0105cej sieci specjalist\u00f3w od uszkodze\u0144 przyczep kempingowych i kamper\u00f3w. Uszkodzenie przyczepy kempingowej lub kampera nie zawsze nast\u0119puje w odpowiednim czasie i niestety cz\u0119sto jest nieuniknione. W jednej chwili cieszysz si\u0119 s\u0142o\u0144cem, a kilka chwil p\u00f3\u017aniej jeste\u015b w \u015brodku silnej burzy gradowej, a na Twoj\u0105 przyczep\u0119 kempingow\u0105 lub kamper spadaj\u0105 du\u017ce kamienie gradu. Na szcz\u0119\u015bcie profesjonalna pomoc jest dost\u0119pna za po\u015brednictwem naszych dealer\u00f3w CaravanRepair w okolicy. Nasz dealer w Figueres w firmie z wyspecjalizowanymi technikami. Rozumiej\u0105, \u017ce ka\u017cda szkoda jest wyj\u0105tkowa i wymaga indywidualnego podej\u015bcia.<\/p><p>Dzi\u0119ki naszemu zaawansowanemu i opatentowanemu systemowi naprawy przyczep kempingowych i kamper\u00f3w jeste\u015bmy w stanie w niewidoczny spos\u00f3b naprawi\u0107 wszystkie profilowane \u015bciany przyczep kempingowych i kamper\u00f3w. Niezale\u017cnie od tego, czy chodzi o niewielkie wgniecenie, uszkodzenie spowodowane przez grad, p\u0119kni\u0119cie, uszkodzenie spowodowane wilgoci\u0105 czy zarysowanie, naprawimy je szybko, profesjonalnie i niewidocznie. A co najwa\u017cniejsze, CaravanRepair\u00ae oferuje do\u017cywotni\u0105 gwarancj\u0119 na wszystkie naprawy \u015bcian naszych przyczep kempingowych!<\/p><h3>Jako\u015b\u0107 i obs\u0142uga s\u0105 na pierwszym miejscu!<\/h3><p>W Caravan Damage Figueres jako\u015b\u0107 ma ogromne znaczenie. Pracujemy wy\u0142\u0105cznie z najlepszymi materia\u0142ami i narz\u0119dziami, aby mie\u0107 pewno\u015b\u0107, \u017ce Twoja przyczepa kempingowa lub kamper zostanie w pe\u0142ni przywr\u00f3cona do najwy\u017cszych standard\u00f3w. Ponadto d\u0105\u017cymy do szybkiej i sprawnej obs\u0142ugi, aby\u015b m\u00f3g\u0142 jak najszybciej ponownie cieszy\u0107 si\u0119 wakacjami na k\u00f3\u0142kach.\u00a0<\/p><p>To nie tylko zapewni Ci spok\u00f3j ducha, ale tak\u017ce pewno\u015b\u0107, \u017ce Twoja przyczepa kempingowa lub kamper jest w najlepszych r\u0119kach u naszego dealera w Figueres.<\/p>\t\t\t\t\t\t\t\t<\/div>\n\t\t\t\t<\/div>\n\t\t\t\t\t<\/div>\n\t\t<\/div>\n\t\t\t\t<div class=\"elementor-column elementor-col-50 elementor-top-column elementor-element elementor-element-3d139c55\" data-id=\"3d139c55\" data-element_type=\"column\" data-e-type=\"column\">\n\t\t\t<div class=\"elementor-widget-wrap elementor-element-populated\">\n\t\t\t\t\t\t<div class=\"elementor-element elementor-element-70510382 elementor-widget elementor-widget-image\" data-id=\"70510382\" data-element_type=\"widget\" data-e-type=\"widget\" data-widget_type=\"image.default\">\n\t\t\t\t<div class=\"elementor-widget-container\">\n\t\t\t\t\t\t\t\t\t\t\t\t\t\t\t<img fetchpriority=\"high\" decoding=\"async\" width=\"480\" height=\"640\" src=\"https:\/\/oud.caravanrepair.eu\/wp-content\/uploads\/2023\/10\/IMG_6285.jpeg\" class=\"attachment-large size-large wp-image-8625\" alt=\"Zestaw naprawczy do przyczep kempingowych od CaravanRepair\" srcset=\"https:\/\/oud.caravanrepair.eu\/wp-content\/uploads\/2023\/10\/IMG_6285-9x12.jpeg 9w, https:\/\/oud.caravanrepair.eu\/wp-content\/uploads\/2023\/10\/IMG_6285-200x267.jpeg 200w, https:\/\/oud.caravanrepair.eu\/wp-content\/uploads\/2023\/10\/IMG_6285-225x300.jpeg 225w, https:\/\/oud.caravanrepair.eu\/wp-content\/uploads\/2023\/10\/IMG_6285-400x533.jpeg 400w, https:\/\/oud.caravanrepair.eu\/wp-content\/uploads\/2023\/10\/IMG_6285.jpeg 480w\" sizes=\"(max-width: 480px) 100vw, 480px\" \/>\t\t\t\t\t\t\t\t\t\t\t\t\t\t\t<\/div>\n\t\t\t\t<\/div>\n\t\t\t\t\t<\/div>\n\t\t<\/div>\n\t\t\t\t\t<\/div>\n\t\t<\/section>\n\t\t\t\t<section class=\"elementor-section elementor-top-section elementor-element elementor-element-5b5231f7 elementor-section-content-middle elementor-section-boxed elementor-section-height-default elementor-section-height-default\" data-id=\"5b5231f7\" data-element_type=\"section\" data-e-type=\"section\" data-settings=\"{&quot;background_background&quot;:&quot;classic&quot;}\">\n\t\t\t\t\t\t\t<div class=\"elementor-background-overlay\"><\/div>\n\t\t\t\t\t\t\t<div class=\"elementor-container elementor-column-gap-no\">\n\t\t\t\t\t<div class=\"elementor-column elementor-col-100 elementor-top-column elementor-element elementor-element-7c604601\" data-id=\"7c604601\" data-element_type=\"column\" data-e-type=\"column\">\n\t\t\t<div class=\"elementor-widget-wrap elementor-element-populated\">\n\t\t\t\t\t\t<div class=\"elementor-element elementor-element-28576355 elementor-widget elementor-widget-heading\" data-id=\"28576355\" data-element_type=\"widget\" data-e-type=\"widget\" data-widget_type=\"heading.default\">\n\t\t\t\t<div class=\"elementor-widget-container\">\n\t\t\t\t\t<h2 class=\"elementor-heading-title elementor-size-default\">Zg\u0142osi\u0107 uszkodzenie przyczepy kempingowej lub kampera?<\/h2>\t\t\t\t<\/div>\n\t\t\t\t<\/div>\n\t\t\t\t<div class=\"elementor-element elementor-element-653fbc39 elementor-widget elementor-widget-text-editor\" data-id=\"653fbc39\" data-element_type=\"widget\" data-e-type=\"widget\" data-widget_type=\"text-editor.default\">\n\t\t\t\t<div class=\"elementor-widget-container\">\n\t\t\t\t\t\t\t\t\t<p style=\"text-align: center;\">Je\u015bli Twoja przyczepa kempingowa lub kamper uleg\u0142a uszkodzeniu, wype\u0142nij formularz szkody online, a my skontaktujemy si\u0119 z Tob\u0105.<\/p>\t\t\t\t\t\t\t\t<\/div>\n\t\t\t\t<\/div>\n\t\t\t\t<div class=\"elementor-element elementor-element-73193dd2 elementor-align-center elementor-mobile-align-left elementor-widget elementor-widget-button\" data-id=\"73193dd2\" data-element_type=\"widget\" data-e-type=\"widget\" data-widget_type=\"button.default\">\n\t\t\t\t<div class=\"elementor-widget-container\">\n\t\t\t\t\t\t\t\t\t<div class=\"elementor-button-wrapper\">\n\t\t\t\t\t<a class=\"elementor-button elementor-button-link elementor-size-sm elementor-animation-grow\" href=\"https:\/\/oud.caravanrepair.eu\/pl\/formulaire\/\">\n\t\t\t\t\t\t<span class=\"elementor-button-content-wrapper\">\n\t\t\t\t\t\t\t\t\t<span class=\"elementor-button-text\">ZG\u0141O\u015a SZKOD\u0118<\/span>\n\t\t\t\t\t<\/span>\n\t\t\t\t\t<\/a>\n\t\t\t\t<\/div>\n\t\t\t\t\t\t\t\t<\/div>\n\t\t\t\t<\/div>\n\t\t\t\t\t<\/div>\n\t\t<\/div>\n\t\t\t\t\t<\/div>\n\t\t<\/section>\n\t\t\t\t<section class=\"elementor-section elementor-top-section elementor-element elementor-element-e2e0540 elementor-section-full_width elementor-section-content-middle elementor-section-height-default elementor-section-height-default\" data-id=\"e2e0540\" data-element_type=\"section\" data-e-type=\"section\">\n\t\t\t\t\t\t<div class=\"elementor-container elementor-column-gap-no\">\n\t\t\t\t\t<div class=\"elementor-column elementor-col-50 elementor-top-column elementor-element elementor-element-67df629f\" data-id=\"67df629f\" data-element_type=\"column\" data-e-type=\"column\" data-settings=\"{&quot;background_background&quot;:&quot;classic&quot;}\">\n\t\t\t<div class=\"elementor-widget-wrap elementor-element-populated\">\n\t\t\t\t\t<div class=\"elementor-background-overlay\"><\/div>\n\t\t\t\t\t\t<div class=\"elementor-element elementor-element-727f77f6 elementor-widget elementor-widget-heading\" data-id=\"727f77f6\" data-element_type=\"widget\" data-e-type=\"widget\" data-widget_type=\"heading.default\">\n\t\t\t\t<div class=\"elementor-widget-container\">\n\t\t\t\t\t<h3 class=\"elementor-heading-title elementor-size-default\">Karawana uszkodzi\u0142a Figueres<\/h3>\t\t\t\t<\/div>\n\t\t\t\t<\/div>\n\t\t\t\t\t<\/div>\n\t\t<\/div>\n\t\t\t\t<div class=\"elementor-column elementor-col-50 elementor-top-column elementor-element elementor-element-47c2c3e8\" data-id=\"47c2c3e8\" data-element_type=\"column\" data-e-type=\"column\">\n\t\t\t<div class=\"elementor-widget-wrap elementor-element-populated\">\n\t\t\t\t\t\t<div class=\"elementor-element elementor-element-56ff6e30 elementor-widget elementor-widget-text-editor\" data-id=\"56ff6e30\" data-element_type=\"widget\" data-e-type=\"widget\" data-widget_type=\"text-editor.default\">\n\t\t\t\t<div class=\"elementor-widget-container\">\n\t\t\t\t\t\t\t\t\t<p>W przypadku naprawy przyczep kempingowych lub kamper\u00f3w w rejonie Figueres w Hiszpanii, przyjd\u017a do naszego g\u0142\u00f3wnego dealera CaravanRepair, wyspecjalizowanego i wykwalifikowanego, dbaj\u0105cego o ka\u017cdy szczeg\u00f3\u0142 uszkodzenia. Dzi\u0119ki naszemu zaawansowanemu systemowi napraw oraz dok\u0142adnym szkoleniom, w tym corocznej certyfikacji naszych technik\u00f3w, dajemy Pa\u0144stwu gwarancj\u0119 jako\u015bci, jakiej mo\u017cna oczekiwa\u0107 od profesjonalnej firmy.<\/p><h3>Skontaktuj si\u0119 z naszym dealerem CaravanRepair w sprawie wszystkich napraw przyczepy kempingowej lub kampera.<\/h3><p>Je\u015bli wi\u0119c nieoczekiwanie dozna\u0142e\u015b uszkodzenia swojej przyczepy kempingowej lub kampera, nie wahaj si\u0119 szybko skontaktowa\u0107 z Caravan Damage Figueres. <a href=\"https:\/\/oud.caravanrepair.eu\/pl\/formulaire\/\" target=\"_blank\" rel=\"noopener\">Kliknij tutaj, aby zg\u0142osi\u0107 szkod\u0119.<\/a><\/p><p>Dzi\u0119ki swojej wiedzy i zaanga\u017cowaniu s\u0105 gotowi przywr\u00f3ci\u0107 Tw\u00f3j pojazd do optymalnego stanu, aby\u015b m\u00f3g\u0142 szybko cieszy\u0107 si\u0119 pobytem w Figueres lub okolicach, nie martwi\u0105c si\u0119 o uszkodzenie przyczepy kempingowej lub kampera.\u00a0<\/p><h3>Uszkodzenia przyczep kempingowych Figueres: Tw\u00f3j partner w naprawie uszkodze\u0144 przyczep kempingowych i kamper\u00f3w.\u00a0<\/h3>\t\t\t\t\t\t\t\t<\/div>\n\t\t\t\t<\/div>\n\t\t\t\t\t<\/div>\n\t\t<\/div>\n\t\t\t\t\t<\/div>\n\t\t<\/section>\n\t\t\t\t<section class=\"elementor-section elementor-top-section elementor-element elementor-element-592e6bd0 elementor-section-content-middle elementor-section-boxed elementor-section-height-default elementor-section-height-default\" data-id=\"592e6bd0\" data-element_type=\"section\" data-e-type=\"section\" data-settings=\"{&quot;background_background&quot;:&quot;classic&quot;}\">\n\t\t\t\t\t\t\t<div class=\"elementor-background-overlay\"><\/div>\n\t\t\t\t\t\t\t<div class=\"elementor-container elementor-column-gap-no\">\n\t\t\t\t\t<div class=\"elementor-column elementor-col-50 elementor-top-column elementor-element elementor-element-6cee290d\" data-id=\"6cee290d\" data-element_type=\"column\" data-e-type=\"column\">\n\t\t\t<div class=\"elementor-widget-wrap elementor-element-populated\">\n\t\t\t\t\t\t<div class=\"elementor-element elementor-element-46f46d56 elementor-widget elementor-widget-heading\" data-id=\"46f46d56\" data-element_type=\"widget\" data-e-type=\"widget\" data-widget_type=\"heading.default\">\n\t\t\t\t<div class=\"elementor-widget-container\">\n\t\t\t\t\t<h2 class=\"elementor-heading-title elementor-size-default\">Szukasz warsztatu CaravanRepair\u00ae w pobli\u017cu?<\/h2>\t\t\t\t<\/div>\n\t\t\t\t<\/div>\n\t\t\t\t<div class=\"elementor-element elementor-element-5a5e8f92 elementor-widget elementor-widget-text-editor\" data-id=\"5a5e8f92\" data-element_type=\"widget\" data-e-type=\"widget\" data-widget_type=\"text-editor.default\">\n\t\t\t\t<div class=\"elementor-widget-container\">\n\t\t\t\t\t\t\t\t\t<p>Nasi serwisanci dzia\u0142aj\u0105 na terenie ca\u0142ej Europy!<\/p>\t\t\t\t\t\t\t\t<\/div>\n\t\t\t\t<\/div>\n\t\t\t\t\t<\/div>\n\t\t<\/div>\n\t\t\t\t<div class=\"elementor-column elementor-col-50 elementor-top-column elementor-element elementor-element-5a433908\" data-id=\"5a433908\" data-element_type=\"column\" data-e-type=\"column\">\n\t\t\t<div class=\"elementor-widget-wrap elementor-element-populated\">\n\t\t\t\t\t\t<div class=\"elementor-element elementor-element-3d3b7865 elementor-align-center elementor-mobile-align-left elementor-widget elementor-widget-button\" data-id=\"3d3b7865\" data-element_type=\"widget\" data-e-type=\"widget\" data-widget_type=\"button.default\">\n\t\t\t\t<div class=\"elementor-widget-container\">\n\t\t\t\t\t\t\t\t\t<div class=\"elementor-button-wrapper\">\n\t\t\t\t\t<a class=\"elementor-button elementor-button-link elementor-size-sm elementor-animation-grow\" href=\"https:\/\/oud.caravanrepair.eu\/pl\/dealerzy\/\">\n\t\t\t\t\t\t<span class=\"elementor-button-content-wrapper\">\n\t\t\t\t\t\t\t\t\t<span class=\"elementor-button-text\">Wyszukaj teraz<\/span>\n\t\t\t\t\t<\/span>\n\t\t\t\t\t<\/a>\n\t\t\t\t<\/div>\n\t\t\t\t\t\t\t\t<\/div>\n\t\t\t\t<\/div>\n\t\t\t\t\t<\/div>\n\t\t<\/div>\n\t\t\t\t\t<\/div>\n\t\t<\/section>\n\t\t\t\t<\/div>","protected":false},"excerpt":{"rendered":"","protected":false},"author":3,"featured_media":0,"parent":0,"menu_order":0,"comment_status":"closed","ping_status":"closed","template":"","meta":{"footnotes":""},"class_list":["post-10123","page","type-page","status-publish","hentry"],"yoast_head":"<!-- This site is optimized with the Yoast SEO Premium plugin v27.5 (Yoast SEO v28.3) - https:\/\/yoast.com\/product\/yoast-seo-premium-wordpress\/ -->\n<title>Caravan schade Figueres<\/title>\n<meta name=\"description\" content=\"Voor alle caravan en camper schade in de omgeving van Figueres in Spanje ga je Caravan schade Figueres een professional in schade herstel.\" \/>\n<meta name=\"robots\" content=\"noindex, follow, max-snippet:-1, max-image-preview:large, max-video-preview:-1\" \/>\n<meta property=\"og:locale\" content=\"pl_PL\" \/>\n<meta property=\"og:type\" content=\"article\" \/>\n<meta property=\"og:title\" content=\"Caravan schade Figueres\" \/>\n<meta property=\"og:description\" content=\"Voor alle caravan en camper schade in de omgeving van Figueres in Spanje ga je Caravan schade Figueres een professional in schade herstel.\" \/>\n<meta property=\"og:url\" content=\"https:\/\/oud.caravanrepair.eu\/pl\/dane-dotyczace-uszkodzen-karawany\/\" \/>\n<meta property=\"og:site_name\" content=\"CaravanRepair\u00ae\" \/>\n<meta property=\"article:modified_time\" content=\"2025-05-08T08:16:30+00:00\" \/>\n<meta property=\"og:image\" content=\"https:\/\/oud.caravanrepair.eu\/wp-content\/uploads\/2023\/10\/IMG_6285.jpeg\" \/>\n\t<meta property=\"og:image:width\" content=\"480\" \/>\n\t<meta property=\"og:image:height\" content=\"640\" \/>\n\t<meta property=\"og:image:type\" content=\"image\/jpeg\" \/>\n<meta name=\"twitter:card\" content=\"summary_large_image\" \/>\n<meta name=\"twitter:label1\" content=\"Szacowany czas czytania\" \/>\n\t<meta name=\"twitter:data1\" content=\"3 minuty\" \/>\n<script type=\"application\/ld+json\" class=\"yoast-schema-graph\">{\"@context\":\"https:\\\/\\\/schema.org\",\"@graph\":[{\"@type\":\"WebPage\",\"@id\":\"https:\\\/\\\/oud.caravanrepair.eu\\\/caravan-schade-figueres\\\/\",\"url\":\"https:\\\/\\\/oud.caravanrepair.eu\\\/caravan-schade-figueres\\\/\",\"name\":\"Caravan schade Figueres\",\"isPartOf\":{\"@id\":\"https:\\\/\\\/oud.caravanrepair.eu\\\/#website\"},\"primaryImageOfPage\":{\"@id\":\"https:\\\/\\\/oud.caravanrepair.eu\\\/caravan-schade-figueres\\\/#primaryimage\"},\"image\":{\"@id\":\"https:\\\/\\\/oud.caravanrepair.eu\\\/caravan-schade-figueres\\\/#primaryimage\"},\"thumbnailUrl\":\"https:\\\/\\\/oud.caravanrepair.eu\\\/wp-content\\\/uploads\\\/2023\\\/10\\\/IMG_6285.jpeg\",\"datePublished\":\"2023-12-29T12:52:10+00:00\",\"dateModified\":\"2025-05-08T08:16:30+00:00\",\"description\":\"Voor alle caravan en camper schade in de omgeving van Figueres in Spanje ga je Caravan schade Figueres een professional in schade herstel.\",\"breadcrumb\":{\"@id\":\"https:\\\/\\\/oud.caravanrepair.eu\\\/caravan-schade-figueres\\\/#breadcrumb\"},\"inLanguage\":\"pl-PL\",\"potentialAction\":[{\"@type\":\"ReadAction\",\"target\":[\"https:\\\/\\\/oud.caravanrepair.eu\\\/caravan-schade-figueres\\\/\"]}]},{\"@type\":\"ImageObject\",\"inLanguage\":\"pl-PL\",\"@id\":\"https:\\\/\\\/oud.caravanrepair.eu\\\/caravan-schade-figueres\\\/#primaryimage\",\"url\":\"https:\\\/\\\/oud.caravanrepair.eu\\\/wp-content\\\/uploads\\\/2023\\\/10\\\/IMG_6285.jpeg\",\"contentUrl\":\"https:\\\/\\\/oud.caravanrepair.eu\\\/wp-content\\\/uploads\\\/2023\\\/10\\\/IMG_6285.jpeg\"},{\"@type\":\"BreadcrumbList\",\"@id\":\"https:\\\/\\\/oud.caravanrepair.eu\\\/caravan-schade-figueres\\\/#breadcrumb\",\"itemListElement\":[{\"@type\":\"ListItem\",\"position\":1,\"name\":\"Home\",\"item\":\"https:\\\/\\\/oud.caravanrepair.eu\\\/\"},{\"@type\":\"ListItem\",\"position\":2,\"name\":\"Caravan schade Figueres\"}]},{\"@type\":\"WebSite\",\"@id\":\"https:\\\/\\\/oud.caravanrepair.eu\\\/#website\",\"url\":\"https:\\\/\\\/oud.caravanrepair.eu\\\/\",\"name\":\"CaravanRepair\u00ae\",\"description\":\"Professioneel schadeherstel voor caravan en camper\",\"publisher\":{\"@id\":\"https:\\\/\\\/oud.caravanrepair.eu\\\/#organization\"},\"potentialAction\":[{\"@type\":\"SearchAction\",\"target\":{\"@type\":\"EntryPoint\",\"urlTemplate\":\"https:\\\/\\\/oud.caravanrepair.eu\\\/?s={search_term_string}\"},\"query-input\":{\"@type\":\"PropertyValueSpecification\",\"valueRequired\":true,\"valueName\":\"search_term_string\"}}],\"inLanguage\":\"pl-PL\"},{\"@type\":\"Organization\",\"@id\":\"https:\\\/\\\/oud.caravanrepair.eu\\\/#organization\",\"name\":\"CaravanRepair\u00ae\",\"url\":\"https:\\\/\\\/oud.caravanrepair.eu\\\/\",\"logo\":{\"@type\":\"ImageObject\",\"inLanguage\":\"pl-PL\",\"@id\":\"https:\\\/\\\/oud.caravanrepair.eu\\\/#\\\/schema\\\/logo\\\/image\\\/\",\"url\":\"https:\\\/\\\/oud.caravanrepair.eu\\\/wp-content\\\/uploads\\\/2019\\\/01\\\/logo-caravanrepair.png\",\"contentUrl\":\"https:\\\/\\\/oud.caravanrepair.eu\\\/wp-content\\\/uploads\\\/2019\\\/01\\\/logo-caravanrepair.png\",\"width\":353,\"height\":150,\"caption\":\"CaravanRepair\u00ae\"},\"image\":{\"@id\":\"https:\\\/\\\/oud.caravanrepair.eu\\\/#\\\/schema\\\/logo\\\/image\\\/\"}}]}<\/script>\n<!-- \/ Yoast SEO Premium plugin. -->","yoast_head_json":{"title":"Karawana uszkodzi\u0142a Figueres","description":"W przypadku wszystkich uszkodze\u0144 przyczep kempingowych i kamper\u00f3w w rejonie Figueres w Hiszpanii, udaj si\u0119 do firmy zajmuj\u0105cej si\u0119 napraw\u0105 uszkodze\u0144 przyczep kempingowych Figueres.","robots":{"index":"noindex","follow":"follow","max-snippet":"max-snippet:-1","max-image-preview":"max-image-preview:large","max-video-preview":"max-video-preview:-1"},"og_locale":"pl_PL","og_type":"article","og_title":"Caravan schade Figueres","og_description":"Voor alle caravan en camper schade in de omgeving van Figueres in Spanje ga je Caravan schade Figueres een professional in schade herstel.","og_url":"https:\/\/oud.caravanrepair.eu\/pl\/dane-dotyczace-uszkodzen-karawany\/","og_site_name":"CaravanRepair\u00ae","article_modified_time":"2025-05-08T08:16:30+00:00","og_image":[{"width":480,"height":640,"url":"https:\/\/oud.caravanrepair.eu\/wp-content\/uploads\/2023\/10\/IMG_6285.jpeg","type":"image\/jpeg"}],"twitter_card":"summary_large_image","twitter_misc":{"Szacowany czas czytania":"3 minuty"},"schema":{"@context":"https:\/\/schema.org","@graph":[{"@type":"WebPage","@id":"https:\/\/oud.caravanrepair.eu\/caravan-schade-figueres\/","url":"https:\/\/oud.caravanrepair.eu\/caravan-schade-figueres\/","name":"Karawana uszkodzi\u0142a Figueres","isPartOf":{"@id":"https:\/\/oud.caravanrepair.eu\/#website"},"primaryImageOfPage":{"@id":"https:\/\/oud.caravanrepair.eu\/caravan-schade-figueres\/#primaryimage"},"image":{"@id":"https:\/\/oud.caravanrepair.eu\/caravan-schade-figueres\/#primaryimage"},"thumbnailUrl":"https:\/\/oud.caravanrepair.eu\/wp-content\/uploads\/2023\/10\/IMG_6285.jpeg","datePublished":"2023-12-29T12:52:10+00:00","dateModified":"2025-05-08T08:16:30+00:00","description":"W przypadku wszystkich uszkodze\u0144 przyczep kempingowych i kamper\u00f3w w rejonie Figueres w Hiszpanii, udaj si\u0119 do firmy zajmuj\u0105cej si\u0119 napraw\u0105 uszkodze\u0144 przyczep kempingowych Figueres.","breadcrumb":{"@id":"https:\/\/oud.caravanrepair.eu\/caravan-schade-figueres\/#breadcrumb"},"inLanguage":"pl-PL","potentialAction":[{"@type":"ReadAction","target":["https:\/\/oud.caravanrepair.eu\/caravan-schade-figueres\/"]}]},{"@type":"ImageObject","inLanguage":"pl-PL","@id":"https:\/\/oud.caravanrepair.eu\/caravan-schade-figueres\/#primaryimage","url":"https:\/\/oud.caravanrepair.eu\/wp-content\/uploads\/2023\/10\/IMG_6285.jpeg","contentUrl":"https:\/\/oud.caravanrepair.eu\/wp-content\/uploads\/2023\/10\/IMG_6285.jpeg"},{"@type":"BreadcrumbList","@id":"https:\/\/oud.caravanrepair.eu\/caravan-schade-figueres\/#breadcrumb","itemListElement":[{"@type":"ListItem","position":1,"name":"Home","item":"https:\/\/oud.caravanrepair.eu\/"},{"@type":"ListItem","position":2,"name":"Caravan schade Figueres"}]},{"@type":"WebSite","@id":"https:\/\/oud.caravanrepair.eu\/#website","url":"https:\/\/oud.caravanrepair.eu\/","name":"CaravanRepair\u00ae","description":"Profesjonalna naprawa uszkodze\u0144 przyczep kempingowych i kamper\u00f3w","publisher":{"@id":"https:\/\/oud.caravanrepair.eu\/#organization"},"potentialAction":[{"@type":"SearchAction","target":{"@type":"EntryPoint","urlTemplate":"https:\/\/oud.caravanrepair.eu\/?s={search_term_string}"},"query-input":{"@type":"PropertyValueSpecification","valueRequired":true,"valueName":"search_term_string"}}],"inLanguage":"pl-PL"},{"@type":"Organization","@id":"https:\/\/oud.caravanrepair.eu\/#organization","name":"CaravanRepair\u00ae","url":"https:\/\/oud.caravanrepair.eu\/","logo":{"@type":"ImageObject","inLanguage":"pl-PL","@id":"https:\/\/oud.caravanrepair.eu\/#\/schema\/logo\/image\/","url":"https:\/\/oud.caravanrepair.eu\/wp-content\/uploads\/2019\/01\/logo-caravanrepair.png","contentUrl":"https:\/\/oud.caravanrepair.eu\/wp-content\/uploads\/2019\/01\/logo-caravanrepair.png","width":353,"height":150,"caption":"CaravanRepair\u00ae"},"image":{"@id":"https:\/\/oud.caravanrepair.eu\/#\/schema\/logo\/image\/"}}]}},"_links":{"self":[{"href":"https:\/\/oud.caravanrepair.eu\/pl\/wp-json\/wp\/v2\/pages\/10123","targetHints":{"allow":["GET"]}}],"collection":[{"href":"https:\/\/oud.caravanrepair.eu\/pl\/wp-json\/wp\/v2\/pages"}],"about":[{"href":"https:\/\/oud.caravanrepair.eu\/pl\/wp-json\/wp\/v2\/types\/page"}],"author":[{"embeddable":true,"href":"https:\/\/oud.caravanrepair.eu\/pl\/wp-json\/wp\/v2\/users\/3"}],"replies":[{"embeddable":true,"href":"https:\/\/oud.caravanrepair.eu\/pl\/wp-json\/wp\/v2\/comments?post=10123"}],"version-history":[{"count":0,"href":"https:\/\/oud.caravanrepair.eu\/pl\/wp-json\/wp\/v2\/pages\/10123\/revisions"}],"wp:attachment":[{"href":"https:\/\/oud.caravanrepair.eu\/pl\/wp-json\/wp\/v2\/media?parent=10123"}],"curies":[{"name":"wp","href":"https:\/\/api.w.org\/{rel}","templated":true}]}}