{"id":10476,"date":"2024-01-11T10:59:50","date_gmt":"2024-01-11T09:59:50","guid":{"rendered":"https:\/\/oud.caravanrepair.eu\/?page_id=10476"},"modified":"2024-12-09T09:36:45","modified_gmt":"2024-12-09T08:36:45","slug":"naprawa-przyczep-kempingowych-sant-climent-de-peralta","status":"publish","type":"page","link":"https:\/\/oud.caravanrepair.eu\/pl\/caravanrepair-sant-climent-de-peralta\/","title":{"rendered":"Naprawa przyczep kempingowych Sant Climent de Peralta"},"content":{"rendered":"<div data-elementor-type=\"wp-page\" data-elementor-id=\"10476\" class=\"elementor elementor-10476\" data-elementor-post-type=\"page\">\n\t\t\t\t\t\t<section class=\"elementor-section elementor-top-section elementor-element elementor-element-4c96103c elementor-section-height-min-height elementor-section-content-middle elementor-section-full_width elementor-section-height-default elementor-section-items-middle\" data-id=\"4c96103c\" data-element_type=\"section\" data-e-type=\"section\" data-settings=\"{&quot;background_background&quot;:&quot;classic&quot;}\">\n\t\t\t\t\t\t\t<div class=\"elementor-background-overlay\"><\/div>\n\t\t\t\t\t\t\t<div class=\"elementor-container elementor-column-gap-default\">\n\t\t\t\t\t<div class=\"elementor-column elementor-col-100 elementor-top-column elementor-element elementor-element-6ba1f683\" data-id=\"6ba1f683\" data-element_type=\"column\" data-e-type=\"column\">\n\t\t\t<div class=\"elementor-widget-wrap elementor-element-populated\">\n\t\t\t\t\t\t<div class=\"elementor-element elementor-element-778eb6ba elementor-widget elementor-widget-heading\" data-id=\"778eb6ba\" data-element_type=\"widget\" data-e-type=\"widget\" data-widget_type=\"heading.default\">\n\t\t\t\t<div class=\"elementor-widget-container\">\n\t\t\t\t\t<h1 class=\"elementor-heading-title elementor-size-default\">Naprawa przyczep kempingowych Sant Climent de Peralta<\/h1>\t\t\t\t<\/div>\n\t\t\t\t<\/div>\n\t\t\t\t<div class=\"elementor-element elementor-element-5781e74e elementor-widget elementor-widget-heading\" data-id=\"5781e74e\" data-element_type=\"widget\" data-e-type=\"widget\" data-widget_type=\"heading.default\">\n\t\t\t\t<div class=\"elementor-widget-container\">\n\t\t\t\t\t<p class=\"elementor-heading-title elementor-size-default\"> <\/p>\t\t\t\t<\/div>\n\t\t\t\t<\/div>\n\t\t\t\t\t<\/div>\n\t\t<\/div>\n\t\t\t\t\t<\/div>\n\t\t<\/section>\n\t\t\t\t<section class=\"elementor-section elementor-top-section elementor-element elementor-element-324cabea elementor-section-content-middle elementor-section-boxed elementor-section-height-default elementor-section-height-default\" data-id=\"324cabea\" data-element_type=\"section\" data-e-type=\"section\">\n\t\t\t\t\t\t<div class=\"elementor-container elementor-column-gap-no\">\n\t\t\t\t\t<div class=\"elementor-column elementor-col-100 elementor-top-column elementor-element elementor-element-756a50e5\" data-id=\"756a50e5\" data-element_type=\"column\" data-e-type=\"column\">\n\t\t\t<div class=\"elementor-widget-wrap elementor-element-populated\">\n\t\t\t\t\t\t<div class=\"elementor-element elementor-element-3a779b0 elementor-widget elementor-widget-heading\" data-id=\"3a779b0\" data-element_type=\"widget\" data-e-type=\"widget\" data-widget_type=\"heading.default\">\n\t\t\t\t<div class=\"elementor-widget-container\">\n\t\t\t\t\t<h2 class=\"elementor-heading-title elementor-size-default\">CaravanRepair\u00ae Naprawa uszkodze\u0144 przyczepy kempingowej lub kampera profesjonalnie naprawiona.<\/h2>\t\t\t\t<\/div>\n\t\t\t\t<\/div>\n\t\t\t\t\t<\/div>\n\t\t<\/div>\n\t\t\t\t\t<\/div>\n\t\t<\/section>\n\t\t\t\t<section class=\"elementor-section elementor-top-section elementor-element elementor-element-635f95e4 elementor-section-content-middle elementor-reverse-mobile elementor-section-boxed elementor-section-height-default elementor-section-height-default\" data-id=\"635f95e4\" data-element_type=\"section\" data-e-type=\"section\">\n\t\t\t\t\t\t<div class=\"elementor-container elementor-column-gap-no\">\n\t\t\t\t\t<div class=\"elementor-column elementor-col-50 elementor-top-column elementor-element elementor-element-149d79ce\" data-id=\"149d79ce\" data-element_type=\"column\" data-e-type=\"column\">\n\t\t\t<div class=\"elementor-widget-wrap elementor-element-populated\">\n\t\t\t\t\t\t<div class=\"elementor-element elementor-element-6eab26e2 elementor-widget elementor-widget-heading\" data-id=\"6eab26e2\" data-element_type=\"widget\" data-e-type=\"widget\" data-widget_type=\"heading.default\">\n\t\t\t\t<div class=\"elementor-widget-container\">\n\t\t\t\t\t<h3 class=\"elementor-heading-title elementor-size-default\">Naprawa przyczep kempingowych Sant Climent de Peralta<\/h3>\t\t\t\t<\/div>\n\t\t\t\t<\/div>\n\t\t\t\t<div class=\"elementor-element elementor-element-fe86096 elementor-widget elementor-widget-text-editor\" data-id=\"fe86096\" data-element_type=\"widget\" data-e-type=\"widget\" data-widget_type=\"text-editor.default\">\n\t\t\t\t<div class=\"elementor-widget-container\">\n\t\t\t\t\t\t\t\t\t<p>CaravanRepair Sant Climent de Peralta jest cz\u0119\u015bci\u0105 CaravanRepair Group Europe. Grupa CaravanRepair jest wiod\u0105c\u0105 sieci\u0105 profesjonalnych firm zajmuj\u0105cych si\u0119 napraw\u0105 uszkodze\u0144 przyczep kempingowych i kamper\u00f3w i wyznaczy\u0142a swojego g\u0142\u00f3wnego dealera w Sant Climent de Peralta na swojego dealera w regionie Katalonii. Tym krokiem Grupa CaravanRepair rozszerza swoje wysokiej jako\u015bci us\u0142ugi naprawcze w Hiszpanii.<\/p><p>CaravanRepair s\u0142ynie z profesjonalnej i kompleksowej us\u0142ugi naprawy uszkodze\u0144.Wsp\u00f3\u0142pracujemy z zespo\u0142em do\u015bwiadczonych fachowc\u00f3w, kt\u00f3rzy specjalizuj\u0105 si\u0119 w naprawie przyczep kempingowych i kamper\u00f3w wszystkich marek i modeli. Od napraw kosmetycznych po naprawy strukturalne \u2013 oferujemy szereg us\u0142ug, dzi\u0119ki kt\u00f3rym Twoja przyczepa kempingowa lub kamper b\u0119dzie w doskona\u0142ym stanie. U\u017cywamy wy\u0142\u0105cznie wysokiej jako\u015bci materia\u0142\u00f3w i zaawansowanych technik, aby zapewni\u0107 trwa\u0142e i wysokiej jako\u015bci rezultaty.<\/p><h3>CaravanRepair Group wsp\u00f3\u0142pracuje z sieci\u0105 profesjonalnych i dobrze wyszkolonych partner\u00f3w.<\/h3><p>Dzi\u0119ki wyrafinowanemu i opatentowanemu systemowi naprawy przyczep kempingowych, CaravanRepair w Sant Climent de Perata jest w stanie w niewidoczny spos\u00f3b naprawi\u0107 wszystkie profilowane \u015bciany przyczep kempingowych \/ kamper\u00f3w. Niezale\u017cnie od tego, czy chodzi o ma\u0142e czy wi\u0119ksze wgniecenie, uszkodzenie spowodowane przez grad, p\u0119kni\u0119cie lub zarysowanie. lub nawet uszkodzenia spowodowane wilgoci\u0105 w przyczepie kempingowej lub kamperze, mo\u017cna je naprawi\u0107 szybko, profesjonalnie i niewidocznie. Dzi\u0119ki zastosowaniu idealnie dobranych produkt\u00f3w i materia\u0142\u00f3w mo\u017cliwe jest nawet udzielenie do\u017cywotniej gwarancji.<a href=\"https:\/\/oud.caravanrepair.eu\/pl\/formulaire\/\" target=\"_blank\" rel=\"noopener\"><strong>Zg\u0142o\u015b tutaj swoje szkody bez zobowi\u0105za\u0144.<\/strong><\/a><\/p><p><a href=\"https:\/\/oud.caravanrepair.eu\/pl\/gwarancji\/\" target=\"_blank\" rel=\"noopener\">\u00a0<\/a><\/p><p>\u00a0<\/p>\t\t\t\t\t\t\t\t<\/div>\n\t\t\t\t<\/div>\n\t\t\t\t\t<\/div>\n\t\t<\/div>\n\t\t\t\t<div class=\"elementor-column elementor-col-50 elementor-top-column elementor-element elementor-element-5e2e8c49\" data-id=\"5e2e8c49\" data-element_type=\"column\" data-e-type=\"column\">\n\t\t\t<div class=\"elementor-widget-wrap elementor-element-populated\">\n\t\t\t\t\t\t<div class=\"elementor-element elementor-element-6d2bca99 elementor-widget elementor-widget-image\" data-id=\"6d2bca99\" data-element_type=\"widget\" data-e-type=\"widget\" data-widget_type=\"image.default\">\n\t\t\t\t<div class=\"elementor-widget-container\">\n\t\t\t\t\t\t\t\t\t\t\t\t\t\t\t<img fetchpriority=\"high\" decoding=\"async\" width=\"480\" height=\"640\" src=\"https:\/\/oud.caravanrepair.eu\/wp-content\/uploads\/2023\/10\/IMG_6285.jpeg\" class=\"attachment-large size-large wp-image-8625\" alt=\"Zestaw naprawczy do przyczep kempingowych od CaravanRepair\" srcset=\"https:\/\/oud.caravanrepair.eu\/wp-content\/uploads\/2023\/10\/IMG_6285-9x12.jpeg 9w, https:\/\/oud.caravanrepair.eu\/wp-content\/uploads\/2023\/10\/IMG_6285-200x267.jpeg 200w, https:\/\/oud.caravanrepair.eu\/wp-content\/uploads\/2023\/10\/IMG_6285-225x300.jpeg 225w, https:\/\/oud.caravanrepair.eu\/wp-content\/uploads\/2023\/10\/IMG_6285-400x533.jpeg 400w, https:\/\/oud.caravanrepair.eu\/wp-content\/uploads\/2023\/10\/IMG_6285.jpeg 480w\" sizes=\"(max-width: 480px) 100vw, 480px\" \/>\t\t\t\t\t\t\t\t\t\t\t\t\t\t\t<\/div>\n\t\t\t\t<\/div>\n\t\t\t\t\t<\/div>\n\t\t<\/div>\n\t\t\t\t\t<\/div>\n\t\t<\/section>\n\t\t\t\t<section class=\"elementor-section elementor-top-section elementor-element elementor-element-4e58e4c1 elementor-section-content-middle elementor-section-boxed elementor-section-height-default elementor-section-height-default\" data-id=\"4e58e4c1\" data-element_type=\"section\" data-e-type=\"section\" data-settings=\"{&quot;background_background&quot;:&quot;classic&quot;}\">\n\t\t\t\t\t\t\t<div class=\"elementor-background-overlay\"><\/div>\n\t\t\t\t\t\t\t<div class=\"elementor-container elementor-column-gap-no\">\n\t\t\t\t\t<div class=\"elementor-column elementor-col-100 elementor-top-column elementor-element elementor-element-7d25959c\" data-id=\"7d25959c\" data-element_type=\"column\" data-e-type=\"column\">\n\t\t\t<div class=\"elementor-widget-wrap elementor-element-populated\">\n\t\t\t\t\t\t<div class=\"elementor-element elementor-element-595707c0 elementor-widget elementor-widget-heading\" data-id=\"595707c0\" data-element_type=\"widget\" data-e-type=\"widget\" data-widget_type=\"heading.default\">\n\t\t\t\t<div class=\"elementor-widget-container\">\n\t\t\t\t\t<h2 class=\"elementor-heading-title elementor-size-default\">Zg\u0142osi\u0107 uszkodzenie przyczepy kempingowej lub kampera?<\/h2>\t\t\t\t<\/div>\n\t\t\t\t<\/div>\n\t\t\t\t<div class=\"elementor-element elementor-element-76d6f2d7 elementor-widget elementor-widget-text-editor\" data-id=\"76d6f2d7\" data-element_type=\"widget\" data-e-type=\"widget\" data-widget_type=\"text-editor.default\">\n\t\t\t\t<div class=\"elementor-widget-container\">\n\t\t\t\t\t\t\t\t\t<p style=\"text-align: center;\">Je\u015bli Twoja przyczepa kempingowa lub kamper uleg\u0142a uszkodzeniu, wype\u0142nij formularz szkody online, a my skontaktujemy si\u0119 z Tob\u0105.<\/p>\t\t\t\t\t\t\t\t<\/div>\n\t\t\t\t<\/div>\n\t\t\t\t<div class=\"elementor-element elementor-element-fb4e6f1 elementor-align-center elementor-mobile-align-left elementor-widget elementor-widget-button\" data-id=\"fb4e6f1\" data-element_type=\"widget\" data-e-type=\"widget\" data-widget_type=\"button.default\">\n\t\t\t\t<div class=\"elementor-widget-container\">\n\t\t\t\t\t\t\t\t\t<div class=\"elementor-button-wrapper\">\n\t\t\t\t\t<a class=\"elementor-button elementor-button-link elementor-size-sm elementor-animation-grow\" href=\"https:\/\/oud.caravanrepair.eu\/pl\/formulaire\/\">\n\t\t\t\t\t\t<span class=\"elementor-button-content-wrapper\">\n\t\t\t\t\t\t\t\t\t<span class=\"elementor-button-text\">ZG\u0141O\u015a SZKOD\u0118<\/span>\n\t\t\t\t\t<\/span>\n\t\t\t\t\t<\/a>\n\t\t\t\t<\/div>\n\t\t\t\t\t\t\t\t<\/div>\n\t\t\t\t<\/div>\n\t\t\t\t\t<\/div>\n\t\t<\/div>\n\t\t\t\t\t<\/div>\n\t\t<\/section>\n\t\t\t\t<section class=\"elementor-section elementor-top-section elementor-element elementor-element-19545995 elementor-section-full_width elementor-section-content-middle elementor-section-height-default elementor-section-height-default\" data-id=\"19545995\" data-element_type=\"section\" data-e-type=\"section\">\n\t\t\t\t\t\t<div class=\"elementor-container elementor-column-gap-no\">\n\t\t\t\t\t<div class=\"elementor-column elementor-col-50 elementor-top-column elementor-element elementor-element-12186560\" data-id=\"12186560\" data-element_type=\"column\" data-e-type=\"column\" data-settings=\"{&quot;background_background&quot;:&quot;classic&quot;}\">\n\t\t\t<div class=\"elementor-widget-wrap elementor-element-populated\">\n\t\t\t\t\t<div class=\"elementor-background-overlay\"><\/div>\n\t\t\t\t\t\t<div class=\"elementor-element elementor-element-54c3c83f elementor-widget elementor-widget-heading\" data-id=\"54c3c83f\" data-element_type=\"widget\" data-e-type=\"widget\" data-widget_type=\"heading.default\">\n\t\t\t\t<div class=\"elementor-widget-container\">\n\t\t\t\t\t<h3 class=\"elementor-heading-title elementor-size-default\">Naprawa przyczep kempingowych Sant Climent de Peralta. Hiszpania<\/h3>\t\t\t\t<\/div>\n\t\t\t\t<\/div>\n\t\t\t\t\t<\/div>\n\t\t<\/div>\n\t\t\t\t<div class=\"elementor-column elementor-col-50 elementor-top-column elementor-element elementor-element-160ab512\" data-id=\"160ab512\" data-element_type=\"column\" data-e-type=\"column\">\n\t\t\t<div class=\"elementor-widget-wrap elementor-element-populated\">\n\t\t\t\t\t\t<div class=\"elementor-element elementor-element-4e7295a2 elementor-widget elementor-widget-text-editor\" data-id=\"4e7295a2\" data-element_type=\"widget\" data-e-type=\"widget\" data-widget_type=\"text-editor.default\">\n\t\t\t\t<div class=\"elementor-widget-container\">\n\t\t\t\t\t\t\t\t\t<h3>Specjalizujemy si\u0119 w naprawie uszkodze\u0144 przyczep kempingowych i kamper\u00f3w w Sant Climent de Peralta.<\/h3><p>Na szcz\u0119\u015bcie CaravanRepair Group oferuje rozleg\u0142\u0105 sie\u0107 specjalist\u00f3w, kt\u00f3rzy potrafi\u0105 naprawi\u0107 uszkodzenia Twojej przyczepy kempingowej lub kampera z kunsztem i profesjonalizmem. Dzi\u0119ki wieloletniemu do\u015bwiadczeniu w naprawach przyczep kempingowych i kamper\u00f3w posiadamy niezb\u0119dn\u0105 wiedz\u0119 i umiej\u0119tno\u015bci do przeprowadzania wszelkiego rodzaju napraw.<\/p><h3>Korzy\u015bci ze wsp\u00f3\u0142pracy z Caravanrepair w Sant Climent de Peralta.<\/h3><p>W Caravanrepair Sant Climent de Peralta wsp\u00f3\u0142pracujemy z do\u015bwiadczonymi i wyspecjalizowanymi profesjonalistami, kt\u00f3rzy dok\u0142adnie wiedz\u0105, czego potrzeba, aby Twoja przyczepa kempingowa lub kamper zn\u00f3w wygl\u0105da\u0142a jak nowa. Znamy specyficzne cz\u0119\u015bci, materia\u0142y i techniki stosowane podczas naprawy przyczep kempingowych i kamper\u00f3w, dzi\u0119ki czemu zawsze mo\u017cemy zapewni\u0107 najlepsze rezultaty. <a href=\"Https:\/\/caravanstalling-spanje.com\"><strong>Kliknij tutaj, aby uzyska\u0107 informacje.<\/strong><\/a><\/p><h3>Szybka obs\u0142uga<\/h3><p>Rozumiemy, \u017ce w\u0142a\u015bciciele przyczep kempingowych maj\u0105 ju\u017c wystarczaj\u0105co du\u017co zmartwie\u0144, gdy do\u015bwiadcz\u0105 uszkodze\u0144. Dlatego ch\u0119tnie przejmiemy od Ciebie dodatkowy ci\u0119\u017car, za\u0142atwiaj\u0105c sprawn\u0105 rozliczenie z Twoim ubezpieczycielem. Nasz system CaravanRepair\u00ae jest uznawany przez wszystkich ubezpieczycieli, wi\u0119c nie musisz si\u0119 tym martwi\u0107. Rozumiemy, \u017ce uszkodzenia przyczep kempingowych s\u0105 wystarczaj\u0105co irytuj\u0105ce.<\/p><h3>Wniosek<\/h3><p>CaravanRepair jest wiod\u0105c\u0105 firm\u0105 zajmuj\u0105c\u0105 si\u0119 napraw\u0105 uszkodze\u0144 przyczep kempingowych i kamper\u00f3w.Dzi\u0119ki naszej profesjonalnej obs\u0142udze, szerokiej wiedzy specjalistycznej i zastosowaniu wysokiej jako\u015bci materia\u0142\u00f3w zapewniamy, \u017ce Twoja przyczepa kempingowa lub kamper b\u0119dzie ponownie w doskona\u0142ym stanie.<\/p><p>Je\u015bli wi\u0119c spotkasz si\u0119 z uszkodzeniem, nie musisz szuka\u0107 dalej. Naprawa przyczep kempingowych Sant Climent de Peralta jest gotowa Ci pom\u00f3c. Uszkodzenie: natychmiast wype\u0142nij formularz szkody.<\/p><p><strong><a href=\"https:\/\/oud.caravanrepair.eu\/pl\/formulaire\/\" target=\"_blank\" rel=\"noopener\">Kliknij tutaj, aby zapozna\u0107 si\u0119 z formularzem roszczenia.<\/a><\/strong><\/p>\t\t\t\t\t\t\t\t<\/div>\n\t\t\t\t<\/div>\n\t\t\t\t\t<\/div>\n\t\t<\/div>\n\t\t\t\t\t<\/div>\n\t\t<\/section>\n\t\t\t\t<section class=\"elementor-section elementor-top-section elementor-element elementor-element-78beb4aa elementor-section-content-middle elementor-section-boxed elementor-section-height-default elementor-section-height-default\" data-id=\"78beb4aa\" data-element_type=\"section\" data-e-type=\"section\" data-settings=\"{&quot;background_background&quot;:&quot;classic&quot;}\">\n\t\t\t\t\t\t\t<div class=\"elementor-background-overlay\"><\/div>\n\t\t\t\t\t\t\t<div class=\"elementor-container elementor-column-gap-no\">\n\t\t\t\t\t<div class=\"elementor-column elementor-col-50 elementor-top-column elementor-element elementor-element-dce8d3f\" data-id=\"dce8d3f\" data-element_type=\"column\" data-e-type=\"column\">\n\t\t\t<div class=\"elementor-widget-wrap elementor-element-populated\">\n\t\t\t\t\t\t<div class=\"elementor-element elementor-element-4df24ab9 elementor-widget elementor-widget-heading\" data-id=\"4df24ab9\" data-element_type=\"widget\" data-e-type=\"widget\" data-widget_type=\"heading.default\">\n\t\t\t\t<div class=\"elementor-widget-container\">\n\t\t\t\t\t<h2 class=\"elementor-heading-title elementor-size-default\">Szukasz warsztatu CaravanRepair\u00ae w pobli\u017cu?<\/h2>\t\t\t\t<\/div>\n\t\t\t\t<\/div>\n\t\t\t\t<div class=\"elementor-element elementor-element-68135789 elementor-widget elementor-widget-text-editor\" data-id=\"68135789\" data-element_type=\"widget\" data-e-type=\"widget\" data-widget_type=\"text-editor.default\">\n\t\t\t\t<div class=\"elementor-widget-container\">\n\t\t\t\t\t\t\t\t\t<p>Nasi serwisanci dzia\u0142aj\u0105 na terenie ca\u0142ej Europy!<\/p>\t\t\t\t\t\t\t\t<\/div>\n\t\t\t\t<\/div>\n\t\t\t\t\t<\/div>\n\t\t<\/div>\n\t\t\t\t<div class=\"elementor-column elementor-col-50 elementor-top-column elementor-element elementor-element-1ec2baef\" data-id=\"1ec2baef\" data-element_type=\"column\" data-e-type=\"column\">\n\t\t\t<div class=\"elementor-widget-wrap elementor-element-populated\">\n\t\t\t\t\t\t<div class=\"elementor-element elementor-element-25aa2b83 elementor-align-center elementor-mobile-align-left elementor-widget elementor-widget-button\" data-id=\"25aa2b83\" data-element_type=\"widget\" data-e-type=\"widget\" data-widget_type=\"button.default\">\n\t\t\t\t<div class=\"elementor-widget-container\">\n\t\t\t\t\t\t\t\t\t<div class=\"elementor-button-wrapper\">\n\t\t\t\t\t<a class=\"elementor-button elementor-button-link elementor-size-sm elementor-animation-grow\" href=\"https:\/\/oud.caravanrepair.eu\/pl\/dealerzy\/\">\n\t\t\t\t\t\t<span class=\"elementor-button-content-wrapper\">\n\t\t\t\t\t\t\t\t\t<span class=\"elementor-button-text\">Wyszukaj teraz<\/span>\n\t\t\t\t\t<\/span>\n\t\t\t\t\t<\/a>\n\t\t\t\t<\/div>\n\t\t\t\t\t\t\t\t<\/div>\n\t\t\t\t<\/div>\n\t\t\t\t\t<\/div>\n\t\t<\/div>\n\t\t\t\t\t<\/div>\n\t\t<\/section>\n\t\t\t\t<\/div>","protected":false},"excerpt":{"rendered":"<p>CaravanRepair Sant Climent de Peralta CaravanRepair\u00ae Schadeherstel van caravan-of camper professioneel hersteld. CaravanRepair Sant Climent de Peralta CaravanRepair Sant Climent<\/p>","protected":false},"author":3,"featured_media":0,"parent":0,"menu_order":0,"comment_status":"closed","ping_status":"closed","template":"elementor_header_footer","meta":{"footnotes":""},"class_list":["post-10476","page","type-page","status-publish","hentry","pagina_tag-caravanrepair-dealers"],"yoast_head":"<!-- This site is optimized with the Yoast SEO Premium plugin v27.5 (Yoast SEO v28.3) - https:\/\/yoast.com\/product\/yoast-seo-premium-wordpress\/ -->\n<title>CaravanRepair Sant Climent de Peralta<\/title>\n<meta name=\"description\" content=\"CaravanRepair Sant Climent de Peralta: d\u00e9 dealer voor hoogwaardig caravan- en camper schadeherstel in Cataloni\u00eb. Ervaren en professioneel\" \/>\n<meta name=\"robots\" content=\"noindex, follow, max-snippet:-1, max-image-preview:large, max-video-preview:-1\" \/>\n<meta property=\"og:locale\" content=\"pl_PL\" \/>\n<meta property=\"og:type\" content=\"article\" \/>\n<meta property=\"og:title\" content=\"CaravanRepair Sant Climent de Peralta\" \/>\n<meta property=\"og:description\" content=\"CaravanRepair Sant Climent de Peralta: d\u00e9 dealer voor hoogwaardig caravan- en camper schadeherstel in Cataloni\u00eb. Ervaren en professioneel\" \/>\n<meta property=\"og:url\" content=\"https:\/\/oud.caravanrepair.eu\/pl\/naprawa-przyczep-kempingowych-sant-climent-de-peralta\/\" \/>\n<meta property=\"og:site_name\" content=\"CaravanRepair\u00ae\" \/>\n<meta property=\"article:modified_time\" content=\"2024-12-09T08:36:45+00:00\" \/>\n<meta property=\"og:image\" content=\"https:\/\/oud.caravanrepair.eu\/wp-content\/uploads\/2023\/10\/IMG_6285.jpeg\" \/>\n\t<meta property=\"og:image:width\" content=\"480\" \/>\n\t<meta property=\"og:image:height\" content=\"640\" \/>\n\t<meta property=\"og:image:type\" content=\"image\/jpeg\" \/>\n<meta name=\"twitter:card\" content=\"summary_large_image\" \/>\n<meta name=\"twitter:label1\" content=\"Szacowany czas czytania\" \/>\n\t<meta name=\"twitter:data1\" content=\"3 minuty\" \/>\n<script type=\"application\/ld+json\" class=\"yoast-schema-graph\">{\"@context\":\"https:\\\/\\\/schema.org\",\"@graph\":[{\"@type\":\"WebPage\",\"@id\":\"https:\\\/\\\/oud.caravanrepair.eu\\\/caravanrepair-sant-climent-de-peralta\\\/\",\"url\":\"https:\\\/\\\/oud.caravanrepair.eu\\\/caravanrepair-sant-climent-de-peralta\\\/\",\"name\":\"CaravanRepair Sant Climent de Peralta\",\"isPartOf\":{\"@id\":\"https:\\\/\\\/oud.caravanrepair.eu\\\/#website\"},\"primaryImageOfPage\":{\"@id\":\"https:\\\/\\\/oud.caravanrepair.eu\\\/caravanrepair-sant-climent-de-peralta\\\/#primaryimage\"},\"image\":{\"@id\":\"https:\\\/\\\/oud.caravanrepair.eu\\\/caravanrepair-sant-climent-de-peralta\\\/#primaryimage\"},\"thumbnailUrl\":\"https:\\\/\\\/oud.caravanrepair.eu\\\/wp-content\\\/uploads\\\/2023\\\/10\\\/IMG_6285.jpeg\",\"datePublished\":\"2024-01-11T09:59:50+00:00\",\"dateModified\":\"2024-12-09T08:36:45+00:00\",\"description\":\"CaravanRepair Sant Climent de Peralta: d\u00e9 dealer voor hoogwaardig caravan- en camper schadeherstel in Cataloni\u00eb. Ervaren en professioneel\",\"breadcrumb\":{\"@id\":\"https:\\\/\\\/oud.caravanrepair.eu\\\/caravanrepair-sant-climent-de-peralta\\\/#breadcrumb\"},\"inLanguage\":\"pl-PL\",\"potentialAction\":[{\"@type\":\"ReadAction\",\"target\":[\"https:\\\/\\\/oud.caravanrepair.eu\\\/caravanrepair-sant-climent-de-peralta\\\/\"]}]},{\"@type\":\"ImageObject\",\"inLanguage\":\"pl-PL\",\"@id\":\"https:\\\/\\\/oud.caravanrepair.eu\\\/caravanrepair-sant-climent-de-peralta\\\/#primaryimage\",\"url\":\"https:\\\/\\\/oud.caravanrepair.eu\\\/wp-content\\\/uploads\\\/2023\\\/10\\\/IMG_6285.jpeg\",\"contentUrl\":\"https:\\\/\\\/oud.caravanrepair.eu\\\/wp-content\\\/uploads\\\/2023\\\/10\\\/IMG_6285.jpeg\"},{\"@type\":\"BreadcrumbList\",\"@id\":\"https:\\\/\\\/oud.caravanrepair.eu\\\/caravanrepair-sant-climent-de-peralta\\\/#breadcrumb\",\"itemListElement\":[{\"@type\":\"ListItem\",\"position\":1,\"name\":\"Home\",\"item\":\"https:\\\/\\\/oud.caravanrepair.eu\\\/\"},{\"@type\":\"ListItem\",\"position\":2,\"name\":\"CaravanRepair Sant Climent de Peralta\"}]},{\"@type\":\"WebSite\",\"@id\":\"https:\\\/\\\/oud.caravanrepair.eu\\\/#website\",\"url\":\"https:\\\/\\\/oud.caravanrepair.eu\\\/\",\"name\":\"CaravanRepair\u00ae\",\"description\":\"Professioneel schadeherstel voor caravan en camper\",\"publisher\":{\"@id\":\"https:\\\/\\\/oud.caravanrepair.eu\\\/#organization\"},\"potentialAction\":[{\"@type\":\"SearchAction\",\"target\":{\"@type\":\"EntryPoint\",\"urlTemplate\":\"https:\\\/\\\/oud.caravanrepair.eu\\\/?s={search_term_string}\"},\"query-input\":{\"@type\":\"PropertyValueSpecification\",\"valueRequired\":true,\"valueName\":\"search_term_string\"}}],\"inLanguage\":\"pl-PL\"},{\"@type\":\"Organization\",\"@id\":\"https:\\\/\\\/oud.caravanrepair.eu\\\/#organization\",\"name\":\"CaravanRepair\u00ae\",\"url\":\"https:\\\/\\\/oud.caravanrepair.eu\\\/\",\"logo\":{\"@type\":\"ImageObject\",\"inLanguage\":\"pl-PL\",\"@id\":\"https:\\\/\\\/oud.caravanrepair.eu\\\/#\\\/schema\\\/logo\\\/image\\\/\",\"url\":\"https:\\\/\\\/oud.caravanrepair.eu\\\/wp-content\\\/uploads\\\/2019\\\/01\\\/logo-caravanrepair.png\",\"contentUrl\":\"https:\\\/\\\/oud.caravanrepair.eu\\\/wp-content\\\/uploads\\\/2019\\\/01\\\/logo-caravanrepair.png\",\"width\":353,\"height\":150,\"caption\":\"CaravanRepair\u00ae\"},\"image\":{\"@id\":\"https:\\\/\\\/oud.caravanrepair.eu\\\/#\\\/schema\\\/logo\\\/image\\\/\"}}]}<\/script>\n<!-- \/ Yoast SEO Premium plugin. -->","yoast_head_json":{"title":"Naprawa przyczep kempingowych Sant Climent de Peralta","description":"CaravanRepair Sant Climent de Peralta: sprzedawca wysokiej jako\u015bci napraw uszkodze\u0144 przyczep kempingowych i kamper\u00f3w w Katalonii. Do\u015bwiadczony i profesjonalny","robots":{"index":"noindex","follow":"follow","max-snippet":"max-snippet:-1","max-image-preview":"max-image-preview:large","max-video-preview":"max-video-preview:-1"},"og_locale":"pl_PL","og_type":"article","og_title":"CaravanRepair Sant Climent de Peralta","og_description":"CaravanRepair Sant Climent de Peralta: d\u00e9 dealer voor hoogwaardig caravan- en camper schadeherstel in Cataloni\u00eb. Ervaren en professioneel","og_url":"https:\/\/oud.caravanrepair.eu\/pl\/naprawa-przyczep-kempingowych-sant-climent-de-peralta\/","og_site_name":"CaravanRepair\u00ae","article_modified_time":"2024-12-09T08:36:45+00:00","og_image":[{"width":480,"height":640,"url":"https:\/\/oud.caravanrepair.eu\/wp-content\/uploads\/2023\/10\/IMG_6285.jpeg","type":"image\/jpeg"}],"twitter_card":"summary_large_image","twitter_misc":{"Szacowany czas czytania":"3 minuty"},"schema":{"@context":"https:\/\/schema.org","@graph":[{"@type":"WebPage","@id":"https:\/\/oud.caravanrepair.eu\/caravanrepair-sant-climent-de-peralta\/","url":"https:\/\/oud.caravanrepair.eu\/caravanrepair-sant-climent-de-peralta\/","name":"Naprawa przyczep kempingowych Sant Climent de Peralta","isPartOf":{"@id":"https:\/\/oud.caravanrepair.eu\/#website"},"primaryImageOfPage":{"@id":"https:\/\/oud.caravanrepair.eu\/caravanrepair-sant-climent-de-peralta\/#primaryimage"},"image":{"@id":"https:\/\/oud.caravanrepair.eu\/caravanrepair-sant-climent-de-peralta\/#primaryimage"},"thumbnailUrl":"https:\/\/oud.caravanrepair.eu\/wp-content\/uploads\/2023\/10\/IMG_6285.jpeg","datePublished":"2024-01-11T09:59:50+00:00","dateModified":"2024-12-09T08:36:45+00:00","description":"CaravanRepair Sant Climent de Peralta: sprzedawca wysokiej jako\u015bci napraw uszkodze\u0144 przyczep kempingowych i kamper\u00f3w w Katalonii. Do\u015bwiadczony i profesjonalny","breadcrumb":{"@id":"https:\/\/oud.caravanrepair.eu\/caravanrepair-sant-climent-de-peralta\/#breadcrumb"},"inLanguage":"pl-PL","potentialAction":[{"@type":"ReadAction","target":["https:\/\/oud.caravanrepair.eu\/caravanrepair-sant-climent-de-peralta\/"]}]},{"@type":"ImageObject","inLanguage":"pl-PL","@id":"https:\/\/oud.caravanrepair.eu\/caravanrepair-sant-climent-de-peralta\/#primaryimage","url":"https:\/\/oud.caravanrepair.eu\/wp-content\/uploads\/2023\/10\/IMG_6285.jpeg","contentUrl":"https:\/\/oud.caravanrepair.eu\/wp-content\/uploads\/2023\/10\/IMG_6285.jpeg"},{"@type":"BreadcrumbList","@id":"https:\/\/oud.caravanrepair.eu\/caravanrepair-sant-climent-de-peralta\/#breadcrumb","itemListElement":[{"@type":"ListItem","position":1,"name":"Home","item":"https:\/\/oud.caravanrepair.eu\/"},{"@type":"ListItem","position":2,"name":"CaravanRepair Sant Climent de Peralta"}]},{"@type":"WebSite","@id":"https:\/\/oud.caravanrepair.eu\/#website","url":"https:\/\/oud.caravanrepair.eu\/","name":"CaravanRepair\u00ae","description":"Profesjonalna naprawa uszkodze\u0144 przyczep kempingowych i kamper\u00f3w","publisher":{"@id":"https:\/\/oud.caravanrepair.eu\/#organization"},"potentialAction":[{"@type":"SearchAction","target":{"@type":"EntryPoint","urlTemplate":"https:\/\/oud.caravanrepair.eu\/?s={search_term_string}"},"query-input":{"@type":"PropertyValueSpecification","valueRequired":true,"valueName":"search_term_string"}}],"inLanguage":"pl-PL"},{"@type":"Organization","@id":"https:\/\/oud.caravanrepair.eu\/#organization","name":"CaravanRepair\u00ae","url":"https:\/\/oud.caravanrepair.eu\/","logo":{"@type":"ImageObject","inLanguage":"pl-PL","@id":"https:\/\/oud.caravanrepair.eu\/#\/schema\/logo\/image\/","url":"https:\/\/oud.caravanrepair.eu\/wp-content\/uploads\/2019\/01\/logo-caravanrepair.png","contentUrl":"https:\/\/oud.caravanrepair.eu\/wp-content\/uploads\/2019\/01\/logo-caravanrepair.png","width":353,"height":150,"caption":"CaravanRepair\u00ae"},"image":{"@id":"https:\/\/oud.caravanrepair.eu\/#\/schema\/logo\/image\/"}}]}},"_links":{"self":[{"href":"https:\/\/oud.caravanrepair.eu\/pl\/wp-json\/wp\/v2\/pages\/10476","targetHints":{"allow":["GET"]}}],"collection":[{"href":"https:\/\/oud.caravanrepair.eu\/pl\/wp-json\/wp\/v2\/pages"}],"about":[{"href":"https:\/\/oud.caravanrepair.eu\/pl\/wp-json\/wp\/v2\/types\/page"}],"author":[{"embeddable":true,"href":"https:\/\/oud.caravanrepair.eu\/pl\/wp-json\/wp\/v2\/users\/3"}],"replies":[{"embeddable":true,"href":"https:\/\/oud.caravanrepair.eu\/pl\/wp-json\/wp\/v2\/comments?post=10476"}],"version-history":[{"count":0,"href":"https:\/\/oud.caravanrepair.eu\/pl\/wp-json\/wp\/v2\/pages\/10476\/revisions"}],"wp:attachment":[{"href":"https:\/\/oud.caravanrepair.eu\/pl\/wp-json\/wp\/v2\/media?parent=10476"}],"curies":[{"name":"wp","href":"https:\/\/api.w.org\/{rel}","templated":true}]}}