{"id":12582,"date":"2024-03-02T14:02:31","date_gmt":"2024-03-02T13:02:31","guid":{"rendered":"https:\/\/oud.caravanrepair.eu\/?page_id=12582"},"modified":"2025-08-29T13:17:30","modified_gmt":"2025-08-29T11:17:30","slug":"kamper-uszkodzony-przez-burze","status":"publish","type":"page","link":"https:\/\/oud.caravanrepair.eu\/pl\/stormschade-camper\/","title":{"rendered":"Kamper uszkodzony przez burz\u0119"},"content":{"rendered":"<div data-elementor-type=\"wp-page\" data-elementor-id=\"12582\" class=\"elementor elementor-12582\" data-elementor-post-type=\"page\">\n\t\t\t\t\t\t<section class=\"elementor-section elementor-top-section elementor-element elementor-element-5f16fd4b elementor-section-height-min-height elementor-section-content-middle elementor-section-full_width elementor-section-height-default elementor-section-items-middle\" data-id=\"5f16fd4b\" data-element_type=\"section\" data-e-type=\"section\" data-settings=\"{&quot;background_background&quot;:&quot;classic&quot;}\">\n\t\t\t\t\t\t\t<div class=\"elementor-background-overlay\"><\/div>\n\t\t\t\t\t\t\t<div class=\"elementor-container elementor-column-gap-default\">\n\t\t\t\t\t<div class=\"elementor-column elementor-col-100 elementor-top-column elementor-element elementor-element-7f6af93c\" data-id=\"7f6af93c\" data-element_type=\"column\" data-e-type=\"column\">\n\t\t\t<div class=\"elementor-widget-wrap elementor-element-populated\">\n\t\t\t\t\t\t<div class=\"elementor-element elementor-element-6e212d69 elementor-widget elementor-widget-heading\" data-id=\"6e212d69\" data-element_type=\"widget\" data-e-type=\"widget\" data-widget_type=\"heading.default\">\n\t\t\t\t<div class=\"elementor-widget-container\">\n\t\t\t\t\t<h1 class=\"elementor-heading-title elementor-size-default\">Obra\u017cenia od burzy Camper<\/h1>\t\t\t\t<\/div>\n\t\t\t\t<\/div>\n\t\t\t\t<div class=\"elementor-element elementor-element-219bb1dd elementor-widget elementor-widget-heading\" data-id=\"219bb1dd\" data-element_type=\"widget\" data-e-type=\"widget\" data-widget_type=\"heading.default\">\n\t\t\t\t<div class=\"elementor-widget-container\">\n\t\t\t\t\t<p class=\"elementor-heading-title elementor-size-default\"> <\/p>\t\t\t\t<\/div>\n\t\t\t\t<\/div>\n\t\t\t\t\t<\/div>\n\t\t<\/div>\n\t\t\t\t\t<\/div>\n\t\t<\/section>\n\t\t\t\t<section class=\"elementor-section elementor-top-section elementor-element elementor-element-5aadbc9f elementor-section-content-middle elementor-section-boxed elementor-section-height-default elementor-section-height-default\" data-id=\"5aadbc9f\" data-element_type=\"section\" data-e-type=\"section\">\n\t\t\t\t\t\t<div class=\"elementor-container elementor-column-gap-no\">\n\t\t\t\t\t<div class=\"elementor-column elementor-col-100 elementor-top-column elementor-element elementor-element-41d9a841\" data-id=\"41d9a841\" data-element_type=\"column\" data-e-type=\"column\">\n\t\t\t<div class=\"elementor-widget-wrap elementor-element-populated\">\n\t\t\t\t\t\t<div class=\"elementor-element elementor-element-7cb1d3ca elementor-widget elementor-widget-heading\" data-id=\"7cb1d3ca\" data-element_type=\"widget\" data-e-type=\"widget\" data-widget_type=\"heading.default\">\n\t\t\t\t<div class=\"elementor-widget-container\">\n\t\t\t\t\t<h2 class=\"elementor-heading-title elementor-size-default\">Uszkodzenia Twojego kampera przez burz\u0119: co teraz?<\/h2>\t\t\t\t<\/div>\n\t\t\t\t<\/div>\n\t\t\t\t\t<\/div>\n\t\t<\/div>\n\t\t\t\t\t<\/div>\n\t\t<\/section>\n\t\t\t\t<section class=\"elementor-section elementor-top-section elementor-element elementor-element-36459ab4 elementor-section-content-middle elementor-reverse-mobile elementor-section-boxed elementor-section-height-default elementor-section-height-default\" data-id=\"36459ab4\" data-element_type=\"section\" data-e-type=\"section\">\n\t\t\t\t\t\t<div class=\"elementor-container elementor-column-gap-no\">\n\t\t\t\t\t<div class=\"elementor-column elementor-col-50 elementor-top-column elementor-element elementor-element-4fbb4e15\" data-id=\"4fbb4e15\" data-element_type=\"column\" data-e-type=\"column\">\n\t\t\t<div class=\"elementor-widget-wrap elementor-element-populated\">\n\t\t\t\t\t\t<div class=\"elementor-element elementor-element-23c9cab6 elementor-widget elementor-widget-heading\" data-id=\"23c9cab6\" data-element_type=\"widget\" data-e-type=\"widget\" data-widget_type=\"heading.default\">\n\t\t\t\t<div class=\"elementor-widget-container\">\n\t\t\t\t\t<h3 class=\"elementor-heading-title elementor-size-default\">Naprawi\u0107 szkody spowodowane przez burz\u0119? W CaravanRepair dysponujemy specjalistyczn\u0105 wiedz\u0105.<\/h3>\t\t\t\t<\/div>\n\t\t\t\t<\/div>\n\t\t\t\t<div class=\"elementor-element elementor-element-2f748b66 elementor-widget elementor-widget-text-editor\" data-id=\"2f748b66\" data-element_type=\"widget\" data-e-type=\"widget\" data-widget_type=\"text-editor.default\">\n\t\t\t\t<div class=\"elementor-widget-container\">\n\t\t\t\t\t\t\t\t\t<h3>Uszkodzenia spowodowane przez burz\u0119 w Twoim kamperze<\/h3><p>Uszkodzenia kampera spowodowane przez burz\u0119 s\u0105 denerwuj\u0105ce. Czy podczas silnej burzy niespodziewanie dozna\u0142e\u015b uszkodze\u0144 spowodowanych przez burz\u0119? nie martw si\u0119 o awarie, specjali\u015bci CaravanRepair s\u0105 gotowi pom\u00f3c Ci w profesjonalny spos\u00f3b. Rozumiemy, \u017ce szkody spowodowane przez burz\u0119 mog\u0105 by\u0107 druzgoc\u0105ce i \u017ce Twoje plany wakacyjne mog\u0105 nagle si\u0119 posypa\u0107. Dlatego zapewniamy Pa\u0144stwu szybk\u0105 i profesjonaln\u0105 pomoc. Za po\u015brednictwem naszego Call Center natychmiast umawiamy najbli\u017cszego specjalist\u0119 CaravanRepair w celu naprawy Twojej szkody.<\/p><p style=\"font-weight: 400;\"><a href=\"https:\/\/oud.caravanrepair.eu\/pl\/uszkodzenie-kampera-2\/\" target=\"_blank\" rel=\"noopener\">\u27a1\ufe0f Wi\u0119cej informacji na temat naszych metod naprawy uszkodze\u0144 znajdziesz na naszej stronie g\u0142\u00f3wnej po\u015bwi\u0119conej uszkodzeniom kamper\u00f3w<\/a><\/p><h3>Kamper uszkodzony przez burz\u0119<\/h3><p>Nasz zesp\u00f3\u0142 do\u015bwiadczonych ekspert\u00f3w jest gotowy udzieli\u0107 Ci najlepszej pomocy i w razie potrzeby dokona\u0107 dora\u017anych napraw, aby usun\u0105\u0107 nawet najgorsze zmartwienia. Niezale\u017cnie od tego, czy chodzi o uszkodzenie dachu, \u015bcian bocznych czy innych cz\u0119\u015bci Twojego kampera, zapewniamy profesjonaln\u0105 i trwa\u0142\u0105 napraw\u0119. Czy masz szkody spowodowane przez burz\u0119? <a href=\"https:\/\/oud.caravanrepair.eu\/pl\/formulaire\/\" target=\"_blank\" rel=\"noopener\"><span style=\"text-decoration: underline;\"><em><strong>Zg\u0142o\u015b tutaj swoje szkody bez zobowi\u0105za\u0144<\/strong><\/em><\/span><\/a><\/p>\t\t\t\t\t\t\t\t<\/div>\n\t\t\t\t<\/div>\n\t\t\t\t\t<\/div>\n\t\t<\/div>\n\t\t\t\t<div class=\"elementor-column elementor-col-50 elementor-top-column elementor-element elementor-element-a050809\" data-id=\"a050809\" data-element_type=\"column\" data-e-type=\"column\">\n\t\t\t<div class=\"elementor-widget-wrap elementor-element-populated\">\n\t\t\t\t\t\t<div class=\"elementor-element elementor-element-7c07baf6 elementor-widget elementor-widget-image\" data-id=\"7c07baf6\" data-element_type=\"widget\" data-e-type=\"widget\" data-widget_type=\"image.default\">\n\t\t\t\t<div class=\"elementor-widget-container\">\n\t\t\t\t\t\t\t\t\t\t\t\t\t\t\t<img fetchpriority=\"high\" decoding=\"async\" width=\"1024\" height=\"768\" src=\"https:\/\/oud.caravanrepair.eu\/wp-content\/uploads\/2024\/11\/IMG_20190805_155935-1024x768.jpg\" class=\"attachment-large size-large wp-image-17061\" alt=\"Kamper uszkodzony przez burz\u0119\" srcset=\"https:\/\/oud.caravanrepair.eu\/wp-content\/uploads\/2024\/11\/IMG_20190805_155935-16x12.jpg 16w, https:\/\/oud.caravanrepair.eu\/wp-content\/uploads\/2024\/11\/IMG_20190805_155935-200x150.jpg 200w, https:\/\/oud.caravanrepair.eu\/wp-content\/uploads\/2024\/11\/IMG_20190805_155935-300x225.jpg 300w, https:\/\/oud.caravanrepair.eu\/wp-content\/uploads\/2024\/11\/IMG_20190805_155935-400x300.jpg 400w, https:\/\/oud.caravanrepair.eu\/wp-content\/uploads\/2024\/11\/IMG_20190805_155935-600x450.jpg 600w, https:\/\/oud.caravanrepair.eu\/wp-content\/uploads\/2024\/11\/IMG_20190805_155935-768x576.jpg 768w, https:\/\/oud.caravanrepair.eu\/wp-content\/uploads\/2024\/11\/IMG_20190805_155935-800x600.jpg 800w, https:\/\/oud.caravanrepair.eu\/wp-content\/uploads\/2024\/11\/IMG_20190805_155935-1024x768.jpg 1024w, https:\/\/oud.caravanrepair.eu\/wp-content\/uploads\/2024\/11\/IMG_20190805_155935-1200x900.jpg 1200w, https:\/\/oud.caravanrepair.eu\/wp-content\/uploads\/2024\/11\/IMG_20190805_155935-1536x1152.jpg 1536w, https:\/\/oud.caravanrepair.eu\/wp-content\/uploads\/2024\/11\/IMG_20190805_155935-scaled.jpg 1920w\" sizes=\"(max-width: 1024px) 100vw, 1024px\" \/>\t\t\t\t\t\t\t\t\t\t\t\t\t\t\t<\/div>\n\t\t\t\t<\/div>\n\t\t\t\t\t<\/div>\n\t\t<\/div>\n\t\t\t\t\t<\/div>\n\t\t<\/section>\n\t\t\t\t<section class=\"elementor-section elementor-top-section elementor-element elementor-element-4c288a76 elementor-section-content-middle elementor-section-boxed elementor-section-height-default elementor-section-height-default\" data-id=\"4c288a76\" data-element_type=\"section\" data-e-type=\"section\" data-settings=\"{&quot;background_background&quot;:&quot;classic&quot;}\">\n\t\t\t\t\t\t\t<div class=\"elementor-background-overlay\"><\/div>\n\t\t\t\t\t\t\t<div class=\"elementor-container elementor-column-gap-no\">\n\t\t\t\t\t<div class=\"elementor-column elementor-col-100 elementor-top-column elementor-element elementor-element-6a06aaca\" data-id=\"6a06aaca\" data-element_type=\"column\" data-e-type=\"column\">\n\t\t\t<div class=\"elementor-widget-wrap elementor-element-populated\">\n\t\t\t\t\t\t<div class=\"elementor-element elementor-element-2a6ac1a7 elementor-widget elementor-widget-heading\" data-id=\"2a6ac1a7\" data-element_type=\"widget\" data-e-type=\"widget\" data-widget_type=\"heading.default\">\n\t\t\t\t<div class=\"elementor-widget-container\">\n\t\t\t\t\t<h2 class=\"elementor-heading-title elementor-size-default\">Zg\u0142osi\u0107 uszkodzenie przyczepy kempingowej lub kampera?<\/h2>\t\t\t\t<\/div>\n\t\t\t\t<\/div>\n\t\t\t\t<div class=\"elementor-element elementor-element-61bd8515 elementor-widget elementor-widget-text-editor\" data-id=\"61bd8515\" data-element_type=\"widget\" data-e-type=\"widget\" data-widget_type=\"text-editor.default\">\n\t\t\t\t<div class=\"elementor-widget-container\">\n\t\t\t\t\t\t\t\t\t<p style=\"text-align: center;\">Je\u015bli Twoja przyczepa kempingowa lub kamper uleg\u0142a uszkodzeniu, wype\u0142nij formularz szkody online, a my skontaktujemy si\u0119 z Tob\u0105.<\/p>\t\t\t\t\t\t\t\t<\/div>\n\t\t\t\t<\/div>\n\t\t\t\t<div class=\"elementor-element elementor-element-63897840 elementor-align-center elementor-mobile-align-left elementor-widget elementor-widget-button\" data-id=\"63897840\" data-element_type=\"widget\" data-e-type=\"widget\" data-widget_type=\"button.default\">\n\t\t\t\t<div class=\"elementor-widget-container\">\n\t\t\t\t\t\t\t\t\t<div class=\"elementor-button-wrapper\">\n\t\t\t\t\t<a class=\"elementor-button elementor-button-link elementor-size-sm elementor-animation-grow\" href=\"https:\/\/oud.caravanrepair.eu\/pl\/formulaire\/\">\n\t\t\t\t\t\t<span class=\"elementor-button-content-wrapper\">\n\t\t\t\t\t\t\t\t\t<span class=\"elementor-button-text\">ZG\u0141O\u015a SZKOD\u0118<\/span>\n\t\t\t\t\t<\/span>\n\t\t\t\t\t<\/a>\n\t\t\t\t<\/div>\n\t\t\t\t\t\t\t\t<\/div>\n\t\t\t\t<\/div>\n\t\t\t\t\t<\/div>\n\t\t<\/div>\n\t\t\t\t\t<\/div>\n\t\t<\/section>\n\t\t\t\t<section class=\"elementor-section elementor-top-section elementor-element elementor-element-2c499a01 elementor-section-full_width elementor-section-content-middle elementor-section-height-default elementor-section-height-default\" data-id=\"2c499a01\" data-element_type=\"section\" data-e-type=\"section\">\n\t\t\t\t\t\t<div class=\"elementor-container elementor-column-gap-no\">\n\t\t\t\t\t<div class=\"elementor-column elementor-col-50 elementor-top-column elementor-element elementor-element-62c18840\" data-id=\"62c18840\" data-element_type=\"column\" data-e-type=\"column\" data-settings=\"{&quot;background_background&quot;:&quot;classic&quot;}\">\n\t\t\t<div class=\"elementor-widget-wrap elementor-element-populated\">\n\t\t\t\t\t<div class=\"elementor-background-overlay\"><\/div>\n\t\t\t\t\t\t<div class=\"elementor-element elementor-element-384ac42e elementor-widget elementor-widget-heading\" data-id=\"384ac42e\" data-element_type=\"widget\" data-e-type=\"widget\" data-widget_type=\"heading.default\">\n\t\t\t\t<div class=\"elementor-widget-container\">\n\t\t\t\t\t<h3 class=\"elementor-heading-title elementor-size-default\">Naprawa szk\u00f3d spowodowanych przez burz\u0119<\/h3>\t\t\t\t<\/div>\n\t\t\t\t<\/div>\n\t\t\t\t\t<\/div>\n\t\t<\/div>\n\t\t\t\t<div class=\"elementor-column elementor-col-50 elementor-top-column elementor-element elementor-element-7401c771\" data-id=\"7401c771\" data-element_type=\"column\" data-e-type=\"column\">\n\t\t\t<div class=\"elementor-widget-wrap elementor-element-populated\">\n\t\t\t\t\t\t<div class=\"elementor-element elementor-element-111f2adc elementor-widget elementor-widget-text-editor\" data-id=\"111f2adc\" data-element_type=\"widget\" data-e-type=\"widget\" data-widget_type=\"text-editor.default\">\n\t\t\t\t<div class=\"elementor-widget-container\">\n\t\t\t\t\t\t\t\t\t<h3>Naprawa szk\u00f3d spowodowanych burz\u0105<\/h3><p>W Caravan Repair rozumiemy, \u017ce czas ma kluczowe znaczenie w przypadku uszkodze\u0144 kampera spowodowanych przez burz\u0119. Dlatego mo\u017cesz skontaktowa\u0107 si\u0119 z nami bezpo\u015brednio poprzez formularz zg\u0142oszenia szkody. Nasi ludzie pomog\u0105 Ci tak szybko, jak to mo\u017cliwe, przeprowadz\u0105 Ci\u0119 przez proces i odpowiedz\u0105 na wszystkie Twoje pytania. Specjalizujemy si\u0119 w naprawie szk\u00f3d w kamperach. Cz\u0119sto wsp\u00f3\u0142pracujemy z firmami ubezpieczeniowymi i mo\u017cemy pom\u00f3c w zaspokojeniu wszelkich roszcze\u0144 odszkodowawczych. Mamy do\u015bwiadczenie w kontaktach z firmami ubezpieczeniowymi i mo\u017cemy przeprowadzi\u0107 Ci\u0119 przez ca\u0142y proces, dzi\u0119ki czemu poczujesz mniej stresu. Uszkodzenia Twojego kampera przez burz\u0119 s\u0105 wystarczaj\u0105co irytuj\u0105ce.<\/p>\t\t\t\t\t\t\t\t<\/div>\n\t\t\t\t<\/div>\n\t\t\t\t\t<\/div>\n\t\t<\/div>\n\t\t\t\t\t<\/div>\n\t\t<\/section>\n\t\t\t\t<section class=\"elementor-section elementor-top-section elementor-element elementor-element-1a78a1f1 elementor-section-content-middle elementor-section-boxed elementor-section-height-default elementor-section-height-default\" data-id=\"1a78a1f1\" data-element_type=\"section\" data-e-type=\"section\" data-settings=\"{&quot;background_background&quot;:&quot;classic&quot;}\">\n\t\t\t\t\t\t\t<div class=\"elementor-background-overlay\"><\/div>\n\t\t\t\t\t\t\t<div class=\"elementor-container elementor-column-gap-no\">\n\t\t\t\t\t<div class=\"elementor-column elementor-col-50 elementor-top-column elementor-element elementor-element-2d55e7ad\" data-id=\"2d55e7ad\" data-element_type=\"column\" data-e-type=\"column\">\n\t\t\t<div class=\"elementor-widget-wrap elementor-element-populated\">\n\t\t\t\t\t\t<div class=\"elementor-element elementor-element-6ba29251 elementor-widget elementor-widget-heading\" data-id=\"6ba29251\" data-element_type=\"widget\" data-e-type=\"widget\" data-widget_type=\"heading.default\">\n\t\t\t\t<div class=\"elementor-widget-container\">\n\t\t\t\t\t<h2 class=\"elementor-heading-title elementor-size-default\">Szukasz warsztatu CaravanRepair\u00ae w pobli\u017cu?<\/h2>\t\t\t\t<\/div>\n\t\t\t\t<\/div>\n\t\t\t\t<div class=\"elementor-element elementor-element-39d55370 elementor-widget elementor-widget-text-editor\" data-id=\"39d55370\" data-element_type=\"widget\" data-e-type=\"widget\" data-widget_type=\"text-editor.default\">\n\t\t\t\t<div class=\"elementor-widget-container\">\n\t\t\t\t\t\t\t\t\t<p>Nasi serwisanci dzia\u0142aj\u0105 na terenie ca\u0142ej Europy!<\/p>\t\t\t\t\t\t\t\t<\/div>\n\t\t\t\t<\/div>\n\t\t\t\t\t<\/div>\n\t\t<\/div>\n\t\t\t\t<div class=\"elementor-column elementor-col-50 elementor-top-column elementor-element elementor-element-71a2e9b4\" data-id=\"71a2e9b4\" data-element_type=\"column\" data-e-type=\"column\">\n\t\t\t<div class=\"elementor-widget-wrap elementor-element-populated\">\n\t\t\t\t\t\t<div class=\"elementor-element elementor-element-40f9d793 elementor-align-center elementor-mobile-align-left elementor-widget elementor-widget-button\" data-id=\"40f9d793\" data-element_type=\"widget\" data-e-type=\"widget\" data-widget_type=\"button.default\">\n\t\t\t\t<div class=\"elementor-widget-container\">\n\t\t\t\t\t\t\t\t\t<div class=\"elementor-button-wrapper\">\n\t\t\t\t\t<a class=\"elementor-button elementor-button-link elementor-size-sm elementor-animation-grow\" href=\"https:\/\/oud.caravanrepair.eu\/pl\/dealerzy\/\">\n\t\t\t\t\t\t<span class=\"elementor-button-content-wrapper\">\n\t\t\t\t\t\t\t\t\t<span class=\"elementor-button-text\">Wyszukaj teraz<\/span>\n\t\t\t\t\t<\/span>\n\t\t\t\t\t<\/a>\n\t\t\t\t<\/div>\n\t\t\t\t\t\t\t\t<\/div>\n\t\t\t\t<\/div>\n\t\t\t\t\t<\/div>\n\t\t<\/div>\n\t\t\t\t\t<\/div>\n\t\t<\/section>\n\t\t\t\t<\/div>","protected":false},"excerpt":{"rendered":"<p>Uszkodzenie kampera przez burz\u0119 Uszkodzenie kampera przez burz\u0119: co teraz? Naprawa uszkodze\u0144 spowodowanych przez burz\u0119? W CaravanRepair dysponujemy specjalistyczn\u0105 wiedz\u0105. Uszkodzenia spowodowane przez burz\u0119<\/p>","protected":false},"author":3,"featured_media":0,"parent":0,"menu_order":0,"comment_status":"closed","ping_status":"closed","template":"elementor_header_footer","meta":{"footnotes":""},"class_list":["post-12582","page","type-page","status-publish","hentry","pagina_tag-camper"],"yoast_head":"<!-- This site is optimized with the Yoast SEO Premium plugin v27.5 (Yoast SEO v28.3) - https:\/\/yoast.com\/product\/yoast-seo-premium-wordpress\/ -->\n<title>Stormschade camper? Laat ons u professioneel helpen!<\/title>\n<meta name=\"description\" content=\"Onverhoopt stormschade aan uw camper? Ons team van ervaren experts staan klaar om het professioneel te herstellen. Meld uw schade nu direct\" \/>\n<meta name=\"robots\" content=\"noindex, follow, max-snippet:-1, max-image-preview:large, max-video-preview:-1\" \/>\n<meta property=\"og:locale\" content=\"pl_PL\" \/>\n<meta property=\"og:type\" content=\"article\" \/>\n<meta property=\"og:title\" content=\"Stormschade camper\" \/>\n<meta property=\"og:description\" content=\"Onverhoopt stormschade aan uw camper? Ons team van ervaren experts staan klaar om het professioneel te herstellen. Meld uw schade nu direct\" \/>\n<meta property=\"og:url\" content=\"https:\/\/oud.caravanrepair.eu\/pl\/kamper-uszkodzony-przez-burze\/\" \/>\n<meta property=\"og:site_name\" content=\"CaravanRepair\u00ae\" \/>\n<meta property=\"article:modified_time\" content=\"2025-08-29T11:17:30+00:00\" \/>\n<meta property=\"og:image\" content=\"https:\/\/oud.caravanrepair.eu\/wp-content\/uploads\/2024\/11\/IMG_20190805_155935-scaled.jpg\" \/>\n\t<meta property=\"og:image:width\" content=\"1920\" \/>\n\t<meta property=\"og:image:height\" content=\"1440\" \/>\n\t<meta property=\"og:image:type\" content=\"image\/jpeg\" \/>\n<meta name=\"twitter:card\" content=\"summary_large_image\" \/>\n<meta name=\"twitter:label1\" content=\"Szacowany czas czytania\" \/>\n\t<meta name=\"twitter:data1\" content=\"2 minuty\" \/>\n<script type=\"application\/ld+json\" class=\"yoast-schema-graph\">{\"@context\":\"https:\\\/\\\/schema.org\",\"@graph\":[{\"@type\":\"WebPage\",\"@id\":\"https:\\\/\\\/oud.caravanrepair.eu\\\/stormschade-camper\\\/\",\"url\":\"https:\\\/\\\/oud.caravanrepair.eu\\\/stormschade-camper\\\/\",\"name\":\"Stormschade camper? Laat ons u professioneel helpen!\",\"isPartOf\":{\"@id\":\"https:\\\/\\\/oud.caravanrepair.eu\\\/#website\"},\"primaryImageOfPage\":{\"@id\":\"https:\\\/\\\/oud.caravanrepair.eu\\\/stormschade-camper\\\/#primaryimage\"},\"image\":{\"@id\":\"https:\\\/\\\/oud.caravanrepair.eu\\\/stormschade-camper\\\/#primaryimage\"},\"thumbnailUrl\":\"https:\\\/\\\/oud.caravanrepair.eu\\\/wp-content\\\/uploads\\\/2024\\\/11\\\/IMG_20190805_155935-1024x768.jpg\",\"datePublished\":\"2024-03-02T13:02:31+00:00\",\"dateModified\":\"2025-08-29T11:17:30+00:00\",\"description\":\"Onverhoopt stormschade aan uw camper? Ons team van ervaren experts staan klaar om het professioneel te herstellen. Meld uw schade nu direct\",\"breadcrumb\":{\"@id\":\"https:\\\/\\\/oud.caravanrepair.eu\\\/stormschade-camper\\\/#breadcrumb\"},\"inLanguage\":\"pl-PL\",\"potentialAction\":[{\"@type\":\"ReadAction\",\"target\":[\"https:\\\/\\\/oud.caravanrepair.eu\\\/stormschade-camper\\\/\"]}]},{\"@type\":\"ImageObject\",\"inLanguage\":\"pl-PL\",\"@id\":\"https:\\\/\\\/oud.caravanrepair.eu\\\/stormschade-camper\\\/#primaryimage\",\"url\":\"https:\\\/\\\/oud.caravanrepair.eu\\\/wp-content\\\/uploads\\\/2024\\\/11\\\/IMG_20190805_155935-1024x768.jpg\",\"contentUrl\":\"https:\\\/\\\/oud.caravanrepair.eu\\\/wp-content\\\/uploads\\\/2024\\\/11\\\/IMG_20190805_155935-1024x768.jpg\"},{\"@type\":\"BreadcrumbList\",\"@id\":\"https:\\\/\\\/oud.caravanrepair.eu\\\/stormschade-camper\\\/#breadcrumb\",\"itemListElement\":[{\"@type\":\"ListItem\",\"position\":1,\"name\":\"Home\",\"item\":\"https:\\\/\\\/oud.caravanrepair.eu\\\/\"},{\"@type\":\"ListItem\",\"position\":2,\"name\":\"Stormschade camper\"}]},{\"@type\":\"WebSite\",\"@id\":\"https:\\\/\\\/oud.caravanrepair.eu\\\/#website\",\"url\":\"https:\\\/\\\/oud.caravanrepair.eu\\\/\",\"name\":\"CaravanRepair\u00ae\",\"description\":\"Professioneel schadeherstel voor caravan en camper\",\"publisher\":{\"@id\":\"https:\\\/\\\/oud.caravanrepair.eu\\\/#organization\"},\"potentialAction\":[{\"@type\":\"SearchAction\",\"target\":{\"@type\":\"EntryPoint\",\"urlTemplate\":\"https:\\\/\\\/oud.caravanrepair.eu\\\/?s={search_term_string}\"},\"query-input\":{\"@type\":\"PropertyValueSpecification\",\"valueRequired\":true,\"valueName\":\"search_term_string\"}}],\"inLanguage\":\"pl-PL\"},{\"@type\":\"Organization\",\"@id\":\"https:\\\/\\\/oud.caravanrepair.eu\\\/#organization\",\"name\":\"CaravanRepair\u00ae\",\"url\":\"https:\\\/\\\/oud.caravanrepair.eu\\\/\",\"logo\":{\"@type\":\"ImageObject\",\"inLanguage\":\"pl-PL\",\"@id\":\"https:\\\/\\\/oud.caravanrepair.eu\\\/#\\\/schema\\\/logo\\\/image\\\/\",\"url\":\"https:\\\/\\\/oud.caravanrepair.eu\\\/wp-content\\\/uploads\\\/2019\\\/01\\\/logo-caravanrepair.png\",\"contentUrl\":\"https:\\\/\\\/oud.caravanrepair.eu\\\/wp-content\\\/uploads\\\/2019\\\/01\\\/logo-caravanrepair.png\",\"width\":353,\"height\":150,\"caption\":\"CaravanRepair\u00ae\"},\"image\":{\"@id\":\"https:\\\/\\\/oud.caravanrepair.eu\\\/#\\\/schema\\\/logo\\\/image\\\/\"}}]}<\/script>\n<!-- \/ Yoast SEO Premium plugin. -->","yoast_head_json":{"title":"Kamper uszkodzony przez burz\u0119? Pomo\u017cemy Ci profesjonalnie!","description":"Nieoczekiwane uszkodzenia Twojego kampera przez burz\u0119? Nasz zesp\u00f3\u0142 do\u015bwiadczonych fachowc\u00f3w jest gotowy do profesjonalnej naprawy. Natychmiast zg\u0142o\u015b swoje uszkodzenie","robots":{"index":"noindex","follow":"follow","max-snippet":"max-snippet:-1","max-image-preview":"max-image-preview:large","max-video-preview":"max-video-preview:-1"},"og_locale":"pl_PL","og_type":"article","og_title":"Stormschade camper","og_description":"Onverhoopt stormschade aan uw camper? Ons team van ervaren experts staan klaar om het professioneel te herstellen. Meld uw schade nu direct","og_url":"https:\/\/oud.caravanrepair.eu\/pl\/kamper-uszkodzony-przez-burze\/","og_site_name":"CaravanRepair\u00ae","article_modified_time":"2025-08-29T11:17:30+00:00","og_image":[{"width":1920,"height":1440,"url":"https:\/\/oud.caravanrepair.eu\/wp-content\/uploads\/2024\/11\/IMG_20190805_155935-scaled.jpg","type":"image\/jpeg"}],"twitter_card":"summary_large_image","twitter_misc":{"Szacowany czas czytania":"2 minuty"},"schema":{"@context":"https:\/\/schema.org","@graph":[{"@type":"WebPage","@id":"https:\/\/oud.caravanrepair.eu\/stormschade-camper\/","url":"https:\/\/oud.caravanrepair.eu\/stormschade-camper\/","name":"Kamper uszkodzony przez burz\u0119? Pomo\u017cemy Ci profesjonalnie!","isPartOf":{"@id":"https:\/\/oud.caravanrepair.eu\/#website"},"primaryImageOfPage":{"@id":"https:\/\/oud.caravanrepair.eu\/stormschade-camper\/#primaryimage"},"image":{"@id":"https:\/\/oud.caravanrepair.eu\/stormschade-camper\/#primaryimage"},"thumbnailUrl":"https:\/\/oud.caravanrepair.eu\/wp-content\/uploads\/2024\/11\/IMG_20190805_155935-1024x768.jpg","datePublished":"2024-03-02T13:02:31+00:00","dateModified":"2025-08-29T11:17:30+00:00","description":"Nieoczekiwane uszkodzenia Twojego kampera przez burz\u0119? Nasz zesp\u00f3\u0142 do\u015bwiadczonych fachowc\u00f3w jest gotowy do profesjonalnej naprawy. Natychmiast zg\u0142o\u015b swoje uszkodzenie","breadcrumb":{"@id":"https:\/\/oud.caravanrepair.eu\/stormschade-camper\/#breadcrumb"},"inLanguage":"pl-PL","potentialAction":[{"@type":"ReadAction","target":["https:\/\/oud.caravanrepair.eu\/stormschade-camper\/"]}]},{"@type":"ImageObject","inLanguage":"pl-PL","@id":"https:\/\/oud.caravanrepair.eu\/stormschade-camper\/#primaryimage","url":"https:\/\/oud.caravanrepair.eu\/wp-content\/uploads\/2024\/11\/IMG_20190805_155935-1024x768.jpg","contentUrl":"https:\/\/oud.caravanrepair.eu\/wp-content\/uploads\/2024\/11\/IMG_20190805_155935-1024x768.jpg"},{"@type":"BreadcrumbList","@id":"https:\/\/oud.caravanrepair.eu\/stormschade-camper\/#breadcrumb","itemListElement":[{"@type":"ListItem","position":1,"name":"Home","item":"https:\/\/oud.caravanrepair.eu\/"},{"@type":"ListItem","position":2,"name":"Stormschade camper"}]},{"@type":"WebSite","@id":"https:\/\/oud.caravanrepair.eu\/#website","url":"https:\/\/oud.caravanrepair.eu\/","name":"CaravanRepair\u00ae","description":"Profesjonalna naprawa uszkodze\u0144 przyczep kempingowych i kamper\u00f3w","publisher":{"@id":"https:\/\/oud.caravanrepair.eu\/#organization"},"potentialAction":[{"@type":"SearchAction","target":{"@type":"EntryPoint","urlTemplate":"https:\/\/oud.caravanrepair.eu\/?s={search_term_string}"},"query-input":{"@type":"PropertyValueSpecification","valueRequired":true,"valueName":"search_term_string"}}],"inLanguage":"pl-PL"},{"@type":"Organization","@id":"https:\/\/oud.caravanrepair.eu\/#organization","name":"CaravanRepair\u00ae","url":"https:\/\/oud.caravanrepair.eu\/","logo":{"@type":"ImageObject","inLanguage":"pl-PL","@id":"https:\/\/oud.caravanrepair.eu\/#\/schema\/logo\/image\/","url":"https:\/\/oud.caravanrepair.eu\/wp-content\/uploads\/2019\/01\/logo-caravanrepair.png","contentUrl":"https:\/\/oud.caravanrepair.eu\/wp-content\/uploads\/2019\/01\/logo-caravanrepair.png","width":353,"height":150,"caption":"CaravanRepair\u00ae"},"image":{"@id":"https:\/\/oud.caravanrepair.eu\/#\/schema\/logo\/image\/"}}]}},"_links":{"self":[{"href":"https:\/\/oud.caravanrepair.eu\/pl\/wp-json\/wp\/v2\/pages\/12582","targetHints":{"allow":["GET"]}}],"collection":[{"href":"https:\/\/oud.caravanrepair.eu\/pl\/wp-json\/wp\/v2\/pages"}],"about":[{"href":"https:\/\/oud.caravanrepair.eu\/pl\/wp-json\/wp\/v2\/types\/page"}],"author":[{"embeddable":true,"href":"https:\/\/oud.caravanrepair.eu\/pl\/wp-json\/wp\/v2\/users\/3"}],"replies":[{"embeddable":true,"href":"https:\/\/oud.caravanrepair.eu\/pl\/wp-json\/wp\/v2\/comments?post=12582"}],"version-history":[{"count":0,"href":"https:\/\/oud.caravanrepair.eu\/pl\/wp-json\/wp\/v2\/pages\/12582\/revisions"}],"wp:attachment":[{"href":"https:\/\/oud.caravanrepair.eu\/pl\/wp-json\/wp\/v2\/media?parent=12582"}],"curies":[{"name":"wp","href":"https:\/\/api.w.org\/{rel}","templated":true}]}}