{"id":16387,"date":"2024-10-08T09:55:10","date_gmt":"2024-10-08T07:55:10","guid":{"rendered":"https:\/\/oud.caravanrepair.eu\/?page_id=16387"},"modified":"2025-05-09T11:05:04","modified_gmt":"2025-05-09T09:05:04","slug":"naprawa-przyczep-kempingowych-calp","status":"publish","type":"page","link":"https:\/\/oud.caravanrepair.eu\/pl\/caravanrepair-calp\/","title":{"rendered":"Naprawa przyczep kempingowych Calp"},"content":{"rendered":"<div data-elementor-type=\"wp-page\" data-elementor-id=\"16387\" class=\"elementor elementor-16387\" data-elementor-post-type=\"page\">\n\t\t\t\t\t\t<section class=\"elementor-section elementor-top-section elementor-element elementor-element-17adfbf2 elementor-section-height-min-height elementor-section-content-middle elementor-section-full_width elementor-section-height-default elementor-section-items-middle\" data-id=\"17adfbf2\" data-element_type=\"section\" data-e-type=\"section\" data-settings=\"{&quot;background_background&quot;:&quot;classic&quot;}\">\n\t\t\t\t\t\t\t<div class=\"elementor-background-overlay\"><\/div>\n\t\t\t\t\t\t\t<div class=\"elementor-container elementor-column-gap-default\">\n\t\t\t\t\t<div class=\"elementor-column elementor-col-100 elementor-top-column elementor-element elementor-element-279b8809\" data-id=\"279b8809\" data-element_type=\"column\" data-e-type=\"column\">\n\t\t\t<div class=\"elementor-widget-wrap elementor-element-populated\">\n\t\t\t\t\t\t<div class=\"elementor-element elementor-element-1d6d617d elementor-widget elementor-widget-heading\" data-id=\"1d6d617d\" data-element_type=\"widget\" data-e-type=\"widget\" data-widget_type=\"heading.default\">\n\t\t\t\t<div class=\"elementor-widget-container\">\n\t\t\t\t\t<h1 class=\"elementor-heading-title elementor-size-default\">Naprawa przyczep kempingowych Calp-Hiszpania<\/h1>\t\t\t\t<\/div>\n\t\t\t\t<\/div>\n\t\t\t\t<div class=\"elementor-element elementor-element-3229f894 elementor-widget elementor-widget-heading\" data-id=\"3229f894\" data-element_type=\"widget\" data-e-type=\"widget\" data-widget_type=\"heading.default\">\n\t\t\t\t<div class=\"elementor-widget-container\">\n\t\t\t\t\t<p class=\"elementor-heading-title elementor-size-default\"> <\/p>\t\t\t\t<\/div>\n\t\t\t\t<\/div>\n\t\t\t\t\t<\/div>\n\t\t<\/div>\n\t\t\t\t\t<\/div>\n\t\t<\/section>\n\t\t\t\t<section class=\"elementor-section elementor-top-section elementor-element elementor-element-7b6be6ef elementor-section-content-middle elementor-section-boxed elementor-section-height-default elementor-section-height-default\" data-id=\"7b6be6ef\" data-element_type=\"section\" data-e-type=\"section\">\n\t\t\t\t\t\t<div class=\"elementor-container elementor-column-gap-no\">\n\t\t\t\t\t<div class=\"elementor-column elementor-col-100 elementor-top-column elementor-element elementor-element-1929d462\" data-id=\"1929d462\" data-element_type=\"column\" data-e-type=\"column\">\n\t\t\t<div class=\"elementor-widget-wrap elementor-element-populated\">\n\t\t\t\t\t\t<div class=\"elementor-element elementor-element-3c2e125b elementor-widget elementor-widget-heading\" data-id=\"3c2e125b\" data-element_type=\"widget\" data-e-type=\"widget\" data-widget_type=\"heading.default\">\n\t\t\t\t<div class=\"elementor-widget-container\">\n\t\t\t\t\t<h2 class=\"elementor-heading-title elementor-size-default\">Grupa CaravanRepair\u00ae otwiera biuro w Calp w Hiszpanii<\/h2>\t\t\t\t<\/div>\n\t\t\t\t<\/div>\n\t\t\t\t\t<\/div>\n\t\t<\/div>\n\t\t\t\t\t<\/div>\n\t\t<\/section>\n\t\t\t\t<section class=\"elementor-section elementor-top-section elementor-element elementor-element-7a1cf6c1 elementor-section-content-middle elementor-reverse-mobile elementor-section-boxed elementor-section-height-default elementor-section-height-default\" data-id=\"7a1cf6c1\" data-element_type=\"section\" data-e-type=\"section\">\n\t\t\t\t\t\t<div class=\"elementor-container elementor-column-gap-no\">\n\t\t\t\t\t<div class=\"elementor-column elementor-col-50 elementor-top-column elementor-element elementor-element-305a112b\" data-id=\"305a112b\" data-element_type=\"column\" data-e-type=\"column\">\n\t\t\t<div class=\"elementor-widget-wrap elementor-element-populated\">\n\t\t\t\t\t\t<div class=\"elementor-element elementor-element-3cd4b131 elementor-widget elementor-widget-heading\" data-id=\"3cd4b131\" data-element_type=\"widget\" data-e-type=\"widget\" data-widget_type=\"heading.default\">\n\t\t\t\t<div class=\"elementor-widget-container\">\n\t\t\t\t\t<h3 class=\"elementor-heading-title elementor-size-default\">CaravanRepair do profesjonalnej naprawy uszkodze\u0144 przyczep kempingowych i kamper\u00f3w<\/h3>\t\t\t\t<\/div>\n\t\t\t\t<\/div>\n\t\t\t\t<div class=\"elementor-element elementor-element-16a82e62 elementor-widget elementor-widget-text-editor\" data-id=\"16a82e62\" data-element_type=\"widget\" data-e-type=\"widget\" data-widget_type=\"text-editor.default\">\n\t\t\t\t<div class=\"elementor-widget-container\">\n\t\t\t\t\t\t\t\t\t<p>Naprawa przyczep kempingowych Calp-Hiszpania. Wraz z otwarciem biura w Calp, CaravanRepair rozszerza swoje us\u0142ugi na Hiszpani\u0119. Firma, kt\u00f3ra od lat ma ugruntowan\u0105 pozycj\u0119 w Europie, chce odpowiedzie\u0107 na rosn\u0105ce zapotrzebowanie na specjalistyczn\u0105 napraw\u0119 uszkodze\u0144 przyczep kempingowych i kamper\u00f3w w Europie Po\u0142udniowej.<\/p><h3>Wiedza i do\u015bwiadczenie CaravanRepair Calp-Spain<\/h3><p>CaravanRepair Calp-Spain wnosi do Hiszpanii swoj\u0105 wieloletni\u0105 wiedz\u0119 i do\u015bwiadczenie. Klienci mog\u0105 liczy\u0107 na:<\/p><ul><li>Profesjonalna naprawa*<\/li><li>Szybka i sprawna obs\u0142uga*<\/li><li>Zastosowanie wysokiej jako\u015bci materia\u0142\u00f3w i cz\u0119\u015bci*<\/li><li>Indywidualne porady dotycz\u0105ce uszkodze\u0144 ka\u017cdej przyczepy kempingowej lub kampera.\u00a0 \u00a0 \u00a0 \u00a0 \u00a0 \u00a0 \u00a0 \u00a0 \u00a0 \u00a0 \u00a0 \u00a0 \u00a0 \u00a0 \u00a0 \u00a0\u00a0<\/li><\/ul><h3>O grupie CaravanRepair<\/h3><p>CaravanRepair Group specjalizuje si\u0119 w naprawach przyczep kempingowych i kamper\u00f3w. Dzi\u0119ki wyspecjalizowanym dealerom w r\u00f3\u017cnych krajach europejskich, a teraz tak\u017ce w Hiszpanii, firma jest gotowa pozwoli\u0107 w\u0142a\u015bcicielom przyczep kempingowych i kamper\u00f3w cieszy\u0107 si\u0119 pojazdem rekreacyjnym bez \u017cadnych zmartwie\u0144.<\/p><p>Potrzebujesz pomocy przy uszkodzeniu przyczepy kempingowej lub kampera w Hiszpanii? przyczepy kempingowej lub kampera w Hiszpanii, skontaktuj si\u0119 z CaravanRepair Calp. <em>\u00a0<strong><a href=\"https:\/\/oud.caravanrepair.eu\/pl\/\" target=\"_blank\" rel=\"noopener\">Kliknij tutaj, aby uzyska\u0107 wi\u0119cej informacji.<\/a><\/strong><\/em><\/p>\t\t\t\t\t\t\t\t<\/div>\n\t\t\t\t<\/div>\n\t\t\t\t\t<\/div>\n\t\t<\/div>\n\t\t\t\t<div class=\"elementor-column elementor-col-50 elementor-top-column elementor-element elementor-element-12a9ce37\" data-id=\"12a9ce37\" data-element_type=\"column\" data-e-type=\"column\">\n\t\t\t<div class=\"elementor-widget-wrap elementor-element-populated\">\n\t\t\t\t\t\t<div class=\"elementor-element elementor-element-550192a5 elementor-widget elementor-widget-image\" data-id=\"550192a5\" data-element_type=\"widget\" data-e-type=\"widget\" data-widget_type=\"image.default\">\n\t\t\t\t<div class=\"elementor-widget-container\">\n\t\t\t\t\t\t\t\t\t\t\t\t\t\t\t<img fetchpriority=\"high\" decoding=\"async\" width=\"640\" height=\"480\" src=\"https:\/\/oud.caravanrepair.eu\/wp-content\/uploads\/2019\/01\/schade2.jpg\" class=\"attachment-large size-large wp-image-842\" alt=\"Naprawa przyczep kempingowych Lommel\" srcset=\"https:\/\/oud.caravanrepair.eu\/wp-content\/uploads\/2019\/01\/schade2-200x150.jpg 200w, https:\/\/oud.caravanrepair.eu\/wp-content\/uploads\/2019\/01\/schade2-300x225.jpg 300w, https:\/\/oud.caravanrepair.eu\/wp-content\/uploads\/2019\/01\/schade2-400x300.jpg 400w, https:\/\/oud.caravanrepair.eu\/wp-content\/uploads\/2019\/01\/schade2-600x450.jpg 600w, https:\/\/oud.caravanrepair.eu\/wp-content\/uploads\/2019\/01\/schade2.jpg 640w\" sizes=\"(max-width: 640px) 100vw, 640px\" \/>\t\t\t\t\t\t\t\t\t\t\t\t\t\t\t<\/div>\n\t\t\t\t<\/div>\n\t\t\t\t\t<\/div>\n\t\t<\/div>\n\t\t\t\t\t<\/div>\n\t\t<\/section>\n\t\t\t\t<section class=\"elementor-section elementor-top-section elementor-element elementor-element-52cea709 elementor-section-content-middle elementor-section-boxed elementor-section-height-default elementor-section-height-default\" data-id=\"52cea709\" data-element_type=\"section\" data-e-type=\"section\" data-settings=\"{&quot;background_background&quot;:&quot;classic&quot;}\">\n\t\t\t\t\t\t\t<div class=\"elementor-background-overlay\"><\/div>\n\t\t\t\t\t\t\t<div class=\"elementor-container elementor-column-gap-no\">\n\t\t\t\t\t<div class=\"elementor-column elementor-col-100 elementor-top-column elementor-element elementor-element-425eba96\" data-id=\"425eba96\" data-element_type=\"column\" data-e-type=\"column\">\n\t\t\t<div class=\"elementor-widget-wrap elementor-element-populated\">\n\t\t\t\t\t\t<div class=\"elementor-element elementor-element-3e9c94c1 elementor-widget elementor-widget-heading\" data-id=\"3e9c94c1\" data-element_type=\"widget\" data-e-type=\"widget\" data-widget_type=\"heading.default\">\n\t\t\t\t<div class=\"elementor-widget-container\">\n\t\t\t\t\t<h2 class=\"elementor-heading-title elementor-size-default\">Zg\u0142osi\u0107 uszkodzenie przyczepy kempingowej lub kampera?<\/h2>\t\t\t\t<\/div>\n\t\t\t\t<\/div>\n\t\t\t\t<div class=\"elementor-element elementor-element-2ec5daea elementor-widget elementor-widget-text-editor\" data-id=\"2ec5daea\" data-element_type=\"widget\" data-e-type=\"widget\" data-widget_type=\"text-editor.default\">\n\t\t\t\t<div class=\"elementor-widget-container\">\n\t\t\t\t\t\t\t\t\t<p style=\"text-align: center;\">Je\u015bli Twoja przyczepa kempingowa lub kamper uleg\u0142a uszkodzeniu, wype\u0142nij formularz szkody online, a my skontaktujemy si\u0119 z Tob\u0105.<\/p>\t\t\t\t\t\t\t\t<\/div>\n\t\t\t\t<\/div>\n\t\t\t\t<div class=\"elementor-element elementor-element-6c31fca4 elementor-align-center elementor-mobile-align-left elementor-widget elementor-widget-button\" data-id=\"6c31fca4\" data-element_type=\"widget\" data-e-type=\"widget\" data-widget_type=\"button.default\">\n\t\t\t\t<div class=\"elementor-widget-container\">\n\t\t\t\t\t\t\t\t\t<div class=\"elementor-button-wrapper\">\n\t\t\t\t\t<a class=\"elementor-button elementor-button-link elementor-size-sm elementor-animation-grow\" href=\"https:\/\/oud.caravanrepair.eu\/pl\/formulaire\/\">\n\t\t\t\t\t\t<span class=\"elementor-button-content-wrapper\">\n\t\t\t\t\t\t\t\t\t<span class=\"elementor-button-text\">ZG\u0141O\u015a SZKOD\u0118<\/span>\n\t\t\t\t\t<\/span>\n\t\t\t\t\t<\/a>\n\t\t\t\t<\/div>\n\t\t\t\t\t\t\t\t<\/div>\n\t\t\t\t<\/div>\n\t\t\t\t\t<\/div>\n\t\t<\/div>\n\t\t\t\t\t<\/div>\n\t\t<\/section>\n\t\t\t\t<section class=\"elementor-section elementor-top-section elementor-element elementor-element-21feb651 elementor-section-full_width elementor-section-content-middle elementor-section-height-default elementor-section-height-default\" data-id=\"21feb651\" data-element_type=\"section\" data-e-type=\"section\">\n\t\t\t\t\t\t<div class=\"elementor-container elementor-column-gap-no\">\n\t\t\t\t\t<div class=\"elementor-column elementor-col-50 elementor-top-column elementor-element elementor-element-c007e9b\" data-id=\"c007e9b\" data-element_type=\"column\" data-e-type=\"column\" data-settings=\"{&quot;background_background&quot;:&quot;classic&quot;}\">\n\t\t\t<div class=\"elementor-widget-wrap elementor-element-populated\">\n\t\t\t\t\t<div class=\"elementor-background-overlay\"><\/div>\n\t\t\t\t\t\t<div class=\"elementor-element elementor-element-2500ce50 elementor-widget elementor-widget-heading\" data-id=\"2500ce50\" data-element_type=\"widget\" data-e-type=\"widget\" data-widget_type=\"heading.default\">\n\t\t\t\t<div class=\"elementor-widget-container\">\n\t\t\t\t\t<h3 class=\"elementor-heading-title elementor-size-default\">Zosta\u0107 dealerem CaravanRepair w Hiszpanii?<\/h3>\t\t\t\t<\/div>\n\t\t\t\t<\/div>\n\t\t\t\t\t<\/div>\n\t\t<\/div>\n\t\t\t\t<div class=\"elementor-column elementor-col-50 elementor-top-column elementor-element elementor-element-56146387\" data-id=\"56146387\" data-element_type=\"column\" data-e-type=\"column\">\n\t\t\t<div class=\"elementor-widget-wrap elementor-element-populated\">\n\t\t\t\t\t\t<div class=\"elementor-element elementor-element-74df2d94 elementor-widget elementor-widget-text-editor\" data-id=\"74df2d94\" data-element_type=\"widget\" data-e-type=\"widget\" data-widget_type=\"text-editor.default\">\n\t\t\t\t<div class=\"elementor-widget-container\">\n\t\t\t\t\t\t\t\t\t<h3>Naprawa przyczep kempingowych Calp - Hiszpania<\/h3><p>CaravanRepair Calp dzia\u0142a w oparciu o wyrafinowan\u0105 koncepcj\u0119. Koncepcja profesjonalnej naprawy przyczep kempingowych, kt\u00f3ra obecnie dzia\u0142a w 9 krajach, w tym w Belgii, Luksemburgu, Francji, W\u0142oszech, Hiszpanii, Portugalii, Andorze, Niemczech, Polsce i Holandii. CaravanRepair to najwi\u0119ksza w Europie sie\u0107 profesjonalnych warsztat\u00f3w naprawy przyczep kempingowych i kamper\u00f3w. CaravanRepair Calp-Spain dzia\u0142a w oparciu o opatentowany system naprawczy opracowany specjalnie w tym celu i akceptowany przez wszystkie firmy ubezpieczeniowe. Wszyscy nasi specjali\u015bci przechodz\u0105 co roku specjalne szkolenie CaravanRepair, co gwarantuje jako\u015b\u0107 naszych us\u0142ug.<\/p><h3>Dobre szkolenie jest najlepsz\u0105 gwarancj\u0105 jako\u015bci<a href=\"https:\/\/oud.caravanrepair.eu\/pl\/\" target=\"_blank\" rel=\"noopener\"><strong>.<\/strong><\/a><\/h3><p><a href=\"https:\/\/oud.caravanrepair.eu\/pl\/\" target=\"_blank\" rel=\"noopener\"><strong> Kliknij tutaj po wi\u0119cej informacji!<\/strong><\/a>.<\/p>\t\t\t\t\t\t\t\t<\/div>\n\t\t\t\t<\/div>\n\t\t\t\t\t<\/div>\n\t\t<\/div>\n\t\t\t\t\t<\/div>\n\t\t<\/section>\n\t\t\t\t<section class=\"elementor-section elementor-top-section elementor-element elementor-element-23600ec9 elementor-section-content-middle elementor-section-boxed elementor-section-height-default elementor-section-height-default\" data-id=\"23600ec9\" data-element_type=\"section\" data-e-type=\"section\" data-settings=\"{&quot;background_background&quot;:&quot;classic&quot;}\">\n\t\t\t\t\t\t\t<div class=\"elementor-background-overlay\"><\/div>\n\t\t\t\t\t\t\t<div class=\"elementor-container elementor-column-gap-no\">\n\t\t\t\t\t<div class=\"elementor-column elementor-col-50 elementor-top-column elementor-element elementor-element-39465720\" data-id=\"39465720\" data-element_type=\"column\" data-e-type=\"column\">\n\t\t\t<div class=\"elementor-widget-wrap elementor-element-populated\">\n\t\t\t\t\t\t<div class=\"elementor-element elementor-element-7f276c23 elementor-widget elementor-widget-heading\" data-id=\"7f276c23\" data-element_type=\"widget\" data-e-type=\"widget\" data-widget_type=\"heading.default\">\n\t\t\t\t<div class=\"elementor-widget-container\">\n\t\t\t\t\t<h2 class=\"elementor-heading-title elementor-size-default\">Szukasz warsztatu CaravanRepair\u00ae w pobli\u017cu?<\/h2>\t\t\t\t<\/div>\n\t\t\t\t<\/div>\n\t\t\t\t<div class=\"elementor-element elementor-element-2d937bc9 elementor-widget elementor-widget-text-editor\" data-id=\"2d937bc9\" data-element_type=\"widget\" data-e-type=\"widget\" data-widget_type=\"text-editor.default\">\n\t\t\t\t<div class=\"elementor-widget-container\">\n\t\t\t\t\t\t\t\t\t<p>Nasi serwisanci dzia\u0142aj\u0105 na terenie ca\u0142ej Europy!<\/p>\t\t\t\t\t\t\t\t<\/div>\n\t\t\t\t<\/div>\n\t\t\t\t\t<\/div>\n\t\t<\/div>\n\t\t\t\t<div class=\"elementor-column elementor-col-50 elementor-top-column elementor-element elementor-element-6081dc10\" data-id=\"6081dc10\" data-element_type=\"column\" data-e-type=\"column\">\n\t\t\t<div class=\"elementor-widget-wrap elementor-element-populated\">\n\t\t\t\t\t\t<div class=\"elementor-element elementor-element-7f75f4b5 elementor-align-center elementor-mobile-align-left elementor-widget elementor-widget-button\" data-id=\"7f75f4b5\" data-element_type=\"widget\" data-e-type=\"widget\" data-widget_type=\"button.default\">\n\t\t\t\t<div class=\"elementor-widget-container\">\n\t\t\t\t\t\t\t\t\t<div class=\"elementor-button-wrapper\">\n\t\t\t\t\t<a class=\"elementor-button elementor-button-link elementor-size-sm elementor-animation-grow\" href=\"https:\/\/oud.caravanrepair.eu\/pl\/dealerzy\/\">\n\t\t\t\t\t\t<span class=\"elementor-button-content-wrapper\">\n\t\t\t\t\t\t\t\t\t<span class=\"elementor-button-text\">Wyszukaj teraz<\/span>\n\t\t\t\t\t<\/span>\n\t\t\t\t\t<\/a>\n\t\t\t\t<\/div>\n\t\t\t\t\t\t\t\t<\/div>\n\t\t\t\t<\/div>\n\t\t\t\t\t<\/div>\n\t\t<\/div>\n\t\t\t\t\t<\/div>\n\t\t<\/section>\n\t\t\t\t<\/div>","protected":false},"excerpt":{"rendered":"<p>CaravanRepair Calp-Hiszpania Grupa CaravanRepair\u00ae otwiera biuro w Calp, Hiszpania CaravanRepair do profesjonalnej naprawy uszkodze\u0144 przyczep kempingowych i kamper\u00f3w CaravanRepair Calp-Hiszpania. Z<\/p>","protected":false},"author":3,"featured_media":0,"parent":0,"menu_order":0,"comment_status":"closed","ping_status":"closed","template":"elementor_header_footer","meta":{"footnotes":""},"class_list":["post-16387","page","type-page","status-publish","hentry","pagina_tag-caravanrepair-dealers"],"yoast_head":"<!-- This site is optimized with the Yoast SEO Premium plugin v27.5 (Yoast SEO v28.3) - https:\/\/yoast.com\/product\/yoast-seo-premium-wordpress\/ -->\n<title>CaravanRepair Calp-Spanje: Vakkundige en professioneel herstel<\/title>\n<meta name=\"description\" content=\"CaravanRepair opent kantoor in Calp, Spanje. Ontvang vakkundig advies en hoogwaardig schadeherstel voor caravans en campers.\" \/>\n<meta name=\"robots\" content=\"noindex, follow, max-snippet:-1, max-image-preview:large, max-video-preview:-1\" \/>\n<meta property=\"og:locale\" content=\"pl_PL\" \/>\n<meta property=\"og:type\" content=\"article\" \/>\n<meta property=\"og:title\" content=\"CaravanRepair Calp\" \/>\n<meta property=\"og:description\" content=\"CaravanRepair opent kantoor in Calp, Spanje. Ontvang vakkundig advies en hoogwaardig schadeherstel voor caravans en campers.\" \/>\n<meta property=\"og:url\" content=\"https:\/\/oud.caravanrepair.eu\/pl\/naprawa-przyczep-kempingowych-calp\/\" \/>\n<meta property=\"og:site_name\" content=\"CaravanRepair\u00ae\" \/>\n<meta property=\"article:modified_time\" content=\"2025-05-09T09:05:04+00:00\" \/>\n<meta property=\"og:image\" content=\"https:\/\/oud.caravanrepair.eu\/wp-content\/uploads\/2019\/01\/schade2.jpg\" \/>\n\t<meta property=\"og:image:width\" content=\"640\" \/>\n\t<meta property=\"og:image:height\" content=\"480\" \/>\n\t<meta property=\"og:image:type\" content=\"image\/jpeg\" \/>\n<meta name=\"twitter:card\" content=\"summary_large_image\" \/>\n<meta name=\"twitter:label1\" content=\"Szacowany czas czytania\" \/>\n\t<meta name=\"twitter:data1\" content=\"2 minuty\" \/>\n<script type=\"application\/ld+json\" class=\"yoast-schema-graph\">{\"@context\":\"https:\\\/\\\/schema.org\",\"@graph\":[{\"@type\":\"WebPage\",\"@id\":\"https:\\\/\\\/oud.caravanrepair.eu\\\/caravanrepair-calp\\\/\",\"url\":\"https:\\\/\\\/oud.caravanrepair.eu\\\/caravanrepair-calp\\\/\",\"name\":\"CaravanRepair Calp-Spanje: Vakkundige en professioneel herstel\",\"isPartOf\":{\"@id\":\"https:\\\/\\\/oud.caravanrepair.eu\\\/#website\"},\"primaryImageOfPage\":{\"@id\":\"https:\\\/\\\/oud.caravanrepair.eu\\\/caravanrepair-calp\\\/#primaryimage\"},\"image\":{\"@id\":\"https:\\\/\\\/oud.caravanrepair.eu\\\/caravanrepair-calp\\\/#primaryimage\"},\"thumbnailUrl\":\"https:\\\/\\\/oud.caravanrepair.eu\\\/wp-content\\\/uploads\\\/2019\\\/01\\\/schade2.jpg\",\"datePublished\":\"2024-10-08T07:55:10+00:00\",\"dateModified\":\"2025-05-09T09:05:04+00:00\",\"description\":\"CaravanRepair opent kantoor in Calp, Spanje. Ontvang vakkundig advies en hoogwaardig schadeherstel voor caravans en campers.\",\"breadcrumb\":{\"@id\":\"https:\\\/\\\/oud.caravanrepair.eu\\\/caravanrepair-calp\\\/#breadcrumb\"},\"inLanguage\":\"pl-PL\",\"potentialAction\":[{\"@type\":\"ReadAction\",\"target\":[\"https:\\\/\\\/oud.caravanrepair.eu\\\/caravanrepair-calp\\\/\"]}]},{\"@type\":\"ImageObject\",\"inLanguage\":\"pl-PL\",\"@id\":\"https:\\\/\\\/oud.caravanrepair.eu\\\/caravanrepair-calp\\\/#primaryimage\",\"url\":\"https:\\\/\\\/oud.caravanrepair.eu\\\/wp-content\\\/uploads\\\/2019\\\/01\\\/schade2.jpg\",\"contentUrl\":\"https:\\\/\\\/oud.caravanrepair.eu\\\/wp-content\\\/uploads\\\/2019\\\/01\\\/schade2.jpg\"},{\"@type\":\"BreadcrumbList\",\"@id\":\"https:\\\/\\\/oud.caravanrepair.eu\\\/caravanrepair-calp\\\/#breadcrumb\",\"itemListElement\":[{\"@type\":\"ListItem\",\"position\":1,\"name\":\"Home\",\"item\":\"https:\\\/\\\/oud.caravanrepair.eu\\\/\"},{\"@type\":\"ListItem\",\"position\":2,\"name\":\"CaravanRepair Calp\"}]},{\"@type\":\"WebSite\",\"@id\":\"https:\\\/\\\/oud.caravanrepair.eu\\\/#website\",\"url\":\"https:\\\/\\\/oud.caravanrepair.eu\\\/\",\"name\":\"CaravanRepair\u00ae\",\"description\":\"Professioneel schadeherstel voor caravan en camper\",\"publisher\":{\"@id\":\"https:\\\/\\\/oud.caravanrepair.eu\\\/#organization\"},\"potentialAction\":[{\"@type\":\"SearchAction\",\"target\":{\"@type\":\"EntryPoint\",\"urlTemplate\":\"https:\\\/\\\/oud.caravanrepair.eu\\\/?s={search_term_string}\"},\"query-input\":{\"@type\":\"PropertyValueSpecification\",\"valueRequired\":true,\"valueName\":\"search_term_string\"}}],\"inLanguage\":\"pl-PL\"},{\"@type\":\"Organization\",\"@id\":\"https:\\\/\\\/oud.caravanrepair.eu\\\/#organization\",\"name\":\"CaravanRepair\u00ae\",\"url\":\"https:\\\/\\\/oud.caravanrepair.eu\\\/\",\"logo\":{\"@type\":\"ImageObject\",\"inLanguage\":\"pl-PL\",\"@id\":\"https:\\\/\\\/oud.caravanrepair.eu\\\/#\\\/schema\\\/logo\\\/image\\\/\",\"url\":\"https:\\\/\\\/oud.caravanrepair.eu\\\/wp-content\\\/uploads\\\/2019\\\/01\\\/logo-caravanrepair.png\",\"contentUrl\":\"https:\\\/\\\/oud.caravanrepair.eu\\\/wp-content\\\/uploads\\\/2019\\\/01\\\/logo-caravanrepair.png\",\"width\":353,\"height\":150,\"caption\":\"CaravanRepair\u00ae\"},\"image\":{\"@id\":\"https:\\\/\\\/oud.caravanrepair.eu\\\/#\\\/schema\\\/logo\\\/image\\\/\"}}]}<\/script>\n<!-- \/ Yoast SEO Premium plugin. -->","yoast_head_json":{"title":"CaravanRepair Calp-Hiszpania: Fachowa i profesjonalna naprawa","description":"CaravanRepair otwiera biuro w Calp w Hiszpanii. Uzyskaj fachowe porady i wysokiej jako\u015bci naprawy uszkodze\u0144 przyczep kempingowych i kamper\u00f3w.","robots":{"index":"noindex","follow":"follow","max-snippet":"max-snippet:-1","max-image-preview":"max-image-preview:large","max-video-preview":"max-video-preview:-1"},"og_locale":"pl_PL","og_type":"article","og_title":"CaravanRepair Calp","og_description":"CaravanRepair opent kantoor in Calp, Spanje. Ontvang vakkundig advies en hoogwaardig schadeherstel voor caravans en campers.","og_url":"https:\/\/oud.caravanrepair.eu\/pl\/naprawa-przyczep-kempingowych-calp\/","og_site_name":"CaravanRepair\u00ae","article_modified_time":"2025-05-09T09:05:04+00:00","og_image":[{"width":640,"height":480,"url":"https:\/\/oud.caravanrepair.eu\/wp-content\/uploads\/2019\/01\/schade2.jpg","type":"image\/jpeg"}],"twitter_card":"summary_large_image","twitter_misc":{"Szacowany czas czytania":"2 minuty"},"schema":{"@context":"https:\/\/schema.org","@graph":[{"@type":"WebPage","@id":"https:\/\/oud.caravanrepair.eu\/caravanrepair-calp\/","url":"https:\/\/oud.caravanrepair.eu\/caravanrepair-calp\/","name":"CaravanRepair Calp-Hiszpania: Fachowa i profesjonalna naprawa","isPartOf":{"@id":"https:\/\/oud.caravanrepair.eu\/#website"},"primaryImageOfPage":{"@id":"https:\/\/oud.caravanrepair.eu\/caravanrepair-calp\/#primaryimage"},"image":{"@id":"https:\/\/oud.caravanrepair.eu\/caravanrepair-calp\/#primaryimage"},"thumbnailUrl":"https:\/\/oud.caravanrepair.eu\/wp-content\/uploads\/2019\/01\/schade2.jpg","datePublished":"2024-10-08T07:55:10+00:00","dateModified":"2025-05-09T09:05:04+00:00","description":"CaravanRepair otwiera biuro w Calp w Hiszpanii. Uzyskaj fachowe porady i wysokiej jako\u015bci naprawy uszkodze\u0144 przyczep kempingowych i kamper\u00f3w.","breadcrumb":{"@id":"https:\/\/oud.caravanrepair.eu\/caravanrepair-calp\/#breadcrumb"},"inLanguage":"pl-PL","potentialAction":[{"@type":"ReadAction","target":["https:\/\/oud.caravanrepair.eu\/caravanrepair-calp\/"]}]},{"@type":"ImageObject","inLanguage":"pl-PL","@id":"https:\/\/oud.caravanrepair.eu\/caravanrepair-calp\/#primaryimage","url":"https:\/\/oud.caravanrepair.eu\/wp-content\/uploads\/2019\/01\/schade2.jpg","contentUrl":"https:\/\/oud.caravanrepair.eu\/wp-content\/uploads\/2019\/01\/schade2.jpg"},{"@type":"BreadcrumbList","@id":"https:\/\/oud.caravanrepair.eu\/caravanrepair-calp\/#breadcrumb","itemListElement":[{"@type":"ListItem","position":1,"name":"Home","item":"https:\/\/oud.caravanrepair.eu\/"},{"@type":"ListItem","position":2,"name":"CaravanRepair Calp"}]},{"@type":"WebSite","@id":"https:\/\/oud.caravanrepair.eu\/#website","url":"https:\/\/oud.caravanrepair.eu\/","name":"CaravanRepair\u00ae","description":"Profesjonalna naprawa uszkodze\u0144 przyczep kempingowych i kamper\u00f3w","publisher":{"@id":"https:\/\/oud.caravanrepair.eu\/#organization"},"potentialAction":[{"@type":"SearchAction","target":{"@type":"EntryPoint","urlTemplate":"https:\/\/oud.caravanrepair.eu\/?s={search_term_string}"},"query-input":{"@type":"PropertyValueSpecification","valueRequired":true,"valueName":"search_term_string"}}],"inLanguage":"pl-PL"},{"@type":"Organization","@id":"https:\/\/oud.caravanrepair.eu\/#organization","name":"CaravanRepair\u00ae","url":"https:\/\/oud.caravanrepair.eu\/","logo":{"@type":"ImageObject","inLanguage":"pl-PL","@id":"https:\/\/oud.caravanrepair.eu\/#\/schema\/logo\/image\/","url":"https:\/\/oud.caravanrepair.eu\/wp-content\/uploads\/2019\/01\/logo-caravanrepair.png","contentUrl":"https:\/\/oud.caravanrepair.eu\/wp-content\/uploads\/2019\/01\/logo-caravanrepair.png","width":353,"height":150,"caption":"CaravanRepair\u00ae"},"image":{"@id":"https:\/\/oud.caravanrepair.eu\/#\/schema\/logo\/image\/"}}]}},"_links":{"self":[{"href":"https:\/\/oud.caravanrepair.eu\/pl\/wp-json\/wp\/v2\/pages\/16387","targetHints":{"allow":["GET"]}}],"collection":[{"href":"https:\/\/oud.caravanrepair.eu\/pl\/wp-json\/wp\/v2\/pages"}],"about":[{"href":"https:\/\/oud.caravanrepair.eu\/pl\/wp-json\/wp\/v2\/types\/page"}],"author":[{"embeddable":true,"href":"https:\/\/oud.caravanrepair.eu\/pl\/wp-json\/wp\/v2\/users\/3"}],"replies":[{"embeddable":true,"href":"https:\/\/oud.caravanrepair.eu\/pl\/wp-json\/wp\/v2\/comments?post=16387"}],"version-history":[{"count":0,"href":"https:\/\/oud.caravanrepair.eu\/pl\/wp-json\/wp\/v2\/pages\/16387\/revisions"}],"wp:attachment":[{"href":"https:\/\/oud.caravanrepair.eu\/pl\/wp-json\/wp\/v2\/media?parent=16387"}],"curies":[{"name":"wp","href":"https:\/\/api.w.org\/{rel}","templated":true}]}}