{"id":16832,"date":"2024-11-11T10:06:18","date_gmt":"2024-11-11T09:06:18","guid":{"rendered":"https:\/\/oud.caravanrepair.eu\/?page_id=16832"},"modified":"2025-09-01T12:30:58","modified_gmt":"2025-09-01T10:30:58","slug":"uszkodzenie-karawany-przez-grad","status":"publish","type":"page","link":"https:\/\/oud.caravanrepair.eu\/pl\/caravan-hagelschade\/","title":{"rendered":"Uszkodzenia spowodowane gradem w karawanie"},"content":{"rendered":"<div data-elementor-type=\"wp-page\" data-elementor-id=\"16832\" class=\"elementor elementor-16832\" data-elementor-post-type=\"page\">\n\t\t\t\t\t\t<section class=\"elementor-section elementor-top-section elementor-element elementor-element-1b425c25 elementor-section-height-min-height elementor-section-content-middle elementor-section-full_width elementor-section-height-default elementor-section-items-middle\" data-id=\"1b425c25\" data-element_type=\"section\" data-e-type=\"section\" data-settings=\"{&quot;background_background&quot;:&quot;classic&quot;}\">\n\t\t\t\t\t\t\t<div class=\"elementor-background-overlay\"><\/div>\n\t\t\t\t\t\t\t<div class=\"elementor-container elementor-column-gap-default\">\n\t\t\t\t\t<div class=\"elementor-column elementor-col-100 elementor-top-column elementor-element elementor-element-a2faf94\" data-id=\"a2faf94\" data-element_type=\"column\" data-e-type=\"column\">\n\t\t\t<div class=\"elementor-widget-wrap elementor-element-populated\">\n\t\t\t\t\t\t<div class=\"elementor-element elementor-element-596f99b5 elementor-widget elementor-widget-heading\" data-id=\"596f99b5\" data-element_type=\"widget\" data-e-type=\"widget\" data-widget_type=\"heading.default\">\n\t\t\t\t<div class=\"elementor-widget-container\">\n\t\t\t\t\t<h1 class=\"elementor-heading-title elementor-size-default\">Uszkodzenie przyczepy kempingowej przez gradobicie? Zle\u0107 profesjonaln\u0105 napraw\u0119 specjali\u015bcie.<\/h1>\t\t\t\t<\/div>\n\t\t\t\t<\/div>\n\t\t\t\t<div class=\"elementor-element elementor-element-201c332a elementor-widget elementor-widget-heading\" data-id=\"201c332a\" data-element_type=\"widget\" data-e-type=\"widget\" data-widget_type=\"heading.default\">\n\t\t\t\t<div class=\"elementor-widget-container\">\n\t\t\t\t\t<p class=\"elementor-heading-title elementor-size-default\"> <\/p>\t\t\t\t<\/div>\n\t\t\t\t<\/div>\n\t\t\t\t\t<\/div>\n\t\t<\/div>\n\t\t\t\t\t<\/div>\n\t\t<\/section>\n\t\t\t\t<section class=\"elementor-section elementor-top-section elementor-element elementor-element-6c8cc4b7 elementor-section-content-middle elementor-section-boxed elementor-section-height-default elementor-section-height-default\" data-id=\"6c8cc4b7\" data-element_type=\"section\" data-e-type=\"section\">\n\t\t\t\t\t\t<div class=\"elementor-container elementor-column-gap-no\">\n\t\t\t\t\t<div class=\"elementor-column elementor-col-100 elementor-top-column elementor-element elementor-element-1d735c4a\" data-id=\"1d735c4a\" data-element_type=\"column\" data-e-type=\"column\">\n\t\t\t<div class=\"elementor-widget-wrap elementor-element-populated\">\n\t\t\t\t\t\t<div class=\"elementor-element elementor-element-8f37eb2 elementor-widget elementor-widget-heading\" data-id=\"8f37eb2\" data-element_type=\"widget\" data-e-type=\"widget\" data-widget_type=\"heading.default\">\n\t\t\t\t<div class=\"elementor-widget-container\">\n\t\t\t\t\t<h2 class=\"elementor-heading-title elementor-size-default\">CaravanRepair - profesjonalna naprawa przyczep kempingowych z gwarancj\u0105<\/h2>\t\t\t\t<\/div>\n\t\t\t\t<\/div>\n\t\t\t\t\t<\/div>\n\t\t<\/div>\n\t\t\t\t\t<\/div>\n\t\t<\/section>\n\t\t\t\t<section class=\"elementor-section elementor-top-section elementor-element elementor-element-7e202f56 elementor-section-content-middle elementor-reverse-mobile elementor-section-boxed elementor-section-height-default elementor-section-height-default\" data-id=\"7e202f56\" data-element_type=\"section\" data-e-type=\"section\">\n\t\t\t\t\t\t<div class=\"elementor-container elementor-column-gap-no\">\n\t\t\t\t\t<div class=\"elementor-column elementor-col-50 elementor-top-column elementor-element elementor-element-5305fa03\" data-id=\"5305fa03\" data-element_type=\"column\" data-e-type=\"column\">\n\t\t\t<div class=\"elementor-widget-wrap elementor-element-populated\">\n\t\t\t\t\t\t<div class=\"elementor-element elementor-element-4ad17256 elementor-widget elementor-widget-heading\" data-id=\"4ad17256\" data-element_type=\"widget\" data-e-type=\"widget\" data-widget_type=\"heading.default\">\n\t\t\t\t<div class=\"elementor-widget-container\">\n\t\t\t\t\t<h3 class=\"elementor-heading-title elementor-size-default\">Uszkodzenia spowodowane gradem w karawanie<\/h3>\t\t\t\t<\/div>\n\t\t\t\t<\/div>\n\t\t\t\t<div class=\"elementor-element elementor-element-c4db2de elementor-widget elementor-widget-text-editor\" data-id=\"c4db2de\" data-element_type=\"widget\" data-e-type=\"widget\" data-widget_type=\"text-editor.default\">\n\t\t\t\t<div class=\"elementor-widget-container\">\n\t\t\t\t\t\t\t\t\t<h3>CaravanRepair - Specjalista w naprawie uszkodze\u0144 spowodowanych gradobiciem<\/h3><p style=\"font-weight: 400;\"><strong>Uszkodzenie przyczepy kempingowej przez grad? Zle\u0107 profesjonaln\u0105 napraw\u0119 specjali\u015bcie<\/strong><\/p><p style=\"font-weight: 400;\">Lubisz je\u017adzi\u0107 na wakacje przyczep\u0105 kempingow\u0105? W takim razie wiesz, \u017ce pogoda w krajach takich jak W\u0142ochy, Francja czy Hiszpania mo\u017ce si\u0119 czasem nagle zmieni\u0107. Niespodziewane gradobicie mo\u017ce spowodowa\u0107 znaczne uszkodzenia przyczepy kempingowej - zw\u0142aszcza dachu lub \u015bcian bocznych. Uszkodzenia spowodowane gradem s\u0105 nie tylko irytuj\u0105ce, ale mog\u0105 r\u00f3wnie\u017c wp\u0142yn\u0105\u0107 na warto\u015b\u0107 przyczepy kempingowej lub prowadzi\u0107 do wi\u0119kszych problem\u00f3w w d\u0142u\u017cszej perspektywie, takich jak wycieki.<\/p><p style=\"font-weight: 400;\">Na szcz\u0119\u015bcie istnieje niezawodne rozwi\u0105zanie:\u00a0<strong>Naprawa przyczep kempingowych<\/strong>.<\/p><h3 style=\"font-weight: 400;\"><strong>Dlaczego warto wybra\u0107 CaravanRepair w przypadku uszkodze\u0144 spowodowanych gradem?<\/strong><\/h3><p style=\"font-weight: 400;\">\u2714\u00a0<strong>Specjali\u015bci od napraw uszkodze\u0144 spowodowanych gradobiciem<\/strong><br \/>Nasze stowarzyszone firmy naprawcze s\u0105 ekspertami w profesjonalnej i praktycznie niewidocznej naprawie uszkodze\u0144 spowodowanych gradem.<\/p><p style=\"font-weight: 400;\">\u2714\u00a0<strong>Zachowanie warto\u015bci<\/strong><br \/>Prawid\u0142owo naprawiona przyczepa kempingowa zachowuje swoj\u0105 warto\u015b\u0107 i wygl\u0105d. Zapobiega r\u00f3wnie\u017c pog\u0142\u0119bianiu si\u0119 drobnych uszkodze\u0144.<\/p><p style=\"font-weight: 400;\">\u2714\u00a0<strong>Gwarancja na napraw\u0119<\/strong><br \/>Oferujemy gwarancj\u0119 na wszystkie wykonane prace. Dzi\u0119ki temu masz pewno\u015b\u0107 jako\u015bci i trwa\u0142o\u015bci.<\/p><p style=\"font-weight: 400;\">\u2714\u00a0<strong>Odzyskiwanie przez profesjonalist\u00f3w<\/strong><br \/>Samodzielna naprawa uszkodze\u0144 spowodowanych gradem jest zdecydowanie odradzana. Nasi mechanicy posiadaj\u0105 odpowiedni\u0105 wiedz\u0119, narz\u0119dzia i do\u015bwiadczenie, aby profesjonalnie i bezpiecznie naprawi\u0107 uszkodzenia.<\/p><p style=\"font-weight: 400;\"><a href=\"https:\/\/oud.caravanrepair.eu\/pl\/naprawa-przyczep-kempingowych-4\/\" target=\"_blank\" rel=\"noopener\">\ud83d\udd17\u00a0<em>Wi\u0119cej informacji na temat konkretnych przypadk\u00f3w uszkodze\u0144 mo\u017cna znale\u017a\u0107 na naszej stronie g\u0142\u00f3wnej po\u015bwi\u0119conej naprawie przyczep kempingowych.<\/em><\/a><\/p><h3 style=\"font-weight: 400;\"><strong>Zg\u0142osi\u0107 szkod\u0119 bezpo\u015brednio lub uzyska\u0107 wi\u0119cej informacji?<\/strong><\/h3><p style=\"font-weight: 400;\">Zadzwo\u0144 do nas pod numer\u00a0<strong>0321 - 324 425<\/strong>\u00a0lub <a href=\"https:\/\/oud.caravanrepair.eu\/pl\/dealerzy\/\"><em><strong>kliknij tutaj<\/strong> <\/em><\/a>aby znale\u017a\u0107 specjalist\u0119 w swojej okolicy.<br \/><a href=\"https:\/\/oud.caravanrepair.eu\/pl\/formulaire\/\"><span style=\"text-decoration: underline;\"><em><strong>Mo\u017cesz r\u00f3wnie\u017c wype\u0142ni\u0107 formularz online bezpo\u015brednio tutaj<\/strong><\/em><\/span><\/a>skontaktujemy si\u0119 z Tob\u0105 tak szybko, jak to mo\u017cliwe.<\/p><p style=\"font-weight: 400;\">\u00a0<\/p>\t\t\t\t\t\t\t\t<\/div>\n\t\t\t\t<\/div>\n\t\t\t\t\t<\/div>\n\t\t<\/div>\n\t\t\t\t<div class=\"elementor-column elementor-col-50 elementor-top-column elementor-element elementor-element-10727f6a\" data-id=\"10727f6a\" data-element_type=\"column\" data-e-type=\"column\">\n\t\t\t<div class=\"elementor-widget-wrap elementor-element-populated\">\n\t\t\t\t\t\t<div class=\"elementor-element elementor-element-5253ecd2 elementor-widget elementor-widget-image\" data-id=\"5253ecd2\" data-element_type=\"widget\" data-e-type=\"widget\" data-widget_type=\"image.default\">\n\t\t\t\t<div class=\"elementor-widget-container\">\n\t\t\t\t\t\t\t\t\t\t\t\t\t\t\t<img fetchpriority=\"high\" decoding=\"async\" width=\"640\" height=\"480\" src=\"https:\/\/oud.caravanrepair.eu\/wp-content\/uploads\/2023\/10\/dd5dd898-035f-42d8-940b-dd6cf7420010.jpeg\" class=\"attachment-large size-large wp-image-8616\" alt=\"Uszkodzenia przyczepy kempingowej spowodowane burz\u0105\" srcset=\"https:\/\/oud.caravanrepair.eu\/wp-content\/uploads\/2023\/10\/dd5dd898-035f-42d8-940b-dd6cf7420010-16x12.jpeg 16w, https:\/\/oud.caravanrepair.eu\/wp-content\/uploads\/2023\/10\/dd5dd898-035f-42d8-940b-dd6cf7420010-200x150.jpeg 200w, https:\/\/oud.caravanrepair.eu\/wp-content\/uploads\/2023\/10\/dd5dd898-035f-42d8-940b-dd6cf7420010-300x225.jpeg 300w, https:\/\/oud.caravanrepair.eu\/wp-content\/uploads\/2023\/10\/dd5dd898-035f-42d8-940b-dd6cf7420010-400x300.jpeg 400w, https:\/\/oud.caravanrepair.eu\/wp-content\/uploads\/2023\/10\/dd5dd898-035f-42d8-940b-dd6cf7420010-600x450.jpeg 600w, https:\/\/oud.caravanrepair.eu\/wp-content\/uploads\/2023\/10\/dd5dd898-035f-42d8-940b-dd6cf7420010.jpeg 640w\" sizes=\"(max-width: 640px) 100vw, 640px\" \/>\t\t\t\t\t\t\t\t\t\t\t\t\t\t\t<\/div>\n\t\t\t\t<\/div>\n\t\t\t\t\t<\/div>\n\t\t<\/div>\n\t\t\t\t\t<\/div>\n\t\t<\/section>\n\t\t\t\t<section class=\"elementor-section elementor-top-section elementor-element elementor-element-7c5ac1d elementor-section-content-middle elementor-section-boxed elementor-section-height-default elementor-section-height-default\" data-id=\"7c5ac1d\" data-element_type=\"section\" data-e-type=\"section\" data-settings=\"{&quot;background_background&quot;:&quot;classic&quot;}\">\n\t\t\t\t\t\t\t<div class=\"elementor-background-overlay\"><\/div>\n\t\t\t\t\t\t\t<div class=\"elementor-container elementor-column-gap-no\">\n\t\t\t\t\t<div class=\"elementor-column elementor-col-100 elementor-top-column elementor-element elementor-element-48f50371\" data-id=\"48f50371\" data-element_type=\"column\" data-e-type=\"column\">\n\t\t\t<div class=\"elementor-widget-wrap elementor-element-populated\">\n\t\t\t\t\t\t<div class=\"elementor-element elementor-element-5d6a3697 elementor-widget elementor-widget-heading\" data-id=\"5d6a3697\" data-element_type=\"widget\" data-e-type=\"widget\" data-widget_type=\"heading.default\">\n\t\t\t\t<div class=\"elementor-widget-container\">\n\t\t\t\t\t<h2 class=\"elementor-heading-title elementor-size-default\">Zg\u0142osi\u0107 uszkodzenie przyczepy kempingowej lub kampera?<\/h2>\t\t\t\t<\/div>\n\t\t\t\t<\/div>\n\t\t\t\t<div class=\"elementor-element elementor-element-5e66fa56 elementor-widget elementor-widget-text-editor\" data-id=\"5e66fa56\" data-element_type=\"widget\" data-e-type=\"widget\" data-widget_type=\"text-editor.default\">\n\t\t\t\t<div class=\"elementor-widget-container\">\n\t\t\t\t\t\t\t\t\t<p style=\"text-align: center;\">Je\u015bli Twoja przyczepa kempingowa lub kamper uleg\u0142a uszkodzeniu, wype\u0142nij formularz szkody online, a my skontaktujemy si\u0119 z Tob\u0105.<\/p>\t\t\t\t\t\t\t\t<\/div>\n\t\t\t\t<\/div>\n\t\t\t\t<div class=\"elementor-element elementor-element-1e98059b elementor-align-center elementor-mobile-align-left elementor-widget elementor-widget-button\" data-id=\"1e98059b\" data-element_type=\"widget\" data-e-type=\"widget\" data-widget_type=\"button.default\">\n\t\t\t\t<div class=\"elementor-widget-container\">\n\t\t\t\t\t\t\t\t\t<div class=\"elementor-button-wrapper\">\n\t\t\t\t\t<a class=\"elementor-button elementor-button-link elementor-size-sm elementor-animation-grow\" href=\"https:\/\/oud.caravanrepair.eu\/pl\/formulaire\/\">\n\t\t\t\t\t\t<span class=\"elementor-button-content-wrapper\">\n\t\t\t\t\t\t\t\t\t<span class=\"elementor-button-text\">ZG\u0141O\u015a SZKOD\u0118<\/span>\n\t\t\t\t\t<\/span>\n\t\t\t\t\t<\/a>\n\t\t\t\t<\/div>\n\t\t\t\t\t\t\t\t<\/div>\n\t\t\t\t<\/div>\n\t\t\t\t\t<\/div>\n\t\t<\/div>\n\t\t\t\t\t<\/div>\n\t\t<\/section>\n\t\t\t\t<section class=\"elementor-section elementor-top-section elementor-element elementor-element-7624aeb7 elementor-section-full_width elementor-section-content-middle elementor-section-height-default elementor-section-height-default\" data-id=\"7624aeb7\" data-element_type=\"section\" data-e-type=\"section\">\n\t\t\t\t\t\t<div class=\"elementor-container elementor-column-gap-no\">\n\t\t\t\t\t<div class=\"elementor-column elementor-col-50 elementor-top-column elementor-element elementor-element-2cebb49a\" data-id=\"2cebb49a\" data-element_type=\"column\" data-e-type=\"column\" data-settings=\"{&quot;background_background&quot;:&quot;classic&quot;}\">\n\t\t\t<div class=\"elementor-widget-wrap elementor-element-populated\">\n\t\t\t\t\t<div class=\"elementor-background-overlay\"><\/div>\n\t\t\t\t\t\t<div class=\"elementor-element elementor-element-7c4d2f9b elementor-widget elementor-widget-heading\" data-id=\"7c4d2f9b\" data-element_type=\"widget\" data-e-type=\"widget\" data-widget_type=\"heading.default\">\n\t\t\t\t<div class=\"elementor-widget-container\">\n\t\t\t\t\t<h3 class=\"elementor-heading-title elementor-size-default\">Grupa CaravanRepair\u00ae<\/h3>\t\t\t\t<\/div>\n\t\t\t\t<\/div>\n\t\t\t\t\t<\/div>\n\t\t<\/div>\n\t\t\t\t<div class=\"elementor-column elementor-col-50 elementor-top-column elementor-element elementor-element-736da912\" data-id=\"736da912\" data-element_type=\"column\" data-e-type=\"column\">\n\t\t\t<div class=\"elementor-widget-wrap elementor-element-populated\">\n\t\t\t\t\t\t<div class=\"elementor-element elementor-element-538a5c0a elementor-widget elementor-widget-text-editor\" data-id=\"538a5c0a\" data-element_type=\"widget\" data-e-type=\"widget\" data-widget_type=\"text-editor.default\">\n\t\t\t\t<div class=\"elementor-widget-container\">\n\t\t\t\t\t\t\t\t\t<h3 style=\"font-weight: 400;\"><strong>Jak to dzia\u0142a?<\/strong><\/h3><ol style=\"font-weight: 400;\"><li><strong>Zg\u0142o\u015b uszkodzenie<\/strong>\u00a0\u0142atwo za po\u015brednictwem naszego\u00a0<a href=\"https:\/\/oud.caravanrepair.eu\/pl\/formulaire\/\" target=\"_blank\" rel=\"noopener\"><span style=\"text-decoration: underline;\"><em><strong>formularz roszczenia online.<\/strong><\/em><\/span><\/a><\/li><li><strong>Skontaktujemy si\u0119 z Tob\u0105<\/strong>\u00a0i um\u00f3wi\u0107 si\u0119 na napraw\u0119 u autoryzowanego specjalisty CaravanRepair w pobli\u017cu.<\/li><li><strong>Uszkodzenie zosta\u0142o profesjonalnie naprawione<\/strong>z zachowaniem gwarancji.<\/li><\/ol><h3 style=\"font-weight: 400;\"><strong>CaravanRepair\u00ae Group - Tw\u00f3j partner w niezawodnej naprawie uszkodze\u0144 gradowych przyczep kempingowych<\/strong><\/h3><p style=\"font-weight: 400;\">Rozumiemy, jak wa\u017cna jest dla Ciebie Twoja przyczepa kempingowa lub kamper. Dlatego dbamy o to, aby\u015b m\u00f3g\u0142 szybko, bezpiecznie i pewnie wr\u00f3ci\u0107 na drog\u0119. Zle\u0107 napraw\u0119 uszkodzenia gradowego przyczepy kempingowej specjali\u015bcie CaravanRepair i zapobiegnij dalszym problemom.<\/p><p style=\"font-weight: 400;\">\u00a0<\/p>\t\t\t\t\t\t\t\t<\/div>\n\t\t\t\t<\/div>\n\t\t\t\t\t<\/div>\n\t\t<\/div>\n\t\t\t\t\t<\/div>\n\t\t<\/section>\n\t\t\t\t<section class=\"elementor-section elementor-top-section elementor-element elementor-element-10201528 elementor-section-content-middle elementor-section-boxed elementor-section-height-default elementor-section-height-default\" data-id=\"10201528\" data-element_type=\"section\" data-e-type=\"section\" data-settings=\"{&quot;background_background&quot;:&quot;classic&quot;}\">\n\t\t\t\t\t\t\t<div class=\"elementor-background-overlay\"><\/div>\n\t\t\t\t\t\t\t<div class=\"elementor-container elementor-column-gap-no\">\n\t\t\t\t\t<div class=\"elementor-column elementor-col-50 elementor-top-column elementor-element elementor-element-67f8f5d5\" data-id=\"67f8f5d5\" data-element_type=\"column\" data-e-type=\"column\">\n\t\t\t<div class=\"elementor-widget-wrap elementor-element-populated\">\n\t\t\t\t\t\t<div class=\"elementor-element elementor-element-6a69f097 elementor-widget elementor-widget-heading\" data-id=\"6a69f097\" data-element_type=\"widget\" data-e-type=\"widget\" data-widget_type=\"heading.default\">\n\t\t\t\t<div class=\"elementor-widget-container\">\n\t\t\t\t\t<h2 class=\"elementor-heading-title elementor-size-default\">Szukasz warsztatu CaravanRepair\u00ae w pobli\u017cu?<\/h2>\t\t\t\t<\/div>\n\t\t\t\t<\/div>\n\t\t\t\t<div class=\"elementor-element elementor-element-ea2dc6f elementor-widget elementor-widget-text-editor\" data-id=\"ea2dc6f\" data-element_type=\"widget\" data-e-type=\"widget\" data-widget_type=\"text-editor.default\">\n\t\t\t\t<div class=\"elementor-widget-container\">\n\t\t\t\t\t\t\t\t\t<p>Nasi serwisanci dzia\u0142aj\u0105 na terenie ca\u0142ej Europy!<\/p>\t\t\t\t\t\t\t\t<\/div>\n\t\t\t\t<\/div>\n\t\t\t\t\t<\/div>\n\t\t<\/div>\n\t\t\t\t<div class=\"elementor-column elementor-col-50 elementor-top-column elementor-element elementor-element-43f573d5\" data-id=\"43f573d5\" data-element_type=\"column\" data-e-type=\"column\">\n\t\t\t<div class=\"elementor-widget-wrap elementor-element-populated\">\n\t\t\t\t\t\t<div class=\"elementor-element elementor-element-28abf50c elementor-align-center elementor-mobile-align-left elementor-widget elementor-widget-button\" data-id=\"28abf50c\" data-element_type=\"widget\" data-e-type=\"widget\" data-widget_type=\"button.default\">\n\t\t\t\t<div class=\"elementor-widget-container\">\n\t\t\t\t\t\t\t\t\t<div class=\"elementor-button-wrapper\">\n\t\t\t\t\t<a class=\"elementor-button elementor-button-link elementor-size-sm elementor-animation-grow\" href=\"https:\/\/oud.caravanrepair.eu\/pl\/dealerzy\/\">\n\t\t\t\t\t\t<span class=\"elementor-button-content-wrapper\">\n\t\t\t\t\t\t\t\t\t<span class=\"elementor-button-text\">Wyszukaj teraz<\/span>\n\t\t\t\t\t<\/span>\n\t\t\t\t\t<\/a>\n\t\t\t\t<\/div>\n\t\t\t\t\t\t\t\t<\/div>\n\t\t\t\t<\/div>\n\t\t\t\t\t<\/div>\n\t\t<\/div>\n\t\t\t\t\t<\/div>\n\t\t<\/section>\n\t\t\t\t<\/div>","protected":false},"excerpt":{"rendered":"<p>Uszkodzenie przyczepy kempingowej przez gradobicie? Zle\u0107 profesjonaln\u0105 napraw\u0119 specjali\u015bcie. CaravanRepair - profesjonalna naprawa przyczep kempingowych z gwarancj\u0105 na uszkodzenia gradowe.<\/p>","protected":false},"author":3,"featured_media":0,"parent":0,"menu_order":0,"comment_status":"closed","ping_status":"closed","template":"elementor_header_footer","meta":{"footnotes":""},"class_list":["post-16832","page","type-page","status-publish","hentry","pagina_tag-caravan"],"yoast_head":"<!-- This site is optimized with the Yoast SEO Premium plugin v27.5 (Yoast SEO v28.3) - https:\/\/yoast.com\/product\/yoast-seo-premium-wordpress\/ -->\n<title>Caravan Hagelschade? Laat het professioneel repareren!<\/title>\n<meta name=\"description\" content=\"Laat hagelschade aan je caravan professioneel herstellen. Onze experts garanderen kwaliteit en behoud de waarde van je caravan.\" \/>\n<meta name=\"robots\" content=\"noindex, follow, max-snippet:-1, max-image-preview:large, max-video-preview:-1\" \/>\n<meta property=\"og:locale\" content=\"pl_PL\" \/>\n<meta property=\"og:type\" content=\"article\" \/>\n<meta property=\"og:title\" content=\"Caravan Hagelschade\" \/>\n<meta property=\"og:description\" content=\"Laat hagelschade aan je caravan professioneel herstellen. Onze experts garanderen kwaliteit en behoud de waarde van je caravan.\" \/>\n<meta property=\"og:url\" content=\"https:\/\/oud.caravanrepair.eu\/pl\/uszkodzenie-karawany-przez-grad\/\" \/>\n<meta property=\"og:site_name\" content=\"CaravanRepair\u00ae\" \/>\n<meta property=\"article:modified_time\" content=\"2025-09-01T10:30:58+00:00\" \/>\n<meta property=\"og:image\" content=\"https:\/\/oud.caravanrepair.eu\/wp-content\/uploads\/2023\/10\/dd5dd898-035f-42d8-940b-dd6cf7420010.jpeg\" \/>\n\t<meta property=\"og:image:width\" content=\"640\" \/>\n\t<meta property=\"og:image:height\" content=\"480\" \/>\n\t<meta property=\"og:image:type\" content=\"image\/jpeg\" \/>\n<meta name=\"twitter:card\" content=\"summary_large_image\" \/>\n<meta name=\"twitter:label1\" content=\"Szacowany czas czytania\" \/>\n\t<meta name=\"twitter:data1\" content=\"3 minuty\" \/>\n<script type=\"application\/ld+json\" class=\"yoast-schema-graph\">{\"@context\":\"https:\\\/\\\/schema.org\",\"@graph\":[{\"@type\":\"WebPage\",\"@id\":\"https:\\\/\\\/oud.caravanrepair.eu\\\/caravan-hagelschade\\\/\",\"url\":\"https:\\\/\\\/oud.caravanrepair.eu\\\/caravan-hagelschade\\\/\",\"name\":\"Caravan Hagelschade? Laat het professioneel repareren!\",\"isPartOf\":{\"@id\":\"https:\\\/\\\/oud.caravanrepair.eu\\\/#website\"},\"primaryImageOfPage\":{\"@id\":\"https:\\\/\\\/oud.caravanrepair.eu\\\/caravan-hagelschade\\\/#primaryimage\"},\"image\":{\"@id\":\"https:\\\/\\\/oud.caravanrepair.eu\\\/caravan-hagelschade\\\/#primaryimage\"},\"thumbnailUrl\":\"https:\\\/\\\/oud.caravanrepair.eu\\\/wp-content\\\/uploads\\\/2023\\\/10\\\/dd5dd898-035f-42d8-940b-dd6cf7420010.jpeg\",\"datePublished\":\"2024-11-11T09:06:18+00:00\",\"dateModified\":\"2025-09-01T10:30:58+00:00\",\"description\":\"Laat hagelschade aan je caravan professioneel herstellen. Onze experts garanderen kwaliteit en behoud de waarde van je caravan.\",\"breadcrumb\":{\"@id\":\"https:\\\/\\\/oud.caravanrepair.eu\\\/caravan-hagelschade\\\/#breadcrumb\"},\"inLanguage\":\"pl-PL\",\"potentialAction\":[{\"@type\":\"ReadAction\",\"target\":[\"https:\\\/\\\/oud.caravanrepair.eu\\\/caravan-hagelschade\\\/\"]}]},{\"@type\":\"ImageObject\",\"inLanguage\":\"pl-PL\",\"@id\":\"https:\\\/\\\/oud.caravanrepair.eu\\\/caravan-hagelschade\\\/#primaryimage\",\"url\":\"https:\\\/\\\/oud.caravanrepair.eu\\\/wp-content\\\/uploads\\\/2023\\\/10\\\/dd5dd898-035f-42d8-940b-dd6cf7420010.jpeg\",\"contentUrl\":\"https:\\\/\\\/oud.caravanrepair.eu\\\/wp-content\\\/uploads\\\/2023\\\/10\\\/dd5dd898-035f-42d8-940b-dd6cf7420010.jpeg\"},{\"@type\":\"BreadcrumbList\",\"@id\":\"https:\\\/\\\/oud.caravanrepair.eu\\\/caravan-hagelschade\\\/#breadcrumb\",\"itemListElement\":[{\"@type\":\"ListItem\",\"position\":1,\"name\":\"Home\",\"item\":\"https:\\\/\\\/oud.caravanrepair.eu\\\/\"},{\"@type\":\"ListItem\",\"position\":2,\"name\":\"Caravan Hagelschade\"}]},{\"@type\":\"WebSite\",\"@id\":\"https:\\\/\\\/oud.caravanrepair.eu\\\/#website\",\"url\":\"https:\\\/\\\/oud.caravanrepair.eu\\\/\",\"name\":\"CaravanRepair\u00ae\",\"description\":\"Professioneel schadeherstel voor caravan en camper\",\"publisher\":{\"@id\":\"https:\\\/\\\/oud.caravanrepair.eu\\\/#organization\"},\"potentialAction\":[{\"@type\":\"SearchAction\",\"target\":{\"@type\":\"EntryPoint\",\"urlTemplate\":\"https:\\\/\\\/oud.caravanrepair.eu\\\/?s={search_term_string}\"},\"query-input\":{\"@type\":\"PropertyValueSpecification\",\"valueRequired\":true,\"valueName\":\"search_term_string\"}}],\"inLanguage\":\"pl-PL\"},{\"@type\":\"Organization\",\"@id\":\"https:\\\/\\\/oud.caravanrepair.eu\\\/#organization\",\"name\":\"CaravanRepair\u00ae\",\"url\":\"https:\\\/\\\/oud.caravanrepair.eu\\\/\",\"logo\":{\"@type\":\"ImageObject\",\"inLanguage\":\"pl-PL\",\"@id\":\"https:\\\/\\\/oud.caravanrepair.eu\\\/#\\\/schema\\\/logo\\\/image\\\/\",\"url\":\"https:\\\/\\\/oud.caravanrepair.eu\\\/wp-content\\\/uploads\\\/2019\\\/01\\\/logo-caravanrepair.png\",\"contentUrl\":\"https:\\\/\\\/oud.caravanrepair.eu\\\/wp-content\\\/uploads\\\/2019\\\/01\\\/logo-caravanrepair.png\",\"width\":353,\"height\":150,\"caption\":\"CaravanRepair\u00ae\"},\"image\":{\"@id\":\"https:\\\/\\\/oud.caravanrepair.eu\\\/#\\\/schema\\\/logo\\\/image\\\/\"}}]}<\/script>\n<!-- \/ Yoast SEO Premium plugin. -->","yoast_head_json":{"title":"Uszkodzenia spowodowane gradem w przyczepie kempingowej? Napraw go profesjonalnie!","description":"Zle\u0107 profesjonaln\u0105 napraw\u0119 uszkodze\u0144 przyczepy kempingowej spowodowanych gradem. Nasi eksperci gwarantuj\u0105 jako\u015b\u0107 i zachowanie warto\u015bci przyczepy kempingowej.","robots":{"index":"noindex","follow":"follow","max-snippet":"max-snippet:-1","max-image-preview":"max-image-preview:large","max-video-preview":"max-video-preview:-1"},"og_locale":"pl_PL","og_type":"article","og_title":"Caravan Hagelschade","og_description":"Laat hagelschade aan je caravan professioneel herstellen. Onze experts garanderen kwaliteit en behoud de waarde van je caravan.","og_url":"https:\/\/oud.caravanrepair.eu\/pl\/uszkodzenie-karawany-przez-grad\/","og_site_name":"CaravanRepair\u00ae","article_modified_time":"2025-09-01T10:30:58+00:00","og_image":[{"width":640,"height":480,"url":"https:\/\/oud.caravanrepair.eu\/wp-content\/uploads\/2023\/10\/dd5dd898-035f-42d8-940b-dd6cf7420010.jpeg","type":"image\/jpeg"}],"twitter_card":"summary_large_image","twitter_misc":{"Szacowany czas czytania":"3 minuty"},"schema":{"@context":"https:\/\/schema.org","@graph":[{"@type":"WebPage","@id":"https:\/\/oud.caravanrepair.eu\/caravan-hagelschade\/","url":"https:\/\/oud.caravanrepair.eu\/caravan-hagelschade\/","name":"Uszkodzenia spowodowane gradem w przyczepie kempingowej? Napraw go profesjonalnie!","isPartOf":{"@id":"https:\/\/oud.caravanrepair.eu\/#website"},"primaryImageOfPage":{"@id":"https:\/\/oud.caravanrepair.eu\/caravan-hagelschade\/#primaryimage"},"image":{"@id":"https:\/\/oud.caravanrepair.eu\/caravan-hagelschade\/#primaryimage"},"thumbnailUrl":"https:\/\/oud.caravanrepair.eu\/wp-content\/uploads\/2023\/10\/dd5dd898-035f-42d8-940b-dd6cf7420010.jpeg","datePublished":"2024-11-11T09:06:18+00:00","dateModified":"2025-09-01T10:30:58+00:00","description":"Zle\u0107 profesjonaln\u0105 napraw\u0119 uszkodze\u0144 przyczepy kempingowej spowodowanych gradem. Nasi eksperci gwarantuj\u0105 jako\u015b\u0107 i zachowanie warto\u015bci przyczepy kempingowej.","breadcrumb":{"@id":"https:\/\/oud.caravanrepair.eu\/caravan-hagelschade\/#breadcrumb"},"inLanguage":"pl-PL","potentialAction":[{"@type":"ReadAction","target":["https:\/\/oud.caravanrepair.eu\/caravan-hagelschade\/"]}]},{"@type":"ImageObject","inLanguage":"pl-PL","@id":"https:\/\/oud.caravanrepair.eu\/caravan-hagelschade\/#primaryimage","url":"https:\/\/oud.caravanrepair.eu\/wp-content\/uploads\/2023\/10\/dd5dd898-035f-42d8-940b-dd6cf7420010.jpeg","contentUrl":"https:\/\/oud.caravanrepair.eu\/wp-content\/uploads\/2023\/10\/dd5dd898-035f-42d8-940b-dd6cf7420010.jpeg"},{"@type":"BreadcrumbList","@id":"https:\/\/oud.caravanrepair.eu\/caravan-hagelschade\/#breadcrumb","itemListElement":[{"@type":"ListItem","position":1,"name":"Home","item":"https:\/\/oud.caravanrepair.eu\/"},{"@type":"ListItem","position":2,"name":"Caravan Hagelschade"}]},{"@type":"WebSite","@id":"https:\/\/oud.caravanrepair.eu\/#website","url":"https:\/\/oud.caravanrepair.eu\/","name":"CaravanRepair\u00ae","description":"Profesjonalna naprawa uszkodze\u0144 przyczep kempingowych i kamper\u00f3w","publisher":{"@id":"https:\/\/oud.caravanrepair.eu\/#organization"},"potentialAction":[{"@type":"SearchAction","target":{"@type":"EntryPoint","urlTemplate":"https:\/\/oud.caravanrepair.eu\/?s={search_term_string}"},"query-input":{"@type":"PropertyValueSpecification","valueRequired":true,"valueName":"search_term_string"}}],"inLanguage":"pl-PL"},{"@type":"Organization","@id":"https:\/\/oud.caravanrepair.eu\/#organization","name":"CaravanRepair\u00ae","url":"https:\/\/oud.caravanrepair.eu\/","logo":{"@type":"ImageObject","inLanguage":"pl-PL","@id":"https:\/\/oud.caravanrepair.eu\/#\/schema\/logo\/image\/","url":"https:\/\/oud.caravanrepair.eu\/wp-content\/uploads\/2019\/01\/logo-caravanrepair.png","contentUrl":"https:\/\/oud.caravanrepair.eu\/wp-content\/uploads\/2019\/01\/logo-caravanrepair.png","width":353,"height":150,"caption":"CaravanRepair\u00ae"},"image":{"@id":"https:\/\/oud.caravanrepair.eu\/#\/schema\/logo\/image\/"}}]}},"_links":{"self":[{"href":"https:\/\/oud.caravanrepair.eu\/pl\/wp-json\/wp\/v2\/pages\/16832","targetHints":{"allow":["GET"]}}],"collection":[{"href":"https:\/\/oud.caravanrepair.eu\/pl\/wp-json\/wp\/v2\/pages"}],"about":[{"href":"https:\/\/oud.caravanrepair.eu\/pl\/wp-json\/wp\/v2\/types\/page"}],"author":[{"embeddable":true,"href":"https:\/\/oud.caravanrepair.eu\/pl\/wp-json\/wp\/v2\/users\/3"}],"replies":[{"embeddable":true,"href":"https:\/\/oud.caravanrepair.eu\/pl\/wp-json\/wp\/v2\/comments?post=16832"}],"version-history":[{"count":0,"href":"https:\/\/oud.caravanrepair.eu\/pl\/wp-json\/wp\/v2\/pages\/16832\/revisions"}],"wp:attachment":[{"href":"https:\/\/oud.caravanrepair.eu\/pl\/wp-json\/wp\/v2\/media?parent=16832"}],"curies":[{"name":"wp","href":"https:\/\/api.w.org\/{rel}","templated":true}]}}