{"id":17670,"date":"2024-12-03T10:02:18","date_gmt":"2024-12-03T09:02:18","guid":{"rendered":"https:\/\/oud.caravanrepair.eu\/?page_id=17670"},"modified":"2025-08-28T16:59:01","modified_gmt":"2025-08-28T14:59:01","slug":"karawana-uszkodzona-przez-grad","status":"publish","type":"page","link":"https:\/\/oud.caravanrepair.eu\/pl\/hagelschade-caravans\/","title":{"rendered":"Karawany zniszczone przez grad"},"content":{"rendered":"<div data-elementor-type=\"wp-page\" data-elementor-id=\"17670\" class=\"elementor elementor-17670\" data-elementor-post-type=\"page\">\n\t\t\t\t\t\t<section class=\"elementor-section elementor-top-section elementor-element elementor-element-7e7276f3 elementor-section-height-min-height elementor-section-content-middle elementor-section-full_width elementor-section-height-default elementor-section-items-middle\" data-id=\"7e7276f3\" data-element_type=\"section\" data-e-type=\"section\" data-settings=\"{&quot;background_background&quot;:&quot;classic&quot;}\">\n\t\t\t\t\t\t\t<div class=\"elementor-background-overlay\"><\/div>\n\t\t\t\t\t\t\t<div class=\"elementor-container elementor-column-gap-default\">\n\t\t\t\t\t<div class=\"elementor-column elementor-col-100 elementor-top-column elementor-element elementor-element-4ff4f816\" data-id=\"4ff4f816\" data-element_type=\"column\" data-e-type=\"column\">\n\t\t\t<div class=\"elementor-widget-wrap elementor-element-populated\">\n\t\t\t\t\t\t<div class=\"elementor-element elementor-element-33baace2 elementor-widget elementor-widget-heading\" data-id=\"33baace2\" data-element_type=\"widget\" data-e-type=\"widget\" data-widget_type=\"heading.default\">\n\t\t\t\t<div class=\"elementor-widget-container\">\n\t\t\t\t\t<h1 class=\"elementor-heading-title elementor-size-default\">Uszkodzenia przyczep kempingowych spowodowane gradem?<\/h1>\t\t\t\t<\/div>\n\t\t\t\t<\/div>\n\t\t\t\t<div class=\"elementor-element elementor-element-3d6a45f elementor-widget elementor-widget-heading\" data-id=\"3d6a45f\" data-element_type=\"widget\" data-e-type=\"widget\" data-widget_type=\"heading.default\">\n\t\t\t\t<div class=\"elementor-widget-container\">\n\t\t\t\t\t<p class=\"elementor-heading-title elementor-size-default\"> <\/p>\t\t\t\t<\/div>\n\t\t\t\t<\/div>\n\t\t\t\t\t<\/div>\n\t\t<\/div>\n\t\t\t\t\t<\/div>\n\t\t<\/section>\n\t\t\t\t<section class=\"elementor-section elementor-top-section elementor-element elementor-element-50c629a7 elementor-section-content-middle elementor-section-boxed elementor-section-height-default elementor-section-height-default\" data-id=\"50c629a7\" data-element_type=\"section\" data-e-type=\"section\">\n\t\t\t\t\t\t<div class=\"elementor-container elementor-column-gap-no\">\n\t\t\t\t\t<div class=\"elementor-column elementor-col-100 elementor-top-column elementor-element elementor-element-227a890c\" data-id=\"227a890c\" data-element_type=\"column\" data-e-type=\"column\">\n\t\t\t<div class=\"elementor-widget-wrap elementor-element-populated\">\n\t\t\t\t\t\t<div class=\"elementor-element elementor-element-1da2df61 elementor-widget elementor-widget-heading\" data-id=\"1da2df61\" data-element_type=\"widget\" data-e-type=\"widget\" data-widget_type=\"heading.default\">\n\t\t\t\t<div class=\"elementor-widget-container\">\n\t\t\t\t\t<h2 class=\"elementor-heading-title elementor-size-default\">Uszkodzenia spowodowane gradem w Twojej przyczepie kempingowej zostan\u0105 naprawione w CaravanRepair<\/h2>\t\t\t\t<\/div>\n\t\t\t\t<\/div>\n\t\t\t\t\t<\/div>\n\t\t<\/div>\n\t\t\t\t\t<\/div>\n\t\t<\/section>\n\t\t\t\t<section class=\"elementor-section elementor-top-section elementor-element elementor-element-5c02bfb elementor-section-content-middle elementor-reverse-mobile elementor-section-boxed elementor-section-height-default elementor-section-height-default\" data-id=\"5c02bfb\" data-element_type=\"section\" data-e-type=\"section\">\n\t\t\t\t\t\t<div class=\"elementor-container elementor-column-gap-no\">\n\t\t\t\t\t<div class=\"elementor-column elementor-col-50 elementor-top-column elementor-element elementor-element-3cb47869\" data-id=\"3cb47869\" data-element_type=\"column\" data-e-type=\"column\">\n\t\t\t<div class=\"elementor-widget-wrap elementor-element-populated\">\n\t\t\t\t\t\t<div class=\"elementor-element elementor-element-4a4105ba elementor-widget elementor-widget-heading\" data-id=\"4a4105ba\" data-element_type=\"widget\" data-e-type=\"widget\" data-widget_type=\"heading.default\">\n\t\t\t\t<div class=\"elementor-widget-container\">\n\t\t\t\t\t<h3 class=\"elementor-heading-title elementor-size-default\">Uszkodzenie przyczepy kempingowej - profesjonalna naprawa w CaravanRepair<\/h3>\t\t\t\t<\/div>\n\t\t\t\t<\/div>\n\t\t\t\t<div class=\"elementor-element elementor-element-4d3c90cc elementor-widget elementor-widget-text-editor\" data-id=\"4d3c90cc\" data-element_type=\"widget\" data-e-type=\"widget\" data-widget_type=\"text-editor.default\">\n\t\t\t\t<div class=\"elementor-widget-container\">\n\t\t\t\t\t\t\t\t\t<h3>CaravanRepair to w\u0142a\u015bciwe miejsce na fachowe naprawy.<\/h3><p>Uszkodzenie przyczepy kempingowej przez grad? Coraz cz\u0119\u015bciej mamy do czynienia z silnymi burzami i ekstremalnymi warunkami pogodowymi, w kt\u00f3rych grad nie jest ju\u017c wyj\u0105tkiem. W\u0142a\u015bnie cieszysz si\u0119 s\u0142o\u0144cem przed swoj\u0105 przyczep\u0105 kempingow\u0105 i nagle z nieba spadaj\u0105 kamienie gradu. Zanim si\u0119 obejrzysz, na dachu lub \u015bcianie bocznej przyczepy pojawi\u0105 si\u0119 ma\u0142e, ale irytuj\u0105ce wgniecenia.<\/p><p>Uszkodzenia przyczepy kempingowej spowodowane gradem mog\u0105 zosta\u0107 szybko i profesjonalnie naprawione przez specjalist\u00f3w z firmy <strong>CaravanRepair. <\/strong>Stosujemy innowacyjn\u0105 metod\u0119 naprawy, w kt\u00f3rej \u015bciana przyczepy kempingowej <strong>nie w pe\u0142ni wymieniony<\/strong> a to znacznie obni\u017ca koszty i ryzyko kolejnych wyciek\u00f3w.<\/p><h3>Dlaczego warto wybra\u0107 CaravanRepair w przypadku uszkodze\u0144 spowodowanych gradem?<\/h3><p>W CaravanRepair naprawiamy uszkodzenia przyczep kempingowych spowodowane gradem <strong>bez<\/strong> niepotrzebne powa\u017cne interwencje. W wielu przypadkach mo\u017cemy naprawi\u0107 wgniecenia i zadrapania bez konieczno\u015bci wymiany ca\u0142ej \u015bciany. Ma to kilka zalet:<\/p><ul><li><strong>Niski koszt<\/strong> poniewa\u017c nie ma potrzeby instalowania nowej \u015bciany.<\/li><li><strong>Brak ryzyka wycieku<\/strong> z powodu nieprawid\u0142owego lub niekompletnego uszczelnienia.<\/li><li><strong>Niewidoczne odzyskiwanie<\/strong>Po naprawie nie b\u0119dzie wida\u0107 \u017cadnych uszkodze\u0144.<\/li><li><strong>Gwarancja<\/strong> na temat przeprowadzonych prac.<\/li><\/ul><p>Nasi do\u015bwiadczeni mechanicy s\u0105 certyfikowani i pracuj\u0105 z wykorzystaniem najnowszych technik. Mo\u017cesz wi\u0119c mie\u0107 pewno\u015b\u0107, \u017ce Twoja przyczepa kempingowa jest w dobrych r\u0119kach.<\/p><p style=\"font-weight: 400;\"><a href=\"https:\/\/oud.caravanrepair.eu\/pl\/naprawa-przyczep-kempingowych-4\/\" target=\"_blank\" rel=\"noopener\">\ud83d\udd17\u00a0<em>Wi\u0119cej informacji na temat konkretnych przypadk\u00f3w uszkodze\u0144 mo\u017cna znale\u017a\u0107 na naszej stronie g\u0142\u00f3wnej po\u015bwi\u0119conej naprawie przyczep kempingowych.<\/em><\/a><\/p>\t\t\t\t\t\t\t\t<\/div>\n\t\t\t\t<\/div>\n\t\t\t\t\t<\/div>\n\t\t<\/div>\n\t\t\t\t<div class=\"elementor-column elementor-col-50 elementor-top-column elementor-element elementor-element-4ed0f85\" data-id=\"4ed0f85\" data-element_type=\"column\" data-e-type=\"column\">\n\t\t\t<div class=\"elementor-widget-wrap elementor-element-populated\">\n\t\t\t\t\t\t<div class=\"elementor-element elementor-element-40d10436 elementor-widget elementor-widget-image\" data-id=\"40d10436\" data-element_type=\"widget\" data-e-type=\"widget\" data-widget_type=\"image.default\">\n\t\t\t\t<div class=\"elementor-widget-container\">\n\t\t\t\t\t\t\t\t\t\t\t\t\t\t\t<img fetchpriority=\"high\" decoding=\"async\" width=\"768\" height=\"1024\" src=\"https:\/\/oud.caravanrepair.eu\/wp-content\/uploads\/2023\/10\/13949a34-2fc3-4a1d-ac54-2455b31a5f19-768x1024.png\" class=\"attachment-large size-large wp-image-8624\" alt=\"Karawany zniszczone przez grad\" srcset=\"https:\/\/oud.caravanrepair.eu\/wp-content\/uploads\/2023\/10\/13949a34-2fc3-4a1d-ac54-2455b31a5f19-9x12.png 9w, https:\/\/oud.caravanrepair.eu\/wp-content\/uploads\/2023\/10\/13949a34-2fc3-4a1d-ac54-2455b31a5f19-200x267.png 200w, https:\/\/oud.caravanrepair.eu\/wp-content\/uploads\/2023\/10\/13949a34-2fc3-4a1d-ac54-2455b31a5f19-225x300.png 225w, https:\/\/oud.caravanrepair.eu\/wp-content\/uploads\/2023\/10\/13949a34-2fc3-4a1d-ac54-2455b31a5f19-400x533.png 400w, https:\/\/oud.caravanrepair.eu\/wp-content\/uploads\/2023\/10\/13949a34-2fc3-4a1d-ac54-2455b31a5f19-600x800.png 600w, https:\/\/oud.caravanrepair.eu\/wp-content\/uploads\/2023\/10\/13949a34-2fc3-4a1d-ac54-2455b31a5f19-768x1024.png 768w, https:\/\/oud.caravanrepair.eu\/wp-content\/uploads\/2023\/10\/13949a34-2fc3-4a1d-ac54-2455b31a5f19-800x1067.png 800w, https:\/\/oud.caravanrepair.eu\/wp-content\/uploads\/2023\/10\/13949a34-2fc3-4a1d-ac54-2455b31a5f19-1152x1536.png 1152w, https:\/\/oud.caravanrepair.eu\/wp-content\/uploads\/2023\/10\/13949a34-2fc3-4a1d-ac54-2455b31a5f19-1200x1600.png 1200w, https:\/\/oud.caravanrepair.eu\/wp-content\/uploads\/2023\/10\/13949a34-2fc3-4a1d-ac54-2455b31a5f19.png 1500w\" sizes=\"(max-width: 768px) 100vw, 768px\" \/>\t\t\t\t\t\t\t\t\t\t\t\t\t\t\t<\/div>\n\t\t\t\t<\/div>\n\t\t\t\t\t<\/div>\n\t\t<\/div>\n\t\t\t\t\t<\/div>\n\t\t<\/section>\n\t\t\t\t<section class=\"elementor-section elementor-top-section elementor-element elementor-element-16edd44a elementor-section-content-middle elementor-section-boxed elementor-section-height-default elementor-section-height-default\" data-id=\"16edd44a\" data-element_type=\"section\" data-e-type=\"section\" data-settings=\"{&quot;background_background&quot;:&quot;classic&quot;}\">\n\t\t\t\t\t\t\t<div class=\"elementor-background-overlay\"><\/div>\n\t\t\t\t\t\t\t<div class=\"elementor-container elementor-column-gap-no\">\n\t\t\t\t\t<div class=\"elementor-column elementor-col-100 elementor-top-column elementor-element elementor-element-6524f39b\" data-id=\"6524f39b\" data-element_type=\"column\" data-e-type=\"column\">\n\t\t\t<div class=\"elementor-widget-wrap elementor-element-populated\">\n\t\t\t\t\t\t<div class=\"elementor-element elementor-element-34de4a66 elementor-widget elementor-widget-heading\" data-id=\"34de4a66\" data-element_type=\"widget\" data-e-type=\"widget\" data-widget_type=\"heading.default\">\n\t\t\t\t<div class=\"elementor-widget-container\">\n\t\t\t\t\t<h2 class=\"elementor-heading-title elementor-size-default\">Zg\u0142osi\u0107 uszkodzenie przyczepy kempingowej lub kampera?<\/h2>\t\t\t\t<\/div>\n\t\t\t\t<\/div>\n\t\t\t\t<div class=\"elementor-element elementor-element-23ef5924 elementor-widget elementor-widget-text-editor\" data-id=\"23ef5924\" data-element_type=\"widget\" data-e-type=\"widget\" data-widget_type=\"text-editor.default\">\n\t\t\t\t<div class=\"elementor-widget-container\">\n\t\t\t\t\t\t\t\t\t<p style=\"text-align: center;\">Je\u015bli Twoja przyczepa kempingowa lub kamper uleg\u0142a uszkodzeniu, wype\u0142nij formularz szkody online, a my skontaktujemy si\u0119 z Tob\u0105.<\/p>\t\t\t\t\t\t\t\t<\/div>\n\t\t\t\t<\/div>\n\t\t\t\t<div class=\"elementor-element elementor-element-69057e75 elementor-align-center elementor-mobile-align-left elementor-widget elementor-widget-button\" data-id=\"69057e75\" data-element_type=\"widget\" data-e-type=\"widget\" data-widget_type=\"button.default\">\n\t\t\t\t<div class=\"elementor-widget-container\">\n\t\t\t\t\t\t\t\t\t<div class=\"elementor-button-wrapper\">\n\t\t\t\t\t<a class=\"elementor-button elementor-button-link elementor-size-sm elementor-animation-grow\" href=\"https:\/\/oud.caravanrepair.eu\/pl\/formulaire\/\">\n\t\t\t\t\t\t<span class=\"elementor-button-content-wrapper\">\n\t\t\t\t\t\t\t\t\t<span class=\"elementor-button-text\">ZG\u0141O\u015a SZKOD\u0118<\/span>\n\t\t\t\t\t<\/span>\n\t\t\t\t\t<\/a>\n\t\t\t\t<\/div>\n\t\t\t\t\t\t\t\t<\/div>\n\t\t\t\t<\/div>\n\t\t\t\t\t<\/div>\n\t\t<\/div>\n\t\t\t\t\t<\/div>\n\t\t<\/section>\n\t\t\t\t<section class=\"elementor-section elementor-top-section elementor-element elementor-element-44657fa2 elementor-section-full_width elementor-section-content-middle elementor-section-height-default elementor-section-height-default\" data-id=\"44657fa2\" data-element_type=\"section\" data-e-type=\"section\">\n\t\t\t\t\t\t<div class=\"elementor-container elementor-column-gap-no\">\n\t\t\t\t\t<div class=\"elementor-column elementor-col-50 elementor-top-column elementor-element elementor-element-6229bcd1\" data-id=\"6229bcd1\" data-element_type=\"column\" data-e-type=\"column\" data-settings=\"{&quot;background_background&quot;:&quot;classic&quot;}\">\n\t\t\t<div class=\"elementor-widget-wrap elementor-element-populated\">\n\t\t\t\t\t<div class=\"elementor-background-overlay\"><\/div>\n\t\t\t\t\t\t<div class=\"elementor-element elementor-element-246647ab elementor-widget elementor-widget-heading\" data-id=\"246647ab\" data-element_type=\"widget\" data-e-type=\"widget\" data-widget_type=\"heading.default\">\n\t\t\t\t<div class=\"elementor-widget-container\">\n\t\t\t\t\t<h3 class=\"elementor-heading-title elementor-size-default\">Uszkodzenie przyczepy kempingowej przez grad?<\/h3>\t\t\t\t<\/div>\n\t\t\t\t<\/div>\n\t\t\t\t\t<\/div>\n\t\t<\/div>\n\t\t\t\t<div class=\"elementor-column elementor-col-50 elementor-top-column elementor-element elementor-element-3f82f180\" data-id=\"3f82f180\" data-element_type=\"column\" data-e-type=\"column\">\n\t\t\t<div class=\"elementor-widget-wrap elementor-element-populated\">\n\t\t\t\t\t\t<div class=\"elementor-element elementor-element-1c97c86f elementor-widget elementor-widget-text-editor\" data-id=\"1c97c86f\" data-element_type=\"widget\" data-e-type=\"widget\" data-widget_type=\"text-editor.default\">\n\t\t\t\t<div class=\"elementor-widget-container\">\n\t\t\t\t\t\t\t\t\t<h3>Uszkodzenia spowodowane gradem? Zg\u0142o\u015b to natychmiast!\u00a0<\/h3><p>Niezale\u017cnie od tego, czy jest to uszkodzenie przyczepy kempingowej przez grad, czy inne formy uszkodzenia przyczepy kempingowej lub kampera: jeste\u015bmy tutaj dla Ciebie. Po prostu wype\u0142nij nasz formularz roszczenia online, a my skontaktujemy si\u0119 z Tob\u0105 tak szybko, jak to mo\u017cliwe. <a href=\"https:\/\/oud.caravanrepair.eu\/pl\/formulaire\/\" target=\"_blank\" rel=\"noopener\">Kliknij tutaj!<\/a><\/p><ul><li>Pomog\u0142o szybko<\/li><li>Profesjonalne odzyskiwanie danych<\/li><li>Og\u00f3lnopolska sie\u0107 dealer\u00f3w<\/li><\/ul><p><strong>Uszkodzenie przyczepy kempingowej przez grad? CaravanRepair - specjalista od uszkodze\u0144 gradowych.<\/strong><\/p>\t\t\t\t\t\t\t\t<\/div>\n\t\t\t\t<\/div>\n\t\t\t\t\t<\/div>\n\t\t<\/div>\n\t\t\t\t\t<\/div>\n\t\t<\/section>\n\t\t\t\t<section class=\"elementor-section elementor-top-section elementor-element elementor-element-4d4317f8 elementor-section-content-middle elementor-section-boxed elementor-section-height-default elementor-section-height-default\" data-id=\"4d4317f8\" data-element_type=\"section\" data-e-type=\"section\" data-settings=\"{&quot;background_background&quot;:&quot;classic&quot;}\">\n\t\t\t\t\t\t\t<div class=\"elementor-background-overlay\"><\/div>\n\t\t\t\t\t\t\t<div class=\"elementor-container elementor-column-gap-no\">\n\t\t\t\t\t<div class=\"elementor-column elementor-col-50 elementor-top-column elementor-element elementor-element-7dff176d\" data-id=\"7dff176d\" data-element_type=\"column\" data-e-type=\"column\">\n\t\t\t<div class=\"elementor-widget-wrap elementor-element-populated\">\n\t\t\t\t\t\t<div class=\"elementor-element elementor-element-47fcb941 elementor-widget elementor-widget-heading\" data-id=\"47fcb941\" data-element_type=\"widget\" data-e-type=\"widget\" data-widget_type=\"heading.default\">\n\t\t\t\t<div class=\"elementor-widget-container\">\n\t\t\t\t\t<h2 class=\"elementor-heading-title elementor-size-default\">Szukasz warsztatu CaravanRepair\u00ae w pobli\u017cu?<\/h2>\t\t\t\t<\/div>\n\t\t\t\t<\/div>\n\t\t\t\t<div class=\"elementor-element elementor-element-d0b68c elementor-widget elementor-widget-text-editor\" data-id=\"d0b68c\" data-element_type=\"widget\" data-e-type=\"widget\" data-widget_type=\"text-editor.default\">\n\t\t\t\t<div class=\"elementor-widget-container\">\n\t\t\t\t\t\t\t\t\t<p>Nasi serwisanci dzia\u0142aj\u0105 na terenie ca\u0142ej Europy!<\/p>\t\t\t\t\t\t\t\t<\/div>\n\t\t\t\t<\/div>\n\t\t\t\t\t<\/div>\n\t\t<\/div>\n\t\t\t\t<div class=\"elementor-column elementor-col-50 elementor-top-column elementor-element elementor-element-51d9bacb\" data-id=\"51d9bacb\" data-element_type=\"column\" data-e-type=\"column\">\n\t\t\t<div class=\"elementor-widget-wrap elementor-element-populated\">\n\t\t\t\t\t\t<div class=\"elementor-element elementor-element-36a80da9 elementor-align-center elementor-mobile-align-left elementor-widget elementor-widget-button\" data-id=\"36a80da9\" data-element_type=\"widget\" data-e-type=\"widget\" data-widget_type=\"button.default\">\n\t\t\t\t<div class=\"elementor-widget-container\">\n\t\t\t\t\t\t\t\t\t<div class=\"elementor-button-wrapper\">\n\t\t\t\t\t<a class=\"elementor-button elementor-button-link elementor-size-sm elementor-animation-grow\" href=\"https:\/\/oud.caravanrepair.eu\/pl\/dealerzy\/\">\n\t\t\t\t\t\t<span class=\"elementor-button-content-wrapper\">\n\t\t\t\t\t\t\t\t\t<span class=\"elementor-button-text\">Wyszukaj teraz<\/span>\n\t\t\t\t\t<\/span>\n\t\t\t\t\t<\/a>\n\t\t\t\t<\/div>\n\t\t\t\t\t\t\t\t<\/div>\n\t\t\t\t<\/div>\n\t\t\t\t\t<\/div>\n\t\t<\/div>\n\t\t\t\t\t<\/div>\n\t\t<\/section>\n\t\t\t\t<\/div>","protected":false},"excerpt":{"rendered":"<p>Uszkodzenia przyczep kempingowych spowodowane gradem? Uszkodzenie przyczepy kempingowej przez gradobicie - napraw je w CaravanRepair Uszkodzenie przyczepy kempingowej - napraw je profesjonalnie!<\/p>","protected":false},"author":3,"featured_media":16564,"parent":0,"menu_order":0,"comment_status":"closed","ping_status":"closed","template":"elementor_header_footer","meta":{"footnotes":""},"class_list":["post-17670","page","type-page","status-publish","has-post-thumbnail","hentry","pagina_tag-caravan"],"yoast_head":"<!-- This site is optimized with the Yoast SEO Premium plugin v27.5 (Yoast SEO v28.3) - https:\/\/yoast.com\/product\/yoast-seo-premium-wordpress\/ -->\n<title>Hagelschade aan je Caravan? \/ CaravanRepair D\u00e9 specialist<\/title>\n<meta name=\"description\" content=\"Voorkom verdere schade met ons expertise in het herstellen van hagelschade aan je caravan. Kosten besparend, risico&#039;s minimaliserend\" \/>\n<meta name=\"robots\" content=\"noindex, follow, max-snippet:-1, max-image-preview:large, max-video-preview:-1\" \/>\n<meta property=\"og:locale\" content=\"pl_PL\" \/>\n<meta property=\"og:type\" content=\"article\" \/>\n<meta property=\"og:title\" content=\"Hagelschade Caravans\" \/>\n<meta property=\"og:description\" content=\"Voorkom verdere schade met ons expertise in het herstellen van hagelschade aan je caravan. Kosten besparend, risico&#039;s minimaliserend\" \/>\n<meta property=\"og:url\" content=\"https:\/\/oud.caravanrepair.eu\/pl\/karawana-uszkodzona-przez-grad\/\" \/>\n<meta property=\"og:site_name\" content=\"CaravanRepair\u00ae\" \/>\n<meta property=\"article:modified_time\" content=\"2025-08-28T14:59:01+00:00\" \/>\n<meta property=\"og:image\" content=\"https:\/\/oud.caravanrepair.eu\/wp-content\/uploads\/2024\/10\/Fendt-Saphir-2019-Audi.jpg\" \/>\n\t<meta property=\"og:image:width\" content=\"995\" \/>\n\t<meta property=\"og:image:height\" content=\"450\" \/>\n\t<meta property=\"og:image:type\" content=\"image\/jpeg\" \/>\n<meta name=\"twitter:card\" content=\"summary_large_image\" \/>\n<meta name=\"twitter:label1\" content=\"Szacowany czas czytania\" \/>\n\t<meta name=\"twitter:data1\" content=\"2 minuty\" \/>\n<script type=\"application\/ld+json\" class=\"yoast-schema-graph\">{\"@context\":\"https:\\\/\\\/schema.org\",\"@graph\":[{\"@type\":\"WebPage\",\"@id\":\"https:\\\/\\\/oud.caravanrepair.eu\\\/hagelschade-caravans\\\/\",\"url\":\"https:\\\/\\\/oud.caravanrepair.eu\\\/hagelschade-caravans\\\/\",\"name\":\"Hagelschade aan je Caravan? \\\/ CaravanRepair D\u00e9 specialist\",\"isPartOf\":{\"@id\":\"https:\\\/\\\/oud.caravanrepair.eu\\\/#website\"},\"primaryImageOfPage\":{\"@id\":\"https:\\\/\\\/oud.caravanrepair.eu\\\/hagelschade-caravans\\\/#primaryimage\"},\"image\":{\"@id\":\"https:\\\/\\\/oud.caravanrepair.eu\\\/hagelschade-caravans\\\/#primaryimage\"},\"thumbnailUrl\":\"https:\\\/\\\/oud.caravanrepair.eu\\\/wp-content\\\/uploads\\\/2024\\\/10\\\/Fendt-Saphir-2019-Audi.jpg\",\"datePublished\":\"2024-12-03T09:02:18+00:00\",\"dateModified\":\"2025-08-28T14:59:01+00:00\",\"description\":\"Voorkom verdere schade met ons expertise in het herstellen van hagelschade aan je caravan. Kosten besparend, risico's minimaliserend\",\"breadcrumb\":{\"@id\":\"https:\\\/\\\/oud.caravanrepair.eu\\\/hagelschade-caravans\\\/#breadcrumb\"},\"inLanguage\":\"pl-PL\",\"potentialAction\":[{\"@type\":\"ReadAction\",\"target\":[\"https:\\\/\\\/oud.caravanrepair.eu\\\/hagelschade-caravans\\\/\"]}]},{\"@type\":\"ImageObject\",\"inLanguage\":\"pl-PL\",\"@id\":\"https:\\\/\\\/oud.caravanrepair.eu\\\/hagelschade-caravans\\\/#primaryimage\",\"url\":\"https:\\\/\\\/oud.caravanrepair.eu\\\/wp-content\\\/uploads\\\/2024\\\/10\\\/Fendt-Saphir-2019-Audi.jpg\",\"contentUrl\":\"https:\\\/\\\/oud.caravanrepair.eu\\\/wp-content\\\/uploads\\\/2024\\\/10\\\/Fendt-Saphir-2019-Audi.jpg\",\"width\":995,\"height\":450,\"caption\":\"Hagelschade Caravans\"},{\"@type\":\"BreadcrumbList\",\"@id\":\"https:\\\/\\\/oud.caravanrepair.eu\\\/hagelschade-caravans\\\/#breadcrumb\",\"itemListElement\":[{\"@type\":\"ListItem\",\"position\":1,\"name\":\"Home\",\"item\":\"https:\\\/\\\/oud.caravanrepair.eu\\\/\"},{\"@type\":\"ListItem\",\"position\":2,\"name\":\"Hagelschade Caravans\"}]},{\"@type\":\"WebSite\",\"@id\":\"https:\\\/\\\/oud.caravanrepair.eu\\\/#website\",\"url\":\"https:\\\/\\\/oud.caravanrepair.eu\\\/\",\"name\":\"CaravanRepair\u00ae\",\"description\":\"Professioneel schadeherstel voor caravan en camper\",\"publisher\":{\"@id\":\"https:\\\/\\\/oud.caravanrepair.eu\\\/#organization\"},\"potentialAction\":[{\"@type\":\"SearchAction\",\"target\":{\"@type\":\"EntryPoint\",\"urlTemplate\":\"https:\\\/\\\/oud.caravanrepair.eu\\\/?s={search_term_string}\"},\"query-input\":{\"@type\":\"PropertyValueSpecification\",\"valueRequired\":true,\"valueName\":\"search_term_string\"}}],\"inLanguage\":\"pl-PL\"},{\"@type\":\"Organization\",\"@id\":\"https:\\\/\\\/oud.caravanrepair.eu\\\/#organization\",\"name\":\"CaravanRepair\u00ae\",\"url\":\"https:\\\/\\\/oud.caravanrepair.eu\\\/\",\"logo\":{\"@type\":\"ImageObject\",\"inLanguage\":\"pl-PL\",\"@id\":\"https:\\\/\\\/oud.caravanrepair.eu\\\/#\\\/schema\\\/logo\\\/image\\\/\",\"url\":\"https:\\\/\\\/oud.caravanrepair.eu\\\/wp-content\\\/uploads\\\/2019\\\/01\\\/logo-caravanrepair.png\",\"contentUrl\":\"https:\\\/\\\/oud.caravanrepair.eu\\\/wp-content\\\/uploads\\\/2019\\\/01\\\/logo-caravanrepair.png\",\"width\":353,\"height\":150,\"caption\":\"CaravanRepair\u00ae\"},\"image\":{\"@id\":\"https:\\\/\\\/oud.caravanrepair.eu\\\/#\\\/schema\\\/logo\\\/image\\\/\"}}]}<\/script>\n<!-- \/ Yoast SEO Premium plugin. -->","yoast_head_json":{"title":"Uszkodzenia przyczepy kempingowej spowodowane gradem \/ CaravanRepair Specjalista","description":"Zapobiegaj dalszym uszkodzeniom dzi\u0119ki naszemu do\u015bwiadczeniu w naprawianiu uszkodze\u0144 przyczep kempingowych spowodowanych gradem. Oszcz\u0119dno\u015b\u0107 koszt\u00f3w, minimalizacja ryzyka","robots":{"index":"noindex","follow":"follow","max-snippet":"max-snippet:-1","max-image-preview":"max-image-preview:large","max-video-preview":"max-video-preview:-1"},"og_locale":"pl_PL","og_type":"article","og_title":"Hagelschade Caravans","og_description":"Voorkom verdere schade met ons expertise in het herstellen van hagelschade aan je caravan. Kosten besparend, risico's minimaliserend","og_url":"https:\/\/oud.caravanrepair.eu\/pl\/karawana-uszkodzona-przez-grad\/","og_site_name":"CaravanRepair\u00ae","article_modified_time":"2025-08-28T14:59:01+00:00","og_image":[{"width":995,"height":450,"url":"https:\/\/oud.caravanrepair.eu\/wp-content\/uploads\/2024\/10\/Fendt-Saphir-2019-Audi.jpg","type":"image\/jpeg"}],"twitter_card":"summary_large_image","twitter_misc":{"Szacowany czas czytania":"2 minuty"},"schema":{"@context":"https:\/\/schema.org","@graph":[{"@type":"WebPage","@id":"https:\/\/oud.caravanrepair.eu\/hagelschade-caravans\/","url":"https:\/\/oud.caravanrepair.eu\/hagelschade-caravans\/","name":"Uszkodzenia przyczepy kempingowej spowodowane gradem \/ CaravanRepair Specjalista","isPartOf":{"@id":"https:\/\/oud.caravanrepair.eu\/#website"},"primaryImageOfPage":{"@id":"https:\/\/oud.caravanrepair.eu\/hagelschade-caravans\/#primaryimage"},"image":{"@id":"https:\/\/oud.caravanrepair.eu\/hagelschade-caravans\/#primaryimage"},"thumbnailUrl":"https:\/\/oud.caravanrepair.eu\/wp-content\/uploads\/2024\/10\/Fendt-Saphir-2019-Audi.jpg","datePublished":"2024-12-03T09:02:18+00:00","dateModified":"2025-08-28T14:59:01+00:00","description":"Zapobiegaj dalszym uszkodzeniom dzi\u0119ki naszemu do\u015bwiadczeniu w naprawianiu uszkodze\u0144 przyczep kempingowych spowodowanych gradem. Oszcz\u0119dno\u015b\u0107 koszt\u00f3w, minimalizacja ryzyka","breadcrumb":{"@id":"https:\/\/oud.caravanrepair.eu\/hagelschade-caravans\/#breadcrumb"},"inLanguage":"pl-PL","potentialAction":[{"@type":"ReadAction","target":["https:\/\/oud.caravanrepair.eu\/hagelschade-caravans\/"]}]},{"@type":"ImageObject","inLanguage":"pl-PL","@id":"https:\/\/oud.caravanrepair.eu\/hagelschade-caravans\/#primaryimage","url":"https:\/\/oud.caravanrepair.eu\/wp-content\/uploads\/2024\/10\/Fendt-Saphir-2019-Audi.jpg","contentUrl":"https:\/\/oud.caravanrepair.eu\/wp-content\/uploads\/2024\/10\/Fendt-Saphir-2019-Audi.jpg","width":995,"height":450,"caption":"Hagelschade Caravans"},{"@type":"BreadcrumbList","@id":"https:\/\/oud.caravanrepair.eu\/hagelschade-caravans\/#breadcrumb","itemListElement":[{"@type":"ListItem","position":1,"name":"Home","item":"https:\/\/oud.caravanrepair.eu\/"},{"@type":"ListItem","position":2,"name":"Hagelschade Caravans"}]},{"@type":"WebSite","@id":"https:\/\/oud.caravanrepair.eu\/#website","url":"https:\/\/oud.caravanrepair.eu\/","name":"CaravanRepair\u00ae","description":"Profesjonalna naprawa uszkodze\u0144 przyczep kempingowych i kamper\u00f3w","publisher":{"@id":"https:\/\/oud.caravanrepair.eu\/#organization"},"potentialAction":[{"@type":"SearchAction","target":{"@type":"EntryPoint","urlTemplate":"https:\/\/oud.caravanrepair.eu\/?s={search_term_string}"},"query-input":{"@type":"PropertyValueSpecification","valueRequired":true,"valueName":"search_term_string"}}],"inLanguage":"pl-PL"},{"@type":"Organization","@id":"https:\/\/oud.caravanrepair.eu\/#organization","name":"CaravanRepair\u00ae","url":"https:\/\/oud.caravanrepair.eu\/","logo":{"@type":"ImageObject","inLanguage":"pl-PL","@id":"https:\/\/oud.caravanrepair.eu\/#\/schema\/logo\/image\/","url":"https:\/\/oud.caravanrepair.eu\/wp-content\/uploads\/2019\/01\/logo-caravanrepair.png","contentUrl":"https:\/\/oud.caravanrepair.eu\/wp-content\/uploads\/2019\/01\/logo-caravanrepair.png","width":353,"height":150,"caption":"CaravanRepair\u00ae"},"image":{"@id":"https:\/\/oud.caravanrepair.eu\/#\/schema\/logo\/image\/"}}]}},"_links":{"self":[{"href":"https:\/\/oud.caravanrepair.eu\/pl\/wp-json\/wp\/v2\/pages\/17670","targetHints":{"allow":["GET"]}}],"collection":[{"href":"https:\/\/oud.caravanrepair.eu\/pl\/wp-json\/wp\/v2\/pages"}],"about":[{"href":"https:\/\/oud.caravanrepair.eu\/pl\/wp-json\/wp\/v2\/types\/page"}],"author":[{"embeddable":true,"href":"https:\/\/oud.caravanrepair.eu\/pl\/wp-json\/wp\/v2\/users\/3"}],"replies":[{"embeddable":true,"href":"https:\/\/oud.caravanrepair.eu\/pl\/wp-json\/wp\/v2\/comments?post=17670"}],"version-history":[{"count":0,"href":"https:\/\/oud.caravanrepair.eu\/pl\/wp-json\/wp\/v2\/pages\/17670\/revisions"}],"wp:featuredmedia":[{"embeddable":true,"href":"https:\/\/oud.caravanrepair.eu\/pl\/wp-json\/wp\/v2\/media\/16564"}],"wp:attachment":[{"href":"https:\/\/oud.caravanrepair.eu\/pl\/wp-json\/wp\/v2\/media?parent=17670"}],"curies":[{"name":"wp","href":"https:\/\/api.w.org\/{rel}","templated":true}]}}