{"id":20380,"date":"2025-04-15T13:30:55","date_gmt":"2025-04-15T11:30:55","guid":{"rendered":"https:\/\/oud.caravanrepair.eu\/?page_id=20380"},"modified":"2025-05-01T12:07:35","modified_gmt":"2025-05-01T10:07:35","slug":"naprawa-przyczep-kempingowych-w-mechelen","status":"publish","type":"page","link":"https:\/\/oud.caravanrepair.eu\/pl\/caravan-reparatie-in-mechelen\/","title":{"rendered":"Naprawa przyczep kempingowych w Mechelen"},"content":{"rendered":"<div data-elementor-type=\"wp-page\" data-elementor-id=\"20380\" class=\"elementor elementor-20380\" data-elementor-post-type=\"page\">\n\t\t\t\t\t\t<section class=\"elementor-section elementor-top-section elementor-element elementor-element-6f8803c3 elementor-section-height-min-height elementor-section-content-middle elementor-section-full_width elementor-section-height-default elementor-section-items-middle\" data-id=\"6f8803c3\" data-element_type=\"section\" data-e-type=\"section\" data-settings=\"{&quot;background_background&quot;:&quot;classic&quot;}\">\n\t\t\t\t\t\t\t<div class=\"elementor-background-overlay\"><\/div>\n\t\t\t\t\t\t\t<div class=\"elementor-container elementor-column-gap-default\">\n\t\t\t\t\t<div class=\"elementor-column elementor-col-100 elementor-top-column elementor-element elementor-element-74fc6bd3\" data-id=\"74fc6bd3\" data-element_type=\"column\" data-e-type=\"column\">\n\t\t\t<div class=\"elementor-widget-wrap elementor-element-populated\">\n\t\t\t\t\t\t<div class=\"elementor-element elementor-element-105befd7 elementor-widget elementor-widget-heading\" data-id=\"105befd7\" data-element_type=\"widget\" data-e-type=\"widget\" data-widget_type=\"heading.default\">\n\t\t\t\t<div class=\"elementor-widget-container\">\n\t\t\t\t\t<h1 class=\"elementor-heading-title elementor-size-default\">Naprawa przyczep kempingowych w Mechelen<\/h1>\t\t\t\t<\/div>\n\t\t\t\t<\/div>\n\t\t\t\t<div class=\"elementor-element elementor-element-3377eec6 elementor-widget elementor-widget-heading\" data-id=\"3377eec6\" data-element_type=\"widget\" data-e-type=\"widget\" data-widget_type=\"heading.default\">\n\t\t\t\t<div class=\"elementor-widget-container\">\n\t\t\t\t\t<p class=\"elementor-heading-title elementor-size-default\"> <\/p>\t\t\t\t<\/div>\n\t\t\t\t<\/div>\n\t\t\t\t\t<\/div>\n\t\t<\/div>\n\t\t\t\t\t<\/div>\n\t\t<\/section>\n\t\t\t\t<section class=\"elementor-section elementor-top-section elementor-element elementor-element-ccc2169 elementor-section-content-middle elementor-section-boxed elementor-section-height-default elementor-section-height-default\" data-id=\"ccc2169\" data-element_type=\"section\" data-e-type=\"section\">\n\t\t\t\t\t\t<div class=\"elementor-container elementor-column-gap-no\">\n\t\t\t\t\t<div class=\"elementor-column elementor-col-100 elementor-top-column elementor-element elementor-element-33353cd9\" data-id=\"33353cd9\" data-element_type=\"column\" data-e-type=\"column\">\n\t\t\t<div class=\"elementor-widget-wrap elementor-element-populated\">\n\t\t\t\t\t\t<div class=\"elementor-element elementor-element-366e5ca9 elementor-widget elementor-widget-heading\" data-id=\"366e5ca9\" data-element_type=\"widget\" data-e-type=\"widget\" data-widget_type=\"heading.default\">\n\t\t\t\t<div class=\"elementor-widget-container\">\n\t\t\t\t\t<h2 class=\"elementor-heading-title elementor-size-default\">Wybierz CaravanRepair, aby profesjonalnie naprawi\u0107 uszkodzenia przyczepy kempingowej lub kampera!<\/h2>\t\t\t\t<\/div>\n\t\t\t\t<\/div>\n\t\t\t\t\t<\/div>\n\t\t<\/div>\n\t\t\t\t\t<\/div>\n\t\t<\/section>\n\t\t\t\t<section class=\"elementor-section elementor-top-section elementor-element elementor-element-70b7dd19 elementor-section-content-middle elementor-reverse-mobile elementor-section-boxed elementor-section-height-default elementor-section-height-default\" data-id=\"70b7dd19\" data-element_type=\"section\" data-e-type=\"section\">\n\t\t\t\t\t\t<div class=\"elementor-container elementor-column-gap-no\">\n\t\t\t\t\t<div class=\"elementor-column elementor-col-50 elementor-top-column elementor-element elementor-element-4660d3c6\" data-id=\"4660d3c6\" data-element_type=\"column\" data-e-type=\"column\">\n\t\t\t<div class=\"elementor-widget-wrap elementor-element-populated\">\n\t\t\t\t\t\t<div class=\"elementor-element elementor-element-6e8d4a22 elementor-widget elementor-widget-heading\" data-id=\"6e8d4a22\" data-element_type=\"widget\" data-e-type=\"widget\" data-widget_type=\"heading.default\">\n\t\t\t\t<div class=\"elementor-widget-container\">\n\t\t\t\t\t<h3 class=\"elementor-heading-title elementor-size-default\">Grupa CaravanRepair\u00ae<\/h3>\t\t\t\t<\/div>\n\t\t\t\t<\/div>\n\t\t\t\t<div class=\"elementor-element elementor-element-69a6619 elementor-widget elementor-widget-text-editor\" data-id=\"69a6619\" data-element_type=\"widget\" data-e-type=\"widget\" data-widget_type=\"text-editor.default\">\n\t\t\t\t<div class=\"elementor-widget-container\">\n\t\t\t\t\t\t\t\t\t<h3 style=\"font-weight: 400;\"><strong>Specjalista od napraw przyczep kempingowych<\/strong><\/h3><p style=\"font-weight: 400;\">Naprawa przyczep kempingowych w Mechelen? Czy Twoja przyczepa kempingowa jest uszkodzona lub wymaga naprawy lub konserwacji? W <strong>CaravanRepair Mechelen<\/strong> trafi\u0142e\u015b we w\u0142a\u015bciwe miejsce. Niezale\u017cnie od tego, czy chodzi o drobne uszkodzenia, czy wi\u0119ksze, takie jak uszkodzenia spowodowane wilgoci\u0105, gradem, czy po prostu niechlujne uszkodzenia parkingowe, w CaravanRepair z przyjemno\u015bci\u0105 profesjonalnie je naprawimy. Nawet je\u015bli jest to uszkodzenie spowodowane na przyk\u0142ad kolizj\u0105 lub innymi problemami technicznymi, nasz zesp\u00f3\u0142 ekspert\u00f3w zadba o to, by przyczepa kempingowa wr\u00f3ci\u0142a do jak najlepszego stanu. Pracujemy szybko, kompetentnie i po uczciwych i przejrzystych cenach.<\/p><h3>CaravanRepair Mechelen<\/h3><p style=\"font-weight: 400;\">Dzi\u0119ki wieloletniemu do\u015bwiadczeniu w naprawach przyczep kempingowych rozumiemy, jak wa\u017cny jest szybki i bezpieczny powr\u00f3t na drog\u0119. Dlatego oferujemy indywidualn\u0105 obs\u0142ug\u0119, szybk\u0105 reakcj\u0119 i profesjonalne rozwi\u0105zania, kt\u00f3re pasuj\u0105 do kszta\u0142tu uszkodzenia przyczepy kempingowej i sytuacji. Jeste\u015bmy znani z naszej niezawodno\u015bci i starannego podej\u015bcia do wszelkiego rodzaju napraw, zar\u00f3wno du\u017cych, jak i ma\u0142ych.<\/p><h3 style=\"font-weight: 400;\"><strong>Um\u00f3w si\u0119 na wizyt\u0119 i zapewnij swojej przyczepie kempingowej opiek\u0119, na jak\u0105 zas\u0142uguje - upewnimy si\u0119, \u017ce wkr\u00f3tce b\u0119dziesz m\u00f3g\u0142 wr\u00f3ci\u0107 do beztroskiego podr\u00f3\u017cowania.<\/strong><\/h3><p style=\"font-weight: 400;\">\ud83d\udccd\u00a0<strong>Lokalizacja:<\/strong> Mechelen - lokalny partner w zakresie napraw uszkodze\u0144, konserwacji i napraw przyczep kempingowych.<\/p>\t\t\t\t\t\t\t\t<\/div>\n\t\t\t\t<\/div>\n\t\t\t\t\t<\/div>\n\t\t<\/div>\n\t\t\t\t<div class=\"elementor-column elementor-col-50 elementor-top-column elementor-element elementor-element-1cec94ca\" data-id=\"1cec94ca\" data-element_type=\"column\" data-e-type=\"column\">\n\t\t\t<div class=\"elementor-widget-wrap elementor-element-populated\">\n\t\t\t\t\t\t<div class=\"elementor-element elementor-element-45fa84b elementor-widget elementor-widget-image\" data-id=\"45fa84b\" data-element_type=\"widget\" data-e-type=\"widget\" data-widget_type=\"image.default\">\n\t\t\t\t<div class=\"elementor-widget-container\">\n\t\t\t\t\t\t\t\t\t\t\t\t\t\t\t<img fetchpriority=\"high\" decoding=\"async\" width=\"1024\" height=\"576\" src=\"https:\/\/oud.caravanrepair.eu\/wp-content\/uploads\/2024\/06\/febdda4c-4fe6-466d-9832-4d13b520c1fe-1024x576.jpg\" class=\"attachment-large size-large wp-image-14660\" alt=\"Naprawa przyczep kempingowych Hasselt-Belgia\" srcset=\"https:\/\/oud.caravanrepair.eu\/wp-content\/uploads\/2024\/06\/febdda4c-4fe6-466d-9832-4d13b520c1fe-18x10.jpg 18w, https:\/\/oud.caravanrepair.eu\/wp-content\/uploads\/2024\/06\/febdda4c-4fe6-466d-9832-4d13b520c1fe-66x37.jpg 66w, https:\/\/oud.caravanrepair.eu\/wp-content\/uploads\/2024\/06\/febdda4c-4fe6-466d-9832-4d13b520c1fe-177x100.jpg 177w, https:\/\/oud.caravanrepair.eu\/wp-content\/uploads\/2024\/06\/febdda4c-4fe6-466d-9832-4d13b520c1fe-200x113.jpg 200w, https:\/\/oud.caravanrepair.eu\/wp-content\/uploads\/2024\/06\/febdda4c-4fe6-466d-9832-4d13b520c1fe-300x169.jpg 300w, https:\/\/oud.caravanrepair.eu\/wp-content\/uploads\/2024\/06\/febdda4c-4fe6-466d-9832-4d13b520c1fe-320x180.jpg 320w, https:\/\/oud.caravanrepair.eu\/wp-content\/uploads\/2024\/06\/febdda4c-4fe6-466d-9832-4d13b520c1fe-400x225.jpg 400w, https:\/\/oud.caravanrepair.eu\/wp-content\/uploads\/2024\/06\/febdda4c-4fe6-466d-9832-4d13b520c1fe-460x259.jpg 460w, https:\/\/oud.caravanrepair.eu\/wp-content\/uploads\/2024\/06\/febdda4c-4fe6-466d-9832-4d13b520c1fe-540x304.jpg 540w, https:\/\/oud.caravanrepair.eu\/wp-content\/uploads\/2024\/06\/febdda4c-4fe6-466d-9832-4d13b520c1fe-600x338.jpg 600w, https:\/\/oud.caravanrepair.eu\/wp-content\/uploads\/2024\/06\/febdda4c-4fe6-466d-9832-4d13b520c1fe-669x376.jpg 669w, https:\/\/oud.caravanrepair.eu\/wp-content\/uploads\/2024\/06\/febdda4c-4fe6-466d-9832-4d13b520c1fe-700x394.jpg 700w, https:\/\/oud.caravanrepair.eu\/wp-content\/uploads\/2024\/06\/febdda4c-4fe6-466d-9832-4d13b520c1fe-768x432.jpg 768w, https:\/\/oud.caravanrepair.eu\/wp-content\/uploads\/2024\/06\/febdda4c-4fe6-466d-9832-4d13b520c1fe-800x450.jpg 800w, https:\/\/oud.caravanrepair.eu\/wp-content\/uploads\/2024\/06\/febdda4c-4fe6-466d-9832-4d13b520c1fe-940x529.jpg 940w, https:\/\/oud.caravanrepair.eu\/wp-content\/uploads\/2024\/06\/febdda4c-4fe6-466d-9832-4d13b520c1fe-1024x576.jpg 1024w, https:\/\/oud.caravanrepair.eu\/wp-content\/uploads\/2024\/06\/febdda4c-4fe6-466d-9832-4d13b520c1fe-1200x675.jpg 1200w, https:\/\/oud.caravanrepair.eu\/wp-content\/uploads\/2024\/06\/febdda4c-4fe6-466d-9832-4d13b520c1fe-1536x864.jpg 1536w, https:\/\/oud.caravanrepair.eu\/wp-content\/uploads\/2024\/06\/febdda4c-4fe6-466d-9832-4d13b520c1fe.jpg 1920w\" sizes=\"(max-width: 1024px) 100vw, 1024px\" \/>\t\t\t\t\t\t\t\t\t\t\t\t\t\t\t<\/div>\n\t\t\t\t<\/div>\n\t\t\t\t\t<\/div>\n\t\t<\/div>\n\t\t\t\t\t<\/div>\n\t\t<\/section>\n\t\t\t\t<section class=\"elementor-section elementor-top-section elementor-element elementor-element-7cd635b6 elementor-section-content-middle elementor-section-boxed elementor-section-height-default elementor-section-height-default\" data-id=\"7cd635b6\" data-element_type=\"section\" data-e-type=\"section\" data-settings=\"{&quot;background_background&quot;:&quot;classic&quot;}\">\n\t\t\t\t\t\t\t<div class=\"elementor-background-overlay\"><\/div>\n\t\t\t\t\t\t\t<div class=\"elementor-container elementor-column-gap-no\">\n\t\t\t\t\t<div class=\"elementor-column elementor-col-100 elementor-top-column elementor-element elementor-element-17c83223\" data-id=\"17c83223\" data-element_type=\"column\" data-e-type=\"column\">\n\t\t\t<div class=\"elementor-widget-wrap elementor-element-populated\">\n\t\t\t\t\t\t<div class=\"elementor-element elementor-element-281bb785 elementor-widget elementor-widget-heading\" data-id=\"281bb785\" data-element_type=\"widget\" data-e-type=\"widget\" data-widget_type=\"heading.default\">\n\t\t\t\t<div class=\"elementor-widget-container\">\n\t\t\t\t\t<h2 class=\"elementor-heading-title elementor-size-default\">Zg\u0142osi\u0107 uszkodzenie przyczepy kempingowej lub kampera?<\/h2>\t\t\t\t<\/div>\n\t\t\t\t<\/div>\n\t\t\t\t<div class=\"elementor-element elementor-element-194aefd6 elementor-widget elementor-widget-text-editor\" data-id=\"194aefd6\" data-element_type=\"widget\" data-e-type=\"widget\" data-widget_type=\"text-editor.default\">\n\t\t\t\t<div class=\"elementor-widget-container\">\n\t\t\t\t\t\t\t\t\t<p style=\"text-align: center;\">Je\u015bli Twoja przyczepa kempingowa lub kamper uleg\u0142a uszkodzeniu, wype\u0142nij formularz szkody online, a my skontaktujemy si\u0119 z Tob\u0105.<\/p>\t\t\t\t\t\t\t\t<\/div>\n\t\t\t\t<\/div>\n\t\t\t\t<div class=\"elementor-element elementor-element-22cc4bbe elementor-align-center elementor-mobile-align-left elementor-widget elementor-widget-button\" data-id=\"22cc4bbe\" data-element_type=\"widget\" data-e-type=\"widget\" data-widget_type=\"button.default\">\n\t\t\t\t<div class=\"elementor-widget-container\">\n\t\t\t\t\t\t\t\t\t<div class=\"elementor-button-wrapper\">\n\t\t\t\t\t<a class=\"elementor-button elementor-button-link elementor-size-sm elementor-animation-grow\" href=\"https:\/\/oud.caravanrepair.eu\/pl\/formulaire\/\">\n\t\t\t\t\t\t<span class=\"elementor-button-content-wrapper\">\n\t\t\t\t\t\t\t\t\t<span class=\"elementor-button-text\">ZG\u0141O\u015a SZKOD\u0118<\/span>\n\t\t\t\t\t<\/span>\n\t\t\t\t\t<\/a>\n\t\t\t\t<\/div>\n\t\t\t\t\t\t\t\t<\/div>\n\t\t\t\t<\/div>\n\t\t\t\t\t<\/div>\n\t\t<\/div>\n\t\t\t\t\t<\/div>\n\t\t<\/section>\n\t\t\t\t<section class=\"elementor-section elementor-top-section elementor-element elementor-element-6d96a86d elementor-section-full_width elementor-section-content-middle elementor-section-height-default elementor-section-height-default\" data-id=\"6d96a86d\" data-element_type=\"section\" data-e-type=\"section\">\n\t\t\t\t\t\t<div class=\"elementor-container elementor-column-gap-no\">\n\t\t\t\t\t<div class=\"elementor-column elementor-col-50 elementor-top-column elementor-element elementor-element-26dcf6b7\" data-id=\"26dcf6b7\" data-element_type=\"column\" data-e-type=\"column\" data-settings=\"{&quot;background_background&quot;:&quot;classic&quot;}\">\n\t\t\t<div class=\"elementor-widget-wrap elementor-element-populated\">\n\t\t\t\t\t<div class=\"elementor-background-overlay\"><\/div>\n\t\t\t\t\t\t<div class=\"elementor-element elementor-element-1d4c528b elementor-widget elementor-widget-heading\" data-id=\"1d4c528b\" data-element_type=\"widget\" data-e-type=\"widget\" data-widget_type=\"heading.default\">\n\t\t\t\t<div class=\"elementor-widget-container\">\n\t\t\t\t\t<h3 class=\"elementor-heading-title elementor-size-default\">Naprawa przyczep kempingowych w Mechelen<\/h3>\t\t\t\t<\/div>\n\t\t\t\t<\/div>\n\t\t\t\t\t<\/div>\n\t\t<\/div>\n\t\t\t\t<div class=\"elementor-column elementor-col-50 elementor-top-column elementor-element elementor-element-36073d65\" data-id=\"36073d65\" data-element_type=\"column\" data-e-type=\"column\">\n\t\t\t<div class=\"elementor-widget-wrap elementor-element-populated\">\n\t\t\t\t\t\t<div class=\"elementor-element elementor-element-51e082de elementor-widget elementor-widget-text-editor\" data-id=\"51e082de\" data-element_type=\"widget\" data-e-type=\"widget\" data-widget_type=\"text-editor.default\">\n\t\t\t\t<div class=\"elementor-widget-container\">\n\t\t\t\t\t\t\t\t\t<h3 style=\"font-weight: 400;\"><strong>Um\u00f3w si\u0119 na wizyt\u0119 i zapewnij swojej przyczepie kempingowej opiek\u0119, na jak\u0105 zas\u0142uguje - upewnimy si\u0119, \u017ce wkr\u00f3tce b\u0119dziesz m\u00f3g\u0142 wr\u00f3ci\u0107 do beztroskiego podr\u00f3\u017cowania.<\/strong><\/h3><p style=\"font-weight: 400;\">\ud83d\udccd\u00a0<strong>Lokalizacja:<\/strong> Mechelen - lokalny partner w zakresie napraw uszkodze\u0144, konserwacji i napraw przyczep kempingowych.<\/p><p><a href=\"https:\/\/oud.caravanrepair.eu\/pl\/formulaire\/\" target=\"_blank\" rel=\"noopener\"><strong>Kliknij tutaj, aby wype\u0142ni\u0107 formularz zg\u0142oszenia online!<\/strong><\/a><\/p>\t\t\t\t\t\t\t\t<\/div>\n\t\t\t\t<\/div>\n\t\t\t\t\t<\/div>\n\t\t<\/div>\n\t\t\t\t\t<\/div>\n\t\t<\/section>\n\t\t\t\t<section class=\"elementor-section elementor-top-section elementor-element elementor-element-943095b elementor-section-content-middle elementor-section-boxed elementor-section-height-default elementor-section-height-default\" data-id=\"943095b\" data-element_type=\"section\" data-e-type=\"section\" data-settings=\"{&quot;background_background&quot;:&quot;classic&quot;}\">\n\t\t\t\t\t\t\t<div class=\"elementor-background-overlay\"><\/div>\n\t\t\t\t\t\t\t<div class=\"elementor-container elementor-column-gap-no\">\n\t\t\t\t\t<div class=\"elementor-column elementor-col-50 elementor-top-column elementor-element elementor-element-756e3af3\" data-id=\"756e3af3\" data-element_type=\"column\" data-e-type=\"column\">\n\t\t\t<div class=\"elementor-widget-wrap elementor-element-populated\">\n\t\t\t\t\t\t<div class=\"elementor-element elementor-element-3f8b2ae8 elementor-widget elementor-widget-heading\" data-id=\"3f8b2ae8\" data-element_type=\"widget\" data-e-type=\"widget\" data-widget_type=\"heading.default\">\n\t\t\t\t<div class=\"elementor-widget-container\">\n\t\t\t\t\t<h2 class=\"elementor-heading-title elementor-size-default\">Szukasz warsztatu CaravanRepair\u00ae w pobli\u017cu?<\/h2>\t\t\t\t<\/div>\n\t\t\t\t<\/div>\n\t\t\t\t<div class=\"elementor-element elementor-element-118fcc8d elementor-widget elementor-widget-text-editor\" data-id=\"118fcc8d\" data-element_type=\"widget\" data-e-type=\"widget\" data-widget_type=\"text-editor.default\">\n\t\t\t\t<div class=\"elementor-widget-container\">\n\t\t\t\t\t\t\t\t\t<p>Nasi serwisanci dzia\u0142aj\u0105 na terenie ca\u0142ej Europy!<\/p>\t\t\t\t\t\t\t\t<\/div>\n\t\t\t\t<\/div>\n\t\t\t\t\t<\/div>\n\t\t<\/div>\n\t\t\t\t<div class=\"elementor-column elementor-col-50 elementor-top-column elementor-element elementor-element-55d44a81\" data-id=\"55d44a81\" data-element_type=\"column\" data-e-type=\"column\">\n\t\t\t<div class=\"elementor-widget-wrap elementor-element-populated\">\n\t\t\t\t\t\t<div class=\"elementor-element elementor-element-706e0ea6 elementor-align-center elementor-mobile-align-left elementor-widget elementor-widget-button\" data-id=\"706e0ea6\" data-element_type=\"widget\" data-e-type=\"widget\" data-widget_type=\"button.default\">\n\t\t\t\t<div class=\"elementor-widget-container\">\n\t\t\t\t\t\t\t\t\t<div class=\"elementor-button-wrapper\">\n\t\t\t\t\t<a class=\"elementor-button elementor-button-link elementor-size-sm elementor-animation-grow\" href=\"https:\/\/oud.caravanrepair.eu\/pl\/dealerzy\/\">\n\t\t\t\t\t\t<span class=\"elementor-button-content-wrapper\">\n\t\t\t\t\t\t\t\t\t<span class=\"elementor-button-text\">Wyszukaj teraz<\/span>\n\t\t\t\t\t<\/span>\n\t\t\t\t\t<\/a>\n\t\t\t\t<\/div>\n\t\t\t\t\t\t\t\t<\/div>\n\t\t\t\t<\/div>\n\t\t\t\t\t<\/div>\n\t\t<\/div>\n\t\t\t\t\t<\/div>\n\t\t<\/section>\n\t\t\t\t<\/div>","protected":false},"excerpt":{"rendered":"<p>Naprawa przyczep kempingowych w Mechelen Wybierz CaravanRepair, aby profesjonalnie naprawi\u0107 uszkodzenia przyczepy kempingowej lub kampera! CaravanRepair\u00ae Group Specjalista w naprawach przyczep kempingowych Caravan<\/p>","protected":false},"author":3,"featured_media":0,"parent":0,"menu_order":0,"comment_status":"closed","ping_status":"closed","template":"elementor_header_footer","meta":{"footnotes":""},"class_list":["post-20380","page","type-page","status-publish","hentry"],"yoast_head":"<!-- This site is optimized with the Yoast SEO Premium plugin v27.5 (Yoast SEO v28.3) - https:\/\/yoast.com\/product\/yoast-seo-premium-wordpress\/ -->\n<title>Caravan Reparaties in Mechelen: Kwaliteit en Betrouwbaarheid<\/title>\n<meta name=\"description\" content=\"CaravanRepair Mechelen biedt deskundige oplossingen voor al je caravan reparaties. Betrouwbare service en vakkundigheid gegarandeerd.\" \/>\n<meta name=\"robots\" content=\"noindex, follow, max-snippet:-1, max-image-preview:large, max-video-preview:-1\" \/>\n<meta property=\"og:locale\" content=\"pl_PL\" \/>\n<meta property=\"og:type\" content=\"article\" \/>\n<meta property=\"og:title\" content=\"Caravan Reparatie in Mechelen\" \/>\n<meta property=\"og:description\" content=\"CaravanRepair Mechelen biedt deskundige oplossingen voor al je caravan reparaties. Betrouwbare service en vakkundigheid gegarandeerd.\" \/>\n<meta property=\"og:url\" content=\"https:\/\/oud.caravanrepair.eu\/pl\/naprawa-przyczep-kempingowych-w-mechelen\/\" \/>\n<meta property=\"og:site_name\" content=\"CaravanRepair\u00ae\" \/>\n<meta property=\"article:modified_time\" content=\"2025-05-01T10:07:35+00:00\" \/>\n<meta property=\"og:image\" content=\"https:\/\/oud.caravanrepair.eu\/wp-content\/uploads\/2024\/06\/febdda4c-4fe6-466d-9832-4d13b520c1fe.jpg\" \/>\n\t<meta property=\"og:image:width\" content=\"1920\" \/>\n\t<meta property=\"og:image:height\" content=\"1080\" \/>\n\t<meta property=\"og:image:type\" content=\"image\/jpeg\" \/>\n<meta name=\"twitter:card\" content=\"summary_large_image\" \/>\n<meta name=\"twitter:label1\" content=\"Szacowany czas czytania\" \/>\n\t<meta name=\"twitter:data1\" content=\"2 minuty\" \/>\n<script type=\"application\/ld+json\" class=\"yoast-schema-graph\">{\"@context\":\"https:\\\/\\\/schema.org\",\"@graph\":[{\"@type\":\"WebPage\",\"@id\":\"https:\\\/\\\/oud.caravanrepair.eu\\\/caravan-reparatie-in-mechelen\\\/\",\"url\":\"https:\\\/\\\/oud.caravanrepair.eu\\\/caravan-reparatie-in-mechelen\\\/\",\"name\":\"Caravan Reparaties in Mechelen: Kwaliteit en Betrouwbaarheid\",\"isPartOf\":{\"@id\":\"https:\\\/\\\/oud.caravanrepair.eu\\\/#website\"},\"primaryImageOfPage\":{\"@id\":\"https:\\\/\\\/oud.caravanrepair.eu\\\/caravan-reparatie-in-mechelen\\\/#primaryimage\"},\"image\":{\"@id\":\"https:\\\/\\\/oud.caravanrepair.eu\\\/caravan-reparatie-in-mechelen\\\/#primaryimage\"},\"thumbnailUrl\":\"https:\\\/\\\/oud.caravanrepair.eu\\\/wp-content\\\/uploads\\\/2024\\\/06\\\/febdda4c-4fe6-466d-9832-4d13b520c1fe-1024x576.jpg\",\"datePublished\":\"2025-04-15T11:30:55+00:00\",\"dateModified\":\"2025-05-01T10:07:35+00:00\",\"description\":\"CaravanRepair Mechelen biedt deskundige oplossingen voor al je caravan reparaties. Betrouwbare service en vakkundigheid gegarandeerd.\",\"breadcrumb\":{\"@id\":\"https:\\\/\\\/oud.caravanrepair.eu\\\/caravan-reparatie-in-mechelen\\\/#breadcrumb\"},\"inLanguage\":\"pl-PL\",\"potentialAction\":[{\"@type\":\"ReadAction\",\"target\":[\"https:\\\/\\\/oud.caravanrepair.eu\\\/caravan-reparatie-in-mechelen\\\/\"]}]},{\"@type\":\"ImageObject\",\"inLanguage\":\"pl-PL\",\"@id\":\"https:\\\/\\\/oud.caravanrepair.eu\\\/caravan-reparatie-in-mechelen\\\/#primaryimage\",\"url\":\"https:\\\/\\\/oud.caravanrepair.eu\\\/wp-content\\\/uploads\\\/2024\\\/06\\\/febdda4c-4fe6-466d-9832-4d13b520c1fe-1024x576.jpg\",\"contentUrl\":\"https:\\\/\\\/oud.caravanrepair.eu\\\/wp-content\\\/uploads\\\/2024\\\/06\\\/febdda4c-4fe6-466d-9832-4d13b520c1fe-1024x576.jpg\"},{\"@type\":\"BreadcrumbList\",\"@id\":\"https:\\\/\\\/oud.caravanrepair.eu\\\/caravan-reparatie-in-mechelen\\\/#breadcrumb\",\"itemListElement\":[{\"@type\":\"ListItem\",\"position\":1,\"name\":\"Home\",\"item\":\"https:\\\/\\\/oud.caravanrepair.eu\\\/\"},{\"@type\":\"ListItem\",\"position\":2,\"name\":\"Caravan Reparatie in Mechelen\"}]},{\"@type\":\"WebSite\",\"@id\":\"https:\\\/\\\/oud.caravanrepair.eu\\\/#website\",\"url\":\"https:\\\/\\\/oud.caravanrepair.eu\\\/\",\"name\":\"CaravanRepair\u00ae\",\"description\":\"Professioneel schadeherstel voor caravan en camper\",\"publisher\":{\"@id\":\"https:\\\/\\\/oud.caravanrepair.eu\\\/#organization\"},\"potentialAction\":[{\"@type\":\"SearchAction\",\"target\":{\"@type\":\"EntryPoint\",\"urlTemplate\":\"https:\\\/\\\/oud.caravanrepair.eu\\\/?s={search_term_string}\"},\"query-input\":{\"@type\":\"PropertyValueSpecification\",\"valueRequired\":true,\"valueName\":\"search_term_string\"}}],\"inLanguage\":\"pl-PL\"},{\"@type\":\"Organization\",\"@id\":\"https:\\\/\\\/oud.caravanrepair.eu\\\/#organization\",\"name\":\"CaravanRepair\u00ae\",\"url\":\"https:\\\/\\\/oud.caravanrepair.eu\\\/\",\"logo\":{\"@type\":\"ImageObject\",\"inLanguage\":\"pl-PL\",\"@id\":\"https:\\\/\\\/oud.caravanrepair.eu\\\/#\\\/schema\\\/logo\\\/image\\\/\",\"url\":\"https:\\\/\\\/oud.caravanrepair.eu\\\/wp-content\\\/uploads\\\/2019\\\/01\\\/logo-caravanrepair.png\",\"contentUrl\":\"https:\\\/\\\/oud.caravanrepair.eu\\\/wp-content\\\/uploads\\\/2019\\\/01\\\/logo-caravanrepair.png\",\"width\":353,\"height\":150,\"caption\":\"CaravanRepair\u00ae\"},\"image\":{\"@id\":\"https:\\\/\\\/oud.caravanrepair.eu\\\/#\\\/schema\\\/logo\\\/image\\\/\"}}]}<\/script>\n<!-- \/ Yoast SEO Premium plugin. -->","yoast_head_json":{"title":"Naprawa przyczep kempingowych w Mechelen: Jako\u015b\u0107 i niezawodno\u015b\u0107","description":"CaravanRepair Mechelen oferuje specjalistyczne rozwi\u0105zania dla wszystkich napraw przyczep kempingowych. Niezawodna obs\u0142uga i profesjonalizm gwarantowane.","robots":{"index":"noindex","follow":"follow","max-snippet":"max-snippet:-1","max-image-preview":"max-image-preview:large","max-video-preview":"max-video-preview:-1"},"og_locale":"pl_PL","og_type":"article","og_title":"Caravan Reparatie in Mechelen","og_description":"CaravanRepair Mechelen biedt deskundige oplossingen voor al je caravan reparaties. Betrouwbare service en vakkundigheid gegarandeerd.","og_url":"https:\/\/oud.caravanrepair.eu\/pl\/naprawa-przyczep-kempingowych-w-mechelen\/","og_site_name":"CaravanRepair\u00ae","article_modified_time":"2025-05-01T10:07:35+00:00","og_image":[{"width":1920,"height":1080,"url":"https:\/\/oud.caravanrepair.eu\/wp-content\/uploads\/2024\/06\/febdda4c-4fe6-466d-9832-4d13b520c1fe.jpg","type":"image\/jpeg"}],"twitter_card":"summary_large_image","twitter_misc":{"Szacowany czas czytania":"2 minuty"},"schema":{"@context":"https:\/\/schema.org","@graph":[{"@type":"WebPage","@id":"https:\/\/oud.caravanrepair.eu\/caravan-reparatie-in-mechelen\/","url":"https:\/\/oud.caravanrepair.eu\/caravan-reparatie-in-mechelen\/","name":"Naprawa przyczep kempingowych w Mechelen: Jako\u015b\u0107 i niezawodno\u015b\u0107","isPartOf":{"@id":"https:\/\/oud.caravanrepair.eu\/#website"},"primaryImageOfPage":{"@id":"https:\/\/oud.caravanrepair.eu\/caravan-reparatie-in-mechelen\/#primaryimage"},"image":{"@id":"https:\/\/oud.caravanrepair.eu\/caravan-reparatie-in-mechelen\/#primaryimage"},"thumbnailUrl":"https:\/\/oud.caravanrepair.eu\/wp-content\/uploads\/2024\/06\/febdda4c-4fe6-466d-9832-4d13b520c1fe-1024x576.jpg","datePublished":"2025-04-15T11:30:55+00:00","dateModified":"2025-05-01T10:07:35+00:00","description":"CaravanRepair Mechelen oferuje specjalistyczne rozwi\u0105zania dla wszystkich napraw przyczep kempingowych. Niezawodna obs\u0142uga i profesjonalizm gwarantowane.","breadcrumb":{"@id":"https:\/\/oud.caravanrepair.eu\/caravan-reparatie-in-mechelen\/#breadcrumb"},"inLanguage":"pl-PL","potentialAction":[{"@type":"ReadAction","target":["https:\/\/oud.caravanrepair.eu\/caravan-reparatie-in-mechelen\/"]}]},{"@type":"ImageObject","inLanguage":"pl-PL","@id":"https:\/\/oud.caravanrepair.eu\/caravan-reparatie-in-mechelen\/#primaryimage","url":"https:\/\/oud.caravanrepair.eu\/wp-content\/uploads\/2024\/06\/febdda4c-4fe6-466d-9832-4d13b520c1fe-1024x576.jpg","contentUrl":"https:\/\/oud.caravanrepair.eu\/wp-content\/uploads\/2024\/06\/febdda4c-4fe6-466d-9832-4d13b520c1fe-1024x576.jpg"},{"@type":"BreadcrumbList","@id":"https:\/\/oud.caravanrepair.eu\/caravan-reparatie-in-mechelen\/#breadcrumb","itemListElement":[{"@type":"ListItem","position":1,"name":"Home","item":"https:\/\/oud.caravanrepair.eu\/"},{"@type":"ListItem","position":2,"name":"Caravan Reparatie in Mechelen"}]},{"@type":"WebSite","@id":"https:\/\/oud.caravanrepair.eu\/#website","url":"https:\/\/oud.caravanrepair.eu\/","name":"CaravanRepair\u00ae","description":"Profesjonalna naprawa uszkodze\u0144 przyczep kempingowych i kamper\u00f3w","publisher":{"@id":"https:\/\/oud.caravanrepair.eu\/#organization"},"potentialAction":[{"@type":"SearchAction","target":{"@type":"EntryPoint","urlTemplate":"https:\/\/oud.caravanrepair.eu\/?s={search_term_string}"},"query-input":{"@type":"PropertyValueSpecification","valueRequired":true,"valueName":"search_term_string"}}],"inLanguage":"pl-PL"},{"@type":"Organization","@id":"https:\/\/oud.caravanrepair.eu\/#organization","name":"CaravanRepair\u00ae","url":"https:\/\/oud.caravanrepair.eu\/","logo":{"@type":"ImageObject","inLanguage":"pl-PL","@id":"https:\/\/oud.caravanrepair.eu\/#\/schema\/logo\/image\/","url":"https:\/\/oud.caravanrepair.eu\/wp-content\/uploads\/2019\/01\/logo-caravanrepair.png","contentUrl":"https:\/\/oud.caravanrepair.eu\/wp-content\/uploads\/2019\/01\/logo-caravanrepair.png","width":353,"height":150,"caption":"CaravanRepair\u00ae"},"image":{"@id":"https:\/\/oud.caravanrepair.eu\/#\/schema\/logo\/image\/"}}]}},"_links":{"self":[{"href":"https:\/\/oud.caravanrepair.eu\/pl\/wp-json\/wp\/v2\/pages\/20380","targetHints":{"allow":["GET"]}}],"collection":[{"href":"https:\/\/oud.caravanrepair.eu\/pl\/wp-json\/wp\/v2\/pages"}],"about":[{"href":"https:\/\/oud.caravanrepair.eu\/pl\/wp-json\/wp\/v2\/types\/page"}],"author":[{"embeddable":true,"href":"https:\/\/oud.caravanrepair.eu\/pl\/wp-json\/wp\/v2\/users\/3"}],"replies":[{"embeddable":true,"href":"https:\/\/oud.caravanrepair.eu\/pl\/wp-json\/wp\/v2\/comments?post=20380"}],"version-history":[{"count":0,"href":"https:\/\/oud.caravanrepair.eu\/pl\/wp-json\/wp\/v2\/pages\/20380\/revisions"}],"wp:attachment":[{"href":"https:\/\/oud.caravanrepair.eu\/pl\/wp-json\/wp\/v2\/media?parent=20380"}],"curies":[{"name":"wp","href":"https:\/\/api.w.org\/{rel}","templated":true}]}}