{"id":8095,"date":"2023-08-14T20:38:50","date_gmt":"2023-08-14T18:38:50","guid":{"rendered":"https:\/\/oud.caravanrepair.eu\/?page_id=8095"},"modified":"2024-03-26T11:06:27","modified_gmt":"2024-03-26T10:06:27","slug":"blogu","status":"publish","type":"page","link":"https:\/\/oud.caravanrepair.eu\/pl\/blog\/","title":{"rendered":"blogu"},"content":{"rendered":"<div data-elementor-type=\"wp-page\" data-elementor-id=\"8095\" class=\"elementor elementor-8095\" data-elementor-post-type=\"page\">\n\t\t\t\t\t\t<section class=\"elementor-section elementor-top-section elementor-element elementor-element-42a7a21b elementor-section-boxed elementor-section-height-default elementor-section-height-default\" data-id=\"42a7a21b\" data-element_type=\"section\" data-e-type=\"section\">\n\t\t\t\t\t\t<div class=\"elementor-container elementor-column-gap-default\">\n\t\t\t\t\t<div class=\"elementor-column elementor-col-100 elementor-top-column elementor-element elementor-element-71faae3\" data-id=\"71faae3\" data-element_type=\"column\" data-e-type=\"column\">\n\t\t\t<div class=\"elementor-widget-wrap elementor-element-populated\">\n\t\t\t\t\t\t<div class=\"elementor-element elementor-element-62749882 elementor-widget elementor-widget-heading\" data-id=\"62749882\" data-element_type=\"widget\" data-e-type=\"widget\" data-widget_type=\"heading.default\">\n\t\t\t\t<div class=\"elementor-widget-container\">\n\t\t\t\t\t<h2 class=\"elementor-heading-title elementor-size-default\">Wiadomo\u015bci dotycz\u0105ce naprawy przyczep kempingowych <\/h2>\t\t\t\t<\/div>\n\t\t\t\t<\/div>\n\t\t\t\t<div class=\"elementor-element elementor-element-da5ddbd elementor-align-left elementor-widget elementor-widget-breadcrumbs\" data-id=\"da5ddbd\" data-element_type=\"widget\" data-e-type=\"widget\" data-widget_type=\"breadcrumbs.default\">\n\t\t\t\t<div class=\"elementor-widget-container\">\n\t\t\t\t\t<p id=\"breadcrumbs\"><span><span><a href=\"https:\/\/oud.caravanrepair.eu\/pl\/\">Dom<\/a><\/span><\/span><\/p>\t\t\t\t<\/div>\n\t\t\t\t<\/div>\n\t\t\t\t\t<\/div>\n\t\t<\/div>\n\t\t\t\t\t<\/div>\n\t\t<\/section>\n\t\t\t\t<section class=\"elementor-section elementor-top-section elementor-element elementor-element-4c80b61f elementor-section-content-middle elementor-section-boxed elementor-section-height-default elementor-section-height-default\" data-id=\"4c80b61f\" data-element_type=\"section\" data-e-type=\"section\">\n\t\t\t\t\t\t<div class=\"elementor-container elementor-column-gap-no\">\n\t\t\t\t\t<div class=\"elementor-column elementor-col-50 elementor-top-column elementor-element elementor-element-66c51221\" data-id=\"66c51221\" data-element_type=\"column\" data-e-type=\"column\">\n\t\t\t<div class=\"elementor-widget-wrap elementor-element-populated\">\n\t\t\t\t\t\t<div class=\"elementor-element elementor-element-5c79f3c8 elementor-grid-1 elementor-grid-tablet-1 elementor-grid-mobile-1 elementor-posts--thumbnail-top elementor-widget elementor-widget-posts\" data-id=\"5c79f3c8\" data-element_type=\"widget\" data-e-type=\"widget\" id=\"blog_list\" data-settings=\"{&quot;classic_columns&quot;:&quot;1&quot;,&quot;classic_columns_tablet&quot;:&quot;1&quot;,&quot;classic_columns_mobile&quot;:&quot;1&quot;,&quot;classic_row_gap&quot;:{&quot;unit&quot;:&quot;px&quot;,&quot;size&quot;:35,&quot;sizes&quot;:[]},&quot;classic_row_gap_tablet&quot;:{&quot;unit&quot;:&quot;px&quot;,&quot;size&quot;:&quot;&quot;,&quot;sizes&quot;:[]},&quot;classic_row_gap_mobile&quot;:{&quot;unit&quot;:&quot;px&quot;,&quot;size&quot;:&quot;&quot;,&quot;sizes&quot;:[]}}\" data-widget_type=\"posts.classic\">\n\t\t\t\t<div class=\"elementor-widget-container\">\n\t\t\t\t\t\t\t<div class=\"elementor-posts-container elementor-posts elementor-posts--skin-classic elementor-grid\" role=\"list\">\n\t\t\t\t<article class=\"elementor-post elementor-grid-item post-20973 post type-post status-publish format-standard has-post-thumbnail hentry category-dealers-europa\" role=\"listitem\">\n\t\t\t\t<a class=\"elementor-post__thumbnail__link\" href=\"https:\/\/oud.caravanrepair.eu\/pl\/dealers-europa\/dealer-worden-voor-caravanrepair-in-belgie\/\" tabindex=\"-1\" >\n\t\t\t<div class=\"elementor-post__thumbnail\"><img fetchpriority=\"high\" decoding=\"async\" width=\"1024\" height=\"691\" src=\"https:\/\/oud.caravanrepair.eu\/wp-content\/uploads\/2024\/10\/Fendt_Caravan_514ee9674efa3-1024x691.jpg\" class=\"attachment-large size-large wp-image-16563\" alt=\"FAQ | Naprawa przyczep kempingowych\" srcset=\"https:\/\/oud.caravanrepair.eu\/wp-content\/uploads\/2024\/10\/Fendt_Caravan_514ee9674efa3-18x12.jpg 18w, https:\/\/oud.caravanrepair.eu\/wp-content\/uploads\/2024\/10\/Fendt_Caravan_514ee9674efa3-200x135.jpg 200w, https:\/\/oud.caravanrepair.eu\/wp-content\/uploads\/2024\/10\/Fendt_Caravan_514ee9674efa3-300x203.jpg 300w, https:\/\/oud.caravanrepair.eu\/wp-content\/uploads\/2024\/10\/Fendt_Caravan_514ee9674efa3-400x270.jpg 400w, https:\/\/oud.caravanrepair.eu\/wp-content\/uploads\/2024\/10\/Fendt_Caravan_514ee9674efa3-600x405.jpg 600w, https:\/\/oud.caravanrepair.eu\/wp-content\/uploads\/2024\/10\/Fendt_Caravan_514ee9674efa3-768x519.jpg 768w, https:\/\/oud.caravanrepair.eu\/wp-content\/uploads\/2024\/10\/Fendt_Caravan_514ee9674efa3-800x540.jpg 800w, https:\/\/oud.caravanrepair.eu\/wp-content\/uploads\/2024\/10\/Fendt_Caravan_514ee9674efa3-1024x691.jpg 1024w, https:\/\/oud.caravanrepair.eu\/wp-content\/uploads\/2024\/10\/Fendt_Caravan_514ee9674efa3-1200x810.jpg 1200w, https:\/\/oud.caravanrepair.eu\/wp-content\/uploads\/2024\/10\/Fendt_Caravan_514ee9674efa3.jpg 1392w\" sizes=\"(max-width: 1024px) 100vw, 1024px\" \/><\/div>\n\t\t<\/a>\n\t\t\t\t<div class=\"elementor-post__text\">\n\t\t\t\t<h2 class=\"elementor-post__title\">\n\t\t\t<a href=\"https:\/\/oud.caravanrepair.eu\/pl\/dealers-europa\/dealer-worden-voor-caravanrepair-in-belgie\/\" >\n\t\t\t\tZostanie dealerem CaravanRepair w Belgii\t\t\t<\/a>\n\t\t<\/h2>\n\t\t\t\t<div class=\"elementor-post__meta-data\">\n\t\t\t\t\t<span class=\"elementor-post-date\">\n\t\t\t8 maja 2025 r.\t\t<\/span>\n\t\t\t\t<\/div>\n\t\t\t\t<div class=\"elementor-post__excerpt\">\n\t\t\t<p>Zostanie dealerem CaravanRepair w Belgii Dealer CaravanRepair w Belgii: naprawa uszkodzonych przyczep kempingowych i kamper\u00f3w Jeste\u015b przedsi\u0119biorc\u0105 w Belgii?<\/p>\n\t\t<\/div>\n\t\t\t\t\t<div class=\"elementor-post__read-more-wrapper\">\n\t\t\n\t\t<a class=\"elementor-post__read-more\" href=\"https:\/\/oud.caravanrepair.eu\/pl\/dealers-europa\/dealer-worden-voor-caravanrepair-in-belgie\/\" aria-label=\"Wi\u0119cej informacji o zostaniu dealerem CaravanRepair w Belgii\" tabindex=\"-1\" >\n\t\t\tCzytaj wi\u0119cej &quot;\t\t<\/a>\n\n\t\t\t\t\t<\/div>\n\t\t\t\t<\/div>\n\t\t\t\t<\/article>\n\t\t\t\t<article class=\"elementor-post elementor-grid-item post-14536 post type-post status-publish format-standard has-post-thumbnail hentry category-belgie category-dealers-europa\" role=\"listitem\">\n\t\t\t\t<a class=\"elementor-post__thumbnail__link\" href=\"https:\/\/oud.caravanrepair.eu\/pl\/dealers-europa\/caravanrepair-belgie\/\" tabindex=\"-1\" >\n\t\t\t<div class=\"elementor-post__thumbnail\"><img decoding=\"async\" width=\"1024\" height=\"683\" data-src=\"https:\/\/oud.caravanrepair.eu\/wp-content\/uploads\/2023\/11\/camper-van-on-road-near-hill-and-blue-sky-2.jpg\" class=\"attachment-large size-large wp-image-8861 lazyload\" alt=\"\" data-srcset=\"https:\/\/oud.caravanrepair.eu\/wp-content\/uploads\/2023\/11\/camper-van-on-road-near-hill-and-blue-sky-2-300x200.jpg 300w, https:\/\/oud.caravanrepair.eu\/wp-content\/uploads\/2023\/11\/camper-van-on-road-near-hill-and-blue-sky-2.jpg 1920w\" data-sizes=\"(max-width: 1024px) 100vw, 1024px\" src=\"data:image\/gif;base64,R0lGODlhAQABAAAAACH5BAEKAAEALAAAAAABAAEAAAICTAEAOw==\" style=\"--smush-placeholder-width: 1024px; --smush-placeholder-aspect-ratio: 1024\/683;\" \/><\/div>\n\t\t<\/a>\n\t\t\t\t<div class=\"elementor-post__text\">\n\t\t\t\t<h2 class=\"elementor-post__title\">\n\t\t\t<a href=\"https:\/\/oud.caravanrepair.eu\/pl\/dealers-europa\/caravanrepair-belgie\/\" >\n\t\t\t\tNaprawa przyczep kempingowych Belgia\t\t\t<\/a>\n\t\t<\/h2>\n\t\t\t\t<div class=\"elementor-post__meta-data\">\n\t\t\t\t\t<span class=\"elementor-post-date\">\n\t\t\t13 czerwca 2024\t\t<\/span>\n\t\t\t\t<\/div>\n\t\t\t\t<div class=\"elementor-post__excerpt\">\n\t\t\t<p>Naprawa przyczep kempingowych: profesjonali\u015bci w naprawie szk\u00f3d w przyczepach kempingowych i kamperach w Belgii Jako dumny w\u0142a\u015bciciel przyczepy kempingowej lub samochodu kempingowego (kamper), kt\u00f3rego chcesz<\/p>\n\t\t<\/div>\n\t\t\t\t\t<div class=\"elementor-post__read-more-wrapper\">\n\t\t\n\t\t<a class=\"elementor-post__read-more\" href=\"https:\/\/oud.caravanrepair.eu\/pl\/dealers-europa\/caravanrepair-belgie\/\" aria-label=\"Przeczytaj wi\u0119cej o CaravanRepair Belgia\" tabindex=\"-1\" >\n\t\t\tCzytaj wi\u0119cej &quot;\t\t<\/a>\n\n\t\t\t\t\t<\/div>\n\t\t\t\t<\/div>\n\t\t\t\t<\/article>\n\t\t\t\t<article class=\"elementor-post elementor-grid-item post-14044 post type-post status-publish format-standard has-post-thumbnail hentry category-italie\" role=\"listitem\">\n\t\t\t\t<a class=\"elementor-post__thumbnail__link\" href=\"https:\/\/oud.caravanrepair.eu\/pl\/dealers-europa\/italie\/caravanrepair-italie\/\" tabindex=\"-1\" >\n\t\t\t<div class=\"elementor-post__thumbnail\"><img decoding=\"async\" width=\"1024\" height=\"692\" data-src=\"https:\/\/oud.caravanrepair.eu\/wp-content\/uploads\/2023\/11\/camper-van-summer-trip-1024x692.jpg\" class=\"attachment-large size-large wp-image-8823 lazyload\" alt=\"Letnia wycieczka kamperem\" data-srcset=\"https:\/\/oud.caravanrepair.eu\/wp-content\/uploads\/2023\/11\/camper-van-summer-trip-18x12.jpg 18w, https:\/\/oud.caravanrepair.eu\/wp-content\/uploads\/2023\/11\/camper-van-summer-trip-200x135.jpg 200w, https:\/\/oud.caravanrepair.eu\/wp-content\/uploads\/2023\/11\/camper-van-summer-trip-300x203.jpg 300w, https:\/\/oud.caravanrepair.eu\/wp-content\/uploads\/2023\/11\/camper-van-summer-trip-400x270.jpg 400w, https:\/\/oud.caravanrepair.eu\/wp-content\/uploads\/2023\/11\/camper-van-summer-trip-600x406.jpg 600w, https:\/\/oud.caravanrepair.eu\/wp-content\/uploads\/2023\/11\/camper-van-summer-trip-768x519.jpg 768w, https:\/\/oud.caravanrepair.eu\/wp-content\/uploads\/2023\/11\/camper-van-summer-trip-800x541.jpg 800w, https:\/\/oud.caravanrepair.eu\/wp-content\/uploads\/2023\/11\/camper-van-summer-trip-1024x692.jpg 1024w, https:\/\/oud.caravanrepair.eu\/wp-content\/uploads\/2023\/11\/camper-van-summer-trip-1200x811.jpg 1200w, https:\/\/oud.caravanrepair.eu\/wp-content\/uploads\/2023\/11\/camper-van-summer-trip-1536x1038.jpg 1536w, https:\/\/oud.caravanrepair.eu\/wp-content\/uploads\/2023\/11\/camper-van-summer-trip.jpg 1920w\" data-sizes=\"(max-width: 1024px) 100vw, 1024px\" src=\"data:image\/gif;base64,R0lGODlhAQABAAAAACH5BAEKAAEALAAAAAABAAEAAAICTAEAOw==\" style=\"--smush-placeholder-width: 1024px; --smush-placeholder-aspect-ratio: 1024\/692;\" \/><\/div>\n\t\t<\/a>\n\t\t\t\t<div class=\"elementor-post__text\">\n\t\t\t\t<h2 class=\"elementor-post__title\">\n\t\t\t<a href=\"https:\/\/oud.caravanrepair.eu\/pl\/dealers-europa\/italie\/caravanrepair-italie\/\" >\n\t\t\t\tNaprawa przyczep kempingowych W\u0142ochy\t\t\t<\/a>\n\t\t<\/h2>\n\t\t\t\t<div class=\"elementor-post__meta-data\">\n\t\t\t\t\t<span class=\"elementor-post-date\">\n\t\t\t16 kwietnia 2024\t\t<\/span>\n\t\t\t\t<\/div>\n\t\t\t\t<div class=\"elementor-post__excerpt\">\n\t\t\t<p>CaravanRepair Group rozszerza dzia\u0142alno\u015b\u0107 na W\u0142ochy CaravanRepair Italy. Wielu w\u0142a\u015bcicieli przyczep kempingowych i\/lub kamper\u00f3w do\u015bwiadcza uszkodze\u0144 podczas wakacji lub podr\u00f3\u017cy<\/p>\n\t\t<\/div>\n\t\t\t\t\t<div class=\"elementor-post__read-more-wrapper\">\n\t\t\n\t\t<a class=\"elementor-post__read-more\" href=\"https:\/\/oud.caravanrepair.eu\/pl\/dealers-europa\/italie\/caravanrepair-italie\/\" aria-label=\"Przeczytaj wi\u0119cej o CaravanRepair W\u0142ochy\" tabindex=\"-1\" >\n\t\t\tCzytaj wi\u0119cej &quot;\t\t<\/a>\n\n\t\t\t\t\t<\/div>\n\t\t\t\t<\/div>\n\t\t\t\t<\/article>\n\t\t\t\t<article class=\"elementor-post elementor-grid-item post-13283 post type-post status-publish format-standard has-post-thumbnail hentry category-caravanrepair-nieuws\" role=\"listitem\">\n\t\t\t\t<a class=\"elementor-post__thumbnail__link\" href=\"https:\/\/oud.caravanrepair.eu\/pl\/caravanrepair-nieuws\/unieke-hagelwerende-coating\/\" tabindex=\"-1\" >\n\t\t\t<div class=\"elementor-post__thumbnail\"><img decoding=\"async\" width=\"1024\" height=\"768\" data-src=\"https:\/\/oud.caravanrepair.eu\/wp-content\/uploads\/2023\/11\/travel-vacation-lifestyle-with-camper-parked-at-the-beach-with-sea-view-recreational-vehicle-1024x768.jpg\" class=\"attachment-large size-large wp-image-8847 lazyload\" alt=\"Kamper podczas zbli\u017caj\u0105cej si\u0119 burzy z przelotnymi opadami gradu\" data-srcset=\"https:\/\/oud.caravanrepair.eu\/wp-content\/uploads\/2023\/11\/travel-vacation-lifestyle-with-camper-parked-at-the-beach-with-sea-view-recreational-vehicle-16x12.jpg 16w, https:\/\/oud.caravanrepair.eu\/wp-content\/uploads\/2023\/11\/travel-vacation-lifestyle-with-camper-parked-at-the-beach-with-sea-view-recreational-vehicle-200x150.jpg 200w, https:\/\/oud.caravanrepair.eu\/wp-content\/uploads\/2023\/11\/travel-vacation-lifestyle-with-camper-parked-at-the-beach-with-sea-view-recreational-vehicle-300x225.jpg 300w, https:\/\/oud.caravanrepair.eu\/wp-content\/uploads\/2023\/11\/travel-vacation-lifestyle-with-camper-parked-at-the-beach-with-sea-view-recreational-vehicle-400x300.jpg 400w, https:\/\/oud.caravanrepair.eu\/wp-content\/uploads\/2023\/11\/travel-vacation-lifestyle-with-camper-parked-at-the-beach-with-sea-view-recreational-vehicle-600x450.jpg 600w, https:\/\/oud.caravanrepair.eu\/wp-content\/uploads\/2023\/11\/travel-vacation-lifestyle-with-camper-parked-at-the-beach-with-sea-view-recreational-vehicle-768x576.jpg 768w, https:\/\/oud.caravanrepair.eu\/wp-content\/uploads\/2023\/11\/travel-vacation-lifestyle-with-camper-parked-at-the-beach-with-sea-view-recreational-vehicle-800x600.jpg 800w, https:\/\/oud.caravanrepair.eu\/wp-content\/uploads\/2023\/11\/travel-vacation-lifestyle-with-camper-parked-at-the-beach-with-sea-view-recreational-vehicle-1024x768.jpg 1024w, https:\/\/oud.caravanrepair.eu\/wp-content\/uploads\/2023\/11\/travel-vacation-lifestyle-with-camper-parked-at-the-beach-with-sea-view-recreational-vehicle-1200x900.jpg 1200w, https:\/\/oud.caravanrepair.eu\/wp-content\/uploads\/2023\/11\/travel-vacation-lifestyle-with-camper-parked-at-the-beach-with-sea-view-recreational-vehicle-1536x1152.jpg 1536w, https:\/\/oud.caravanrepair.eu\/wp-content\/uploads\/2023\/11\/travel-vacation-lifestyle-with-camper-parked-at-the-beach-with-sea-view-recreational-vehicle.jpg 1920w\" data-sizes=\"(max-width: 1024px) 100vw, 1024px\" src=\"data:image\/gif;base64,R0lGODlhAQABAAAAACH5BAEKAAEALAAAAAABAAEAAAICTAEAOw==\" style=\"--smush-placeholder-width: 1024px; --smush-placeholder-aspect-ratio: 1024\/768;\" \/><\/div>\n\t\t<\/a>\n\t\t\t\t<div class=\"elementor-post__text\">\n\t\t\t\t<h2 class=\"elementor-post__title\">\n\t\t\t<a href=\"https:\/\/oud.caravanrepair.eu\/pl\/caravanrepair-nieuws\/unieke-hagelwerende-coating\/\" >\n\t\t\t\tUnikalna pow\u0142oka odporna na grad\t\t\t<\/a>\n\t\t<\/h2>\n\t\t\t\t<div class=\"elementor-post__meta-data\">\n\t\t\t\t\t<span class=\"elementor-post-date\">\n\t\t\t13 marca 2024 r\t\t<\/span>\n\t\t\t\t<\/div>\n\t\t\t\t<div class=\"elementor-post__excerpt\">\n\t\t\t\t\t<\/div>\n\t\t\t\t\t<div class=\"elementor-post__read-more-wrapper\">\n\t\t\n\t\t<a class=\"elementor-post__read-more\" href=\"https:\/\/oud.caravanrepair.eu\/pl\/caravanrepair-nieuws\/unieke-hagelwerende-coating\/\" aria-label=\"Przeczytaj wi\u0119cej o wyj\u0105tkowej pow\u0142oce odpornej na grad\" tabindex=\"-1\" >\n\t\t\tCzytaj wi\u0119cej &quot;\t\t<\/a>\n\n\t\t\t\t\t<\/div>\n\t\t\t\t<\/div>\n\t\t\t\t<\/article>\n\t\t\t\t<article class=\"elementor-post elementor-grid-item post-10330 post type-post status-publish format-standard has-post-thumbnail hentry category-spanje\" role=\"listitem\">\n\t\t\t\t<a class=\"elementor-post__thumbnail__link\" href=\"https:\/\/oud.caravanrepair.eu\/pl\/dealers-europa\/spanje\/caravanrepair-spanje\/\" tabindex=\"-1\" >\n\t\t\t<div class=\"elementor-post__thumbnail\"><img decoding=\"async\" width=\"1024\" height=\"682\" data-src=\"https:\/\/oud.caravanrepair.eu\/wp-content\/uploads\/2023\/11\/caravan-or-motor-home-trailer-on-a-mountain-road-1024x682.jpg\" class=\"attachment-large size-large wp-image-8810 lazyload\" alt=\"Przyczepa kempingowa lub samoch\u00f3d kempingowy na g\u00f3rskiej drodze\" data-srcset=\"https:\/\/oud.caravanrepair.eu\/wp-content\/uploads\/2023\/11\/caravan-or-motor-home-trailer-on-a-mountain-road-18x12.jpg 18w, https:\/\/oud.caravanrepair.eu\/wp-content\/uploads\/2023\/11\/caravan-or-motor-home-trailer-on-a-mountain-road-200x133.jpg 200w, https:\/\/oud.caravanrepair.eu\/wp-content\/uploads\/2023\/11\/caravan-or-motor-home-trailer-on-a-mountain-road-300x200.jpg 300w, https:\/\/oud.caravanrepair.eu\/wp-content\/uploads\/2023\/11\/caravan-or-motor-home-trailer-on-a-mountain-road-400x267.jpg 400w, https:\/\/oud.caravanrepair.eu\/wp-content\/uploads\/2023\/11\/caravan-or-motor-home-trailer-on-a-mountain-road-600x400.jpg 600w, https:\/\/oud.caravanrepair.eu\/wp-content\/uploads\/2023\/11\/caravan-or-motor-home-trailer-on-a-mountain-road-768x512.jpg 768w, https:\/\/oud.caravanrepair.eu\/wp-content\/uploads\/2023\/11\/caravan-or-motor-home-trailer-on-a-mountain-road-800x533.jpg 800w, https:\/\/oud.caravanrepair.eu\/wp-content\/uploads\/2023\/11\/caravan-or-motor-home-trailer-on-a-mountain-road-1024x682.jpg 1024w, https:\/\/oud.caravanrepair.eu\/wp-content\/uploads\/2023\/11\/caravan-or-motor-home-trailer-on-a-mountain-road-1200x800.jpg 1200w, https:\/\/oud.caravanrepair.eu\/wp-content\/uploads\/2023\/11\/caravan-or-motor-home-trailer-on-a-mountain-road-1536x1024.jpg 1536w, https:\/\/oud.caravanrepair.eu\/wp-content\/uploads\/2023\/11\/caravan-or-motor-home-trailer-on-a-mountain-road.jpg 1920w\" data-sizes=\"(max-width: 1024px) 100vw, 1024px\" src=\"data:image\/gif;base64,R0lGODlhAQABAAAAACH5BAEKAAEALAAAAAABAAEAAAICTAEAOw==\" style=\"--smush-placeholder-width: 1024px; --smush-placeholder-aspect-ratio: 1024\/682;\" \/><\/div>\n\t\t<\/a>\n\t\t\t\t<div class=\"elementor-post__text\">\n\t\t\t\t<h2 class=\"elementor-post__title\">\n\t\t\t<a href=\"https:\/\/oud.caravanrepair.eu\/pl\/dealers-europa\/spanje\/caravanrepair-spanje\/\" >\n\t\t\t\tCaravanRepair\u00ae Hiszpania\t\t\t<\/a>\n\t\t<\/h2>\n\t\t\t\t<div class=\"elementor-post__meta-data\">\n\t\t\t\t\t<span class=\"elementor-post-date\">\n\t\t\t8 stczni 2024\t\t<\/span>\n\t\t\t\t<\/div>\n\t\t\t\t<div class=\"elementor-post__excerpt\">\n\t\t\t<p>Grupa CaravanRepair\u00ae r\u00f3wnie\u017c w Hiszpanii Grupa Caravanrepair, wiod\u0105ca sie\u0107 profesjonalnych napraw uszkodze\u0144 przyczep kempingowych i kamper\u00f3w, niedawno<\/p>\n\t\t<\/div>\n\t\t\t\t\t<div class=\"elementor-post__read-more-wrapper\">\n\t\t\n\t\t<a class=\"elementor-post__read-more\" href=\"https:\/\/oud.caravanrepair.eu\/pl\/dealers-europa\/spanje\/caravanrepair-spanje\/\" aria-label=\"Przeczytaj wi\u0119cej o CaravanRepair\u00ae Hiszpania\" tabindex=\"-1\" >\n\t\t\tCzytaj wi\u0119cej &quot;\t\t<\/a>\n\n\t\t\t\t\t<\/div>\n\t\t\t\t<\/div>\n\t\t\t\t<\/article>\n\t\t\t\t<article class=\"elementor-post elementor-grid-item post-9941 post type-post status-publish format-standard has-post-thumbnail hentry category-polen\" role=\"listitem\">\n\t\t\t\t<a class=\"elementor-post__thumbnail__link\" href=\"https:\/\/oud.caravanrepair.eu\/pl\/dealers-europa\/polen\/caravanrepair-polen\/\" tabindex=\"-1\" >\n\t\t\t<div class=\"elementor-post__thumbnail\"><img decoding=\"async\" width=\"780\" height=\"420\" data-src=\"https:\/\/oud.caravanrepair.eu\/wp-content\/uploads\/2023\/12\/Auto-Caravan-Bergen-780x420-1.jpg\" class=\"attachment-large size-large wp-image-9902 lazyload\" alt=\"\" data-srcset=\"https:\/\/oud.caravanrepair.eu\/wp-content\/uploads\/2023\/12\/Auto-Caravan-Bergen-780x420-1-18x10.jpg 18w, https:\/\/oud.caravanrepair.eu\/wp-content\/uploads\/2023\/12\/Auto-Caravan-Bergen-780x420-1-200x108.jpg 200w, https:\/\/oud.caravanrepair.eu\/wp-content\/uploads\/2023\/12\/Auto-Caravan-Bergen-780x420-1-300x162.jpg 300w, https:\/\/oud.caravanrepair.eu\/wp-content\/uploads\/2023\/12\/Auto-Caravan-Bergen-780x420-1-400x215.jpg 400w, https:\/\/oud.caravanrepair.eu\/wp-content\/uploads\/2023\/12\/Auto-Caravan-Bergen-780x420-1-600x323.jpg 600w, https:\/\/oud.caravanrepair.eu\/wp-content\/uploads\/2023\/12\/Auto-Caravan-Bergen-780x420-1-768x414.jpg 768w, https:\/\/oud.caravanrepair.eu\/wp-content\/uploads\/2023\/12\/Auto-Caravan-Bergen-780x420-1.jpg 780w\" data-sizes=\"(max-width: 780px) 100vw, 780px\" src=\"data:image\/gif;base64,R0lGODlhAQABAAAAACH5BAEKAAEALAAAAAABAAEAAAICTAEAOw==\" style=\"--smush-placeholder-width: 780px; --smush-placeholder-aspect-ratio: 780\/420;\" \/><\/div>\n\t\t<\/a>\n\t\t\t\t<div class=\"elementor-post__text\">\n\t\t\t\t<h2 class=\"elementor-post__title\">\n\t\t\t<a href=\"https:\/\/oud.caravanrepair.eu\/pl\/dealers-europa\/polen\/caravanrepair-polen\/\" >\n\t\t\t\tNaprawa przyczep kempingowych Polska\t\t\t<\/a>\n\t\t<\/h2>\n\t\t\t\t<div class=\"elementor-post__meta-data\">\n\t\t\t\t\t<span class=\"elementor-post-date\">\n\t\t\t22 grudnia 2023\t\t<\/span>\n\t\t\t\t<\/div>\n\t\t\t\t<div class=\"elementor-post__excerpt\">\n\t\t\t<p>Dobra wiadomo\u015b\u0107 dla w\u0142a\u015bcicieli przyczep kempingowych i kamper\u00f3w w Polsce! CaravanRepair, odnowiona sie\u0107 warsztat\u00f3w naprawy przyczep kempingowych i kamper\u00f3w, dzia\u0142a teraz tak\u017ce w Polsce. Dzi\u0119ki szerokiej wiedzy specjalistycznej i profesjonalnej obs\u0142udze maj\u0105 na celu pom\u00f3c w\u0142a\u015bcicielom przyczep kempingowych i kamper\u00f3w w naprawie uszkodze\u0144.<\/p>\n\t\t<\/div>\n\t\t\t\t\t<div class=\"elementor-post__read-more-wrapper\">\n\t\t\n\t\t<a class=\"elementor-post__read-more\" href=\"https:\/\/oud.caravanrepair.eu\/pl\/dealers-europa\/polen\/caravanrepair-polen\/\" aria-label=\"Przeczytaj wi\u0119cej o CaravanRepair Poland\" tabindex=\"-1\" >\n\t\t\tCzytaj wi\u0119cej &quot;\t\t<\/a>\n\n\t\t\t\t\t<\/div>\n\t\t\t\t<\/div>\n\t\t\t\t<\/article>\n\t\t\t\t<article class=\"elementor-post elementor-grid-item post-9686 post type-post status-publish format-standard has-post-thumbnail hentry category-grudziadz\" role=\"listitem\">\n\t\t\t\t<a class=\"elementor-post__thumbnail__link\" href=\"https:\/\/oud.caravanrepair.eu\/pl\/dealers-europa\/polen\/grudziadz\/officele-caravanrepair-master-dealer-polen-grudziadz\/\" tabindex=\"-1\" >\n\t\t\t<div class=\"elementor-post__thumbnail\"><img decoding=\"async\" width=\"995\" height=\"450\" data-src=\"https:\/\/oud.caravanrepair.eu\/wp-content\/uploads\/2023\/10\/Fendt-Saphir-2019-Audi.jpg\" class=\"attachment-large size-large wp-image-8628 lazyload\" alt=\"uszkodzenie karawany\" data-srcset=\"https:\/\/oud.caravanrepair.eu\/wp-content\/uploads\/2023\/10\/Fendt-Saphir-2019-Audi-18x8.jpg 18w, https:\/\/oud.caravanrepair.eu\/wp-content\/uploads\/2023\/10\/Fendt-Saphir-2019-Audi-200x90.jpg 200w, https:\/\/oud.caravanrepair.eu\/wp-content\/uploads\/2023\/10\/Fendt-Saphir-2019-Audi-300x136.jpg 300w, https:\/\/oud.caravanrepair.eu\/wp-content\/uploads\/2023\/10\/Fendt-Saphir-2019-Audi-400x181.jpg 400w, https:\/\/oud.caravanrepair.eu\/wp-content\/uploads\/2023\/10\/Fendt-Saphir-2019-Audi-600x271.jpg 600w, https:\/\/oud.caravanrepair.eu\/wp-content\/uploads\/2023\/10\/Fendt-Saphir-2019-Audi-768x347.jpg 768w, https:\/\/oud.caravanrepair.eu\/wp-content\/uploads\/2023\/10\/Fendt-Saphir-2019-Audi-800x362.jpg 800w, https:\/\/oud.caravanrepair.eu\/wp-content\/uploads\/2023\/10\/Fendt-Saphir-2019-Audi.jpg 995w\" data-sizes=\"(max-width: 995px) 100vw, 995px\" src=\"data:image\/gif;base64,R0lGODlhAQABAAAAACH5BAEKAAEALAAAAAABAAEAAAICTAEAOw==\" style=\"--smush-placeholder-width: 995px; --smush-placeholder-aspect-ratio: 995\/450;\" \/><\/div>\n\t\t<\/a>\n\t\t\t\t<div class=\"elementor-post__text\">\n\t\t\t\t<h2 class=\"elementor-post__title\">\n\t\t\t<a href=\"https:\/\/oud.caravanrepair.eu\/pl\/dealers-europa\/polen\/grudziadz\/officele-caravanrepair-master-dealer-polen-grudziadz\/\" >\n\t\t\t\tOficjalny g\u0142\u00f3wny dealer CaravanRepair Polska-Grudzi\u0105dz\t\t\t<\/a>\n\t\t<\/h2>\n\t\t\t\t<div class=\"elementor-post__meta-data\">\n\t\t\t\t\t<span class=\"elementor-post-date\">\n\t\t\t19 grudnia 2023\t\t<\/span>\n\t\t\t\t<\/div>\n\t\t\t\t<div class=\"elementor-post__excerpt\">\n\t\t\t<p>Oficjalny dealer naprawy przyczep kempingowych w Polsce-Grudzi\u0105dzu. Specjali\u015bci od naprawy szk\u00f3d. Nasz g\u0142\u00f3wny dealer CaravanRepair znajduje si\u0119 w Polsce-Grudzi\u0105dzu. Nasz oficjalny dealer CaravanRepair<\/p>\n\t\t<\/div>\n\t\t\t\t\t<div class=\"elementor-post__read-more-wrapper\">\n\t\t\n\t\t<a class=\"elementor-post__read-more\" href=\"https:\/\/oud.caravanrepair.eu\/pl\/dealers-europa\/polen\/grudziadz\/officele-caravanrepair-master-dealer-polen-grudziadz\/\" aria-label=\"Przeczytaj wi\u0119cej o oficjalnym dealerze CaravanRepair Polska-Grudzi\u0105dz\" tabindex=\"-1\" >\n\t\t\tCzytaj wi\u0119cej &quot;\t\t<\/a>\n\n\t\t\t\t\t<\/div>\n\t\t\t\t<\/div>\n\t\t\t\t<\/article>\n\t\t\t\t<article class=\"elementor-post elementor-grid-item post-8871 post type-post status-publish format-standard has-post-thumbnail hentry category-girona category-spanje\" role=\"listitem\">\n\t\t\t\t<a class=\"elementor-post__thumbnail__link\" href=\"https:\/\/oud.caravanrepair.eu\/pl\/dealers-europa\/spanje\/girona\/officiele-caravanrepair-master-dealer-spanje-girona\/\" tabindex=\"-1\" >\n\t\t\t<div class=\"elementor-post__thumbnail\"><img decoding=\"async\" width=\"1024\" height=\"683\" data-src=\"https:\/\/oud.caravanrepair.eu\/wp-content\/uploads\/2023\/11\/camper-van-on-deserted-land-and-blue-sky-1024x683.jpg\" class=\"attachment-large size-large wp-image-8863 lazyload\" alt=\"\" data-srcset=\"https:\/\/oud.caravanrepair.eu\/wp-content\/uploads\/2023\/11\/camper-van-on-deserted-land-and-blue-sky-300x200.jpg 300w, https:\/\/oud.caravanrepair.eu\/wp-content\/uploads\/2023\/11\/camper-van-on-deserted-land-and-blue-sky-768x512.jpg 768w, https:\/\/oud.caravanrepair.eu\/wp-content\/uploads\/2023\/11\/camper-van-on-deserted-land-and-blue-sky-1024x683.jpg 1024w, https:\/\/oud.caravanrepair.eu\/wp-content\/uploads\/2023\/11\/camper-van-on-deserted-land-and-blue-sky.jpg 1920w\" data-sizes=\"(max-width: 1024px) 100vw, 1024px\" src=\"data:image\/gif;base64,R0lGODlhAQABAAAAACH5BAEKAAEALAAAAAABAAEAAAICTAEAOw==\" style=\"--smush-placeholder-width: 1024px; --smush-placeholder-aspect-ratio: 1024\/683;\" \/><\/div>\n\t\t<\/a>\n\t\t\t\t<div class=\"elementor-post__text\">\n\t\t\t\t<h2 class=\"elementor-post__title\">\n\t\t\t<a href=\"https:\/\/oud.caravanrepair.eu\/pl\/dealers-europa\/spanje\/girona\/officiele-caravanrepair-master-dealer-spanje-girona\/\" >\n\t\t\t\tNaprawa przyczep kempingowych G\u0142\u00f3wny dealer w Hiszpanii\t\t\t<\/a>\n\t\t<\/h2>\n\t\t\t\t<div class=\"elementor-post__meta-data\">\n\t\t\t\t\t<span class=\"elementor-post-date\">\n\t\t\t9 listopada 2023 r\t\t<\/span>\n\t\t\t\t<\/div>\n\t\t\t\t<div class=\"elementor-post__excerpt\">\n\t\t\t\t\t<\/div>\n\t\t\t\t\t<div class=\"elementor-post__read-more-wrapper\">\n\t\t\n\t\t<a class=\"elementor-post__read-more\" href=\"https:\/\/oud.caravanrepair.eu\/pl\/dealers-europa\/spanje\/girona\/officiele-caravanrepair-master-dealer-spanje-girona\/\" aria-label=\"Przeczytaj wi\u0119cej o dealerze CaravanRepair Master w Hiszpanii\" tabindex=\"-1\" >\n\t\t\tCzytaj wi\u0119cej &quot;\t\t<\/a>\n\n\t\t\t\t\t<\/div>\n\t\t\t\t<\/div>\n\t\t\t\t<\/article>\n\t\t\t\t<article class=\"elementor-post elementor-grid-item post-8590 post type-post status-publish format-standard has-post-thumbnail hentry category-schade-aan-camper-of-caravan\" role=\"listitem\">\n\t\t\t\t<a class=\"elementor-post__thumbnail__link\" href=\"https:\/\/oud.caravanrepair.eu\/pl\/schade-aan-camper-of-caravan\/professioneel-camper-herstelbedrijf-caravanrepair\/\" tabindex=\"-1\" >\n\t\t\t<div class=\"elementor-post__thumbnail\"><img decoding=\"async\" width=\"794\" height=\"542\" data-src=\"https:\/\/oud.caravanrepair.eu\/wp-content\/uploads\/2023\/10\/IMG_0091.jpeg\" class=\"attachment-large size-large wp-image-8652 lazyload\" alt=\"\" data-srcset=\"https:\/\/oud.caravanrepair.eu\/wp-content\/uploads\/2023\/10\/IMG_0091-18x12.jpeg 18w, https:\/\/oud.caravanrepair.eu\/wp-content\/uploads\/2023\/10\/IMG_0091-200x137.jpeg 200w, https:\/\/oud.caravanrepair.eu\/wp-content\/uploads\/2023\/10\/IMG_0091-300x205.jpeg 300w, https:\/\/oud.caravanrepair.eu\/wp-content\/uploads\/2023\/10\/IMG_0091-400x273.jpeg 400w, https:\/\/oud.caravanrepair.eu\/wp-content\/uploads\/2023\/10\/IMG_0091-600x410.jpeg 600w, https:\/\/oud.caravanrepair.eu\/wp-content\/uploads\/2023\/10\/IMG_0091-768x524.jpeg 768w, https:\/\/oud.caravanrepair.eu\/wp-content\/uploads\/2023\/10\/IMG_0091.jpeg 794w\" data-sizes=\"(max-width: 794px) 100vw, 794px\" src=\"data:image\/gif;base64,R0lGODlhAQABAAAAACH5BAEKAAEALAAAAAABAAEAAAICTAEAOw==\" style=\"--smush-placeholder-width: 794px; --smush-placeholder-aspect-ratio: 794\/542;\" \/><\/div>\n\t\t<\/a>\n\t\t\t\t<div class=\"elementor-post__text\">\n\t\t\t\t<h2 class=\"elementor-post__title\">\n\t\t\t<a href=\"https:\/\/oud.caravanrepair.eu\/pl\/schade-aan-camper-of-caravan\/professioneel-camper-herstelbedrijf-caravanrepair\/\" >\n\t\t\t\tProfesjonalna firma zajmuj\u0105ca si\u0119 napraw\u0105 kamper\u00f3w\t\t\t<\/a>\n\t\t<\/h2>\n\t\t\t\t<div class=\"elementor-post__meta-data\">\n\t\t\t\t\t<span class=\"elementor-post-date\">\n\t\t\t4 pa\u017adziernika 2023\t\t<\/span>\n\t\t\t\t<\/div>\n\t\t\t\t<div class=\"elementor-post__excerpt\">\n\t\t\t<p>Tw\u00f3j cenny kamper uleg\u0142 uszkodzeniu? Jazda kamperem to wspania\u0142e prze\u017cycie, jednak bior\u0105c pod uwag\u0119 wielko\u015b\u0107 tych pojazd\u00f3w, uszkodzenia mog\u0105 niestety nast\u0105pi\u0107 szybko. Na szcz\u0119\u015bcie nie musisz si\u0119 martwi\u0107, poniewa\u017c w Twojej okolicy zawsze znajduje si\u0119 dealer CaravanRepair\u00ae, kt\u00f3ry pomo\u017ce Ci jako profesjonalna firma zajmuj\u0105ca si\u0119 napraw\u0105 kamper\u00f3w. Szybka naprawa uszkodze\u0144 w kamperze przez naszych certyfikowanych ekspert\u00f3w jest spraw\u0105 najwy\u017cszej wagi.<\/p>\n\t\t<\/div>\n\t\t\t\t\t<div class=\"elementor-post__read-more-wrapper\">\n\t\t\n\t\t<a class=\"elementor-post__read-more\" href=\"https:\/\/oud.caravanrepair.eu\/pl\/schade-aan-camper-of-caravan\/professioneel-camper-herstelbedrijf-caravanrepair\/\" aria-label=\"Przeczytaj wi\u0119cej o profesjonalnej firmie zajmuj\u0105cej si\u0119 napraw\u0105 kamper\u00f3w\" tabindex=\"-1\" >\n\t\t\tCzytaj wi\u0119cej &quot;\t\t<\/a>\n\n\t\t\t\t\t<\/div>\n\t\t\t\t<\/div>\n\t\t\t\t<\/article>\n\t\t\t\t<article class=\"elementor-post elementor-grid-item post-8525 post type-post status-publish format-standard has-post-thumbnail hentry category-schade-aan-camper-of-caravan\" role=\"listitem\">\n\t\t\t\t<a class=\"elementor-post__thumbnail__link\" href=\"https:\/\/oud.caravanrepair.eu\/pl\/schade-aan-camper-of-caravan\/stormschade-aan-uw-caravan-of-camper\/\" tabindex=\"-1\" >\n\t\t\t<div class=\"elementor-post__thumbnail\"><img decoding=\"async\" width=\"726\" height=\"484\" data-src=\"https:\/\/oud.caravanrepair.eu\/wp-content\/uploads\/2019\/01\/caravanschade-1.jpg\" class=\"attachment-large size-large wp-image-3964 lazyload\" alt=\"dodatkowe przyczepy kempingowej\" data-srcset=\"https:\/\/oud.caravanrepair.eu\/wp-content\/uploads\/2019\/01\/caravanschade-1-200x133.jpg 200w, https:\/\/oud.caravanrepair.eu\/wp-content\/uploads\/2019\/01\/caravanschade-1-300x200.jpg 300w, https:\/\/oud.caravanrepair.eu\/wp-content\/uploads\/2019\/01\/caravanschade-1-400x267.jpg 400w, https:\/\/oud.caravanrepair.eu\/wp-content\/uploads\/2019\/01\/caravanschade-1-600x400.jpg 600w, https:\/\/oud.caravanrepair.eu\/wp-content\/uploads\/2019\/01\/caravanschade-1.jpg 726w\" data-sizes=\"(max-width: 726px) 100vw, 726px\" src=\"data:image\/gif;base64,R0lGODlhAQABAAAAACH5BAEKAAEALAAAAAABAAEAAAICTAEAOw==\" style=\"--smush-placeholder-width: 726px; --smush-placeholder-aspect-ratio: 726\/484;\" \/><\/div>\n\t\t<\/a>\n\t\t\t\t<div class=\"elementor-post__text\">\n\t\t\t\t<h2 class=\"elementor-post__title\">\n\t\t\t<a href=\"https:\/\/oud.caravanrepair.eu\/pl\/schade-aan-camper-of-caravan\/stormschade-aan-uw-caravan-of-camper\/\" >\n\t\t\t\tUszkodzenia spowodowane burz\u0105 w Twojej przyczepie kempingowej lub kamperze?\t\t\t<\/a>\n\t\t<\/h2>\n\t\t\t\t<div class=\"elementor-post__meta-data\">\n\t\t\t\t\t<span class=\"elementor-post-date\">\n\t\t\t3 pa\u017adziernika 2023\t\t<\/span>\n\t\t\t\t<\/div>\n\t\t\t\t<div class=\"elementor-post__excerpt\">\n\t\t\t<p>Burza mo\u017ce nie tylko spowodowa\u0107 fizyczne uszkodzenie przyczepy kempingowej, ale mo\u017ce r\u00f3wnie\u017c wp\u0142yn\u0105\u0107 na jej warto\u015b\u0107. Jednak dobrze naprawiona przyczepa kempingowa lepiej zachowuje swoj\u0105 warto\u015b\u0107 ni\u017c przyczepa z widocznymi oznakami uszkodze\u0144. Na tym blogu omawiamy znaczenie profesjonalnej naprawy po szkodach spowodowanych przez burz\u0119 i w jaki spos\u00f3b CaravanRepair.eu mo\u017ce Ci w tym pom\u00f3c.<\/p>\n\t\t<\/div>\n\t\t\t\t\t<div class=\"elementor-post__read-more-wrapper\">\n\t\t\n\t\t<a class=\"elementor-post__read-more\" href=\"https:\/\/oud.caravanrepair.eu\/pl\/schade-aan-camper-of-caravan\/stormschade-aan-uw-caravan-of-camper\/\" aria-label=\"Przeczytaj wi\u0119cej o uszkodzeniach spowodowanych przez burz\u0119 w Twojej przyczepie kempingowej lub kamperze?\" tabindex=\"-1\" >\n\t\t\tCzytaj wi\u0119cej &quot;\t\t<\/a>\n\n\t\t\t\t\t<\/div>\n\t\t\t\t<\/div>\n\t\t\t\t<\/article>\n\t\t\t\t<\/div>\n\t\t\n\t\t\t\t\t\t<\/div>\n\t\t\t\t<\/div>\n\t\t\t\t\t<\/div>\n\t\t<\/div>\n\t\t\t\t<div class=\"elementor-column elementor-col-50 elementor-top-column elementor-element elementor-element-6a63c4f0\" data-id=\"6a63c4f0\" data-element_type=\"column\" data-e-type=\"column\">\n\t\t\t<div class=\"elementor-widget-wrap elementor-element-populated\">\n\t\t\t\t\t\t<div class=\"elementor-element elementor-element-5d8f4bc elementor-widget elementor-widget-sidebar\" data-id=\"5d8f4bc\" data-element_type=\"widget\" data-e-type=\"widget\" data-widget_type=\"sidebar.default\">\n\t\t\t\t<div class=\"elementor-widget-container\">\n\t\t\t\t\t<section id=\"jcl_widget-2\" class=\"fusion-slidingbar-widget-column widget widget_category widget_jcl_widget\" style=\"border-style: solid;border-color:transparent;border-width:0px\"><h4 class=\"widget-title\">Kategorie<\/h4><div class=\"js-categories-list layout-left\"><ul class=\"jcl_widget legacy preload\" data-effect=\"slide\" data-ex_sym=\"\u25ba\" data-con_sym=\"\u25bc\"><li class=\"jcl_category\"><a href=\"https:\/\/oud.caravanrepair.eu\/pl\/category\/caravanrepair-nieuws\/\" >Wiadomo\u015bci dotycz\u0105ce naprawy przyczep kempingowych<\/a><\/li><li class=\"jcl_category\"><a href=\"https:\/\/oud.caravanrepair.eu\/pl\/category\/dealers-europa\/\" class=\"jcl_symbol\" title=\"Wy\u015bwietl podkategorie\">\u25ba<\/a><a href=\"https:\/\/oud.caravanrepair.eu\/pl\/category\/dealers-europa\/\" >Dealerzy Europa<\/a><ul style=\"display: none;\"><li class=\"jcl_category\"><a href=\"https:\/\/oud.caravanrepair.eu\/pl\/category\/dealers-europa\/belgie\/\" >Belgia<\/a><\/li><li class=\"jcl_category\"><a href=\"https:\/\/oud.caravanrepair.eu\/pl\/category\/dealers-europa\/italie\/\" >W\u0142ochy<\/a><\/li><li class=\"jcl_category\"><a href=\"https:\/\/oud.caravanrepair.eu\/pl\/category\/dealers-europa\/polen\/\" class=\"jcl_symbol\" title=\"Wy\u015bwietl podkategorie\">\u25ba<\/a><a href=\"https:\/\/oud.caravanrepair.eu\/pl\/category\/dealers-europa\/polen\/\" >Polska<\/a><ul style=\"display: none;\"><li class=\"jcl_category\"><a href=\"https:\/\/oud.caravanrepair.eu\/pl\/category\/dealers-europa\/polen\/grudziadz\/\" >Grudzi\u0105dz<\/a><\/li><\/ul><\/li><li class=\"jcl_category\"><a href=\"https:\/\/oud.caravanrepair.eu\/pl\/category\/dealers-europa\/spanje\/\" class=\"jcl_symbol\" title=\"Wy\u015bwietl podkategorie\">\u25ba<\/a><a href=\"https:\/\/oud.caravanrepair.eu\/pl\/category\/dealers-europa\/spanje\/\" >Hiszpania<\/a><ul style=\"display: none;\"><li class=\"jcl_category\"><a href=\"https:\/\/oud.caravanrepair.eu\/pl\/category\/dealers-europa\/spanje\/girona\/\" >Girona<\/a><\/li><\/ul><\/li><\/ul><\/li><li class=\"jcl_category\"><a href=\"https:\/\/oud.caravanrepair.eu\/pl\/category\/schade-aan-camper-of-caravan\/\" >Uszkodzenie kampera lub przyczepy kempingowej<\/a><\/li><\/ul><\/div><div style=\"clear:both\"><\/div><\/section>\t\t\t\t<\/div>\n\t\t\t\t<\/div>\n\t\t\t\t<div class=\"elementor-element elementor-element-8ec7e elementor-widget elementor-widget-heading\" data-id=\"8ec7e\" data-element_type=\"widget\" data-e-type=\"widget\" data-widget_type=\"heading.default\">\n\t\t\t\t<div class=\"elementor-widget-container\">\n\t\t\t\t\t<h2 class=\"elementor-heading-title elementor-size-default\">Nowo\u015bci<\/h2>\t\t\t\t<\/div>\n\t\t\t\t<\/div>\n\t\t\t\t<div class=\"elementor-element elementor-element-4ffa11c elementor-grid-1 elementor-posts--thumbnail-none elementor-grid-tablet-2 elementor-grid-mobile-1 elementor-widget elementor-widget-posts\" data-id=\"4ffa11c\" data-element_type=\"widget\" data-e-type=\"widget\" data-settings=\"{&quot;classic_columns&quot;:&quot;1&quot;,&quot;classic_row_gap&quot;:{&quot;unit&quot;:&quot;px&quot;,&quot;size&quot;:14,&quot;sizes&quot;:[]},&quot;pagination_type&quot;:&quot;load_more_infinite_scroll&quot;,&quot;classic_columns_tablet&quot;:&quot;2&quot;,&quot;classic_columns_mobile&quot;:&quot;1&quot;,&quot;classic_row_gap_tablet&quot;:{&quot;unit&quot;:&quot;px&quot;,&quot;size&quot;:&quot;&quot;,&quot;sizes&quot;:[]},&quot;classic_row_gap_mobile&quot;:{&quot;unit&quot;:&quot;px&quot;,&quot;size&quot;:&quot;&quot;,&quot;sizes&quot;:[]},&quot;load_more_spinner&quot;:{&quot;value&quot;:&quot;fas fa-spinner&quot;,&quot;library&quot;:&quot;fa-solid&quot;}}\" data-widget_type=\"posts.classic\">\n\t\t\t\t<div class=\"elementor-widget-container\">\n\t\t\t\t\t\t\t<div class=\"elementor-posts-container elementor-posts elementor-posts--skin-classic elementor-grid\" role=\"list\">\n\t\t\t\t<article class=\"elementor-post elementor-grid-item post-13283 post type-post status-publish format-standard has-post-thumbnail hentry category-caravanrepair-nieuws\" role=\"listitem\">\n\t\t\t\t<div class=\"elementor-post__text\">\n\t\t\t\t<h3 class=\"elementor-post__title\">\n\t\t\t<a href=\"https:\/\/oud.caravanrepair.eu\/pl\/caravanrepair-nieuws\/unieke-hagelwerende-coating\/\" >\n\t\t\t\tUnikalna pow\u0142oka odporna na grad\t\t\t<\/a>\n\t\t<\/h3>\n\t\t\t\t<\/div>\n\t\t\t\t<\/article>\n\t\t\t\t<article class=\"elementor-post elementor-grid-item post-8590 post type-post status-publish format-standard has-post-thumbnail hentry category-schade-aan-camper-of-caravan\" role=\"listitem\">\n\t\t\t\t<div class=\"elementor-post__text\">\n\t\t\t\t<h3 class=\"elementor-post__title\">\n\t\t\t<a href=\"https:\/\/oud.caravanrepair.eu\/pl\/schade-aan-camper-of-caravan\/professioneel-camper-herstelbedrijf-caravanrepair\/\" >\n\t\t\t\tProfesjonalna firma zajmuj\u0105ca si\u0119 napraw\u0105 kamper\u00f3w\t\t\t<\/a>\n\t\t<\/h3>\n\t\t\t\t<\/div>\n\t\t\t\t<\/article>\n\t\t\t\t<article class=\"elementor-post elementor-grid-item post-8525 post type-post status-publish format-standard has-post-thumbnail hentry category-schade-aan-camper-of-caravan\" role=\"listitem\">\n\t\t\t\t<div class=\"elementor-post__text\">\n\t\t\t\t<h3 class=\"elementor-post__title\">\n\t\t\t<a href=\"https:\/\/oud.caravanrepair.eu\/pl\/schade-aan-camper-of-caravan\/stormschade-aan-uw-caravan-of-camper\/\" >\n\t\t\t\tUszkodzenia spowodowane burz\u0105 w Twojej przyczepie kempingowej lub kamperze?\t\t\t<\/a>\n\t\t<\/h3>\n\t\t\t\t<\/div>\n\t\t\t\t<\/article>\n\t\t\t\t<article class=\"elementor-post elementor-grid-item post-8502 post type-post status-publish format-standard has-post-thumbnail hentry category-caravanrepair-nieuws\" role=\"listitem\">\n\t\t\t\t<div class=\"elementor-post__text\">\n\t\t\t\t<h3 class=\"elementor-post__title\">\n\t\t\t<a href=\"https:\/\/oud.caravanrepair.eu\/pl\/caravanrepair-nieuws\/caravanvloer-injecteren-repareren\/\" >\n\t\t\t\tWstrzykn\u0105\u0107\/naprawi\u0107 pod\u0142og\u0119 przyczepy kempingowej\t\t\t<\/a>\n\t\t<\/h3>\n\t\t\t\t<\/div>\n\t\t\t\t<\/article>\n\t\t\t\t<article class=\"elementor-post elementor-grid-item post-8198 post type-post status-publish format-standard has-post-thumbnail hentry category-schade-aan-camper-of-caravan\" role=\"listitem\">\n\t\t\t\t<div class=\"elementor-post__text\">\n\t\t\t\t<h3 class=\"elementor-post__title\">\n\t\t\t<a href=\"https:\/\/oud.caravanrepair.eu\/pl\/schade-aan-camper-of-caravan\/hagelschade-aan-caravan-of-camper\/\" >\n\t\t\t\tUszkodzenie przyczepy kempingowej lub kampera przez grad?\t\t\t<\/a>\n\t\t<\/h3>\n\t\t\t\t<\/div>\n\t\t\t\t<\/article>\n\t\t\t\t<article class=\"elementor-post elementor-grid-item post-1384 post type-post status-publish format-standard has-post-thumbnail hentry category-caravanrepair-nieuws\" role=\"listitem\">\n\t\t\t\t<div class=\"elementor-post__text\">\n\t\t\t\t<h3 class=\"elementor-post__title\">\n\t\t\t<a href=\"https:\/\/oud.caravanrepair.eu\/pl\/caravanrepair-nieuws\/opleiding-caravantechnicus-opleiding-caravanwand-schade-specialist\/\" >\n\t\t\t\tSzkolenie technika przyczep kempingowych\t\t\t<\/a>\n\t\t<\/h3>\n\t\t\t\t<\/div>\n\t\t\t\t<\/article>\n\t\t\t\t<article class=\"elementor-post elementor-grid-item post-1006 post type-post status-publish format-standard has-post-thumbnail hentry category-caravanrepair-nieuws\" role=\"listitem\">\n\t\t\t\t<div class=\"elementor-post__text\">\n\t\t\t\t<h3 class=\"elementor-post__title\">\n\t\t\t<a href=\"https:\/\/oud.caravanrepair.eu\/pl\/caravanrepair-nieuws\/kampeerautotuning-zin-of-onzin\/\" >\n\t\t\t\tTuning kampera, sens czy bzdura?\t\t\t<\/a>\n\t\t<\/h3>\n\t\t\t\t<\/div>\n\t\t\t\t<\/article>\n\t\t\t\t<article class=\"elementor-post elementor-grid-item post-831 post type-post status-publish format-standard has-post-thumbnail hentry category-caravanrepair-nieuws\" role=\"listitem\">\n\t\t\t\t<div class=\"elementor-post__text\">\n\t\t\t\t<h3 class=\"elementor-post__title\">\n\t\t\t<a href=\"https:\/\/oud.caravanrepair.eu\/pl\/caravanrepair-nieuws\/caravan-en-camper-verzekeringen-onze-specialisten-kennen-alle-geheimen-voor-de-beste-caravan-en-camper-verzekering\/\" >\n\t\t\t\tNasi specjali\u015bci znaj\u0105 wszystkie sekrety najlepszego ubezpieczenia przyczep kempingowych i kamper\u00f3w.\t\t\t<\/a>\n\t\t<\/h3>\n\t\t\t\t<\/div>\n\t\t\t\t<\/article>\n\t\t\t\t<\/div>\n\t\t\t\t\t<span class=\"e-load-more-spinner\">\n\t\t\t\t<svg aria-hidden=\"true\" class=\"e-font-icon-svg e-fas-spinner\" viewbox=\"0 0 512 512\" xmlns=\"http:\/\/www.w3.org\/2000\/svg\"><path d=\"M304 48c0 26.51-21.49 48-48 48s-48-21.49-48-48 21.49-48 48-48 48 21.49 48 48zm-48 368c-26.51 0-48 21.49-48 48s21.49 48 48 48 48-21.49 48-48-21.49-48-48-48zm208-208c-26.51 0-48 21.49-48 48s21.49 48 48 48 48-21.49 48-48-21.49-48-48-48zM96 256c0-26.51-21.49-48-48-48S0 229.49 0 256s21.49 48 48 48 48-21.49 48-48zm12.922 99.078c-26.51 0-48 21.49-48 48s21.49 48 48 48 48-21.49 48-48c0-26.509-21.491-48-48-48zm294.156 0c-26.51 0-48 21.49-48 48s21.49 48 48 48 48-21.49 48-48c0-26.509-21.49-48-48-48zM108.922 60.922c-26.51 0-48 21.49-48 48s21.49 48 48 48 48-21.49 48-48-21.491-48-48-48z\"><\/path><\/svg>\t\t\t<\/span>\n\t\t\n\t\t\t\t\t\t<\/div>\n\t\t\t\t<\/div>\n\t\t\t\t\t<\/div>\n\t\t<\/div>\n\t\t\t\t\t<\/div>\n\t\t<\/section>\n\t\t\t\t<\/div>","protected":false},"excerpt":{"rendered":"<p>Wiadomo\u015bci dotycz\u0105ce naprawy przyczep kempingowych Aktualno\u015bci<\/p>","protected":false},"author":5,"featured_media":0,"parent":0,"menu_order":0,"comment_status":"closed","ping_status":"closed","template":"","meta":{"footnotes":""},"class_list":["post-8095","page","type-page","status-publish","hentry"],"yoast_head":"<!-- This site is optimized with the Yoast SEO Premium plugin v27.5 (Yoast SEO v28.3) - https:\/\/yoast.com\/product\/yoast-seo-premium-wordpress\/ -->\n<title>blog - CaravanRepair\u00ae<\/title>\n<meta name=\"robots\" content=\"noindex, follow, max-snippet:-1, max-image-preview:large, max-video-preview:-1\" \/>\n<meta property=\"og:locale\" content=\"pl_PL\" \/>\n<meta property=\"og:type\" content=\"article\" \/>\n<meta property=\"og:title\" content=\"blog\" \/>\n<meta property=\"og:description\" content=\"CaravanRepair Nieuws Nieuws items\" \/>\n<meta property=\"og:url\" content=\"https:\/\/oud.caravanrepair.eu\/pl\/blogu\/\" \/>\n<meta property=\"og:site_name\" content=\"CaravanRepair\u00ae\" \/>\n<meta property=\"article:modified_time\" content=\"2024-03-26T10:06:27+00:00\" \/>\n<meta property=\"og:image\" content=\"https:\/\/oud.caravanrepair.eu\/wp-content\/uploads\/2019\/01\/logo-caravanrepair.png\" \/>\n\t<meta property=\"og:image:width\" content=\"353\" \/>\n\t<meta property=\"og:image:height\" content=\"150\" \/>\n\t<meta property=\"og:image:type\" content=\"image\/png\" \/>\n<meta name=\"twitter:card\" content=\"summary_large_image\" \/>\n<meta name=\"twitter:label1\" content=\"Szacowany czas czytania\" \/>\n\t<meta name=\"twitter:data1\" content=\"9 minut\" \/>\n<script type=\"application\/ld+json\" class=\"yoast-schema-graph\">{\"@context\":\"https:\\\/\\\/schema.org\",\"@graph\":[{\"@type\":\"WebPage\",\"@id\":\"https:\\\/\\\/oud.caravanrepair.eu\\\/blog\\\/\",\"url\":\"https:\\\/\\\/oud.caravanrepair.eu\\\/blog\\\/\",\"name\":\"blog - CaravanRepair\u00ae\",\"isPartOf\":{\"@id\":\"https:\\\/\\\/oud.caravanrepair.eu\\\/#website\"},\"datePublished\":\"2023-08-14T18:38:50+00:00\",\"dateModified\":\"2024-03-26T10:06:27+00:00\",\"breadcrumb\":{\"@id\":\"https:\\\/\\\/oud.caravanrepair.eu\\\/blog\\\/#breadcrumb\"},\"inLanguage\":\"pl-PL\",\"potentialAction\":[{\"@type\":\"ReadAction\",\"target\":[\"https:\\\/\\\/oud.caravanrepair.eu\\\/blog\\\/\"]}]},{\"@type\":\"BreadcrumbList\",\"@id\":\"https:\\\/\\\/oud.caravanrepair.eu\\\/blog\\\/#breadcrumb\",\"itemListElement\":[{\"@type\":\"ListItem\",\"position\":1,\"name\":\"Home\",\"item\":\"https:\\\/\\\/oud.caravanrepair.eu\\\/\"},{\"@type\":\"ListItem\",\"position\":2,\"name\":\"blog\"}]},{\"@type\":\"WebSite\",\"@id\":\"https:\\\/\\\/oud.caravanrepair.eu\\\/#website\",\"url\":\"https:\\\/\\\/oud.caravanrepair.eu\\\/\",\"name\":\"CaravanRepair\u00ae\",\"description\":\"Professioneel schadeherstel voor caravan en camper\",\"publisher\":{\"@id\":\"https:\\\/\\\/oud.caravanrepair.eu\\\/#organization\"},\"potentialAction\":[{\"@type\":\"SearchAction\",\"target\":{\"@type\":\"EntryPoint\",\"urlTemplate\":\"https:\\\/\\\/oud.caravanrepair.eu\\\/?s={search_term_string}\"},\"query-input\":{\"@type\":\"PropertyValueSpecification\",\"valueRequired\":true,\"valueName\":\"search_term_string\"}}],\"inLanguage\":\"pl-PL\"},{\"@type\":\"Organization\",\"@id\":\"https:\\\/\\\/oud.caravanrepair.eu\\\/#organization\",\"name\":\"CaravanRepair\u00ae\",\"url\":\"https:\\\/\\\/oud.caravanrepair.eu\\\/\",\"logo\":{\"@type\":\"ImageObject\",\"inLanguage\":\"pl-PL\",\"@id\":\"https:\\\/\\\/oud.caravanrepair.eu\\\/#\\\/schema\\\/logo\\\/image\\\/\",\"url\":\"https:\\\/\\\/oud.caravanrepair.eu\\\/wp-content\\\/uploads\\\/2019\\\/01\\\/logo-caravanrepair.png\",\"contentUrl\":\"https:\\\/\\\/oud.caravanrepair.eu\\\/wp-content\\\/uploads\\\/2019\\\/01\\\/logo-caravanrepair.png\",\"width\":353,\"height\":150,\"caption\":\"CaravanRepair\u00ae\"},\"image\":{\"@id\":\"https:\\\/\\\/oud.caravanrepair.eu\\\/#\\\/schema\\\/logo\\\/image\\\/\"}}]}<\/script>\n<!-- \/ Yoast SEO Premium plugin. -->","yoast_head_json":{"title":"blog - CaravanRepair\u00ae","robots":{"index":"noindex","follow":"follow","max-snippet":"max-snippet:-1","max-image-preview":"max-image-preview:large","max-video-preview":"max-video-preview:-1"},"og_locale":"pl_PL","og_type":"article","og_title":"blog","og_description":"CaravanRepair Nieuws Nieuws items","og_url":"https:\/\/oud.caravanrepair.eu\/pl\/blogu\/","og_site_name":"CaravanRepair\u00ae","article_modified_time":"2024-03-26T10:06:27+00:00","og_image":[{"width":353,"height":150,"url":"https:\/\/oud.caravanrepair.eu\/wp-content\/uploads\/2019\/01\/logo-caravanrepair.png","type":"image\/png"}],"twitter_card":"summary_large_image","twitter_misc":{"Szacowany czas czytania":"9 minut"},"schema":{"@context":"https:\/\/schema.org","@graph":[{"@type":"WebPage","@id":"https:\/\/oud.caravanrepair.eu\/blog\/","url":"https:\/\/oud.caravanrepair.eu\/blog\/","name":"blog - CaravanRepair\u00ae","isPartOf":{"@id":"https:\/\/oud.caravanrepair.eu\/#website"},"datePublished":"2023-08-14T18:38:50+00:00","dateModified":"2024-03-26T10:06:27+00:00","breadcrumb":{"@id":"https:\/\/oud.caravanrepair.eu\/blog\/#breadcrumb"},"inLanguage":"pl-PL","potentialAction":[{"@type":"ReadAction","target":["https:\/\/oud.caravanrepair.eu\/blog\/"]}]},{"@type":"BreadcrumbList","@id":"https:\/\/oud.caravanrepair.eu\/blog\/#breadcrumb","itemListElement":[{"@type":"ListItem","position":1,"name":"Home","item":"https:\/\/oud.caravanrepair.eu\/"},{"@type":"ListItem","position":2,"name":"blog"}]},{"@type":"WebSite","@id":"https:\/\/oud.caravanrepair.eu\/#website","url":"https:\/\/oud.caravanrepair.eu\/","name":"CaravanRepair\u00ae","description":"Profesjonalna naprawa uszkodze\u0144 przyczep kempingowych i kamper\u00f3w","publisher":{"@id":"https:\/\/oud.caravanrepair.eu\/#organization"},"potentialAction":[{"@type":"SearchAction","target":{"@type":"EntryPoint","urlTemplate":"https:\/\/oud.caravanrepair.eu\/?s={search_term_string}"},"query-input":{"@type":"PropertyValueSpecification","valueRequired":true,"valueName":"search_term_string"}}],"inLanguage":"pl-PL"},{"@type":"Organization","@id":"https:\/\/oud.caravanrepair.eu\/#organization","name":"CaravanRepair\u00ae","url":"https:\/\/oud.caravanrepair.eu\/","logo":{"@type":"ImageObject","inLanguage":"pl-PL","@id":"https:\/\/oud.caravanrepair.eu\/#\/schema\/logo\/image\/","url":"https:\/\/oud.caravanrepair.eu\/wp-content\/uploads\/2019\/01\/logo-caravanrepair.png","contentUrl":"https:\/\/oud.caravanrepair.eu\/wp-content\/uploads\/2019\/01\/logo-caravanrepair.png","width":353,"height":150,"caption":"CaravanRepair\u00ae"},"image":{"@id":"https:\/\/oud.caravanrepair.eu\/#\/schema\/logo\/image\/"}}]}},"_links":{"self":[{"href":"https:\/\/oud.caravanrepair.eu\/pl\/wp-json\/wp\/v2\/pages\/8095","targetHints":{"allow":["GET"]}}],"collection":[{"href":"https:\/\/oud.caravanrepair.eu\/pl\/wp-json\/wp\/v2\/pages"}],"about":[{"href":"https:\/\/oud.caravanrepair.eu\/pl\/wp-json\/wp\/v2\/types\/page"}],"author":[{"embeddable":true,"href":"https:\/\/oud.caravanrepair.eu\/pl\/wp-json\/wp\/v2\/users\/5"}],"replies":[{"embeddable":true,"href":"https:\/\/oud.caravanrepair.eu\/pl\/wp-json\/wp\/v2\/comments?post=8095"}],"version-history":[{"count":0,"href":"https:\/\/oud.caravanrepair.eu\/pl\/wp-json\/wp\/v2\/pages\/8095\/revisions"}],"wp:attachment":[{"href":"https:\/\/oud.caravanrepair.eu\/pl\/wp-json\/wp\/v2\/media?parent=8095"}],"curies":[{"name":"wp","href":"https:\/\/api.w.org\/{rel}","templated":true}]}}